{"id":1027,"date":"2015-09-25T17:19:42","date_gmt":"2015-09-25T22:19:42","guid":{"rendered":"http:\/\/www.fiscaliadecuentas.gob.pa\/?page_id=1027"},"modified":"2026-04-13T14:07:24","modified_gmt":"2026-04-13T19:07:24","slug":"viaticos-y-detalles-de-viajes","status":"publish","type":"page","link":"https:\/\/www.fiscaliadecuentas.gob.pa\/?page_id=1027","title":{"rendered":"Vi\u00e1ticos y Detalles de Viajes"},"content":{"rendered":"<h2 id=\"tablepress-4-name\" class=\"tablepress-table-name tablepress-table-name-id-4\">Vi\u00e1ticos y Detalle de Viajes<\/h2>\n\n<table id=\"tablepress-4\" class=\"tablepress tablepress-id-4\" aria-labelledby=\"tablepress-4-name\">\n<thead>\n<tr class=\"row-1\">\n\t<th class=\"column-1\">NOMBRE<\/th><th class=\"column-2\">CARGO<\/th><th class=\"column-3\">DESTINO- PA\u00cdS-CIUDAD<\/th><th class=\"column-4\">PARTICIPACI\u00d3N<\/th><th class=\"column-5\">FECHA<\/th><th class=\"column-6\">REGRESO<\/th><th class=\"column-7\">PASAJE A\u00c9REO (COSTO)<\/th><th class=\"column-8\">VI\u00c1TICO<\/th><th class=\"column-9\">INFORME<\/th>\n<\/tr>\n<\/thead>\n<tbody class=\"row-striping row-hover\">\n<tr class=\"row-2\">\n\t<td class=\"column-1\"><\/td><td class=\"column-2\"><\/td><td class=\"column-3\"><\/td><td class=\"column-4\">NO SE REGISTRARON VIAJES DURANTE<\/td><td class=\"column-5\">MARZO 2026<\/td><td class=\"column-6\"><\/td><td class=\"column-7\"><\/td><td class=\"column-8\"><\/td><td class=\"column-9\"><\/td>\n<\/tr>\n<tr class=\"row-3\">\n\t<td class=\"column-1\"><\/td><td class=\"column-2\"><\/td><td class=\"column-3\"><\/td><td class=\"column-4\">NO SE REGISTRARON VIAJES DURANTE<\/td><td class=\"column-5\">FEBRERO 2026<\/td><td class=\"column-6\"><\/td><td class=\"column-7\"><\/td><td class=\"column-8\"><\/td><td class=\"column-9\"><\/td>\n<\/tr>\n<tr class=\"row-4\">\n\t<td class=\"column-1\"><\/td><td class=\"column-2\"><\/td><td class=\"column-3\"><\/td><td class=\"column-4\">NO SE REGISTRARON VIAJES DURANTE<\/td><td class=\"column-5\">ENERO 2026<\/td><td class=\"column-6\"><\/td><td class=\"column-7\"><\/td><td class=\"column-8\"><\/td><td class=\"column-9\"><\/td>\n<\/tr>\n<tr class=\"row-5\">\n\t<td class=\"column-1\"><\/td><td class=\"column-2\"><\/td><td class=\"column-3\"><\/td><td class=\"column-4\">NO SE REGISTRARON VIAJES DURANTE<\/td><td class=\"column-5\">DICIEMBRE 2025<\/td><td class=\"column-6\"><\/td><td class=\"column-7\"><\/td><td class=\"column-8\"><\/td><td class=\"column-9\"><\/td>\n<\/tr>\n<tr class=\"row-6\">\n\t<td class=\"column-1\">Abdiel Peralta<\/td><td class=\"column-2\">Analista Central de Presupuesto del Ministerio de Econom\u00eda y Finanzas<\/td><td class=\"column-3\">Santo Domingo, Rep\u00fablica Dominicana<\/td><td class=\"column-4\">Pago de vi\u00e1tico a funcionaria para participar en el 52\u00b0 Seminario Internacional de Presupuesto P\u00fablico, del 4 al 6 de noviembre de 2025, invitaci\u00f3n formal al Fiscal General de Cuentas, realizada por la Asociaci\u00f3n Internacional de Presupuesto P\u00fablico (ASIP) mediante Nota S\/N con fecha 12 de agosto de 2025.<\/td><td class=\"column-5\">03\/11\/2025<\/td><td class=\"column-6\">07\/11\/2025<\/td><td class=\"column-7\"><\/td><td class=\"column-8\">B\/.1,230.00<\/td><td class=\"column-9\"><a href=\"https:\/\/www.fiscaliadecuentas.gob.pa\/wp-content\/uploads\/2025\/12\/InformeMision-AbdielPeralta-nov.pdf\">Ver detalle<\/a><\/td>\n<\/tr>\n<tr class=\"row-7\">\n\t<td class=\"column-1\">C\u00e9sar Castillo<\/td><td class=\"column-2\">Jefe de la Oficina de Planificaci\u00f3n<\/td><td class=\"column-3\">Santo Domingo, Rep\u00fablica Dominicana<\/td><td class=\"column-4\">Pago de vi\u00e1tico a funcionario para participar en el 52\u00b0 Seminario Internacional de Presupuesto P\u00fablico, del 4 al 6 de noviembre de 2025, invitaci\u00f3n formal al Fiscal General de Cuentas, realizada por la Asociaci\u00f3n Internacional de Presupuesto P\u00fablico (ASIP) mediante Nota S\/N con fecha 12 de agosto de 2025.<\/td><td class=\"column-5\">03\/11\/2025<\/td><td class=\"column-6\">07\/11\/2025<\/td><td class=\"column-7\"><\/td><td class=\"column-8\">B\/.1,230.00<\/td><td class=\"column-9\"><a href=\"https:\/\/www.fiscaliadecuentas.gob.pa\/wp-content\/uploads\/2025\/12\/InformeMision-CesarCastillo-nov.pdf\">Ver detalle<\/a><\/td>\n<\/tr>\n<tr class=\"row-8\">\n\t<td class=\"column-1\">Yamileth Atencio<\/td><td class=\"column-2\">Secretaria General<\/td><td class=\"column-3\">Santo Domingo, Rep\u00fablica Dominicana<\/td><td class=\"column-4\">Pago de vi\u00e1tico a funcionaria para participar en el 52\u00b0 Seminario Internacional de Presupuesto P\u00fablico, del 4 al 6 de noviembre de 2025, invitaci\u00f3n formal al Fiscal General de Cuentas, realizada por la Asociaci\u00f3n Internacional de Presupuesto P\u00fablico (ASIP) mediante Nota S\/N con fecha 12 de agosto de 2025.<\/td><td class=\"column-5\">03\/11\/2025<\/td><td class=\"column-6\">07\/11\/2025<\/td><td class=\"column-7\"><\/td><td class=\"column-8\">B\/.1,230.00<\/td><td class=\"column-9\"><a href=\"https:\/\/www.fiscaliadecuentas.gob.pa\/wp-content\/uploads\/2025\/12\/InformeMision-YamilethAtencio-nov.pdf\">Ver detalle<\/a><\/td>\n<\/tr>\n<tr class=\"row-9\">\n\t<td class=\"column-1\"><\/td><td class=\"column-2\"><\/td><td class=\"column-3\"><\/td><td class=\"column-4\">NO SE REGISTRARON VIAJES DURANTE<\/td><td class=\"column-5\">OCTUBRE 2025<\/td><td class=\"column-6\"><\/td><td class=\"column-7\"><\/td><td class=\"column-8\"><\/td><td class=\"column-9\"><\/td>\n<\/tr>\n<tr class=\"row-10\">\n\t<td class=\"column-1\"><\/td><td class=\"column-2\"><\/td><td class=\"column-3\"><\/td><td class=\"column-4\">NO SE REGISTRARON VIAJES DURANTE<\/td><td class=\"column-5\">SEPTIEMBRE 2025<\/td><td class=\"column-6\"><\/td><td class=\"column-7\"><\/td><td class=\"column-8\"><\/td><td class=\"column-9\"><\/td>\n<\/tr>\n<tr class=\"row-11\">\n\t<td class=\"column-1\">Jaime Miguel Barroso Pinto<\/td><td class=\"column-2\">Fiscal General de Cuentas<\/td><td class=\"column-3\">San Diego, California                                                                                                                                                                                                                                                                                                                                Estados Unidos<\/td><td class=\"column-4\">Pago de vi\u00e1tico al Fiscal General de Cuentas para participar en el \"Curso Avanzado en T\u00e9cnicas de Litigaci\u00f3n Oral, Civil y Penal,  invitaci\u00f3n formal realizada por la Universidad de San Diego mediante nota S\/N con fecha 16 de julio de 2025.  Este curso se llevar\u00e1 a cabo de forma presencial en la Universidad de San Diego, en California, Estados Unidos del 11 al 13 de agosto de 2025.<\/td><td class=\"column-5\">10\/08\/2025<\/td><td class=\"column-6\">16\/08\/2025<\/td><td class=\"column-7\">B\/.3,360.00<\/td><td class=\"column-8\">B\/.3,360.00<\/td><td class=\"column-9\"><a href=\"https:\/\/www.fiscaliadecuentas.gob.pa\/wp-content\/uploads\/2025\/09\/InformeMision-JaimeBarroso.pdf\">Ver detalle<\/a><\/td>\n<\/tr>\n<tr class=\"row-12\">\n\t<td class=\"column-1\">Jaime Miguel Barroso Pinto<\/td><td class=\"column-2\">Fiscal General de Cuentas<\/td><td class=\"column-3\">San Diego, California                                                                                                                                                                                                                                                                                                                                Estados Unidos<\/td><td class=\"column-4\">Pago de vi\u00e1tico al Fiscal General de Cuentas para participar en el \"Curso Avanzado en T\u00e9cnicas de Litigaci\u00f3n Oral, Civil y Penal,  invitaci\u00f3n formal realizada por la Universidad de San Diego mediante nota S\/N con fecha 16 de julio de 2025.  Este curso se llevar\u00e1 a cabo de forma presencial en la Universidad de San Diego, en California, Estados Unidos del 11 al 13 de agosto de 2025.<\/td><td class=\"column-5\">10\/08\/2025<\/td><td class=\"column-6\">16\/08\/2025<\/td><td class=\"column-7\">B\/.3,360.00<\/td><td class=\"column-8\">B\/.3,360.00<\/td><td class=\"column-9\"><\/td>\n<\/tr>\n<tr class=\"row-13\">\n\t<td class=\"column-1\"><\/td><td class=\"column-2\"><\/td><td class=\"column-3\"><\/td><td class=\"column-4\">NO SE REGISTRARON VIAJES DURANTE<\/td><td class=\"column-5\">JUNIO-2025<\/td><td class=\"column-6\"><\/td><td class=\"column-7\"><\/td><td class=\"column-8\"><\/td><td class=\"column-9\"><\/td>\n<\/tr>\n<tr class=\"row-14\">\n\t<td class=\"column-1\">Jaime Miguel Barroso Pinto<\/td><td class=\"column-2\">Fiscal General de Cuentas<\/td><td class=\"column-3\">Brasil, Manaus<\/td><td class=\"column-4\">Pago de vi\u00e1tico al Fiscal General de Cuentas para su participaci\u00f3n en el IX Congreso Internacional de Control y Pol\u00edtica P\u00fablicas-Desarrollo y Control: Pol\u00edticas P\u00fablicas Descentralizadas y COP 30, celebrado en Manaus, Brasil mediante invitaci\u00f3n formal realizada por el Instituto Rui Barbosa mediante oficio No.039\/2025-IRB con fecha de 31 de enero de 2025. <\/td><td class=\"column-5\">24\/05\/2025<\/td><td class=\"column-6\">30\/05\/2025<\/td><td class=\"column-7\"><\/td><td class=\"column-8\">B\/.3,060.00<\/td><td class=\"column-9\"><a href=\"https:\/\/www.fiscaliadecuentas.gob.pa\/wp-content\/uploads\/2025\/06\/InformeMision-JaimeBarroso.pdf\">Ver detalle<\/a><\/td>\n<\/tr>\n<tr class=\"row-15\">\n\t<td class=\"column-1\"><\/td><td class=\"column-2\"><\/td><td class=\"column-3\"><\/td><td class=\"column-4\">NO SE REGISTRARON VIAJES DURANTE<\/td><td class=\"column-5\">ABRIL - 2025<\/td><td class=\"column-6\"><\/td><td class=\"column-7\"><\/td><td class=\"column-8\"><\/td><td class=\"column-9\"><\/td>\n<\/tr>\n<tr class=\"row-16\">\n\t<td class=\"column-1\">Jaime Miguel Barroso Pinto<\/td><td class=\"column-2\">Fiscal General de Cuentas<\/td><td class=\"column-3\">Espa\u00f1a, Salamanca<\/td><td class=\"column-4\">Pago de vi\u00e1tico al Fiscal General de Cuentas para su participaci\u00f3n en el VI Congreso Internacional de Control P\u00fablico y Lucha contra la Corrupci\u00f3n, celebrada en Salamanca, Espa\u00f1a mediante invitaci\u00f3n formal realizada por el presidente del Instituto Rui Barbosa mediante oficio No.039\/2025-IRB con fecha 31 de enero de 2025.<\/td><td class=\"column-5\">23\/03\/2025<\/td><td class=\"column-6\">01\/04\/2025<\/td><td class=\"column-7\"><\/td><td class=\"column-8\"> B\/.5,460.00 <br \/>\n<\/td><td class=\"column-9\"><a href=\"https:\/\/www.fiscaliadecuentas.gob.pa\/wp-content\/uploads\/2025\/07\/InformeMision-JaimeBarroso-Esp.pdf\">Ver detalle<\/a><\/td>\n<\/tr>\n<tr class=\"row-17\">\n\t<td class=\"column-1\"><\/td><td class=\"column-2\"><\/td><td class=\"column-3\"><\/td><td class=\"column-4\">NO SE REGISTRARON VIAJES DURANTE<\/td><td class=\"column-5\">FEBRERO 2025<\/td><td class=\"column-6\"><\/td><td class=\"column-7\"><\/td><td class=\"column-8\"><\/td><td class=\"column-9\"><\/td>\n<\/tr>\n<tr class=\"row-18\">\n\t<td class=\"column-1\"><\/td><td class=\"column-2\"><\/td><td class=\"column-3\"><\/td><td class=\"column-4\">NO SE REGISTRARON VIAJES DURANTE<\/td><td class=\"column-5\">ENERO 2025<\/td><td class=\"column-6\"><\/td><td class=\"column-7\"><\/td><td class=\"column-8\"><\/td><td class=\"column-9\"><\/td>\n<\/tr>\n<tr class=\"row-19\">\n\t<td class=\"column-1\"><\/td><td class=\"column-2\"><\/td><td class=\"column-3\"><\/td><td class=\"column-4\">NO SE REGISTRARON VIAJES DURANTE<\/td><td class=\"column-5\">DICIEMBRE 2024<\/td><td class=\"column-6\"><\/td><td class=\"column-7\"><\/td><td class=\"column-8\"><\/td><td class=\"column-9\"><\/td>\n<\/tr>\n<tr class=\"row-20\">\n\t<td class=\"column-1\"><\/td><td class=\"column-2\"><\/td><td class=\"column-3\"><\/td><td class=\"column-4\">NO SE REGISTRARON VIAJES DURANTE<\/td><td class=\"column-5\">NOVIEMBRE 2024<\/td><td class=\"column-6\"><\/td><td class=\"column-7\"><\/td><td class=\"column-8\"><\/td><td class=\"column-9\"><\/td>\n<\/tr>\n<tr class=\"row-21\">\n\t<td class=\"column-1\">C\u00e9sar Castillo<\/td><td class=\"column-2\">Jefe de Planificaci\u00f3n<\/td><td class=\"column-3\">Buenos Aires, Argentina<\/td><td class=\"column-4\">Pago de vi\u00e1tico al Fiscal General de Cuentas para su participaci\u00f3n en el 51\u00b0 Seminario Internacional de Presupuesto P\u00fablico, que se celebrar\u00e1 en Buenos Aires, Argentina. El Fiscal se trasladar\u00e1 el d\u00eda 10 y retornar\u00e1 el 15 de noviembre de 2024. Esta invitaci\u00f3n fue extendida por la Asociaci\u00f3n Paname\u00f1a de Presupuesto, mediante la nota APAP N\u00b0 6 del 25 de septiembre de 2024.<\/td><td class=\"column-5\">10\/11\/2024<\/td><td class=\"column-6\">15\/11\/2024<\/td><td class=\"column-7\"><\/td><td class=\"column-8\">B\/.2,000.00<\/td><td class=\"column-9\"><\/td>\n<\/tr>\n<tr class=\"row-22\">\n\t<td class=\"column-1\">Jaime Barroso<\/td><td class=\"column-2\">Fiscal General de Cuentas<\/td><td class=\"column-3\">Buenos Aires, Argentina<\/td><td class=\"column-4\">Pago de vi\u00e1tico al Fiscal General de Cuentas para su participaci\u00f3n en el 51\u00b0 Seminario Internacional de Presupuesto P\u00fablico, que se celebrar\u00e1 en Buenos Aires, Argentina. El Fiscal se trasladar\u00e1 el d\u00eda 10 y retornar\u00e1 el 15 de noviembre de 2024. Esta invitaci\u00f3n fue extendida por la Asociaci\u00f3n Paname\u00f1a de Presupuesto, mediante la nota APAP N\u00b0 6 del 25 de septiembre de 2024.<\/td><td class=\"column-5\">10\/11\/2024<\/td><td class=\"column-6\">15\/11\/2024<\/td><td class=\"column-7\"><\/td><td class=\"column-8\">B\/.2,500.00<\/td><td class=\"column-9\"><\/td>\n<\/tr>\n<tr class=\"row-23\">\n\t<td class=\"column-1\"><\/td><td class=\"column-2\"><\/td><td class=\"column-3\"><\/td><td class=\"column-4\">NO SE REGISTRARON VIAJES DURANTE<\/td><td class=\"column-5\">SEPTIEMBRE 2024<\/td><td class=\"column-6\"><\/td><td class=\"column-7\"><\/td><td class=\"column-8\"><\/td><td class=\"column-9\"><\/td>\n<\/tr>\n<tr class=\"row-24\">\n\t<td class=\"column-1\"><\/td><td class=\"column-2\"><\/td><td class=\"column-3\"><\/td><td class=\"column-4\">NO SE REGISTRARON VIAJES DURANTE<\/td><td class=\"column-5\">AGOSTO 2024<\/td><td class=\"column-6\"><\/td><td class=\"column-7\"><\/td><td class=\"column-8\"><\/td><td class=\"column-9\"><\/td>\n<\/tr>\n<tr class=\"row-25\">\n\t<td class=\"column-1\"><\/td><td class=\"column-2\"><\/td><td class=\"column-3\"><\/td><td class=\"column-4\">NO SE REGISTRARON VIAJES DURANTE<\/td><td class=\"column-5\">JULIO 2024<\/td><td class=\"column-6\"><\/td><td class=\"column-7\"><\/td><td class=\"column-8\"><\/td><td class=\"column-9\"><\/td>\n<\/tr>\n<tr class=\"row-26\">\n\t<td class=\"column-1\">Waleska Hormechea<\/td><td class=\"column-2\">Fiscal General de Cuentas<\/td><td class=\"column-3\">Viena, Austria<\/td><td class=\"column-4\">Pago de vi\u00e1tico a funcionario\u00a0para la participaci\u00f3n en la Misi\u00f3n Oficial en Representaci\u00f3n de Panam\u00e1, ante las\u00a0reuniones de seguimiento a realizarse en el marco de la Convenci\u00f3n de Naciones Unidas contra la Corrupci\u00f3n a realizarse en Viena, Austria; tal y como consta en el Memorando FGC-OCT-M-No. 11-2024.<\/td><td class=\"column-5\">08\/06\/2024<\/td><td class=\"column-6\">15\/06\/2024<\/td><td class=\"column-7\">0.00<\/td><td class=\"column-8\">0.00<\/td><td class=\"column-9\"><a href=\"https:\/\/www.fiscaliadecuentas.gob.pa\/wp-content\/uploads\/2024\/07\/InformeMision-WaleskaHormechea.pdf\">Ver detalle<\/a><\/td>\n<\/tr>\n<tr class=\"row-27\">\n\t<td class=\"column-1\">Aldahir Olmos<\/td><td class=\"column-2\">Coordinador de  Asistencia T\u00e9cnica Internacional<\/td><td class=\"column-3\">Viena, Austria<\/td><td class=\"column-4\">Pago de vi\u00e1tico a funcionario\u00a0para la participaci\u00f3n en la Misi\u00f3n Oficial en Representaci\u00f3n de Panam\u00e1, ante las\u00a0reuniones de seguimiento a realizarse en el marco de la Convenci\u00f3n de Naciones Unidas contra la Corrupci\u00f3n a realizarse en Viena, Austria; tal y como consta en el Memorando FGC-OCT-M-No. 11-2024.<\/td><td class=\"column-5\">08\/06\/2024<\/td><td class=\"column-6\">15\/06\/2024<\/td><td class=\"column-7\"><\/td><td class=\"column-8\">B\/.2,800.00<\/td><td class=\"column-9\"><a href=\"https:\/\/www.fiscaliadecuentas.gob.pa\/wp-content\/uploads\/2024\/07\/InformeMision-AldahirOlmosMunoz-V.pdf\">Ver detalle<\/a><\/td>\n<\/tr>\n<tr class=\"row-28\">\n\t<td class=\"column-1\">Aldahir Olmos<\/td><td class=\"column-2\">Coordinador de  Asistencia T\u00e9cnica Internacional<\/td><td class=\"column-3\">Viena, Austria<\/td><td class=\"column-4\">Pago de vi\u00e1tico a funcionario\u00a0para la participaci\u00f3n en la Misi\u00f3n Oficial en Representaci\u00f3n de Panam\u00e1, ante las\u00a0reuniones de seguimiento a realizarse en el marco de la Convenci\u00f3n de Naciones Unidas contra la Corrupci\u00f3n a realizarse en Viena, Austria; tal y como consta en el Memorando FGC-OCT-M-No. 11-2024.<\/td><td class=\"column-5\">08\/06\/2024<\/td><td class=\"column-6\">15\/06\/2024<\/td><td class=\"column-7\">B\/.6,598.97<\/td><td class=\"column-8\"><\/td><td class=\"column-9\"><a href=\"https:\/\/www.fiscaliadecuentas.gob.pa\/wp-content\/uploads\/2024\/07\/InformeMision-AldahirOlmosMunoz-V.pdf\">Ver detalle<\/a><\/td>\n<\/tr>\n<tr class=\"row-29\">\n\t<td class=\"column-1\">Waleska Hormechea<\/td><td class=\"column-2\">Fiscal General de Cuentas<\/td><td class=\"column-3\">Estados Unidos, Atlanta<\/td><td class=\"column-4\">Pago de diferencia debido a disponibilidad presupuestaria para Solicitud de pago de vi\u00e1ticos a Waleska Hormechea con n\u00famero de identificaci\u00f3n: 8-226-2216 para la participaci\u00f3n de la delegaci\u00f3n de la Fiscal\u00eda General de Cuentas en la Asamblea de Estados Parte de Convenci\u00f3n de las Naciones Unidas contra la Corrupci\u00f3n, en representaci\u00f3n de la Rep\u00fablica, tal y como consta en el Memorando FGC-OCT-No. 47-2023.<\/td><td class=\"column-5\">10\/12\/2023<\/td><td class=\"column-6\">16\/12\/2023<\/td><td class=\"column-7\"><\/td><td class=\"column-8\">B\/. 500.00<\/td><td class=\"column-9\"><a href=\"https:\/\/www.fiscaliadecuentas.gob.pa\/wp-content\/uploads\/2024\/01\/InformeMision-WaleskaHormechea.pdf\">Ver detalle<\/a><\/td>\n<\/tr>\n<tr class=\"row-30\">\n\t<td class=\"column-1\">Aldahir Olmos-Mu\u00f1oz<\/td><td class=\"column-2\">Coordinador de  Asistencia T\u00e9cnica Internacional<\/td><td class=\"column-3\">Estados Unidos, Atlanta<\/td><td class=\"column-4\">Pago de diferencia debido a disponibilidad presupuestaria para Solicitud de pago de vi\u00e1ticos a Aldahir Olmos-Mu\u00f1oz con n\u00famero de identificaci\u00f3n: 8-899-736 para la participaci\u00f3n de la delegaci\u00f3n de la Fiscal\u00eda General de Cuentas en la Asamblea de Estados Parte de Convenci\u00f3n de las Naciones Unidas contra la Corrupci\u00f3n, en representaci\u00f3n de la Rep\u00fablica, tal y como consta en el Memorando FGC-OCT-No. 47-2023.<\/td><td class=\"column-5\">10\/12\/2023<\/td><td class=\"column-6\">16\/12\/2023<\/td><td class=\"column-7\"><\/td><td class=\"column-8\">B\/. 400.00<\/td><td class=\"column-9\"><a href=\"https:\/\/www.fiscaliadecuentas.gob.pa\/wp-content\/uploads\/2024\/01\/InformeMision-AldahirOlmosMunoz.pdf\">Ver detalle<\/a><\/td>\n<\/tr>\n<tr class=\"row-31\">\n\t<td class=\"column-1\"><\/td><td class=\"column-2\"><\/td><td class=\"column-3\"><\/td><td class=\"column-4\">NO SE REGISTRARON VIAJES DURANTE<\/td><td class=\"column-5\">MARZO 2024<\/td><td class=\"column-6\"><\/td><td class=\"column-7\"><\/td><td class=\"column-8\"><\/td><td class=\"column-9\"><\/td>\n<\/tr>\n<tr class=\"row-32\">\n\t<td class=\"column-1\">Saray Perea <\/td><td class=\"column-2\">Jefe de Departamento de Auditor\u00eda Forense<\/td><td class=\"column-3\">Hong Kong, China<\/td><td class=\"column-4\">Designada a participar en el Programa de Desarrollo Profesional sobre Investigaci\u00f3n Financiera y Recuperaci\u00f3n de Activos a desarrollarse en Hong Kong, China, seg\u00fan consta en Memor\u00e1ndum No. FGC-OCT-M-2-2024.<\/td><td class=\"column-5\">16\/02\/2024<\/td><td class=\"column-6\">29\/02\/2024<\/td><td class=\"column-7\"><\/td><td class=\"column-8\">B\/.2,600.00<\/td><td class=\"column-9\"><a href=\"https:\/\/www.fiscaliadecuentas.gob.pa\/wp-content\/uploads\/2024\/03\/InformeMision-SarayPerea-1.pdf\">Ver detalle<\/a><\/td>\n<\/tr>\n<tr class=\"row-33\">\n\t<td class=\"column-1\">Aldahir Olmos-Mu\u00f1oz<\/td><td class=\"column-2\">Coordinador de  Asistencia T\u00e9cnica Internacional<\/td><td class=\"column-3\">Rabat, Marruecos<\/td><td class=\"column-4\">Designado para la participaci\u00f3n de la delegaci\u00f3n de la Fiscal\u00eda General de Cuentas en el simposio de alto nivel denominado \"Los Reg\u00edmenes de responsabilidad ante las Instituciones Fiscalizadoras Superiores, logros y prospectos\" a desarrollarse en Rabat, Marruecos, tal y como consta en el Memorando FGC-OCT-M-No. 8-2024.<\/td><td class=\"column-5\">20\/02\/2024<\/td><td class=\"column-6\">24\/02\/2024<\/td><td class=\"column-7\"><\/td><td class=\"column-8\">B\/.800.00<\/td><td class=\"column-9\"><a href=\"https:\/\/www.fiscaliadecuentas.gob.pa\/wp-content\/uploads\/2024\/03\/InformeMision-AldahirOlmosMunoz-.pdf\">Ver detalle<\/a><\/td>\n<\/tr>\n<tr class=\"row-34\">\n\t<td class=\"column-1\"><\/td><td class=\"column-2\"><\/td><td class=\"column-3\"><\/td><td class=\"column-4\">NO SE REGISTRARON VIAJES DURANTE<\/td><td class=\"column-5\">ENERO 2024<\/td><td class=\"column-6\"><\/td><td class=\"column-7\"><\/td><td class=\"column-8\"><\/td><td class=\"column-9\"><\/td>\n<\/tr>\n<tr class=\"row-35\">\n\t<td class=\"column-1\">Waleska Hormechea<\/td><td class=\"column-2\">Fiscal General de Cuentas<\/td><td class=\"column-3\">Estados Unidos, Atlanta<\/td><td class=\"column-4\">Pago de vi\u00e1tico a la Fiscal General de Cuentas quien viajar\u00e1 a la ciudad de Georgia, Atlanta, Estados Unidos para representar a la Rep\u00fablica de Panam\u00e1 en el evento de la Convenci\u00f3n de Naciones Unidas contra la corrupci\u00f3n, tal como consta en el Memorando FGC-OCT-N.\u00ba 47-2023.<\/td><td class=\"column-5\">10\/12\/2023<\/td><td class=\"column-6\">16\/12\/2023<\/td><td class=\"column-7\">B\/.1,638.45<\/td><td class=\"column-8\">B\/.2,500.00<\/td><td class=\"column-9\"><a href=\"https:\/\/www.fiscaliadecuentas.gob.pa\/wp-content\/uploads\/2024\/01\/InformeMision-WaleskaHormechea.pdf\">Ver detalle<\/a><\/td>\n<\/tr>\n<tr class=\"row-36\">\n\t<td class=\"column-1\">Aldahir Olmos-Mu\u00f1oz<\/td><td class=\"column-2\">Coordinador de  Asistencia T\u00e9cnica Internacional<\/td><td class=\"column-3\">Estados Unidos, Atlanta<\/td><td class=\"column-4\">Pago de vi\u00e1tico a funcionario, quien viajar\u00e1 a la ciudad de Georgia, Atlanta, Estados Unidos para representar a la Rep\u00fablica de Panam\u00e1 en el evento de la Convenci\u00f3n de Naciones Unidas contra la corrupci\u00f3n, tal como consta en el Memorando FGC-OCT-N.\u00ba 47-2023.<\/td><td class=\"column-5\">10\/12\/2023<\/td><td class=\"column-6\">16\/12\/2023<\/td><td class=\"column-7\">B\/.1,251.33<\/td><td class=\"column-8\">B\/.2,000.00<\/td><td class=\"column-9\"><a href=\"https:\/\/www.fiscaliadecuentas.gob.pa\/wp-content\/uploads\/2024\/01\/InformeMision-AldahirOlmosMunoz.pdf\">Ver detalle<\/a><\/td>\n<\/tr>\n<tr class=\"row-37\">\n\t<td class=\"column-1\"><\/td><td class=\"column-2\"><\/td><td class=\"column-3\"><\/td><td class=\"column-4\">NO SE REGISTRARON VIAJES DURANTE<\/td><td class=\"column-5\">NOVIEMBRE 2023<\/td><td class=\"column-6\"><\/td><td class=\"column-7\"><\/td><td class=\"column-8\"><\/td><td class=\"column-9\"><a href=\"https:\/\/www.fiscaliadecuentas.gob.pa\/wp-content\/uploads\/2023\/11\/FGC_ViajeExterior_Mision_Oficial_Colombia-abraham-chen.pdf\">Ver detalle<\/a><\/td>\n<\/tr>\n<tr class=\"row-38\">\n\t<td class=\"column-1\">Abraham Chen<\/td><td class=\"column-2\">Soporte T\u00e9cnico<\/td><td class=\"column-3\">Colombia<\/td><td class=\"column-4\">Pago de vi\u00e1tico a funcionario que\u00a0participara de las mesas de trabajo para el fortalecimiento de la investigaci\u00f3n patrimonial, firma de memorando de entendimiento y jornadas de intercambio de buenas pr\u00e1cticas entre la Fiscal\u00eda General de Cuentas y la Contralor\u00eda General de la Rep\u00fablica de Colombia, tal y como consta en el Memorando FGC-OCT-No. 44-2023.<\/td><td class=\"column-5\">23\/10\/2023<\/td><td class=\"column-6\">26\/10\/2023<\/td><td class=\"column-7\">B\/.311.30<\/td><td class=\"column-8\">B\/.900.00<\/td><td class=\"column-9\"><a href=\"https:\/\/www.fiscaliadecuentas.gob.pa\/wp-content\/uploads\/2023\/11\/FGC_ViajeExterior_Mision_Oficial_Colombia-abraham-chen.pdf\">Ver detalle<\/a><\/td>\n<\/tr>\n<tr class=\"row-39\">\n\t<td class=\"column-1\">Enereida Barrias<\/td><td class=\"column-2\">Secretaria de Investigaci\u00f3n de Afectaci\u00f3n Patrimonial<\/td><td class=\"column-3\">Colombia<\/td><td class=\"column-4\">Secretaria de Investigaci\u00f3n de Afectaci\u00f3n Patrimonial, asignada a la misi\u00f3n oficial en la Rep\u00fablica de Colombia, con el objetivo de participar en mesas de trabajo para el fortalecimiento de la investigaci\u00f3n patrimonial, firma de memor\u00e1ndum de entendimiento con la Contralor\u00eda General de la Rep\u00fablica de Colombia, e intercambio de mejores pr\u00e1cticas entre ambas instituciones, tal como consta en el Memorando FGC-OCT-N.\u00ba 44-2023.<\/td><td class=\"column-5\">23\/10\/2023<\/td><td class=\"column-6\">26\/10\/2023<\/td><td class=\"column-7\">B\/.311.30<\/td><td class=\"column-8\">B\/.900.00<\/td><td class=\"column-9\"><a href=\"https:\/\/www.fiscaliadecuentas.gob.pa\/wp-content\/uploads\/2023\/11\/InformeMision_EnereidaBarrias.pdf\">Ver detalle<\/a><\/td>\n<\/tr>\n<tr class=\"row-40\">\n\t<td class=\"column-1\">Waleska Hormechea<\/td><td class=\"column-2\">Fiscal General de Cuentas<\/td><td class=\"column-3\">Colombia<\/td><td class=\"column-4\">Fiscal General de Cuentas que participara en mesas de trabajo para el fortalecimiento de la investigaci\u00f3n patrimonial, firma de memor\u00e1ndum de entendimiento con la Contralor\u00eda General de la Rep\u00fablica de Colombia, e intercambio de mejores pr\u00e1cticas entre ambas instituciones, tal como consta en el Memorando FGC-OCT-N.\u00ba 44-2023.<\/td><td class=\"column-5\">23\/10\/2023<\/td><td class=\"column-6\">26\/10\/2023<\/td><td class=\"column-7\">B\/.663.30<\/td><td class=\"column-8\">B\/.1,200.00<\/td><td class=\"column-9\"><a href=\"https:\/\/www.fiscaliadecuentas.gob.pa\/wp-content\/uploads\/2023\/11\/Informe-de-Mision-Oficial-a-Bogota-Colombia-Waleska-Hormechea.pdf\">Ver detalle<\/a><\/td>\n<\/tr>\n<tr class=\"row-41\">\n\t<td class=\"column-1\">Aldahir Olmos-Mu\u00f1oz<\/td><td class=\"column-2\">Coordinador de Cooperaci\u00f3n T\u00e9cnica<\/td><td class=\"column-3\">Colombia<\/td><td class=\"column-4\">Pago de vi\u00e1tico a funcionario que\u00a0participara de las mesas de trabajo para el fortalecimiento de la investigaci\u00f3n patrimonial, firma de memorando de entendimiento y jornadas de intercambio de buenas pr\u00e1cticas entre la Fiscal\u00eda General de Cuentas y la Contralor\u00eda General de la Rep\u00fablica de Colombia, tal y como consta en el Memorando FGC-OCT-No. 44-2023.<\/td><td class=\"column-5\">23\/10\/2023<\/td><td class=\"column-6\">26\/10\/2023<\/td><td class=\"column-7\">B\/.311.30<\/td><td class=\"column-8\">B\/.900.00<\/td><td class=\"column-9\"><a href=\"https:\/\/www.fiscaliadecuentas.gob.pa\/wp-content\/uploads\/2023\/11\/Informe-de-Mision-Oficial-a-Bogota-Colombia-Aldahir.pdf\">Ver detalle<\/a><\/td>\n<\/tr>\n<tr class=\"row-42\">\n\t<td class=\"column-1\"><\/td><td class=\"column-2\"><\/td><td class=\"column-3\"><\/td><td class=\"column-4\">NO SE REGISTRARON VIAJES DURANTE<\/td><td class=\"column-5\">SEPTIEMBRE-2023<\/td><td class=\"column-6\"><\/td><td class=\"column-7\"><\/td><td class=\"column-8\"><\/td><td class=\"column-9\"><\/td>\n<\/tr>\n<tr class=\"row-43\">\n\t<td class=\"column-1\"><\/td><td class=\"column-2\"><\/td><td class=\"column-3\"><\/td><td class=\"column-4\">NO SE REGISTRARON VIAJES DURANTE<\/td><td class=\"column-5\">AGOSTO-2023<\/td><td class=\"column-6\"><\/td><td class=\"column-7\"><\/td><td class=\"column-8\"><\/td><td class=\"column-9\"><\/td>\n<\/tr>\n<tr class=\"row-44\">\n\t<td class=\"column-1\">Aldahir Olmos-Mu\u00f1oz<\/td><td class=\"column-2\">Coordinador de Cooperaci\u00f3n T\u00e9cnica<\/td><td class=\"column-3\">Austria<\/td><td class=\"column-4\">Solicitud de pago de vi\u00e1ticos a Aldahir Olmos-Mu\u00f1oz con n\u00famero de identificaci\u00f3n: 8-899-736 para participar de la Cuarta reuni\u00f3n plenaria de Estados y Autoridades miembros de la Red Global de UNODC denominada GlobE Network, en Viena, Austria, todo seg\u00fan consta en memorando No. FGC-OCT-21-2023<\/td><td class=\"column-5\">07\/09\/2023<\/td><td class=\"column-6\">07\/14\/2023<\/td><td class=\"column-7\"><\/td><td class=\"column-8\">B\/.2,500.00<\/td><td class=\"column-9\"><a href=\"https:\/\/www.fiscaliadecuentas.gob.pa\/wp-content\/uploads\/2023\/08\/Informe-de-Mision-oficial-Austria-Aldahir-Olmos-Munos.pdf\">Ver detalle<\/a><\/td>\n<\/tr>\n<tr class=\"row-45\">\n\t<td class=\"column-1\">Waleska Hormechea<\/td><td class=\"column-2\">Fiscal de Cuentas<\/td><td class=\"column-3\">Austria<\/td><td class=\"column-4\">Solicitud de pago de vi\u00e1ticos a Waleska Hormechea Fiscal General de Cuentas con n\u00famero de identificaci\u00f3n: 8-226-2216 para participar de la Cuarta reuni\u00f3n plenaria de Estados y Autoridades miembros de la Red Global de UNODC denominada GlobE Network, en Viena, Austria, todo seg\u00fan consta en memorando No. FGC-OCT-21-2023.<\/td><td class=\"column-5\">07\/09\/2023<\/td><td class=\"column-6\">07\/14\/2023<\/td><td class=\"column-7\"><\/td><td class=\"column-8\">B\/.3,000.00<\/td><td class=\"column-9\"><a href=\"https:\/\/www.fiscaliadecuentas.gob.pa\/wp-content\/uploads\/2023\/08\/Informe-de-mision-oficial-Austria-Waleska-R.-Hormechea-B.pdf\">Ver detalle<\/a><\/td>\n<\/tr>\n<tr class=\"row-46\">\n\t<td class=\"column-1\">MYRIAM CABUYA<\/td><td class=\"column-2\">FACILITADORA EXTERNA<\/td><td class=\"column-3\">COLOMBIA - PANAM\u00c1<\/td><td class=\"column-4\">Pago de vi\u00e1tico para la Doctora Myriam Cabuya Navarrete para proceso de facilitaci\u00f3n y acompa\u00f1amiento Ad Honorem, en el proceso de implementaci\u00f3n del Sistema de Gesti\u00f3n de calidad, Bajo las Normas ISO en la Fiscal\u00eda General de Cuentas, del 11 al 24 de junio de 2023.<\/td><td class=\"column-5\">11 DE JUNIO DE 2023<\/td><td class=\"column-6\">24 DE JUNIO DE 2023<\/td><td class=\"column-7\"><\/td><td class=\"column-8\">1,864.98<\/td><td class=\"column-9\"><\/td>\n<\/tr>\n<tr class=\"row-47\">\n\t<td class=\"column-1\"><\/td><td class=\"column-2\"><\/td><td class=\"column-3\"><\/td><td class=\"column-4\">NO SE REGISTRARON VIAJES DURANTE<\/td><td class=\"column-5\">MAYO-2023<\/td><td class=\"column-6\"><\/td><td class=\"column-7\"><\/td><td class=\"column-8\"><\/td><td class=\"column-9\"><\/td>\n<\/tr>\n<tr class=\"row-48\">\n\t<td class=\"column-1\"><\/td><td class=\"column-2\"><\/td><td class=\"column-3\"><\/td><td class=\"column-4\">NO SE REGISTRARON VIAJES DURANTE<\/td><td class=\"column-5\">ABRIL-2023<\/td><td class=\"column-6\"><\/td><td class=\"column-7\"><\/td><td class=\"column-8\"><\/td><td class=\"column-9\"><\/td>\n<\/tr>\n<tr class=\"row-49\">\n\t<td class=\"column-1\"><\/td><td class=\"column-2\"><\/td><td class=\"column-3\"><\/td><td class=\"column-4\">NO SE REGISTRARON VIAJES DURANTE<\/td><td class=\"column-5\">MARZO-2023<\/td><td class=\"column-6\"><\/td><td class=\"column-7\"><\/td><td class=\"column-8\"><\/td><td class=\"column-9\"><\/td>\n<\/tr>\n<tr class=\"row-50\">\n\t<td class=\"column-1\"><\/td><td class=\"column-2\"><\/td><td class=\"column-3\"><\/td><td class=\"column-4\">NO SE REGISTRARON VIAJES DURANTE<\/td><td class=\"column-5\">FEBRERO-2023<\/td><td class=\"column-6\"><\/td><td class=\"column-7\"><\/td><td class=\"column-8\"><\/td><td class=\"column-9\"><\/td>\n<\/tr>\n<tr class=\"row-51\">\n\t<td class=\"column-1\"><\/td><td class=\"column-2\"><\/td><td class=\"column-3\"><\/td><td class=\"column-4\">NO SE REGISTRARON VIAJES DURANTE<\/td><td class=\"column-5\">ENERO-2023<\/td><td class=\"column-6\"><\/td><td class=\"column-7\"><\/td><td class=\"column-8\"><\/td><td class=\"column-9\"><\/td>\n<\/tr>\n<tr class=\"row-52\">\n\t<td class=\"column-1\"><\/td><td class=\"column-2\"><\/td><td class=\"column-3\"><\/td><td class=\"column-4\">NO SE REGISTRARON VIAJES DURANTE<\/td><td class=\"column-5\">DICIEMBRE-2022<\/td><td class=\"column-6\"><\/td><td class=\"column-7\"><\/td><td class=\"column-8\"><\/td><td class=\"column-9\"><\/td>\n<\/tr>\n<tr class=\"row-53\">\n\t<td class=\"column-1\"><\/td><td class=\"column-2\"><\/td><td class=\"column-3\"><\/td><td class=\"column-4\">NO SE REGISTRARON VIAJES DURANTE<\/td><td class=\"column-5\">NOVIEMBRE-2022<\/td><td class=\"column-6\"><\/td><td class=\"column-7\"><\/td><td class=\"column-8\"><\/td><td class=\"column-9\"><\/td>\n<\/tr>\n<tr class=\"row-54\">\n\t<td class=\"column-1\"><\/td><td class=\"column-2\"><\/td><td class=\"column-3\"><\/td><td class=\"column-4\">NO SE REGISTRARON VIAJES DURANTE<\/td><td class=\"column-5\">OCTUBRE-2022<\/td><td class=\"column-6\"><\/td><td class=\"column-7\"><\/td><td class=\"column-8\"><\/td><td class=\"column-9\"><\/td>\n<\/tr>\n<tr class=\"row-55\">\n\t<td class=\"column-1\"><\/td><td class=\"column-2\"><\/td><td class=\"column-3\"><\/td><td class=\"column-4\">NO SE REGISTRARON VIAJES DURANTE<\/td><td class=\"column-5\">SEPTIEMBRE-2022<\/td><td class=\"column-6\"><\/td><td class=\"column-7\"><\/td><td class=\"column-8\"><\/td><td class=\"column-9\"><\/td>\n<\/tr>\n<tr class=\"row-56\">\n\t<td class=\"column-1\"><\/td><td class=\"column-2\"><\/td><td class=\"column-3\"><\/td><td class=\"column-4\">NO SE REGISTRARON VIAJES DURANTE<\/td><td class=\"column-5\">AGOSTO-2022<\/td><td class=\"column-6\"><\/td><td class=\"column-7\"><\/td><td class=\"column-8\"><\/td><td class=\"column-9\"><\/td>\n<\/tr>\n<tr class=\"row-57\">\n\t<td class=\"column-1\">WALESKA HORMECHEA<\/td><td class=\"column-2\">Fiscal General de Cuentas<\/td><td class=\"column-3\">Ciudad de San Jos\u00e9,<br \/>\nCosta Rica<\/td><td class=\"column-4\">Encuentro Internacional \u201cDestreza de Oralidad en el Milenio, Lecciones Aprendidas\u201d, participar\u00e1 como penalista. <\/td><td class=\"column-5\">4 de abril de 2022<\/td><td class=\"column-6\">6 de abril de 2022<\/td><td class=\"column-7\"><\/td><td class=\"column-8\">544.00<\/td><td class=\"column-9\"><\/td>\n<\/tr>\n<tr class=\"row-58\">\n\t<td class=\"column-1\"><\/td><td class=\"column-2\"><\/td><td class=\"column-3\"><\/td><td class=\"column-4\">NO SE REGISTRARON VIAJES DURANTE<\/td><td class=\"column-5\">JUNIO-2022<\/td><td class=\"column-6\"><\/td><td class=\"column-7\"><\/td><td class=\"column-8\"><\/td><td class=\"column-9\"><\/td>\n<\/tr>\n<tr class=\"row-59\">\n\t<td class=\"column-1\"><\/td><td class=\"column-2\"><\/td><td class=\"column-3\"><\/td><td class=\"column-4\">NO SE REGISTRARON VIAJES DURANTE<\/td><td class=\"column-5\">MAYO-2022<\/td><td class=\"column-6\"><\/td><td class=\"column-7\"><\/td><td class=\"column-8\"><\/td><td class=\"column-9\"><\/td>\n<\/tr>\n<tr class=\"row-60\">\n\t<td class=\"column-1\"><\/td><td class=\"column-2\"><\/td><td class=\"column-3\"><\/td><td class=\"column-4\">NO SE REGISTRARON VIAJES DURANTE<\/td><td class=\"column-5\">ABRIL-2022<\/td><td class=\"column-6\"><\/td><td class=\"column-7\"><\/td><td class=\"column-8\"><\/td><td class=\"column-9\"><\/td>\n<\/tr>\n<tr class=\"row-61\">\n\t<td class=\"column-1\">WALESKA HORMECHEA<\/td><td class=\"column-2\">Fiscal General de Cuentas<\/td><td class=\"column-3\">Ciudad de San Jos\u00e9,<br \/>\nCosta Rica<\/td><td class=\"column-4\">Funcionaria que participar\u00e1 del Encuentro Internacional \u201cDestreza de Oralidad en el Milenio, Lecciones Aprendidas\u201d, participar\u00e1 como penalista. <\/td><td class=\"column-5\">4 de abril de 2022<\/td><td class=\"column-6\">6 de abril de 2022<\/td><td class=\"column-7\"><\/td><td class=\"column-8\">800.00<\/td><td class=\"column-9\"><\/td>\n<\/tr>\n<tr class=\"row-62\">\n\t<td class=\"column-1\"><\/td><td class=\"column-2\"><\/td><td class=\"column-3\"><\/td><td class=\"column-4\">NO SE REGISTRARON VIAJES DURANTE<\/td><td class=\"column-5\">FEBRERO-2022<\/td><td class=\"column-6\"><\/td><td class=\"column-7\"><\/td><td class=\"column-8\"><\/td><td class=\"column-9\"><\/td>\n<\/tr>\n<tr class=\"row-63\">\n\t<td class=\"column-1\"><\/td><td class=\"column-2\"><\/td><td class=\"column-3\"><\/td><td class=\"column-4\">NO SE REGISTRARON VIAJES DURANTE<\/td><td class=\"column-5\">ENERO-2022<\/td><td class=\"column-6\"><\/td><td class=\"column-7\"><\/td><td class=\"column-8\"><\/td><td class=\"column-9\"><\/td>\n<\/tr>\n<tr class=\"row-64\">\n\t<td class=\"column-1\"><\/td><td class=\"column-2\"><\/td><td class=\"column-3\"><\/td><td class=\"column-4\">NO SE REGISTRARON VIAJES DURANTE<\/td><td class=\"column-5\">DICIEMBRE-2021<\/td><td class=\"column-6\"><\/td><td class=\"column-7\"><\/td><td class=\"column-8\"><\/td><td class=\"column-9\"><\/td>\n<\/tr>\n<tr class=\"row-65\">\n\t<td class=\"column-1\"><\/td><td class=\"column-2\"><\/td><td class=\"column-3\"><\/td><td class=\"column-4\">NO SE REGISTRARON VIAJES DURANTE<\/td><td class=\"column-5\">NOVIEMBRE-2021<\/td><td class=\"column-6\"><\/td><td class=\"column-7\"><\/td><td class=\"column-8\"><\/td><td class=\"column-9\"><\/td>\n<\/tr>\n<tr class=\"row-66\">\n\t<td class=\"column-1\"><\/td><td class=\"column-2\"><\/td><td class=\"column-3\"><\/td><td class=\"column-4\">NO SE REGISTRARON VIAJES DURANTE<\/td><td class=\"column-5\">OCTUBRE-2021<\/td><td class=\"column-6\"><\/td><td class=\"column-7\"><\/td><td class=\"column-8\"><\/td><td class=\"column-9\"><\/td>\n<\/tr>\n<tr class=\"row-67\">\n\t<td class=\"column-1\"><\/td><td class=\"column-2\"><\/td><td class=\"column-3\"><\/td><td class=\"column-4\">NO SE REGISTRARON VIAJES DURANTE<\/td><td class=\"column-5\">SEPTIEMBRE-2021<\/td><td class=\"column-6\"><\/td><td class=\"column-7\"><\/td><td class=\"column-8\"><\/td><td class=\"column-9\"><\/td>\n<\/tr>\n<tr class=\"row-68\">\n\t<td class=\"column-1\"><\/td><td class=\"column-2\"><\/td><td class=\"column-3\"><\/td><td class=\"column-4\">NO SE REGISTRARON VIAJES DURANTE<\/td><td class=\"column-5\">AGOSTO-2021<\/td><td class=\"column-6\"><\/td><td class=\"column-7\"><\/td><td class=\"column-8\"><\/td><td class=\"column-9\"><\/td>\n<\/tr>\n<tr class=\"row-69\">\n\t<td class=\"column-1\"><\/td><td class=\"column-2\"><\/td><td class=\"column-3\"><\/td><td class=\"column-4\">NO SE REGISTRARON VIAJES DURANTE<\/td><td class=\"column-5\">JULIO-2021<\/td><td class=\"column-6\"><\/td><td class=\"column-7\"><\/td><td class=\"column-8\"><\/td><td class=\"column-9\"><\/td>\n<\/tr>\n<tr class=\"row-70\">\n\t<td class=\"column-1\"><\/td><td class=\"column-2\"><\/td><td class=\"column-3\"><\/td><td class=\"column-4\">NO SE REGISTRARON VIAJES DURANTE<\/td><td class=\"column-5\">JUNIO-2021<\/td><td class=\"column-6\"><\/td><td class=\"column-7\"><\/td><td class=\"column-8\"><\/td><td class=\"column-9\"><\/td>\n<\/tr>\n<tr class=\"row-71\">\n\t<td class=\"column-1\"><\/td><td class=\"column-2\"><\/td><td class=\"column-3\"><\/td><td class=\"column-4\">NO SE REGISTRARON VIAJES DURANTE<\/td><td class=\"column-5\">MAYO-2021<\/td><td class=\"column-6\"><\/td><td class=\"column-7\"><\/td><td class=\"column-8\"><\/td><td class=\"column-9\"><\/td>\n<\/tr>\n<tr class=\"row-72\">\n\t<td class=\"column-1\"><\/td><td class=\"column-2\"><\/td><td class=\"column-3\"><\/td><td class=\"column-4\">NO SE REGISTRARON VIAJES DURANTE<\/td><td class=\"column-5\">ABRIL-2021<\/td><td class=\"column-6\"><\/td><td class=\"column-7\"><\/td><td class=\"column-8\"><\/td><td class=\"column-9\"><\/td>\n<\/tr>\n<tr class=\"row-73\">\n\t<td class=\"column-1\"><\/td><td class=\"column-2\"><\/td><td class=\"column-3\"><\/td><td class=\"column-4\">NO SE REGISTRARON VIAJES DURANTE<\/td><td class=\"column-5\">MARZO-2021<\/td><td class=\"column-6\"><\/td><td class=\"column-7\"><\/td><td class=\"column-8\"><\/td><td class=\"column-9\"><\/td>\n<\/tr>\n<tr class=\"row-74\">\n\t<td class=\"column-1\"><\/td><td class=\"column-2\"><\/td><td class=\"column-3\"><\/td><td class=\"column-4\">NO SE REGISTRARON VIAJES DURANTE<\/td><td class=\"column-5\">FEBRERO-2021<\/td><td class=\"column-6\"><\/td><td class=\"column-7\"><\/td><td class=\"column-8\"><\/td><td class=\"column-9\"><\/td>\n<\/tr>\n<tr class=\"row-75\">\n\t<td class=\"column-1\"><\/td><td class=\"column-2\"><\/td><td class=\"column-3\"><\/td><td class=\"column-4\">NO SE REGISTRARON VIAJES DURANTE<\/td><td class=\"column-5\">ENERO-2021<\/td><td class=\"column-6\"><\/td><td class=\"column-7\"><\/td><td class=\"column-8\"><\/td><td class=\"column-9\"><\/td>\n<\/tr>\n<tr class=\"row-76\">\n\t<td class=\"column-1\"><\/td><td class=\"column-2\"><\/td><td class=\"column-3\"><\/td><td class=\"column-4\">NO SE REGISTRARON VIAJES DURANTE<\/td><td class=\"column-5\">DICIEMBRE-2020<\/td><td class=\"column-6\"><\/td><td class=\"column-7\"><\/td><td class=\"column-8\"><\/td><td class=\"column-9\"><\/td>\n<\/tr>\n<tr class=\"row-77\">\n\t<td class=\"column-1\"><\/td><td class=\"column-2\"><\/td><td class=\"column-3\"><\/td><td class=\"column-4\">NO SE REGISTRARON VIAJES DURANTE<\/td><td class=\"column-5\">NOVIEMBRE-2020<\/td><td class=\"column-6\"><\/td><td class=\"column-7\"><\/td><td class=\"column-8\"><\/td><td class=\"column-9\"><\/td>\n<\/tr>\n<tr class=\"row-78\">\n\t<td class=\"column-1\"><\/td><td class=\"column-2\"><\/td><td class=\"column-3\"><\/td><td class=\"column-4\">NO SE REGISTRARON VIAJES DURANTE<\/td><td class=\"column-5\">OCTUBRE-2020<\/td><td class=\"column-6\"><\/td><td class=\"column-7\"><\/td><td class=\"column-8\"><\/td><td class=\"column-9\"><\/td>\n<\/tr>\n<tr class=\"row-79\">\n\t<td class=\"column-1\"><\/td><td class=\"column-2\"><\/td><td class=\"column-3\"><\/td><td class=\"column-4\">NO SE REGISTRARON VIAJES DURANTE<\/td><td class=\"column-5\">SEPTIEMBRE-2020<\/td><td class=\"column-6\"><\/td><td class=\"column-7\"><\/td><td class=\"column-8\"><\/td><td class=\"column-9\"><\/td>\n<\/tr>\n<tr class=\"row-80\">\n\t<td class=\"column-1\"><\/td><td class=\"column-2\"><\/td><td class=\"column-3\"><\/td><td class=\"column-4\">NO SE REGISTRARON VIAJES DURANTE<\/td><td class=\"column-5\">AGOSTO-2020<\/td><td class=\"column-6\"><\/td><td class=\"column-7\"><\/td><td class=\"column-8\"><\/td><td class=\"column-9\"><\/td>\n<\/tr>\n<tr class=\"row-81\">\n\t<td class=\"column-1\"><\/td><td class=\"column-2\"><\/td><td class=\"column-3\"><\/td><td class=\"column-4\">NO SE REGISTRARON VIAJES DURANTE<\/td><td class=\"column-5\">JULIO-2020<\/td><td class=\"column-6\"><\/td><td class=\"column-7\"><\/td><td class=\"column-8\"><\/td><td class=\"column-9\"><\/td>\n<\/tr>\n<tr class=\"row-82\">\n\t<td class=\"column-1\"><\/td><td class=\"column-2\"><\/td><td class=\"column-3\"><\/td><td class=\"column-4\">NO SE REGISTRARON VIAJES DURANTE<\/td><td class=\"column-5\">JUNIO-2020<\/td><td class=\"column-6\"><\/td><td class=\"column-7\"><\/td><td class=\"column-8\"><\/td><td class=\"column-9\"><\/td>\n<\/tr>\n<tr class=\"row-83\">\n\t<td class=\"column-1\"><\/td><td class=\"column-2\"><\/td><td class=\"column-3\"><\/td><td class=\"column-4\">NO SE REGISTRARON VIAJES DURANTE<\/td><td class=\"column-5\">MAYO-2020<\/td><td class=\"column-6\"><\/td><td class=\"column-7\"><\/td><td class=\"column-8\"><\/td><td class=\"column-9\"><\/td>\n<\/tr>\n<tr class=\"row-84\">\n\t<td class=\"column-1\"><\/td><td class=\"column-2\"><\/td><td class=\"column-3\"><\/td><td class=\"column-4\">NO SE REGISTRARON VIAJES DURANTE<\/td><td class=\"column-5\">ABRIL-2020<\/td><td class=\"column-6\"><\/td><td class=\"column-7\"><\/td><td class=\"column-8\"><\/td><td class=\"column-9\"><\/td>\n<\/tr>\n<tr class=\"row-85\">\n\t<td class=\"column-1\"><\/td><td class=\"column-2\"><\/td><td class=\"column-3\"><\/td><td class=\"column-4\">NO SE REGISTRARON VIAJES DURANTE<\/td><td class=\"column-5\">MARZO-2020<\/td><td class=\"column-6\"><\/td><td class=\"column-7\"><\/td><td class=\"column-8\"><\/td><td class=\"column-9\"><\/td>\n<\/tr>\n<tr class=\"row-86\">\n\t<td class=\"column-1\"><\/td><td class=\"column-2\"><\/td><td class=\"column-3\"><\/td><td class=\"column-4\">NO SE REGISTRARON VIAJES DURANTE<\/td><td class=\"column-5\">FEBRERO-2020<\/td><td class=\"column-6\"><\/td><td class=\"column-7\"><\/td><td class=\"column-8\"><\/td><td class=\"column-9\"><\/td>\n<\/tr>\n<tr class=\"row-87\">\n\t<td class=\"column-1\"><\/td><td class=\"column-2\"><\/td><td class=\"column-3\"><\/td><td class=\"column-4\">NO SE REGISTRARON VIAJES DURANTE<\/td><td class=\"column-5\">ENERO-2020<\/td><td class=\"column-6\"><\/td><td class=\"column-7\"><\/td><td class=\"column-8\"><\/td><td class=\"column-9\"><\/td>\n<\/tr>\n<tr class=\"row-88\">\n\t<td class=\"column-1\"><\/td><td class=\"column-2\"><\/td><td class=\"column-3\"><\/td><td class=\"column-4\">NO SE REGISTRARON VIAJES DURANTE<\/td><td class=\"column-5\">DICIEMBRE-2019<\/td><td class=\"column-6\"><\/td><td class=\"column-7\"><\/td><td class=\"column-8\"><\/td><td class=\"column-9\"><\/td>\n<\/tr>\n<tr class=\"row-89\">\n\t<td class=\"column-1\"><\/td><td class=\"column-2\"><\/td><td class=\"column-3\"><\/td><td class=\"column-4\">NO SE REGISTRARON VIAJES DURANTE<\/td><td class=\"column-5\">NOVIEMBRE-2019<\/td><td class=\"column-6\"><\/td><td class=\"column-7\"><\/td><td class=\"column-8\"><\/td><td class=\"column-9\"><\/td>\n<\/tr>\n<tr class=\"row-90\">\n\t<td class=\"column-1\"><\/td><td class=\"column-2\"><\/td><td class=\"column-3\"><\/td><td class=\"column-4\">NO SE REGISTRARON VIAJES DURANTE<\/td><td class=\"column-5\">OCTUBRE-2019<\/td><td class=\"column-6\"><\/td><td class=\"column-7\"><\/td><td class=\"column-8\"><\/td><td class=\"column-9\"><\/td>\n<\/tr>\n<tr class=\"row-91\">\n\t<td class=\"column-1\">GUIDO RODR\u00cdGUEZ<\/td><td class=\"column-2\">Fiscal General de Cuentas<\/td><td class=\"column-3\">Ciudad de Medell\u00edn, Colombia<\/td><td class=\"column-4\">Funcionario que particip\u00f3 en el XL Congreso Internacional de Derecho Procesal<\/td><td class=\"column-5\">Del 4 de septiembre 2019<\/td><td class=\"column-6\">Al 6 de septiembre 2019<\/td><td class=\"column-7\"><\/td><td class=\"column-8\">2,000.00<\/td><td class=\"column-9\"><a href=\"https:\/\/www.fiscaliadecuentas.gob.pa\/wp-content\/uploads\/2019\/10\/FGC_ViajeExterior_XLCongresoInt_DerProc.pdf\">Ver detalle<\/a><\/td>\n<\/tr>\n<tr class=\"row-92\">\n\t<td class=\"column-1\">MITZEELLEE MARIN<\/td><td class=\"column-2\">Oficial Mayor<\/td><td class=\"column-3\">Ciudad de Medell\u00edn, Colombia<\/td><td class=\"column-4\">Funcionaria que particip\u00f3 en el XL Congreso Internacional de Derecho Procesal<\/td><td class=\"column-5\">Del 4 de septiembre 2019<\/td><td class=\"column-6\">Al 6 de septiembre 2019<\/td><td class=\"column-7\"><\/td><td class=\"column-8\">1,600.00<\/td><td class=\"column-9\"><a href=\"https:\/\/www.fiscaliadecuentas.gob.pa\/wp-content\/uploads\/2019\/10\/FGC_ViajeExterior_XLCongresoInt_DerProc.pdf\">Ver detalle<\/a><\/td>\n<\/tr>\n<tr class=\"row-93\">\n\t<td class=\"column-1\">C\u00c9SAR SOLANO<\/td><td class=\"column-2\">Secretario<br \/>\nGeneral<\/td><td class=\"column-3\">Ciudad de<br \/>\nMedell\u00edn,<br \/>\nColombia<\/td><td class=\"column-4\">Funcionario que particip\u00f3 en el XII Congreso Internacional de Derecho Procesal<\/td><td class=\"column-5\">Del 28 de Agosto 2019<\/td><td class=\"column-6\">Al 1 de Septiembre 2019<\/td><td class=\"column-7\"><\/td><td class=\"column-8\">1,600.00<\/td><td class=\"column-9\"><a href=\"https:\/\/www.fiscaliadecuentas.gob.pa\/wp-content\/uploads\/2019\/09\/FGC_ViajeExterior_XIICongresoInt_DerProc.pdf\">Ver detalle<\/a><\/td>\n<\/tr>\n<tr class=\"row-94\">\n\t<td class=\"column-1\">LISBETH MELGAR<\/td><td class=\"column-2\">Oficial Mayor<\/td><td class=\"column-3\">Ciudad de<br \/>\nMedell\u00edn,<br \/>\nColombia<\/td><td class=\"column-4\">Funcionaria que particip\u00f3 en el XII Congreso Internacional de Derecho Procesal<\/td><td class=\"column-5\">Del 28 de Agosto 2019<\/td><td class=\"column-6\">Al 1 de Septiembre 2019<\/td><td class=\"column-7\"><\/td><td class=\"column-8\">1,600.00<\/td><td class=\"column-9\"><a href=\"https:\/\/www.fiscaliadecuentas.gob.pa\/wp-content\/uploads\/2019\/09\/FGC_ViajeExterior_XIICongresoInt_DerProc.pdf\">Ver detalle<\/a><\/td>\n<\/tr>\n<tr class=\"row-95\">\n\t<td class=\"column-1\">ROY MITRE<\/td><td class=\"column-2\">Asistente Jur\u00eddico<\/td><td class=\"column-3\">Ciudad de<br \/>\nMedell\u00edn,<br \/>\nColombia<\/td><td class=\"column-4\">Funcionario que particip\u00f3 en el XII Congreso Internacional de Derecho Procesal<\/td><td class=\"column-5\">Del 28 de Agosto 2019<\/td><td class=\"column-6\">Al 1 de Septiembre 2019<\/td><td class=\"column-7\"><\/td><td class=\"column-8\">1,600.00<\/td><td class=\"column-9\"><a href=\"https:\/\/www.fiscaliadecuentas.gob.pa\/wp-content\/uploads\/2019\/09\/FGC_ViajeExterior_XIICongresoInt_DerProc.pdf\">Ver detalle<\/a><\/td>\n<\/tr>\n<tr class=\"row-96\">\n\t<td class=\"column-1\"><\/td><td class=\"column-2\"><\/td><td class=\"column-3\"><\/td><td class=\"column-4\">NO SE REGISTRARON VIAJES DURANTE<\/td><td class=\"column-5\">JULIO-2019<\/td><td class=\"column-6\"><\/td><td class=\"column-7\"><\/td><td class=\"column-8\"><\/td><td class=\"column-9\"><\/td>\n<\/tr>\n<tr class=\"row-97\">\n\t<td class=\"column-1\"><\/td><td class=\"column-2\"><\/td><td class=\"column-3\"><\/td><td class=\"column-4\">NO SE REGISTRARON VIAJES DURANTE<\/td><td class=\"column-5\">JUNIO-2019<\/td><td class=\"column-6\"><\/td><td class=\"column-7\"><\/td><td class=\"column-8\"><\/td><td class=\"column-9\"><\/td>\n<\/tr>\n<tr class=\"row-98\">\n\t<td class=\"column-1\"><\/td><td class=\"column-2\"><\/td><td class=\"column-3\"><\/td><td class=\"column-4\">NO SE REGISTRARON VIAJES DURANTE<\/td><td class=\"column-5\">MAYO-2019<\/td><td class=\"column-6\"><\/td><td class=\"column-7\"><\/td><td class=\"column-8\"><\/td><td class=\"column-9\"><\/td>\n<\/tr>\n<tr class=\"row-99\">\n\t<td class=\"column-1\"><\/td><td class=\"column-2\"><\/td><td class=\"column-3\"><\/td><td class=\"column-4\">NO SE REGISTRARON VIAJES DURANTE<\/td><td class=\"column-5\">ABRIL-2019<\/td><td class=\"column-6\"><\/td><td class=\"column-7\"><\/td><td class=\"column-8\"><\/td><td class=\"column-9\"><\/td>\n<\/tr>\n<tr class=\"row-100\">\n\t<td class=\"column-1\">MARIANA CASTILLO<\/td><td class=\"column-2\">Asistente Jur\u00eddico<\/td><td class=\"column-3\">Ciudad de<br \/>\nMedell\u00edn,<br \/>\nColombia<\/td><td class=\"column-4\">Funcionaria que particip\u00f3 en la Pasant\u00eda Internacional de Estrategias Probatorios en Juicios Orales<\/td><td class=\"column-5\">Del 17 de Marzo 2019<\/td><td class=\"column-6\">Al 23 de Marzo 2019<\/td><td class=\"column-7\">341.78<\/td><td class=\"column-8\">600.00<\/td><td class=\"column-9\"><a href=\"https:\/\/www.fiscaliadecuentas.gob.pa\/wp-content\/uploads\/2019\/04\/FGC_IVE_Medellin_Mar19.pdf\">Ver detalle<\/a><\/td>\n<\/tr>\n<tr class=\"row-101\">\n\t<td class=\"column-1\">RUB\u00cd MART\u00cdNEZ<\/td><td class=\"column-2\">Oficial Mayor<\/td><td class=\"column-3\">Ciudad de<br \/>\nMedell\u00edn,<br \/>\nColombia<\/td><td class=\"column-4\">Funcionaria que particip\u00f3 en la Pasant\u00eda Internacional de Estrategias Probatorios en Juicios Orales<\/td><td class=\"column-5\">Del 17 de Marzo 2019<\/td><td class=\"column-6\">Al 23 de Marzo 2019<\/td><td class=\"column-7\">341.78<\/td><td class=\"column-8\">600.00<\/td><td class=\"column-9\"><a href=\"https:\/\/www.fiscaliadecuentas.gob.pa\/wp-content\/uploads\/2019\/04\/FGC_IVE_Medellin_Mar19.pdf\">Ver detalle<\/a><\/td>\n<\/tr>\n<tr class=\"row-102\">\n\t<td class=\"column-1\"><\/td><td class=\"column-2\"><\/td><td class=\"column-3\"><\/td><td class=\"column-4\">NO SE REGISTRARON VIAJES DURANTE<\/td><td class=\"column-5\">ENERO-2019<\/td><td class=\"column-6\"><\/td><td class=\"column-7\"><\/td><td class=\"column-8\"><\/td><td class=\"column-9\"><\/td>\n<\/tr>\n<tr class=\"row-103\">\n\t<td class=\"column-1\"><\/td><td class=\"column-2\"><\/td><td class=\"column-3\"><\/td><td class=\"column-4\">NO SE REGISTRARON VIAJES DURANTE<\/td><td class=\"column-5\">ENERO-2019<\/td><td class=\"column-6\"><\/td><td class=\"column-7\"><\/td><td class=\"column-8\"><\/td><td class=\"column-9\"><\/td>\n<\/tr>\n<tr class=\"row-104\">\n\t<td class=\"column-1\"><\/td><td class=\"column-2\"><\/td><td class=\"column-3\"><\/td><td class=\"column-4\">NO SE REGISTRARON VIAJES DURANTE<\/td><td class=\"column-5\">DICIEMBRE-2018<\/td><td class=\"column-6\"><\/td><td class=\"column-7\"><\/td><td class=\"column-8\"><\/td><td class=\"column-9\"><\/td>\n<\/tr>\n<tr class=\"row-105\">\n\t<td class=\"column-1\">C\u00c9SAR<br \/>\nSOLANO<\/td><td class=\"column-2\">Secretario<br \/>\nGeneral<\/td><td class=\"column-3\">Bogot\u00e1, Colombia<\/td><td class=\"column-4\">Funcionario que particip\u00f3 en el Seminario de Actualizaci\u00f3n de CGP<\/td><td class=\"column-5\">Del 28 de Noviembre 2018<\/td><td class=\"column-6\">Al 1 de Diciembre 2018<\/td><td class=\"column-7\">40.00<\/td><td class=\"column-8\">1,200.00<\/td><td class=\"column-9\"><a href=\"https:\/\/www.fiscaliadecuentas.gob.pa\/wp-content\/uploads\/2019\/01\/FGC_IMO_Bogot\u00e1_Nov18.pdf\">Ver detalle<\/a><\/td>\n<\/tr>\n<tr class=\"row-106\">\n\t<td class=\"column-1\">YELENIS<br \/>\nORT\u00cdZ DE<br \/>\nMARISCAL<\/td><td class=\"column-2\">Asistente<br \/>\nJur\u00eddico<\/td><td class=\"column-3\">Salamanca, Espa\u00f1a<\/td><td class=\"column-4\">Funcionaria que particip\u00f3 en la XXVI Jornada Iberoamericana de Derecho Procesal y II Conferencia Internacional de Derecho Procesal<\/td><td class=\"column-5\">Del 15 de Octubre 2018<\/td><td class=\"column-6\">Al 21 de Octubre 2018<\/td><td class=\"column-7\">70.00<\/td><td class=\"column-8\">3,000.00<\/td><td class=\"column-9\"><a href=\"https:\/\/www.fiscaliadecuentas.gob.pa\/wp-content\/uploads\/2018\/11\/FGC_Inf_Espana2018.pdf\">Ver detalle<\/a><\/td>\n<\/tr>\n<tr class=\"row-107\">\n\t<td class=\"column-1\">C\u00c9SAR<br \/>\nSOLANO<\/td><td class=\"column-2\">Secretario<br \/>\nGeneral<\/td><td class=\"column-3\">Salamanca, Espa\u00f1a<\/td><td class=\"column-4\">Funcionario que particip\u00f3 en la XXVI Jornada Iberoamericana de Derecho Procesal y II Conferencia Internacional de Derecho Procesal<\/td><td class=\"column-5\">Del 15 de Octubre 2018<\/td><td class=\"column-6\">Al 21 de Octubre 2018<\/td><td class=\"column-7\">70.00<\/td><td class=\"column-8\">3,000.00<\/td><td class=\"column-9\"><a href=\"https:\/\/www.fiscaliadecuentas.gob.pa\/wp-content\/uploads\/2018\/11\/FGC_Inf_Espana2018.pdf\">Ver detalle<\/a><\/td>\n<\/tr>\n<tr class=\"row-108\">\n\t<td class=\"column-1\">MAR\u00cdA DEL<br \/>\nCARMEN<br \/>\nS\u00c1NCHEZ<\/td><td class=\"column-2\">Jefa del Departamento de Presupuesto<\/td><td class=\"column-3\">Asunci\u00f3n, Paraguay<\/td><td class=\"column-4\">Funcionaria que particip\u00f3 en el XLV Seminario Internacional de Presupuesto<\/td><td class=\"column-5\">Del 29 de Octubre 2018<\/td><td class=\"column-6\">Al 2 de Noviembre 2018<\/td><td class=\"column-7\"><\/td><td class=\"column-8\">2,000.00<\/td><td class=\"column-9\"><a href=\"https:\/\/www.fiscaliadecuentas.gob.pa\/wp-content\/uploads\/2018\/11\/FGC_Inf_Paraguay.pdf\">Ver detalle<\/a><\/td>\n<\/tr>\n<tr class=\"row-109\">\n\t<td class=\"column-1\">AMARELYS<br \/>\nD\u00cdAZ<\/td><td class=\"column-2\">Secretaria de Administraci\u00f3n y Finanzas<\/td><td class=\"column-3\">Asunci\u00f3n, Paraguay<\/td><td class=\"column-4\">Funcionaria que particip\u00f3 en el XLV Seminario Internacional de Presupuesto<\/td><td class=\"column-5\">Del 29 de Octubre 2018<\/td><td class=\"column-6\">Al 2 de Noviembre 2018<\/td><td class=\"column-7\"><\/td><td class=\"column-8\">2,000.00<\/td><td class=\"column-9\"><a href=\"https:\/\/www.fiscaliadecuentas.gob.pa\/wp-content\/uploads\/2018\/11\/FGC_Inf_Paraguay.pdf\">Ver detalle<\/a><\/td>\n<\/tr>\n<tr class=\"row-110\">\n\t<td class=\"column-1\">GUIDO RODR\u00cdGUEZ<\/td><td class=\"column-2\">Fiscal General de Cuentas<\/td><td class=\"column-3\">Ciudad de<br \/>\nCali,<br \/>\nColombia<\/td><td class=\"column-4\">Funcionario que particip\u00f3 en el XXXIX Congreso de Derecho Procesal<\/td><td class=\"column-5\">Del 4 de<br \/>\nseptiembre de<br \/>\n2017<\/td><td class=\"column-6\">Hasta el 8 de Septiembre de 2017<\/td><td class=\"column-7\">470.00<\/td><td class=\"column-8\">2,000.00<\/td><td class=\"column-9\"><a href=\"https:\/\/www.fiscaliadecuentas.gob.pa\/wp-content\/uploads\/2018\/11\/Inf_Viaje_Colombia.pdf\">Ver detalle<\/a><\/td>\n<\/tr>\n<tr class=\"row-111\">\n\t<td class=\"column-1\">FRANCISCA BEDOYA<\/td><td class=\"column-2\">Asistente Jur\u00eddico del Fiscal<\/td><td class=\"column-3\">Ciudad de<br \/>\nCali,<br \/>\nColombia<\/td><td class=\"column-4\">Funcionaria que particip\u00f3 en el XXXIX Congreso de Derecho Procesal<\/td><td class=\"column-5\">Del 4 de<br \/>\nseptiembre de<br \/>\n2017<\/td><td class=\"column-6\">Hasta el 8 de Septiembre de 2017<\/td><td class=\"column-7\">470.00<\/td><td class=\"column-8\">1,600.00<\/td><td class=\"column-9\"><a href=\"https:\/\/www.fiscaliadecuentas.gob.pa\/wp-content\/uploads\/2018\/11\/Inf_Viaje_Colombia.pdf\">Ver detalle<\/a><\/td>\n<\/tr>\n<tr class=\"row-112\">\n\t<td class=\"column-1\"><\/td><td class=\"column-2\"><\/td><td class=\"column-3\"><\/td><td class=\"column-4\">NO SE REGISTRARON VIAJES DURANTE<\/td><td class=\"column-5\">AGOSTO-2018<\/td><td class=\"column-6\"><\/td><td class=\"column-7\"><\/td><td class=\"column-8\"><\/td><td class=\"column-9\"><\/td>\n<\/tr>\n<tr class=\"row-113\">\n\t<td class=\"column-1\">ENEDELYS TAYLOR<\/td><td class=\"column-2\">Jefa de Secretar\u00eda<br \/>\nde Afectaci\u00f3n<br \/>\nPatrimonial<\/td><td class=\"column-3\">Medell\u00edn, Colombia<\/td><td class=\"column-4\">Funcionaria que particip\u00f3 del Congreso<br \/>\nInternacional de Derecho<br \/>\nProcesal del Siglo XXI<\/td><td class=\"column-5\">15 de Julio 2018<\/td><td class=\"column-6\">19 de Julio 2018<\/td><td class=\"column-7\"><\/td><td class=\"column-8\">1,600.00<\/td><td class=\"column-9\"><a href=\"https:\/\/www.fiscaliadecuentas.gob.pa\/wp-content\/uploads\/2018\/11\/FGC_Inf_Medellin2018.pdf\">Ver detalle<\/a><\/td>\n<\/tr>\n<tr class=\"row-114\">\n\t<td class=\"column-1\">ARG\u00c9S CEDE\u00d1O<br \/>\nRIVERA<\/td><td class=\"column-2\">Asistente Jur\u00eddico<\/td><td class=\"column-3\">Medell\u00edn, Colombia<\/td><td class=\"column-4\">Funcionario que particip\u00f3 del Congreso<br \/>\nInternacional de Derecho<br \/>\nProcesal del Siglo XXI<\/td><td class=\"column-5\">15 de Julio 2018<\/td><td class=\"column-6\">19 de Julio 2018<\/td><td class=\"column-7\"><\/td><td class=\"column-8\">1,600.00<\/td><td class=\"column-9\"><a href=\"https:\/\/www.fiscaliadecuentas.gob.pa\/wp-content\/uploads\/2018\/11\/FGC_Inf_Medellin2018.pdf\">Ver detalle<\/a><\/td>\n<\/tr>\n<tr class=\"row-115\">\n\t<td class=\"column-1\">KATIA MALO DE PASCUAL<\/td><td class=\"column-2\">Auditora Interna<\/td><td class=\"column-3\">Ciudad de San Jos\u00e9, Costa Rica<\/td><td class=\"column-4\">Funcionaria que particip\u00f3 del Curso Taller<br \/>\nMuestreo aplicado a la<br \/>\nauditor\u00eda y detenci\u00f3n de<br \/>\nfraudes por secuencias<br \/>\nnum\u00e9ricas.<\/td><td class=\"column-5\">Del 11 de Julio<\/td><td class=\"column-6\">Hasta el 13 de Julio<\/td><td class=\"column-7\"><\/td><td class=\"column-8\">1,200.00<\/td><td class=\"column-9\"><a href=\"https:\/\/www.fiscaliadecuentas.gob.pa\/wp-content\/uploads\/2018\/08\/FGC_InformeViaje_Jul18.pdf\">Ver detalle<\/a><\/td>\n<\/tr>\n<tr class=\"row-116\">\n\t<td class=\"column-1\"><\/td><td class=\"column-2\"><\/td><td class=\"column-3\"><\/td><td class=\"column-4\">NO SE REGISTRARON VIAJES DURANTE<\/td><td class=\"column-5\">JUNIO-2018<\/td><td class=\"column-6\"><\/td><td class=\"column-7\"><\/td><td class=\"column-8\"><\/td><td class=\"column-9\"><\/td>\n<\/tr>\n<tr class=\"row-117\">\n\t<td class=\"column-1\"><\/td><td class=\"column-2\"><\/td><td class=\"column-3\"><\/td><td class=\"column-4\">NO SE REGISTRARON VIAJES DURANTE<\/td><td class=\"column-5\">MAYO-2018<\/td><td class=\"column-6\"><\/td><td class=\"column-7\"><\/td><td class=\"column-8\"><\/td><td class=\"column-9\"><\/td>\n<\/tr>\n<tr class=\"row-118\">\n\t<td class=\"column-1\"><\/td><td class=\"column-2\"><\/td><td class=\"column-3\"><\/td><td class=\"column-4\">NO SE REGISTRARON VIAJES DURANTE<\/td><td class=\"column-5\">ABRIL-2018<\/td><td class=\"column-6\"><\/td><td class=\"column-7\"><\/td><td class=\"column-8\"><\/td><td class=\"column-9\"><\/td>\n<\/tr>\n<tr class=\"row-119\">\n\t<td class=\"column-1\">YELENIS<br \/>\nORTIZ<\/td><td class=\"column-2\">Asistente<br \/>\nJur\u00eddico<\/td><td class=\"column-3\">Ciudad de<br \/>\nMedell\u00edn,<br \/>\nColombia<\/td><td class=\"column-4\">Funcionaria que particip\u00f3 en la Pasant\u00eda<br \/>\nInternacional en Estrategia<br \/>\nProbatoria en Juicios Orales<\/td><td class=\"column-5\">Del 4 de<br \/>\nMarzo<br \/>\n2018<\/td><td class=\"column-6\">Hasta el 10 de<br \/>\nMarzo<br \/>\n2018<\/td><td class=\"column-7\">239.00<\/td><td class=\"column-8\">600.00<\/td><td class=\"column-9\"><a href=\"https:\/\/www.fiscaliadecuentas.gob.pa\/wp-content\/uploads\/2018\/06\/FGC_Pasantia_Int_EstrategiasProbatorias_Colombia.pdf\">Ver detalle<\/a><\/td>\n<\/tr>\n<tr class=\"row-120\">\n\t<td class=\"column-1\">ENEDELYS TAYLOR<\/td><td class=\"column-2\">Jefa de la Secretar\u00eda de Investigaci\u00f3n de Afectaci\u00f3n Patrimonial<\/td><td class=\"column-3\">Ciudad de<br \/>\nMedell\u00edn,<br \/>\nColombia<\/td><td class=\"column-4\">Funcionaria que particip\u00f3 en la Pasant\u00eda<br \/>\nInternacional en Estrategia<br \/>\nProbatoria en Juicios Orales<\/td><td class=\"column-5\">Del 4 de<br \/>\nMarzo<br \/>\n2018<\/td><td class=\"column-6\">Hasta el 10 de<br \/>\nMarzo<br \/>\n2018<\/td><td class=\"column-7\">239.00<\/td><td class=\"column-8\">600.00<\/td><td class=\"column-9\"><a href=\"https:\/\/www.fiscaliadecuentas.gob.pa\/wp-content\/uploads\/2018\/06\/FGC_Pasantia_Int_EstrategiasProbatorias_Colombia.pdf\">Ver detalle<\/a><\/td>\n<\/tr>\n<tr class=\"row-121\">\n\t<td class=\"column-1\"><\/td><td class=\"column-2\"><\/td><td class=\"column-3\"><\/td><td class=\"column-4\">NO SE REGISTRARON VIAJES DURANTE<\/td><td class=\"column-5\">ENERO-2018<\/td><td class=\"column-6\"><\/td><td class=\"column-7\"><\/td><td class=\"column-8\"><\/td><td class=\"column-9\"><\/td>\n<\/tr>\n<tr class=\"row-122\">\n\t<td class=\"column-1\"><\/td><td class=\"column-2\"><\/td><td class=\"column-3\"><\/td><td class=\"column-4\">NO SE REGISTRARON VIAJES DURANTE<\/td><td class=\"column-5\">DICIEMBRE-2017<\/td><td class=\"column-6\"><\/td><td class=\"column-7\"><\/td><td class=\"column-8\"><\/td><td class=\"column-9\"><\/td>\n<\/tr>\n<tr class=\"row-123\">\n\t<td class=\"column-1\"><\/td><td class=\"column-2\"><\/td><td class=\"column-3\"><\/td><td class=\"column-4\">NO SE REGISTRARON VIAJES DURANTE<\/td><td class=\"column-5\">NOVIEMBRE-2017<\/td><td class=\"column-6\"><\/td><td class=\"column-7\"><\/td><td class=\"column-8\"><\/td><td class=\"column-9\"><\/td>\n<\/tr>\n<tr class=\"row-124\">\n\t<td class=\"column-1\">C\u00c9SAR<br \/>\nSOLANO<\/td><td class=\"column-2\">Secretario<br \/>\nGeneral<\/td><td class=\"column-3\">Ciudad de<br \/>\nSanto Domingo,<br \/>\nRep\u00fablica Dominicana<\/td><td class=\"column-4\">Funcionario que particip\u00f3 en el XVI Congreso<br \/>\nInternacional de Derecho<br \/>\nAdministrativo Dra. Rosina De La<br \/>\nCruz Alvarado<\/td><td class=\"column-5\">Del 3 de<br \/>\nOctubre de<br \/>\n2017<\/td><td class=\"column-6\">Hasta el 7 de Octubre de 2017<\/td><td class=\"column-7\">513.70<\/td><td class=\"column-8\">1,600.00<\/td><td class=\"column-9\"><a href=\"https:\/\/www.fiscaliadecuentas.gob.pa\/wp-content\/uploads\/2017\/11\/FGC_CongresoDerechoAdministrativo_Rep.Dominicana.pdf\">Ver detalle<\/a><\/td>\n<\/tr>\n<tr class=\"row-125\">\n\t<td class=\"column-1\">BLANCA NU\u00d1EZ<\/td><td class=\"column-2\">Asistente Jur\u00eddico<\/td><td class=\"column-3\">Santo Domingo,<br \/>\nRep\u00fablica Dominicana<\/td><td class=\"column-4\">Funcionaria que particip\u00f3 en el XVI Congreso<br \/>\nInternacional de Derecho<br \/>\nAdministrativo Dra. Rosina De La<br \/>\nCruz Alvarado<\/td><td class=\"column-5\">Del 3 de<br \/>\nOctubre de <br \/>\n2017<\/td><td class=\"column-6\">Hasta el 7 de Octubre de 2017<\/td><td class=\"column-7\">513.70<\/td><td class=\"column-8\">1,600.00<\/td><td class=\"column-9\"><a href=\"https:\/\/www.fiscaliadecuentas.gob.pa\/wp-content\/uploads\/2017\/11\/FGC_CongresoDerechoAdministrativo_Rep.Dominicana.pdf\">Ver detalle<\/a><\/td>\n<\/tr>\n<tr class=\"row-126\">\n\t<td class=\"column-1\">BELINDA<br \/>\nCASTROVERDE<\/td><td class=\"column-2\">Asesora Legal<\/td><td class=\"column-3\">Santo Domingo,<br \/>\nRep\u00fablica Dominicana<\/td><td class=\"column-4\">Funcionaria que particip\u00f3 en el XVI Congreso<br \/>\nInternacional de Derecho<br \/>\nAdministrativo Dra. Rosina De La<br \/>\nCruz Alvarado<\/td><td class=\"column-5\">Del 3 de<br \/>\nOctubre de <br \/>\n2017<\/td><td class=\"column-6\">Hasta el 7 de Octubre de 2017<\/td><td class=\"column-7\">513.70<\/td><td class=\"column-8\">1,600.00<\/td><td class=\"column-9\"><a href=\"https:\/\/www.fiscaliadecuentas.gob.pa\/wp-content\/uploads\/2017\/11\/FGC_CongresoDerechoAdministrativo_Rep.Dominicana.pdf\">Ver detalle<\/a><\/td>\n<\/tr>\n<tr class=\"row-127\">\n\t<td class=\"column-1\">GUIDO RODR\u00cdGUEZ<\/td><td class=\"column-2\">Fiscal General de Cuentas<\/td><td class=\"column-3\">Ciudad de<br \/>\nCartagena,<br \/>\nColombia<\/td><td class=\"column-4\">Funcionario que particip\u00f3 en el XXXVIII Congreso Colombiano de Derecho Procesal<\/td><td class=\"column-5\">Del 5 de<br \/>\nseptiembre de<br \/>\n2017<\/td><td class=\"column-6\">Hasta el 9 de<br \/>\nseptiembre de<br \/>\n2017<\/td><td class=\"column-7\">458.10<\/td><td class=\"column-8\">2,000.00<\/td><td class=\"column-9\"><a href=\"https:\/\/www.fiscaliadecuentas.gob.pa\/wp-content\/uploads\/2017\/09\/FGC_ViajesExterior_Sept2017.pdf\">Ver detalle<\/a><\/td>\n<\/tr>\n<tr class=\"row-128\">\n\t<td class=\"column-1\">ENEDELYS<br \/>\nTAYLOR<\/td><td class=\"column-2\">Jefa de la Jefa de la Secretar\u00eda de Investigaci\u00f3n de Afectaci\u00f3n Patrimonial<\/td><td class=\"column-3\">Ciudad de<br \/>\nCartagena,<br \/>\nColombia<\/td><td class=\"column-4\">Funcionaria que particip\u00f3 en el XXXVIII Congreso Colombiano de Derecho Procesal<\/td><td class=\"column-5\">Del 5 de<br \/>\nseptiembre de<br \/>\n2017<\/td><td class=\"column-6\">Hasta el 9 de<br \/>\nseptiembre de<br \/>\n2017<\/td><td class=\"column-7\">458.10<\/td><td class=\"column-8\">1,600.00<\/td><td class=\"column-9\"><a href=\"https:\/\/www.fiscaliadecuentas.gob.pa\/wp-content\/uploads\/2017\/09\/FGC_ViajesExterior_Sept2017.pdf\">Ver detalle<\/a><\/td>\n<\/tr>\n<tr class=\"row-129\">\n\t<td class=\"column-1\">LITZY OSORIO<\/td><td class=\"column-2\">Asistente Jur\u00eddico<\/td><td class=\"column-3\">Ciudad de<br \/>\nCartagena,<br \/>\nColombia<\/td><td class=\"column-4\">Funcionaria que particip\u00f3 en el XXXVIII Congreso Colombiano de Derecho Procesal<\/td><td class=\"column-5\">Del 5 de<br \/>\nseptiembre de<br \/>\n2017<\/td><td class=\"column-6\">Hasta el 9 de<br \/>\nseptiembre de<br \/>\n2017<\/td><td class=\"column-7\">458.10<\/td><td class=\"column-8\">1,600.00<\/td><td class=\"column-9\"><a href=\"https:\/\/www.fiscaliadecuentas.gob.pa\/wp-content\/uploads\/2017\/09\/FGC_ViajesExterior_Sept2017.pdf\">Ver detalle<\/a><\/td>\n<\/tr>\n<tr class=\"row-130\">\n\t<td class=\"column-1\">C\u00c9SAR<br \/>\nSOLANO<\/td><td class=\"column-2\">Secretario<br \/>\nGeneral<\/td><td class=\"column-3\">Ciudad de<br \/>\nMedell\u00edn,<br \/>\nColombia<\/td><td class=\"column-4\">Funcionario que particip\u00f3 en el X<br \/>\nCongreso<br \/>\nInternacional de<br \/>\nDerecho Procesal<br \/>\nContempor\u00e1neo<\/td><td class=\"column-5\">Del 16 de<br \/>\nagosto de<br \/>\n2017<\/td><td class=\"column-6\">Hasta el 18 de<br \/>\nagosto<br \/>\n2017<\/td><td class=\"column-7\">298.30<\/td><td class=\"column-8\">1,600.00<\/td><td class=\"column-9\"><a href=\"https:\/\/www.fiscaliadecuentas.gob.pa\/wp-content\/uploads\/2017\/09\/INFORME-DE-MISI\u00d3N-OFICIAL-16-18-AGOSTO-2017.pdf\">Ver detalle<\/a><\/td>\n<\/tr>\n<tr class=\"row-131\">\n\t<td class=\"column-1\">YELENIS<br \/>\nORTIZ<\/td><td class=\"column-2\">Asistente<br \/>\nJur\u00eddico<\/td><td class=\"column-3\">Ciudad de<br \/>\nMedell\u00edn,<br \/>\nColombia<\/td><td class=\"column-4\">Funcionaria que particip\u00f3 en el X<br \/>\nCongreso<br \/>\nInternacional de<br \/>\nDerecho Procesal<br \/>\nContempor\u00e1neo<\/td><td class=\"column-5\">Del 16 de<br \/>\nagosto de<br \/>\n2017<\/td><td class=\"column-6\">Hasta el 18 de<br \/>\nagosto<br \/>\n2017<\/td><td class=\"column-7\">298.30<\/td><td class=\"column-8\">1,600.00<\/td><td class=\"column-9\"><a href=\"https:\/\/www.fiscaliadecuentas.gob.pa\/wp-content\/uploads\/2017\/09\/INFORME-DE-MISI\u00d3N-OFICIAL-16-18-AGOSTO-2017.pdf\">Ver detalle<\/a><\/td>\n<\/tr>\n<tr class=\"row-132\">\n\t<td class=\"column-1\">MITZEELLEE MAR\u00cdN<\/td><td class=\"column-2\">Oficial<br \/>\nMayor<\/td><td class=\"column-3\">Ciudad de<br \/>\nMedell\u00edn,<br \/>\nColombia<\/td><td class=\"column-4\">Funcionaria que particip\u00f3 en el X<br \/>\nCongreso<br \/>\nInternacional de<br \/>\nDerecho Procesal<br \/>\nContempor\u00e1neo<\/td><td class=\"column-5\">Del 16 de<br \/>\nagosto de<br \/>\n2017<\/td><td class=\"column-6\">Hasta el 18 de<br \/>\nagosto<br \/>\n2017<\/td><td class=\"column-7\">298.30<\/td><td class=\"column-8\">1,600.00<\/td><td class=\"column-9\"><a href=\"https:\/\/www.fiscaliadecuentas.gob.pa\/wp-content\/uploads\/2017\/09\/INFORME-DE-MISI\u00d3N-OFICIAL-16-18-AGOSTO-2017.pdf\">Ver detalle<\/a><\/td>\n<\/tr>\n<tr class=\"row-133\">\n\t<td class=\"column-1\"><\/td><td class=\"column-2\"><\/td><td class=\"column-3\"><\/td><td class=\"column-4\">NO SE REGISTRARON VIAJES DURANTE <\/td><td class=\"column-5\">JULIO-2017<\/td><td class=\"column-6\"><\/td><td class=\"column-7\"><\/td><td class=\"column-8\"><\/td><td class=\"column-9\"><\/td>\n<\/tr>\n<tr class=\"row-134\">\n\t<td class=\"column-1\"><\/td><td class=\"column-2\"><\/td><td class=\"column-3\"><\/td><td class=\"column-4\">NO SE REGISTRARON VIAJES DURANTE <\/td><td class=\"column-5\">JUNIO-2017<\/td><td class=\"column-6\"><\/td><td class=\"column-7\"><\/td><td class=\"column-8\"><\/td><td class=\"column-9\"><\/td>\n<\/tr>\n<tr class=\"row-135\">\n\t<td class=\"column-1\">GUIDO RODR\u00cdGUEZ<\/td><td class=\"column-2\">Fiscal General de Cuentas<\/td><td class=\"column-3\">Ciudad de Miami Florida (Estados Unidos)<\/td><td class=\"column-4\">Funcionario que asistir\u00e1 como participante a la Segunda Conferencia anual sobre la Lucha contra la Corrupci\u00f3n y la  Impunidad.<\/td><td class=\"column-5\">Del 2 de<br \/>\nmayo<br \/>\n2017<\/td><td class=\"column-6\">Hasta el 4<br \/>\nde mayo<br \/>\n2017<\/td><td class=\"column-7\"><\/td><td class=\"column-8\">600.00<\/td><td class=\"column-9\"><a href=\"https:\/\/www.fiscaliadecuentas.gob.pa\/wp-content\/uploads\/2017\/06\/FGC_ViajesExterior_Mayo2017.pdf\">Ver detalle<\/a><\/td>\n<\/tr>\n<tr class=\"row-136\">\n\t<td class=\"column-1\"><\/td><td class=\"column-2\"><\/td><td class=\"column-3\"><\/td><td class=\"column-4\">NO SE REGISTRARON VIAJES DURANTE <\/td><td class=\"column-5\">ABRIL-2017<\/td><td class=\"column-6\"><\/td><td class=\"column-7\"><\/td><td class=\"column-8\"><\/td><td class=\"column-9\"><\/td>\n<\/tr>\n<tr class=\"row-137\">\n\t<td class=\"column-1\"><\/td><td class=\"column-2\"><\/td><td class=\"column-3\"><\/td><td class=\"column-4\">NO SE REGISTRARON VIAJES DURANTE <\/td><td class=\"column-5\">MARZO-2017<\/td><td class=\"column-6\"><\/td><td class=\"column-7\"><\/td><td class=\"column-8\"><\/td><td class=\"column-9\"><\/td>\n<\/tr>\n<tr class=\"row-138\">\n\t<td class=\"column-1\"><\/td><td class=\"column-2\"><\/td><td class=\"column-3\"><\/td><td class=\"column-4\">NO SE REGISTRARON VIAJES DURANTE <\/td><td class=\"column-5\">FEBRERO-2017<\/td><td class=\"column-6\"><\/td><td class=\"column-7\"><\/td><td class=\"column-8\"><\/td><td class=\"column-9\"><\/td>\n<\/tr>\n<tr class=\"row-139\">\n\t<td class=\"column-1\"><\/td><td class=\"column-2\"><\/td><td class=\"column-3\"><\/td><td class=\"column-4\">NO SE REGISTRARON VIAJES DURANTE <\/td><td class=\"column-5\">ENERO-2017<\/td><td class=\"column-6\"><\/td><td class=\"column-7\"><\/td><td class=\"column-8\"><\/td><td class=\"column-9\"><\/td>\n<\/tr>\n<tr class=\"row-140\">\n\t<td class=\"column-1\"><\/td><td class=\"column-2\"><\/td><td class=\"column-3\"><\/td><td class=\"column-4\">NO SE REGISTRARON VIAJES DURANTE <\/td><td class=\"column-5\">DICIEMBRE-2016<\/td><td class=\"column-6\"><\/td><td class=\"column-7\"><\/td><td class=\"column-8\"><\/td><td class=\"column-9\"><\/td>\n<\/tr>\n<tr class=\"row-141\">\n\t<td class=\"column-1\">GUIDO RODR\u00cdGUEZ<\/td><td class=\"column-2\">Fiscal General de Cuentas<\/td><td class=\"column-3\">Colombia<\/td><td class=\"column-4\">Apoyo econ\u00f3mico del 25% del vi\u00e1tico<br \/>\ninternacional al Fiscal General de<br \/>\nCuentas, que se traslad\u00f3 a Bogot\u00e1,<br \/>\nColombia, saliendo el d\u00eda 28-11-2016 y<br \/>\nretornando el 30-11-2016. Donde<br \/>\nparticipar\u00e1 en el II Congreso Internacional<br \/>\nde Buenas Pr\u00e1cticas en la Vigilancia y<br \/>\nControl a los Recursos P\u00fablicos, el d\u00eda<br \/>\n29 de noviembre de 2016, seg\u00fan<br \/>\nResoluci\u00f3n FGC-060-2016 y las Normas<br \/>\nde Administraci\u00f3n Presupuestaria 2016.<\/td><td class=\"column-5\">Del 28 de<br \/>\nnoviembre<br \/>\n2016<\/td><td class=\"column-6\">Hasta el 30<br \/>\nde noviembre<br \/>\n2016<\/td><td class=\"column-7\">0.00<\/td><td class=\"column-8\">250.00<\/td><td class=\"column-9\"><a href=\"https:\/\/www.fiscaliadecuentas.gob.pa\/wp-content\/uploads\/2016\/12\/Informe-Congreso-Bogot\u00e1.pdf\">Ver detalle<\/a><\/td>\n<\/tr>\n<tr class=\"row-142\">\n\t<td class=\"column-1\">ENEDELYS TAYLOR<\/td><td class=\"column-2\">Jefa de la Secretar\u00eda de Investigaci\u00f3n de Afectaci\u00f3n Patrimonial<\/td><td class=\"column-3\">Colombia<\/td><td class=\"column-4\">Apoyo econ\u00f3mico del 25% del vi\u00e1tico<br \/>\ninternacional al Fiscal General de<br \/>\nCuentas, que se traslad\u00f3 a Bogot\u00e1,<br \/>\nColombia, saliendo el d\u00eda 28-11-2016 y<br \/>\nretornando el 30-11-2016. Donde<br \/>\nparticipar\u00e1 en el II Congreso Internacional<br \/>\nde Buenas Pr\u00e1cticas en la Vigilancia y<br \/>\nControl a los Recursos P\u00fablicos, el d\u00eda<br \/>\n29 de noviembre de 2016, seg\u00fan<br \/>\nResoluci\u00f3n FGC-060-2016 y las Normas<br \/>\nde Administraci\u00f3n Presupuestaria 2016.<\/td><td class=\"column-5\">Del 28 de<br \/>\nnoviembre<br \/>\n2016<\/td><td class=\"column-6\">Hasta el 30<br \/>\nde noviembre<br \/>\n2016<\/td><td class=\"column-7\">0.00<\/td><td class=\"column-8\">200.00<\/td><td class=\"column-9\"><a href=\"https:\/\/www.fiscaliadecuentas.gob.pa\/wp-content\/uploads\/2016\/12\/Informe-Viaje-a-Bogota.pdf\">Ver detalle<\/a><\/td>\n<\/tr>\n<tr class=\"row-143\">\n\t<td class=\"column-1\">GUIDO RODR\u00cdGUEZ<\/td><td class=\"column-2\">Fiscal General de Cuentas<\/td><td class=\"column-3\">Estados Unidos<\/td><td class=\"column-4\">Apoyo econ\u00f3mico del 25% del vi\u00e1tico<br \/>\ninternacional al Fiscal General de<br \/>\nCuentas, que se traslad\u00f3 a Miami Florida, Estados Unidos, saliendo el d\u00eda 16-10-2016 y retornando el 18-10-2016. Donde participar\u00e1 como orador en el 5th Miami Forum on Fraud, Asset Tracing and<br \/>\nRecovery, los d\u00edas 17 y 18 de octubre de 2016, seg\u00fan Resoluci\u00f3n FGC-041-2016 y las Normas de Administraci\u00f3n<\/td><td class=\"column-5\">Del 16 de<br \/>\noctubre 2016<\/td><td class=\"column-6\">Hasta el 18<br \/>\nde octubre<br \/>\n2016<\/td><td class=\"column-7\">0.00<\/td><td class=\"column-8\">300.00<\/td><td class=\"column-9\"><a href=\"https:\/\/www.fiscaliadecuentas.gob.pa\/wp-content\/uploads\/2016\/11\/informe-C5-Forum-Miami-octubre-2016.pdf\">Ver detalle<\/a><\/td>\n<\/tr>\n<tr class=\"row-144\">\n\t<td class=\"column-1\"><\/td><td class=\"column-2\"><\/td><td class=\"column-3\"><\/td><td class=\"column-4\">NO SE REGISTRARON VIAJES DURANTE EL MES DE<\/td><td class=\"column-5\">SEPTIEMBRE-2016<\/td><td class=\"column-6\"><\/td><td class=\"column-7\"><\/td><td class=\"column-8\"><\/td><td class=\"column-9\"><\/td>\n<\/tr>\n<tr class=\"row-145\">\n\t<td class=\"column-1\">GUIDO RODR\u00cdGUEZ<\/td><td class=\"column-2\">Fiscal General de Cuentas<\/td><td class=\"column-3\">Medell\u00edn (Colombia)<\/td><td class=\"column-4\">Funcionario que asistir\u00e1 como participante al XXXVII Congreso Colombiano de Derecho Procesal<\/td><td class=\"column-5\">Del 30 de agosto 2016<\/td><td class=\"column-6\">Hasta el 3 de septiembre 2016<\/td><td class=\"column-7\">255.30<\/td><td class=\"column-8\">2,000.00<\/td><td class=\"column-9\"><a href=\"https:\/\/www.fiscaliadecuentas.gob.pa\/wp-content\/uploads\/2016\/09\/Informe_viaje_exterior_agosto-1.pdf\">Ver detalle<\/a><\/td>\n<\/tr>\n<tr class=\"row-146\">\n\t<td class=\"column-1\">BLANCA N\u00da\u00d1EZ<\/td><td class=\"column-2\">Asistente Jur\u00eddico del Fiscal<\/td><td class=\"column-3\">Medell\u00edn (Colombia)<\/td><td class=\"column-4\">Funcionaria que asistir\u00e1 como participante al XXXVII Congreso Colombiano de Derecho Procesal<\/td><td class=\"column-5\">Del 30 de agosto 2016<\/td><td class=\"column-6\">Hasta el 3 de septiembre 2016<\/td><td class=\"column-7\">255.30<\/td><td class=\"column-8\">1,600.00<\/td><td class=\"column-9\"><a href=\"https:\/\/www.fiscaliadecuentas.gob.pa\/wp-content\/uploads\/2016\/09\/Informe_viaje_exterior_agosto-1.pdf\">Ver detalle<\/a><\/td>\n<\/tr>\n<tr class=\"row-147\">\n\t<td class=\"column-1\">C\u00c9SAR A. SOLANO GARC\u00cdA<\/td><td class=\"column-2\">Secretario General<\/td><td class=\"column-3\">Cartagena de Indias - Colombia<\/td><td class=\"column-4\">Funcionario que asistir\u00e1 como participante al IX Congreso Internacional de Derecho Procesal: La Prueba y la Decisi\u00f3n Judicial.<\/td><td class=\"column-5\">Del 24 de agosto 2016<\/td><td class=\"column-6\">Hasta el 28 de agosto 2016<\/td><td class=\"column-7\">620.00<\/td><td class=\"column-8\">1,600.00<\/td><td class=\"column-9\"><a href=\"https:\/\/www.fiscaliadecuentas.gob.pa\/wp-content\/uploads\/2016\/09\/INFORME-CONGRESO-INTERNACIONAL-DE-DERECHO-PROCESAL-CARTAGENA-COLOMBIA.pdf\">Ver detalle<\/a><\/td>\n<\/tr>\n<tr class=\"row-148\">\n\t<td class=\"column-1\">DILSA CEDE\u00d1O<\/td><td class=\"column-2\">Jefe del departamento de Investigaci\u00f3n Patrimonial<\/td><td class=\"column-3\">Cartagena de Indias - Colombia<\/td><td class=\"column-4\">Funcionaria que asistir\u00e1 como participante al IX Congreso Internacional de Derecho Procesal: La Prueba y la Decisi\u00f3n Judicial.<\/td><td class=\"column-5\">Del 24 de agosto 2016<\/td><td class=\"column-6\">Hasta el 28 de agosto 2016<\/td><td class=\"column-7\">620.00<\/td><td class=\"column-8\">1,600.00<\/td><td class=\"column-9\"><a href=\"https:\/\/www.fiscaliadecuentas.gob.pa\/wp-content\/uploads\/2016\/09\/INFORME-CONGRESO-INTERNACIONAL-DE-DERECHO-PROCESAL-CARTAGENA-COLOMBIA.pdf\">Ver detalle<\/a><\/td>\n<\/tr>\n<tr class=\"row-149\">\n\t<td class=\"column-1\">FRANCISCA BEDOYA<\/td><td class=\"column-2\">Asistente Jur\u00eddico del Fiscal<\/td><td class=\"column-3\">Cartagena de Indias - Colombia<\/td><td class=\"column-4\">Funcionaria que asistir\u00e1 como participante al IX Congreso Internacional de Derecho Procesal: La Prueba y la Decisi\u00f3n Judicial.<\/td><td class=\"column-5\">Del 24 de agosto 2016<\/td><td class=\"column-6\">Hasta el 28 de agosto 2016<\/td><td class=\"column-7\">620.00<\/td><td class=\"column-8\">1,600.00<\/td><td class=\"column-9\"><a href=\"https:\/\/www.fiscaliadecuentas.gob.pa\/wp-content\/uploads\/2016\/09\/INFORME-CONGRESO-INTERNACIONAL-DE-DERECHO-PROCESAL-CARTAGENA-COLOMBIA.pdf\">Ver detalle<\/a><\/td>\n<\/tr>\n<tr class=\"row-150\">\n\t<td class=\"column-1\"><\/td><td class=\"column-2\"><\/td><td class=\"column-3\"><\/td><td class=\"column-4\">NO SE REGISTRARON VIAJES DURANTE EL MES DE<\/td><td class=\"column-5\">JULIO-2016<\/td><td class=\"column-6\"><\/td><td class=\"column-7\"><\/td><td class=\"column-8\"><\/td><td class=\"column-9\"><\/td>\n<\/tr>\n<tr class=\"row-151\">\n\t<td class=\"column-1\"><\/td><td class=\"column-2\"><\/td><td class=\"column-3\"><\/td><td class=\"column-4\">NO SE REGISTRARON VIAJES DURANTE EL MES DE<\/td><td class=\"column-5\">JUNIO-2016<\/td><td class=\"column-6\"><\/td><td class=\"column-7\"><\/td><td class=\"column-8\"><\/td><td class=\"column-9\"><\/td>\n<\/tr>\n<tr class=\"row-152\">\n\t<td class=\"column-1\"><\/td><td class=\"column-2\"><\/td><td class=\"column-3\"><\/td><td class=\"column-4\">NO SE REGISTRARON VIAJES DURANTE EL MES DE<\/td><td class=\"column-5\">MAYO-2016<\/td><td class=\"column-6\"><\/td><td class=\"column-7\"><\/td><td class=\"column-8\"><\/td><td class=\"column-9\"><\/td>\n<\/tr>\n<tr class=\"row-153\">\n\t<td class=\"column-1\"><\/td><td class=\"column-2\"><\/td><td class=\"column-3\"><\/td><td class=\"column-4\">NO SE REGISTRARON VIAJES DURANTE EL MES DE<\/td><td class=\"column-5\">ABRIL-2016<\/td><td class=\"column-6\"><\/td><td class=\"column-7\"><\/td><td class=\"column-8\"><\/td><td class=\"column-9\"><\/td>\n<\/tr>\n<tr class=\"row-154\">\n\t<td class=\"column-1\"><\/td><td class=\"column-2\"><\/td><td class=\"column-3\"><\/td><td class=\"column-4\">NO SE REGISTRARON VIAJES DURANTE EL MES DE<\/td><td class=\"column-5\">MARZO-2016<\/td><td class=\"column-6\"><\/td><td class=\"column-7\"><\/td><td class=\"column-8\"><\/td><td class=\"column-9\"><\/td>\n<\/tr>\n<tr class=\"row-155\">\n\t<td class=\"column-1\"><\/td><td class=\"column-2\"><\/td><td class=\"column-3\"><\/td><td class=\"column-4\">NO SE REGISTRARON VIAJES DURANTE EL MES DE<\/td><td class=\"column-5\">FEBRERO-2016<\/td><td class=\"column-6\"><\/td><td class=\"column-7\"><\/td><td class=\"column-8\"><\/td><td class=\"column-9\"><\/td>\n<\/tr>\n<tr class=\"row-156\">\n\t<td class=\"column-1\"><\/td><td class=\"column-2\"><\/td><td class=\"column-3\"><\/td><td class=\"column-4\">NO SE REGISTRARON VIAJES DURANTE EL MES DE<\/td><td class=\"column-5\">ENERO-2016<\/td><td class=\"column-6\"><\/td><td class=\"column-7\"><\/td><td class=\"column-8\"><\/td><td class=\"column-9\"><\/td>\n<\/tr>\n<tr class=\"row-157\">\n\t<td class=\"column-1\">C\u00c9SAR A.SOLANO GARC\u00cdA<\/td><td class=\"column-2\">Secretario General<\/td><td class=\"column-3\">Ciudad de Colombia, Pereira<\/td><td class=\"column-4\">Pagar vi\u00e1tico internacional a funcionario, que se trasladar\u00e1 a Pereira (Colombia) , para asistir como participante al XXXVI Congreso Colombiano de Derecho. Organizado por el Instituto Colombiano de Derecho Procesal, seg\u00fan resoluci\u00f3n FGCOIRH-096-2015 y Memorando FGC-SG-68\/2015.<\/td><td class=\"column-5\">Del 08 de septiembre de 2015<\/td><td class=\"column-6\">Hasta 12 de septiembre de 2015<\/td><td class=\"column-7\">465.03<\/td><td class=\"column-8\">1,400.00<\/td><td class=\"column-9\"><a href=\"https:\/\/www.fiscaliadecuentas.gob.pa\/?attachment_id=1407\">Ver detalle<\/a><\/td>\n<\/tr>\n<tr class=\"row-158\">\n\t<td class=\"column-1\">ENEDELYS TAYLOR<\/td><td class=\"column-2\">Jefa de la Secretar\u00eda de Investigaci\u00f3n de Afectaci\u00f3n Patrimonial<\/td><td class=\"column-3\">Ciudad de Roswell, Nuevo M\u00e9xico, Estados Unidos.<\/td><td class=\"column-4\">Funcionaria que asistir\u00e1 como participante al Foro de Pol\u00edticas Anticorrupci\u00f3n y al Seminario Acad\u00e9mico de Justicia Penal organizado por la ILEA.<\/td><td class=\"column-5\">Del 5 de julio 2015<\/td><td class=\"column-6\">Hasta  1 de agosto 2015<\/td><td class=\"column-7\">0,00<\/td><td class=\"column-8\">1,215.00<\/td><td class=\"column-9\"><a href=\"https:\/\/www.fiscaliadecuentas.gob.pa\/transparencia\/viaticos-y-detalles-de-viajes\/informe-de-viaje-enedelys-taylor\/\">Ver detalle<\/a><\/td>\n<\/tr>\n<tr class=\"row-159\">\n\t<td class=\"column-1\">ILZEDITH CEDE\u00d1O DE HERRERA<\/td><td class=\"column-2\">Asistente Jur\u00eddico del Fiscal<\/td><td class=\"column-3\">Ciudad de Roswell, Nuevo M\u00e9xico, Estados Unidos.<\/td><td class=\"column-4\">Funcionaria que asistir\u00e1 como participante al Foro de Pol\u00edticas Anticorrupci\u00f3n y al Seminario Acad\u00e9mico de Justicia Penal organizado por la ILEA.<\/td><td class=\"column-5\">Del 4 de julio 2015<\/td><td class=\"column-6\">Hasta  1 de agosto 2015<\/td><td class=\"column-7\">0,00<\/td><td class=\"column-8\">1,260.00<\/td><td class=\"column-9\"><a href=\"https:\/\/www.fiscaliadecuentas.gob.pa\/transparencia\/viaticos-y-detalles-de-viajes\/informe-de-viaje-ilzedith-cedeno-de-herrera\/\">Ver detalle<\/a><\/td>\n<\/tr>\n<tr class=\"row-160\">\n\t<td class=\"column-1\">YELENIS ORTIZ DE MARISCAL<\/td><td class=\"column-2\">Asesora Legal<\/td><td class=\"column-3\">Ciudad de Colombia, Pereira<\/td><td class=\"column-4\">Pagar vi\u00e1tico internacional a funcionario, que se trasladar\u00e1 a Pereira (Colombia) , para asistir como participante al XXXVI Congreso Colombiano de Derecho. Organizado por el Instituto Colombiano de Derecho Procesal, seg\u00fan resoluci\u00f3n FGCOIRH-096-2015 y Memorando FGC-SG-68\/2015.<\/td><td class=\"column-5\">Del 08 de septiembre de 2015<\/td><td class=\"column-6\">Hasta 12 de septiembre de 2015<\/td><td class=\"column-7\">465.03<\/td><td class=\"column-8\">1,400.00<\/td><td class=\"column-9\"><a href=\"https:\/\/www.fiscaliadecuentas.gob.pa\/?attachment_id=1407\">Ver detalle<\/a><\/td>\n<\/tr>\n<\/tbody>\n<\/table>\n<!-- #tablepress-4 from cache -->\n","protected":false},"excerpt":{"rendered":"","protected":false},"author":1,"featured_media":0,"parent":10417,"menu_order":0,"comment_status":"closed","ping_status":"closed","template":"","meta":{"_EventAllDay":false,"_EventTimezone":"","_EventStartDate":"","_EventEndDate":"","_EventStartDateUTC":"","_EventEndDateUTC":"","_EventShowMap":false,"_EventShowMapLink":false,"_EventURL":"","_EventCost":"","_EventCostDescription":"","_EventCurrencySymbol":"","_EventCurrencyCode":"","_EventCurrencyPosition":"","_EventDateTimeSeparator":"","_EventTimeRangeSeparator":"","_EventOrganizerID":[],"_EventVenueID":[],"_OrganizerEmail":"","_OrganizerPhone":"","_OrganizerWebsite":"","_VenueAddress":"","_VenueCity":"","_VenueCountry":"","_VenueProvince":"","_VenueState":"","_VenueZip":"","_VenuePhone":"","_VenueURL":"","_VenueStateProvince":"","_VenueLat":"","_VenueLng":"","_VenueShowMap":false,"_VenueShowMapLink":false,"footnotes":""},"class_list":["post-1027","page","type-page","status-publish","hentry"],"_links":{"self":[{"href":"https:\/\/www.fiscaliadecuentas.gob.pa\/index.php?rest_route=\/wp\/v2\/pages\/1027","targetHints":{"allow":["GET"]}}],"collection":[{"href":"https:\/\/www.fiscaliadecuentas.gob.pa\/index.php?rest_route=\/wp\/v2\/pages"}],"about":[{"href":"https:\/\/www.fiscaliadecuentas.gob.pa\/index.php?rest_route=\/wp\/v2\/types\/page"}],"author":[{"embeddable":true,"href":"https:\/\/www.fiscaliadecuentas.gob.pa\/index.php?rest_route=\/wp\/v2\/users\/1"}],"replies":[{"embeddable":true,"href":"https:\/\/www.fiscaliadecuentas.gob.pa\/index.php?rest_route=%2Fwp%2Fv2%2Fcomments&post=1027"}],"version-history":[{"count":3,"href":"https:\/\/www.fiscaliadecuentas.gob.pa\/index.php?rest_route=\/wp\/v2\/pages\/1027\/revisions"}],"predecessor-version":[{"id":2463,"href":"https:\/\/www.fiscaliadecuentas.gob.pa\/index.php?rest_route=\/wp\/v2\/pages\/1027\/revisions\/2463"}],"up":[{"embeddable":true,"href":"https:\/\/www.fiscaliadecuentas.gob.pa\/index.php?rest_route=\/wp\/v2\/pages\/10417"}],"wp:attachment":[{"href":"https:\/\/www.fiscaliadecuentas.gob.pa\/index.php?rest_route=%2Fwp%2Fv2%2Fmedia&parent=1027"}],"curies":[{"name":"wp","href":"https:\/\/api.w.org\/{rel}","templated":true}]}}