{"id":16145,"date":"2021-06-11T10:49:21","date_gmt":"2021-06-11T15:49:21","guid":{"rendered":"https:\/\/www.fiscaliadecuentas.gob.pa\/?page_id=16145"},"modified":"2024-08-30T10:46:05","modified_gmt":"2024-08-30T15:46:05","slug":"preguntas-frecuentes-2","status":"publish","type":"page","link":"https:\/\/www.fiscaliadecuentas.gob.pa\/?page_id=16145","title":{"rendered":"Preguntas Frecuentes"},"content":{"rendered":"\t\t<div data-elementor-type=\"wp-page\" data-elementor-id=\"16145\" class=\"elementor elementor-16145\" data-elementor-settings=\"[]\">\n\t\t\t\t\t\t<div class=\"elementor-inner\">\n\t\t\t\t\t\t\t<div class=\"elementor-section-wrap\">\n\t\t\t\t\t\t\t<section class=\"elementor-section elementor-top-section elementor-element elementor-element-997ae63 elementor-section-boxed elementor-section-height-default elementor-section-height-default\" data-id=\"997ae63\" data-element_type=\"section\">\n\t\t\t\t\t\t<div class=\"elementor-container elementor-column-gap-default\">\n\t\t\t\t\t\t\t<div class=\"elementor-row\">\n\t\t\t\t\t<div class=\"elementor-column elementor-col-100 elementor-top-column elementor-element elementor-element-23946a1\" data-id=\"23946a1\" data-element_type=\"column\">\n\t\t\t<div class=\"elementor-column-wrap elementor-element-populated\">\n\t\t\t\t\t\t\t<div class=\"elementor-widget-wrap\">\n\t\t\t\t\t\t<div class=\"elementor-element elementor-element-a1bc7fa elementor-widget elementor-widget-spacer\" data-id=\"a1bc7fa\" data-element_type=\"widget\" data-widget_type=\"spacer.default\">\n\t\t\t\t<div class=\"elementor-widget-container\">\n\t\t\t\t\t<div class=\"elementor-spacer\">\n\t\t\t<div class=\"elementor-spacer-inner\"><\/div>\n\t\t<\/div>\n\t\t\t\t<\/div>\n\t\t\t\t<\/div>\n\t\t\t\t\t\t<\/div>\n\t\t\t\t\t<\/div>\n\t\t<\/div>\n\t\t\t\t\t\t\t\t<\/div>\n\t\t\t\t\t<\/div>\n\t\t<\/section>\n\t\t\t\t<section class=\"elementor-section elementor-top-section elementor-element elementor-element-d3b5868 elementor-section-boxed elementor-section-height-default elementor-section-height-default\" data-id=\"d3b5868\" data-element_type=\"section\" data-settings=\"{&quot;background_background&quot;:&quot;classic&quot;}\">\n\t\t\t\t\t\t<div class=\"elementor-container elementor-column-gap-default\">\n\t\t\t\t\t\t\t<div class=\"elementor-row\">\n\t\t\t\t\t<div class=\"elementor-column elementor-col-100 elementor-top-column elementor-element elementor-element-baeeaae\" data-id=\"baeeaae\" data-element_type=\"column\">\n\t\t\t<div class=\"elementor-column-wrap elementor-element-populated\">\n\t\t\t\t\t\t\t<div class=\"elementor-widget-wrap\">\n\t\t\t\t\t\t<div class=\"elementor-element elementor-element-d15e0e8 elementor-widget elementor-widget-heading\" data-id=\"d15e0e8\" data-element_type=\"widget\" data-widget_type=\"heading.default\">\n\t\t\t\t<div class=\"elementor-widget-container\">\n\t\t\t<h2 class=\"elementor-heading-title elementor-size-default\">FISCAL\u00cdA GENERAL DE CUENTAS<\/h2>\t\t<\/div>\n\t\t\t\t<\/div>\n\t\t\t\t<div class=\"elementor-element elementor-element-5c15a818 elementor-widget elementor-widget-heading\" data-id=\"5c15a818\" data-element_type=\"widget\" data-widget_type=\"heading.default\">\n\t\t\t\t<div class=\"elementor-widget-container\">\n\t\t\t<h2 class=\"elementor-heading-title elementor-size-default\">PREGUNTAS FRECUENTES<\/h2>\t\t<\/div>\n\t\t\t\t<\/div>\n\t\t\t\t\t\t<\/div>\n\t\t\t\t\t<\/div>\n\t\t<\/div>\n\t\t\t\t\t\t\t\t<\/div>\n\t\t\t\t\t<\/div>\n\t\t<\/section>\n\t\t\t\t<section class=\"elementor-section elementor-top-section elementor-element elementor-element-4cd9135 elementor-section-boxed elementor-section-height-default elementor-section-height-default\" data-id=\"4cd9135\" data-element_type=\"section\">\n\t\t\t\t\t\t<div class=\"elementor-container elementor-column-gap-default\">\n\t\t\t\t\t\t\t<div class=\"elementor-row\">\n\t\t\t\t\t<div class=\"elementor-column elementor-col-100 elementor-top-column elementor-element elementor-element-682c924\" data-id=\"682c924\" data-element_type=\"column\">\n\t\t\t<div class=\"elementor-column-wrap elementor-element-populated\">\n\t\t\t\t\t\t\t<div class=\"elementor-widget-wrap\">\n\t\t\t\t\t\t<div class=\"elementor-element elementor-element-ca337fb elementor-widget elementor-widget-spacer\" data-id=\"ca337fb\" data-element_type=\"widget\" data-widget_type=\"spacer.default\">\n\t\t\t\t<div class=\"elementor-widget-container\">\n\t\t\t\t\t<div class=\"elementor-spacer\">\n\t\t\t<div class=\"elementor-spacer-inner\"><\/div>\n\t\t<\/div>\n\t\t\t\t<\/div>\n\t\t\t\t<\/div>\n\t\t\t\t\t\t<\/div>\n\t\t\t\t\t<\/div>\n\t\t<\/div>\n\t\t\t\t\t\t\t\t<\/div>\n\t\t\t\t\t<\/div>\n\t\t<\/section>\n\t\t\t\t<section class=\"elementor-section elementor-top-section elementor-element elementor-element-671cd94 elementor-section-boxed elementor-section-height-default elementor-section-height-default\" data-id=\"671cd94\" data-element_type=\"section\" data-settings=\"{&quot;background_background&quot;:&quot;classic&quot;}\">\n\t\t\t\t\t\t\t<div class=\"elementor-background-overlay\"><\/div>\n\t\t\t\t\t\t\t<div class=\"elementor-container elementor-column-gap-default\">\n\t\t\t\t\t\t\t<div class=\"elementor-row\">\n\t\t\t\t\t<div class=\"elementor-column elementor-col-100 elementor-top-column elementor-element elementor-element-73585a0\" data-id=\"73585a0\" data-element_type=\"column\">\n\t\t\t<div class=\"elementor-column-wrap elementor-element-populated\">\n\t\t\t\t\t\t\t<div class=\"elementor-widget-wrap\">\n\t\t\t\t\t\t<div class=\"elementor-element elementor-element-5f7bece elementor-widget elementor-widget-text-editor\" data-id=\"5f7bece\" data-element_type=\"widget\" data-widget_type=\"text-editor.default\">\n\t\t\t\t<div class=\"elementor-widget-container\">\n\t\t\t\t\t\t\t\t<div class=\"elementor-text-editor elementor-clearfix\">\n\t\t\t\t<ol start=\"1\"><li><strong>\u00bfCu\u00e1l es la ley mediante la cual se desarrolla la Jurisdicci\u00f3n de Cuentas y crea la Fiscal\u00eda General de Cuentas?<\/strong><\/li><\/ol><p style=\"padding-left: 40px; text-align: justify;\"><strong>R.<\/strong> Ley 67 de 14 de noviembre de 2008.<\/p><ol start=\"2\"><li><strong>\u00bfQu\u00e9 es la Fiscal\u00eda General de Cuentas?<\/strong><\/li><\/ol><p style=\"padding-left: 40px; text-align: justify;\"><strong>R.<\/strong> Es una agencia de instrucci\u00f3n independiente en lo funcional, administrativo y presupuestario, coadyuvante del Tribunal de Cuentas, la que ejercer\u00e1 sus funciones en todo el territorio de la Rep\u00fablica y tendr\u00e1 su sede en la ciudad de Panam\u00e1.<\/p><ol start=\"3\"><li><strong>\u00bfCu\u00e1les son las causas que pueden ser juzgadas por la Jurisdicci\u00f3n de Cuentas?<\/strong><\/li><\/ol><p style=\"padding-left: 40px; text-align: justify;\"><strong>R.<\/strong> Los reparos formulados por la Contralor\u00eda General de la Rep\u00fablica a los agentes y empleados de manejo.<\/p><ol start=\"4\"><li><strong>Acorde a lo dispuesto en la Ley 67 de 2008, un empleado de manejo es:<\/strong><\/li><\/ol><p style=\"padding-left: 40px; text-align: justify;\"><strong>R.<\/strong> Todo servidor p\u00fablico que reciba, recaude, maneje, administre, invierta, custodie, cuide, controle, apruebe, autorice, pague o fiscalice fondos o bienes p\u00fablicos.<\/p><ol start=\"5\"><li><strong>Acorde a lo dispuesto en la Ley 67 de 2008, un agente de manejo es:<\/strong><\/li><\/ol><p style=\"padding-left: 40px; text-align: justify;\"><strong>R.<\/strong> Toda persona natural o jur\u00eddica que reciba, recaude, maneje, administre, invierta, custodie, cuide, controle, apruebe, autorice o pague por cualquier causa fondos o bienes p\u00fablicos.<\/p><ol start=\"6\"><li>\u00bf<strong>Cu\u00e1l es el t\u00e9rmino de prescripci\u00f3n de la acci\u00f3n de cuentas?<\/strong><\/li><\/ol><p style=\"padding-left: 40px; text-align: justify;\"><strong>R.<\/strong> La acci\u00f3n de cuentas prescribe en un plazo de diez (10) a\u00f1os, que comienza a contarse desde el momento en que ocurren los hechos que constituyen la lesi\u00f3n patrimonial en contra del Estado.<\/p><ol start=\"7\"><li><strong>\u00bfQu\u00e9 derecho tiene la persona mencionada como vinculada a una lesi\u00f3n patrimonial, seg\u00fan la Ley 67 de 2008?<\/strong><\/li><\/ol><p style=\"padding-left: 40px; text-align: justify;\"><strong>R.<\/strong> La persona que sea mencionada como vinculada a una lesi\u00f3n patrimonial tiene el derecho de defenderse y de ser o\u00edda desde el inicio de las investigaciones.<\/p><ol start=\"8\"><li><strong>\u00bfQu\u00e9 t\u00e9rmino le establece la Ley a la Fiscal\u00eda General de Cuentas para llevar a cabo la investigaci\u00f3n patrimonial?<\/strong><\/li><\/ol><p style=\"padding-left: 40px; text-align: justify;\"><strong>R.<\/strong> La Fiscal\u00eda General de Cuentas tiene un t\u00e9rmino de cuatro (4) meses, contado a partir de la fecha del inicio de la investigaci\u00f3n, o de seis (6) meses si hay varios involucrados.<\/p><ol start=\"9\"><li><strong>\u00bfA qui\u00e9n compete otorgar un t\u00e9rmino adicional (pr\u00f3rroga) para continuar la investigaci\u00f3n patrimonial, y cu\u00e1nto tiempo se concede?<\/strong><\/li><\/ol><p style=\"padding-left: 40px; text-align: justify;\"><strong>R.<\/strong> Compete al Tribunal de Cuentas decidir sobre la necesidad de autorizar un t\u00e9rmino adicional, no mayor de dos (2) meses, para que sea culminada la investigaci\u00f3n.<\/p><ol start=\"10\"><li><strong>\u00bfHasta qu\u00e9 momento procesal puede interponerse la excepci\u00f3n de prescripci\u00f3n de la acci\u00f3n de cuentas y ante qui\u00e9n debe presentarse?<\/strong><\/li><\/ol><p style=\"padding-left: 40px; text-align: justify;\"><strong>R.<\/strong> La prescripci\u00f3n de la acci\u00f3n de cuentas puede promoverse como excepci\u00f3n ante el Tribunal de Cuentas en cualquier momento. Es de previo y especial pronunciamiento.<\/p><ol start=\"11\"><li><strong>\u00bfLa Fiscal\u00eda General de Cuentas puede solicitar informaci\u00f3n bancaria a entidades p\u00fablicas y privadas incluyendo informaci\u00f3n sobre cuentas cifradas?<\/strong><\/li><\/ol><p style=\"padding-left: 40px; text-align: justify;\"><strong>R.<\/strong> S\u00ed. La Fiscal\u00eda General de Cuentas est\u00e1 facultada por el art\u00edculo 43 de la Ley 67 de 2008 para solicitar informaci\u00f3n a las entidades bancarias p\u00fablicas y privadas incluyendo cuentas cifradas<\/p><ol start=\"12\"><li><strong>\u00bfPuede la Fiscal\u00eda General de Cuentas adoptar medidas para evitar la desaparici\u00f3n o destrucci\u00f3n de evidencias y otros elementos materiales relacionados a la investigaci\u00f3n de afectaci\u00f3n patrimonial?<\/strong><\/li><\/ol><p style=\"padding-left: 40px; text-align: justify;\"><strong>R.<\/strong> La Fiscal\u00eda General de Cuentas a fin de evitar la p\u00e9rdida, destrucci\u00f3n de elementos materiales o evidencias puede adoptar medidas razonables para proteger y aislar el lugar donde se investiga la posible lesi\u00f3n patrimonial.<\/p><ol start=\"13\"><li><strong>\u00bfEst\u00e1 facultada la Fiscal\u00eda General de Cuentas para celebrar acuerdos con la persona investigada?<\/strong><\/li><\/ol><p style=\"padding-left: 40px; text-align: justify;\"><strong>R.<\/strong> La Fiscal\u00eda si est\u00e1 facultada por el art\u00edculo 49 de la Ley 67 de 2008 para llegar a un acuerdo con la persona investigada siempre y cuando esta restituya el monto de la lesi\u00f3n patrimonial.\u00a0 El acuerdo deber\u00e1 ser aprobado por el Tribunal de Cuentas, con lo cual quedar\u00e1 cerrado el proceso.<\/p><ol start=\"14\"><li><strong>\u00bfEn qu\u00e9 etapa procesal pueden las personas investigadas advertir fallos o vicios de la investigaci\u00f3n patrimonial u oponerse y objetar la Vista Fiscal?<\/strong><\/li><\/ol><p style=\"padding-left: 40px; text-align: justify;\"><strong>R. <\/strong>Las personas investigadas pueden presentar memorial, por medio de abogado, advirtiendo las fallas o los vicios de la investigaci\u00f3n, oponi\u00e9ndose a los fundamentos f\u00e1cticos o jur\u00eddicos u objetando las conclusiones de dicha Vista Fiscal, en la fase intermedia cuando la Fiscal\u00eda de Cuentas remite el expediente y la Vista Fiscal al Tribunal de Cuentas.<\/p><ol start=\"15\"><li><strong>\u00bfCu\u00e1les son los tipos de responsabilidad?<\/strong><\/li><\/ol><p style=\"padding-left: 40px; text-align: justify;\"><strong>R.<\/strong> Se establecen los siguientes tipos de responsabilidad patrimonial:<\/p><ol><li style=\"list-style-type: none;\"><ol><li style=\"list-style-type: none;\"><ol><li style=\"text-align: justify;\"><strong><em>Responsabilidad directa:<\/em> <\/strong>Es la que recae sobre la persona que reciba, recaude, maneje, administre, cuide, custodie, controle, distribuya, invierta, apruebe, autorice, pague o fiscalice fondos o bienes p\u00fablicos por raz\u00f3n de sus acciones u omisiones.<\/li><\/ol><\/li><\/ol><\/li><\/ol><ol><li style=\"list-style-type: none;\"><ol><li style=\"list-style-type: none;\"><ol start=\"2\"><li style=\"text-align: justify;\"><strong><em>Responsabilidad principal:<\/em> <\/strong>Es la que obliga, en primer lugar, a la persona que reciba, recaude, maneje, administre, cuide, custodie, controle, distribuya, invierta, apruebe, autorice, pague o fiscalice fondos o bienes p\u00fablicos a resarcir la lesi\u00f3n patrimonial causada al Estado.<\/li><\/ol><\/li><\/ol><\/li><\/ol><ol><li style=\"list-style-type: none;\"><ol><li style=\"list-style-type: none;\"><ol start=\"3\"><li style=\"text-align: justify;\"><strong><em>Responsabilidad solidaria:<\/em><\/strong> Es aquella en virtud de la cual dos o m\u00e1s personas que reciban, recauden, manejen, administren, cuiden, custodien, controlen, distribuyan, inviertan, aprueben, autoricen, paguen o fiscalicen fondos o bienes p\u00fablicos est\u00e1n obligadas solidariamente a resarcir la lesi\u00f3n patrimonial causada al estado.<\/li><li style=\"text-align: justify;\"><strong><em>Responsabilidad subsidiaria:<\/em><\/strong> Es aquella en virtud de la cual la persona que recibe, recaude, maneje, administre, cuide, custodie, controle, distribuya, invierta, autorice, apruebe, pague o fiscalice fondos o bienes p\u00fablicos queda obligada a resarcir la lesi\u00f3n patrimonial causada al Estado por raz\u00f3n de que haya actuado con negligencia grave o haya permitido la lesi\u00f3n.<\/li><\/ol><\/li><\/ol><\/li><\/ol>\t\t\t\t\t<\/div>\n\t\t\t\t\t\t<\/div>\n\t\t\t\t<\/div>\n\t\t\t\t\t\t<\/div>\n\t\t\t\t\t<\/div>\n\t\t<\/div>\n\t\t\t\t\t\t\t\t<\/div>\n\t\t\t\t\t<\/div>\n\t\t<\/section>\n\t\t\t\t<section class=\"elementor-section elementor-top-section elementor-element elementor-element-def1871 elementor-section-boxed elementor-section-height-default elementor-section-height-default\" data-id=\"def1871\" data-element_type=\"section\">\n\t\t\t\t\t\t<div class=\"elementor-container elementor-column-gap-default\">\n\t\t\t\t\t\t\t<div class=\"elementor-row\">\n\t\t\t\t\t<div class=\"elementor-column elementor-col-100 elementor-top-column elementor-element elementor-element-e932392\" data-id=\"e932392\" data-element_type=\"column\">\n\t\t\t<div class=\"elementor-column-wrap elementor-element-populated\">\n\t\t\t\t\t\t\t<div class=\"elementor-widget-wrap\">\n\t\t\t\t\t\t<div class=\"elementor-element elementor-element-2dcd887 elementor-widget elementor-widget-spacer\" data-id=\"2dcd887\" data-element_type=\"widget\" data-widget_type=\"spacer.default\">\n\t\t\t\t<div class=\"elementor-widget-container\">\n\t\t\t\t\t<div class=\"elementor-spacer\">\n\t\t\t<div class=\"elementor-spacer-inner\"><\/div>\n\t\t<\/div>\n\t\t\t\t<\/div>\n\t\t\t\t<\/div>\n\t\t\t\t\t\t<\/div>\n\t\t\t\t\t<\/div>\n\t\t<\/div>\n\t\t\t\t\t\t\t\t<\/div>\n\t\t\t\t\t<\/div>\n\t\t<\/section>\n\t\t\t\t<section class=\"elementor-section elementor-top-section elementor-element elementor-element-46485af4 elementor-section-boxed elementor-section-height-default elementor-section-height-default\" data-id=\"46485af4\" data-element_type=\"section\">\n\t\t\t\t\t\t<div class=\"elementor-container elementor-column-gap-default\">\n\t\t\t\t\t\t\t<div class=\"elementor-row\">\n\t\t\t\t\t<div class=\"elementor-column elementor-col-50 elementor-top-column elementor-element elementor-element-51ec1788\" data-id=\"51ec1788\" data-element_type=\"column\">\n\t\t\t<div class=\"elementor-column-wrap elementor-element-populated\">\n\t\t\t\t\t\t\t<div class=\"elementor-widget-wrap\">\n\t\t\t\t\t\t<div class=\"elementor-element elementor-element-7ba71f82 elementor-widget elementor-widget-html\" data-id=\"7ba71f82\" data-element_type=\"widget\" data-widget_type=\"html.default\">\n\t\t\t\t<div class=\"elementor-widget-container\">\n\t\t\t<h3>Cont\u00e1ctenos<\/h3>\r\n<p><strong><i class=\"fa fa-map-marker\" style=\"font-size:15px;\"><\/i> Direcci\u00f3n:<\/strong> V\u00eda Espa\u00f1a, Avenida Samuel Lewis, Corregimiento de Bella Vista, Edificio N.\u00b0 8, a un costado de la Notar\u00eda Tercera de Panam\u00e1.<\/p>\r\n<p><strong><i class=\"fa fa-phone-square\" style=\"font-size:15px\"><\/i> Central Telef\u00f3nica:<\/strong>\r\n  (507)506-2000<\/p>\r\n<strong><i class=\"fa fa-envelope\" style=\"font-size:15px\"><\/i> Correo:<\/strong><a href=\"mailto:info@fiscaliadecuentas.gob.pa\"> info@fiscaliadecuentas.gob.pa<\/a>\t\t<\/div>\n\t\t\t\t<\/div>\n\t\t\t\t\t\t<\/div>\n\t\t\t\t\t<\/div>\n\t\t<\/div>\n\t\t\t\t<div class=\"elementor-column elementor-col-50 elementor-top-column elementor-element elementor-element-4dba3404\" data-id=\"4dba3404\" data-element_type=\"column\">\n\t\t\t<div class=\"elementor-column-wrap\">\n\t\t\t\t\t\t\t<div class=\"elementor-widget-wrap\">\n\t\t\t\t\t\t\t\t<\/div>\n\t\t\t\t\t<\/div>\n\t\t<\/div>\n\t\t\t\t\t\t\t\t<\/div>\n\t\t\t\t\t<\/div>\n\t\t<\/section>\n\t\t\t\t\t\t<\/div>\n\t\t\t\t\t\t<\/div>\n\t\t\t\t\t<\/div>\n\t\t","protected":false},"excerpt":{"rendered":"<p>FISCAL\u00cdA GENERAL DE CUENTAS PREGUNTAS FRECUENTES \u00bfCu\u00e1l es la ley mediante la cual se desarrolla la Jurisdicci\u00f3n de Cuentas y crea la Fiscal\u00eda General de Cuentas? R. Ley 67 de [&hellip;]<\/p>\n","protected":false},"author":9,"featured_media":0,"parent":0,"menu_order":0,"comment_status":"closed","ping_status":"closed","template":"elementor_header_footer","meta":{"_EventAllDay":false,"_EventTimezone":"","_EventStartDate":"","_EventEndDate":"","_EventStartDateUTC":"","_EventEndDateUTC":"","_EventShowMap":false,"_EventShowMapLink":false,"_EventURL":"","_EventCost":"","_EventCostDescription":"","_EventCurrencySymbol":"","_EventCurrencyCode":"","_EventCurrencyPosition":"","_EventDateTimeSeparator":"","_EventTimeRangeSeparator":"","_EventOrganizerID":[],"_EventVenueID":[],"_OrganizerEmail":"","_OrganizerPhone":"","_OrganizerWebsite":"","_VenueAddress":"","_VenueCity":"","_VenueCountry":"","_VenueProvince":"","_VenueState":"","_VenueZip":"","_VenuePhone":"","_VenueURL":"","_VenueStateProvince":"","_VenueLat":"","_VenueLng":"","_VenueShowMap":false,"_VenueShowMapLink":false,"footnotes":""},"class_list":["post-16145","page","type-page","status-publish","hentry"],"_links":{"self":[{"href":"https:\/\/www.fiscaliadecuentas.gob.pa\/index.php?rest_route=\/wp\/v2\/pages\/16145","targetHints":{"allow":["GET"]}}],"collection":[{"href":"https:\/\/www.fiscaliadecuentas.gob.pa\/index.php?rest_route=\/wp\/v2\/pages"}],"about":[{"href":"https:\/\/www.fiscaliadecuentas.gob.pa\/index.php?rest_route=\/wp\/v2\/types\/page"}],"author":[{"embeddable":true,"href":"https:\/\/www.fiscaliadecuentas.gob.pa\/index.php?rest_route=\/wp\/v2\/users\/9"}],"replies":[{"embeddable":true,"href":"https:\/\/www.fiscaliadecuentas.gob.pa\/index.php?rest_route=%2Fwp%2Fv2%2Fcomments&post=16145"}],"version-history":[{"count":166,"href":"https:\/\/www.fiscaliadecuentas.gob.pa\/index.php?rest_route=\/wp\/v2\/pages\/16145\/revisions"}],"predecessor-version":[{"id":37823,"href":"https:\/\/www.fiscaliadecuentas.gob.pa\/index.php?rest_route=\/wp\/v2\/pages\/16145\/revisions\/37823"}],"wp:attachment":[{"href":"https:\/\/www.fiscaliadecuentas.gob.pa\/index.php?rest_route=%2Fwp%2Fv2%2Fmedia&parent=16145"}],"curies":[{"name":"wp","href":"https:\/\/api.w.org\/{rel}","templated":true}]}}