{"id":16860,"date":"2021-07-02T13:50:03","date_gmt":"2021-07-02T18:50:03","guid":{"rendered":"https:\/\/www.fiscaliadecuentas.gob.pa\/?page_id=16860"},"modified":"2024-07-04T11:59:38","modified_gmt":"2024-07-04T16:59:38","slug":"convenios","status":"publish","type":"page","link":"https:\/\/www.fiscaliadecuentas.gob.pa\/?page_id=16860","title":{"rendered":"Convenios"},"content":{"rendered":"<div id='layer_slider_1'  class='avia-layerslider main_color avia-shadow  avia-builder-el-0  el_before_av_textblock  avia-builder-el-first  container_wrap sidebar_right'  style='height: 301px; max-width: 1310px; margin: 0 auto;'  ><\/div><div id='after_layer_slider_1'  class='main_color av_default_container_wrap container_wrap sidebar_right'  ><div class='container av-section-cont-open' ><div class='template-page content  av-content-small alpha units'><div class='post-entry post-entry-type-page post-entry-16860'><div class='entry-content-wrapper clearfix'>\n\n<style type=\"text\/css\" data-created_by=\"avia_inline_auto\" id=\"style-css-av-kqmpeut7-cd77b146d1b2e46cc39528be83a0d673\">\n#top .av_textblock_section.av-kqmpeut7-cd77b146d1b2e46cc39528be83a0d673 .avia_textblock{\ncolor:#7a7a7a;\n}\n<\/style>\n<section  class='av_textblock_section av-kqmpeut7-cd77b146d1b2e46cc39528be83a0d673 '   itemscope=\"itemscope\" itemtype=\"https:\/\/schema.org\/CreativeWork\" ><div class='avia_textblock av_inherit_color'  itemprop=\"text\" ><h1 style=\"color: #000000; font-size: 38px; text-shadow: rgba(0, 0, 0, 0.3) 0px 0px 10px; font-weight: bold; text-transform: none; padding: 0px; margin: 0px; line-height: 1; text-align: center;\">Convenios<\/h1>\n<\/div><\/section>\n\n<style type=\"text\/css\" data-created_by=\"avia_inline_auto\" id=\"style-css-av-kqmujf5q-1a0647fb0f950419d2c9c3def4adaf77\">\n#top .hr.hr-invisible.av-kqmujf5q-1a0647fb0f950419d2c9c3def4adaf77{\nheight:100px;\n}\n<\/style>\n<div  class='hr av-kqmujf5q-1a0647fb0f950419d2c9c3def4adaf77 hr-invisible  avia-builder-el-2  el_after_av_textblock  el_before_av_one_half '><span class='hr-inner '><span class=\"hr-inner-style\"><\/span><\/span><\/div>\n<div  class='flex_column av-4x3ge64-355772aa8c37d25f940da635ccff1418 av_one_half  avia-builder-el-3  el_after_av_hr  el_before_av_one_half  first flex_column_div  '     ><div  class='avia-icon-list-container av-ly7ifyqz-46c4fe863b07b6d7d7ad18835d81fd9f  avia-builder-el-4  avia-builder-el-no-sibling '><ul class='avia-icon-list avia_animate_when_almost_visible avia-icon-list-left av-iconlist-big av-ly7ifyqz-46c4fe863b07b6d7d7ad18835d81fd9f avia-iconlist-animate'>\n<li><a href='https:\/\/www.fiscaliadecuentas.gob.pa\/wp-content\/uploads\/2023\/06\/CONVENIO-MARCO-DE-COOPERACION-ENTRE-EL-IMELCF-Y-LA-FGC.pdf' title='CONVENIO MARCO ENTRE EL INSTITUTO DE MEDICINA LEGAL Y CIENCIAS FORENSES Y LA FISCAL\u00cdA GENERAL DE CUENTAS'  target=\"_blank\"  rel=\"noopener noreferrer\" class='iconlist_icon av-av_iconlist_item-56e8302d3f3e2f6b1c9af6c827610983 avia-font-fontawesome avia-iconfont avia-font-fontawesome'><span class='av-icon-char' data-av_icon='\uf1c1' data-av_iconfont='fontawesome' aria-hidden=\"true\"><\/span><\/a><article class=\"article-icon-entry \"  itemscope=\"itemscope\" itemtype=\"https:\/\/schema.org\/CreativeWork\" ><div class=\"iconlist_content_wrap\"><header class=\"entry-content-header\" aria-label=\"Icon: &lt;a href=&#039;https:\/\/www.fiscaliadecuentas.gob.pa\/wp-content\/uploads\/2023\/06\/CONVENIO-MARCO-DE-COOPERACION-ENTRE-EL-IMELCF-Y-LA-FGC.pdf&#039; title=&#039;CONVENIO MARCO ENTRE EL INSTITUTO DE MEDICINA LEGAL Y CIENCIAS FORENSES Y LA FISCAL\u00cdA GENERAL DE CUENTAS&#039; target=&quot;_blank&quot;  rel=&quot;noopener noreferrer&quot;&gt;CONVENIO MARCO ENTRE EL INSTITUTO DE MEDICINA LEGAL Y CIENCIAS FORENSES Y LA FISCAL\u00cdA GENERAL DE CUENTAS&lt;\/a&gt;\"><h4 class='av_iconlist_title iconlist_title  '  itemprop=\"headline\" ><a href='https:\/\/www.fiscaliadecuentas.gob.pa\/wp-content\/uploads\/2023\/06\/CONVENIO-MARCO-DE-COOPERACION-ENTRE-EL-IMELCF-Y-LA-FGC.pdf' title='CONVENIO MARCO ENTRE EL INSTITUTO DE MEDICINA LEGAL Y CIENCIAS FORENSES Y LA FISCAL\u00cdA GENERAL DE CUENTAS' target=\"_blank\"  rel=\"noopener noreferrer\">CONVENIO MARCO ENTRE EL INSTITUTO DE MEDICINA LEGAL Y CIENCIAS FORENSES Y LA FISCAL\u00cdA GENERAL DE CUENTAS<\/a><\/h4><\/header><div class='iconlist_content '  itemprop=\"text\" ><p><a href=\"https:\/\/www.fiscaliadecuentas.gob.pa\/wp-content\/uploads\/2023\/06\/CONVENIO-MARCO-DE-COOPERACION-ENTRE-EL-IMELCF-Y-LA-FGC.pdf\">CONVENIO MARCO DE COOPERACI\u00d3N INTERINSTITUCIONAL No. 001-2023 ENTRE EL INSTITUTO DE MEDICINA LEGAL Y CIENCIAS FORENSES Y LA FISCAL\u00cdA GENERAL DE CUENTAS <\/a><\/p>\n<\/div><\/div><footer class=\"entry-footer\"><\/footer><\/article><div class=\"iconlist-timeline\"><\/div><\/li>\n<li><a href='https:\/\/www.fiscaliadecuentas.gob.pa\/wp-content\/uploads\/2023\/06\/CONVENIO-DE-COOPERACION-ENTRE-FUNIBER-Y-LA-FGC.pdf' title='CONVENIO MARCO ENTRE LA FUNDACI\u00d3N IBEROAMERICANA DE ESTUDIOS SUPERIORES Y LA FISCAL\u00cdA GENERAL DE CUENTAS'  target=\"_blank\"  rel=\"noopener noreferrer\" class='iconlist_icon av-av_iconlist_item-f152149cf4c972d4167040b07d1e6e1c avia-font-fontawesome avia-iconfont avia-font-fontawesome'><span class='av-icon-char' data-av_icon='\uf1c1' data-av_iconfont='fontawesome' aria-hidden=\"true\"><\/span><\/a><article class=\"article-icon-entry \"  itemscope=\"itemscope\" itemtype=\"https:\/\/schema.org\/CreativeWork\" ><div class=\"iconlist_content_wrap\"><header class=\"entry-content-header\" aria-label=\"Icon: &lt;a href=&#039;https:\/\/www.fiscaliadecuentas.gob.pa\/wp-content\/uploads\/2023\/06\/CONVENIO-DE-COOPERACION-ENTRE-FUNIBER-Y-LA-FGC.pdf&#039; title=&#039;CONVENIO MARCO ENTRE LA FUNDACI\u00d3N IBEROAMERICANA DE ESTUDIOS SUPERIORES Y LA FISCAL\u00cdA GENERAL DE CUENTAS&#039; target=&quot;_blank&quot;  rel=&quot;noopener noreferrer&quot;&gt;CONVENIO MARCO ENTRE LA FUNDACI\u00d3N IBEROAMERICANA DE ESTUDIOS SUPERIORES Y LA FISCAL\u00cdA GENERAL DE CUENTAS&lt;\/a&gt;\"><h4 class='av_iconlist_title iconlist_title  '  itemprop=\"headline\" ><a href='https:\/\/www.fiscaliadecuentas.gob.pa\/wp-content\/uploads\/2023\/06\/CONVENIO-DE-COOPERACION-ENTRE-FUNIBER-Y-LA-FGC.pdf' title='CONVENIO MARCO ENTRE LA FUNDACI\u00d3N IBEROAMERICANA DE ESTUDIOS SUPERIORES Y LA FISCAL\u00cdA GENERAL DE CUENTAS' target=\"_blank\"  rel=\"noopener noreferrer\">CONVENIO MARCO ENTRE LA FUNDACI\u00d3N IBEROAMERICANA DE ESTUDIOS SUPERIORES Y LA FISCAL\u00cdA GENERAL DE CUENTAS<\/a><\/h4><\/header><div class='iconlist_content '  itemprop=\"text\" ><p><a style=\"text-align: justify;\" href=\"https:\/\/www.fiscaliadecuentas.gob.pa\/wp-content\/uploads\/2023\/06\/CONVENIO-DE-COOPERACION-ENTRE-FUNIBER-Y-LA-FGC.pdf\">CONVENIO MARCO DE COOPERACI\u00d3N N.\u00b0FGC-002-2023 ENTRE LA FUNDACI\u00d3N IBEROAMERICANA DE ESTUDIOS SUPERIORES Y LA FISCAL\u00cdA GENERAL DE CUENTAS <\/a><\/p>\n<\/div><\/div><footer class=\"entry-footer\"><\/footer><\/article><div class=\"iconlist-timeline\"><\/div><\/li>\n<li><a href='https:\/\/www.fiscaliadecuentas.gob.pa\/wp-content\/uploads\/2023\/06\/CONVENIO-MARCO-DE-COOPERACION-INTERINSTITUCIONAL-ENTRE-LA-UNIVERSIDAD-DE-PANAMA-Y-LA-FGC.pdf' title='CONVENIO MARCO ENTRE LA UNIVERSIDAD DE PANAM\u00c1 Y LA FISCAL\u00cdA GENERAL DE CUENTAS'  target=\"_blank\"  rel=\"noopener noreferrer\" class='iconlist_icon av-av_iconlist_item-cdd355921bc6daa86c086154a53c6a8c avia-font-fontawesome avia-iconfont avia-font-fontawesome'><span class='av-icon-char' data-av_icon='\uf1c1' data-av_iconfont='fontawesome' aria-hidden=\"true\"><\/span><\/a><article class=\"article-icon-entry \"  itemscope=\"itemscope\" itemtype=\"https:\/\/schema.org\/CreativeWork\" ><div class=\"iconlist_content_wrap\"><header class=\"entry-content-header\" aria-label=\"Icon: &lt;a href=&#039;https:\/\/www.fiscaliadecuentas.gob.pa\/wp-content\/uploads\/2023\/06\/CONVENIO-MARCO-DE-COOPERACION-INTERINSTITUCIONAL-ENTRE-LA-UNIVERSIDAD-DE-PANAMA-Y-LA-FGC.pdf&#039; title=&#039;CONVENIO MARCO ENTRE LA UNIVERSIDAD DE PANAM\u00c1 Y LA FISCAL\u00cdA GENERAL DE CUENTAS&#039; target=&quot;_blank&quot;  rel=&quot;noopener noreferrer&quot;&gt;CONVENIO MARCO ENTRE LA UNIVERSIDAD DE PANAM\u00c1 Y LA FISCAL\u00cdA GENERAL DE CUENTAS&lt;\/a&gt;\"><h4 class='av_iconlist_title iconlist_title  '  itemprop=\"headline\" ><a href='https:\/\/www.fiscaliadecuentas.gob.pa\/wp-content\/uploads\/2023\/06\/CONVENIO-MARCO-DE-COOPERACION-INTERINSTITUCIONAL-ENTRE-LA-UNIVERSIDAD-DE-PANAMA-Y-LA-FGC.pdf' title='CONVENIO MARCO ENTRE LA UNIVERSIDAD DE PANAM\u00c1 Y LA FISCAL\u00cdA GENERAL DE CUENTAS' target=\"_blank\"  rel=\"noopener noreferrer\">CONVENIO MARCO ENTRE LA UNIVERSIDAD DE PANAM\u00c1 Y LA FISCAL\u00cdA GENERAL DE CUENTAS<\/a><\/h4><\/header><div class='iconlist_content '  itemprop=\"text\" ><p><a style=\"text-align: justify;\" href=\"https:\/\/www.fiscaliadecuentas.gob.pa\/wp-content\/uploads\/2023\/06\/CONVENIO-MARCO-DE-COOPERACION-INTERINSTITUCIONAL-ENTRE-LA-UNIVERSIDAD-DE-PANAMA-Y-LA-FGC.pdf\">CONVENIO MARCO DE COOPERACI\u00d3N INTERINSTITUCIONAL ENTRE LA UNIVERSIDAD DE PANAM\u00c1 Y LA FISCAL\u00cdA GENERAL DE CUENTAS <\/a><\/p>\n<\/div><\/div><footer class=\"entry-footer\"><\/footer><\/article><div class=\"iconlist-timeline\"><\/div><\/li>\n<li><a href='https:\/\/www.fiscaliadecuentas.gob.pa\/wp-content\/uploads\/2022\/08\/CONVENIO-DE-COOPERACION-ENTRE-LA-FGC-Y-LA-OEA.pdf' title='CONVENIO MARCO ENTRE LA FGC Y LA OEA'  target=\"_blank\"  rel=\"noopener noreferrer\" class='iconlist_icon av-av_iconlist_item-9d2c49d6728a8072b24adaeebd56d6e8 avia-font-fontawesome avia-iconfont avia-font-fontawesome'><span class='av-icon-char' data-av_icon='\uf1c1' data-av_iconfont='fontawesome' aria-hidden=\"true\"><\/span><\/a><article class=\"article-icon-entry \"  itemscope=\"itemscope\" itemtype=\"https:\/\/schema.org\/CreativeWork\" ><div class=\"iconlist_content_wrap\"><header class=\"entry-content-header\" aria-label=\"Icon: &lt;a href=&#039;https:\/\/www.fiscaliadecuentas.gob.pa\/wp-content\/uploads\/2022\/08\/CONVENIO-DE-COOPERACION-ENTRE-LA-FGC-Y-LA-OEA.pdf&#039; title=&#039;CONVENIO MARCO ENTRE LA FGC Y LA OEA&#039; target=&quot;_blank&quot;  rel=&quot;noopener noreferrer&quot;&gt;CONVENIO MARCO ENTRE LA FGC Y LA OEA&lt;\/a&gt;\"><h4 class='av_iconlist_title iconlist_title  '  itemprop=\"headline\" ><a href='https:\/\/www.fiscaliadecuentas.gob.pa\/wp-content\/uploads\/2022\/08\/CONVENIO-DE-COOPERACION-ENTRE-LA-FGC-Y-LA-OEA.pdf' title='CONVENIO MARCO ENTRE LA FGC Y LA OEA' target=\"_blank\"  rel=\"noopener noreferrer\">CONVENIO MARCO ENTRE LA FGC Y LA OEA<\/a><\/h4><\/header><div class='iconlist_content '  itemprop=\"text\" ><p><a style=\"text-align: justify;\" href=\"https:\/\/www.fiscaliadecuentas.gob.pa\/wp-content\/uploads\/2022\/08\/CONVENIO-DE-COOPERACION-ENTRE-LA-FGC-Y-LA-OEA.pdf\">ACUERDO DE COOPERACI\u00d3N ENTRE LA SECRETAR\u00cdA GENERAL DE LA ORGANIZACI\u00d3N DE LOS ESTADOS AMERICANOS (OEA) Y LA FISCAL\u00cdA GENERAL DE CUENTAS <\/a><\/p>\n<\/div><\/div><footer class=\"entry-footer\"><\/footer><\/article><div class=\"iconlist-timeline\"><\/div><\/li>\n<li><a href='https:\/\/www.fiscaliadecuentas.gob.pa\/wp-content\/uploads\/2021\/11\/Convenio-de-Cooperacion-y-Asistencia-entre-la-FGC-y-el-INADEH.pdf' title='CONVENIO DE COOPERACI\u00d3N Y ASISTENCIA ENTRE LA FGC Y EL INADEH'  target=\"_blank\"  rel=\"noopener noreferrer\" class='iconlist_icon av-av_iconlist_item-4d0f1e900d917e2cde5ac56604c65479 avia-font-fontawesome avia-iconfont avia-font-fontawesome'><span class='av-icon-char' data-av_icon='\uf1c1' data-av_iconfont='fontawesome' aria-hidden=\"true\"><\/span><\/a><article class=\"article-icon-entry \"  itemscope=\"itemscope\" itemtype=\"https:\/\/schema.org\/CreativeWork\" ><div class=\"iconlist_content_wrap\"><header class=\"entry-content-header\" aria-label=\"Icon: &lt;a href=&#039;https:\/\/www.fiscaliadecuentas.gob.pa\/wp-content\/uploads\/2021\/11\/Convenio-de-Cooperacion-y-Asistencia-entre-la-FGC-y-el-INADEH.pdf&#039; title=&#039;CONVENIO DE COOPERACI\u00d3N Y ASISTENCIA ENTRE LA FGC Y EL INADEH&#039; target=&quot;_blank&quot;  rel=&quot;noopener noreferrer&quot;&gt;CONVENIO DE COOPERACI\u00d3N Y ASISTENCIA ENTRE LA FGC Y EL INADEH&lt;\/a&gt;\"><h4 class='av_iconlist_title iconlist_title  '  itemprop=\"headline\" ><a href='https:\/\/www.fiscaliadecuentas.gob.pa\/wp-content\/uploads\/2021\/11\/Convenio-de-Cooperacion-y-Asistencia-entre-la-FGC-y-el-INADEH.pdf' title='CONVENIO DE COOPERACI\u00d3N Y ASISTENCIA ENTRE LA FGC Y EL INADEH' target=\"_blank\"  rel=\"noopener noreferrer\">CONVENIO DE COOPERACI\u00d3N Y ASISTENCIA ENTRE LA FGC Y EL INADEH<\/a><\/h4><\/header><div class='iconlist_content '  itemprop=\"text\" ><p><a style=\"text-align: justify;\" href=\"https:\/\/www.fiscaliadecuentas.gob.pa\/wp-content\/uploads\/2021\/11\/Convenio-de-Cooperacion-y-Asistencia-entre-la-FGC-y-el-INADEH.pdf\">CONVENIO DE COOPERACI\u00d3N Y ASISTENCIA T\u00c9CNICA ENTRE EL INSTITUTO NACIONAL DE FORMACI\u00d3N PROFESIONAL Y CAPACITACI\u00d3N PARA EL DESARROLLO HUMANO (INADEH) Y LA FISCAL\u00cdA GENERAL DE CUENTAS (FGC)<\/a><\/p>\n<\/div><\/div><footer class=\"entry-footer\"><\/footer><\/article><div class=\"iconlist-timeline\"><\/div><\/li>\n<li><a href='https:\/\/www.fiscaliadecuentas.gob.pa\/wp-content\/uploads\/2022\/05\/CONVENIO-MARCO-ENTRE-LA-FGC-Y-LA-ANTAI.pdf' title='CONVENIO MARCO ENTRE LA FGC Y LA ANTAI'  target=\"_blank\"  rel=\"noopener noreferrer\" class='iconlist_icon av-av_iconlist_item-d0bcb91a44a38375681111eefe1760fc avia-font-fontawesome avia-iconfont avia-font-fontawesome'><span class='av-icon-char' data-av_icon='\uf1c1' data-av_iconfont='fontawesome' aria-hidden=\"true\"><\/span><\/a><article class=\"article-icon-entry \"  itemscope=\"itemscope\" itemtype=\"https:\/\/schema.org\/CreativeWork\" ><div class=\"iconlist_content_wrap\"><header class=\"entry-content-header\" aria-label=\"Icon: &lt;a href=&#039;https:\/\/www.fiscaliadecuentas.gob.pa\/wp-content\/uploads\/2022\/05\/CONVENIO-MARCO-ENTRE-LA-FGC-Y-LA-ANTAI.pdf&#039; title=&#039;CONVENIO MARCO ENTRE LA FGC Y LA ANTAI&#039; target=&quot;_blank&quot;  rel=&quot;noopener noreferrer&quot;&gt;CONVENIO MARCO ENTRE LA FGC Y LA ANTAI&lt;\/a&gt;\"><h4 class='av_iconlist_title iconlist_title  '  itemprop=\"headline\" ><a href='https:\/\/www.fiscaliadecuentas.gob.pa\/wp-content\/uploads\/2022\/05\/CONVENIO-MARCO-ENTRE-LA-FGC-Y-LA-ANTAI.pdf' title='CONVENIO MARCO ENTRE LA FGC Y LA ANTAI' target=\"_blank\"  rel=\"noopener noreferrer\">CONVENIO MARCO ENTRE LA FGC Y LA ANTAI<\/a><\/h4><\/header><div class='iconlist_content '  itemprop=\"text\" ><p><a style=\"text-align: justify;\" href=\"https:\/\/www.fiscaliadecuentas.gob.pa\/wp-content\/uploads\/2022\/05\/CONVENIO-MARCO-ENTRE-LA-FGC-Y-LA-ANTAI.pdf\">CONVENIO MARCO DE COOPERACI\u00d3N ENTRE LA AUTORIDAD NACIONAL DE TRASPARENCIA Y ACCESO A LA INFORMACI\u00d3N (ANTAI) Y LA FISCAL\u00cdA GENERAL DE CUENTAS  <\/a><\/p>\n<\/div><\/div><footer class=\"entry-footer\"><\/footer><\/article><div class=\"iconlist-timeline\"><\/div><\/li>\n<li><a href='https:\/\/www.fiscaliadecuentas.gob.pa\/wp-content\/uploads\/2021\/11\/Convenio-Marco-entre-la-FGC-y-ASJURIB.pdf' title='CONVENIO MARCO ENTRE LA FGC Y ASJURIB'  target=\"_blank\"  rel=\"noopener noreferrer\" class='iconlist_icon av-av_iconlist_item-93cdde9cfe5a822970c172475d2afb7f avia-font-fontawesome avia-iconfont avia-font-fontawesome'><span class='av-icon-char' data-av_icon='\uf1c1' data-av_iconfont='fontawesome' aria-hidden=\"true\"><\/span><\/a><article class=\"article-icon-entry \"  itemscope=\"itemscope\" itemtype=\"https:\/\/schema.org\/CreativeWork\" ><div class=\"iconlist_content_wrap\"><header class=\"entry-content-header\" aria-label=\"Icon: &lt;a href=&#039;https:\/\/www.fiscaliadecuentas.gob.pa\/wp-content\/uploads\/2021\/11\/Convenio-Marco-entre-la-FGC-y-ASJURIB.pdf&#039; title=&#039;CONVENIO MARCO ENTRE LA FGC Y ASJURIB&#039; target=&quot;_blank&quot;  rel=&quot;noopener noreferrer&quot;&gt;CONVENIO MARCO ENTRE LA FGC Y ASJURIB&lt;\/a&gt;\"><h4 class='av_iconlist_title iconlist_title  '  itemprop=\"headline\" ><a href='https:\/\/www.fiscaliadecuentas.gob.pa\/wp-content\/uploads\/2021\/11\/Convenio-Marco-entre-la-FGC-y-ASJURIB.pdf' title='CONVENIO MARCO ENTRE LA FGC Y ASJURIB' target=\"_blank\"  rel=\"noopener noreferrer\">CONVENIO MARCO ENTRE LA FGC Y ASJURIB<\/a><\/h4><\/header><div class='iconlist_content '  itemprop=\"text\" ><p><a style=\"text-align: justify;\" href=\"https:\/\/www.fiscaliadecuentas.gob.pa\/wp-content\/uploads\/2021\/11\/Convenio-Marco-entre-la-FGC-y-ASJURIB.pdf\">CONVENIO MARCO DE COOPERACI\u00d3N ENTRE LA FISCAL\u00cdA GENERAL DE CUENTAS DE LA REP\u00daBLICA DE PANAM\u00c1 Y LA ASOCIACI\u00d3N DE JURISTAS DE IBEROAM\u00c9RICA (ASJURIB)<\/a><\/p>\n<\/div><\/div><footer class=\"entry-footer\"><\/footer><\/article><div class=\"iconlist-timeline\"><\/div><\/li>\n<li><a href='https:\/\/www.fiscaliadecuentas.gob.pa\/wp-content\/uploads\/2021\/07\/Convenio-Crime-Stoppers.pdf' title='CONVENIO ENTRE LA FGC Y CRIME STOPPERS'  target=\"_blank\"  rel=\"noopener noreferrer\" class='iconlist_icon av-av_iconlist_item-71b6b1216dd3f5e15d2ca968ed86227a avia-font-fontawesome avia-iconfont avia-font-fontawesome'><span class='av-icon-char' data-av_icon='\uf1c1' data-av_iconfont='fontawesome' aria-hidden=\"true\"><\/span><\/a><article class=\"article-icon-entry \"  itemscope=\"itemscope\" itemtype=\"https:\/\/schema.org\/CreativeWork\" ><div class=\"iconlist_content_wrap\"><header class=\"entry-content-header\" aria-label=\"Icon: &lt;a href=&#039;https:\/\/www.fiscaliadecuentas.gob.pa\/wp-content\/uploads\/2021\/07\/Convenio-Crime-Stoppers.pdf&#039; title=&#039;CONVENIO ENTRE LA FGC Y CRIME STOPPERS&#039; target=&quot;_blank&quot;  rel=&quot;noopener noreferrer&quot;&gt;CONVENIO ENTRE LA FGC Y CRIME STOPPERS&lt;\/a&gt;\"><h4 class='av_iconlist_title iconlist_title  '  itemprop=\"headline\" ><a href='https:\/\/www.fiscaliadecuentas.gob.pa\/wp-content\/uploads\/2021\/07\/Convenio-Crime-Stoppers.pdf' title='CONVENIO ENTRE LA FGC Y CRIME STOPPERS' target=\"_blank\"  rel=\"noopener noreferrer\">CONVENIO ENTRE LA FGC Y CRIME STOPPERS<\/a><\/h4><\/header><div class='iconlist_content '  itemprop=\"text\" ><p><a style=\"text-align: justify;\" href=\"https:\/\/www.fiscaliadecuentas.gob.pa\/wp-content\/uploads\/2021\/07\/Convenio-Crime-Stoppers.pdf\">MEMORANDO DE ENTENDIMIENTO ENTRE LA FISCAL\u00cdA GENERAL DE CUENTAS DE LA REP\u00daBLICA<br \/>\nDE PANAM\u00c1 (FGC) Y LA FUNDACI\u00d3N CRIME STOPPERS <\/a><\/p>\n<\/div><\/div><footer class=\"entry-footer\"><\/footer><\/article><div class=\"iconlist-timeline\"><\/div><\/li>\n<li><a href='https:\/\/www.fiscaliadecuentas.gob.pa\/wp-content\/uploads\/2021\/07\/Convenio-UDELAS.pdf' title='CONVENIO ENTRE FGC Y UDELAS'  target=\"_blank\"  rel=\"noopener noreferrer\" class='iconlist_icon av-av_iconlist_item-99fa356bc7c1f252d5d00c10f43c3537 avia-font-fontawesome avia-iconfont avia-font-fontawesome'><span class='av-icon-char' data-av_icon='\uf1c1' data-av_iconfont='fontawesome' aria-hidden=\"true\"><\/span><\/a><article class=\"article-icon-entry \"  itemscope=\"itemscope\" itemtype=\"https:\/\/schema.org\/CreativeWork\" ><div class=\"iconlist_content_wrap\"><header class=\"entry-content-header\" aria-label=\"Icon: &lt;a href=&#039;https:\/\/www.fiscaliadecuentas.gob.pa\/wp-content\/uploads\/2021\/07\/Convenio-UDELAS.pdf&#039; title=&#039;CONVENIO ENTRE FGC Y UDELAS&#039; target=&quot;_blank&quot;  rel=&quot;noopener noreferrer&quot;&gt;CONVENIO ENTRE FGC Y UDELAS&lt;\/a&gt;\"><h4 class='av_iconlist_title iconlist_title  '  itemprop=\"headline\" ><a href='https:\/\/www.fiscaliadecuentas.gob.pa\/wp-content\/uploads\/2021\/07\/Convenio-UDELAS.pdf' title='CONVENIO ENTRE FGC Y UDELAS' target=\"_blank\"  rel=\"noopener noreferrer\">CONVENIO ENTRE FGC Y UDELAS<\/a><\/h4><\/header><div class='iconlist_content '  itemprop=\"text\" ><p><a style=\"text-align: justify;\" href=\"https:\/\/www.fiscaliadecuentas.gob.pa\/wp-content\/uploads\/2021\/07\/Convenio-UDELAS.pdf\">CONVENIO MARCO DE COOPERACION ENTRE LA UNIVERSIDAD<br \/>\nESPECIALIZADA DE LAS AMERICAS Y LA FISCALiA GENERAL DE<br \/>\nCUENTAS DE LA REPUBLICA DE PANAMA <\/a><\/p>\n<\/div><\/div><footer class=\"entry-footer\"><\/footer><\/article><div class=\"iconlist-timeline\"><\/div><\/li>\n<li><a href='https:\/\/www.fiscaliadecuentas.gob.pa\/wp-content\/uploads\/2024\/07\/CONVENIO-ADUANA-11-2023.pdf' title='CONVENIO MARCO DE COOPERACI\u00d3N ENTRE FGC Y LA AUTORIDAD NACIONAL DE ADUANAS'  target=\"_blank\"  rel=\"noopener noreferrer\" class='iconlist_icon av-av_iconlist_item-e56bf1cc01fa79c61c0fb0c08cc887d1 avia-font-fontawesome avia-iconfont avia-font-fontawesome'><span class='av-icon-char' data-av_icon='\uf1c1' data-av_iconfont='fontawesome' aria-hidden=\"true\"><\/span><\/a><article class=\"article-icon-entry \"  itemscope=\"itemscope\" itemtype=\"https:\/\/schema.org\/CreativeWork\" ><div class=\"iconlist_content_wrap\"><header class=\"entry-content-header\" aria-label=\"Icon: &lt;a href=&#039;https:\/\/www.fiscaliadecuentas.gob.pa\/wp-content\/uploads\/2024\/07\/CONVENIO-ADUANA-11-2023.pdf&#039; title=&#039;CONVENIO MARCO DE COOPERACI\u00d3N ENTRE FGC Y LA AUTORIDAD NACIONAL DE ADUANAS&#039; target=&quot;_blank&quot;  rel=&quot;noopener noreferrer&quot;&gt;CONVENIO MARCO DE COOPERACI\u00d3N ENTRE FGC Y LA AUTORIDAD NACIONAL DE ADUANAS&lt;\/a&gt;\"><h4 class='av_iconlist_title iconlist_title  '  itemprop=\"headline\" ><a href='https:\/\/www.fiscaliadecuentas.gob.pa\/wp-content\/uploads\/2024\/07\/CONVENIO-ADUANA-11-2023.pdf' title='CONVENIO MARCO DE COOPERACI\u00d3N ENTRE FGC Y LA AUTORIDAD NACIONAL DE ADUANAS' target=\"_blank\"  rel=\"noopener noreferrer\">CONVENIO MARCO DE COOPERACI\u00d3N ENTRE FGC Y LA AUTORIDAD NACIONAL DE ADUANAS<\/a><\/h4><\/header><div class='iconlist_content '  itemprop=\"text\" ><p><a style=\"text-align: justify;\" href=\"https:\/\/www.fiscaliadecuentas.gob.pa\/wp-content\/uploads\/2024\/07\/CONVENIO-ADUANA-11-2023.pdf\">CONVENIO DE COOPERACI\u00d3N INTERINSTITUCIONAL ENTRE LA UNIDAD DE AN\u00c1LISIS FINANCIERO PARA LA PREVENCI\u00d3N DEL BLANQUEO DE CAPITALES, FINANCIAMIENTO DEL TERRORISMO Y EL FINANCIAMIENTO DE LA PROLIFERACI\u00d3N DE ARMAS DE DESTRUCCI\u00d3N MASIVA Y LA FISCAL\u00cdA GENERAL DE CUENTAS<\/a><\/p>\n<\/div><\/div><footer class=\"entry-footer\"><\/footer><\/article><div class=\"iconlist-timeline\"><\/div><\/li>\n<li><a href='https:\/\/www.fiscaliadecuentas.gob.pa\/wp-content\/uploads\/2024\/07\/CONVENIO-APC-INTELIDAT.pdf' title='CONVENIO DE COLABORACI\u00d3N ENTRE FGC Y APC BURO, S.A.'  target=\"_blank\"  rel=\"noopener noreferrer\" class='iconlist_icon av-ly7ieddx-88f5f848a50126039b7624863581ed95 avia-font-fontawesome avia-iconfont avia-font-fontawesome'><span class='av-icon-char' data-av_icon='\uf1c1' data-av_iconfont='fontawesome' aria-hidden=\"true\"><\/span><\/a><article class=\"article-icon-entry \"  itemscope=\"itemscope\" itemtype=\"https:\/\/schema.org\/CreativeWork\" ><div class=\"iconlist_content_wrap\"><header class=\"entry-content-header\" aria-label=\"Icon: &lt;a href=&#039;https:\/\/www.fiscaliadecuentas.gob.pa\/wp-content\/uploads\/2024\/07\/CONVENIO-APC-INTELIDAT.pdf&#039; title=&#039;CONVENIO DE COLABORACI\u00d3N ENTRE FGC Y APC BURO, S.A.&#039; target=&quot;_blank&quot;  rel=&quot;noopener noreferrer&quot;&gt;CONVENIO DE COLABORACI\u00d3N ENTRE FGC Y APC BURO, S.A.&lt;\/a&gt;\"><h4 class='av_iconlist_title iconlist_title  '  itemprop=\"headline\" ><a href='https:\/\/www.fiscaliadecuentas.gob.pa\/wp-content\/uploads\/2024\/07\/CONVENIO-APC-INTELIDAT.pdf' title='CONVENIO DE COLABORACI\u00d3N ENTRE FGC Y APC BURO, S.A.' target=\"_blank\"  rel=\"noopener noreferrer\">CONVENIO DE COLABORACI\u00d3N ENTRE FGC Y APC BURO, S.A.<\/a><\/h4><\/header><div class='iconlist_content '  itemprop=\"text\" ><p><a style=\"text-align: justify;\" href=\"https:\/\/www.fiscaliadecuentas.gob.pa\/wp-content\/uploads\/2024\/07\/CONVENIO-APC-INTELIDAT.pdf\">CONVENIO DE COLABORACI\u00d3N ENTRE LA FISCAL\u00cdA GENERAL DE<br \/>\nCUENTAS Y APC BUR\u00d3, S.A.<\/a><\/p>\n<\/div><\/div><footer class=\"entry-footer\"><\/footer><\/article><div class=\"iconlist-timeline\"><\/div><\/li>\n<li><a href='https:\/\/www.fiscaliadecuentas.gob.pa\/wp-content\/uploads\/2024\/07\/CONVENIO-ATTT.pdf' title='CONVENIO DE COOPERACI\u00d3N T\u00c9CNICA INTERINSTITUCIONAL ENTRE LA ATTT Y FGC'  target=\"_blank\"  rel=\"noopener noreferrer\" class='iconlist_icon av-ly7if58v-a63700ff82849b1d686f2284888c9014 avia-font-fontawesome avia-iconfont avia-font-fontawesome'><span class='av-icon-char' data-av_icon='\uf1c1' data-av_iconfont='fontawesome' aria-hidden=\"true\"><\/span><\/a><article class=\"article-icon-entry \"  itemscope=\"itemscope\" itemtype=\"https:\/\/schema.org\/CreativeWork\" ><div class=\"iconlist_content_wrap\"><header class=\"entry-content-header\" aria-label=\"Icon: &lt;a href=&#039;https:\/\/www.fiscaliadecuentas.gob.pa\/wp-content\/uploads\/2024\/07\/CONVENIO-ATTT.pdf&#039; title=&#039;CONVENIO DE COOPERACI\u00d3N T\u00c9CNICA INTERINSTITUCIONAL ENTRE LA ATTT Y FGC&#039; target=&quot;_blank&quot;  rel=&quot;noopener noreferrer&quot;&gt;CONVENIO DE COOPERACI\u00d3N T\u00c9CNICA INTERINSTITUCIONAL ENTRE LA ATTT Y FGC&lt;\/a&gt;\"><h4 class='av_iconlist_title iconlist_title  '  itemprop=\"headline\" ><a href='https:\/\/www.fiscaliadecuentas.gob.pa\/wp-content\/uploads\/2024\/07\/CONVENIO-ATTT.pdf' title='CONVENIO DE COOPERACI\u00d3N T\u00c9CNICA INTERINSTITUCIONAL ENTRE LA ATTT Y FGC' target=\"_blank\"  rel=\"noopener noreferrer\">CONVENIO DE COOPERACI\u00d3N T\u00c9CNICA INTERINSTITUCIONAL ENTRE LA ATTT Y FGC<\/a><\/h4><\/header><div class='iconlist_content '  itemprop=\"text\" ><p><a style=\"text-align: justify;\" href=\"https:\/\/www.fiscaliadecuentas.gob.pa\/wp-content\/uploads\/2024\/07\/CONVENIO-ATTT.pdf\">CONVENIO DE COOPERACI\u00d3N T\u00c9CNICA INTERINSTITUCIONAL ENTRE LA AUTORIDAD DEL TR\u00c1NSITO Y TRANSPORTE TERRESTRE Y LA FISCAL\u00cdA GENERAL DE CUENTAS<\/a><\/p>\n<\/div><\/div><footer class=\"entry-footer\"><\/footer><\/article><div class=\"iconlist-timeline\"><\/div><\/li>\n<li><a href='https:\/\/www.fiscaliadecuentas.gob.pa\/wp-content\/uploads\/2024\/07\/CONVENIO-CIUDAD-DEL-SABER.pdf' title='CONVENIO MARCO DE COOPERACI\u00d3N INTERINSTITUCIONAL ENTRE FUNDACI\u00d3N CIUDAD DEL SABER Y FGC'  target=\"_blank\"  rel=\"noopener noreferrer\" class='iconlist_icon av-ly7ifluv-a085177fcc4d93239d3b660d1806e175 avia-font-fontawesome avia-iconfont avia-font-fontawesome'><span class='av-icon-char' data-av_icon='\uf1c1' data-av_iconfont='fontawesome' aria-hidden=\"true\"><\/span><\/a><article class=\"article-icon-entry \"  itemscope=\"itemscope\" itemtype=\"https:\/\/schema.org\/CreativeWork\" ><div class=\"iconlist_content_wrap\"><header class=\"entry-content-header\" aria-label=\"Icon: &lt;a href=&#039;https:\/\/www.fiscaliadecuentas.gob.pa\/wp-content\/uploads\/2024\/07\/CONVENIO-CIUDAD-DEL-SABER.pdf&#039; title=&#039;CONVENIO MARCO DE COOPERACI\u00d3N INTERINSTITUCIONAL ENTRE FUNDACI\u00d3N CIUDAD DEL SABER Y FGC&#039; target=&quot;_blank&quot;  rel=&quot;noopener noreferrer&quot;&gt;CONVENIO MARCO DE COOPERACI\u00d3N INTERINSTITUCIONAL ENTRE FUNDACI\u00d3N CIUDAD DEL SABER Y FGC&lt;\/a&gt;\"><h4 class='av_iconlist_title iconlist_title  '  itemprop=\"headline\" ><a href='https:\/\/www.fiscaliadecuentas.gob.pa\/wp-content\/uploads\/2024\/07\/CONVENIO-CIUDAD-DEL-SABER.pdf' title='CONVENIO MARCO DE COOPERACI\u00d3N INTERINSTITUCIONAL ENTRE FUNDACI\u00d3N CIUDAD DEL SABER Y FGC' target=\"_blank\"  rel=\"noopener noreferrer\">CONVENIO MARCO DE COOPERACI\u00d3N INTERINSTITUCIONAL ENTRE FUNDACI\u00d3N CIUDAD DEL SABER Y FGC<\/a><\/h4><\/header><div class='iconlist_content '  itemprop=\"text\" ><p><a style=\"text-align: justify;\" href=\"https:\/\/www.fiscaliadecuentas.gob.pa\/wp-content\/uploads\/2024\/07\/CONVENIO-CIUDAD-DEL-SABER.pdf\">CONVENIO DE COOPERACI\u00d3N INTERINSTITUCIONAL ENTRE FUNDACI\u00d3N CIUDAD DEL SABER Y LA FISCAL\u00cdA GENERAL DE CUENTAS<\/a><\/p>\n<\/div><\/div><footer class=\"entry-footer\"><\/footer><\/article><div class=\"iconlist-timeline\"><\/div><\/li>\n<li><a href='https:\/\/www.fiscaliadecuentas.gob.pa\/wp-content\/uploads\/2024\/07\/CONVENIO-DE-COOP.-INTER.-No.01-24.pdf' title='CONVENIO MARCO DE COOPERACI\u00d3N INTERINSTITUCIONAL ENTRE UAF Y FGC'  target=\"_blank\"  rel=\"noopener noreferrer\" class='iconlist_icon av-ly7ifxtr-76311dd7769be05a28e44e88726e1165 avia-font-fontawesome avia-iconfont avia-font-fontawesome'><span class='av-icon-char' data-av_icon='\uf1c1' data-av_iconfont='fontawesome' aria-hidden=\"true\"><\/span><\/a><article class=\"article-icon-entry \"  itemscope=\"itemscope\" itemtype=\"https:\/\/schema.org\/CreativeWork\" ><div class=\"iconlist_content_wrap\"><header class=\"entry-content-header\" aria-label=\"Icon: &lt;a href=&#039;https:\/\/www.fiscaliadecuentas.gob.pa\/wp-content\/uploads\/2024\/07\/CONVENIO-DE-COOP.-INTER.-No.01-24.pdf&#039; title=&#039;CONVENIO MARCO DE COOPERACI\u00d3N INTERINSTITUCIONAL ENTRE UAF Y FGC&#039; target=&quot;_blank&quot;  rel=&quot;noopener noreferrer&quot;&gt;CONVENIO MARCO DE COOPERACI\u00d3N INTERINSTITUCIONAL ENTRE UAF Y FGC&lt;\/a&gt;\"><h4 class='av_iconlist_title iconlist_title  '  itemprop=\"headline\" ><a href='https:\/\/www.fiscaliadecuentas.gob.pa\/wp-content\/uploads\/2024\/07\/CONVENIO-DE-COOP.-INTER.-No.01-24.pdf' title='CONVENIO MARCO DE COOPERACI\u00d3N INTERINSTITUCIONAL ENTRE UAF Y FGC' target=\"_blank\"  rel=\"noopener noreferrer\">CONVENIO MARCO DE COOPERACI\u00d3N INTERINSTITUCIONAL ENTRE UAF Y FGC<\/a><\/h4><\/header><div class='iconlist_content '  itemprop=\"text\" ><p><a style=\"text-align: justify;\" href=\"https:\/\/www.fiscaliadecuentas.gob.pa\/wp-content\/uploads\/2024\/07\/CONVENIO-DE-COOP.-INTER.-No.01-24.pdf\">CONVENIO DE COOPERACI\u00d3N INTERINSTITUCIONAL ENTRE LA UNIDAD DE AN\u00c1LISIS FINANCIERO PARA LA PREVENCI\u00d3N DEL BLANQUEO DE CAPITALES, FINANCIAMIENTO DEL TERRORISMO Y EL FINANCIAMIENTO DE LA PROLIFERACI\u00d3N DE ARMAS DE DESTRUCCI\u00d3N MASIVA Y LA FISCAL\u00cdA GENERAL DE CUENTAS<\/a><\/p>\n<\/div><\/div><footer class=\"entry-footer\"><\/footer><\/article><div class=\"iconlist-timeline\"><\/div><\/li>\n<\/ul><\/div><\/div><div  class='flex_column av-2k5jy1o-09003fcb20c4b51efc33ad66cd3605e5 av_one_half  avia-builder-el-5  el_after_av_one_half  el_before_av_hr  flex_column_div  '     ><div  class='avia-icon-list-container av-ly7ihshv-8febae487eeec950bb3541de447f000e  avia-builder-el-6  avia-builder-el-no-sibling '><ul class='avia-icon-list avia_animate_when_almost_visible avia-icon-list-left av-iconlist-big av-ly7ihshv-8febae487eeec950bb3541de447f000e avia-iconlist-animate'>\n<li><a href='https:\/\/www.fiscaliadecuentas.gob.pa\/wp-content\/uploads\/2023\/06\/CONVENIO-DE-COOPERACION-ACADEMICA-ENTRE-LA-UNACHI-Y-LA-FGC.pdf' title='CONVENIO DE COOPERACI\u00d3N ACAD\u00c9MICA ENTRE LA UNIVERSIDAD AUT\u00d3NOMA DE CHIRIQU\u00cd (UNACHI) Y LA FISCAL\u00cdA GENERAL DE CUENTAS (FGC)'  target=\"_blank\"  rel=\"noopener noreferrer\" class='iconlist_icon av-av_iconlist_item-b46884221433f3dab825129f64def8a6 avia-font-fontawesome avia-iconfont avia-font-fontawesome'><span class='av-icon-char' data-av_icon='\uf1c1' data-av_iconfont='fontawesome' aria-hidden=\"true\"><\/span><\/a><article class=\"article-icon-entry \"  itemscope=\"itemscope\" itemtype=\"https:\/\/schema.org\/CreativeWork\" ><div class=\"iconlist_content_wrap\"><header class=\"entry-content-header\" aria-label=\"Icon: &lt;a href=&#039;https:\/\/www.fiscaliadecuentas.gob.pa\/wp-content\/uploads\/2023\/06\/CONVENIO-DE-COOPERACION-ACADEMICA-ENTRE-LA-UNACHI-Y-LA-FGC.pdf&#039; title=&#039;CONVENIO DE COOPERACI\u00d3N ACAD\u00c9MICA ENTRE LA UNIVERSIDAD AUT\u00d3NOMA DE CHIRIQU\u00cd (UNACHI) Y LA FISCAL\u00cdA GENERAL DE CUENTAS (FGC)&#039; target=&quot;_blank&quot;  rel=&quot;noopener noreferrer&quot;&gt;CONVENIO DE COOPERACI\u00d3N ACAD\u00c9MICA ENTRE LA UNIVERSIDAD AUT\u00d3NOMA DE CHIRIQU\u00cd (UNACHI) Y LA FISCAL\u00cdA GENERAL DE CUENTAS (FGC)&lt;\/a&gt;\"><h4 class='av_iconlist_title iconlist_title  '  itemprop=\"headline\" ><a href='https:\/\/www.fiscaliadecuentas.gob.pa\/wp-content\/uploads\/2023\/06\/CONVENIO-DE-COOPERACION-ACADEMICA-ENTRE-LA-UNACHI-Y-LA-FGC.pdf' title='CONVENIO DE COOPERACI\u00d3N ACAD\u00c9MICA ENTRE LA UNIVERSIDAD AUT\u00d3NOMA DE CHIRIQU\u00cd (UNACHI) Y LA FISCAL\u00cdA GENERAL DE CUENTAS (FGC)' target=\"_blank\"  rel=\"noopener noreferrer\">CONVENIO DE COOPERACI\u00d3N ACAD\u00c9MICA ENTRE LA UNIVERSIDAD AUT\u00d3NOMA DE CHIRIQU\u00cd (UNACHI) Y LA FISCAL\u00cdA GENERAL DE CUENTAS (FGC)<\/a><\/h4><\/header><div class='iconlist_content '  itemprop=\"text\" ><p><a style=\"text-align: justify;\" href=\"https:\/\/www.fiscaliadecuentas.gob.pa\/wp-content\/uploads\/2023\/06\/CONVENIO-DE-COOPERACION-ACADEMICA-ENTRE-LA-UNACHI-Y-LA-FGC.pdf\">EL PRESENTE CONVENIO TIENE COMO OBJETO PROMOVER LA COOPERACI\u00d3N ACAD\u00c9MICA Y T\u00c9CNICA ENTRE LAS PARTES PARA IDENTIFICAR Y ADELANTAR ESFUERZOS QUE CONTRIBUYAN A LAS RESPECTIVAS \u00c1REAS DE SU COMPETENCIA.<\/a><\/p>\n<\/div><\/div><footer class=\"entry-footer\"><\/footer><\/article><div class=\"iconlist-timeline\"><\/div><\/li>\n<li><a href='https:\/\/www.fiscaliadecuentas.gob.pa\/wp-content\/uploads\/2023\/06\/CONVENIO-DE-COOPERACION-Y-ASISTENCIA-TECNICA-ENTRE-EL-MEDUCA-Y-LA-FGC.pdf' title='CONVENIO DE COOPERACI\u00d3N Y ASISTENCIA T\u00c9CNICA N.\u00b0 FGC 003-2022 ENTRE EL MINISTERIO DE EDUCACI\u00d3N Y LA FISCAL\u00cdA GENERAL DE CUENTAS (FGC)'  target=\"_blank\"  rel=\"noopener noreferrer\" class='iconlist_icon av-av_iconlist_item-86d1a23eaa744bf9e51b6679342605bd avia-font-fontawesome avia-iconfont avia-font-fontawesome'><span class='av-icon-char' data-av_icon='\uf1c1' data-av_iconfont='fontawesome' aria-hidden=\"true\"><\/span><\/a><article class=\"article-icon-entry \"  itemscope=\"itemscope\" itemtype=\"https:\/\/schema.org\/CreativeWork\" ><div class=\"iconlist_content_wrap\"><header class=\"entry-content-header\" aria-label=\"Icon: &lt;a href=&#039;https:\/\/www.fiscaliadecuentas.gob.pa\/wp-content\/uploads\/2023\/06\/CONVENIO-DE-COOPERACION-Y-ASISTENCIA-TECNICA-ENTRE-EL-MEDUCA-Y-LA-FGC.pdf&#039; title=&#039;CONVENIO DE COOPERACI\u00d3N Y ASISTENCIA T\u00c9CNICA N.\u00b0 FGC 003-2022 ENTRE EL MINISTERIO DE EDUCACI\u00d3N Y LA FISCAL\u00cdA GENERAL DE CUENTAS (FGC)&#039; target=&quot;_blank&quot;  rel=&quot;noopener noreferrer&quot;&gt;CONVENIO DE COOPERACI\u00d3N Y ASISTENCIA T\u00c9CNICA N.\u00b0 FGC 003-2022 ENTRE EL MINISTERIO DE EDUCACI\u00d3N Y LA FISCAL\u00cdA GENERAL DE CUENTAS (FGC)&lt;\/a&gt;\"><h4 class='av_iconlist_title iconlist_title  '  itemprop=\"headline\" ><a href='https:\/\/www.fiscaliadecuentas.gob.pa\/wp-content\/uploads\/2023\/06\/CONVENIO-DE-COOPERACION-Y-ASISTENCIA-TECNICA-ENTRE-EL-MEDUCA-Y-LA-FGC.pdf' title='CONVENIO DE COOPERACI\u00d3N Y ASISTENCIA T\u00c9CNICA N.\u00b0 FGC 003-2022 ENTRE EL MINISTERIO DE EDUCACI\u00d3N Y LA FISCAL\u00cdA GENERAL DE CUENTAS (FGC)' target=\"_blank\"  rel=\"noopener noreferrer\">CONVENIO DE COOPERACI\u00d3N Y ASISTENCIA T\u00c9CNICA N.\u00b0 FGC 003-2022 ENTRE EL MINISTERIO DE EDUCACI\u00d3N Y LA FISCAL\u00cdA GENERAL DE CUENTAS (FGC)<\/a><\/h4><\/header><div class='iconlist_content '  itemprop=\"text\" ><p><a style=\"text-align: justify;\" href=\"https:\/\/www.fiscaliadecuentas.gob.pa\/wp-content\/uploads\/2023\/06\/CONVENIO-DE-COOPERACION-Y-ASISTENCIA-TECNICA-ENTRE-EL-MEDUCA-Y-LA-FGC.pdf\">CONVENIO DE COOPERACI\u00d3N Y ASISTENCIA T\u00c9CNICA N.\u00b0 FGC 003-2022 ENTRE EL MINISTERIO DE EDUCACI\u00d3N Y LA FISCAL\u00cdA GENERAL DE CUENTAS (FGC)<\/a><\/p>\n<\/div><\/div><footer class=\"entry-footer\"><\/footer><\/article><div class=\"iconlist-timeline\"><\/div><\/li>\n<li><a href='https:\/\/www.fiscaliadecuentas.gob.pa\/wp-content\/uploads\/2022\/04\/CONVENIO-MARCO-ENTRE-LA-FGC-Y-SENADIS.pdf' title='CONVENIO MARCO ENTRE LA FGC Y SENADIS'  target=\"_blank\"  rel=\"noopener noreferrer\" class='iconlist_icon av-av_iconlist_item-7bbdd581ae069a89c8b90d83aec06c85 avia-font-fontawesome avia-iconfont avia-font-fontawesome'><span class='av-icon-char' data-av_icon='\uf1c1' data-av_iconfont='fontawesome' aria-hidden=\"true\"><\/span><\/a><article class=\"article-icon-entry \"  itemscope=\"itemscope\" itemtype=\"https:\/\/schema.org\/CreativeWork\" ><div class=\"iconlist_content_wrap\"><header class=\"entry-content-header\" aria-label=\"Icon: &lt;a href=&#039;https:\/\/www.fiscaliadecuentas.gob.pa\/wp-content\/uploads\/2022\/04\/CONVENIO-MARCO-ENTRE-LA-FGC-Y-SENADIS.pdf&#039; title=&#039;CONVENIO MARCO ENTRE LA FGC Y SENADIS&#039; target=&quot;_blank&quot;  rel=&quot;noopener noreferrer&quot;&gt;CONVENIO MARCO ENTRE LA FGC Y SENADIS&lt;\/a&gt;\"><h4 class='av_iconlist_title iconlist_title  '  itemprop=\"headline\" ><a href='https:\/\/www.fiscaliadecuentas.gob.pa\/wp-content\/uploads\/2022\/04\/CONVENIO-MARCO-ENTRE-LA-FGC-Y-SENADIS.pdf' title='CONVENIO MARCO ENTRE LA FGC Y SENADIS' target=\"_blank\"  rel=\"noopener noreferrer\">CONVENIO MARCO ENTRE LA FGC Y SENADIS<\/a><\/h4><\/header><div class='iconlist_content '  itemprop=\"text\" ><p><a style=\"text-align: justify;\" href=\"https:\/\/www.fiscaliadecuentas.gob.pa\/wp-content\/uploads\/2022\/04\/CONVENIO-MARCO-ENTRE-LA-FGC-Y-SENADIS.pdf\">CONVENIO MARCO N.\u00b0 FGC-001-2022 DE COOPERACI\u00d3N INTERINSTITUCIONAL ENTRE LA SECRETAR\u00cdA NACIONAL DE DISCAPACIDAD (SENADIS) Y LA FISCAL\u00cdA GENERAL DE CUENTAS (FGC)<\/a><\/p>\n<\/div><\/div><footer class=\"entry-footer\"><\/footer><\/article><div class=\"iconlist-timeline\"><\/div><\/li>\n<li><a href='https:\/\/www.fiscaliadecuentas.gob.pa\/wp-content\/uploads\/2021\/11\/Convenio-Marco-entre-la-FGC-y-la-AIG.pdf' title='CONVENIO MARCO ENTRE LA FGC Y LA AIG'  target=\"_blank\"  rel=\"noopener noreferrer\" class='iconlist_icon av-av_iconlist_item-c3a8804a99fa331bd90938388febf58b avia-font-fontawesome avia-iconfont avia-font-fontawesome'><span class='av-icon-char' data-av_icon='\uf1c1' data-av_iconfont='fontawesome' aria-hidden=\"true\"><\/span><\/a><article class=\"article-icon-entry \"  itemscope=\"itemscope\" itemtype=\"https:\/\/schema.org\/CreativeWork\" ><div class=\"iconlist_content_wrap\"><header class=\"entry-content-header\" aria-label=\"Icon: &lt;a href=&#039;https:\/\/www.fiscaliadecuentas.gob.pa\/wp-content\/uploads\/2021\/11\/Convenio-Marco-entre-la-FGC-y-la-AIG.pdf&#039; title=&#039;CONVENIO MARCO ENTRE LA FGC Y LA AIG&#039; target=&quot;_blank&quot;  rel=&quot;noopener noreferrer&quot;&gt;CONVENIO MARCO ENTRE LA FGC Y LA AIG&lt;\/a&gt;\"><h4 class='av_iconlist_title iconlist_title  '  itemprop=\"headline\" ><a href='https:\/\/www.fiscaliadecuentas.gob.pa\/wp-content\/uploads\/2021\/11\/Convenio-Marco-entre-la-FGC-y-la-AIG.pdf' title='CONVENIO MARCO ENTRE LA FGC Y LA AIG' target=\"_blank\"  rel=\"noopener noreferrer\">CONVENIO MARCO ENTRE LA FGC Y LA AIG<\/a><\/h4><\/header><div class='iconlist_content '  itemprop=\"text\" ><p><a style=\"text-align: justify;\" href=\"https:\/\/www.fiscaliadecuentas.gob.pa\/wp-content\/uploads\/2021\/11\/Convenio-Marco-entre-la-FGC-y-la-AIG.pdf\">CONVENIO MARCO DE COOPERACI\u00d3N Y ASISTENCIA T\u00c9CNICA CELEBRADO ENTRE LA AUTORIDAD NACIONAL PARA LA INNOVACI\u00d3N GUBERNAMENTAL (AIG) Y LA FISCAL\u00cdA GENERAL DE CUENTAS (FGC)<\/a><\/p>\n<\/div><\/div><footer class=\"entry-footer\"><\/footer><\/article><div class=\"iconlist-timeline\"><\/div><\/li>\n<li><a href='href=\"https:\/\/www.fiscaliadecuentas.gob.pa\/wp-content\/uploads\/2021\/11\/Convenio-Especifico-entre-la-FGC-y-la-AIG.pdf' title='CONVENIO ESPEC\u00cdFICO ENTRE LA FGC Y LA AIG'  target=\"_blank\"  rel=\"noopener noreferrer\" class='iconlist_icon av-av_iconlist_item-033b6126fcedd5be846c3a81ae033073 avia-font-fontawesome avia-iconfont avia-font-fontawesome'><span class='av-icon-char' data-av_icon='\uf1c1' data-av_iconfont='fontawesome' aria-hidden=\"true\"><\/span><\/a><article class=\"article-icon-entry \"  itemscope=\"itemscope\" itemtype=\"https:\/\/schema.org\/CreativeWork\" ><div class=\"iconlist_content_wrap\"><header class=\"entry-content-header\" aria-label=\"Icon: &lt;a href=&#039;href=&quot;https:\/\/www.fiscaliadecuentas.gob.pa\/wp-content\/uploads\/2021\/11\/Convenio-Especifico-entre-la-FGC-y-la-AIG.pdf&#039; title=&#039;CONVENIO ESPEC\u00cdFICO ENTRE LA FGC Y LA AIG&#039; target=&quot;_blank&quot;  rel=&quot;noopener noreferrer&quot;&gt;CONVENIO ESPEC\u00cdFICO ENTRE LA FGC Y LA AIG&lt;\/a&gt;\"><h4 class='av_iconlist_title iconlist_title  '  itemprop=\"headline\" ><a href='href=\"https:\/\/www.fiscaliadecuentas.gob.pa\/wp-content\/uploads\/2021\/11\/Convenio-Especifico-entre-la-FGC-y-la-AIG.pdf' title='CONVENIO ESPEC\u00cdFICO ENTRE LA FGC Y LA AIG' target=\"_blank\"  rel=\"noopener noreferrer\">CONVENIO ESPEC\u00cdFICO ENTRE LA FGC Y LA AIG<\/a><\/h4><\/header><div class='iconlist_content '  itemprop=\"text\" ><p><a style=\"text-align: justify;\" href=\"https:\/\/www.fiscaliadecuentas.gob.pa\/wp-content\/uploads\/2021\/11\/Convenio-Especifico-entre-la-FGC-y-la-AIG.pdf\">CONVENIO ESPEC\u00cdFICO DE COOPERACI\u00d3N INTERINSTITUCIONAL EN EL MARCO DE LA ESTRATEGIA DE TRASFORMACI\u00d3N DIGITAL CELEBRADO ENTRE LA AUTORIDAD NACIONAL PARA LA INNOVACI\u00d3N GUBERNAMENTAL (AIG) Y LA FISCAL\u00cdA GENERAL DE CUENTAS (FGC)<\/a><\/p>\n<\/div><\/div><footer class=\"entry-footer\"><\/footer><\/article><div class=\"iconlist-timeline\"><\/div><\/li>\n<li><a href='https:\/\/www.fiscaliadecuentas.gob.pa\/wp-content\/uploads\/2022\/04\/Convenio-CooperacionTecInterinst_INEJ_FGC.pdf' title='CONVENIO DE COOPERACION TECNICA INTERINSTITUCIONAL ENTRE LA FGC E INEJ'  target=\"_blank\"  rel=\"noopener noreferrer\" class='iconlist_icon av-av_iconlist_item-c202a9697eee1f99ebc4bff287b22715 avia-font-fontawesome avia-iconfont avia-font-fontawesome'><span class='av-icon-char' data-av_icon='\uf1c1' data-av_iconfont='fontawesome' aria-hidden=\"true\"><\/span><\/a><article class=\"article-icon-entry \"  itemscope=\"itemscope\" itemtype=\"https:\/\/schema.org\/CreativeWork\" ><div class=\"iconlist_content_wrap\"><header class=\"entry-content-header\" aria-label=\"Icon: &lt;a href=&#039;https:\/\/www.fiscaliadecuentas.gob.pa\/wp-content\/uploads\/2022\/04\/Convenio-CooperacionTecInterinst_INEJ_FGC.pdf&#039; title=&#039;CONVENIO DE COOPERACION TECNICA INTERINSTITUCIONAL ENTRE LA FGC E INEJ&#039; target=&quot;_blank&quot;  rel=&quot;noopener noreferrer&quot;&gt;CONVENIO DE COOPERACION TECNICA INTERINSTITUCIONAL ENTRE LA FGC E INEJ&lt;\/a&gt;\"><h4 class='av_iconlist_title iconlist_title  '  itemprop=\"headline\" ><a href='https:\/\/www.fiscaliadecuentas.gob.pa\/wp-content\/uploads\/2022\/04\/Convenio-CooperacionTecInterinst_INEJ_FGC.pdf' title='CONVENIO DE COOPERACION TECNICA INTERINSTITUCIONAL ENTRE LA FGC E INEJ' target=\"_blank\"  rel=\"noopener noreferrer\">CONVENIO DE COOPERACION TECNICA INTERINSTITUCIONAL ENTRE LA FGC E INEJ<\/a><\/h4><\/header><div class='iconlist_content '  itemprop=\"text\" ><p><a style=\"text-align: justify;\" href=\"https:\/\/www.fiscaliadecuentas.gob.pa\/wp-content\/uploads\/2022\/04\/Convenio-CooperacionTecInterinst_INEJ_FGC.pdf\">CONVENIO DE COOPERACI\u00d3N T\u00c9CNICA INTERINSTITUCIONAL ENTRE EL INSTITUTO DE ESTUDIO E INVESTIGACI\u00d3N JUR\u00cdDICA Y LA FISCAL\u00cdA GENERAL DE CUENTAS<\/a><\/p>\n<\/div><\/div><footer class=\"entry-footer\"><\/footer><\/article><div class=\"iconlist-timeline\"><\/div><\/li>\n<li><a href='https:\/\/www.fiscaliadecuentas.gob.pa\/wp-content\/uploads\/2022\/05\/CONVENIO-MARCO-ENTRE-LA-FGC-Y-LA-USMA.pdf' title='CONVENIO MARCO DE COOPERACI\u00d3N ENTRE LA FGC Y LA USMA'  target=\"_blank\"  rel=\"noopener noreferrer\" class='iconlist_icon av-av_iconlist_item-f863ceccd82e0408448bf791de6a1a76 avia-font-fontawesome avia-iconfont avia-font-fontawesome'><span class='av-icon-char' data-av_icon='\uf1c1' data-av_iconfont='fontawesome' aria-hidden=\"true\"><\/span><\/a><article class=\"article-icon-entry \"  itemscope=\"itemscope\" itemtype=\"https:\/\/schema.org\/CreativeWork\" ><div class=\"iconlist_content_wrap\"><header class=\"entry-content-header\" aria-label=\"Icon: &lt;a href=&#039;https:\/\/www.fiscaliadecuentas.gob.pa\/wp-content\/uploads\/2022\/05\/CONVENIO-MARCO-ENTRE-LA-FGC-Y-LA-USMA.pdf&#039; title=&#039;CONVENIO MARCO DE COOPERACI\u00d3N ENTRE LA FGC Y LA USMA&#039; target=&quot;_blank&quot;  rel=&quot;noopener noreferrer&quot;&gt;CONVENIO MARCO DE COOPERACI\u00d3N ENTRE LA FGC Y LA USMA&lt;\/a&gt;\"><h4 class='av_iconlist_title iconlist_title  '  itemprop=\"headline\" ><a href='https:\/\/www.fiscaliadecuentas.gob.pa\/wp-content\/uploads\/2022\/05\/CONVENIO-MARCO-ENTRE-LA-FGC-Y-LA-USMA.pdf' title='CONVENIO MARCO DE COOPERACI\u00d3N ENTRE LA FGC Y LA USMA' target=\"_blank\"  rel=\"noopener noreferrer\">CONVENIO MARCO DE COOPERACI\u00d3N ENTRE LA FGC Y LA USMA<\/a><\/h4><\/header><div class='iconlist_content '  itemprop=\"text\" ><p><a style=\"text-align: justify;\" href=\"https:\/\/www.fiscaliadecuentas.gob.pa\/wp-content\/uploads\/2022\/05\/CONVENIO-MARCO-ENTRE-LA-FGC-Y-LA-USMA.pdf\">CONVENIO MARCO DE COOPERACI\u00d3N ENTRE LA FISCAL\u00cdA GENERAL DE CUENTAS Y LA UNIVERSIDAD CAT\u00d3LICA SANTA MAR\u00cdA LA ANTIGUA<\/a><\/p>\n<\/div><\/div><footer class=\"entry-footer\"><\/footer><\/article><div class=\"iconlist-timeline\"><\/div><\/li>\n<li><a href='https:\/\/www.fiscaliadecuentas.gob.pa\/wp-content\/uploads\/2023\/04\/Convenio-FGC_Procuraduria-de-la-Administracion.pdf' title='CONVENIO MARCO ENTRE LA FGC Y LA PROCURADUR\u00cdA DE LA ADMINISTRACI\u00d3N'  target=\"_blank\"  rel=\"noopener noreferrer\" class='iconlist_icon av-av_iconlist_item-e2d5ad2a08ba5a3998a0a7eec725502b avia-font-fontawesome avia-iconfont avia-font-fontawesome'><span class='av-icon-char' data-av_icon='\uf1c1' data-av_iconfont='fontawesome' aria-hidden=\"true\"><\/span><\/a><article class=\"article-icon-entry \"  itemscope=\"itemscope\" itemtype=\"https:\/\/schema.org\/CreativeWork\" ><div class=\"iconlist_content_wrap\"><header class=\"entry-content-header\" aria-label=\"Icon: &lt;a href=&#039;https:\/\/www.fiscaliadecuentas.gob.pa\/wp-content\/uploads\/2023\/04\/Convenio-FGC_Procuraduria-de-la-Administracion.pdf&#039; title=&#039;CONVENIO MARCO ENTRE LA FGC Y LA PROCURADUR\u00cdA DE LA ADMINISTRACI\u00d3N&#039; target=&quot;_blank&quot;  rel=&quot;noopener noreferrer&quot;&gt;CONVENIO MARCO ENTRE LA FGC Y LA PROCURADUR\u00cdA DE LA ADMINISTRACI\u00d3N&lt;\/a&gt;\"><h4 class='av_iconlist_title iconlist_title  '  itemprop=\"headline\" ><a href='https:\/\/www.fiscaliadecuentas.gob.pa\/wp-content\/uploads\/2023\/04\/Convenio-FGC_Procuraduria-de-la-Administracion.pdf' title='CONVENIO MARCO ENTRE LA FGC Y LA PROCURADUR\u00cdA DE LA ADMINISTRACI\u00d3N' target=\"_blank\"  rel=\"noopener noreferrer\">CONVENIO MARCO ENTRE LA FGC Y LA PROCURADUR\u00cdA DE LA ADMINISTRACI\u00d3N<\/a><\/h4><\/header><div class='iconlist_content '  itemprop=\"text\" ><p><a style=\"text-align: justify;\" href=\"https:\/\/www.fiscaliadecuentas.gob.pa\/wp-content\/uploads\/2023\/04\/Convenio-FGC_Procuraduria-de-la-Administracion.pdf\">CONVENIO MARCO DE COOPERACI\u00d3N ENTRE LA PROCURADUR\u00cdA DE LA ADMINISTRACI\u00d3N Y LA FISCAL\u00cdA GENERAL DE CUENTAS (FGC)<\/a><\/p>\n<\/div><\/div><footer class=\"entry-footer\"><\/footer><\/article><div class=\"iconlist-timeline\"><\/div><\/li>\n<li><a href='https:\/\/www.fiscaliadecuentas.gob.pa\/wp-content\/uploads\/2024\/03\/Convenio-Interinstitucional-TC_FGC.pdf' title='CONVENIO INTERINSTITUCIONAL ENTRE EL TRIBUNAL DE CUENTAS (TC) Y FISCALIA GENERAL DE CUENTAS (FGC)'  target=\"_blank\"  rel=\"noopener noreferrer\" class='iconlist_icon av-av_iconlist_item-6b00ac89bd742819bd1d7e053de95fdf avia-font-fontawesome avia-iconfont avia-font-fontawesome'><span class='av-icon-char' data-av_icon='\uf1c1' data-av_iconfont='fontawesome' aria-hidden=\"true\"><\/span><\/a><article class=\"article-icon-entry \"  itemscope=\"itemscope\" itemtype=\"https:\/\/schema.org\/CreativeWork\" ><div class=\"iconlist_content_wrap\"><header class=\"entry-content-header\" aria-label=\"Icon: &lt;a href=&#039;https:\/\/www.fiscaliadecuentas.gob.pa\/wp-content\/uploads\/2024\/03\/Convenio-Interinstitucional-TC_FGC.pdf&#039; title=&#039;CONVENIO INTERINSTITUCIONAL ENTRE EL TRIBUNAL DE CUENTAS (TC) Y FISCALIA GENERAL DE CUENTAS (FGC)&#039; target=&quot;_blank&quot;  rel=&quot;noopener noreferrer&quot;&gt;CONVENIO INTERINSTITUCIONAL ENTRE EL TRIBUNAL DE CUENTAS (TC) Y FISCALIA GENERAL DE CUENTAS (FGC)&lt;\/a&gt;\"><h4 class='av_iconlist_title iconlist_title  '  itemprop=\"headline\" ><a href='https:\/\/www.fiscaliadecuentas.gob.pa\/wp-content\/uploads\/2024\/03\/Convenio-Interinstitucional-TC_FGC.pdf' title='CONVENIO INTERINSTITUCIONAL ENTRE EL TRIBUNAL DE CUENTAS (TC) Y FISCALIA GENERAL DE CUENTAS (FGC)' target=\"_blank\"  rel=\"noopener noreferrer\">CONVENIO INTERINSTITUCIONAL ENTRE EL TRIBUNAL DE CUENTAS (TC) Y FISCALIA GENERAL DE CUENTAS (FGC)<\/a><\/h4><\/header><div class='iconlist_content '  itemprop=\"text\" ><p><a style=\"text-align: justify;\" href=\"https:\/\/www.fiscaliadecuentas.gob.pa\/wp-content\/uploads\/2024\/03\/Convenio-Interinstitucional-TC_FGC.pdf\">EL PRESENTE CONVENIO TIENE COMO OBJETIVO UNIR ESFUERZOS ADMINISTRATIVOS Y PRESUPUESTARIOS PARA EMPRENDER ACCIONES CONJUNTAS, PARA LA PLANEACI\u00d3N, DESARROLLO Y EJECUCI\u00d3N DEL PROYECTO DENOMINADO CIUDAD DE CUENTAS.<\/a><\/p>\n<\/div><\/div><footer class=\"entry-footer\"><\/footer><\/article><div class=\"iconlist-timeline\"><\/div><\/li>\n<li><a href='https:\/\/www.fiscaliadecuentas.gob.pa\/wp-content\/uploads\/2024\/07\/CONVENIO-DEFENSORIA-DEL-PUEBLO.pdf' title='CONVENIO DE COOPERACI\u00d3N Y ASISTENCIA T\u00c9CNICA ENTRE LA DEFENSOR\u00cdA DEL PUEBLO Y FGC'  target=\"_blank\"  rel=\"noopener noreferrer\" class='iconlist_icon av-ly7igh0f-5b0eef51c610d6c70d0046fd0d604ea4 avia-font-fontawesome avia-iconfont avia-font-fontawesome'><span class='av-icon-char' data-av_icon='\uf1c1' data-av_iconfont='fontawesome' aria-hidden=\"true\"><\/span><\/a><article class=\"article-icon-entry \"  itemscope=\"itemscope\" itemtype=\"https:\/\/schema.org\/CreativeWork\" ><div class=\"iconlist_content_wrap\"><header class=\"entry-content-header\" aria-label=\"Icon: &lt;a href=&#039;https:\/\/www.fiscaliadecuentas.gob.pa\/wp-content\/uploads\/2024\/07\/CONVENIO-DEFENSORIA-DEL-PUEBLO.pdf&#039; title=&#039;CONVENIO DE COOPERACI\u00d3N Y ASISTENCIA T\u00c9CNICA ENTRE LA DEFENSOR\u00cdA DEL PUEBLO Y FGC&#039; target=&quot;_blank&quot;  rel=&quot;noopener noreferrer&quot;&gt;CONVENIO DE COOPERACI\u00d3N Y ASISTENCIA T\u00c9CNICA ENTRE LA DEFENSOR\u00cdA DEL PUEBLO Y FGC&lt;\/a&gt;\"><h4 class='av_iconlist_title iconlist_title  '  itemprop=\"headline\" ><a href='https:\/\/www.fiscaliadecuentas.gob.pa\/wp-content\/uploads\/2024\/07\/CONVENIO-DEFENSORIA-DEL-PUEBLO.pdf' title='CONVENIO DE COOPERACI\u00d3N Y ASISTENCIA T\u00c9CNICA ENTRE LA DEFENSOR\u00cdA DEL PUEBLO Y FGC' target=\"_blank\"  rel=\"noopener noreferrer\">CONVENIO DE COOPERACI\u00d3N Y ASISTENCIA T\u00c9CNICA ENTRE LA DEFENSOR\u00cdA DEL PUEBLO Y FGC<\/a><\/h4><\/header><div class='iconlist_content '  itemprop=\"text\" ><p><a style=\"text-align: justify;\" href=\"https:\/\/www.fiscaliadecuentas.gob.pa\/wp-content\/uploads\/2024\/07\/CONVENIO-DEFENSORIA-DEL-PUEBLO.pdf\">CONVENIO DE COOPERACI\u00d3N Y ASISTENCIA T\u00c9CNICA ENTRE LA DEFENSOR\u00cdA DEL PRUEBLO Y LA FISCAL\u00cdA GENERAL DE CUENTAS<\/a><\/p>\n<\/div><\/div><footer class=\"entry-footer\"><\/footer><\/article><div class=\"iconlist-timeline\"><\/div><\/li>\n<li><a href='https:\/\/www.fiscaliadecuentas.gob.pa\/wp-content\/uploads\/2024\/07\/CONVENIO-GUIA.pdf' title='CONVENIO MARCO DE COOPERACI\u00d3N ENTRE EL GRUPO UNIFICADOR POR LA INDEPENDENCIA DEL ABOGADO Y FGC'  target=\"_blank\"  rel=\"noopener noreferrer\" class='iconlist_icon av-ly7igv7r-604a2f9d5e675c4f5837df87ff6d5c09 avia-font-fontawesome avia-iconfont avia-font-fontawesome'><span class='av-icon-char' data-av_icon='\uf1c1' data-av_iconfont='fontawesome' aria-hidden=\"true\"><\/span><\/a><article class=\"article-icon-entry \"  itemscope=\"itemscope\" itemtype=\"https:\/\/schema.org\/CreativeWork\" ><div class=\"iconlist_content_wrap\"><header class=\"entry-content-header\" aria-label=\"Icon: &lt;a href=&#039;https:\/\/www.fiscaliadecuentas.gob.pa\/wp-content\/uploads\/2024\/07\/CONVENIO-GUIA.pdf&#039; title=&#039;CONVENIO MARCO DE COOPERACI\u00d3N ENTRE EL GRUPO UNIFICADOR POR LA INDEPENDENCIA DEL ABOGADO Y FGC&#039; target=&quot;_blank&quot;  rel=&quot;noopener noreferrer&quot;&gt;CONVENIO MARCO DE COOPERACI\u00d3N ENTRE EL GRUPO UNIFICADOR POR LA INDEPENDENCIA DEL ABOGADO Y FGC&lt;\/a&gt;\"><h4 class='av_iconlist_title iconlist_title  '  itemprop=\"headline\" ><a href='https:\/\/www.fiscaliadecuentas.gob.pa\/wp-content\/uploads\/2024\/07\/CONVENIO-GUIA.pdf' title='CONVENIO MARCO DE COOPERACI\u00d3N ENTRE EL GRUPO UNIFICADOR POR LA INDEPENDENCIA DEL ABOGADO Y FGC' target=\"_blank\"  rel=\"noopener noreferrer\">CONVENIO MARCO DE COOPERACI\u00d3N ENTRE EL GRUPO UNIFICADOR POR LA INDEPENDENCIA DEL ABOGADO Y FGC<\/a><\/h4><\/header><div class='iconlist_content '  itemprop=\"text\" ><p><a style=\"text-align: justify;\" href=\"https:\/\/www.fiscaliadecuentas.gob.pa\/wp-content\/uploads\/2024\/07\/CONVENIO-GUIA.pdf\">CONVENIO MARCO DE COOPERACI\u00d3N ENTRE EL GRUPO UNIFICADOR POR LA INDEPENDENCIA DEL ABOGADO Y LA FISCAL\u00cdA GENERAL DE CUENTAS<\/a><\/p>\n<\/div><\/div><footer class=\"entry-footer\"><\/footer><\/article><div class=\"iconlist-timeline\"><\/div><\/li>\n<li><a href='https:\/\/www.fiscaliadecuentas.gob.pa\/wp-content\/uploads\/2024\/07\/CONVENIO-IIAFA.pdf' title='CONVENIO MARCO DE COOPERACI\u00d3N ACADEMICA ENTRE IIAFA Y FGC'  target=\"_blank\"  rel=\"noopener noreferrer\" class='iconlist_icon av-ly7ihdg7-625e6e48f62d1b2bc57018548e5b92b0 avia-font-fontawesome avia-iconfont avia-font-fontawesome'><span class='av-icon-char' data-av_icon='\uf1c1' data-av_iconfont='fontawesome' aria-hidden=\"true\"><\/span><\/a><article class=\"article-icon-entry \"  itemscope=\"itemscope\" itemtype=\"https:\/\/schema.org\/CreativeWork\" ><div class=\"iconlist_content_wrap\"><header class=\"entry-content-header\" aria-label=\"Icon: &lt;a href=&#039;https:\/\/www.fiscaliadecuentas.gob.pa\/wp-content\/uploads\/2024\/07\/CONVENIO-IIAFA.pdf&#039; title=&#039;CONVENIO MARCO DE COOPERACI\u00d3N ACADEMICA ENTRE IIAFA Y FGC&#039; target=&quot;_blank&quot;  rel=&quot;noopener noreferrer&quot;&gt;CONVENIO MARCO DE COOPERACI\u00d3N ACADEMICA ENTRE IIAFA Y FGC&lt;\/a&gt;\"><h4 class='av_iconlist_title iconlist_title  '  itemprop=\"headline\" ><a href='https:\/\/www.fiscaliadecuentas.gob.pa\/wp-content\/uploads\/2024\/07\/CONVENIO-IIAFA.pdf' title='CONVENIO MARCO DE COOPERACI\u00d3N ACADEMICA ENTRE IIAFA Y FGC' target=\"_blank\"  rel=\"noopener noreferrer\">CONVENIO MARCO DE COOPERACI\u00d3N ACADEMICA ENTRE IIAFA Y FGC<\/a><\/h4><\/header><div class='iconlist_content '  itemprop=\"text\" ><p><a style=\"text-align: justify;\" href=\"https:\/\/www.fiscaliadecuentas.gob.pa\/wp-content\/uploads\/2024\/07\/CONVENIO-IIAFA.pdf\">CONVENIO MARCO DE COOPERACI\u00d3N ACAD\u00c9MICA ENTRE EL INSTITUTO INTERNACIONAL DE AUDITORES FORENSES ANTIFRAUDE (IIAFA) Y LA FISCAL\u00cdA GENERAL DE CUENTAS<\/a><\/p>\n<\/div><\/div><footer class=\"entry-footer\"><\/footer><\/article><div class=\"iconlist-timeline\"><\/div><\/li>\n<li><a href='https:\/\/www.fiscaliadecuentas.gob.pa\/wp-content\/uploads\/2024\/07\/CONVENIO-USMA.pdf' title='CONVENIO MARCO DE COOPERACI\u00d3N INTERINSTITUCIONAL ENTRE USMA Y FGC'  target=\"_blank\"  rel=\"noopener noreferrer\" class='iconlist_icon av-ly7ihrq6-f5e9ba4e648e6d4959b455c2328b59c6 avia-font-fontawesome avia-iconfont avia-font-fontawesome'><span class='av-icon-char' data-av_icon='\uf1c1' data-av_iconfont='fontawesome' aria-hidden=\"true\"><\/span><\/a><article class=\"article-icon-entry \"  itemscope=\"itemscope\" itemtype=\"https:\/\/schema.org\/CreativeWork\" ><div class=\"iconlist_content_wrap\"><header class=\"entry-content-header\" aria-label=\"Icon: &lt;a href=&#039;https:\/\/www.fiscaliadecuentas.gob.pa\/wp-content\/uploads\/2024\/07\/CONVENIO-USMA.pdf&#039; title=&#039;CONVENIO MARCO DE COOPERACI\u00d3N INTERINSTITUCIONAL ENTRE USMA Y FGC&#039; target=&quot;_blank&quot;  rel=&quot;noopener noreferrer&quot;&gt;CONVENIO MARCO DE COOPERACI\u00d3N INTERINSTITUCIONAL ENTRE USMA Y FGC&lt;\/a&gt;\"><h4 class='av_iconlist_title iconlist_title  '  itemprop=\"headline\" ><a href='https:\/\/www.fiscaliadecuentas.gob.pa\/wp-content\/uploads\/2024\/07\/CONVENIO-USMA.pdf' title='CONVENIO MARCO DE COOPERACI\u00d3N INTERINSTITUCIONAL ENTRE USMA Y FGC' target=\"_blank\"  rel=\"noopener noreferrer\">CONVENIO MARCO DE COOPERACI\u00d3N INTERINSTITUCIONAL ENTRE USMA Y FGC<\/a><\/h4><\/header><div class='iconlist_content '  itemprop=\"text\" ><p><a style=\"text-align: justify;\" href=\"https:\/\/www.fiscaliadecuentas.gob.pa\/wp-content\/uploads\/2024\/07\/CONVENIO-USMA.pdf\">CONVENIO MARCO DE COOPERACI\u00d3N INTERINSTITUCIONAL ENTRE LA UNIVERSIDAD CAT\u00d3LICA SANTA MAR\u00cdA LA ANTIG\u00dcA Y LA FISCAL\u00cdA GENERAL DE CUENTAS<\/a><\/p>\n<\/div><\/div><footer class=\"entry-footer\"><\/footer><\/article><div class=\"iconlist-timeline\"><\/div><\/li>\n<\/ul><\/div><\/div>\n<style type=\"text\/css\" data-created_by=\"avia_inline_auto\" id=\"style-css-av-kqmuk1k6-c7b63778aaca1edb3757f68bdc874003\">\n#top .hr.hr-invisible.av-kqmuk1k6-c7b63778aaca1edb3757f68bdc874003{\nheight:100px;\n}\n<\/style>\n<div  class='hr av-kqmuk1k6-c7b63778aaca1edb3757f68bdc874003 hr-invisible  avia-builder-el-7  el_after_av_one_half  el_before_av_one_half '><span class='hr-inner '><span class=\"hr-inner-style\"><\/span><\/span><\/div><\/p>\n\n<style type=\"text\/css\" data-created_by=\"avia_inline_auto\" id=\"style-css-av-kh9fek-ae61e97ad61684f80f0d11d1ecd82c2c\">\n.flex_column.av-kh9fek-ae61e97ad61684f80f0d11d1ecd82c2c{\nborder-radius:0px 0px 0px 0px;\npadding:0px 0px 0px 0px;\n}\n<\/style>\n<div  class='flex_column av-kh9fek-ae61e97ad61684f80f0d11d1ecd82c2c av_one_half  avia-builder-el-8  el_after_av_hr  avia-builder-el-last  first flex_column_div av-zero-column-padding  '     ><\/div>\n","protected":false},"excerpt":{"rendered":"","protected":false},"author":9,"featured_media":0,"parent":0,"menu_order":0,"comment_status":"closed","ping_status":"closed","template":"","meta":{"_EventAllDay":false,"_EventTimezone":"","_EventStartDate":"","_EventEndDate":"","_EventStartDateUTC":"","_EventEndDateUTC":"","_EventShowMap":false,"_EventShowMapLink":false,"_EventURL":"","_EventCost":"","_EventCostDescription":"","_EventCurrencySymbol":"","_EventCurrencyCode":"","_EventCurrencyPosition":"","_EventDateTimeSeparator":"","_EventTimeRangeSeparator":"","_EventOrganizerID":[],"_EventVenueID":[],"_OrganizerEmail":"","_OrganizerPhone":"","_OrganizerWebsite":"","_VenueAddress":"","_VenueCity":"","_VenueCountry":"","_VenueProvince":"","_VenueState":"","_VenueZip":"","_VenuePhone":"","_VenueURL":"","_VenueStateProvince":"","_VenueLat":"","_VenueLng":"","_VenueShowMap":false,"_VenueShowMapLink":false,"footnotes":""},"class_list":["post-16860","page","type-page","status-publish","hentry"],"_links":{"self":[{"href":"https:\/\/www.fiscaliadecuentas.gob.pa\/index.php?rest_route=\/wp\/v2\/pages\/16860","targetHints":{"allow":["GET"]}}],"collection":[{"href":"https:\/\/www.fiscaliadecuentas.gob.pa\/index.php?rest_route=\/wp\/v2\/pages"}],"about":[{"href":"https:\/\/www.fiscaliadecuentas.gob.pa\/index.php?rest_route=\/wp\/v2\/types\/page"}],"author":[{"embeddable":true,"href":"https:\/\/www.fiscaliadecuentas.gob.pa\/index.php?rest_route=\/wp\/v2\/users\/9"}],"replies":[{"embeddable":true,"href":"https:\/\/www.fiscaliadecuentas.gob.pa\/index.php?rest_route=%2Fwp%2Fv2%2Fcomments&post=16860"}],"version-history":[{"count":80,"href":"https:\/\/www.fiscaliadecuentas.gob.pa\/index.php?rest_route=\/wp\/v2\/pages\/16860\/revisions"}],"predecessor-version":[{"id":37233,"href":"https:\/\/www.fiscaliadecuentas.gob.pa\/index.php?rest_route=\/wp\/v2\/pages\/16860\/revisions\/37233"}],"wp:attachment":[{"href":"https:\/\/www.fiscaliadecuentas.gob.pa\/index.php?rest_route=%2Fwp%2Fv2%2Fmedia&parent=16860"}],"curies":[{"name":"wp","href":"https:\/\/api.w.org\/{rel}","templated":true}]}}