{"id":17564,"date":"2020-06-11T10:23:06","date_gmt":"2020-06-11T15:23:06","guid":{"rendered":"https:\/\/www.fiscaliadecuentas.gob.pa\/?page_id=17564"},"modified":"2022-11-29T11:04:19","modified_gmt":"2022-11-29T16:04:19","slug":"bibliotecas-virtuales","status":"publish","type":"page","link":"https:\/\/www.fiscaliadecuentas.gob.pa\/?page_id=17564","title":{"rendered":"Bibliotecas Virtuales"},"content":{"rendered":"\t\t<div data-elementor-type=\"wp-page\" data-elementor-id=\"17564\" class=\"elementor elementor-17564\" data-elementor-settings=\"[]\">\n\t\t\t\t\t\t<div class=\"elementor-inner\">\n\t\t\t\t\t\t\t<div class=\"elementor-section-wrap\">\n\t\t\t\t\t\t\t<section class=\"elementor-section elementor-top-section elementor-element elementor-element-31352810 elementor-section-boxed elementor-section-height-default elementor-section-height-default\" data-id=\"31352810\" data-element_type=\"section\">\n\t\t\t\t\t\t<div class=\"elementor-container elementor-column-gap-default\">\n\t\t\t\t\t\t\t<div class=\"elementor-row\">\n\t\t\t\t\t<div class=\"elementor-column elementor-col-100 elementor-top-column elementor-element elementor-element-39736e68\" data-id=\"39736e68\" data-element_type=\"column\">\n\t\t\t<div class=\"elementor-column-wrap elementor-element-populated\">\n\t\t\t\t\t\t\t<div class=\"elementor-widget-wrap\">\n\t\t\t\t\t\t<div class=\"elementor-element elementor-element-11c2dabd elementor-widget elementor-widget-shortcode\" data-id=\"11c2dabd\" data-element_type=\"widget\" data-widget_type=\"shortcode.default\">\n\t\t\t\t<div class=\"elementor-widget-container\">\n\t\t\t\t\t<div class=\"elementor-shortcode\">[layerslider id=\"4\"]<\/div>\n\t\t\t\t<\/div>\n\t\t\t\t<\/div>\n\t\t\t\t\t\t<\/div>\n\t\t\t\t\t<\/div>\n\t\t<\/div>\n\t\t\t\t\t\t\t\t<\/div>\n\t\t\t\t\t<\/div>\n\t\t<\/section>\n\t\t\t\t<section class=\"elementor-section elementor-top-section elementor-element elementor-element-2c471b47 elementor-section-boxed elementor-section-height-default elementor-section-height-default\" data-id=\"2c471b47\" data-element_type=\"section\">\n\t\t\t\t\t\t<div class=\"elementor-container elementor-column-gap-default\">\n\t\t\t\t\t\t\t<div class=\"elementor-row\">\n\t\t\t\t\t<div class=\"elementor-column elementor-col-100 elementor-top-column elementor-element elementor-element-136170fa\" data-id=\"136170fa\" data-element_type=\"column\">\n\t\t\t<div class=\"elementor-column-wrap elementor-element-populated\">\n\t\t\t\t\t\t\t<div class=\"elementor-widget-wrap\">\n\t\t\t\t\t\t<div class=\"elementor-element elementor-element-55f2f069 elementor-widget elementor-widget-spacer\" data-id=\"55f2f069\" data-element_type=\"widget\" data-widget_type=\"spacer.default\">\n\t\t\t\t<div class=\"elementor-widget-container\">\n\t\t\t\t\t<div class=\"elementor-spacer\">\n\t\t\t<div class=\"elementor-spacer-inner\"><\/div>\n\t\t<\/div>\n\t\t\t\t<\/div>\n\t\t\t\t<\/div>\n\t\t\t\t\t\t<\/div>\n\t\t\t\t\t<\/div>\n\t\t<\/div>\n\t\t\t\t\t\t\t\t<\/div>\n\t\t\t\t\t<\/div>\n\t\t<\/section>\n\t\t\t\t<section class=\"elementor-section elementor-top-section elementor-element elementor-element-341c51b7 elementor-section-boxed elementor-section-height-default elementor-section-height-default\" data-id=\"341c51b7\" data-element_type=\"section\">\n\t\t\t\t\t\t<div class=\"elementor-container elementor-column-gap-default\">\n\t\t\t\t\t\t\t<div class=\"elementor-row\">\n\t\t\t\t\t<div class=\"elementor-column elementor-col-50 elementor-top-column elementor-element elementor-element-737f0a31\" data-id=\"737f0a31\" data-element_type=\"column\">\n\t\t\t<div class=\"elementor-column-wrap elementor-element-populated\">\n\t\t\t\t\t\t\t<div class=\"elementor-widget-wrap\">\n\t\t\t\t\t\t<div class=\"elementor-element elementor-element-213f557a elementor-position-left elementor-vertical-align-top elementor-widget elementor-widget-image-box\" data-id=\"213f557a\" data-element_type=\"widget\" data-widget_type=\"image-box.default\">\n\t\t\t\t<div class=\"elementor-widget-container\">\n\t\t\t<div class=\"elementor-image-box-wrapper\"><figure class=\"elementor-image-box-img\"><a href=\"https:\/\/www.uexternado.edu.co\/biblioteca\/\" target=\"_blank\" rel=\"nofollow\"><img loading=\"lazy\" decoding=\"async\" width=\"180\" height=\"180\" src=\"https:\/\/www.fiscaliadecuentas.gob.pa\/wp-content\/uploads\/2021\/08\/UEC_logo.png\" class=\"attachment-full size-full\" alt=\"\" \/><\/a><\/figure><div class=\"elementor-image-box-content\"><h3 class=\"elementor-image-box-title\"><a href=\"https:\/\/www.uexternado.edu.co\/biblioteca\/\" target=\"_blank\" rel=\"nofollow\">Universidad Externado de Colombia - Biblioteca<\/a><\/h3><p class=\"elementor-image-box-description\"><p style=\"text-align:justify;\">La Universidad fue fundada por el joven jurista y educador Nicol\u00e1s Pinz\u00f3n Warlosten, quien, con el apoyo de un grupo de ilustres maestros del liberalismo radical, estableci\u00f3 una instituci\u00f3n que, desde sus comienzos, ha permitido el estudio y examen libre de las ideas, ha acogido a alumnos de todas las regiones del pa\u00eds, ha practicado el respeto por los credos religiosos e ideolog\u00edas pol\u00edticas y ha promovido la tolerancia como f\u00f3rmula para alcanzar la convivencia pac\u00edfica dentro de la heterogeneidad.<\/p><\/p><\/div><\/div>\t\t<\/div>\n\t\t\t\t<\/div>\n\t\t\t\t\t\t<\/div>\n\t\t\t\t\t<\/div>\n\t\t<\/div>\n\t\t\t\t<div class=\"elementor-column elementor-col-50 elementor-top-column elementor-element elementor-element-7659b593\" data-id=\"7659b593\" data-element_type=\"column\">\n\t\t\t<div class=\"elementor-column-wrap elementor-element-populated\">\n\t\t\t\t\t\t\t<div class=\"elementor-widget-wrap\">\n\t\t\t\t\t\t<div class=\"elementor-element elementor-element-63c59de5 elementor-position-left elementor-vertical-align-top elementor-widget elementor-widget-image-box\" data-id=\"63c59de5\" data-element_type=\"widget\" data-widget_type=\"image-box.default\">\n\t\t\t\t<div class=\"elementor-widget-container\">\n\t\t\t<div class=\"elementor-image-box-wrapper\"><figure class=\"elementor-image-box-img\"><a href=\"https:\/\/biblioteca.organojudicial.gob.pa\/\" target=\"_blank\" rel=\"nofollow\"><img loading=\"lazy\" decoding=\"async\" width=\"550\" height=\"353\" src=\"https:\/\/www.fiscaliadecuentas.gob.pa\/wp-content\/uploads\/2021\/08\/BOJ_logo.png\" class=\"attachment-full size-full\" alt=\"\" \/><\/a><\/figure><div class=\"elementor-image-box-content\"><h3 class=\"elementor-image-box-title\"><a href=\"https:\/\/biblioteca.organojudicial.gob.pa\/\" target=\"_blank\" rel=\"nofollow\">\u00d3rgano Judicial - Biblioteca<\/a><\/h3><p class=\"elementor-image-box-description\"><p style=\"text-align:justify;\">El \u00d3rgano Judicial es uno de los tres poderes del Estado Paname\u00f1o y se encarga de administrar justicia, la cual es necesaria para establecer la convivencia pac\u00edfica entre los ciudadanos, conforme lo establece la Constituci\u00f3n Nacional.<\/p><\/p><\/div><\/div>\t\t<\/div>\n\t\t\t\t<\/div>\n\t\t\t\t\t\t<\/div>\n\t\t\t\t\t<\/div>\n\t\t<\/div>\n\t\t\t\t\t\t\t\t<\/div>\n\t\t\t\t\t<\/div>\n\t\t<\/section>\n\t\t\t\t<section class=\"elementor-section elementor-top-section elementor-element elementor-element-75e33f3a elementor-section-boxed elementor-section-height-default elementor-section-height-default\" data-id=\"75e33f3a\" data-element_type=\"section\">\n\t\t\t\t\t\t<div class=\"elementor-container elementor-column-gap-default\">\n\t\t\t\t\t\t\t<div class=\"elementor-row\">\n\t\t\t\t\t<div class=\"elementor-column elementor-col-100 elementor-top-column elementor-element elementor-element-6be0da19\" data-id=\"6be0da19\" data-element_type=\"column\">\n\t\t\t<div class=\"elementor-column-wrap elementor-element-populated\">\n\t\t\t\t\t\t\t<div class=\"elementor-widget-wrap\">\n\t\t\t\t\t\t<div class=\"elementor-element elementor-element-5963c481 elementor-widget elementor-widget-spacer\" data-id=\"5963c481\" data-element_type=\"widget\" data-widget_type=\"spacer.default\">\n\t\t\t\t<div class=\"elementor-widget-container\">\n\t\t\t\t\t<div class=\"elementor-spacer\">\n\t\t\t<div class=\"elementor-spacer-inner\"><\/div>\n\t\t<\/div>\n\t\t\t\t<\/div>\n\t\t\t\t<\/div>\n\t\t\t\t\t\t<\/div>\n\t\t\t\t\t<\/div>\n\t\t<\/div>\n\t\t\t\t\t\t\t\t<\/div>\n\t\t\t\t\t<\/div>\n\t\t<\/section>\n\t\t\t\t<section class=\"elementor-section elementor-top-section elementor-element elementor-element-7b7346f3 elementor-section-boxed elementor-section-height-default elementor-section-height-default\" data-id=\"7b7346f3\" data-element_type=\"section\">\n\t\t\t\t\t\t<div class=\"elementor-container elementor-column-gap-default\">\n\t\t\t\t\t\t\t<div class=\"elementor-row\">\n\t\t\t\t\t<div class=\"elementor-column elementor-col-50 elementor-top-column elementor-element elementor-element-7a81779e\" data-id=\"7a81779e\" data-element_type=\"column\">\n\t\t\t<div class=\"elementor-column-wrap elementor-element-populated\">\n\t\t\t\t\t\t\t<div class=\"elementor-widget-wrap\">\n\t\t\t\t\t\t<div class=\"elementor-element elementor-element-761c56a4 elementor-position-left elementor-vertical-align-top elementor-widget elementor-widget-image-box\" data-id=\"761c56a4\" data-element_type=\"widget\" data-widget_type=\"image-box.default\">\n\t\t\t\t<div class=\"elementor-widget-container\">\n\t\t\t<div class=\"elementor-image-box-wrapper\"><figure class=\"elementor-image-box-img\"><a href=\"http:\/\/www.bne.es\/es\/Inicio\/\" target=\"_blank\" rel=\"nofollow\"><img loading=\"lazy\" decoding=\"async\" width=\"76\" height=\"95\" src=\"https:\/\/www.fiscaliadecuentas.gob.pa\/wp-content\/uploads\/2021\/08\/BNE_logo.jpg\" class=\"attachment-full size-full\" alt=\"\" \/><\/a><\/figure><div class=\"elementor-image-box-content\"><h3 class=\"elementor-image-box-title\"><a href=\"http:\/\/www.bne.es\/es\/Inicio\/\" target=\"_blank\" rel=\"nofollow\">Biblioteca Nacional de Espa\u00f1a<\/a><\/h3><p class=\"elementor-image-box-description\"><p style=\"text-align:justify;\">La Biblioteca Nacional de Espa\u00f1a recibe y conserva ejemplares de todos los libros publicados en Espa\u00f1a. Adem\u00e1s, atesora una valios\u00edsima colecci\u00f3n de incunables, manuscritos, estampas, dibujos, fotograf\u00edas, grabaciones sonoras, partituras...\n<\/p><\/p><\/div><\/div>\t\t<\/div>\n\t\t\t\t<\/div>\n\t\t\t\t\t\t<\/div>\n\t\t\t\t\t<\/div>\n\t\t<\/div>\n\t\t\t\t<div class=\"elementor-column elementor-col-50 elementor-top-column elementor-element elementor-element-24cae786\" data-id=\"24cae786\" data-element_type=\"column\">\n\t\t\t<div class=\"elementor-column-wrap elementor-element-populated\">\n\t\t\t\t\t\t\t<div class=\"elementor-widget-wrap\">\n\t\t\t\t\t\t<div class=\"elementor-element elementor-element-53f75804 elementor-position-left elementor-vertical-align-top elementor-widget elementor-widget-image-box\" data-id=\"53f75804\" data-element_type=\"widget\" data-widget_type=\"image-box.default\">\n\t\t\t\t<div class=\"elementor-widget-container\">\n\t\t\t<div class=\"elementor-image-box-wrapper\"><figure class=\"elementor-image-box-img\"><a href=\"https:\/\/biblioteca.org.ar\/\" target=\"_blank\" rel=\"nofollow\"><img loading=\"lazy\" decoding=\"async\" width=\"165\" height=\"90\" src=\"https:\/\/www.fiscaliadecuentas.gob.pa\/wp-content\/uploads\/2021\/08\/BVU_logo.jpg\" class=\"attachment-full size-full\" alt=\"\" \/><\/a><\/figure><div class=\"elementor-image-box-content\"><h3 class=\"elementor-image-box-title\"><a href=\"https:\/\/biblioteca.org.ar\/\" target=\"_blank\" rel=\"nofollow\">Biblioteca Virtual Universal<\/a><\/h3><p class=\"elementor-image-box-description\"><p style=\"text-align:justify;\">Bibliotecas Rurales Argentinas gestiona y administra la Biblioteca Virtual Universal  que ofrece un fondo de m\u00e1s de 37,000 obras digitalizadas, que son consultadas gratuitamente por miles de lectores no s\u00f3lo de nuestro pa\u00eds. Tambi\u00e9n facilita la descarga de bibliotecas b\u00e1sicas: argentina, espa\u00f1ola, mundial, latinoamericanas, infantil, juvenil y de poes\u00eda. De \u00e9stas ya se han instalado m\u00e1s de 22,000.  La Legislatura del Gobierno de la Ciudad de Buenos Aires reconoci\u00f3 la importancia de la Biblioteca Virtual Universal, declar\u00e1ndola de inter\u00e9s cultural.<\/p><\/p><\/div><\/div>\t\t<\/div>\n\t\t\t\t<\/div>\n\t\t\t\t\t\t<\/div>\n\t\t\t\t\t<\/div>\n\t\t<\/div>\n\t\t\t\t\t\t\t\t<\/div>\n\t\t\t\t\t<\/div>\n\t\t<\/section>\n\t\t\t\t<section class=\"elementor-section elementor-top-section elementor-element elementor-element-1d8509e4 elementor-section-boxed elementor-section-height-default elementor-section-height-default\" data-id=\"1d8509e4\" data-element_type=\"section\">\n\t\t\t\t\t\t<div class=\"elementor-container elementor-column-gap-default\">\n\t\t\t\t\t\t\t<div class=\"elementor-row\">\n\t\t\t\t\t<div class=\"elementor-column elementor-col-100 elementor-top-column elementor-element elementor-element-7ba2dc89\" data-id=\"7ba2dc89\" data-element_type=\"column\">\n\t\t\t<div class=\"elementor-column-wrap elementor-element-populated\">\n\t\t\t\t\t\t\t<div class=\"elementor-widget-wrap\">\n\t\t\t\t\t\t<div class=\"elementor-element elementor-element-6b0e92a3 elementor-widget elementor-widget-spacer\" data-id=\"6b0e92a3\" data-element_type=\"widget\" data-widget_type=\"spacer.default\">\n\t\t\t\t<div class=\"elementor-widget-container\">\n\t\t\t\t\t<div class=\"elementor-spacer\">\n\t\t\t<div class=\"elementor-spacer-inner\"><\/div>\n\t\t<\/div>\n\t\t\t\t<\/div>\n\t\t\t\t<\/div>\n\t\t\t\t\t\t<\/div>\n\t\t\t\t\t<\/div>\n\t\t<\/div>\n\t\t\t\t\t\t\t\t<\/div>\n\t\t\t\t\t<\/div>\n\t\t<\/section>\n\t\t\t\t<section class=\"elementor-section elementor-top-section elementor-element elementor-element-6086d5f3 elementor-section-boxed elementor-section-height-default elementor-section-height-default\" data-id=\"6086d5f3\" data-element_type=\"section\">\n\t\t\t\t\t\t<div class=\"elementor-container elementor-column-gap-default\">\n\t\t\t\t\t\t\t<div class=\"elementor-row\">\n\t\t\t\t\t<div class=\"elementor-column elementor-col-50 elementor-top-column elementor-element elementor-element-25682931\" data-id=\"25682931\" data-element_type=\"column\">\n\t\t\t<div class=\"elementor-column-wrap elementor-element-populated\">\n\t\t\t\t\t\t\t<div class=\"elementor-widget-wrap\">\n\t\t\t\t\t\t<div class=\"elementor-element elementor-element-11c80dfa elementor-position-left elementor-vertical-align-top elementor-widget elementor-widget-image-box\" data-id=\"11c80dfa\" data-element_type=\"widget\" data-widget_type=\"image-box.default\">\n\t\t\t\t<div class=\"elementor-widget-container\">\n\t\t\t<div class=\"elementor-image-box-wrapper\"><figure class=\"elementor-image-box-img\"><a href=\"https:\/\/www.eumed.net\/es\" target=\"_blank\" rel=\"nofollow\"><img loading=\"lazy\" decoding=\"async\" width=\"472\" height=\"118\" src=\"https:\/\/www.fiscaliadecuentas.gob.pa\/wp-content\/uploads\/2021\/08\/eumed_logo.png\" class=\"attachment-full size-full\" alt=\"\" \/><\/a><\/figure><div class=\"elementor-image-box-content\"><h3 class=\"elementor-image-box-title\"><a href=\"https:\/\/www.eumed.net\/es\" target=\"_blank\" rel=\"nofollow\">eumed.net<\/a><\/h3><p class=\"elementor-image-box-description\"><p style=\"text-align:justify;\">Se caracteriza por mantener a disposici\u00f3n textos exclusivos en sus plataformas, cuentan con m\u00e1s de 20 revistas, con y sin sistema de arbitraje. Este sitio es muy visitado por estudiantes, profesores e investigadores iberoamericanos.\nEn el caso de los libros con los que cuentan, aunque deben \u00fanicamente ser publicados por este sitio la propiedad intelectual de los textos que publican en Internet siguen siendo \u00edntegramente de los autores. Cuentan tambi\u00e9n con m\u00e1s de 190 Tesis Doctorales, Registros de Economistas, Diccionarios, Congresos y diversos temas de las Ciencias Sociales de forma gratuita para todos sus visitantes.\n<\/p><\/p><\/div><\/div>\t\t<\/div>\n\t\t\t\t<\/div>\n\t\t\t\t\t\t<\/div>\n\t\t\t\t\t<\/div>\n\t\t<\/div>\n\t\t\t\t<div class=\"elementor-column elementor-col-50 elementor-top-column elementor-element elementor-element-3882d0a9\" data-id=\"3882d0a9\" data-element_type=\"column\">\n\t\t\t<div class=\"elementor-column-wrap elementor-element-populated\">\n\t\t\t\t\t\t\t<div class=\"elementor-widget-wrap\">\n\t\t\t\t\t\t<div class=\"elementor-element elementor-element-5b8ac9ff elementor-position-left elementor-vertical-align-top elementor-widget elementor-widget-image-box\" data-id=\"5b8ac9ff\" data-element_type=\"widget\" data-widget_type=\"image-box.default\">\n\t\t\t\t<div class=\"elementor-widget-container\">\n\t\t\t<div class=\"elementor-image-box-wrapper\"><figure class=\"elementor-image-box-img\"><a href=\"https:\/\/www.wdl.org\/es\/\" target=\"_blank\" rel=\"nofollow\"><img loading=\"lazy\" decoding=\"async\" width=\"202\" height=\"249\" src=\"https:\/\/www.fiscaliadecuentas.gob.pa\/wp-content\/uploads\/2021\/08\/WDL_logo.jpg\" class=\"attachment-full size-full\" alt=\"\" \/><\/a><\/figure><div class=\"elementor-image-box-content\"><h3 class=\"elementor-image-box-title\"><a href=\"https:\/\/www.wdl.org\/es\/\" target=\"_blank\" rel=\"nofollow\">Biblioteca Digital Mundial<\/a><\/h3><p class=\"elementor-image-box-description\"><p style=\"text-align:justify;\">La Biblioteca Digital Mundial pone a disposici\u00f3n en Internet, de manera gratuita y en formato multiling\u00fce, importantes materiales fundamentales de culturas de todo el mundo.<\/p>\n\n<\/p><\/div><\/div>\t\t<\/div>\n\t\t\t\t<\/div>\n\t\t\t\t\t\t<\/div>\n\t\t\t\t\t<\/div>\n\t\t<\/div>\n\t\t\t\t\t\t\t\t<\/div>\n\t\t\t\t\t<\/div>\n\t\t<\/section>\n\t\t\t\t<section class=\"elementor-section elementor-top-section elementor-element elementor-element-19e129be elementor-section-boxed elementor-section-height-default elementor-section-height-default\" data-id=\"19e129be\" data-element_type=\"section\">\n\t\t\t\t\t\t<div class=\"elementor-container elementor-column-gap-default\">\n\t\t\t\t\t\t\t<div class=\"elementor-row\">\n\t\t\t\t\t<div class=\"elementor-column elementor-col-100 elementor-top-column elementor-element elementor-element-31f1c3e4\" data-id=\"31f1c3e4\" data-element_type=\"column\">\n\t\t\t<div class=\"elementor-column-wrap elementor-element-populated\">\n\t\t\t\t\t\t\t<div class=\"elementor-widget-wrap\">\n\t\t\t\t\t\t<div class=\"elementor-element elementor-element-6ab3cfb6 elementor-widget elementor-widget-spacer\" data-id=\"6ab3cfb6\" data-element_type=\"widget\" data-widget_type=\"spacer.default\">\n\t\t\t\t<div class=\"elementor-widget-container\">\n\t\t\t\t\t<div class=\"elementor-spacer\">\n\t\t\t<div class=\"elementor-spacer-inner\"><\/div>\n\t\t<\/div>\n\t\t\t\t<\/div>\n\t\t\t\t<\/div>\n\t\t\t\t\t\t<\/div>\n\t\t\t\t\t<\/div>\n\t\t<\/div>\n\t\t\t\t\t\t\t\t<\/div>\n\t\t\t\t\t<\/div>\n\t\t<\/section>\n\t\t\t\t<section class=\"elementor-section elementor-top-section elementor-element elementor-element-1fd1aab6 elementor-section-boxed elementor-section-height-default elementor-section-height-default\" data-id=\"1fd1aab6\" data-element_type=\"section\">\n\t\t\t\t\t\t<div class=\"elementor-container elementor-column-gap-default\">\n\t\t\t\t\t\t\t<div class=\"elementor-row\">\n\t\t\t\t\t<div class=\"elementor-column elementor-col-50 elementor-top-column elementor-element elementor-element-21f44621\" data-id=\"21f44621\" data-element_type=\"column\">\n\t\t\t<div class=\"elementor-column-wrap elementor-element-populated\">\n\t\t\t\t\t\t\t<div class=\"elementor-widget-wrap\">\n\t\t\t\t\t\t<div class=\"elementor-element elementor-element-54f96c7d elementor-position-left elementor-vertical-align-top elementor-widget elementor-widget-image-box\" data-id=\"54f96c7d\" data-element_type=\"widget\" data-widget_type=\"image-box.default\">\n\t\t\t\t<div class=\"elementor-widget-container\">\n\t\t\t<div class=\"elementor-image-box-wrapper\"><figure class=\"elementor-image-box-img\"><a href=\"https:\/\/escuelajudicialpj.poder-judicial.go.cr\/biblioteca-virtual\" target=\"_blank\" rel=\"nofollow\"><img loading=\"lazy\" decoding=\"async\" width=\"536\" height=\"669\" src=\"https:\/\/www.fiscaliadecuentas.gob.pa\/wp-content\/uploads\/2021\/08\/EJ_logo.png\" class=\"attachment-full size-full\" alt=\"\" \/><\/a><\/figure><div class=\"elementor-image-box-content\"><h3 class=\"elementor-image-box-title\"><a href=\"https:\/\/escuelajudicialpj.poder-judicial.go.cr\/biblioteca-virtual\" target=\"_blank\" rel=\"nofollow\">Escuela Judicial de Costa Rica - Biblioteca<\/a><\/h3><p class=\"elementor-image-box-description\"><p style=\"text-align:justify;\">El primer intento formal de capacitaci\u00f3n judicial que se registra tuvo su origen el 13 de octubre de 1964, fecha en que el Alcalde Segundo Civil de San Jos\u00e9, licenciado \u00c9dgar Cervantes Villalta, solicita permiso para impartir un curso de capacitaci\u00f3n judicial dirigido a los auxiliares judiciales y personal de apoyo del despacho. El permiso fue concedido y se inician procesos de capacitaci\u00f3n impulsados por su precursor, don \u00c9dgar Cervantes, con el mismo objetivo actual de mejorar la calidad de la administraci\u00f3n de justicia.<\/p>\n\n<\/p><\/div><\/div>\t\t<\/div>\n\t\t\t\t<\/div>\n\t\t\t\t\t\t<\/div>\n\t\t\t\t\t<\/div>\n\t\t<\/div>\n\t\t\t\t<div class=\"elementor-column elementor-col-50 elementor-top-column elementor-element elementor-element-61140b5d\" data-id=\"61140b5d\" data-element_type=\"column\">\n\t\t\t<div class=\"elementor-column-wrap elementor-element-populated\">\n\t\t\t\t\t\t\t<div class=\"elementor-widget-wrap\">\n\t\t\t\t\t\t<div class=\"elementor-element elementor-element-f3afdd1 elementor-position-left elementor-vertical-align-top elementor-widget elementor-widget-image-box\" data-id=\"f3afdd1\" data-element_type=\"widget\" data-widget_type=\"image-box.default\">\n\t\t\t\t<div class=\"elementor-widget-container\">\n\t\t\t<div class=\"elementor-image-box-wrapper\"><figure class=\"elementor-image-box-img\"><a href=\"https:\/\/www.alcaldiabogota.gov.co\/BJV\/portal\/\" target=\"_blank\" rel=\"nofollow\"><img loading=\"lazy\" decoding=\"async\" width=\"286\" height=\"298\" src=\"https:\/\/www.fiscaliadecuentas.gob.pa\/wp-content\/uploads\/2021\/08\/Alcaldia-Bogota-.jpg\" class=\"attachment-full size-full\" alt=\"\" \/><\/a><\/figure><div class=\"elementor-image-box-content\"><h3 class=\"elementor-image-box-title\"><a href=\"https:\/\/www.alcaldiabogota.gov.co\/BJV\/portal\/\" target=\"_blank\" rel=\"nofollow\">Biblioteca Jur\u00eddica Virtual - Bogot\u00e1 <\/a><\/h3><p class=\"elementor-image-box-description\"><p style=\"text-align:justify;\">Biblioteca Virtual de Bogot\u00e1, de la Secretar\u00eda Jur\u00eddica Alcald\u00eda Mayor de Bogot\u00e1 es una de las bibliotecas de su red distrital, se enmarca en la l\u00ednea moderna de fortalecimiento, modernizaci\u00f3n y articulaci\u00f3n del sistema de bibliotecas p\u00fablicas.  Cuenta con C\u00f3digos y estatutos nacionales y doctrinales; Libros Cl\u00e1sicos, Doctrina Distrital, Biblioteca Disciplinaria Distrital, Estudios e Investigaciones, Filosof\u00eda, Literatura y m\u00e1s<\/p>\n\n<\/p><\/div><\/div>\t\t<\/div>\n\t\t\t\t<\/div>\n\t\t\t\t\t\t<\/div>\n\t\t\t\t\t<\/div>\n\t\t<\/div>\n\t\t\t\t\t\t\t\t<\/div>\n\t\t\t\t\t<\/div>\n\t\t<\/section>\n\t\t\t\t<section class=\"elementor-section elementor-top-section elementor-element elementor-element-5af51a06 elementor-section-boxed elementor-section-height-default elementor-section-height-default\" data-id=\"5af51a06\" data-element_type=\"section\">\n\t\t\t\t\t\t<div class=\"elementor-container elementor-column-gap-default\">\n\t\t\t\t\t\t\t<div class=\"elementor-row\">\n\t\t\t\t\t<div class=\"elementor-column elementor-col-100 elementor-top-column elementor-element elementor-element-24c5ff7d\" data-id=\"24c5ff7d\" data-element_type=\"column\">\n\t\t\t<div class=\"elementor-column-wrap elementor-element-populated\">\n\t\t\t\t\t\t\t<div class=\"elementor-widget-wrap\">\n\t\t\t\t\t\t<div class=\"elementor-element elementor-element-28ddc8cf elementor-widget elementor-widget-spacer\" data-id=\"28ddc8cf\" data-element_type=\"widget\" data-widget_type=\"spacer.default\">\n\t\t\t\t<div class=\"elementor-widget-container\">\n\t\t\t\t\t<div class=\"elementor-spacer\">\n\t\t\t<div class=\"elementor-spacer-inner\"><\/div>\n\t\t<\/div>\n\t\t\t\t<\/div>\n\t\t\t\t<\/div>\n\t\t\t\t\t\t<\/div>\n\t\t\t\t\t<\/div>\n\t\t<\/div>\n\t\t\t\t\t\t\t\t<\/div>\n\t\t\t\t\t<\/div>\n\t\t<\/section>\n\t\t\t\t<section class=\"elementor-section elementor-top-section elementor-element elementor-element-1bf76955 elementor-section-boxed elementor-section-height-default elementor-section-height-default\" data-id=\"1bf76955\" data-element_type=\"section\">\n\t\t\t\t\t\t<div class=\"elementor-container elementor-column-gap-default\">\n\t\t\t\t\t\t\t<div class=\"elementor-row\">\n\t\t\t\t\t<div class=\"elementor-column elementor-col-50 elementor-top-column elementor-element elementor-element-79c7d3b1\" data-id=\"79c7d3b1\" data-element_type=\"column\">\n\t\t\t<div class=\"elementor-column-wrap elementor-element-populated\">\n\t\t\t\t\t\t\t<div class=\"elementor-widget-wrap\">\n\t\t\t\t\t\t<div class=\"elementor-element elementor-element-7a5788df elementor-position-left elementor-vertical-align-top elementor-widget elementor-widget-image-box\" data-id=\"7a5788df\" data-element_type=\"widget\" data-widget_type=\"image-box.default\">\n\t\t\t\t<div class=\"elementor-widget-container\">\n\t\t\t<div class=\"elementor-image-box-wrapper\"><figure class=\"elementor-image-box-img\"><a href=\"https:\/\/www.pj.gov.py\/ebook\/\" target=\"_blank\" rel=\"nofollow\"><img loading=\"lazy\" decoding=\"async\" width=\"125\" height=\"122\" src=\"https:\/\/www.fiscaliadecuentas.gob.pa\/wp-content\/uploads\/2021\/08\/CSJPY_logo.jpg\" class=\"attachment-full size-full\" alt=\"\" \/><\/a><\/figure><div class=\"elementor-image-box-content\"><h3 class=\"elementor-image-box-title\"><a href=\"https:\/\/www.pj.gov.py\/ebook\/\" target=\"_blank\" rel=\"nofollow\">Biblioteca de la Corte Suprema de Justicia - Paraguay <\/a><\/h3><p class=\"elementor-image-box-description\"><p style=\"text-align:justify;\">La Corte Suprema de Justicia, fue creado por Acordada N\u00ba 837 en fecha 20 de agosto del 2013 como una unidad t\u00e9cnica y de apoyo a la labor jurisdiccional, que sustituye a la antigua estructura de la Divisi\u00f3n de Investigaci\u00f3n, Legislaci\u00f3n y Publicaciones (DILP). El IIJ asume las funciones espec\u00edficas de investigaci\u00f3n, sistematizaci\u00f3n y difusi\u00f3n de informaci\u00f3n judicial para contribuir a la eficiencia de la gesti\u00f3n judicial.<\/p><\/p><\/div><\/div>\t\t<\/div>\n\t\t\t\t<\/div>\n\t\t\t\t\t\t<\/div>\n\t\t\t\t\t<\/div>\n\t\t<\/div>\n\t\t\t\t<div class=\"elementor-column elementor-col-50 elementor-top-column elementor-element elementor-element-3f1d516e\" data-id=\"3f1d516e\" data-element_type=\"column\">\n\t\t\t<div class=\"elementor-column-wrap elementor-element-populated\">\n\t\t\t\t\t\t\t<div class=\"elementor-widget-wrap\">\n\t\t\t\t\t\t<div class=\"elementor-element elementor-element-5a5972fe elementor-position-left elementor-vertical-align-top elementor-widget elementor-widget-image-box\" data-id=\"5a5972fe\" data-element_type=\"widget\" data-widget_type=\"image-box.default\">\n\t\t\t\t<div class=\"elementor-widget-container\">\n\t\t\t<div class=\"elementor-image-box-wrapper\"><figure class=\"elementor-image-box-img\"><a href=\"https:\/\/biblio.juridicas.unam.mx\/bjv\" target=\"_blank\" rel=\"nofollow\"><img loading=\"lazy\" decoding=\"async\" width=\"683\" height=\"768\" src=\"https:\/\/www.fiscaliadecuentas.gob.pa\/wp-content\/uploads\/2021\/08\/UNAM_logo.png\" class=\"attachment-full size-full\" alt=\"\" \/><\/a><\/figure><div class=\"elementor-image-box-content\"><h3 class=\"elementor-image-box-title\"><a href=\"https:\/\/biblio.juridicas.unam.mx\/bjv\" target=\"_blank\" rel=\"nofollow\">Biblioteca Jur\u00eddica Virtual - UNAM<\/a><\/h3><p class=\"elementor-image-box-description\"><p style=\"text-align:justify;\">La Universidad Nacional Aut\u00f3noma de M\u00e9xico fue fundada el 21 de septiembre de 1551 con el nombre de la Real y Pontificia Universidad de M\u00e9xico. Es la m\u00e1s grande e importante universidad de M\u00e9xico e Iberoam\u00e9rica. Tiene como prop\u00f3sito primordial estar al servicio del pa\u00eds y de la humanidad, formar profesionistas \u00fatiles a la sociedad, organizar y realizar investigaciones, principalmente acerca de las condiciones y problemas nacionales, y extender con la mayor amplitud posible, los beneficios de la cultura.<\/p>\n\n<\/p><\/div><\/div>\t\t<\/div>\n\t\t\t\t<\/div>\n\t\t\t\t\t\t<\/div>\n\t\t\t\t\t<\/div>\n\t\t<\/div>\n\t\t\t\t\t\t\t\t<\/div>\n\t\t\t\t\t<\/div>\n\t\t<\/section>\n\t\t\t\t<section class=\"elementor-section elementor-top-section elementor-element elementor-element-2766dcad elementor-section-boxed elementor-section-height-default elementor-section-height-default\" data-id=\"2766dcad\" data-element_type=\"section\">\n\t\t\t\t\t\t<div class=\"elementor-container elementor-column-gap-default\">\n\t\t\t\t\t\t\t<div class=\"elementor-row\">\n\t\t\t\t\t<div class=\"elementor-column elementor-col-100 elementor-top-column elementor-element elementor-element-5a1dfe5e\" data-id=\"5a1dfe5e\" data-element_type=\"column\">\n\t\t\t<div class=\"elementor-column-wrap elementor-element-populated\">\n\t\t\t\t\t\t\t<div class=\"elementor-widget-wrap\">\n\t\t\t\t\t\t<div class=\"elementor-element elementor-element-7879b687 elementor-widget elementor-widget-spacer\" data-id=\"7879b687\" data-element_type=\"widget\" data-widget_type=\"spacer.default\">\n\t\t\t\t<div class=\"elementor-widget-container\">\n\t\t\t\t\t<div class=\"elementor-spacer\">\n\t\t\t<div class=\"elementor-spacer-inner\"><\/div>\n\t\t<\/div>\n\t\t\t\t<\/div>\n\t\t\t\t<\/div>\n\t\t\t\t\t\t<\/div>\n\t\t\t\t\t<\/div>\n\t\t<\/div>\n\t\t\t\t\t\t\t\t<\/div>\n\t\t\t\t\t<\/div>\n\t\t<\/section>\n\t\t\t\t<section class=\"elementor-section elementor-top-section elementor-element elementor-element-fe720de elementor-section-boxed elementor-section-height-default elementor-section-height-default\" data-id=\"fe720de\" data-element_type=\"section\">\n\t\t\t\t\t\t<div class=\"elementor-container elementor-column-gap-default\">\n\t\t\t\t\t\t\t<div class=\"elementor-row\">\n\t\t\t\t\t<div class=\"elementor-column elementor-col-50 elementor-top-column elementor-element elementor-element-2ae4e3ed\" data-id=\"2ae4e3ed\" data-element_type=\"column\">\n\t\t\t<div class=\"elementor-column-wrap elementor-element-populated\">\n\t\t\t\t\t\t\t<div class=\"elementor-widget-wrap\">\n\t\t\t\t\t\t<div class=\"elementor-element elementor-element-11dee511 elementor-position-left elementor-vertical-align-top elementor-widget elementor-widget-image-box\" data-id=\"11dee511\" data-element_type=\"widget\" data-widget_type=\"image-box.default\">\n\t\t\t\t<div class=\"elementor-widget-container\">\n\t\t\t<div class=\"elementor-image-box-wrapper\"><figure class=\"elementor-image-box-img\"><a href=\"https:\/\/bibliotechnia.com.mx\/\" target=\"_blank\" rel=\"nofollow\"><img loading=\"lazy\" decoding=\"async\" width=\"92\" height=\"64\" src=\"https:\/\/www.fiscaliadecuentas.gob.pa\/wp-content\/uploads\/2021\/08\/biblio_logo.png\" class=\"attachment-full size-full\" alt=\"\" \/><\/a><\/figure><div class=\"elementor-image-box-content\"><h3 class=\"elementor-image-box-title\"><a href=\"https:\/\/bibliotechnia.com.mx\/\" target=\"_blank\" rel=\"nofollow\">Biblio Technia - Libros Electronicos<\/a><\/h3><p class=\"elementor-image-box-description\"><p style=\"text-align:justify;\">Bibliotechnia es una plataforma de libros electr\u00f3nicos en espa\u00f1ol dise\u00f1ada especialmente para bibliotecas digitales de diferentes sectores. Incluye alrededor de 20,000 t\u00edtulos de m\u00e1s de 50 casas editoriales y es proveedor de alrededor de 840 bibliotecas en Am\u00e9rica Latina, con 1.2 millones de usuarios.<\/p><\/p><\/div><\/div>\t\t<\/div>\n\t\t\t\t<\/div>\n\t\t\t\t\t\t<\/div>\n\t\t\t\t\t<\/div>\n\t\t<\/div>\n\t\t\t\t<div class=\"elementor-column elementor-col-50 elementor-top-column elementor-element elementor-element-2798dd52\" data-id=\"2798dd52\" data-element_type=\"column\">\n\t\t\t<div class=\"elementor-column-wrap elementor-element-populated\">\n\t\t\t\t\t\t\t<div class=\"elementor-widget-wrap\">\n\t\t\t\t\t\t<div class=\"elementor-element elementor-element-3916058c elementor-position-left elementor-vertical-align-top elementor-widget elementor-widget-image-box\" data-id=\"3916058c\" data-element_type=\"widget\" data-widget_type=\"image-box.default\">\n\t\t\t\t<div class=\"elementor-widget-container\">\n\t\t\t<div class=\"elementor-image-box-wrapper\"><figure class=\"elementor-image-box-img\"><a href=\"https:\/\/inej.net\/\" target=\"_blank\" rel=\"nofollow\"><img loading=\"lazy\" decoding=\"async\" width=\"514\" height=\"536\" src=\"https:\/\/www.fiscaliadecuentas.gob.pa\/wp-content\/uploads\/2021\/08\/inej_logo.png\" class=\"attachment-full size-full\" alt=\"\" \/><\/a><\/figure><div class=\"elementor-image-box-content\"><h3 class=\"elementor-image-box-title\"><a href=\"https:\/\/inej.net\/\" target=\"_blank\" rel=\"nofollow\">Instituto de Estudio e Investigaci\u00f3n Jur\u00eddica<\/a><\/h3><p class=\"elementor-image-box-description\"><p style=\"text-align:justify;\">El INEJ es una instituci\u00f3n acad\u00e9mica de educaci\u00f3n superior especializada que aporta conocimiento novedoso e innovador de calidad y al m\u00e1s alto nivel, dirigido a profesionales de las diferentes \u00e1reas de las ciencias jur\u00eddicas y disciplinas afines, para contribuir al desarrollo humano, social, econ\u00f3mico y a la gobernabilidad democr\u00e1tica de la naci\u00f3n nicarag\u00fcense y de la regi\u00f3n, a trav\u00e9s de investigaciones cient\u00edficas y estudios de postgrados, con base en los principios que conforman el Estado de Derecho constitucional.<\/p><\/p><\/div><\/div>\t\t<\/div>\n\t\t\t\t<\/div>\n\t\t\t\t\t\t<\/div>\n\t\t\t\t\t<\/div>\n\t\t<\/div>\n\t\t\t\t\t\t\t\t<\/div>\n\t\t\t\t\t<\/div>\n\t\t<\/section>\n\t\t\t\t<section class=\"elementor-section elementor-top-section elementor-element elementor-element-3e44845 elementor-section-boxed elementor-section-height-default elementor-section-height-default\" data-id=\"3e44845\" data-element_type=\"section\">\n\t\t\t\t\t\t<div class=\"elementor-container elementor-column-gap-default\">\n\t\t\t\t\t\t\t<div class=\"elementor-row\">\n\t\t\t\t\t<div class=\"elementor-column elementor-col-100 elementor-top-column elementor-element elementor-element-4157fdba\" data-id=\"4157fdba\" data-element_type=\"column\">\n\t\t\t<div class=\"elementor-column-wrap elementor-element-populated\">\n\t\t\t\t\t\t\t<div class=\"elementor-widget-wrap\">\n\t\t\t\t\t\t<div class=\"elementor-element elementor-element-592e3e9f elementor-widget elementor-widget-spacer\" data-id=\"592e3e9f\" data-element_type=\"widget\" data-widget_type=\"spacer.default\">\n\t\t\t\t<div class=\"elementor-widget-container\">\n\t\t\t\t\t<div class=\"elementor-spacer\">\n\t\t\t<div class=\"elementor-spacer-inner\"><\/div>\n\t\t<\/div>\n\t\t\t\t<\/div>\n\t\t\t\t<\/div>\n\t\t\t\t\t\t<\/div>\n\t\t\t\t\t<\/div>\n\t\t<\/div>\n\t\t\t\t\t\t\t\t<\/div>\n\t\t\t\t\t<\/div>\n\t\t<\/section>\n\t\t\t\t<section class=\"elementor-section elementor-top-section elementor-element elementor-element-b3146ea elementor-section-boxed elementor-section-height-default elementor-section-height-default\" data-id=\"b3146ea\" data-element_type=\"section\">\n\t\t\t\t\t\t<div class=\"elementor-container elementor-column-gap-default\">\n\t\t\t\t\t\t\t<div class=\"elementor-row\">\n\t\t\t\t\t<div class=\"elementor-column elementor-col-50 elementor-top-column elementor-element elementor-element-68b544a5\" data-id=\"68b544a5\" data-element_type=\"column\">\n\t\t\t<div class=\"elementor-column-wrap elementor-element-populated\">\n\t\t\t\t\t\t\t<div class=\"elementor-widget-wrap\">\n\t\t\t\t\t\t<div class=\"elementor-element elementor-element-6d457454 elementor-position-left elementor-vertical-align-top elementor-widget elementor-widget-image-box\" data-id=\"6d457454\" data-element_type=\"widget\" data-widget_type=\"image-box.default\">\n\t\t\t\t<div class=\"elementor-widget-container\">\n\t\t\t<div class=\"elementor-image-box-wrapper\"><figure class=\"elementor-image-box-img\"><a href=\"https:\/\/bibliotecas.uc.cl\/\" target=\"_blank\" rel=\"nofollow\"><img loading=\"lazy\" decoding=\"async\" width=\"199\" height=\"271\" src=\"https:\/\/www.fiscaliadecuentas.gob.pa\/wp-content\/uploads\/2021\/08\/UC_logo.png\" class=\"attachment-full size-full\" alt=\"\" \/><\/a><\/figure><div class=\"elementor-image-box-content\"><h3 class=\"elementor-image-box-title\"><a href=\"https:\/\/bibliotecas.uc.cl\/\" target=\"_blank\" rel=\"nofollow\">Pontifica Universidad Cat\u00f3lica de Chile - Biblioteca<\/a><\/h3><p class=\"elementor-image-box-description\"><p style=\"text-align:justify;\">Son un sistema de servicios y recursos integrados de informaci\u00f3n, compuesto por 11 bibliotecas. que Dependen de la Prorrector\u00eda de su \nuniversidad y se relacionan con las distintas Facultades a trav\u00e9s de la entrega de colecciones y servicios diferenciados.<\/p><\/p><\/div><\/div>\t\t<\/div>\n\t\t\t\t<\/div>\n\t\t\t\t\t\t<\/div>\n\t\t\t\t\t<\/div>\n\t\t<\/div>\n\t\t\t\t<div class=\"elementor-column elementor-col-50 elementor-top-column elementor-element elementor-element-355ccf4\" data-id=\"355ccf4\" data-element_type=\"column\">\n\t\t\t<div class=\"elementor-column-wrap elementor-element-populated\">\n\t\t\t\t\t\t\t<div class=\"elementor-widget-wrap\">\n\t\t\t\t\t\t<div class=\"elementor-element elementor-element-5ce2f6a0 elementor-position-left elementor-vertical-align-top elementor-widget elementor-widget-image-box\" data-id=\"5ce2f6a0\" data-element_type=\"widget\" data-widget_type=\"image-box.default\">\n\t\t\t\t<div class=\"elementor-widget-container\">\n\t\t\t<div class=\"elementor-image-box-wrapper\"><figure class=\"elementor-image-box-img\"><a href=\"https:\/\/www.corteidh.or.cr\/index.cfm?lang\" target=\"_blank\" rel=\"nofollow\"><img loading=\"lazy\" decoding=\"async\" width=\"640\" height=\"640\" src=\"https:\/\/www.fiscaliadecuentas.gob.pa\/wp-content\/uploads\/2021\/08\/corteidh_logo.png\" class=\"attachment-full size-full\" alt=\"\" \/><\/a><\/figure><div class=\"elementor-image-box-content\"><h3 class=\"elementor-image-box-title\"><a href=\"https:\/\/www.corteidh.or.cr\/index.cfm?lang\" target=\"_blank\" rel=\"nofollow\">Corte Interamericana de Derechos Humanos - Biblioteca<\/a><\/h3><p class=\"elementor-image-box-description\"><p style=\"text-align:justify;\">La Corte Interamericana es uno de los tres tribunales regionales de protecci\u00f3n de los derechos humanos, conjuntamente con la Corte Europea de Derechos Humanos y la Corte Africana de Derechos Humanos y de los Pueblos. Es una instituci\u00f3n judicial aut\u00f3noma cuyo objetivo es aplicar e interpretar la Convenci\u00f3n Americana. <\/p><\/p><\/div><\/div>\t\t<\/div>\n\t\t\t\t<\/div>\n\t\t\t\t\t\t<\/div>\n\t\t\t\t\t<\/div>\n\t\t<\/div>\n\t\t\t\t\t\t\t\t<\/div>\n\t\t\t\t\t<\/div>\n\t\t<\/section>\n\t\t\t\t<section class=\"elementor-section elementor-top-section elementor-element elementor-element-e4c5d9d elementor-section-boxed elementor-section-height-default elementor-section-height-default\" data-id=\"e4c5d9d\" data-element_type=\"section\">\n\t\t\t\t\t\t<div class=\"elementor-container elementor-column-gap-default\">\n\t\t\t\t\t\t\t<div class=\"elementor-row\">\n\t\t\t\t\t<div class=\"elementor-column elementor-col-100 elementor-top-column elementor-element elementor-element-3619771\" data-id=\"3619771\" data-element_type=\"column\">\n\t\t\t<div class=\"elementor-column-wrap elementor-element-populated\">\n\t\t\t\t\t\t\t<div class=\"elementor-widget-wrap\">\n\t\t\t\t\t\t<div class=\"elementor-element elementor-element-e866107 elementor-widget elementor-widget-spacer\" data-id=\"e866107\" data-element_type=\"widget\" data-widget_type=\"spacer.default\">\n\t\t\t\t<div class=\"elementor-widget-container\">\n\t\t\t\t\t<div class=\"elementor-spacer\">\n\t\t\t<div class=\"elementor-spacer-inner\"><\/div>\n\t\t<\/div>\n\t\t\t\t<\/div>\n\t\t\t\t<\/div>\n\t\t\t\t\t\t<\/div>\n\t\t\t\t\t<\/div>\n\t\t<\/div>\n\t\t\t\t\t\t\t\t<\/div>\n\t\t\t\t\t<\/div>\n\t\t<\/section>\n\t\t\t\t<section class=\"elementor-section elementor-top-section elementor-element elementor-element-eb36db9 elementor-section-boxed elementor-section-height-default elementor-section-height-default\" data-id=\"eb36db9\" data-element_type=\"section\">\n\t\t\t\t\t\t<div class=\"elementor-container elementor-column-gap-default\">\n\t\t\t\t\t\t\t<div class=\"elementor-row\">\n\t\t\t\t\t<div class=\"elementor-column elementor-col-100 elementor-top-column elementor-element elementor-element-5023561\" data-id=\"5023561\" data-element_type=\"column\">\n\t\t\t<div class=\"elementor-column-wrap elementor-element-populated\">\n\t\t\t\t\t\t\t<div class=\"elementor-widget-wrap\">\n\t\t\t\t\t\t<section class=\"elementor-section elementor-inner-section elementor-element elementor-element-0505ebb elementor-section-boxed elementor-section-height-default elementor-section-height-default\" data-id=\"0505ebb\" data-element_type=\"section\">\n\t\t\t\t\t\t<div class=\"elementor-container elementor-column-gap-default\">\n\t\t\t\t\t\t\t<div class=\"elementor-row\">\n\t\t\t\t\t<div class=\"elementor-column elementor-col-50 elementor-inner-column elementor-element elementor-element-8e0d98c\" data-id=\"8e0d98c\" data-element_type=\"column\">\n\t\t\t<div class=\"elementor-column-wrap elementor-element-populated\">\n\t\t\t\t\t\t\t<div class=\"elementor-widget-wrap\">\n\t\t\t\t\t\t<div class=\"elementor-element elementor-element-078f8e4 elementor-position-left elementor-vertical-align-top elementor-widget elementor-widget-image-box\" data-id=\"078f8e4\" data-element_type=\"widget\" data-widget_type=\"image-box.default\">\n\t\t\t\t<div class=\"elementor-widget-container\">\n\t\t\t<div class=\"elementor-image-box-wrapper\"><figure class=\"elementor-image-box-img\"><a href=\"https:\/\/clad.org\/escuela\/publicaciones-escuela-clad\/experiencias\"><img loading=\"lazy\" decoding=\"async\" width=\"225\" height=\"225\" src=\"https:\/\/www.fiscaliadecuentas.gob.pa\/wp-content\/uploads\/2021\/10\/clad3.jpg\" class=\"attachment-full size-full\" alt=\"\" \/><\/a><\/figure><div class=\"elementor-image-box-content\"><h3 class=\"elementor-image-box-title\"><a href=\"https:\/\/clad.org\/escuela\/publicaciones-escuela-clad\/experiencias\">Experiencias #EscuelaCLAD - Centro Latinoamericano de Administraci\u00f3n para el Desarrollo<\/a><\/h3><p class=\"elementor-image-box-description\"><p style=\"text-align:justify;\">Es una colecci\u00f3n de libros de los cursos propios de la Escuela del CLAD, constituidos por art\u00edculos in\u00e9ditos de los docentes especialistas en los temas correspondientes, junto a los res\u00famenes de los mejores trabajos finales presentados por los alumnos. Tambi\u00e9n se incorporan papers de relevancia que sobre los temas han desarrollado especialistas y que hayan sido presentados en congresos internacionales del CLAD<\/p><\/p><\/div><\/div>\t\t<\/div>\n\t\t\t\t<\/div>\n\t\t\t\t\t\t<\/div>\n\t\t\t\t\t<\/div>\n\t\t<\/div>\n\t\t\t\t<div class=\"elementor-column elementor-col-50 elementor-inner-column elementor-element elementor-element-afeb864\" data-id=\"afeb864\" data-element_type=\"column\">\n\t\t\t<div class=\"elementor-column-wrap elementor-element-populated\">\n\t\t\t\t\t\t\t<div class=\"elementor-widget-wrap\">\n\t\t\t\t\t\t<div class=\"elementor-element elementor-element-b23bc0f elementor-position-left elementor-vertical-align-top elementor-widget elementor-widget-image-box\" data-id=\"b23bc0f\" data-element_type=\"widget\" data-widget_type=\"image-box.default\">\n\t\t\t\t<div class=\"elementor-widget-container\">\n\t\t\t<div class=\"elementor-image-box-wrapper\"><figure class=\"elementor-image-box-img\"><a href=\"https:\/\/compendio.panamacompra.gob.pa\/\"><img loading=\"lazy\" decoding=\"async\" width=\"200\" height=\"200\" src=\"https:\/\/www.fiscaliadecuentas.gob.pa\/wp-content\/uploads\/2022\/07\/panama_compra.png\" class=\"attachment-full size-full\" alt=\"\" \/><\/a><\/figure><div class=\"elementor-image-box-content\"><h3 class=\"elementor-image-box-title\"><a href=\"https:\/\/compendio.panamacompra.gob.pa\/\">Biblioteca Sistematizada -  Direcci\u00f3n General de Contrataciones P\u00fablicas<\/a><\/h3><p class=\"elementor-image-box-description\"><p style=\"text-align:justify;\">La Biblioteca de Resoluciones de la Direcci\u00f3n General de Contrataciones P\u00fablicas es una herramienta electr\u00f3nica implementada con el prop\u00f3sito de facilitar el acceso, por parte de los usuarios del Sistema Electr\u00f3nico de Contrataciones P\u00fablicas \u201cPanamaCompra\u201d y de la ciudadan\u00eda en general, a los criterios y pronunciamientos emitidos al resolver Acciones de Reclamo presentadas dentro de los Procedimientos de Selecci\u00f3n de Contratistas regidos por la Ley 22 de 27 de junio de 2006.<\/p><\/p><\/div><\/div>\t\t<\/div>\n\t\t\t\t<\/div>\n\t\t\t\t\t\t<\/div>\n\t\t\t\t\t<\/div>\n\t\t<\/div>\n\t\t\t\t\t\t\t\t<\/div>\n\t\t\t\t\t<\/div>\n\t\t<\/section>\n\t\t\t\t\t\t<\/div>\n\t\t\t\t\t<\/div>\n\t\t<\/div>\n\t\t\t\t\t\t\t\t<\/div>\n\t\t\t\t\t<\/div>\n\t\t<\/section>\n\t\t\t\t<section class=\"elementor-section elementor-top-section elementor-element elementor-element-7d04c7ab elementor-section-boxed elementor-section-height-default elementor-section-height-default\" data-id=\"7d04c7ab\" data-element_type=\"section\">\n\t\t\t\t\t\t<div class=\"elementor-container elementor-column-gap-default\">\n\t\t\t\t\t\t\t<div class=\"elementor-row\">\n\t\t\t\t\t<div class=\"elementor-column elementor-col-100 elementor-top-column elementor-element elementor-element-7561929b\" data-id=\"7561929b\" data-element_type=\"column\">\n\t\t\t<div class=\"elementor-column-wrap elementor-element-populated\">\n\t\t\t\t\t\t\t<div class=\"elementor-widget-wrap\">\n\t\t\t\t\t\t<div class=\"elementor-element elementor-element-eba14e8 elementor-widget elementor-widget-spacer\" data-id=\"eba14e8\" data-element_type=\"widget\" data-widget_type=\"spacer.default\">\n\t\t\t\t<div class=\"elementor-widget-container\">\n\t\t\t\t\t<div class=\"elementor-spacer\">\n\t\t\t<div class=\"elementor-spacer-inner\"><\/div>\n\t\t<\/div>\n\t\t\t\t<\/div>\n\t\t\t\t<\/div>\n\t\t\t\t\t\t<\/div>\n\t\t\t\t\t<\/div>\n\t\t<\/div>\n\t\t\t\t\t\t\t\t<\/div>\n\t\t\t\t\t<\/div>\n\t\t<\/section>\n\t\t\t\t<section class=\"elementor-section elementor-top-section elementor-element elementor-element-4f52d24f elementor-section-boxed elementor-section-height-default elementor-section-height-default\" data-id=\"4f52d24f\" data-element_type=\"section\">\n\t\t\t\t\t\t<div class=\"elementor-container elementor-column-gap-default\">\n\t\t\t\t\t\t\t<div class=\"elementor-row\">\n\t\t\t\t\t<div class=\"elementor-column elementor-col-50 elementor-top-column elementor-element elementor-element-5a2f8fb4\" data-id=\"5a2f8fb4\" data-element_type=\"column\">\n\t\t\t<div class=\"elementor-column-wrap elementor-element-populated\">\n\t\t\t\t\t\t\t<div class=\"elementor-widget-wrap\">\n\t\t\t\t\t\t<div class=\"elementor-element elementor-element-25cc7ef0 elementor-widget elementor-widget-html\" data-id=\"25cc7ef0\" data-element_type=\"widget\" data-widget_type=\"html.default\">\n\t\t\t\t<div class=\"elementor-widget-container\">\n\t\t\t<h3>Cont\u00e1ctenos<\/h3>\r\n<p><strong><i class=\"fa fa-map-marker\" style=\"font-size:15px;\"><\/i> Direcci\u00f3n:<\/strong>V\u00eda Espa\u00f1a, Avenida Samuel Lewis, Corregimiento de Bella Vista, Edificio N.\u00b0 8, a un costado de la Notar\u00eda Duod\u00e9cima de Panam\u00e1.<\/p>\r\n<p><strong><i class=\"fa fa-phone-square\" style=\"font-size:15px\"><\/i> Central Telef\u00f3nica:<\/strong>\r\n  (507)506-2000<\/p>\r\n<strong><i class=\"fa fa-envelope\" style=\"font-size:15px\"><\/i> Correo:<\/strong><a href=\"mailto:info@fiscaliadecuentas.gob.pa\"> info@fiscaliadecuentas.gob.pa<\/a>\t\t<\/div>\n\t\t\t\t<\/div>\n\t\t\t\t\t\t<\/div>\n\t\t\t\t\t<\/div>\n\t\t<\/div>\n\t\t\t\t<div class=\"elementor-column elementor-col-50 elementor-top-column elementor-element elementor-element-16600995\" data-id=\"16600995\" data-element_type=\"column\">\n\t\t\t<div class=\"elementor-column-wrap\">\n\t\t\t\t\t\t\t<div class=\"elementor-widget-wrap\">\n\t\t\t\t\t\t\t\t<\/div>\n\t\t\t\t\t<\/div>\n\t\t<\/div>\n\t\t\t\t\t\t\t\t<\/div>\n\t\t\t\t\t<\/div>\n\t\t<\/section>\n\t\t\t\t\t\t<\/div>\n\t\t\t\t\t\t<\/div>\n\t\t\t\t\t<\/div>\n\t\t","protected":false},"excerpt":{"rendered":"<p>[layerslider id=\u00bb4&#8243;] Universidad Externado de Colombia &#8211; Biblioteca La Universidad fue fundada por el joven jurista y educador Nicol\u00e1s Pinz\u00f3n Warlosten, quien, con el apoyo de un grupo de ilustres [&hellip;]<\/p>\n","protected":false},"author":9,"featured_media":0,"parent":7730,"menu_order":0,"comment_status":"closed","ping_status":"closed","template":"","meta":{"_EventAllDay":false,"_EventTimezone":"","_EventStartDate":"","_EventEndDate":"","_EventStartDateUTC":"","_EventEndDateUTC":"","_EventShowMap":false,"_EventShowMapLink":false,"_EventURL":"","_EventCost":"","_EventCostDescription":"","_EventCurrencySymbol":"","_EventCurrencyCode":"","_EventCurrencyPosition":"","_EventDateTimeSeparator":"","_EventTimeRangeSeparator":"","_EventOrganizerID":[],"_EventVenueID":[],"_OrganizerEmail":"","_OrganizerPhone":"","_OrganizerWebsite":"","_VenueAddress":"","_VenueCity":"","_VenueCountry":"","_VenueProvince":"","_VenueState":"","_VenueZip":"","_VenuePhone":"","_VenueURL":"","_VenueStateProvince":"","_VenueLat":"","_VenueLng":"","_VenueShowMap":false,"_VenueShowMapLink":false,"footnotes":""},"class_list":["post-17564","page","type-page","status-publish","hentry"],"_links":{"self":[{"href":"https:\/\/www.fiscaliadecuentas.gob.pa\/index.php?rest_route=\/wp\/v2\/pages\/17564","targetHints":{"allow":["GET"]}}],"collection":[{"href":"https:\/\/www.fiscaliadecuentas.gob.pa\/index.php?rest_route=\/wp\/v2\/pages"}],"about":[{"href":"https:\/\/www.fiscaliadecuentas.gob.pa\/index.php?rest_route=\/wp\/v2\/types\/page"}],"author":[{"embeddable":true,"href":"https:\/\/www.fiscaliadecuentas.gob.pa\/index.php?rest_route=\/wp\/v2\/users\/9"}],"replies":[{"embeddable":true,"href":"https:\/\/www.fiscaliadecuentas.gob.pa\/index.php?rest_route=%2Fwp%2Fv2%2Fcomments&post=17564"}],"version-history":[{"count":145,"href":"https:\/\/www.fiscaliadecuentas.gob.pa\/index.php?rest_route=\/wp\/v2\/pages\/17564\/revisions"}],"predecessor-version":[{"id":29710,"href":"https:\/\/www.fiscaliadecuentas.gob.pa\/index.php?rest_route=\/wp\/v2\/pages\/17564\/revisions\/29710"}],"up":[{"embeddable":true,"href":"https:\/\/www.fiscaliadecuentas.gob.pa\/index.php?rest_route=\/wp\/v2\/pages\/7730"}],"wp:attachment":[{"href":"https:\/\/www.fiscaliadecuentas.gob.pa\/index.php?rest_route=%2Fwp%2Fv2%2Fmedia&parent=17564"}],"curies":[{"name":"wp","href":"https:\/\/api.w.org\/{rel}","templated":true}]}}