{"id":17907,"date":"2021-08-18T17:07:11","date_gmt":"2021-08-18T22:07:11","guid":{"rendered":"https:\/\/www.fiscaliadecuentas.gob.pa\/?page_id=17907"},"modified":"2022-11-29T11:03:55","modified_gmt":"2022-11-29T16:03:55","slug":"torneo-de-debate-pro-cultura-de-legalidad","status":"publish","type":"page","link":"https:\/\/www.fiscaliadecuentas.gob.pa\/?page_id=17907","title":{"rendered":"Torneo de Debate Pro Cultura de Legalidad"},"content":{"rendered":"<div id='layer_slider_1'  class='avia-layerslider main_color avia-shadow  avia-builder-el-0  el_before_av_textblock  avia-builder-el-first  container_wrap sidebar_right'  style='height: 451px;'  ><\/div><div id='after_layer_slider_1'  class='main_color av_default_container_wrap container_wrap sidebar_right'  ><div class='container av-section-cont-open' ><div class='template-page content  av-content-small alpha units'><div class='post-entry post-entry-type-page post-entry-17907'><div class='entry-content-wrapper clearfix'>\n<section  class='av_textblock_section av-ksi1xd7r-5a374ddce6971295cf10a57a3b9124e3 '   itemscope=\"itemscope\" itemtype=\"https:\/\/schema.org\/CreativeWork\" ><div class='avia_textblock'  itemprop=\"text\" ><h1 style=\"color: #7a7a7a; font-size: 38px; text-align: center; font-style: Sans-serif; text-shadow: 0px 0px 10px rgba(0, 0, 0, 0.3);\"><strong>Torneo de Debate Pro Cultura de Legalidad<\/strong><\/h1>\n<\/div><\/section>\n<div  class='hr av-qdgc7n-7c219e6886874f06982c86c92a4c5d72 hr-default  avia-builder-el-2  el_after_av_textblock  el_before_av_iconlist '><span class='hr-inner '><span class=\"hr-inner-style\"><\/span><\/span><\/div>\n<div  class='avia-icon-list-container av-l5u0301y-ad863140a484f606c229345d233c787f  avia-builder-el-3  el_after_av_hr  el_before_av_tab_section  avia-builder-el-last '><ul class='avia-icon-list avia_animate_when_almost_visible avia-icon-list-left av-iconlist-big av-l5u0301y-ad863140a484f606c229345d233c787f avia-iconlist-animate'>\n<li><div class='iconlist_icon av-l5u02z9p-e04f71c217959d03ceca13bad96056de avia-font-fontawesome avia-iconfont avia-font-fontawesome'><span class='av-icon-char' data-av_icon='\uf1c1' data-av_iconfont='fontawesome' aria-hidden=\"true\"><\/span><\/div><article class=\"article-icon-entry \"  itemscope=\"itemscope\" itemtype=\"https:\/\/schema.org\/CreativeWork\" ><div class=\"iconlist_content_wrap\"><header class=\"entry-content-header\" aria-label=\"Icon: &lt;a href=&#039;https:\/\/www.fiscaliadecuentas.gob.pa\/wp-content\/uploads\/2020\/09\/FGC_Codigo_de_Etica.pdf&#039; title=&#039;RESOLUCI\u00d3N N\u00b0058-20 DEL 3 DE SEPTIEMBRE DE 2020: POR LA CUAL SE ADOPTA EL C\u00d3DIGO DE \u00c9TICA DE LA FGC \u2013 GACETA 29113&#039; target=&quot;_blank&quot;  rel=&quot;noopener noreferrer&quot;&gt;RESOLUCI\u00d3N N\u00b0058-20 DEL 3 DE SEPTIEMBRE DE 2020: POR LA CUAL SE ADOPTA EL C\u00d3DIGO DE \u00c9TICA DE LA FGC \u2013 GACETA 29113&lt;\/a&gt;\"><h4 class='av_iconlist_title iconlist_title  '  itemprop=\"headline\" ><a href='https:\/\/www.fiscaliadecuentas.gob.pa\/wp-content\/uploads\/2020\/09\/FGC_Codigo_de_Etica.pdf' title='RESOLUCI\u00d3N N\u00b0058-20 DEL 3 DE SEPTIEMBRE DE 2020: POR LA CUAL SE ADOPTA EL C\u00d3DIGO DE \u00c9TICA DE LA FGC \u2013 GACETA 29113' target=\"_blank\"  rel=\"noopener noreferrer\">RESOLUCI\u00d3N N\u00b0058-20 DEL 3 DE SEPTIEMBRE DE 2020: POR LA CUAL SE ADOPTA EL C\u00d3DIGO DE \u00c9TICA DE LA FGC \u2013 GACETA 29113<\/a><\/h4><\/header><div class='iconlist_content '  itemprop=\"text\" ><p><a href=\"https:\/\/www.fiscaliadecuentas.gob.pa\/wp-content\/uploads\/2020\/09\/FGC_Codigo_de_Etica.pdf\">C\u00f3digo de \u00c9tica de la FGC.<\/a><\/p>\n<\/div><\/div><footer class=\"entry-footer\"><\/footer><\/article><div class=\"iconlist-timeline\"><\/div><\/li>\n<li><div class='iconlist_icon av-17wlylv-b4e61721b4ccad3f59a2e4d7c24f4cba avia-font-fontawesome avia-iconfont avia-font-fontawesome'><span class='av-icon-char' data-av_icon='\uf1c1' data-av_iconfont='fontawesome' aria-hidden=\"true\"><\/span><\/div><article class=\"article-icon-entry \"  itemscope=\"itemscope\" itemtype=\"https:\/\/schema.org\/CreativeWork\" ><div class=\"iconlist_content_wrap\"><header class=\"entry-content-header\" aria-label=\"Icon: &lt;a href=&#039;https:\/\/www.fiscaliadecuentas.gob.pa\/wp-content\/uploads\/2021\/08\/CODIGO-UNIFORME-DE-ETICA-DE-LOS-SERVIDORES-PUBLICOS-DECRETO-EJECUTIVO-246-DEL-2004.pdf&#039; title=&#039;DECRETO EJECUTIVO N.\u00b0246 DEL 15 DE SEPTIEMBRE DE 2004 POR EL CUAL SE DICTA EL C\u00d3DIGO UNIFORME DE \u00c9TICA DE LOS SERVIDORES P\u00daBLICOS&#039; target=&quot;_blank&quot;  rel=&quot;noopener noreferrer&quot;&gt;DECRETO EJECUTIVO N.\u00b0246 DEL 15 DE SEPTIEMBRE DE 2004 POR EL CUAL SE DICTA EL C\u00d3DIGO UNIFORME DE \u00c9TICA DE LOS SERVIDORES P\u00daBLICOS&lt;\/a&gt;\"><h4 class='av_iconlist_title iconlist_title  '  itemprop=\"headline\" ><a href='https:\/\/www.fiscaliadecuentas.gob.pa\/wp-content\/uploads\/2021\/08\/CODIGO-UNIFORME-DE-ETICA-DE-LOS-SERVIDORES-PUBLICOS-DECRETO-EJECUTIVO-246-DEL-2004.pdf' title='DECRETO EJECUTIVO N.\u00b0246 DEL 15 DE SEPTIEMBRE DE 2004 POR EL CUAL SE DICTA EL C\u00d3DIGO UNIFORME DE \u00c9TICA DE LOS SERVIDORES P\u00daBLICOS' target=\"_blank\"  rel=\"noopener noreferrer\">DECRETO EJECUTIVO N.\u00b0246 DEL 15 DE SEPTIEMBRE DE 2004 POR EL CUAL SE DICTA EL C\u00d3DIGO UNIFORME DE \u00c9TICA DE LOS SERVIDORES P\u00daBLICOS<\/a><\/h4><\/header><div class='iconlist_content '  itemprop=\"text\" ><p><a href=\"https:\/\/www.fiscaliadecuentas.gob.pa\/wp-content\/uploads\/2021\/08\/CODIGO-UNIFORME-DE-ETICA-DE-LOS-SERVIDORES-PUBLICOS-DECRETO-EJECUTIVO-246-DEL-2004.pdf\">C\u00f3digo Uniforme de \u00c9tica de los Servidores P\u00fablicos.<\/a><\/p>\n<\/div><\/div><footer class=\"entry-footer\"><\/footer><\/article><div class=\"iconlist-timeline\"><\/div><\/li>\n<li><div class='iconlist_icon av-lh5vzn-e9cf9b5227cc3e82d6327e1e369ba641 avia-font-fontawesome avia-iconfont avia-font-fontawesome'><span class='av-icon-char' data-av_icon='\uf1c1' data-av_iconfont='fontawesome' aria-hidden=\"true\"><\/span><\/div><article class=\"article-icon-entry \"  itemscope=\"itemscope\" itemtype=\"https:\/\/schema.org\/CreativeWork\" ><div class=\"iconlist_content_wrap\"><header class=\"entry-content-header\" aria-label=\"Icon: &lt;a href=&#039;https:\/\/www.fiscaliadecuentas.gob.pa\/wp-content\/uploads\/2021\/08\/Convencion-Interamericana-contra-la-Corrupcion.pdf&#039; title=&#039;CONVENCI\u00d3N INTERAMERICANA CONTRA LA CORRUPCI\u00d3N \/ UNIDAD T\u00c9CNICA DE PUBLICACIONES DE LA SECRETAR\u00cdA DE PROGRAMACI\u00d3N Y EVALUACI\u00d3N EDUCATIVA&#039; target=&quot;_blank&quot;  rel=&quot;noopener noreferrer&quot;&gt;CONVENCI\u00d3N INTERAMERICANA CONTRA LA CORRUPCI\u00d3N \/ UNIDAD T\u00c9CNICA DE PUBLICACIONES DE LA SECRETAR\u00cdA DE PROGRAMACI\u00d3N Y EVALUACI\u00d3N EDUCATIVA&lt;\/a&gt;\"><h4 class='av_iconlist_title iconlist_title  '  itemprop=\"headline\" ><a href='https:\/\/www.fiscaliadecuentas.gob.pa\/wp-content\/uploads\/2021\/08\/Convencion-Interamericana-contra-la-Corrupcion.pdf' title='CONVENCI\u00d3N INTERAMERICANA CONTRA LA CORRUPCI\u00d3N \/ UNIDAD T\u00c9CNICA DE PUBLICACIONES DE LA SECRETAR\u00cdA DE PROGRAMACI\u00d3N Y EVALUACI\u00d3N EDUCATIVA' target=\"_blank\"  rel=\"noopener noreferrer\">CONVENCI\u00d3N INTERAMERICANA CONTRA LA CORRUPCI\u00d3N \/ UNIDAD T\u00c9CNICA DE PUBLICACIONES DE LA SECRETAR\u00cdA DE PROGRAMACI\u00d3N Y EVALUACI\u00d3N EDUCATIVA<\/a><\/h4><\/header><div class='iconlist_content '  itemprop=\"text\" ><p><a href=\"https:\/\/www.fiscaliadecuentas.gob.pa\/wp-content\/uploads\/2021\/08\/Convencion-Interamericana-contra-la-Corrupcion.pdf\">Convenci\u00f3n Interamericana contra la Corrupci\u00f3n.<\/a><\/p>\n<\/div><\/div><footer class=\"entry-footer\"><\/footer><\/article><div class=\"iconlist-timeline\"><\/div><\/li>\n<\/ul><\/div>\n\n<style type=\"text\/css\" data-created_by=\"avia_inline_auto\" id=\"style-css-av-4n2pvjn-5af22e8bd95beecad533adff58341c74\">\n.av-tab-section-outer-container.av-4n2pvjn-5af22e8bd95beecad533adff58341c74 .av-tab-section-tab-title-container{\nbackground-color:#d0d0d0;\n}\n#top .av-tab-section-outer-container.av-4n2pvjn-5af22e8bd95beecad533adff58341c74 .av-section-tab-title{\ncolor:#000000;\n}\n<\/style>\n<\/div><\/div><\/div><!-- close content main div --><\/div><\/div><div id='av-tab-section-1'  class='av-tab-section-container entry-content-wrapper main_color av-tab-no-transition av-tab-content-auto  av-tab-above-content  avia-builder-el-4  el_after_av_iconlist  el_before_av_one_half  tab-section-not-first container_wrap sidebar_right'  ><div class='av-tab-section-outer-container av-4n2pvjn-5af22e8bd95beecad533adff58341c74'><div class='av-tab-section-tab-title-container avia-tab-title-padding-default av-custom-tab-color' role='tablist'><a href='#tica' data-av-tab-section-title='1' class='av-section-tab-title av-active-tab-title no-scroll av-4ivdhkj-e832f107970e19a87f5797de71474c8e av-tab-no-icon av-tab-no-image ' role='tab' tabindex='0' aria-controls='av-tab-section-1-1'><span class='av-outer-tab-title'><span class='av-inner-tab-title'>\u00c9TICA<\/span><\/span><span class=\"av-tab-arrow-container\"><span><\/span><\/span><\/a><a href='#cultura-de-legalidad' data-av-tab-section-title='2' class='av-section-tab-title  av-ksqg4t9q-2eb5bafa850bc0678d0950fd5470e859 av-tab-no-icon av-tab-no-image ' role='tab' tabindex='0' aria-controls='av-tab-section-1-2'><span class='av-outer-tab-title'><span class='av-inner-tab-title'>CULTURA DE LEGALIDAD<\/span><\/span><span class=\"av-tab-arrow-container\"><span><\/span><\/span><\/a><a href='#rendicin-de-cuentas' data-av-tab-section-title='3' class='av-section-tab-title  av-ksqgdidf-0279e5aa3a57b6f143f83e9e749b701c av-tab-no-icon av-tab-no-image ' role='tab' tabindex='0' aria-controls='av-tab-section-1-3'><span class='av-outer-tab-title'><span class='av-inner-tab-title'>RENDICI\u00d3N DE CUENTAS<\/span><\/span><span class=\"av-tab-arrow-container\"><span><\/span><\/span><\/a><a href='#traspaso-de-copa-video' data-av-tab-section-title='4' class='av-section-tab-title  av-l1p5c7do-dc04e03f8af13b18aa6b562f2ad32683 av-tab-no-icon av-tab-no-image ' role='tab' tabindex='0' aria-controls='av-tab-section-1-4'><span class='av-outer-tab-title'><span class='av-inner-tab-title'>Traspaso de Copa (VIDEO)<\/span><\/span><span class=\"av-tab-arrow-container\"><span><\/span><\/span><\/a><\/div><div class='avia-slideshow-arrows av-tabsection-arrow' ><a href='#prev' class='prev-slide av_prev_tab_section av-tab-section-slide avia-svg-icon avia-font-svg_entypo-fontello' data-av_svg_icon='left-open-big' data-av_iconset='svg_entypo-fontello' tabindex='-1' title=\"Anterior\"><svg version=\"1.1\" xmlns=\"http:\/\/www.w3.org\/2000\/svg\" width=\"15\" height=\"32\" viewBox=\"0 0 15 32\" preserveAspectRatio=\"xMidYMid meet\" aria-labelledby='av-svg-title-1' aria-describedby='av-svg-desc-1' role=\"graphics-symbol\" aria-hidden=\"true\">\n<title id='av-svg-title-1'>Anterior<\/title>\n<desc id='av-svg-desc-1'>Anterior<\/desc>\n<path d=\"M14.464 27.84q0.832 0.832 0 1.536-0.832 0.832-1.536 0l-12.544-12.608q-0.768-0.768 0-1.6l12.544-12.608q0.704-0.832 1.536 0 0.832 0.704 0 1.536l-11.456 11.904z\"><\/path>\n<\/svg><span class='avia_hidden_link_text'>Anterior<\/span><\/a><a href='#next' class='next-slide av_next_tab_section av-tab-section-slide avia-svg-icon avia-font-svg_entypo-fontello' data-av_svg_icon='right-open-big' data-av_iconset='svg_entypo-fontello' tabindex='-1' title=\"Posterior\"><svg version=\"1.1\" xmlns=\"http:\/\/www.w3.org\/2000\/svg\" width=\"15\" height=\"32\" viewBox=\"0 0 15 32\" preserveAspectRatio=\"xMidYMid meet\" aria-labelledby='av-svg-title-2' aria-describedby='av-svg-desc-2' role=\"graphics-symbol\" aria-hidden=\"true\">\n<title id='av-svg-title-2'>Posterior<\/title>\n<desc id='av-svg-desc-2'>Posterior<\/desc>\n<path d=\"M0.416 27.84l11.456-11.84-11.456-11.904q-0.832-0.832 0-1.536 0.832-0.832 1.536 0l12.544 12.608q0.768 0.832 0 1.6l-12.544 12.608q-0.704 0.832-1.536 0-0.832-0.704 0-1.536z\"><\/path>\n<\/svg><span class='avia_hidden_link_text'>Posterior<\/span><\/a><\/div><div class='av-tab-section-inner-container avia-section-default' style='width:400vw; left:0%;'><span class=\"av_prev_tab_section av_tab_navigation\"><\/span><span class=\"av_next_tab_section av_tab_navigation\"><\/span>\n\n<style type=\"text\/css\" data-created_by=\"avia_inline_auto\" id=\"style-css-av-4ivdhkj-e832f107970e19a87f5797de71474c8e\">\n.av-layout-tab.av-4ivdhkj-e832f107970e19a87f5797de71474c8e{\nvertical-align:top;\n}\n<\/style>\n<div id='av-tab-section-1-1' class='av-layout-tab av-4ivdhkj-e832f107970e19a87f5797de71474c8e av-animation-delay-container  avia-builder-el-5  el_before_av_tab_sub_section  avia-builder-el-first  av-active-tab-content __av_init_open ' data-av-deeplink-tabs=\"\" data-av-tab-section-content=\"1\" data-tab-section-id=\"tica\"><div class=\"av-layout-tab-inner\"><div class=\"container\"><div  class='avia-icon-list-container av-ksqmiara-5642b9088812c068f34652d832c475b3  avia-builder-el-6  avia-builder-el-no-sibling '><ul class='avia-icon-list avia_animate_when_almost_visible avia-icon-list-left av-iconlist-big av-ksqmiara-5642b9088812c068f34652d832c475b3 avia-iconlist-animate'>\n<li><div class='iconlist_icon av-4zw93oz-036006854bac3b7b4b8d051722502438 avia-font-fontawesome avia-iconfont avia-font-fontawesome'><span class='av-icon-char' data-av_icon='\uf1c1' data-av_iconfont='fontawesome' aria-hidden=\"true\"><\/span><\/div><article class=\"article-icon-entry \"  itemscope=\"itemscope\" itemtype=\"https:\/\/schema.org\/CreativeWork\" ><div class=\"iconlist_content_wrap\"><header class=\"entry-content-header\" aria-label=\"Icon: FORMACI\u00d3N \u00c9TICA Y CIUDADANA \/ UNIDAD T\u00c9CNICA DE PUBLICACIONES DE LA SECRETAR\u00cdA DE PROGRAMACI\u00d3N Y EVALUACI\u00d3N EDUCATIVA\"><h4 class='av_iconlist_title iconlist_title  '  itemprop=\"headline\" >FORMACI\u00d3N \u00c9TICA Y CIUDADANA \/ UNIDAD T\u00c9CNICA DE PUBLICACIONES DE LA SECRETAR\u00cdA DE PROGRAMACI\u00d3N Y EVALUACI\u00d3N EDUCATIVA<\/h4><\/header><div class='iconlist_content '  itemprop=\"text\" ><p><a href=\"https:\/\/www.fiscaliadecuentas.gob.pa\/wp-content\/uploads\/2021\/08\/E-Formacion-Etica-y-Ciudadana.pdf\">Formaci\u00f3n \u00c9tica y Ciudadana.<\/a><\/p>\n<\/div><\/div><footer class=\"entry-footer\"><\/footer><\/article><div class=\"iconlist-timeline\"><\/div><\/li>\n<li><div class='iconlist_icon av-4ebaf8z-de06185c154ef108a05dabfd719dd88e avia-font-fontawesome avia-iconfont avia-font-fontawesome'><span class='av-icon-char' data-av_icon='\uf1c1' data-av_iconfont='fontawesome' aria-hidden=\"true\"><\/span><\/div><article class=\"article-icon-entry \"  itemscope=\"itemscope\" itemtype=\"https:\/\/schema.org\/CreativeWork\" ><div class=\"iconlist_content_wrap\"><header class=\"entry-content-header\" aria-label=\"Icon: CONSTRUCCI\u00d3N \u00c9TICA DE LA CIUDADAN\u00cdA EN LA ACTUALIDAD \/ ANTONIO BERNAL GUERRERO, VICENT GOZ\u00c1LVEZ P\u00c9REZ, MARTA BURGUET ARFELIS\"><h4 class='av_iconlist_title iconlist_title  '  itemprop=\"headline\" >CONSTRUCCI\u00d3N \u00c9TICA DE LA CIUDADAN\u00cdA EN LA ACTUALIDAD \/ ANTONIO BERNAL GUERRERO, VICENT GOZ\u00c1LVEZ P\u00c9REZ, MARTA BURGUET ARFELIS<\/h4><\/header><div class='iconlist_content '  itemprop=\"text\" ><p><a href=\"https:\/\/www.fiscaliadecuentas.gob.pa\/wp-content\/uploads\/2021\/08\/E-Construccion-Etica-de-la-Ciudadania-en-la-Actualidad.pdf\">Construcci\u00f3n \u00c9tica de la Ciudadan\u00eda en la Actualidad.<\/a><\/p>\n<\/div><\/div><footer class=\"entry-footer\"><\/footer><\/article><div class=\"iconlist-timeline\"><\/div><\/li>\n<li><div class='iconlist_icon av-43znng3-e8f807195db4db4a674b5056fe9ad840 avia-font-fontawesome avia-iconfont avia-font-fontawesome'><span class='av-icon-char' data-av_icon='\uf1c1' data-av_iconfont='fontawesome' aria-hidden=\"true\"><\/span><\/div><article class=\"article-icon-entry \"  itemscope=\"itemscope\" itemtype=\"https:\/\/schema.org\/CreativeWork\" ><div class=\"iconlist_content_wrap\"><header class=\"entry-content-header\" aria-label=\"Icon: QU\u00c9 ES LA \u00c9TICA \/ DR. CARLOS PEDRO BLAQUIER\"><h4 class='av_iconlist_title iconlist_title  '  itemprop=\"headline\" >QU\u00c9 ES LA \u00c9TICA \/ DR. CARLOS PEDRO BLAQUIER<\/h4><\/header><div class='iconlist_content '  itemprop=\"text\" ><p><a href=\"https:\/\/www.fiscaliadecuentas.gob.pa\/wp-content\/uploads\/2021\/08\/E-Que-es-la-Etica.pdf\">\u00bfQu\u00e9 es la \u00c9tica?<\/a><\/p>\n<\/div><\/div><footer class=\"entry-footer\"><\/footer><\/article><div class=\"iconlist-timeline\"><\/div><\/li>\n<li><div class='iconlist_icon av-3iig043-c67d62fc5930e51d18c23fa177323eca avia-font-fontawesome avia-iconfont avia-font-fontawesome'><span class='av-icon-char' data-av_icon='\uf1c1' data-av_iconfont='fontawesome' aria-hidden=\"true\"><\/span><\/div><article class=\"article-icon-entry \"  itemscope=\"itemscope\" itemtype=\"https:\/\/schema.org\/CreativeWork\" ><div class=\"iconlist_content_wrap\"><header class=\"entry-content-header\" aria-label=\"Icon: \u00c9TICA Y MORAL. UNA MIRADA DESDE LA GERENCIA P\u00daBLICA. YOLIMAR VILCHEZ\"><h4 class='av_iconlist_title iconlist_title  '  itemprop=\"headline\" >\u00c9TICA Y MORAL. UNA MIRADA DESDE LA GERENCIA P\u00daBLICA. YOLIMAR VILCHEZ<\/h4><\/header><div class='iconlist_content '  itemprop=\"text\" ><p><a href=\"https:\/\/www.fiscaliadecuentas.gob.pa\/wp-content\/uploads\/2021\/08\/E-Etica-y-Moral.-Una-mirada-desde-la-gerencia-publica..pdf\">\u00c9tica y Moral. Una mirada desde la gerencia p\u00fablica.<\/a><\/p>\n<\/div><\/div><footer class=\"entry-footer\"><\/footer><\/article><div class=\"iconlist-timeline\"><\/div><\/li>\n<li><div class='iconlist_icon av-2x1gxf7-47627ae61f30f7221abb05a91c2fb250 avia-font-fontawesome avia-iconfont avia-font-fontawesome'><span class='av-icon-char' data-av_icon='\uf1c1' data-av_iconfont='fontawesome' aria-hidden=\"true\"><\/span><\/div><article class=\"article-icon-entry \"  itemscope=\"itemscope\" itemtype=\"https:\/\/schema.org\/CreativeWork\" ><div class=\"iconlist_content_wrap\"><header class=\"entry-content-header\" aria-label=\"Icon: FILOSOF\u00cdA, VALORES, \u00c9TICA, MORAL E IDENTIDAD\/ LUIS M. MART\u00cdNEZ H., HILDA V. MURILLO M. Y DIANA E. MAT\u00cdNEZ L.\"><h4 class='av_iconlist_title iconlist_title  '  itemprop=\"headline\" >FILOSOF\u00cdA, VALORES, \u00c9TICA, MORAL E IDENTIDAD\/ LUIS M. MART\u00cdNEZ H., HILDA V. MURILLO M. Y DIANA E. MAT\u00cdNEZ L.<\/h4><\/header><div class='iconlist_content '  itemprop=\"text\" ><p><a href=\"https:\/\/www.fiscaliadecuentas.gob.pa\/wp-content\/uploads\/2021\/08\/E-Filosofia-Valores-Etica-Moral-e-Identidad..pdf\">Filosof\u00eda, Valores, \u00c9tica, Moral e Identidad.<\/a><\/p>\n<\/div><\/div><footer class=\"entry-footer\"><\/footer><\/article><div class=\"iconlist-timeline\"><\/div><\/li>\n<\/ul><\/div>\n<\/div><\/div><\/div>\n<style type=\"text\/css\" data-created_by=\"avia_inline_auto\" id=\"style-css-av-ksqg4t9q-2eb5bafa850bc0678d0950fd5470e859\">\n.av-layout-tab.av-ksqg4t9q-2eb5bafa850bc0678d0950fd5470e859{\nvertical-align:top;\n}\n<\/style>\n<div id='av-tab-section-1-2' class='av-layout-tab av-ksqg4t9q-2eb5bafa850bc0678d0950fd5470e859 av-animation-delay-container  avia-builder-el-7  el_after_av_tab_sub_section  el_before_av_tab_sub_section  ' data-av-deeplink-tabs=\"\" data-av-tab-section-content=\"2\" data-tab-section-id=\"cultura-de-legalidad\"><div class=\"av-layout-tab-inner\"><div class=\"container\"><div  class='avia-icon-list-container av-ksqmhlb4-83a835e45cc2e28ef77aec732ff405e3  avia-builder-el-8  avia-builder-el-no-sibling '><ul class='avia-icon-list avia_animate_when_almost_visible avia-icon-list-left av-iconlist-big av-ksqmhlb4-83a835e45cc2e28ef77aec732ff405e3 avia-iconlist-animate'>\n<li><div class='iconlist_icon av-2hwaas3-7f0c842ccd00c4637c9ee74b56923fa0 avia-font-fontawesome avia-iconfont avia-font-fontawesome'><span class='av-icon-char' data-av_icon='\uf1c1' data-av_iconfont='fontawesome' aria-hidden=\"true\"><\/span><\/div><article class=\"article-icon-entry \"  itemscope=\"itemscope\" itemtype=\"https:\/\/schema.org\/CreativeWork\" ><div class=\"iconlist_content_wrap\"><header class=\"entry-content-header\" aria-label=\"Icon: DEMOCRACIA Y (CULTURA DE LA) LEGALIDAD \/ PEDRO SALAZAR UGARTE\"><h4 class='av_iconlist_title iconlist_title  '  itemprop=\"headline\" >DEMOCRACIA Y (CULTURA DE LA) LEGALIDAD \/ PEDRO SALAZAR UGARTE<\/h4><\/header><div class='iconlist_content '  itemprop=\"text\" ><p><a href=\"https:\/\/www.fiscaliadecuentas.gob.pa\/wp-content\/uploads\/2021\/08\/Democracia-y-Cultura-de-la-Legalidad.pdf\">Democracia y (Cultura de la) Legalidad<\/a><\/p>\n<\/div><\/div><footer class=\"entry-footer\"><\/footer><\/article><div class=\"iconlist-timeline\"><\/div><\/li>\n<li><div class='iconlist_icon av-24mwxxv-3bed72d80aa819e3090b613033b2cf59 avia-font-fontawesome avia-iconfont avia-font-fontawesome'><span class='av-icon-char' data-av_icon='\uf1c1' data-av_iconfont='fontawesome' aria-hidden=\"true\"><\/span><\/div><article class=\"article-icon-entry \"  itemscope=\"itemscope\" itemtype=\"https:\/\/schema.org\/CreativeWork\" ><div class=\"iconlist_content_wrap\"><header class=\"entry-content-header\" aria-label=\"Icon: CULTURA DE LA LEGALIDAD EN IBEROAM\u00c9RICA: DESAF\u00cdOS Y EXPERIENCIAS\/ ISABEL WENCES, ROSA CONDE Y ADRI\u00c1N BONILLA\"><h4 class='av_iconlist_title iconlist_title  '  itemprop=\"headline\" >CULTURA DE LA LEGALIDAD EN IBEROAM\u00c9RICA: DESAF\u00cdOS Y EXPERIENCIAS\/ ISABEL WENCES, ROSA CONDE Y ADRI\u00c1N BONILLA<\/h4><\/header><div class='iconlist_content '  itemprop=\"text\" ><p><a href=\"https:\/\/www.fiscaliadecuentas.gob.pa\/wp-content\/uploads\/2021\/08\/Cultura-de-la-Legalidad-en-Iberoamerica-Desafios-y-Experiencias..pdf\">Cultura de la Legalidad en Iberoam\u00e9rica &#8211; Desaf\u00edos y Experiencias.<\/a><\/p>\n<\/div><\/div><footer class=\"entry-footer\"><\/footer><\/article><div class=\"iconlist-timeline\"><\/div><\/li>\n<li><div class='iconlist_icon av-1ogtfsj-0d3a81c9da7a46bc9e63d3a9cfe493f1 avia-font-fontawesome avia-iconfont avia-font-fontawesome'><span class='av-icon-char' data-av_icon='\uf1c1' data-av_iconfont='fontawesome' aria-hidden=\"true\"><\/span><\/div><article class=\"article-icon-entry \"  itemscope=\"itemscope\" itemtype=\"https:\/\/schema.org\/CreativeWork\" ><div class=\"iconlist_content_wrap\"><header class=\"entry-content-header\" aria-label=\"Icon: CULTURA DE LA LEGALIDAD. OPORTUNIDAD PARA CRECER \/ MARIO RAM\u00cdREZ SALAS, FUNBIDE AC.\"><h4 class='av_iconlist_title iconlist_title  '  itemprop=\"headline\" >CULTURA DE LA LEGALIDAD. OPORTUNIDAD PARA CRECER \/ MARIO RAM\u00cdREZ SALAS, FUNBIDE AC.<\/h4><\/header><div class='iconlist_content '  itemprop=\"text\" ><p><a href=\"https:\/\/www.fiscaliadecuentas.gob.pa\/wp-content\/uploads\/2021\/08\/CL-Cultura-de-la-Legalidad.-Oportunidad-para-Crecer.-Cuaderno-de-apoyo.pdf\">Cultura de la Legalidad. Oportunidad para Crecer. Cuaderno de apoyo.<\/a><\/p>\n<\/div><\/div><footer class=\"entry-footer\"><\/footer><\/article><div class=\"iconlist-timeline\"><\/div><\/li>\n<li><div class='iconlist_icon av-1cq3oab-3637f993470a13b38c9723ac3e62148e avia-font-fontawesome avia-iconfont avia-font-fontawesome'><span class='av-icon-char' data-av_icon='\uf1c1' data-av_iconfont='fontawesome' aria-hidden=\"true\"><\/span><\/div><article class=\"article-icon-entry \"  itemscope=\"itemscope\" itemtype=\"https:\/\/schema.org\/CreativeWork\" ><div class=\"iconlist_content_wrap\"><header class=\"entry-content-header\" aria-label=\"Icon: GU\u00cdA PARA DESARROLLAR UNA CULTURA DE LA LEGALIDAD \/ DR. ROY GODSON\"><h4 class='av_iconlist_title iconlist_title  '  itemprop=\"headline\" >GU\u00cdA PARA DESARROLLAR UNA CULTURA DE LA LEGALIDAD \/ DR. ROY GODSON<\/h4><\/header><div class='iconlist_content '  itemprop=\"text\" ><p><a href=\"https:\/\/www.fiscaliadecuentas.gob.pa\/wp-content\/uploads\/2021\/08\/CL-Guia-para-desarrollar-una-Cultura-de-la-Legalidad.pdf\">Gu\u00eda para desarrollar una Cultura de la Legalidad.<\/a><\/p>\n<\/div><\/div><footer class=\"entry-footer\"><\/footer><\/article><div class=\"iconlist-timeline\"><\/div><\/li>\n<li><div class='iconlist_icon av-whqq1f-f3037276c1712182dde346669f7c3381 avia-font-fontawesome avia-iconfont avia-font-fontawesome'><span class='av-icon-char' data-av_icon='\uf1c1' data-av_iconfont='fontawesome' aria-hidden=\"true\"><\/span><\/div><article class=\"article-icon-entry \"  itemscope=\"itemscope\" itemtype=\"https:\/\/schema.org\/CreativeWork\" ><div class=\"iconlist_content_wrap\"><header class=\"entry-content-header\" aria-label=\"Icon: CONFERENCIA CENTROAMERICANA PARA UNA CULTURA DE LA LEGALIDAD \u2013 COSTA RICA \/ SG \u2013 SICA\"><h4 class='av_iconlist_title iconlist_title  '  itemprop=\"headline\" >CONFERENCIA CENTROAMERICANA PARA UNA CULTURA DE LA LEGALIDAD \u2013 COSTA RICA \/ SG \u2013 SICA<\/h4><\/header><div class='iconlist_content '  itemprop=\"text\" ><p><a href=\"https:\/\/www.fiscaliadecuentas.gob.pa\/wp-content\/uploads\/2021\/08\/CL-Conferencia-Centroamericana-para-una-Cultura-de-la-Legalidad-Costa-Rica..pdf\">Conferencia Centroamericana para una Cultura de la Legalidad- Costa Rica.<\/a><\/p>\n<\/div><\/div><footer class=\"entry-footer\"><\/footer><\/article><div class=\"iconlist-timeline\"><\/div><\/li>\n<\/ul><\/div>\n<\/div><\/div><\/div>\n<style type=\"text\/css\" data-created_by=\"avia_inline_auto\" id=\"style-css-av-ksqgdidf-0279e5aa3a57b6f143f83e9e749b701c\">\n.av-layout-tab.av-ksqgdidf-0279e5aa3a57b6f143f83e9e749b701c{\nvertical-align:top;\n}\n<\/style>\n<div id='av-tab-section-1-3' class='av-layout-tab av-ksqgdidf-0279e5aa3a57b6f143f83e9e749b701c av-animation-delay-container  avia-builder-el-9  el_after_av_tab_sub_section  el_before_av_tab_sub_section  ' data-av-deeplink-tabs=\"\" data-av-tab-section-content=\"3\" data-tab-section-id=\"rendicin-de-cuentas\"><div class=\"av-layout-tab-inner\"><div class=\"container\"><div  class='avia-icon-list-container av-kuctyuxf-8435aa45246cf3f12b0757d9f28e3a5e  avia-builder-el-10  avia-builder-el-no-sibling '><ul class='avia-icon-list avia_animate_when_almost_visible avia-icon-list-left av-iconlist-big av-kuctyuxf-8435aa45246cf3f12b0757d9f28e3a5e avia-iconlist-animate'>\n<li><a href='https:\/\/www.fiscaliadecuentas.gob.pa\/wp-content\/uploads\/2021\/08\/RC-Bases-conceptuales-de-la-Rendicion-de-Cuentas-y-el-Rol-de-las-Entidades-de-Fiscalizacion-Superior.pdf' title='BASES CONCEPTUALES DE LA RENDICI\u00d3N DE CUENTAS Y EL ROL DE LAS ENTIDADES DE FISCALIZACI\u00d3N SUPERIOR \/ JIMMY BOLA\u00d1OS GONZ\u00c1LEZ'  target=\"_blank\"  rel=\"noopener noreferrer\" class='iconlist_icon av-kuctysti-0b7f4c18ddf56bad976ee836690a3fae avia-font-fontawesome avia-iconfont avia-font-fontawesome'><span class='av-icon-char' data-av_icon='\uf1c1' data-av_iconfont='fontawesome' aria-hidden=\"true\"><\/span><\/a><article class=\"article-icon-entry \"  itemscope=\"itemscope\" itemtype=\"https:\/\/schema.org\/CreativeWork\" ><div class=\"iconlist_content_wrap\"><header class=\"entry-content-header\" aria-label=\"Icon: &lt;a href=&#039;https:\/\/www.fiscaliadecuentas.gob.pa\/wp-content\/uploads\/2021\/08\/RC-Bases-conceptuales-de-la-Rendicion-de-Cuentas-y-el-Rol-de-las-Entidades-de-Fiscalizacion-Superior.pdf&#039; title=&#039;BASES CONCEPTUALES DE LA RENDICI\u00d3N DE CUENTAS Y EL ROL DE LAS ENTIDADES DE FISCALIZACI\u00d3N SUPERIOR \/ JIMMY BOLA\u00d1OS GONZ\u00c1LEZ&#039; target=&quot;_blank&quot;  rel=&quot;noopener noreferrer&quot;&gt;BASES CONCEPTUALES DE LA RENDICI\u00d3N DE CUENTAS Y EL ROL DE LAS ENTIDADES DE FISCALIZACI\u00d3N SUPERIOR \/ JIMMY BOLA\u00d1OS GONZ\u00c1LEZ&lt;\/a&gt;\"><h4 class='av_iconlist_title iconlist_title  '  itemprop=\"headline\" ><a href='https:\/\/www.fiscaliadecuentas.gob.pa\/wp-content\/uploads\/2021\/08\/RC-Bases-conceptuales-de-la-Rendicion-de-Cuentas-y-el-Rol-de-las-Entidades-de-Fiscalizacion-Superior.pdf' title='BASES CONCEPTUALES DE LA RENDICI\u00d3N DE CUENTAS Y EL ROL DE LAS ENTIDADES DE FISCALIZACI\u00d3N SUPERIOR \/ JIMMY BOLA\u00d1OS GONZ\u00c1LEZ' target=\"_blank\"  rel=\"noopener noreferrer\">BASES CONCEPTUALES DE LA RENDICI\u00d3N DE CUENTAS Y EL ROL DE LAS ENTIDADES DE FISCALIZACI\u00d3N SUPERIOR \/ JIMMY BOLA\u00d1OS GONZ\u00c1LEZ<\/a><\/h4><\/header><div class='iconlist_content '  itemprop=\"text\" ><p><a href=\"https:\/\/www.fiscaliadecuentas.gob.pa\/wp-content\/uploads\/2021\/08\/RC-Bases-conceptuales-de-la-Rendicion-de-Cuentas-y-el-Rol-de-las-Entidades-de-Fiscalizacion-Superior.pdf\">Bases conceptuales de la Rendici\u00f3n de Cuentas y el Rol de las Entidades de Fiscalizaci\u00f3n Superior.<\/a><\/p>\n<\/div><\/div><footer class=\"entry-footer\"><\/footer><\/article><div class=\"iconlist-timeline\"><\/div><\/li>\n<li><div class='iconlist_icon av-4j5uptf-a6c0a442524d9031a8d80efb08c28746 avia-font-fontawesome avia-iconfont avia-font-fontawesome'><span class='av-icon-char' data-av_icon='\uf1c1' data-av_iconfont='fontawesome' aria-hidden=\"true\"><\/span><\/div><article class=\"article-icon-entry \"  itemscope=\"itemscope\" itemtype=\"https:\/\/schema.org\/CreativeWork\" ><div class=\"iconlist_content_wrap\"><header class=\"entry-content-header\" aria-label=\"Icon: TRANSPARENCIA Y RENDICI\u00d3N DE CUENTAS \/ ALEXANDER RUIZ EULER.\"><h4 class='av_iconlist_title iconlist_title  '  itemprop=\"headline\" >TRANSPARENCIA Y RENDICI\u00d3N DE CUENTAS \/ ALEXANDER RUIZ EULER.<\/h4><\/header><div class='iconlist_content '  itemprop=\"text\" ><p><a href=\"https:\/\/www.fiscaliadecuentas.gob.pa\/wp-content\/uploads\/2021\/08\/Transparencia-y-Rendicion-de-Cuentas..pdf\">Transparencia y Rendici\u00f3n de Cuentas.<\/a><\/p>\n<\/div><\/div><footer class=\"entry-footer\"><\/footer><\/article><div class=\"iconlist-timeline\"><\/div><\/li>\n<li><div class='iconlist_icon av-41rvkdv-90e5628cccc16e0316e4ee12fe517cd1 avia-font-fontawesome avia-iconfont avia-font-fontawesome'><span class='av-icon-char' data-av_icon='\uf1c1' data-av_iconfont='fontawesome' aria-hidden=\"true\"><\/span><\/div><article class=\"article-icon-entry \"  itemscope=\"itemscope\" itemtype=\"https:\/\/schema.org\/CreativeWork\" ><div class=\"iconlist_content_wrap\"><header class=\"entry-content-header\" aria-label=\"Icon: DECRETO EJECUTIVO N\u00b0.511\/ QUE ADOPTA LA POL\u00cdTICA P\u00daBLICA DE TRANSPARENCIA DE DATOS ABIERTOS DE GOBIERNO\"><h4 class='av_iconlist_title iconlist_title  '  itemprop=\"headline\" >DECRETO EJECUTIVO N\u00b0.511\/ QUE ADOPTA LA POL\u00cdTICA P\u00daBLICA DE TRANSPARENCIA DE DATOS ABIERTOS DE GOBIERNO<\/h4><\/header><div class='iconlist_content '  itemprop=\"text\" ><p><a href=\"https:\/\/www.fiscaliadecuentas.gob.pa\/wp-content\/uploads\/2021\/08\/RC-Decreto-Ejecutivo-No.511-de-24-de-noviembre-de-2017.pdf\">Decreto Ejecutivo No.511 de 24 de noviembre de 2017.<\/a><\/p>\n<\/div><\/div><footer class=\"entry-footer\"><\/footer><\/article><div class=\"iconlist-timeline\"><\/div><\/li>\n<li><div class='iconlist_icon av-3cmhor7-4a4cd217d543247136116a3201a69bec avia-font-fontawesome avia-iconfont avia-font-fontawesome'><span class='av-icon-char' data-av_icon='\uf1c1' data-av_iconfont='fontawesome' aria-hidden=\"true\"><\/span><\/div><article class=\"article-icon-entry \"  itemscope=\"itemscope\" itemtype=\"https:\/\/schema.org\/CreativeWork\" ><div class=\"iconlist_content_wrap\"><header class=\"entry-content-header\" aria-label=\"Icon: LEY 81 \/ SOBRE PROTECCI\u00d3N DE DATOS PERSONALES\"><h4 class='av_iconlist_title iconlist_title  '  itemprop=\"headline\" >LEY 81 \/ SOBRE PROTECCI\u00d3N DE DATOS PERSONALES<\/h4><\/header><div class='iconlist_content '  itemprop=\"text\" ><p><a href=\"https:\/\/www.fiscaliadecuentas.gob.pa\/wp-content\/uploads\/2021\/08\/RC-Ley-81-de-2019-Proteccion-de-Datos-Personales..pdf\">Ley 81 de 2019 &#8211; Proteccion de Datos Personales.<\/a><\/p>\n<\/div><\/div><footer class=\"entry-footer\"><\/footer><\/article><div class=\"iconlist-timeline\"><\/div><\/li>\n<li><div class='iconlist_icon av-37dipcj-edc1ee5a22f046d30b88ca3bd2bf3ba1 avia-font-fontawesome avia-iconfont avia-font-fontawesome'><span class='av-icon-char' data-av_icon='\uf1c1' data-av_iconfont='fontawesome' aria-hidden=\"true\"><\/span><\/div><article class=\"article-icon-entry \"  itemscope=\"itemscope\" itemtype=\"https:\/\/schema.org\/CreativeWork\" ><div class=\"iconlist_content_wrap\"><header class=\"entry-content-header\" aria-label=\"Icon: MANUAL PARA LA RENDICI\u00d3N DE CUENTAS DEL \u00d3RGANO EJECUTIVO \/ SUBSECRETAR\u00cdA DE TRANSPARENCIA Y ANTICORRUPCI\u00d3N \u2013 REP\u00daBLICA DE EL SALVADOR\"><h4 class='av_iconlist_title iconlist_title  '  itemprop=\"headline\" >MANUAL PARA LA RENDICI\u00d3N DE CUENTAS DEL \u00d3RGANO EJECUTIVO \/ SUBSECRETAR\u00cdA DE TRANSPARENCIA Y ANTICORRUPCI\u00d3N \u2013 REP\u00daBLICA DE EL SALVADOR<\/h4><\/header><div class='iconlist_content '  itemprop=\"text\" ><p><a href=\"https:\/\/www.fiscaliadecuentas.gob.pa\/wp-content\/uploads\/2021\/08\/RC-Manual-para-la-Rendicion-de-Cuentas-del-Organo-Ejecutivo-Republica-de-El-Salvador..pdf\">RC &#8211; Manual para la Rendici\u00f3n de Cuentas del \u00d3rgano Ejecutivo &#8211; Rep\u00fablica de El Salvador.<\/a><\/p>\n<\/div><\/div><footer class=\"entry-footer\"><\/footer><\/article><div class=\"iconlist-timeline\"><\/div><\/li>\n<li><div class='iconlist_icon av-2dhspjn-3e962eb9ae214c486acdb45ee110e84e avia-font-fontawesome avia-iconfont avia-font-fontawesome'><span class='av-icon-char' data-av_icon='\uf1c1' data-av_iconfont='fontawesome' aria-hidden=\"true\"><\/span><\/div><article class=\"article-icon-entry \"  itemscope=\"itemscope\" itemtype=\"https:\/\/schema.org\/CreativeWork\" ><div class=\"iconlist_content_wrap\"><header class=\"entry-content-header\" aria-label=\"Icon: LA RENDICI\u00d3N DE CUENTAS EN M\u00c9XICO: PERSPECTIVA Y RETOS \/ SERGIO L\u00d3PEZ AYLL\u00d3N, MAURICIO MERINO\"><h4 class='av_iconlist_title iconlist_title  '  itemprop=\"headline\" >LA RENDICI\u00d3N DE CUENTAS EN M\u00c9XICO: PERSPECTIVA Y RETOS \/ SERGIO L\u00d3PEZ AYLL\u00d3N, MAURICIO MERINO<\/h4><\/header><div class='iconlist_content '  itemprop=\"text\" ><p><a href=\"https:\/\/www.fiscaliadecuentas.gob.pa\/wp-content\/uploads\/2021\/08\/RC-La-rendicion-de-cuentas-en-Mexico..pdf\">RC &#8211; La rendici\u00f3n de cuentas en M\u00e9xico.<\/a><\/p>\n<\/div><\/div><footer class=\"entry-footer\"><\/footer><\/article><div class=\"iconlist-timeline\"><\/div><\/li>\n<li><div class='iconlist_icon av-26eblv7-b82c39a2cd25ba295070f70608aeb463 avia-font-fontawesome avia-iconfont avia-font-fontawesome'><span class='av-icon-char' data-av_icon='\uf1c1' data-av_iconfont='fontawesome' aria-hidden=\"true\"><\/span><\/div><article class=\"article-icon-entry \"  itemscope=\"itemscope\" itemtype=\"https:\/\/schema.org\/CreativeWork\" ><div class=\"iconlist_content_wrap\"><header class=\"entry-content-header\" aria-label=\"Icon: LEY MODELO INTERAMERICANA 2.0 SOBRE ACCESO A LA INFORMACI\u00d3N P\u00daBLICA \/ OEA\"><h4 class='av_iconlist_title iconlist_title  '  itemprop=\"headline\" >LEY MODELO INTERAMERICANA 2.0 SOBRE ACCESO A LA INFORMACI\u00d3N P\u00daBLICA \/ OEA<\/h4><\/header><div class='iconlist_content '  itemprop=\"text\" ><p><a href=\"https:\/\/www.fiscaliadecuentas.gob.pa\/wp-content\/uploads\/2021\/08\/RC-Ley-Modelo-Interamericana-2.0-Acceso-a-la-Informacion-Publica..pdf\">Ley Modelo Interamericana 2.0 Acceso a la Informaci\u00f3n P\u00fablica.<\/a><\/p>\n<\/div><\/div><footer class=\"entry-footer\"><\/footer><\/article><div class=\"iconlist-timeline\"><\/div><\/li>\n<li><div class='iconlist_icon av-1miqpw3-fe7c336f2aed4d642acc048dfde67e2d avia-font-fontawesome avia-iconfont avia-font-fontawesome'><span class='av-icon-char' data-av_icon='\uf1c1' data-av_iconfont='fontawesome' aria-hidden=\"true\"><\/span><\/div><article class=\"article-icon-entry \"  itemscope=\"itemscope\" itemtype=\"https:\/\/schema.org\/CreativeWork\" ><div class=\"iconlist_content_wrap\"><header class=\"entry-content-header\" aria-label=\"Icon: DECRETO EJECUTIVO N\u00b0. 285 QUE REGLAMENTA LA LEY 81 DE 2019 SOBRE PROTECCI\u00d3N DE DATOS PERSONALES\"><h4 class='av_iconlist_title iconlist_title  '  itemprop=\"headline\" >DECRETO EJECUTIVO N\u00b0. 285 QUE REGLAMENTA LA LEY 81 DE 2019 SOBRE PROTECCI\u00d3N DE DATOS PERSONALES<\/h4><\/header><div class='iconlist_content '  itemprop=\"text\" ><p><a href=\"https:\/\/www.fiscaliadecuentas.gob.pa\/wp-content\/uploads\/2021\/08\/RC-Decreto-Ejecutivo-N\u00b0-285.pdf\">Decreto Ejecutivo N\u00b0 285<\/a><\/p>\n<\/div><\/div><footer class=\"entry-footer\"><\/footer><\/article><div class=\"iconlist-timeline\"><\/div><\/li>\n<li><div class='iconlist_icon av-1a9bxzn-4b3f486d042ed914e2a1d6d15692870e avia-font-fontawesome avia-iconfont avia-font-fontawesome'><span class='av-icon-char' data-av_icon='\uf1c1' data-av_iconfont='fontawesome' aria-hidden=\"true\"><\/span><\/div><article class=\"article-icon-entry \"  itemscope=\"itemscope\" itemtype=\"https:\/\/schema.org\/CreativeWork\" ><div class=\"iconlist_content_wrap\"><header class=\"entry-content-header\" aria-label=\"Icon: RESOLUCI\u00d3N N\u00b0 DS-3513-2018 \/ POR LA CUAL SE DESARROLLA LA POL\u00cdTICA P\u00daBLICA  DE TRANSPARENCIA DE DATOS ABIERTOS DE GOBIERNO\"><h4 class='av_iconlist_title iconlist_title  '  itemprop=\"headline\" >RESOLUCI\u00d3N N\u00b0 DS-3513-2018 \/ POR LA CUAL SE DESARROLLA LA POL\u00cdTICA P\u00daBLICA  DE TRANSPARENCIA DE DATOS ABIERTOS DE GOBIERNO<\/h4><\/header><div class='iconlist_content '  itemprop=\"text\" ><p><a href=\"https:\/\/www.fiscaliadecuentas.gob.pa\/wp-content\/uploads\/2021\/08\/RC-Resolucion-No.-DS-3513-2018-de-17-de-enero-de-2018.pdf\">Resoluci\u00f3n No. DS-3513-2018 de 17 de enero de 2018.<\/a><\/p>\n<\/div><\/div><footer class=\"entry-footer\"><\/footer><\/article><div class=\"iconlist-timeline\"><\/div><\/li>\n<li><div class='iconlist_icon av-oui12r-d1fe5e7608727f7393cf536d69483ded avia-font-fontawesome avia-iconfont avia-font-fontawesome'><span class='av-icon-char' data-av_icon='\uf1c1' data-av_iconfont='fontawesome' aria-hidden=\"true\"><\/span><\/div><article class=\"article-icon-entry \"  itemscope=\"itemscope\" itemtype=\"https:\/\/schema.org\/CreativeWork\" ><div class=\"iconlist_content_wrap\"><header class=\"entry-content-header\" aria-label=\"Icon: LEY 6 DEL 22 DE ENERO DE 2002 \/ QUE DICTA NORMAS PARA LA TRANSPARENCIA EN LA GESTI\u00d3N P\u00daBLICA ESTABLECE LA ACCI\u00d3N DE HABEAS DATA Y DICTA OTRAS DISPOSICIONES\"><h4 class='av_iconlist_title iconlist_title  '  itemprop=\"headline\" >LEY 6 DEL 22 DE ENERO DE 2002 \/ QUE DICTA NORMAS PARA LA TRANSPARENCIA EN LA GESTI\u00d3N P\u00daBLICA ESTABLECE LA ACCI\u00d3N DE HABEAS DATA Y DICTA OTRAS DISPOSICIONES<\/h4><\/header><div class='iconlist_content '  itemprop=\"text\" ><p><a href=\"https:\/\/www.fiscaliadecuentas.gob.pa\/wp-content\/uploads\/2021\/08\/RC-Ley-6-de-22-enero-2002.pdf\">Ley 6 de 22 enero 2002.<\/a><\/p>\n<\/div><\/div><footer class=\"entry-footer\"><\/footer><\/article><div class=\"iconlist-timeline\"><\/div><\/li>\n<\/ul><\/div>\n<\/div><\/div><\/div>\n<style type=\"text\/css\" data-created_by=\"avia_inline_auto\" id=\"style-css-av-l1p5c7do-dc04e03f8af13b18aa6b562f2ad32683\">\n.av-layout-tab.av-l1p5c7do-dc04e03f8af13b18aa6b562f2ad32683{\nbackground-image:url(https:\/\/www.fiscaliadecuentas.gob.pa\/wp-content\/uploads\/2022\/04\/traspaso-torneo-de-debate-p-c-l-300x169.jpg);\nbackground-position:center center;\nbackground-repeat:no-repeat;\nbackground-attachment:fixed;\nvertical-align:top;\n}\n<\/style>\n<div id='av-tab-section-1-4' class='av-layout-tab av-l1p5c7do-dc04e03f8af13b18aa6b562f2ad32683 av-animation-delay-container  avia-builder-el-11  el_after_av_tab_sub_section  avia-builder-el-last  ' data-av-deeplink-tabs=\"\" data-av-tab-section-content=\"4\" data-tab-section-id=\"traspaso-de-copa-video\"><div class=\"av-layout-tab-inner\"><div class=\"container\">\n<style type=\"text\/css\" data-created_by=\"avia_inline_auto\" id=\"style-css-av-l1p5eexe-9a76788c4c68a602accfde5e9bcae2d0\">\n.avia-video.av-l1p5eexe-9a76788c4c68a602accfde5e9bcae2d0{\nbackground-image:url(https:\/\/www.fiscaliadecuentas.gob.pa\/wp-content\/uploads\/2022\/04\/traspaso-torneo-de-debate-p-c-l-1030x579.jpg);\n}\n<\/style>\n<div  class='avia-video av-l1p5eexe-9a76788c4c68a602accfde5e9bcae2d0 avia-video-16-9 av-html5-fullscreen-btn av-preview-image avia-video-load-always av-lazyload-immediate av-lazyload-video-embed'  itemprop=\"video\" itemtype=\"https:\/\/schema.org\/VideoObject\"  data-original_url='https:\/\/www.youtube.com\/watch?v=1e5JSzj3If0'><script type='text\/html' class='av-video-tmpl'><div class='avia-iframe-wrap'><iframe loading=\"lazy\" title=\"VIDEO COMPILADO TRASPASO TORNEO DE DEBATE P.C.L. FGC-ANTAI\" width=\"1500\" height=\"844\" src=\"https:\/\/www.youtube.com\/embed\/1e5JSzj3If0?feature=oembed&autoplay=1&loop=1&controls=1&mute=1&playlist=1e5JSzj3If0\" frameborder=\"0\" allow=\"accelerometer; autoplay; clipboard-write; encrypted-media; gyroscope; picture-in-picture\" allowfullscreen><\/iframe><\/div><\/script><div class='av-click-to-play-overlay'><div class=\"avia_playpause_icon\"><\/div><\/div><\/div>\n<\/div><\/div><\/div>\n<\/div><\/div><\/div><div id='after_tab_section_1'  class='main_color av_default_container_wrap container_wrap sidebar_right'  ><div class='container av-section-cont-open' ><div class='template-page content  av-content-small alpha units'><div class='post-entry post-entry-type-page post-entry-17907'><div class='entry-content-wrapper clearfix'>\n\n<style type=\"text\/css\" data-created_by=\"avia_inline_auto\" id=\"style-css-av-tl95df-88a8e55f1685186e0293d3bd15481799\">\n.flex_column.av-tl95df-88a8e55f1685186e0293d3bd15481799{\nborder-radius:0px 0px 0px 0px;\npadding:0px 0px 0px 0px;\n}\n<\/style>\n<div  class='flex_column av-tl95df-88a8e55f1685186e0293d3bd15481799 av_one_half  avia-builder-el-13  el_after_av_tab_section  avia-builder-el-no-sibling  first flex_column_div av-zero-column-padding  '     ><\/div>\n","protected":false},"excerpt":{"rendered":"","protected":false},"author":9,"featured_media":0,"parent":0,"menu_order":0,"comment_status":"closed","ping_status":"closed","template":"","meta":{"_EventAllDay":false,"_EventTimezone":"","_EventStartDate":"","_EventEndDate":"","_EventStartDateUTC":"","_EventEndDateUTC":"","_EventShowMap":false,"_EventShowMapLink":false,"_EventURL":"","_EventCost":"","_EventCostDescription":"","_EventCurrencySymbol":"","_EventCurrencyCode":"","_EventCurrencyPosition":"","_EventDateTimeSeparator":"","_EventTimeRangeSeparator":"","_EventOrganizerID":[],"_EventVenueID":[],"_OrganizerEmail":"","_OrganizerPhone":"","_OrganizerWebsite":"","_VenueAddress":"","_VenueCity":"","_VenueCountry":"","_VenueProvince":"","_VenueState":"","_VenueZip":"","_VenuePhone":"","_VenueURL":"","_VenueStateProvince":"","_VenueLat":"","_VenueLng":"","_VenueShowMap":false,"_VenueShowMapLink":false,"footnotes":""},"class_list":["post-17907","page","type-page","status-publish","hentry"],"_links":{"self":[{"href":"https:\/\/www.fiscaliadecuentas.gob.pa\/index.php?rest_route=\/wp\/v2\/pages\/17907","targetHints":{"allow":["GET"]}}],"collection":[{"href":"https:\/\/www.fiscaliadecuentas.gob.pa\/index.php?rest_route=\/wp\/v2\/pages"}],"about":[{"href":"https:\/\/www.fiscaliadecuentas.gob.pa\/index.php?rest_route=\/wp\/v2\/types\/page"}],"author":[{"embeddable":true,"href":"https:\/\/www.fiscaliadecuentas.gob.pa\/index.php?rest_route=\/wp\/v2\/users\/9"}],"replies":[{"embeddable":true,"href":"https:\/\/www.fiscaliadecuentas.gob.pa\/index.php?rest_route=%2Fwp%2Fv2%2Fcomments&post=17907"}],"version-history":[{"count":58,"href":"https:\/\/www.fiscaliadecuentas.gob.pa\/index.php?rest_route=\/wp\/v2\/pages\/17907\/revisions"}],"predecessor-version":[{"id":27032,"href":"https:\/\/www.fiscaliadecuentas.gob.pa\/index.php?rest_route=\/wp\/v2\/pages\/17907\/revisions\/27032"}],"wp:attachment":[{"href":"https:\/\/www.fiscaliadecuentas.gob.pa\/index.php?rest_route=%2Fwp%2Fv2%2Fmedia&parent=17907"}],"curies":[{"name":"wp","href":"https:\/\/api.w.org\/{rel}","templated":true}]}}