{"id":19121,"date":"2021-10-11T10:11:00","date_gmt":"2021-10-11T15:11:00","guid":{"rendered":"https:\/\/www.fiscaliadecuentas.gob.pa\/?page_id=19121"},"modified":"2024-08-29T09:36:42","modified_gmt":"2024-08-29T14:36:42","slug":"convocatorias-de-concursos-abiertos-2-2","status":"publish","type":"page","link":"https:\/\/www.fiscaliadecuentas.gob.pa\/?page_id=19121","title":{"rendered":"Convocatorias de Concursos Abiertos"},"content":{"rendered":"\t\t<div data-elementor-type=\"wp-page\" data-elementor-id=\"19121\" class=\"elementor elementor-19121\" data-elementor-settings=\"[]\">\n\t\t\t\t\t\t<div class=\"elementor-inner\">\n\t\t\t\t\t\t\t<div class=\"elementor-section-wrap\">\n\t\t\t\t\t\t\t<section class=\"elementor-section elementor-top-section elementor-element elementor-element-7fc546b elementor-section-boxed elementor-section-height-default elementor-section-height-default\" data-id=\"7fc546b\" data-element_type=\"section\">\n\t\t\t\t\t\t<div class=\"elementor-container elementor-column-gap-no\">\n\t\t\t\t\t\t\t<div class=\"elementor-row\">\n\t\t\t\t\t<div class=\"elementor-column elementor-col-100 elementor-top-column elementor-element elementor-element-a3e3d17\" data-id=\"a3e3d17\" data-element_type=\"column\">\n\t\t\t<div class=\"elementor-column-wrap elementor-element-populated\">\n\t\t\t\t\t\t\t<div class=\"elementor-widget-wrap\">\n\t\t\t\t\t\t<div class=\"elementor-element elementor-element-1824089 elementor-widget elementor-widget-image\" data-id=\"1824089\" data-element_type=\"widget\" data-widget_type=\"image.default\">\n\t\t\t\t<div class=\"elementor-widget-container\">\n\t\t\t\t\t\t\t\t<div class=\"elementor-image\">\n\t\t\t\t\t\t\t\t\t\t\t\t<img decoding=\"async\" src=\"https:\/\/www.fiscaliadecuentas.gob.pa\/wp-content\/uploads\/elementor\/thumbs\/header_carrera-pv52dn942h3a2pqzbbmdtw5tsj3dic3xzcsy5o0ncy.jpg\" title=\"header_carrera\" alt=\"header_carrera\" \/>\t\t\t\t\t\t\t\t\t\t\t\t\t\t<\/div>\n\t\t\t\t\t\t<\/div>\n\t\t\t\t<\/div>\n\t\t\t\t\t\t<\/div>\n\t\t\t\t\t<\/div>\n\t\t<\/div>\n\t\t\t\t\t\t\t\t<\/div>\n\t\t\t\t\t<\/div>\n\t\t<\/section>\n\t\t\t\t<section class=\"elementor-section elementor-top-section elementor-element elementor-element-3d4c929a elementor-section-boxed elementor-section-height-default elementor-section-height-default\" data-id=\"3d4c929a\" data-element_type=\"section\">\n\t\t\t\t\t\t<div class=\"elementor-container elementor-column-gap-default\">\n\t\t\t\t\t\t\t<div class=\"elementor-row\">\n\t\t\t\t\t<div class=\"elementor-column elementor-col-100 elementor-top-column elementor-element elementor-element-42691b5f\" data-id=\"42691b5f\" data-element_type=\"column\">\n\t\t\t<div class=\"elementor-column-wrap elementor-element-populated\">\n\t\t\t\t\t\t\t<div class=\"elementor-widget-wrap\">\n\t\t\t\t\t\t<div class=\"elementor-element elementor-element-78a8ef03 elementor-widget elementor-widget-spacer\" data-id=\"78a8ef03\" data-element_type=\"widget\" data-widget_type=\"spacer.default\">\n\t\t\t\t<div class=\"elementor-widget-container\">\n\t\t\t\t\t<div class=\"elementor-spacer\">\n\t\t\t<div class=\"elementor-spacer-inner\"><\/div>\n\t\t<\/div>\n\t\t\t\t<\/div>\n\t\t\t\t<\/div>\n\t\t\t\t<div class=\"elementor-element elementor-element-aaee766 elementor-widget elementor-widget-heading\" data-id=\"aaee766\" data-element_type=\"widget\" data-widget_type=\"heading.default\">\n\t\t\t\t<div class=\"elementor-widget-container\">\n\t\t\t<h2 class=\"elementor-heading-title elementor-size-default\">Convocatorias de Concursos Abiertos<\/h2>\t\t<\/div>\n\t\t\t\t<\/div>\n\t\t\t\t\t\t<\/div>\n\t\t\t\t\t<\/div>\n\t\t<\/div>\n\t\t\t\t\t\t\t\t<\/div>\n\t\t\t\t\t<\/div>\n\t\t<\/section>\n\t\t\t\t<section class=\"elementor-section elementor-top-section elementor-element elementor-element-6bb89f25 elementor-section-boxed elementor-section-height-default elementor-section-height-default\" data-id=\"6bb89f25\" data-element_type=\"section\">\n\t\t\t\t\t\t<div class=\"elementor-container elementor-column-gap-default\">\n\t\t\t\t\t\t\t<div class=\"elementor-row\">\n\t\t\t\t\t<div class=\"elementor-column elementor-col-100 elementor-top-column elementor-element elementor-element-40e73f65\" data-id=\"40e73f65\" data-element_type=\"column\">\n\t\t\t<div class=\"elementor-column-wrap elementor-element-populated\">\n\t\t\t\t\t\t\t<div class=\"elementor-widget-wrap\">\n\t\t\t\t\t\t<div class=\"elementor-element elementor-element-20203ac6 elementor-widget elementor-widget-spacer\" data-id=\"20203ac6\" data-element_type=\"widget\" data-widget_type=\"spacer.default\">\n\t\t\t\t<div class=\"elementor-widget-container\">\n\t\t\t\t\t<div class=\"elementor-spacer\">\n\t\t\t<div class=\"elementor-spacer-inner\"><\/div>\n\t\t<\/div>\n\t\t\t\t<\/div>\n\t\t\t\t<\/div>\n\t\t\t\t\t\t<\/div>\n\t\t\t\t\t<\/div>\n\t\t<\/div>\n\t\t\t\t\t\t\t\t<\/div>\n\t\t\t\t\t<\/div>\n\t\t<\/section>\n\t\t\t\t<section class=\"elementor-section elementor-top-section elementor-element elementor-element-fe68e2e elementor-section-boxed elementor-section-height-default elementor-section-height-default\" data-id=\"fe68e2e\" data-element_type=\"section\">\n\t\t\t\t\t\t<div class=\"elementor-container elementor-column-gap-default\">\n\t\t\t\t\t\t\t<div class=\"elementor-row\">\n\t\t\t\t\t<div class=\"elementor-column elementor-col-100 elementor-top-column elementor-element elementor-element-73d28d5\" data-id=\"73d28d5\" data-element_type=\"column\">\n\t\t\t<div class=\"elementor-column-wrap elementor-element-populated\">\n\t\t\t\t\t\t\t<div class=\"elementor-widget-wrap\">\n\t\t\t\t\t\t<div class=\"elementor-element elementor-element-706b59f elementor-widget elementor-widget-spacer\" data-id=\"706b59f\" data-element_type=\"widget\" data-widget_type=\"spacer.default\">\n\t\t\t\t<div class=\"elementor-widget-container\">\n\t\t\t\t\t<div class=\"elementor-spacer\">\n\t\t\t<div class=\"elementor-spacer-inner\"><\/div>\n\t\t<\/div>\n\t\t\t\t<\/div>\n\t\t\t\t<\/div>\n\t\t\t\t<div class=\"elementor-element elementor-element-3021d8b elementor-widget elementor-widget-html\" data-id=\"3021d8b\" data-element_type=\"widget\" data-widget_type=\"html.default\">\n\t\t\t\t<div class=\"elementor-widget-container\">\n\t\t\t<style>\r\n    .nav-pills .nav-link.active,\r\n    .nav-pills .show>.nav-link {\r\n        color: #fff;\r\n        background-color: #5c0931;\r\n    }\r\n\r\n    .nav-pills {\r\n        --bs-nav-pills-link-active-bg: #5c0931;\r\n    }\r\n\r\n    .collapsible-ca {\r\n        background-color: #5c0931;\r\n        color: #ffffff;\r\n        font-family: \"Roboto\", sans-serif;\r\n        font-weight: 700px;\r\n        cursor: pointer;\r\n        padding: 18px;\r\n        width: 100%;\r\n        border: #000000;\r\n        text-align: left;\r\n        outline: none;\r\n        font-size: 16px;\r\n    }\r\n\r\n    .active,\r\n    .collapsible-ca:hover {\r\n        \/*-webkit-text-stroke-color: #CFB338;\r\n     -webkit-text-stroke-width: 0.7px;\r\n     shorthand *\/\r\n        \/*  -webkit-text-stroke: 1px #CFB338;*\/\r\n        \/* color del texto \r\n    -webkit-text-fill-color: #CFB338;*\/\r\n    }\r\n\r\n    .button-ca {\r\n        background-color: #333333;\r\n        color: #ffffff;\r\n        font-family: \"Roboto\", sans-serif;\r\n        font-weight: 700px;\r\n        cursor: pointer;\r\n        padding: 18px;\r\n        width: 100%;\r\n        border: #000000;\r\n        text-align: left;\r\n        outline: none;\r\n        font-size: 16px;\r\n    }\r\n\r\n    .button-ca:hover {\r\n        -webkit-text-stroke-color: #cfb338;\r\n        -webkit-text-stroke-width: 0.7px;\r\n        \/* shorthand *\/\r\n        \/*  -webkit-text-stroke: 1px #CFB338;*\/\r\n        \/* color del texto *\/\r\n        -webkit-text-fill-color: #cfb338;\r\n    }\r\n\r\n    .button-content {\r\n        text-align: right;\r\n    }\r\n\r\n    #content-left {\r\n        text-align: left;\r\n        float: left;\r\n        line-height: 2px;\r\n    }\r\n\r\n    #content-right {\r\n        float: right;\r\n    }\r\n\r\n    .btn-submit:hover {\r\n        background-color: rgb(168, 145, 44);\r\n    }\r\n\r\n    .btn-submit {\r\n        background-color: rgb(207, 179, 56);\r\n        color: #ffffff;\r\n        -webkit-text-stroke-color: #000000;\r\n        -webkit-text-stroke-width: 0.1px;\r\n        font-weight: 700px;\r\n        cursor: pointer;\r\n        padding: 8px;\r\n        \/**width: 100%;**\/\r\n        border: 1px, #cfb338;\r\n        border-radius: 5px;\r\n        text-align: right;\r\n        font-size: 16px;\r\n        box-sizing: border-box;\r\n    }\r\n\r\n    .content {\r\n        padding: 0 18px;\r\n        display: none;\r\n        overflow: hidden;\r\n        background-color: #f1f1f1;\r\n    }\r\n\r\n    a {\r\n        color: #000000;\r\n        background-color: transparent;\r\n        font-weight: 600;\r\n    }\r\n\r\n    a:hover {\r\n        \/*color: rgb(220,53,69);*\/\r\n    }\r\n\r\n    .nav-tabs .nav-link {\r\n        color: #5c0931;\r\n    }\r\n\r\n    .nav-tabs .nav-link.active {\r\n        background-color: #5c0931;\r\n        color: white;\r\n        border: none;\r\n    }\r\n\r\n    .nav-link {\r\n        color: #5c0931;\r\n    }\r\n\r\n    .nav-link:hover {\r\n        color: #333333;\r\n    }\r\n\r\n    .btn-info p {\r\n        height: fit-content;\r\n        width: fit-content;\r\n    }\r\n\r\n    .image {\r\n        width: 200px;\r\n        height: fit-content;\r\n        object-fit: contain;\r\n    }\r\n<\/style>\r\n\r\n<div class=\"d-flex\">\r\n    <div div class=\"nav nav-tabs\" id=\"nav-tab\" role=\"tablist\">\r\n        <button class=\"nav-link active\" id=\"v-pills-2024-tab\" data-bs-toggle=\"pill\" data-bs-target=\"#v-pills-2024\"\r\n            type=\"button\" role=\"tab\" aria-controls=\"v-pills-2024\" aria-selected=\"true\">\r\n            A\u00f1o: 2024\r\n        <\/button>\r\n        <button class=\"nav-link\" id=\"v-pills-2023-tab\" data-bs-toggle=\"pill\" data-bs-target=\"#v-pills-2023\"\r\n            type=\"button\" role=\"tab\" aria-controls=\"v-pills-2023\" aria-selected=\"true\">\r\n            A\u00f1o: 2023\r\n        <\/button>\r\n        <button class=\"nav-link\" id=\"v-pills-2022-tab\" data-bs-toggle=\"pill\" data-bs-target=\"#v-pills-2022\"\r\n            type=\"button\" role=\"tab\" aria-controls=\"v-pills-2022\" aria-selected=\"false\">\r\n            A\u00f1o: 2022\r\n        <\/button>\r\n        <button class=\"nav-link\" id=\"v-pills-2021-tab\" data-bs-toggle=\"pill\" data-bs-target=\"#v-pills-2021\"\r\n            type=\"button\" role=\"tab\" aria-controls=\"v-pils-2021\" aria-selected=\"false\">\r\n            A\u00f1o: 2021\r\n        <\/button>\r\n    <\/div>\r\n<\/div>\r\n\r\n<div class=\"d-flex\">\r\n    <div class=\"tab-content w-100\" id=\"v-pills-tabContent\">\r\n        <!-- START-NAV-PILL-2024-->\r\n\r\n\r\n        <!--.\/START-PAGER-SECOND-SEMESTER-2024 -->\r\n        <!-- Este es el base pase el previo y anterior -->\r\n        <div class=\"tab-pane fade show active overflow-auto\" id=\"v-pills-2024\" role=\"tabpanel\"\r\n            aria-labelledby=\"v-pills-2024-tab\" tabindex=\"0\">\r\n            <div class=\"tab-content\" id=\"nav-tabContent\">\r\n\r\n                <div class=\"tab-pane fade show active\" id=\"nav-new-2024\" role=\"tabpanel\"\r\n                    aria-labelledby=\"nav-new-tab-2024\" tabindex=\"0\">\r\n                    <div class=\"tab-content\" id=\"nav-tabContent\">\r\n\r\n                    <!-- ##################START N.\u00b0 FGC-CA-018-24 ASISTENTE OPERATIVO JUR\u00cdDICO############################### -->\r\n                    <button type=\"button\" class=\"collapsible-ca\">\r\n                        <div class=\"btn-info\">\r\n                            <div id=\"content-left\">\r\n                                <p class=\"lh-sm\">Concurso Abierto N.\u00b0 FGC-CA-018-24<\/p>\r\n                                <p class=\"lh-sm\">Cargo: ASISTENTE OPERATIVO JUR\u00cdDICO Pos. 76<\/p>\r\n                                <p class=\"lh-sm\">\r\n                                    <i class=\"fas fa-angle-double-down fa-1x\"><\/i>\r\n                                    Ver m\u00e1s informaci\u00f3n sobre este concurso\r\n                                <\/p>\r\n                            <\/div>\r\n                            <div id=\"content-right\">\r\n                                <img decoding=\"async\" src=\"https:\/\/www.fiscaliadecuentas.gob.pa\/wp-content\/uploads\/2023\/05\/legal-operational-assistant.png\"\r\n                                    class=\"image\" \/>\r\n                            <\/div>\r\n                        <\/div>\r\n                    <\/button>\r\n                    <div class=\"content\">\r\n\r\n                        <!-- ============================================= Button-Group-Start ================================ -->\r\n                        <div class=\"d-grid gap-2\">\r\n                            <a class=\"btn btn-light text-left\"\r\n                                href=\"https:\/\/www.fiscaliadecuentas.gob.pa\/scmfgc\/wp-content\/uploads\/2024\/07\/AVISO-DE-CONVOCATORIA-FGC-CA-018-24.pdf\"\r\n                                role=\"button\" rel=\"noopener\" target=\"_blank\"><i class=\"fas fa-search fa-1x\"><\/i>\r\n                                Ver\r\n                                Aviso del Concurso\r\n                                Abierto<\/a>\r\n                            <a class=\"btn btn-light text-left\"\r\n                                href=\"https:\/\/www.fiscaliadecuentas.gob.pa\/scmfgc\/wp-content\/uploads\/2024\/07\/INSTRUCTIVO-FGC-CA-018-24.pdf\"\r\n                                role=\"button\" rel=\"noopener\" target=\"_blank\"><i class=\"fas fa-search fa-1x\"><\/i>\r\n                                Ver\r\n                                Instructivo del\r\n                                Concurso Abierto\r\n                            <\/a>\r\n                            <a class=\"btn btn-light text-left\"\r\n                                href=\"https:\/\/www.fiscaliadecuentas.gob.pa\/scmfgc\/wp-content\/uploads\/2024\/07\/TABLA-DE-PONDERACION-FGC-CA-018-24.pdf\"\r\n                                role=\"button\" rel=\"noopener\" target=\"_blank\"><i class=\"fas fa-search fa-1x\"><\/i>\r\n                                Ver\r\n                                Tabla de Ponderaci\u00f3n\r\n                            <\/a>\r\n                            <a class=\"btn btn-light text-left collapsible-ca btn-results p-2\"\r\n                                                                                        style=\"background-color: #f8f9fa;\" role=\"link\">\r\n                                                                                        <i class=\"fas fa-search fa-1x\"><\/i>\r\n                                                                                        Ver Resultados\r\n                                                                                    <\/a>\r\n                                                                                    <div class=\"content\" style=\"display: block;\">\r\n                                                                                        <p style=\"text-align: justify\">\r\n                                                                                            <a href=\"https:\/\/www.fiscaliadecuentas.gob.pa\/scmfgc\/wp-content\/uploads\/2024\/08\/Resolucion-N.o-FGC-CSARH-CA-25-24.pdf\"\r\n                                                                                                rel=\"noopener\" target=\"_blank\" role=\"link\"><i class=\"fas fa-file-pdf fa-1x\"><\/i>\r\n                                                                                                Resoluci\u00f3n N.\u00ba FGC-CSARH-CA-25-24, Que deja sin efecto las Resoluci\u00f3n, FGC-CFGC-005-23 de 26 de julio de 2023 que declara\r\n                                                                                                vacante absoluta la posici\u00f3n 76, para ocupar el cargo de Asistente Operativo Jur\u00eddico.\r\n                                                                                            <\/a>\r\n                                                                                        <\/p>\r\n                                                                                    <\/div>\r\n                        <\/div>\r\n                        <!-- ============================================= Button-Group-End ====================================== -->\r\n\r\n                        <button type=\"button\" class=\"collapsible-ca\" style=\"background-color: #333333\">\r\n                            <i class=\"fas fa-angle-double-down fa-1x\"><\/i> Base Legal\r\n                        <\/button>\r\n                        <div class=\"content\">\r\n                            <!-- ============================================= LEGAL-BASE-START ================================ -->\r\n                            <div class=\"d-grid gap-2\">\r\n                                <a class=\"btn btn-light text-justify\"\r\n                                    href=\"https:\/\/www.fiscaliadecuentas.gob.pa\/wp-content\/uploads\/2021\/11\/LEY-67-DE-2008-ACTUALIZADA-AL-2020-FGC-Secretaria-General.pdf\"\r\n                                    role=\"button\" rel=\"noopener\" target=\"_blank\"><i class=\"fas fa-file-pdf fa-1x\"><\/i>\r\n                                    LEY 67 de 14 de\r\n                                    noviembre de 2008. \"QUE DESARROLLA LA JURISDICCI\u00d3N DE CUENTAS\r\n                                    Y REFORMA LA LEY 32 DE 1987, ORG\u00c1NICA DE LA CONTRALOR\u00cdA\r\n                                    GENERAL DE LA REP\u00daBLICA\"<\/a>\r\n                                <a class=\"btn btn-light text-justify\"\r\n                                    href=\"https:\/\/www.fiscaliadecuentas.gob.pa\/wp-content\/uploads\/2021\/08\/Resolucion-N.%C2%B0-FGC-039-21-de-9-de-agosto-de-2021-QUE-APRUEBA-LA-REGLAMENTACION-DEL-ARTICULO-25-A.pdf\"\r\n                                    role=\"button\" rel=\"noopener\" target=\"_blank\"><i class=\"fas fa-file-pdf fa-1x\"><\/i>\r\n                                    Resoluci\u00f3n N.\u00b0\r\n                                    FGC-039-21 de 9 de agosto de 2021. \"QUE APRUEBA LA\r\n                                    REGLAMENTACI\u00d3N DEL ARTICULO 25-A DE LA LEY 67 DE 14 DE\r\n                                    NOVIEMBRE DE 2008, POR EL CUAL SE INSTITUYE UN SISTEMA DE\r\n                                    CARRERA POR M\u00c9RITOS EN LA FISCAL\u00cdA GENERAL DE CUENTAS\"<\/a>\r\n                                <a class=\"btn btn-light text-justify\"\r\n                                    href=\"https:\/\/www.fiscaliadecuentas.gob.pa\/wp-content\/uploads\/2022\/05\/RESOLUCION-FGC-N.\u00b0-21-22-1.pdf\"\r\n                                    role=\"button\" rel=\"noopener\" target=\"_blank\"><i class=\"fas fa-file-pdf fa-1x\"><\/i>\r\n                                    Resoluci\u00f3n FGC N\u00b021-22\r\n                                    de 22 de abril de 2022. \"POR LA CUAL SE ADICIONA UN P\u00c1RRAFO AL\r\n                                    ART\u00cdCULO 13 DE LA RESOLUCI\u00d3N N\u00b0FGC-039-21 DE 9 DE AGOSTO DE\r\n                                    2021, QUE APRUEBA LA REGLAMENTACI\u00d3N DEL ART\u00cdCULO 25-A DE LA\r\n                                    LEY 67 DE 14 DE NOVIEMBRE DE 2008, POR EL CUAL SE INSTITUYE UN\r\n                                    SISTEMA DE CARRERA POR M\u00c9RITOS EN LA FISCAL\u00cdA GENERAL DE\r\n                                    CUENTAS.\"<\/a>\r\n                                <a class=\"btn btn-light text-justify\"\r\n                                    href=\"https:\/\/www.fiscaliadecuentas.gob.pa\/wp-content\/uploads\/2023\/12\/Reglamento-Interno-de-la-Fiscalia-General-de-Cuentas-actualizado-a-diciembre-de-2023.pdf\"\r\n                                    role=\"link\" rel=\"noopener\" target=\"_blank\"><i class=\"fas fa-file-pdf fa-1x\"><\/i>\r\n                                    Reglamento Interno de la Fiscal\u00eda General de Cuentas.\r\n                                <\/a>\r\n                                <a class=\"btn btn-light text-justify\"\r\n                                    href=\"https:\/\/www.fiscaliadecuentas.gob.pa\/wp-content\/uploads\/2023\/07\/Resolucion-N.\u00b0-FGC-CFGC-005-23.pdf\"\r\n                                    role=\"button\" rel=\"noopener\" target=\"_blank\"><i class=\"fas fa-file-pdf fa-1x\"><\/i>\r\n                                    Resoluci\u00f3n No.\r\n                                    FGC-CFGC-005-23. \"QUE DECLARA UNA VACANTE ABSOLUTA\"<\/a>\r\n                            <\/div>\r\n                            <!-- ============================================= LEGAL-BASE-END ====================================== -->\r\n                        <\/div>\r\n                        <!-- Button trigger modal -->\r\n                        <div class=\"button-content\">\r\n                            <button type=\"button\" class=\"btn btn-warning\" data-bs-toggle=\"modal\"\r\n                                data-bs-target=\"#staticBackdrop-018-24\">\r\n                                Aplicar a la Convocatoria\r\n                            <\/button>\r\n                        <\/div>\r\n\r\n                        <!-- Modal -->\r\n                        <div class=\"modal fade\" id=\"staticBackdrop-018-24\" data-bs-backdrop=\"static\"\r\n                            data-bs-keyboard=\"false\" tabindex=\"-1\" aria-labelledby=\"staticBackdropLabel-018-24\"\r\n                            aria-hidden=\"true\">\r\n                            <div class=\"modal-dialog\">\r\n                                <div class=\"modal-content\">\r\n                                    <div class=\"modal-header\">\r\n                                        <h5 class=\"modal-title\" id=\"staticBackdropLabel-018-24\">\r\n                                            !LO SENTIMOS\u00a1\r\n                                        <\/h5>\r\n                                        <button type=\"button\" class=\"btn-close\" data-bs-dismiss=\"modal\"\r\n                                            aria-label=\"Close\"><\/button>\r\n                                    <\/div>\r\n                                    <div class=\"modal-body\">\r\n                                        LA CONVOCATORIA PARA EL CONCURSO ABIERTO\r\n                                        N.\u00b0 FGC-CA-018-24 \"ASISTENTE OPERATIVO JUR\u00cdDICO Pos. 76\" HA\r\n                                        CULMINADO.\r\n\r\n                                    <\/div>\r\n                                    <div class=\"modal-footer\">\r\n                                        <button type=\"button\" class=\"btn btn-secondary\" data-bs-dismiss=\"modal\">\r\n                                            Close\r\n                                        <\/button>\r\n                                    <\/div>\r\n                                <\/div>\r\n                            <\/div>\r\n                        <\/div>\r\n                        <!-- End Modal -->\r\n                        <!-- <div class=\"button-content\"><a\r\n                                                        href=\"https:\/\/www.fiscaliadecuentas.gob.pa\/scmfgc\/formulario-fgc-ca-018-24\/\"\r\n                                                        rel=\"noopener\" target=\"_blank\"><button type=\"button\" class=\"btn-submit\">Aplicar a la\r\n                                                        Convocatoria<\/button><\/a><\/div> -->\r\n                    <\/div>\r\n                    <!-- ##################END N.\u00b0 FGC-CA-018-24 ASISTENTE OPERATIVO JUR\u00cdDICO############################### -->\r\n\r\n                    <!-- ##################START N.\u00b0 FGC-CA-019-24 ANALISTA DE COMPRAS############################### -->\r\n                    <button type=\"button\" class=\"collapsible-ca\">\r\n                        <div class=\"btn-info\">\r\n                            <div id=\"content-left\">\r\n                                <p class=\"lh-sm\">Concurso Abierto N.\u00b0 FGC-CA-019-24<\/p>\r\n                                <p class=\"lh-sm\">Cargo: ANALISTA DE COMPRAS Pos.165<\/p>\r\n                                <p class=\"lh-sm\">\r\n                                    <i class=\"fas fa-angle-double-down fa-1x\"><\/i>\r\n                                    Ver m\u00e1s informaci\u00f3n sobre este concurso\r\n                                <\/p>\r\n                            <\/div>\r\n                            <div id=\"content-right\">\r\n                                <img decoding=\"async\" src=\"https:\/\/www.fiscaliadecuentas.gob.pa\/wp-content\/uploads\/2023\/10\/Shopping-Analyst.png\"\r\n                                    class=\"image\" \/>\r\n                            <\/div>\r\n                        <\/div>\r\n                    <\/button>\r\n                    <div class=\"content\">\r\n                        <!-- ============================================= Button-Group-Start ================================ -->\r\n                        <div class=\"d-grid gap-2\">\r\n                            <a class=\"btn btn-light text-left\"\r\n                                href=\"https:\/\/www.fiscaliadecuentas.gob.pa\/scmfgc\/wp-content\/uploads\/2024\/07\/AVISO-DE-CONVOCATORIA-FGC-CA-019-24.pdf\"\r\n                                role=\"button\" rel=\"noopener\" target=\"_blank\"><i class=\"fas fa-search fa-1x\"><\/i>\r\n                                Ver\r\n                                Aviso del Concurso\r\n                                Abierto<\/a>\r\n                            <!-- <a class=\"btn btn-light text-left\"\r\n                                                                    href=\"https:\/\/www.fiscaliadecuentas.gob.pa\/wp-content\/uploads\/2022\/05\/Aviso-Fiscal-Adjunto-No.-FGC-CA-003-22.pdf\"\r\n                                                                    role=\"button\" rel=\"noopener\" target=\"_blank\"><i\r\n                                                                        class=\"fas fa-file-pdf fa-1x\"><\/i> Mecanismo\r\n                                                                    para acreditar los requisitos b\u00e1sicos para\r\n                                                                    ocupar cualquier cargo en la Fiscal\u00eda General de\r\n                                                                    Cuentas.<\/a> -->\r\n                            <a class=\"btn btn-light text-left\"\r\n                                href=\"https:\/\/www.fiscaliadecuentas.gob.pa\/scmfgc\/wp-content\/uploads\/2024\/07\/INSTRUCTIVO-FGC-CA-019-24.pdf\"\r\n                                role=\"button\" rel=\"noopener\" target=\"_blank\"><i class=\"fas fa-search fa-1x\"><\/i>\r\n                                Ver\r\n                                Instructivo del\r\n                                Concurso Abierto<\/a>\r\n                            <a class=\"btn btn-light text-left\"\r\n                                href=\"https:\/\/www.fiscaliadecuentas.gob.pa\/scmfgc\/wp-content\/uploads\/2024\/07\/TABLA-DE-PONDERACION-FGC-CA-019-24.pdf\"\r\n                                role=\"button\" rel=\"noopener\" target=\"_blank\"><i class=\"fas fa-search fa-1x\"><\/i>\r\n                                Ver\r\n                                Tabla de Ponderaci\u00f3n<\/a>\r\n                            <a class=\"btn btn-light text-left collapsible-ca btn-results p-2\"\r\n                                                                                        style=\"background-color: #f8f9fa;\" role=\"link\">\r\n                                                                                        <i class=\"fas fa-search fa-1x\"><\/i>\r\n                                                                                        Ver Resultados\r\n                                                                                    <\/a>\r\n                                                                                    <div class=\"content\" style=\"display: block;\">\r\n                                                                                        <p style=\"text-align: justify\">\r\n                                                                                            <a href=\"https:\/\/www.fiscaliadecuentas.gob.pa\/scmfgc\/wp-content\/uploads\/2024\/08\/Resolucion-N.\u00b0-FGC-CSARH-CA-26-24.pdf\"\r\n                                                                                                rel=\"noopener\" target=\"_blank\" role=\"link\"><i class=\"fas fa-file-pdf fa-1x\"><\/i>\r\n                                                                                                Resoluci\u00f3n N.\u00ba FGC-CSARH-CA-26-24, Que deja sin efecto la Resoluci\u00f3n FGC-CFGC-011-23 de 19 de octubre de 2023, que declara\r\n                                                                                                vacante absoluta la posici\u00f3n 165, para ocupar el cargo de Analista de Compras.\r\n                                                                                            <\/a>\r\n                                                                                        <\/p>\r\n                                                                                    <\/div>\r\n                        <\/div>\r\n                        <!-- ============================================= Button-Group-End ====================================== -->\r\n                        \r\n                        <button type=\"button\" class=\"collapsible-ca\" style=\"background-color: #333333\">\r\n                            <i class=\"fas fa-angle-double-down fa-1x\"><\/i> Base Legal\r\n                        <\/button>\r\n                        <div class=\"content\">\r\n                            <!-- ============================================= LEGAL-BASE-START ================================ -->\r\n                            <div class=\"d-grid gap-2\">\r\n                                <a class=\"btn btn-light text-justify\"\r\n                                    href=\"https:\/\/www.fiscaliadecuentas.gob.pa\/wp-content\/uploads\/2021\/11\/LEY-67-DE-2008-ACTUALIZADA-AL-2020-FGC-Secretaria-General.pdf\"\r\n                                    role=\"button\" rel=\"noopener\" target=\"_blank\"><i class=\"fas fa-file-pdf fa-1x\"><\/i>\r\n                                    LEY 67 de 14 de\r\n                                    noviembre de 2008. \"QUE DESARROLLA LA JURISDICCI\u00d3N DE CUENTAS\r\n                                    Y REFORMA LA LEY 32 DE 1987, ORG\u00c1NICA DE LA CONTRALOR\u00cdA\r\n                                    GENERAL DE LA REP\u00daBLICA\"<\/a>\r\n                                <a class=\"btn btn-light text-justify\"\r\n                                    href=\"https:\/\/www.fiscaliadecuentas.gob.pa\/wp-content\/uploads\/2023\/12\/Reglamento-Interno-de-la-Fiscalia-General-de-Cuentas-actualizado-a-diciembre-de-2023.pdf\"\r\n                                    role=\"link\" rel=\"noopener\" target=\"_blank\"><i class=\"fas fa-file-pdf fa-1x\"><\/i>\r\n                                    Reglamento Interno de la Fiscal\u00eda\r\n                                    General de Cuentas.\r\n                                <\/a>\r\n                                <a class=\"btn btn-light text-justify\"\r\n                                    href=\"https:\/\/www.fiscaliadecuentas.gob.pa\/wp-content\/uploads\/2023\/11\/Resolucion-N.\u00b0-FGC-CFGC-011-23.pdf\"\r\n                                    role=\"link\" rel=\"noopener\" target=\"_blank\"><i class=\"fas fa-file-pdf fa-1x\"><\/i>\r\n                                    Resoluci\u00f3n No.\r\n                                    FGC-CFGC-011-23. \"QUE DECLARA UNA VACANTE ABSOLUTA\"\r\n                                <\/a>\r\n                            <\/div>\r\n                            <!-- ============================================= LEGAL-BASE-END ====================================== -->\r\n                        <\/div>\r\n                        <!-- Button trigger modal -->\r\n                        <!-- <div class=\"button-content\">\r\n                            <button type=\"button\" class=\"btn btn-warning\" data-bs-toggle=\"modal\"\r\n                                data-bs-target=\"#staticBackdrop-019-23\">\r\n                                Aplicar a la Convocatoria\r\n                            <\/button>\r\n                        <\/div> -->\r\n\r\n                        <!-- Modal -->\r\n                        <div class=\"modal fade\" id=\"staticBackdrop-019-23\" data-bs-backdrop=\"static\"\r\n                            data-bs-keyboard=\"false\" tabindex=\"-1\" aria-labelledby=\"staticBackdropLabel-019-23\"\r\n                            aria-hidden=\"true\">\r\n                            <div class=\"modal-dialog\">\r\n                                <div class=\"modal-content\">\r\n                                    <div class=\"modal-header\">\r\n                                        <h5 class=\"modal-title\" id=\"staticBackdropLabel-019-23\">\r\n                                            !LO SENTIMOS\u00a1\r\n                                        <\/h5>\r\n                                        <button type=\"button\" class=\"btn-close\" data-bs-dismiss=\"modal\"\r\n                                            aria-label=\"Close\"><\/button>\r\n                                    <\/div>\r\n                                    <div class=\"modal-body\">\r\n                                        LA CONVOCATORIA PARA EL CONCURSO ABIERTO\r\n                                        N.\u00b0 FGC-CA-019-24 \"ANALISTA DE COMPRAS Pos.165\", HA CULMINADO.\r\n\r\n                                    <\/div>\r\n                                    <div class=\"modal-footer\">\r\n                                        <button type=\"button\" class=\"btn btn-secondary\" data-bs-dismiss=\"modal\">\r\n                                            Close\r\n                                        <\/button>\r\n                                    <\/div>\r\n                                <\/div>\r\n                            <\/div>\r\n                        <\/div>\r\n                        <!-- End Modal -->\r\n                        <!-- <div class=\"button-content\">\r\n                                                                                    <a href=\"https:\/\/www.fiscaliadecuentas.gob.pa\/scmfgc\/formulario-fgc-ca-019-24\/\"\r\n                                                                                        rel=\"noopener\" target=\"_blank\">\r\n                                                                                        <button type=\"button\" class=\"btn-submit\">\r\n                                                                                            Aplicar a la Convocatoria\r\n                                                                                        <\/button>\r\n                                                                                    <\/a>\r\n                                                                                <\/div> -->\r\n                    <\/div>\r\n                    <!-- ##################END N.\u00b0 FGC-CA-019-24 ANALISTA DE COMPRAS############################### -->\r\n\r\n                    <!-- ##################START N.\u00b0 FGC-CA-020-24 ANALISTA DE ORGANIZACI\u00d3N Y SISTEMAS ADMINISTRATIVOS I############################### -->\r\n                    <button type=\"button\" class=\"collapsible-ca\">\r\n                        <div class=\"btn-info\">\r\n                            <div id=\"content-left\">\r\n                                <p class=\"lh-sm\">Concurso Abierto N.\u00b0 FGC-CA-020-24<\/p>\r\n                                <p class=\"lh-sm\">Cargo: ANALISTA DE ORGANIZACI\u00d3N Y SISTEMAS ADMINISTRATIVOS\r\n                                    Pos.134<\/p>\r\n                                <p class=\"lh-sm\">\r\n                                    <i class=\"fas fa-angle-double-down fa-1x\"><\/i>\r\n                                    Ver m\u00e1s informaci\u00f3n sobre este concurso\r\n                                <\/p>\r\n                            <\/div>\r\n                            <div id=\"content-right\">\r\n                                <img decoding=\"async\" src=\"https:\/\/www.fiscaliadecuentas.gob.pa\/wp-content\/uploads\/2023\/10\/Organization-Analyst.png\"\r\n                                    class=\"image\" \/>\r\n                            <\/div>\r\n                        <\/div>\r\n                    <\/button>\r\n                    <div class=\"content\">\r\n                        <!-- INICIO AVISO DE CONVOCATORIA EXTENSI\u00d3N DE ENTREGA PARA DOCUMENTOS -->\r\n                        <!-- <button type=\"button\" class=\"collapsible-ca\"\r\n                                                                        style=\"background-color: #333333;\"><i class=\"fas\r\n                                                                            fa-info-circle fa-1x\"><\/i> AVISO<\/button>\r\n                                                                                    <div class=\"content\"><br>\r\n                                                                                        <p style=\"text-align: justify;\"><a\r\n                                                                                                href=\"https:\/\/www.fiscaliadecuentas.gob.pa\/wp-content\/uploads\/2022\/05\/Extension-Carrera-por-Merito.pdf\"\r\n                                                                                                rel=\"noopener\" target=\"_blank\"><i class=\"fas\r\n                                                                                                    fa-file-pdf fa-1x\"><\/i> Extensi\u00f3n de\r\n                                                                                                entrega de documentos hasta el 10 de junio\r\n                                                                                                de 2022.<\/a><\/p>\r\n                                                                                    <\/div> -->\r\n                        <!-- FINAL AVISO DE CONVOCATORIA EXTENSI\u00d3N DE ENTREGA PARA DOCUMENTOS -->\r\n\r\n                        <!-- ============================================= Button-Group-Start ================================ -->\r\n                        <div class=\"d-grid gap-2\">\r\n                            <a class=\"btn btn-light text-left\"\r\n                                href=\"https:\/\/www.fiscaliadecuentas.gob.pa\/scmfgc\/wp-content\/uploads\/2024\/07\/AVISO-DE-CONVOCATORIA-FGC-CA-020-24.pdf\"\r\n                                role=\"button\" rel=\"noopener\" target=\"_blank\"><i class=\"fas fa-search fa-1x\"><\/i>\r\n                                Ver\r\n                                Aviso del Concurso\r\n                                Abierto\r\n                            <\/a>\r\n                            <!-- <a class=\"btn btn-light text-left\"\r\n                                                                            href=\"https:\/\/www.fiscaliadecuentas.gob.pa\/wp-content\/uploads\/2022\/05\/Aviso-Fiscal-Adjunto-No.-FGC-CA-003-22.pdf\"\r\n                                                                            role=\"button\" rel=\"noopener\" target=\"_blank\"><i\r\n                                                                                class=\"fas fa-file-pdf fa-1x\"><\/i> Mecanismo\r\n                                                                            para acreditar los requisitos b\u00e1sicos para\r\n                                                                            ocupar cualquier cargo en la Fiscal\u00eda General de\r\n                                                                            Cuentas.<\/a> -->\r\n                            <a class=\"btn btn-light text-left\"\r\n                                href=\"https:\/\/www.fiscaliadecuentas.gob.pa\/scmfgc\/wp-content\/uploads\/2024\/07\/INSTRUCTIVO-FGC-CA-020-24.pdf\"\r\n                                role=\"button\" rel=\"noopener\" target=\"_blank\"><i class=\"fas fa-search fa-1x\"><\/i>\r\n                                Ver\r\n                                Instructivo del\r\n                                Concurso Abierto<\/a>\r\n                            <a class=\"btn btn-light text-left\"\r\n                                href=\"https:\/\/www.fiscaliadecuentas.gob.pa\/scmfgc\/wp-content\/uploads\/2024\/07\/TABLA-DE-PONDERACION-FGC-CA-020-24.pdf\"\r\n                                role=\"button\" rel=\"noopener\" target=\"_blank\"><i class=\"fas fa-search fa-1x\"><\/i>\r\n                                Ver\r\n                                Tabla de Ponderaci\u00f3n<\/a>\r\n                            <a class=\"btn btn-light text-left collapsible-ca btn-results p-2\" style=\"background-color: #f8f9fa;\"\r\n                                                                    role=\"link\">\r\n                                                                    <i class=\"fas fa-search fa-1x\"><\/i>\r\n                                                                    Ver Resultados\r\n                                                                <\/a>\r\n                                                                <div class=\"content\" style=\"display: block;\">\r\n                                                                    <p style=\"text-align: justify\">\r\n                                                                        <a href=\"https:\/\/www.fiscaliadecuentas.gob.pa\/scmfgc\/wp-content\/uploads\/2024\/08\/Resolucion-N.\u00b0-FGC-CSARH-CA-24-24.pdf\"\r\n                                                                            rel=\"noopener\" target=\"_blank\" role=\"link\"><i class=\"fas fa-file-pdf fa-1x\"><\/i>\r\n                                                                            Resoluci\u00f3n-N.\u00b0-FGC-CSARH-CA-24-24, Que deja sin efecto la Resoluci\u00f3n FGC-CFGC-014-23 de 19 de octubre de 2023, que declara\r\n                                                                            vacante absoluta la posici\u00f3n 134, para ocupar el cargo de Analista de Organizaci\u00f3n y Sistemas Administrativos I.\r\n                                                                        <\/a>\r\n                                                                    <\/p>\r\n                                                                <\/div>\r\n                        <\/div>\r\n                        <!-- ============================================= Button-Group-End ====================================== -->\r\n                       \r\n                        <button type=\"button\" class=\"collapsible-ca\" style=\"background-color: #333333\">\r\n                            <i class=\"fas fa-angle-double-down fa-1x\"><\/i> Base Legal\r\n                        <\/button>\r\n                        <div class=\"content\">\r\n                            <!-- ============================================= LEGAL-BASE-START ================================ -->\r\n                            <div class=\"d-grid gap-2\">\r\n                                <a class=\"btn btn-light text-justify\"\r\n                                    href=\"https:\/\/www.fiscaliadecuentas.gob.pa\/wp-content\/uploads\/2021\/11\/LEY-67-DE-2008-ACTUALIZADA-AL-2020-FGC-Secretaria-General.pdf\"\r\n                                    role=\"button\" rel=\"noopener\" target=\"_blank\"><i class=\"fas fa-file-pdf fa-1x\"><\/i>\r\n                                    LEY 67 de 14 de\r\n                                    noviembre de 2008. \"QUE DESARROLLA LA JURISDICCI\u00d3N DE CUENTAS\r\n                                    Y REFORMA LA LEY 32 DE 1987, ORG\u00c1NICA DE LA CONTRALOR\u00cdA\r\n                                    GENERAL DE LA REP\u00daBLICA\"<\/a>\r\n                                <a class=\"btn btn-light text-justify\"\r\n                                    href=\"https:\/\/www.fiscaliadecuentas.gob.pa\/wp-content\/uploads\/2023\/12\/Reglamento-Interno-de-la-Fiscalia-General-de-Cuentas-actualizado-a-diciembre-de-2023.pdf\"\r\n                                    role=\"link\" rel=\"noopener\" target=\"_blank\"><i class=\"fas fa-file-pdf fa-1x\"><\/i>\r\n                                    Reglamento Interno de la Fiscal\u00eda\r\n                                    General de Cuentas.\r\n                                <\/a>\r\n                                <a class=\"btn btn-light text-justify\"\r\n                                    href=\"https:\/\/www.fiscaliadecuentas.gob.pa\/wp-content\/uploads\/2023\/11\/Resolucion-N.\u00b0-FGC-CFGC-014-23.pdf\"\r\n                                    role=\"link\" rel=\"noopener\" target=\"_blank\"><i class=\"fas fa-file-pdf fa-1x\"><\/i>\r\n                                    Resoluci\u00f3n No.\r\n                                    FGC-CFGC-014-23. \"QUE DECLARA UNA VACANTE ABSOLUTA\"\r\n                                <\/a>\r\n                            <\/div>\r\n                            <!-- ============================================= LEGAL-BASE-END ====================================== -->\r\n                        <\/div>\r\n                        <!-- Button trigger modal -->\r\n                        <div class=\"button-content\">\r\n                            <button type=\"button\" class=\"btn btn-warning\" data-bs-toggle=\"modal\"\r\n                                data-bs-target=\"#staticBackdrop-013-23\">\r\n                                Aplicar a la Convocatoria\r\n                            <\/button>\r\n                        <\/div>\r\n\r\n                        <!-- Modal -->\r\n                        <div class=\"modal fade\" id=\"staticBackdrop-013-23\" data-bs-backdrop=\"static\"\r\n                            data-bs-keyboard=\"false\" tabindex=\"-1\" aria-labelledby=\"staticBackdropLabel-012-23\"\r\n                            aria-hidden=\"true\">\r\n                            <div class=\"modal-dialog\">\r\n                                <div class=\"modal-content\">\r\n                                    <div class=\"modal-header\">\r\n                                        <h5 class=\"modal-title\" id=\"staticBackdropLabel-012-23\">\r\n                                            !LO SENTIMOS\u00a1\r\n                                        <\/h5>\r\n                                        <button type=\"button\" class=\"btn-close\" data-bs-dismiss=\"modal\"\r\n                                            aria-label=\"Close\"><\/button>\r\n                                    <\/div>\r\n                                    <div class=\"modal-body\">\r\n                                        LA CONVOCATORIA PARA EL CONCURSO ABIERTO\r\n                                        N.\u00b0 FGC-CA-020-24 \"ANALISTA DE ORGANIZACI\u00d3N Y SISTEMAS ADMINISTRATIVOS I\r\n                                        Pos. 134\", HA CULMINADO.\r\n\r\n                                    <\/div>\r\n                                    <div class=\"modal-footer\">\r\n                                        <button type=\"button\" class=\"btn btn-secondary\" data-bs-dismiss=\"modal\">\r\n                                            Close\r\n                                        <\/button>\r\n                                    <\/div>\r\n                                <\/div>\r\n                            <\/div>\r\n                        <\/div>\r\n                        <!-- End Modal -->\r\n                        <!-- <div class=\"button-content\">\r\n                                                                                    <a href=\"https:\/\/www.fiscaliadecuentas.gob.pa\/scmfgc\/formulario-fgc-ca-020-24\/\"\r\n                                                                                        rel=\"noopener\" target=\"_blank\">\r\n                                                                                        <button type=\"button\" class=\"btn-submit\">\r\n                                                                                            Aplicar a la Convocatoria\r\n                                                                                        <\/button>\r\n                                                                                    <\/a>\r\n                                                                                <\/div> -->\r\n                    <\/div>\r\n                    <!-- ##################END N.\u00b0 FGC-CA-020-24 ANALISTA DE ORGANIZACI\u00d3N Y SISTEMAS ADMINISTRATIVOS I############################### -->\r\n                     <!-- ##################START N.\u00b0 FGC-CA-21-24 ANALISTA DE COMPRAS############################### -->\r\n\r\n                    <button type=\"button\" class=\"collapsible-ca\">\r\n                        <div class=\"btn-info\">\r\n                            <div id=\"content-left\">\r\n                                <p class=\"lh-sm\">Concurso Abierto N.\u00b0 FGC-CA-021-24<\/p>\r\n                                <p class=\"lh-sm\">Cargo: ANALISTA DE PRESUPUESTO Pos.30<\/p>\r\n                                <p class=\"lh-sm\">\r\n                                    <i class=\"fas fa-angle-double-down fa-1x\"><\/i>\r\n                                    Ver m\u00e1s informaci\u00f3n sobre este concurso\r\n                                <\/p>\r\n                            <\/div>\r\n                            <div id=\"content-right\">\r\n                                <img decoding=\"async\" src=\"https:\/\/www.fiscaliadecuentas.gob.pa\/scmfgc\/wp-content\/uploads\/2024\/07\/budget-analyst.png\"\r\n                                    class=\"image\" \/>\r\n                            <\/div>\r\n                        <\/div>\r\n                    <\/button>\r\n                    <div class=\"content\">\r\n                       <!-- ============================================= Button-Group-Start ================================ -->\r\n                        <div class=\"d-grid gap-2\">\r\n                            <a class=\"btn btn-light text-left\"\r\n                                href=\"https:\/\/www.fiscaliadecuentas.gob.pa\/scmfgc\/wp-content\/uploads\/2024\/07\/AVISO-DE-CONVOCATORIA-FGC-CA-021-24.pdf\"\r\n                                role=\"button\" rel=\"noopener\" target=\"_blank\"><i class=\"fas fa-search fa-1x\"><\/i>\r\n                                Ver\r\n                                Aviso del Concurso\r\n                                Abierto<\/a>\r\n                            <!-- <a class=\"btn btn-light text-left\"\r\n                                            href=\"https:\/\/www.fiscaliadecuentas.gob.pa\/wp-content\/uploads\/2022\/05\/Aviso-Fiscal-Adjunto-No.-FGC-CA-003-22.pdf\"\r\n                                            role=\"button\" rel=\"noopener\" target=\"_blank\"><i\r\n                                                class=\"fas fa-file-pdf fa-1x\"><\/i> Mecanismo\r\n                                            para acreditar los requisitos b\u00e1sicos para\r\n                                            ocupar cualquier cargo en la Fiscal\u00eda General de\r\n                                            Cuentas.<\/a> -->\r\n                            <a class=\"btn btn-light text-left\"\r\n                                href=\"https:\/\/www.fiscaliadecuentas.gob.pa\/scmfgc\/wp-content\/uploads\/2024\/07\/INSTRUCTIVO-FGC-CA-021-24.pdf\"\r\n                                role=\"button\" rel=\"noopener\" target=\"_blank\"><i class=\"fas fa-search fa-1x\"><\/i>\r\n                                Ver\r\n                                Instructivo del\r\n                                Concurso Abierto<\/a>\r\n                            <a class=\"btn btn-light text-left\"\r\n                                href=\"https:\/\/www.fiscaliadecuentas.gob.pa\/scmfgc\/wp-content\/uploads\/2024\/07\/TABLA-DE-PONDERACION-FGC-CA-021-24.pdf\"\r\n                                role=\"button\" rel=\"noopener\" target=\"_blank\"><i class=\"fas fa-search fa-1x\"><\/i>\r\n                                Ver\r\n                                Tabla de Ponderaci\u00f3n<\/a>\r\n                            <a class=\"btn btn-light text-left collapsible-ca btn-results p-2\"\r\n                                style=\"background-color: #f8f9fa;\" role=\"link\">\r\n                                <i class=\"fas fa-search fa-1x\"><\/i>\r\n                                Ver Resultados\r\n                            <\/a>\r\n                            <div class=\"content\" style=\"display: block;\">\r\n                                <p style=\"text-align: justify\">\r\n                                    <a href=\"https:\/\/www.fiscaliadecuentas.gob.pa\/scmfgc\/wp-content\/uploads\/2024\/08\/Resolucion-N.\u00b0-FGC-CSARH-CA-27-24.pdf\"\r\n                                        rel=\"noopener\" target=\"_blank\" role=\"link\"><i\r\n                                            class=\"fas fa-file-pdf fa-1x\"><\/i>\r\n                                        Resoluci\u00f3n N.\u00ba FGC-CSARH-CA-27-24, Que deja sin efecto la Resoluci\u00f3n FGC-CFGC-001-24 de 23 de julio de 2024, que declara\r\n                                        vacante absoluta la posici\u00f3n 30,\r\n                                        para ocupar el cargo de Analista de Presupuesto.\r\n                                    <\/a>\r\n                                <\/p>\r\n                            <\/div>\r\n                           \r\n                        <\/div>\r\n                        <!-- ============================================= Button-Group-End ====================================== -->\r\n                        \r\n                        <button type=\"button\" class=\"collapsible-ca\" style=\"background-color: #333333\">\r\n                            <i class=\"fas fa-angle-double-down fa-1x\"><\/i> Base Legal\r\n                        <\/button>\r\n                        <div class=\"content\">\r\n                            <!-- ============================================= LEGAL-BASE-START ================================ -->\r\n                            <div class=\"d-grid gap-2\">\r\n                                <a class=\"btn btn-light text-justify\"\r\n                                    href=\"https:\/\/www.fiscaliadecuentas.gob.pa\/wp-content\/uploads\/2021\/11\/LEY-67-DE-2008-ACTUALIZADA-AL-2020-FGC-Secretaria-General.pdf\"\r\n                                    role=\"button\" rel=\"noopener\" target=\"_blank\"><i class=\"fas fa-file-pdf fa-1x\"><\/i>\r\n                                    LEY 67 de 14 de\r\n                                    noviembre de 2008. \"QUE DESARROLLA LA JURISDICCI\u00d3N DE CUENTAS\r\n                                    Y REFORMA LA LEY 32 DE 1987, ORG\u00c1NICA DE LA CONTRALOR\u00cdA\r\n                                    GENERAL DE LA REP\u00daBLICA\"<\/a>\r\n                                <a class=\"btn btn-light text-justify\"\r\n                                    href=\"https:\/\/www.fiscaliadecuentas.gob.pa\/wp-content\/uploads\/2023\/12\/Reglamento-Interno-de-la-Fiscalia-General-de-Cuentas-actualizado-a-diciembre-de-2023.pdf\"\r\n                                    role=\"link\" rel=\"noopener\" target=\"_blank\"><i class=\"fas fa-file-pdf fa-1x\"><\/i>\r\n                                    Reglamento Interno de la Fiscal\u00eda\r\n                                    General de Cuentas.\r\n                                <\/a>\r\n                                <a class=\"btn btn-light text-justify\"\r\n                                    href=\"https:\/\/www.fiscaliadecuentas.gob.pa\/scmfgc\/wp-content\/uploads\/2024\/07\/Resolucion-N.\u00b0-FGC-CFGC-01-24.pdf\"\r\n                                    role=\"link\" rel=\"noopener\" target=\"_blank\"><i class=\"fas fa-file-pdf fa-1x\"><\/i>\r\n                                    Resoluci\u00f3n No.\r\n                                    FGC-CFGC-01-24. \"QUE DECLARA UNA VACANTE ABSOLUTA\"\r\n                                <\/a>\r\n                            <\/div>\r\n                            <!-- ============================================= LEGAL-BASE-END ====================================== -->\r\n                        <\/div>\r\n                        <!-- Button trigger modal -->\r\n                        <div class=\"button-content\">\r\n                                                            <button type=\"button\" class=\"btn btn-warning\" data-bs-toggle=\"modal\"\r\n                                                                data-bs-target=\"#staticBackdrop-021-24\">\r\n                                                                Aplicar a la Convocatoria\r\n                                                            <\/button>\r\n                                                        <\/div>\r\n\r\n                        <!-- Modal -->\r\n                        <div class=\"modal fade\" id=\"staticBackdrop-021-24\" data-bs-backdrop=\"static\"\r\n                                                            data-bs-keyboard=\"false\" tabindex=\"-1\" aria-labelledby=\"staticBackdropLabel-021-24\"\r\n                                                            aria-hidden=\"true\">\r\n                                                            <div class=\"modal-dialog\">\r\n                                                                <div class=\"modal-content\">\r\n                                                                    <div class=\"modal-header\">\r\n                                                                        <h5 class=\"modal-title\" id=\"staticBackdropLabel-021-24\">\r\n                                                                            !LO SENTIMOS\u00a1\r\n                                                                        <\/h5>\r\n                                                                        <button type=\"button\" class=\"btn-close\" data-bs-dismiss=\"modal\"\r\n                                                                            aria-label=\"Close\"><\/button>\r\n                                                                    <\/div>\r\n                                                                    <div class=\"modal-body\">\r\n                                                                        LA CONVOCATORIA PARA EL CONCURSO ABIERTO\r\n                                                                        N.\u00b0 FGC-CA-021-24 \"ANALISTA DE PRESUPUESTO Pos.30\", HA CULMINADO.\r\n                                \r\n                                                                    <\/div>\r\n                                                                    <div class=\"modal-footer\">\r\n                                                                        <button type=\"button\" class=\"btn btn-secondary\" data-bs-dismiss=\"modal\">\r\n                                                                            Close\r\n                                                                        <\/button>\r\n                                                                    <\/div>\r\n                                                                <\/div>\r\n                                                            <\/div>\r\n                                                        <\/div>\r\n                        <!-- End Modal -->\r\n                        <!-- <div class=\"button-content\">\r\n                            <a href=\"https:\/\/www.fiscaliadecuentas.gob.pa\/scmfgc\/formulario-fgc-ca-021-24-2\/\"\r\n                                rel=\"noopener\" target=\"_blank\">\r\n                                <button type=\"button\" class=\"btn-submit\">\r\n                                    Aplicar a la Convocatoria\r\n                                <\/button>\r\n                            <\/a>\r\n                        <\/div> -->\r\n                    <\/div>\r\n                    <!-- ##################END N.\u00b0 FGC-CA-021-24 ANALISTA DE PRESUPUESTO############################### -->\r\n\r\n\r\n                    <\/div>\r\n\r\n                <\/div>\r\n\r\n\r\n                <div class=\"tab-pane fade\" id=\"nav-old-2024\" role=\"tabpanel\" aria-labelledby=\"nav-old-tab-2024\"\r\n                    tabindex=\"0\">\r\n                    <!-- Contenedor del tab de previo y anterior -->\r\n                    <div class=\"tab-content\" id=\"nav-tabContent\">\r\n                        <!-- contenido del 1 -->\r\n                        <div class=\"tab-pane fade show active\" id=\"pnav-24-1\" role=\"tabpanel\"\r\n                            aria-labelledby=\"nav-pnav-24-1\" tabindex=\"0\">\r\n\r\n                            <!-- ##################START N.\u00b0 FGC-CA-014-24 ANALISTA DE ORGANIZACI\u00d3N Y SISTEMAS ADMINISTRATIVOS I############################### -->\r\n                            <button type=\"button\" class=\"collapsible-ca\">\r\n                                <div class=\"btn-info\">\r\n                                    <div id=\"content-left\">\r\n                                        <p class=\"lh-sm\">Concurso Abierto N.\u00b0 FGC-CA-014-24<\/p>\r\n                                        <p class=\"lh-sm\">Cargo: ANALISTA DE ORGANIZACI\u00d3N Y SISTEMAS ADMINISTRATIVOS\r\n                                            Pos.134<\/p>\r\n                                        <p class=\"lh-sm\">\r\n                                            <i class=\"fas fa-angle-double-down fa-1x\"><\/i>\r\n                                            Ver m\u00e1s informaci\u00f3n sobre este concurso\r\n                                        <\/p>\r\n                                    <\/div>\r\n                                    <div id=\"content-right\">\r\n                                        <img decoding=\"async\" src=\"https:\/\/www.fiscaliadecuentas.gob.pa\/wp-content\/uploads\/2023\/10\/Organization-Analyst.png\"\r\n                                            class=\"image\" \/>\r\n                                    <\/div>\r\n                                <\/div>\r\n                            <\/button>\r\n                            <div class=\"content\">\r\n                                <!-- INICIO AVISO DE CONVOCATORIA EXTENSI\u00d3N DE ENTREGA PARA DOCUMENTOS -->\r\n                                <!-- <button type=\"button\" class=\"collapsible-ca\"\r\n                                                        style=\"background-color: #333333;\"><i class=\"fas\r\n                                                            fa-info-circle fa-1x\"><\/i> AVISO<\/button>\r\n                                                                    <div class=\"content\"><br>\r\n                                                                        <p style=\"text-align: justify;\"><a\r\n                                                                                href=\"https:\/\/www.fiscaliadecuentas.gob.pa\/wp-content\/uploads\/2022\/05\/Extension-Carrera-por-Merito.pdf\"\r\n                                                                                rel=\"noopener\" target=\"_blank\"><i class=\"fas\r\n                                                                                    fa-file-pdf fa-1x\"><\/i> Extensi\u00f3n de\r\n                                                                                entrega de documentos hasta el 10 de junio\r\n                                                                                de 2022.<\/a><\/p>\r\n                                                                    <\/div> -->\r\n                                <!-- FINAL AVISO DE CONVOCATORIA EXTENSI\u00d3N DE ENTREGA PARA DOCUMENTOS -->\r\n\r\n                                <!-- ============================================= Button-Group-Start ================================ -->\r\n                                <div class=\"d-grid gap-2\">\r\n                                    <a class=\"btn btn-light text-left\"\r\n                                        href=\"https:\/\/www.fiscaliadecuentas.gob.pa\/scmfgc\/wp-content\/uploads\/2024\/06\/AVISO-DE-CONVOCATORIA-FGC-CA-014-24.pdf\"\r\n                                        role=\"button\" rel=\"noopener\" target=\"_blank\"><i class=\"fas fa-search fa-1x\"><\/i>\r\n                                        Ver\r\n                                        Aviso del Concurso\r\n                                        Abierto\r\n                                    <\/a>\r\n                                    <!-- <a class=\"btn btn-light text-left\"\r\n                                                            href=\"https:\/\/www.fiscaliadecuentas.gob.pa\/wp-content\/uploads\/2022\/05\/Aviso-Fiscal-Adjunto-No.-FGC-CA-003-22.pdf\"\r\n                                                            role=\"button\" rel=\"noopener\" target=\"_blank\"><i\r\n                                                                class=\"fas fa-file-pdf fa-1x\"><\/i> Mecanismo\r\n                                                            para acreditar los requisitos b\u00e1sicos para\r\n                                                            ocupar cualquier cargo en la Fiscal\u00eda General de\r\n                                                            Cuentas.<\/a> -->\r\n                                    <a class=\"btn btn-light text-left\"\r\n                                        href=\"https:\/\/www.fiscaliadecuentas.gob.pa\/scmfgc\/wp-content\/uploads\/2024\/06\/INSTRUCTIVO-FGC-CA-014-24.pdf\"\r\n                                        role=\"button\" rel=\"noopener\" target=\"_blank\"><i class=\"fas fa-search fa-1x\"><\/i>\r\n                                        Ver\r\n                                        Instructivo del\r\n                                        Concurso Abierto<\/a>\r\n                                    <a class=\"btn btn-light text-left\"\r\n                                        href=\"https:\/\/www.fiscaliadecuentas.gob.pa\/scmfgc\/wp-content\/uploads\/2024\/06\/TABLA-DE-PONDERACION-FGC-CA-014-24.pdf\"\r\n                                        role=\"button\" rel=\"noopener\" target=\"_blank\"><i class=\"fas fa-search fa-1x\"><\/i>\r\n                                        Ver\r\n                                        Tabla de Ponderaci\u00f3n<\/a>\r\n                                    <a class=\"btn btn-light text-left collapsible-ca btn-results p-2\"\r\n                                        style=\"background-color: #f8f9fa;\" role=\"link\">\r\n                                        <i class=\"fas fa-search fa-1x\"><\/i>\r\n                                        Ver Resultados\r\n                                    <\/a>\r\n                                    <div class=\"content\" style=\"display: block;\">\r\n                                        <p style=\"text-align: justify\">\r\n                                            <a href=\"https:\/\/www.fiscaliadecuentas.gob.pa\/scmfgc\/wp-content\/uploads\/2024\/07\/Vacante-Desierta-FGC-CA-014-24.pdf\"\r\n                                                rel=\"noopener\" target=\"_blank\" role=\"link\"><i\r\n                                                    class=\"fas fa-file-pdf fa-1x\"><\/i>\r\n                                                Resoluci\u00f3n N.\u00ba FGC-CSARH-CA-21-24, que declara desierto el Concurso\r\n                                                Abierto N.\u00b0\r\n                                                FGC-CA-014-24 para ocupar el cargo de Analista de Organizaci\u00f3n y\r\n                                                Sistemas Administrativos I.\r\n                                            <\/a>\r\n                                        <\/p>\r\n                                    <\/div>\r\n                                <\/div>\r\n                                <!-- ============================================= Button-Group-End ====================================== -->\r\n                                <button type=\"button\" class=\"collapsible-ca\" style=\"background-color: #333333\">\r\n                                    <i class=\"fas fa-angle-double-down fa-1x\"><\/i> Base Legal\r\n                                <\/button>\r\n                                <div class=\"content\">\r\n                                    <!-- ============================================= LEGAL-BASE-START ================================ -->\r\n                                    <div class=\"d-grid gap-2\">\r\n                                        <a class=\"btn btn-light text-justify\"\r\n                                            href=\"https:\/\/www.fiscaliadecuentas.gob.pa\/wp-content\/uploads\/2021\/11\/LEY-67-DE-2008-ACTUALIZADA-AL-2020-FGC-Secretaria-General.pdf\"\r\n                                            role=\"button\" rel=\"noopener\" target=\"_blank\"><i\r\n                                                class=\"fas fa-file-pdf fa-1x\"><\/i>\r\n                                            LEY 67 de 14 de\r\n                                            noviembre de 2008. \"QUE DESARROLLA LA JURISDICCI\u00d3N DE CUENTAS\r\n                                            Y REFORMA LA LEY 32 DE 1987, ORG\u00c1NICA DE LA CONTRALOR\u00cdA\r\n                                            GENERAL DE LA REP\u00daBLICA\"<\/a>\r\n                                        <a class=\"btn btn-light text-justify\"\r\n                                            href=\"https:\/\/www.fiscaliadecuentas.gob.pa\/wp-content\/uploads\/2023\/12\/Reglamento-Interno-de-la-Fiscalia-General-de-Cuentas-actualizado-a-diciembre-de-2023.pdf\"\r\n                                            role=\"link\" rel=\"noopener\" target=\"_blank\"><i\r\n                                                class=\"fas fa-file-pdf fa-1x\"><\/i>\r\n                                            Reglamento Interno de la Fiscal\u00eda\r\n                                            General de Cuentas.\r\n                                        <\/a>\r\n                                        <a class=\"btn btn-light text-justify\"\r\n                                            href=\"https:\/\/www.fiscaliadecuentas.gob.pa\/wp-content\/uploads\/2023\/11\/Resolucion-N.\u00b0-FGC-CFGC-014-23.pdf\"\r\n                                            role=\"link\" rel=\"noopener\" target=\"_blank\"><i\r\n                                                class=\"fas fa-file-pdf fa-1x\"><\/i>\r\n                                            Resoluci\u00f3n No.\r\n                                            FGC-CFGC-014-23. \"QUE DECLARA UNA VACANTE ABSOLUTA\"\r\n                                        <\/a>\r\n                                    <\/div>\r\n                                    <!-- ============================================= LEGAL-BASE-END ====================================== -->\r\n                                <\/div>\r\n                                <!-- Button trigger modal -->\r\n                                <div class=\"button-content\">\r\n                                                                    <button type=\"button\" class=\"btn btn-warning\" data-bs-toggle=\"modal\"\r\n                                                                        data-bs-target=\"#staticBackdrop-013-23\">\r\n                                                                        Aplicar a la Convocatoria\r\n                                                                    <\/button>\r\n                                                                <\/div>\r\n\r\n                                <!-- Modal -->\r\n                                <div class=\"modal fade\" id=\"staticBackdrop-013-23\" data-bs-backdrop=\"static\"\r\n                                                                    data-bs-keyboard=\"false\" tabindex=\"-1\" aria-labelledby=\"staticBackdropLabel-012-23\"\r\n                                                                    aria-hidden=\"true\">\r\n                                                                    <div class=\"modal-dialog\">\r\n                                                                        <div class=\"modal-content\">\r\n                                                                            <div class=\"modal-header\">\r\n                                                                                <h5 class=\"modal-title\" id=\"staticBackdropLabel-012-23\">\r\n                                                                                    !LO SENTIMOS\u00a1\r\n                                                                                <\/h5>\r\n                                                                                <button type=\"button\" class=\"btn-close\" data-bs-dismiss=\"modal\"\r\n                                                                                    aria-label=\"Close\"><\/button>\r\n                                                                            <\/div>\r\n                                                                            <div class=\"modal-body\">\r\n                                                                                LA CONVOCATORIA PARA EL CONCURSO ABIERTO\r\n                                                                                N.\u00b0 FGC-CA-014-24 \"ANALISTA DE ORGANIZACI\u00d3N Y SISTEMAS ADMINISTRATIVOS I\r\n                                                                                Pos. 134\", HA CULMINADO.\r\n                                        \r\n                                                                            <\/div>\r\n                                                                            <div class=\"modal-footer\">\r\n                                                                                <button type=\"button\" class=\"btn btn-secondary\" data-bs-dismiss=\"modal\">\r\n                                                                                    Close\r\n                                                                                <\/button>\r\n                                                                            <\/div>\r\n                                                                        <\/div>\r\n                                                                    <\/div>\r\n                                                                <\/div>\r\n                                <!-- End Modal -->\r\n                                <!-- <div class=\"button-content\">\r\n                                    <a href=\"https:\/\/www.fiscaliadecuentas.gob.pa\/scmfgc\/formulario-de-aplicacion-fgc-ca-014-24-analista-de-organizacion-y-sistemas-administrativos-i-134\/\"\r\n                                        rel=\"noopener\" target=\"_blank\">\r\n                                        <button type=\"button\" class=\"btn-submit\">\r\n                                            Aplicar a la Convocatoria\r\n                                        <\/button>\r\n                                    <\/a>\r\n                                <\/div> -->\r\n                            <\/div>\r\n                            <!-- ##################END N.\u00b0 FGC-CA-014-24 ANALISTA DE ORGANIZACI\u00d3N Y SISTEMAS ADMINISTRATIVOS I############################### -->\r\n                            <!-- ##################START N.\u00b0 FGC-CA-015-24 FISCAL ADJUNTO CHIRIQU\u00cd############################### -->\r\n                            <button type=\"button\" class=\"collapsible-ca\">\r\n                                <div class=\"btn-info\">\r\n                                    <div id=\"content-left\">\r\n                                        <p class=\"lh-sm\">Concurso Abierto N.\u00b0 FGC-CA-015-24<\/p>\r\n                                        <p class=\"lh-sm\">Cargo: Fiscal Adjunto (Chiriqu\u00ed) Pos.144<\/p>\r\n                                        <p class=\"lh-sm\">\r\n                                            <i class=\"fas fa-angle-double-down fa-1x\"><\/i>\r\n                                            Ver m\u00e1s informaci\u00f3n sobre este concurso\r\n                                        <\/p>\r\n                                    <\/div>\r\n                                    <div id=\"content-right\">\r\n                                        <img decoding=\"async\" src=\"https:\/\/www.fiscaliadecuentas.gob.pa\/wp-content\/uploads\/2023\/10\/Deputy-Prosecutor-C.png\"\r\n                                            class=\"image\" \/>\r\n                                    <\/div>\r\n                                <\/div>\r\n                            <\/button>\r\n                            <div class=\"content\">\r\n                                <!-- INICIO AVISO DE CONVOCATORIA EXTENSI\u00d3N DE ENTREGA PARA DOCUMENTOS -->\r\n                                <!-- <button type=\"button\" class=\"collapsible-ca\"\r\n                            style=\"background-color: #333333;\"><i class=\"fas\r\n                                fa-info-circle fa-1x\"><\/i> AVISO<\/button>\r\n                                        <div class=\"content\"><br>\r\n                                            <p style=\"text-align: justify;\"><a\r\n                                                    href=\"https:\/\/www.fiscaliadecuentas.gob.pa\/wp-content\/uploads\/2022\/05\/Extension-Carrera-por-Merito.pdf\"\r\n                                                    rel=\"noopener\" target=\"_blank\"><i class=\"fas\r\n                                                        fa-file-pdf fa-1x\"><\/i> Extensi\u00f3n de\r\n                                                    entrega de documentos hasta el 10 de junio\r\n                                                    de 2022.<\/a><\/p>\r\n                                        <\/div> -->\r\n                                <!-- FINAL AVISO DE CONVOCATORIA EXTENSI\u00d3N DE ENTREGA PARA DOCUMENTOS -->\r\n\r\n                                <!-- ============================================= Button-Group-Start ================================ -->\r\n                                <div class=\"d-grid gap-2\">\r\n                                    <a class=\"btn btn-light text-left\"\r\n                                        href=\"https:\/\/www.fiscaliadecuentas.gob.pa\/scmfgc\/wp-content\/uploads\/2024\/06\/AVISO-DE-CONVOCATORIA-FGC-CA-015-24.pdf\"\r\n                                        role=\"button\" rel=\"noopener\" target=\"_blank\"><i class=\"fas fa-search fa-1x\"><\/i>\r\n                                        Ver\r\n                                        Aviso del Concurso\r\n                                        Abierto<\/a>\r\n                                    <!-- <a class=\"btn btn-light text-left\"\r\n                                href=\"https:\/\/www.fiscaliadecuentas.gob.pa\/wp-content\/uploads\/2022\/05\/Aviso-Fiscal-Adjunto-No.-FGC-CA-003-22.pdf\"\r\n                                role=\"button\" rel=\"noopener\" target=\"_blank\"><i\r\n                                    class=\"fas fa-file-pdf fa-1x\"><\/i> Mecanismo\r\n                                para acreditar los requisitos b\u00e1sicos para\r\n                                ocupar cualquier cargo en la Fiscal\u00eda General de\r\n                                Cuentas.<\/a> -->\r\n                                    <a class=\"btn btn-light text-left\"\r\n                                        href=\"https:\/\/www.fiscaliadecuentas.gob.pa\/scmfgc\/wp-content\/uploads\/2024\/06\/INSTRUCTIVO-FGC-CA-015-24.pdf\"\r\n                                        role=\"button\" rel=\"noopener\" target=\"_blank\"><i class=\"fas fa-search fa-1x\"><\/i>\r\n                                        Ver\r\n                                        Instructivo del\r\n                                        Concurso Abierto<\/a>\r\n                                    <a class=\"btn btn-light text-left\"\r\n                                        href=\"https:\/\/www.fiscaliadecuentas.gob.pa\/scmfgc\/wp-content\/uploads\/2024\/06\/TABLA-DE-PONDERACION-FGC-CA-015-24.pdf\"\r\n                                        role=\"button\" rel=\"noopener\" target=\"_blank\"><i class=\"fas fa-search fa-1x\"><\/i>\r\n                                        Ver\r\n                                        Tabla de Ponderaci\u00f3n\r\n                                    <\/a>\r\n                                    <a class=\"btn btn-light text-left collapsible-ca btn-results p-2\"\r\n                                                    style=\"background-color: #f8f9fa;\" role=\"link\">\r\n                                                    <i class=\"fas fa-search fa-1x\"><\/i>\r\n                                                    Ver Resultados\r\n                                                <\/a>\r\n                                    <div class=\"content\" style=\"display: block;\">\r\n                                                    <p style=\"text-align: justify\">\r\n                                                        <a href=\"https:\/\/www.fiscaliadecuentas.gob.pa\/scmfgc\/wp-content\/uploads\/2024\/08\/Resolucion-N.o-FGC-CSARH-CA-31-24.pdf\"\r\n                                                            rel=\"noopener\" target=\"_blank\" role=\"link\"><i class=\"fas fa-file-pdf fa-1x\"><\/i>\r\n                                                            Resoluci\u00f3n No. FGC-CSARH-CA-31-24, que deja sin efecto la Resoluci\u00f3n N.\u00ba FGC-CFGC-009-23 de 19 de octubre de 2023, que declara\r\n                                                            vacante absoluta la posici\u00f3n 144, para ocupar el cargo de Fiscal Adjunto en la provincia de Chiriqu\u00ed.\r\n                                                        <\/a>\r\n                                                    <\/p>\r\n                                                <\/div>\r\n                                <\/div>\r\n                                <!-- ============================================= Button-Group-End ====================================== -->\r\n                               \r\n                                <button type=\"button\" class=\"collapsible-ca\" style=\"background-color: #333333\">\r\n                                    <i class=\"fas fa-angle-double-down fa-1x\"><\/i> Base Legal\r\n                                <\/button>\r\n                                <div class=\"content\">\r\n                                    <!-- ============================================= LEGAL-BASE-START ================================ -->\r\n                                    <div class=\"d-grid gap-2\">\r\n                                        <a class=\"btn btn-light text-justify\"\r\n                                            href=\"https:\/\/www.fiscaliadecuentas.gob.pa\/wp-content\/uploads\/2021\/11\/LEY-67-DE-2008-ACTUALIZADA-AL-2020-FGC-Secretaria-General.pdf\"\r\n                                            role=\"button\" rel=\"noopener\" target=\"_blank\"><i\r\n                                                class=\"fas fa-file-pdf fa-1x\"><\/i>\r\n                                            LEY 67 de 14 de\r\n                                            noviembre de 2008. \"QUE DESARROLLA LA JURISDICCI\u00d3N DE CUENTAS\r\n                                            Y REFORMA LA LEY 32 DE 1987, ORG\u00c1NICA DE LA CONTRALOR\u00cdA\r\n                                            GENERAL DE LA REP\u00daBLICA\"<\/a>\r\n                                        <a class=\"btn btn-light text-justify\"\r\n                                            href=\"https:\/\/www.fiscaliadecuentas.gob.pa\/wp-content\/uploads\/2021\/08\/Resolucion-N.%C2%B0-FGC-039-21-de-9-de-agosto-de-2021-QUE-APRUEBA-LA-REGLAMENTACION-DEL-ARTICULO-25-A.pdf\"\r\n                                            role=\"button\" rel=\"noopener\" target=\"_blank\"><i\r\n                                                class=\"fas fa-file-pdf fa-1x\"><\/i>\r\n                                            Resoluci\u00f3n N.\u00b0\r\n                                            FGC-039-21 de 9 de agosto de 2021. \"QUE APRUEBA LA\r\n                                            REGLAMENTACI\u00d3N DEL ARTICULO 25-A DE LA LEY 67 DE 14 DE\r\n                                            NOVIEMBRE DE 2008, POR EL CUAL SE INSTITUYE UN SISTEMA DE\r\n                                            CARRERA POR M\u00c9RITOS EN LA FISCAL\u00cdA GENERAL DE CUENTAS\"<\/a>\r\n                                        <a class=\"btn btn-light text-justify\"\r\n                                            href=\"https:\/\/www.fiscaliadecuentas.gob.pa\/wp-content\/uploads\/2022\/05\/RESOLUCION-FGC-N.\u00b0-21-22-1.pdf\"\r\n                                            role=\"button\" rel=\"noopener\" target=\"_blank\"><i\r\n                                                class=\"fas fa-file-pdf fa-1x\"><\/i>\r\n                                            Resoluci\u00f3n FGC N\u00b021-22\r\n                                            de 22 de abril de 2022. \"POR LA CUAL SE ADICIONA UN P\u00c1RRAFO AL\r\n                                            ART\u00cdCULO 13 DE LA RESOLUCI\u00d3N N\u00b0FGC-039-21 DE 9 DE AGOSTO DE\r\n                                            2021, QUE APRUEBA LA REGLAMENTACI\u00d3N DEL ART\u00cdCULO 25-A DE LA\r\n                                            LEY 67 DE 14 DE NOVIEMBRE DE 2008, POR EL CUAL SE INSTITUYE UN\r\n                                            SISTEMA DE CARRERA POR M\u00c9RITOS EN LA FISCAL\u00cdA GENERAL DE\r\n                                            CUENTAS.\"<\/a>\r\n                                        <a class=\"btn btn-light text-justify\"\r\n                                            href=\"https:\/\/www.fiscaliadecuentas.gob.pa\/wp-content\/uploads\/2023\/12\/Reglamento-Interno-de-la-Fiscalia-General-de-Cuentas-actualizado-a-diciembre-de-2023.pdf\"\r\n                                            role=\"link\" rel=\"noopener\" target=\"_blank\"><i\r\n                                                class=\"fas fa-file-pdf fa-1x\"><\/i>\r\n                                            Reglamento Interno de la Fiscal\u00eda General de Cuentas.\r\n                                        <\/a>\r\n                                        <a class=\"btn btn-light text-justify\"\r\n                                            href=\"https:\/\/www.fiscaliadecuentas.gob.pa\/wp-content\/uploads\/2023\/11\/Resolucion-N.\u00b0-FGC-CFGC-009-23.pdf\"\r\n                                            role=\"button\" rel=\"noopener\" target=\"_blank\"><i\r\n                                                class=\"fas fa-file-pdf fa-1x\"><\/i>\r\n                                            Resoluci\u00f3n No.\r\n                                            FGC-CFGC-009-23. \"QUE DECLARA UNA VACANTE ABSOLUTA\"<\/a>\r\n                                    <\/div>\r\n                                    <!-- ============================================= LEGAL-BASE-END ====================================== -->\r\n                                <\/div>\r\n                                <!-- Button trigger modal -->\r\n                                <!-- <div class=\"button-content\">\r\n                                                <button type=\"button\" class=\"btn btn-warning\" data-bs-toggle=\"modal\"\r\n                                                    data-bs-target=\"#staticBackdrop-008-24\">\r\n                                                    Aplicar a la Convocatoria\r\n                                                <\/button>\r\n                                            <\/div> -->\r\n\r\n                                <!-- Modal -->\r\n                                <!-- <div class=\"modal fade\" id=\"staticBackdrop-008-24\" data-bs-backdrop=\"static\"\r\n                                                data-bs-keyboard=\"false\" tabindex=\"-1\" aria-labelledby=\"staticBackdropLabel-008-24\"\r\n                                                aria-hidden=\"true\">\r\n                                                <div class=\"modal-dialog\">\r\n                                                    <div class=\"modal-content\">\r\n                                                        <div class=\"modal-header\">\r\n                                                            <h5 class=\"modal-title\" id=\"staticBackdropLabel-008-24\">\r\n                                                                !LO SENTIMOS\u00a1\r\n                                                            <\/h5>\r\n                                                            <button type=\"button\" class=\"btn-close\" data-bs-dismiss=\"modal\"\r\n                                                                aria-label=\"Close\"><\/button>\r\n                                                        <\/div>\r\n                                                        <div class=\"modal-body\">\r\n                                                            LA CONVOCATORIA PARA EL CONCURSO ABIERTO\r\n                                                            N.\u00b0 FGC-CA-008-24 \"FISCAL ADJUNTO (CHIRIQU\u00cd) Pos. 144\", INICIA PARTIR DE LAS 00:01 HORAS DEL D\u00cdA JUEVES 27 DE JUNIO DEL 2024.\r\n                    \r\n                                                        <\/div>\r\n                                                        <div class=\"modal-footer\">\r\n                                                            <button type=\"button\" class=\"btn btn-secondary\" data-bs-dismiss=\"modal\">\r\n                                                                Close\r\n                                                            <\/button>\r\n                                                        <\/div>\r\n                                                    <\/div>\r\n                                                <\/div>\r\n                                            <\/div> -->\r\n                                <!-- End Modal -->\r\n                                <div class=\"button-content\"><a\r\n                                        href=\"https:\/\/www.fiscaliadecuentas.gob.pa\/scmfgc\/formulario-de-aplicacion-fgc-ca-015-24-fiscal-adjunto-chiriqui-144\/\"\r\n                                        rel=\"noopener\" target=\"_blank\"><button type=\"button\" class=\"btn-submit\">Aplicar\r\n                                            a la\r\n                                            Convocatoria<\/button><\/a><\/div>\r\n                            <\/div>\r\n                            <!-- ##################END N.\u00b0 FGC-CA-015-24 FISCAL ADJUNTO CHIRIQU\u00cd############################### -->\r\n                            <!-- ##################START N.\u00b0 FGC-CA-016-24 ANALISTA DE COMPRAS############################### -->\r\n                            <button type=\"button\" class=\"collapsible-ca\">\r\n                                <div class=\"btn-info\">\r\n                                    <div id=\"content-left\">\r\n                                        <p class=\"lh-sm\">Concurso Abierto N.\u00b0 FGC-CA-016-24<\/p>\r\n                                        <p class=\"lh-sm\">Cargo: ANALISTA DE COMPRAS Pos.165<\/p>\r\n                                        <p class=\"lh-sm\">\r\n                                            <i class=\"fas fa-angle-double-down fa-1x\"><\/i>\r\n                                            Ver m\u00e1s informaci\u00f3n sobre este concurso\r\n                                        <\/p>\r\n                                    <\/div>\r\n                                    <div id=\"content-right\">\r\n                                        <img decoding=\"async\" src=\"https:\/\/www.fiscaliadecuentas.gob.pa\/wp-content\/uploads\/2023\/10\/Shopping-Analyst.png\"\r\n                                            class=\"image\" \/>\r\n                                    <\/div>\r\n                                <\/div>\r\n                            <\/button>\r\n                            <div class=\"content\">\r\n                                <!-- INICIO AVISO DE CONVOCATORIA EXTENSI\u00d3N DE ENTREGA PARA DOCUMENTOS -->\r\n                                <!-- <button type=\"button\" class=\"collapsible-ca\"\r\n                            style=\"background-color: #333333;\"><i class=\"fas\r\n                                fa-info-circle fa-1x\"><\/i> AVISO<\/button>\r\n                                        <div class=\"content\"><br>\r\n                                            <p style=\"text-align: justify;\"><a\r\n                                                    href=\"https:\/\/www.fiscaliadecuentas.gob.pa\/wp-content\/uploads\/2022\/05\/Extension-Carrera-por-Merito.pdf\"\r\n                                                    rel=\"noopener\" target=\"_blank\"><i class=\"fas\r\n                                                        fa-file-pdf fa-1x\"><\/i> Extensi\u00f3n de\r\n                                                    entrega de documentos hasta el 10 de junio\r\n                                                    de 2022.<\/a><\/p>\r\n                                        <\/div> -->\r\n                                <!-- FINAL AVISO DE CONVOCATORIA EXTENSI\u00d3N DE ENTREGA PARA DOCUMENTOS -->\r\n\r\n                                <!-- ============================================= Button-Group-Start ================================ -->\r\n                                <div class=\"d-grid gap-2\">\r\n                                    <a class=\"btn btn-light text-left\"\r\n                                        href=\"https:\/\/www.fiscaliadecuentas.gob.pa\/scmfgc\/wp-content\/uploads\/2024\/06\/AVISO-DE-CONVOCATORIA-FGC-CA-016-24.pdf\"\r\n                                        role=\"button\" rel=\"noopener\" target=\"_blank\"><i class=\"fas fa-search fa-1x\"><\/i>\r\n                                        Ver\r\n                                        Aviso del Concurso\r\n                                        Abierto<\/a>\r\n                                    <!-- <a class=\"btn btn-light text-left\"\r\n                                href=\"https:\/\/www.fiscaliadecuentas.gob.pa\/wp-content\/uploads\/2022\/05\/Aviso-Fiscal-Adjunto-No.-FGC-CA-003-22.pdf\"\r\n                                role=\"button\" rel=\"noopener\" target=\"_blank\"><i\r\n                                    class=\"fas fa-file-pdf fa-1x\"><\/i> Mecanismo\r\n                                para acreditar los requisitos b\u00e1sicos para\r\n                                ocupar cualquier cargo en la Fiscal\u00eda General de\r\n                                Cuentas.<\/a> -->\r\n                                    <a class=\"btn btn-light text-left\"\r\n                                        href=\"https:\/\/www.fiscaliadecuentas.gob.pa\/scmfgc\/wp-content\/uploads\/2024\/06\/INSTRUCTIVO-FGC-CA-016-24.pdf\"\r\n                                        role=\"button\" rel=\"noopener\" target=\"_blank\"><i class=\"fas fa-search fa-1x\"><\/i>\r\n                                        Ver\r\n                                        Instructivo del\r\n                                        Concurso Abierto<\/a>\r\n                                    <a class=\"btn btn-light text-left\"\r\n                                        href=\"https:\/\/www.fiscaliadecuentas.gob.pa\/scmfgc\/wp-content\/uploads\/2024\/06\/TABLA-DE-PONDERACION-FGC-CA-016-24.pdf\"\r\n                                        role=\"button\" rel=\"noopener\" target=\"_blank\"><i class=\"fas fa-search fa-1x\"><\/i>\r\n                                        Ver\r\n                                        Tabla de Ponderaci\u00f3n<\/a>\r\n                                    <a class=\"btn btn-light text-left collapsible-ca btn-results p-2\"\r\n                                        style=\"background-color: #f8f9fa;\" role=\"link\">\r\n                                        <i class=\"fas fa-search fa-1x\"><\/i>\r\n                                        Ver Resultados\r\n                                    <\/a>\r\n                                    <div class=\"content\" style=\"display: block;\">\r\n                                        <p style=\"text-align: justify\">\r\n                                            <a href=\"https:\/\/www.fiscaliadecuentas.gob.pa\/scmfgc\/wp-content\/uploads\/2024\/07\/Vacante-Desierta-FGC-CA-016-24.pdf\"\r\n                                                rel=\"noopener\" target=\"_blank\" role=\"link\"><i\r\n                                                    class=\"fas fa-file-pdf fa-1x\"><\/i>\r\n                                                Resoluci\u00f3n N.\u00ba FGC-CSARH-CA-20-24, que declara desierto el Concurso\r\n                                                Abierto N.\u00b0\r\n                                                FGC-CA-016-24 para ocupar el cargo de Analista de Compras.\r\n                                            <\/a>\r\n                                        <\/p>\r\n                                    <\/div>\r\n                                <\/div>\r\n                                <!-- ============================================= Button-Group-End ====================================== -->\r\n                                <!-- <button type=\"button\" class=\"collapsible-ca\" style=\"background-color: #333333;\"><i class=\"fas fa-file-pdf fa-1x\"><\/i> Resoluci\u00f3n N\u00b0.FGC-CSARH-CA-02-22<\/button>\r\n                                <div class=\"content\">\r\n                                <p style=\"text-align: justify;\"><a href=\"#\" rel=\"noopener\" target=\"_blank\"><i class=\"fas fa-file-pdf fa-1x\"><\/i> Que comunica los resultados finales del Concurso Abierto N.\u00ba FGC-CA-001-21, para cubrir la vacante absoluta del cargo de Coordinador de Cooperaci\u00f3n T\u00e9cnica de la Fiscal\u00eda General de Cuentas.<\/a><\/p>\r\n                                <\/div> -->\r\n                                <button type=\"button\" class=\"collapsible-ca\" style=\"background-color: #333333\">\r\n                                    <i class=\"fas fa-angle-double-down fa-1x\"><\/i> Base Legal\r\n                                <\/button>\r\n                                <div class=\"content\">\r\n                                    <!-- ============================================= LEGAL-BASE-START ================================ -->\r\n                                    <div class=\"d-grid gap-2\">\r\n                                        <a class=\"btn btn-light text-justify\"\r\n                                            href=\"https:\/\/www.fiscaliadecuentas.gob.pa\/wp-content\/uploads\/2021\/11\/LEY-67-DE-2008-ACTUALIZADA-AL-2020-FGC-Secretaria-General.pdf\"\r\n                                            role=\"button\" rel=\"noopener\" target=\"_blank\"><i\r\n                                                class=\"fas fa-file-pdf fa-1x\"><\/i>\r\n                                            LEY 67 de 14 de\r\n                                            noviembre de 2008. \"QUE DESARROLLA LA JURISDICCI\u00d3N DE CUENTAS\r\n                                            Y REFORMA LA LEY 32 DE 1987, ORG\u00c1NICA DE LA CONTRALOR\u00cdA\r\n                                            GENERAL DE LA REP\u00daBLICA\"<\/a>\r\n                                        <a class=\"btn btn-light text-justify\"\r\n                                            href=\"https:\/\/www.fiscaliadecuentas.gob.pa\/wp-content\/uploads\/2023\/12\/Reglamento-Interno-de-la-Fiscalia-General-de-Cuentas-actualizado-a-diciembre-de-2023.pdf\"\r\n                                            role=\"link\" rel=\"noopener\" target=\"_blank\"><i\r\n                                                class=\"fas fa-file-pdf fa-1x\"><\/i>\r\n                                            Reglamento Interno de la Fiscal\u00eda\r\n                                            General de Cuentas.\r\n                                        <\/a>\r\n                                        <a class=\"btn btn-light text-justify\"\r\n                                            href=\"https:\/\/www.fiscaliadecuentas.gob.pa\/wp-content\/uploads\/2023\/11\/Resolucion-N.\u00b0-FGC-CFGC-011-23.pdf\"\r\n                                            role=\"link\" rel=\"noopener\" target=\"_blank\"><i\r\n                                                class=\"fas fa-file-pdf fa-1x\"><\/i>\r\n                                            Resoluci\u00f3n No.\r\n                                            FGC-CFGC-011-23. \"QUE DECLARA UNA VACANTE ABSOLUTA\"\r\n                                        <\/a>\r\n                                    <\/div>\r\n                                    <!-- ============================================= LEGAL-BASE-END ====================================== -->\r\n                                <\/div>\r\n                                <!-- Button trigger modal -->\r\n                                <!-- <div class=\"button-content\">\r\n                                                <button type=\"button\" class=\"btn btn-warning\" data-bs-toggle=\"modal\"\r\n                                                    data-bs-target=\"#staticBackdrop-012-23\">\r\n                                                    Aplicar a la Convocatoria\r\n                                                <\/button>\r\n                                            <\/div> -->\r\n\r\n                                <!-- Modal -->\r\n                                <!-- <div class=\"modal fade\" id=\"staticBackdrop-012-23\" data-bs-backdrop=\"static\"\r\n                                                data-bs-keyboard=\"false\" tabindex=\"-1\" aria-labelledby=\"staticBackdropLabel-012-23\"\r\n                                                aria-hidden=\"true\">\r\n                                                <div class=\"modal-dialog\">\r\n                                                    <div class=\"modal-content\">\r\n                                                        <div class=\"modal-header\">\r\n                                                            <h5 class=\"modal-title\" id=\"staticBackdropLabel-012-23\">\r\n                                                                !LO SENTIMOS\u00a1\r\n                                                            <\/h5>\r\n                                                            <button type=\"button\" class=\"btn-close\" data-bs-dismiss=\"modal\"\r\n                                                                aria-label=\"Close\"><\/button>\r\n                                                        <\/div>\r\n                                                        <div class=\"modal-body\">\r\n                                                            LA CONVOCATORIA PARA EL CONCURSO ABIERTO\r\n                                                            N.\u00b0 FGC-CA-016-24 \"ANALISTA DE COMPRAS Pos.165\", INICIA PARTIR DE LAS 00:01 HORAS DEL D\u00cdA JUEVES 27 DE JUNIO DEL 2024.\r\n                    \r\n                                                        <\/div>\r\n                                                        <div class=\"modal-footer\">\r\n                                                            <button type=\"button\" class=\"btn btn-secondary\" data-bs-dismiss=\"modal\">\r\n                                                                Close\r\n                                                            <\/button>\r\n                                                        <\/div>\r\n                                                    <\/div>\r\n                                                <\/div>\r\n                                            <\/div> -->\r\n                                <!-- End Modal -->\r\n                                <div class=\"button-content\">\r\n                                    <a href=\"https:\/\/www.fiscaliadecuentas.gob.pa\/scmfgc\/formulario-de-aplicacion-fgc-ca-016-24-analista-de-compras-165\/\"\r\n                                        rel=\"noopener\" target=\"_blank\">\r\n                                        <button type=\"button\" class=\"btn-submit\">\r\n                                            Aplicar a la Convocatoria\r\n                                        <\/button>\r\n                                    <\/a>\r\n                                <\/div>\r\n                            <\/div>\r\n                            <!-- ##################END N.\u00b0 FGC-CA-016-24 ANALISTA DE COMPRAS############################### -->\r\n                            <!-- ##################START N.\u00b0 FGC-CA-017-24 FISCAL ADJUNTO PANAM\u00c1############################### -->\r\n                            <button type=\"button\" class=\"collapsible-ca\">\r\n                                <div class=\"btn-info\">\r\n                                    <div id=\"content-left\">\r\n                                        <p class=\"lh-sm\">Concurso Abierto N.\u00b0 FGC-CA-017-24<\/p>\r\n                                        <p class=\"lh-sm\">Cargo: Fiscal Adjunto (Panam\u00e1) Pos.127<\/p>\r\n                                        <p class=\"lh-sm\">\r\n                                            <i class=\"fas fa-angle-double-down fa-1x\"><\/i>\r\n                                            Ver m\u00e1s informaci\u00f3n sobre este concurso\r\n                                        <\/p>\r\n                                    <\/div>\r\n                                    <div id=\"content-right\">\r\n                                        <img decoding=\"async\" src=\"https:\/\/www.fiscaliadecuentas.gob.pa\/wp-content\/uploads\/2023\/10\/Deputy-Prosecutor-C.png\"\r\n                                            class=\"image\" \/>\r\n                                    <\/div>\r\n                                <\/div>\r\n                            <\/button>\r\n                            <div class=\"content\">\r\n                                <!-- INICIO AVISO DE CONVOCATORIA EXTENSI\u00d3N DE ENTREGA PARA DOCUMENTOS -->\r\n                                <!-- <button type=\"button\" class=\"collapsible-ca\"\r\n                                                style=\"background-color: #333333;\"><i class=\"fas\r\n                                                    fa-info-circle fa-1x\"><\/i> AVISO<\/button>\r\n                                                            <div class=\"content\"><br>\r\n                                                                <p style=\"text-align: justify;\"><a\r\n                                                                        href=\"https:\/\/www.fiscaliadecuentas.gob.pa\/wp-content\/uploads\/2022\/05\/Extension-Carrera-por-Merito.pdf\"\r\n                                                                        rel=\"noopener\" target=\"_blank\"><i class=\"fas\r\n                                                                            fa-file-pdf fa-1x\"><\/i> Extensi\u00f3n de\r\n                                                                        entrega de documentos hasta el 10 de junio\r\n                                                                        de 2022.<\/a><\/p>\r\n                                                            <\/div> -->\r\n                                <!-- FINAL AVISO DE CONVOCATORIA EXTENSI\u00d3N DE ENTREGA PARA DOCUMENTOS -->\r\n\r\n                                <!-- ============================================= Button-Group-Start ================================ -->\r\n                                <div class=\"d-grid gap-2\">\r\n                                    <a class=\"btn btn-light text-left\"\r\n                                        href=\"https:\/\/www.fiscaliadecuentas.gob.pa\/scmfgc\/wp-content\/uploads\/2024\/06\/AVISO-DE-CONVOCATORIA-FGC-CA-017-24.pdf\"\r\n                                        role=\"button\" rel=\"noopener\" target=\"_blank\"><i class=\"fas fa-search fa-1x\"><\/i>\r\n                                        Ver\r\n                                        Aviso del Concurso\r\n                                        Abierto<\/a>\r\n                                    <!-- <a class=\"btn btn-light text-left\"\r\n                                                    href=\"https:\/\/www.fiscaliadecuentas.gob.pa\/wp-content\/uploads\/2022\/05\/Aviso-Fiscal-Adjunto-No.-FGC-CA-003-22.pdf\"\r\n                                                    role=\"button\" rel=\"noopener\" target=\"_blank\"><i\r\n                                                        class=\"fas fa-file-pdf fa-1x\"><\/i> Mecanismo\r\n                                                    para acreditar los requisitos b\u00e1sicos para\r\n                                                    ocupar cualquier cargo en la Fiscal\u00eda General de\r\n                                                    Cuentas.<\/a> -->\r\n                                    <a class=\"btn btn-light text-left\"\r\n                                        href=\"https:\/\/www.fiscaliadecuentas.gob.pa\/scmfgc\/wp-content\/uploads\/2024\/06\/INSTRUCTIVO-FGC-CA-017-24.pdf\"\r\n                                        role=\"button\" rel=\"noopener\" target=\"_blank\"><i class=\"fas fa-search fa-1x\"><\/i>\r\n                                        Ver\r\n                                        Instructivo del\r\n                                        Concurso Abierto<\/a>\r\n                                    <a class=\"btn btn-light text-left\"\r\n                                        href=\"https:\/\/www.fiscaliadecuentas.gob.pa\/scmfgc\/wp-content\/uploads\/2024\/06\/TABLA-DE-PONDERACION-FGC-CA-017-24.pdf\"\r\n                                        role=\"button\" rel=\"noopener\" target=\"_blank\"><i class=\"fas fa-search fa-1x\"><\/i>\r\n                                        Ver\r\n                                        Tabla de Ponderaci\u00f3n<\/a>\r\n                                    <a class=\"btn btn-light text-left collapsible-ca btn-results p-2\" style=\"background-color: #f8f9fa;\" role=\"link\"><i class=\"fas fa-search fa-1x\"><\/i>\r\n                                                                        Ver Resultados<\/a>\r\n                                    <div class=\"content\" style=\"display: block;\">\r\n                                                                            <p style=\"text-align: justify\">\r\n                                                                                <a href=\"https:\/\/www.fiscaliadecuentas.gob.pa\/scmfgc\/wp-content\/uploads\/2024\/08\/Resolucion-N.o-FGC-CSARH-CA-32-24.pdf\" rel=\"noopener\" target=\"_blank\" role=\"link\"><i class=\"fas fa-file-pdf fa-1x\"><\/i>\r\n                                                                                    Resoluci\u00f3n N.\u00ba FGC-CSARH-032-24, que deja sin efecto la Resoluci\u00f3n N. \u00b0 FGC-CFGC-015-23 de 19 de octubre de 2023, que declara\r\n                                                                                    vacante absoluta la posici\u00f3n 127, para ocupar el cargo de Fiscal \r\n                                                                                    Adjunto de la Fiscal\u00eda General de Cuentas.\r\n                                                                                <\/a>\r\n                                                                            <\/p>\r\n                                                                        <\/div>\r\n                                <\/div>\r\n                                <!-- ============================================= Button-Group-End ====================================== -->\r\n                                <!-- <button type=\"button\" class=\"collapsible-ca\" style=\"background-color: #333333;\"><i class=\"fas fa-file-pdf fa-1x\"><\/i> Resoluci\u00f3n N\u00b0.FGC-CSARH-CA-02-22<\/button>\r\n                                                    <div class=\"content\">\r\n                                                    <p style=\"text-align: justify;\"><a href=\"#\" rel=\"noopener\" target=\"_blank\"><i class=\"fas fa-file-pdf fa-1x\"><\/i> Que comunica los resultados finales del Concurso Abierto N.\u00ba FGC-CA-001-21, para cubrir la vacante absoluta del cargo de Coordinador de Cooperaci\u00f3n T\u00e9cnica de la Fiscal\u00eda General de Cuentas.<\/a><\/p>\r\n                                                    <\/div> -->\r\n                                <button type=\"button\" class=\"collapsible-ca\" style=\"background-color: #333333\">\r\n                                    <i class=\"fas fa-angle-double-down fa-1x\"><\/i> Base Legal\r\n                                <\/button>\r\n                                <div class=\"content\">\r\n                                    <!-- ============================================= LEGAL-BASE-START ================================ -->\r\n                                    <div class=\"d-grid gap-2\">\r\n                                        <a class=\"btn btn-light text-justify\"\r\n                                            href=\"https:\/\/www.fiscaliadecuentas.gob.pa\/wp-content\/uploads\/2021\/11\/LEY-67-DE-2008-ACTUALIZADA-AL-2020-FGC-Secretaria-General.pdf\"\r\n                                            role=\"button\" rel=\"noopener\" target=\"_blank\"><i\r\n                                                class=\"fas fa-file-pdf fa-1x\"><\/i>\r\n                                            LEY 67 de 14 de\r\n                                            noviembre de 2008. \"QUE DESARROLLA LA JURISDICCI\u00d3N DE CUENTAS\r\n                                            Y REFORMA LA LEY 32 DE 1987, ORG\u00c1NICA DE LA CONTRALOR\u00cdA\r\n                                            GENERAL DE LA REP\u00daBLICA\"<\/a>\r\n                                        <a class=\"btn btn-light text-justify\"\r\n                                            href=\"https:\/\/www.fiscaliadecuentas.gob.pa\/wp-content\/uploads\/2021\/08\/Resolucion-N.%C2%B0-FGC-039-21-de-9-de-agosto-de-2021-QUE-APRUEBA-LA-REGLAMENTACION-DEL-ARTICULO-25-A.pdf\"\r\n                                            role=\"button\" rel=\"noopener\" target=\"_blank\"><i\r\n                                                class=\"fas fa-file-pdf fa-1x\"><\/i>\r\n                                            Resoluci\u00f3n N.\u00b0\r\n                                            FGC-039-21 de 9 de agosto de 2021. \"QUE APRUEBA LA\r\n                                            REGLAMENTACI\u00d3N DEL ARTICULO 25-A DE LA LEY 67 DE 14 DE\r\n                                            NOVIEMBRE DE 2008, POR EL CUAL SE INSTITUYE UN SISTEMA DE\r\n                                            CARRERA POR M\u00c9RITOS EN LA FISCAL\u00cdA GENERAL DE CUENTAS\"<\/a>\r\n                                        <a class=\"btn btn-light text-justify\"\r\n                                            href=\"https:\/\/www.fiscaliadecuentas.gob.pa\/wp-content\/uploads\/2022\/05\/RESOLUCION-FGC-N.\u00b0-21-22-1.pdf\"\r\n                                            role=\"button\" rel=\"noopener\" target=\"_blank\"><i\r\n                                                class=\"fas fa-file-pdf fa-1x\"><\/i>\r\n                                            Resoluci\u00f3n FGC N\u00b021-22\r\n                                            de 22 de abril de 2022. \"POR LA CUAL SE ADICIONA UN P\u00c1RRAFO AL\r\n                                            ART\u00cdCULO 13 DE LA RESOLUCI\u00d3N N\u00b0FGC-039-21 DE 9 DE AGOSTO DE\r\n                                            2021, QUE APRUEBA LA REGLAMENTACI\u00d3N DEL ART\u00cdCULO 25-A DE LA\r\n                                            LEY 67 DE 14 DE NOVIEMBRE DE 2008, POR EL CUAL SE INSTITUYE UN\r\n                                            SISTEMA DE CARRERA POR M\u00c9RITOS EN LA FISCAL\u00cdA GENERAL DE\r\n                                            CUENTAS.\"<\/a>\r\n                                        <a class=\"btn btn-light text-justify\"\r\n                                            href=\"https:\/\/www.fiscaliadecuentas.gob.pa\/wp-content\/uploads\/2023\/12\/Reglamento-Interno-de-la-Fiscalia-General-de-Cuentas-actualizado-a-diciembre-de-2023.pdf\"\r\n                                            role=\"link\" rel=\"noopener\" target=\"_blank\"><i\r\n                                                class=\"fas fa-file-pdf fa-1x\"><\/i>\r\n                                            Reglamento Interno de la Fiscal\u00eda General de Cuentas.\r\n                                        <\/a>\r\n                                        <a class=\"btn btn-light text-justify\"\r\n                                            href=\"https:\/\/www.fiscaliadecuentas.gob.pa\/wp-content\/uploads\/2023\/11\/Resolucion-N.\u00b0-FGC-CFGC-015-23.pdf\"\r\n                                            role=\"button\" rel=\"noopener\" target=\"_blank\"><i\r\n                                                class=\"fas fa-file-pdf fa-1x\"><\/i>\r\n                                            Resoluci\u00f3n No.\r\n                                            FGC-CFGC-010-23. \"QUE DECLARA UNA VACANTE ABSOLUTA\"<\/a>\r\n                                    <\/div>\r\n                                    <!-- ============================================= LEGAL-BASE-END ====================================== -->\r\n                                <\/div>\r\n                                <!-- Button trigger modal -->\r\n                                <!-- <div class=\"button-content\">\r\n                                                                    <button type=\"button\" class=\"btn btn-warning\" data-bs-toggle=\"modal\"\r\n                                                                        data-bs-target=\"#staticBackdrop-007-24\">\r\n                                                                        Aplicar a la Convocatoria\r\n                                                                    <\/button>\r\n                                                                <\/div> -->\r\n\r\n                                <!-- Modal -->\r\n                                <!-- <div class=\"modal fade\" id=\"staticBackdrop-007-24\" data-bs-backdrop=\"static\"\r\n                                                                    data-bs-keyboard=\"false\" tabindex=\"-1\" aria-labelledby=\"staticBackdropLabel-007-24\"\r\n                                                                    aria-hidden=\"true\">\r\n                                                                    <div class=\"modal-dialog\">\r\n                                                                        <div class=\"modal-content\">\r\n                                                                            <div class=\"modal-header\">\r\n                                                                                <h5 class=\"modal-title\" id=\"staticBackdropLabel-007-24\">\r\n                                                                                    !LO SENTIMOS\u00a1\r\n                                                                                <\/h5>\r\n                                                                                <button type=\"button\" class=\"btn-close\" data-bs-dismiss=\"modal\"\r\n                                                                                    aria-label=\"Close\"><\/button>\r\n                                                                            <\/div>\r\n                                                                            <div class=\"modal-body\">\r\n                                                                                LA CONVOCATORIA PARA EL CONCURSO ABIERTO\r\n                                                                                N.\u00b0 FGC-CA-017-24 \"FISCAL ADJUNTO (PANAM\u00c1) Pos.127 \", INICIA PARTIR DE LAS 00:01 HORAS DEL D\u00cdA JUEVES 27 DE JUNIO DEL 2024.\r\n                                        \r\n                                                                            <\/div>\r\n                                                                            <div class=\"modal-footer\">\r\n                                                                                <button type=\"button\" class=\"btn btn-secondary\" data-bs-dismiss=\"modal\">\r\n                                                                                    Close\r\n                                                                                <\/button>\r\n                                                                            <\/div>\r\n                                                                        <\/div>\r\n                                                                    <\/div>\r\n                                                                <\/div> -->\r\n                                <!-- End Modal -->\r\n                                <div class=\"button-content\"><a\r\n                                        href=\"https:\/\/www.fiscaliadecuentas.gob.pa\/scmfgc\/formulario-fgc-ca-017-24-fiscal-adjunto-panama-127\/\"\r\n                                        rel=\"noopener\" target=\"_blank\"><button type=\"button\" class=\"btn-submit\">Aplicar\r\n                                            a la\r\n                                            Convocatoria<\/button><\/a><\/div>\r\n                            <\/div>\r\n                            <!-- ##################END N.\u00b0 FGC-CA-017-24 FISCAL ADJUNTO PANAM\u00c1############################### -->\r\n\r\n                        <\/div>\r\n                        <!-- contenido del 2 -->\r\n                        <div class=\"tab-pane fade\" id=\"pnav-24-2\" role=\"tabpanel\" aria-labelledby=\"nav-pnav-24-2\"\r\n                            tabindex=\"0\">\r\n\r\n                            <!-- ##################START N.\u00b0 FGC-CA-007-24 FISCAL ADJUNTO PANAM\u00c1############################### -->\r\n                            <button type=\"button\" class=\"collapsible-ca\">\r\n                                <div class=\"btn-info\">\r\n                                    <div id=\"content-left\">\r\n                                        <p class=\"lh-sm\">Concurso Abierto N.\u00b0 FGC-CA-007-24<\/p>\r\n                                        <p class=\"lh-sm\">Cargo: Fiscal Adjunto (Panam\u00e1) Pos.127<\/p>\r\n                                        <p class=\"lh-sm\">\r\n                                            <i class=\"fas fa-angle-double-down fa-1x\"><\/i>\r\n                                            Ver m\u00e1s informaci\u00f3n sobre este concurso\r\n                                        <\/p>\r\n                                    <\/div>\r\n                                    <div id=\"content-right\">\r\n                                        <img decoding=\"async\" src=\"https:\/\/www.fiscaliadecuentas.gob.pa\/wp-content\/uploads\/2023\/10\/Deputy-Prosecutor-C.png\"\r\n                                            class=\"image\" \/>\r\n                                    <\/div>\r\n                                <\/div>\r\n                            <\/button>\r\n                            <div class=\"content\">\r\n                                <!-- INICIO AVISO DE CONVOCATORIA EXTENSI\u00d3N DE ENTREGA PARA DOCUMENTOS -->\r\n                                <!-- <button type=\"button\" class=\"collapsible-ca\"\r\n        style=\"background-color: #333333;\"><i class=\"fas\r\n            fa-info-circle fa-1x\"><\/i> AVISO<\/button>\r\n                    <div class=\"content\"><br>\r\n                        <p style=\"text-align: justify;\"><a\r\n                                href=\"https:\/\/www.fiscaliadecuentas.gob.pa\/wp-content\/uploads\/2022\/05\/Extension-Carrera-por-Merito.pdf\"\r\n                                rel=\"noopener\" target=\"_blank\"><i class=\"fas\r\n                                    fa-file-pdf fa-1x\"><\/i> Extensi\u00f3n de\r\n                                entrega de documentos hasta el 10 de junio\r\n                                de 2022.<\/a><\/p>\r\n                    <\/div> -->\r\n                                <!-- FINAL AVISO DE CONVOCATORIA EXTENSI\u00d3N DE ENTREGA PARA DOCUMENTOS -->\r\n\r\n                                <!-- ============================================= Button-Group-Start ================================ -->\r\n                                <div class=\"d-grid gap-2\">\r\n                                    <a class=\"btn btn-light text-left\"\r\n                                        href=\"https:\/\/www.fiscaliadecuentas.gob.pa\/scmfgc\/wp-content\/uploads\/2024\/03\/AVISO-DE-CONVOCATORIA-FGC-CA-007-24.pdf\"\r\n                                        role=\"button\" rel=\"noopener\" target=\"_blank\"><i class=\"fas fa-search fa-1x\"><\/i>\r\n                                        Ver\r\n                                        Aviso del Concurso\r\n                                        Abierto<\/a>\r\n                                    <!-- <a class=\"btn btn-light text-left\"\r\n            href=\"https:\/\/www.fiscaliadecuentas.gob.pa\/wp-content\/uploads\/2022\/05\/Aviso-Fiscal-Adjunto-No.-FGC-CA-003-22.pdf\"\r\n            role=\"button\" rel=\"noopener\" target=\"_blank\"><i\r\n                class=\"fas fa-file-pdf fa-1x\"><\/i> Mecanismo\r\n            para acreditar los requisitos b\u00e1sicos para\r\n            ocupar cualquier cargo en la Fiscal\u00eda General de\r\n            Cuentas.<\/a> -->\r\n                                    <a class=\"btn btn-light text-left\"\r\n                                        href=\"https:\/\/www.fiscaliadecuentas.gob.pa\/scmfgc\/wp-content\/uploads\/2024\/03\/INSTRUCTIVO-FGC-CA-007-24.pdf\"\r\n                                        role=\"button\" rel=\"noopener\" target=\"_blank\"><i class=\"fas fa-search fa-1x\"><\/i>\r\n                                        Ver\r\n                                        Instructivo del\r\n                                        Concurso Abierto<\/a>\r\n                                    <a class=\"btn btn-light text-left\"\r\n                                        href=\"https:\/\/www.fiscaliadecuentas.gob.pa\/scmfgc\/wp-content\/uploads\/2024\/03\/TABLA-DE-PONDERACION-FGC-CA-007-24.pdf\"\r\n                                        role=\"button\" rel=\"noopener\" target=\"_blank\"><i class=\"fas fa-search fa-1x\"><\/i>\r\n                                        Ver\r\n                                        Tabla de Ponderaci\u00f3n<\/a>\r\n                                    <a class=\"btn btn-light text-left collapsible-ca btn-results p-2\"\r\n                                        style=\"background-color: #f8f9fa;\" role=\"link\"><i\r\n                                            class=\"fas fa-search fa-1x\"><\/i>\r\n                                        Ver Resultados<\/a>\r\n                                    <div class=\"content\" style=\"display: block;\">\r\n                                        <p style=\"text-align: justify\">\r\n                                            <a href=\"https:\/\/www.fiscaliadecuentas.gob.pa\/scmfgc\/wp-content\/uploads\/2024\/07\/Vacante-Desierta-FGC-CA-007-24.pdf\"\r\n                                                rel=\"noopener\" target=\"_blank\" role=\"link\"><i\r\n                                                    class=\"fas fa-file-pdf fa-1x\"><\/i>\r\n                                                Resoluci\u00f3n N.\u00ba FGC-CSARH-019-24, que declara desierto el Concurso\r\n                                                Abierto N.\u00b0 FGC-CA-007-24 para ocupar el cargo de Fiscal\r\n                                                Adjunto de la Fiscal\u00eda General de Cuentas.\r\n                                            <\/a>\r\n                                        <\/p>\r\n                                    <\/div>\r\n                                <\/div>\r\n                                <!-- ============================================= Button-Group-End ====================================== -->\r\n                                <!-- <button type=\"button\" class=\"collapsible-ca\" style=\"background-color: #333333;\"><i class=\"fas fa-file-pdf fa-1x\"><\/i> Resoluci\u00f3n N\u00b0.FGC-CSARH-CA-02-22<\/button>\r\n            <div class=\"content\">\r\n            <p style=\"text-align: justify;\"><a href=\"#\" rel=\"noopener\" target=\"_blank\"><i class=\"fas fa-file-pdf fa-1x\"><\/i> Que comunica los resultados finales del Concurso Abierto N.\u00ba FGC-CA-001-21, para cubrir la vacante absoluta del cargo de Coordinador de Cooperaci\u00f3n T\u00e9cnica de la Fiscal\u00eda General de Cuentas.<\/a><\/p>\r\n            <\/div> -->\r\n                                <button type=\"button\" class=\"collapsible-ca\" style=\"background-color: #333333\">\r\n                                    <i class=\"fas fa-angle-double-down fa-1x\"><\/i> Base Legal\r\n                                <\/button>\r\n                                <div class=\"content\">\r\n                                    <!-- ============================================= LEGAL-BASE-START ================================ -->\r\n                                    <div class=\"d-grid gap-2\">\r\n                                        <a class=\"btn btn-light text-justify\"\r\n                                            href=\"https:\/\/www.fiscaliadecuentas.gob.pa\/wp-content\/uploads\/2021\/11\/LEY-67-DE-2008-ACTUALIZADA-AL-2020-FGC-Secretaria-General.pdf\"\r\n                                            role=\"button\" rel=\"noopener\" target=\"_blank\"><i\r\n                                                class=\"fas fa-file-pdf fa-1x\"><\/i>\r\n                                            LEY 67 de 14 de\r\n                                            noviembre de 2008. \"QUE DESARROLLA LA JURISDICCI\u00d3N DE CUENTAS\r\n                                            Y REFORMA LA LEY 32 DE 1987, ORG\u00c1NICA DE LA CONTRALOR\u00cdA\r\n                                            GENERAL DE LA REP\u00daBLICA\"<\/a>\r\n                                        <a class=\"btn btn-light text-justify\"\r\n                                            href=\"https:\/\/www.fiscaliadecuentas.gob.pa\/wp-content\/uploads\/2021\/08\/Resolucion-N.%C2%B0-FGC-039-21-de-9-de-agosto-de-2021-QUE-APRUEBA-LA-REGLAMENTACION-DEL-ARTICULO-25-A.pdf\"\r\n                                            role=\"button\" rel=\"noopener\" target=\"_blank\"><i\r\n                                                class=\"fas fa-file-pdf fa-1x\"><\/i>\r\n                                            Resoluci\u00f3n N.\u00b0\r\n                                            FGC-039-21 de 9 de agosto de 2021. \"QUE APRUEBA LA\r\n                                            REGLAMENTACI\u00d3N DEL ARTICULO 25-A DE LA LEY 67 DE 14 DE\r\n                                            NOVIEMBRE DE 2008, POR EL CUAL SE INSTITUYE UN SISTEMA DE\r\n                                            CARRERA POR M\u00c9RITOS EN LA FISCAL\u00cdA GENERAL DE CUENTAS\"<\/a>\r\n                                        <a class=\"btn btn-light text-justify\"\r\n                                            href=\"https:\/\/www.fiscaliadecuentas.gob.pa\/wp-content\/uploads\/2022\/05\/RESOLUCION-FGC-N.\u00b0-21-22-1.pdf\"\r\n                                            role=\"button\" rel=\"noopener\" target=\"_blank\"><i\r\n                                                class=\"fas fa-file-pdf fa-1x\"><\/i>\r\n                                            Resoluci\u00f3n FGC N\u00b021-22\r\n                                            de 22 de abril de 2022. \"POR LA CUAL SE ADICIONA UN P\u00c1RRAFO AL\r\n                                            ART\u00cdCULO 13 DE LA RESOLUCI\u00d3N N\u00b0FGC-039-21 DE 9 DE AGOSTO DE\r\n                                            2021, QUE APRUEBA LA REGLAMENTACI\u00d3N DEL ART\u00cdCULO 25-A DE LA\r\n                                            LEY 67 DE 14 DE NOVIEMBRE DE 2008, POR EL CUAL SE INSTITUYE UN\r\n                                            SISTEMA DE CARRERA POR M\u00c9RITOS EN LA FISCAL\u00cdA GENERAL DE\r\n                                            CUENTAS.\"<\/a>\r\n                                        <a class=\"btn btn-light text-justify\"\r\n                                            href=\"https:\/\/www.fiscaliadecuentas.gob.pa\/wp-content\/uploads\/2023\/12\/Reglamento-Interno-de-la-Fiscalia-General-de-Cuentas-actualizado-a-diciembre-de-2023.pdf\"\r\n                                            role=\"link\" rel=\"noopener\" target=\"_blank\"><i\r\n                                                class=\"fas fa-file-pdf fa-1x\"><\/i>\r\n                                            Reglamento Interno de la Fiscal\u00eda General de Cuentas.\r\n                                        <\/a>\r\n                                        <a class=\"btn btn-light text-justify\"\r\n                                            href=\"https:\/\/www.fiscaliadecuentas.gob.pa\/wp-content\/uploads\/2023\/11\/Resolucion-N.\u00b0-FGC-CFGC-015-23.pdf\"\r\n                                            role=\"button\" rel=\"noopener\" target=\"_blank\"><i\r\n                                                class=\"fas fa-file-pdf fa-1x\"><\/i>\r\n                                            Resoluci\u00f3n No.\r\n                                            FGC-CFGC-010-23. \"QUE DECLARA UNA VACANTE ABSOLUTA\"<\/a>\r\n                                    <\/div>\r\n                                    <!-- ============================================= LEGAL-BASE-END ====================================== -->\r\n                                <\/div>\r\n                                <!-- Button trigger modal -->\r\n                                <div class=\"button-content\">\r\n                                    <button type=\"button\" class=\"btn btn-warning\" data-bs-toggle=\"modal\"\r\n                                        data-bs-target=\"#staticBackdrop-007-24\">\r\n                                        Aplicar a la Convocatoria\r\n                                    <\/button>\r\n                                <\/div>\r\n\r\n                                <!-- Modal -->\r\n                                <div class=\"modal fade\" id=\"staticBackdrop-007-24\" data-bs-backdrop=\"static\"\r\n                                    data-bs-keyboard=\"false\" tabindex=\"-1\" aria-labelledby=\"staticBackdropLabel-007-24\"\r\n                                    aria-hidden=\"true\">\r\n                                    <div class=\"modal-dialog\">\r\n                                        <div class=\"modal-content\">\r\n                                            <div class=\"modal-header\">\r\n                                                <h5 class=\"modal-title\" id=\"staticBackdropLabel-007-24\">\r\n                                                    !LO SENTIMOS\u00a1\r\n                                                <\/h5>\r\n                                                <button type=\"button\" class=\"btn-close\" data-bs-dismiss=\"modal\"\r\n                                                    aria-label=\"Close\"><\/button>\r\n                                            <\/div>\r\n                                            <div class=\"modal-body\">\r\n                                                LA CONVOCATORIA PARA EL CONCURSO ABIERTO\r\n                                                N.\u00b0 FGC-CA-007-24 \"FISCAL ADJUNTO Pos.127\" HA FINALIZADO.\r\n\r\n                                            <\/div>\r\n                                            <div class=\"modal-footer\">\r\n                                                <button type=\"button\" class=\"btn btn-secondary\" data-bs-dismiss=\"modal\">\r\n                                                    Close\r\n                                                <\/button>\r\n                                            <\/div>\r\n                                        <\/div>\r\n                                    <\/div>\r\n                                <\/div>\r\n                                <!-- End Modal -->\r\n                                <!-- <div class=\"button-content\"><a\r\n                href=\"https:\/\/www.fiscaliadecuentas.gob.pa\/scmfgc\/formulario-de-aplicacion-concurso-abierto-n-fgc-ca-007-24-fiscal-adjunto-panama-pos-127\/\"\r\n                rel=\"noopener\" target=\"_blank\"><button type=\"button\" class=\"btn-submit\">Aplicar a la\r\n                    Convocatoria<\/button><\/a><\/div> -->\r\n                            <\/div>\r\n                            <!-- ##################END N.\u00b0 FGC-CA-007-24 FISCAL ADJUNTO PANAM\u00c1############################### -->\r\n\r\n                            <!-- ##################START N.\u00b0 FGC-CA-008-24 FISCAL ADJUNTO CHIRIQU\u00cd############################### -->\r\n                            <button type=\"button\" class=\"collapsible-ca\">\r\n                                <div class=\"btn-info\">\r\n                                    <div id=\"content-left\">\r\n                                        <p class=\"lh-sm\">Concurso Abierto N.\u00b0 FGC-CA-008-24<\/p>\r\n                                        <p class=\"lh-sm\">Cargo: Fiscal Adjunto (Chiriqu\u00ed) Pos.144<\/p>\r\n                                        <p class=\"lh-sm\">\r\n                                            <i class=\"fas fa-angle-double-down fa-1x\"><\/i>\r\n                                            Ver m\u00e1s informaci\u00f3n sobre este concurso\r\n                                        <\/p>\r\n                                    <\/div>\r\n                                    <div id=\"content-right\">\r\n                                        <img decoding=\"async\" src=\"https:\/\/www.fiscaliadecuentas.gob.pa\/wp-content\/uploads\/2023\/10\/Deputy-Prosecutor-C.png\"\r\n                                            class=\"image\" \/>\r\n                                    <\/div>\r\n                                <\/div>\r\n                            <\/button>\r\n                            <div class=\"content\">\r\n                                <!-- INICIO AVISO DE CONVOCATORIA EXTENSI\u00d3N DE ENTREGA PARA DOCUMENTOS -->\r\n                                <!-- <button type=\"button\" class=\"collapsible-ca\"\r\n        style=\"background-color: #333333;\"><i class=\"fas\r\n            fa-info-circle fa-1x\"><\/i> AVISO<\/button>\r\n                    <div class=\"content\"><br>\r\n                        <p style=\"text-align: justify;\"><a\r\n                                href=\"https:\/\/www.fiscaliadecuentas.gob.pa\/wp-content\/uploads\/2022\/05\/Extension-Carrera-por-Merito.pdf\"\r\n                                rel=\"noopener\" target=\"_blank\"><i class=\"fas\r\n                                    fa-file-pdf fa-1x\"><\/i> Extensi\u00f3n de\r\n                                entrega de documentos hasta el 10 de junio\r\n                                de 2022.<\/a><\/p>\r\n                    <\/div> -->\r\n                                <!-- FINAL AVISO DE CONVOCATORIA EXTENSI\u00d3N DE ENTREGA PARA DOCUMENTOS -->\r\n\r\n                                <!-- ============================================= Button-Group-Start ================================ -->\r\n                                <div class=\"d-grid gap-2\">\r\n                                    <a class=\"btn btn-light text-left\"\r\n                                        href=\"https:\/\/www.fiscaliadecuentas.gob.pa\/scmfgc\/wp-content\/uploads\/2024\/03\/AVISO-DE-CONVOCATORIA-FGC-CA-008-24.pdf\"\r\n                                        role=\"button\" rel=\"noopener\" target=\"_blank\"><i class=\"fas fa-search fa-1x\"><\/i>\r\n                                        Ver\r\n                                        Aviso del Concurso\r\n                                        Abierto<\/a>\r\n                                    <!-- <a class=\"btn btn-light text-left\"\r\n            href=\"https:\/\/www.fiscaliadecuentas.gob.pa\/wp-content\/uploads\/2022\/05\/Aviso-Fiscal-Adjunto-No.-FGC-CA-003-22.pdf\"\r\n            role=\"button\" rel=\"noopener\" target=\"_blank\"><i\r\n                class=\"fas fa-file-pdf fa-1x\"><\/i> Mecanismo\r\n            para acreditar los requisitos b\u00e1sicos para\r\n            ocupar cualquier cargo en la Fiscal\u00eda General de\r\n            Cuentas.<\/a> -->\r\n                                    <a class=\"btn btn-light text-left\"\r\n                                        href=\"https:\/\/www.fiscaliadecuentas.gob.pa\/scmfgc\/wp-content\/uploads\/2024\/03\/INSTRUCTIVO-FGC-CA-008-24.pdf\"\r\n                                        role=\"button\" rel=\"noopener\" target=\"_blank\"><i class=\"fas fa-search fa-1x\"><\/i>\r\n                                        Ver\r\n                                        Instructivo del\r\n                                        Concurso Abierto<\/a>\r\n                                    <a class=\"btn btn-light text-left\"\r\n                                        href=\"https:\/\/www.fiscaliadecuentas.gob.pa\/scmfgc\/wp-content\/uploads\/2024\/03\/TABLA-DE-PONDERACION-FGC-CA-008-24.pdf\"\r\n                                        role=\"button\" rel=\"noopener\" target=\"_blank\"><i class=\"fas fa-search fa-1x\"><\/i>\r\n                                        Ver\r\n                                        Tabla de Ponderaci\u00f3n\r\n                                    <\/a>\r\n                                    <a class=\"btn btn-light text-left collapsible-ca btn-results p-2\"\r\n                                        style=\"background-color: #f8f9fa;\" role=\"link\">\r\n                                        <i class=\"fas fa-search fa-1x\"><\/i>\r\n                                        Ver Resultados\r\n                                    <\/a>\r\n                                    <div class=\"content\" style=\"display: block;\">\r\n                                        <p style=\"text-align: justify\">\r\n                                            <a href=\"https:\/\/www.fiscaliadecuentas.gob.pa\/wp-content\/uploads\/2024\/05\/RESOLUCION-N.%C2%B0-FGC-CSARH-CA-14-24.pdf\"\r\n                                                rel=\"noopener\" target=\"_blank\" role=\"link\"><i\r\n                                                    class=\"fas fa-file-pdf fa-1x\"><\/i>\r\n                                                Resoluci\u00f3n No. FGC-CSARH-CA-14-24, que declara desierto el Concurso\r\n                                                Abierto N.\u00b0\r\n                                                FGC-CA-008-24 para ocupar el cargo de Fiscal Adjunto en la provincia de\r\n                                                Chiriqu\u00ed.\r\n                                            <\/a>\r\n                                        <\/p>\r\n                                    <\/div>\r\n                                <\/div>\r\n                                <!-- ============================================= Button-Group-End ====================================== -->\r\n                                <!-- <button type=\"button\" class=\"collapsible-ca\" style=\"background-color: #333333;\"><i class=\"fas fa-file-pdf fa-1x\"><\/i> Resoluci\u00f3n N\u00b0.FGC-CSARH-CA-02-22<\/button>\r\n            <div class=\"content\">\r\n            <p style=\"text-align: justify;\"><a href=\"#\" rel=\"noopener\" target=\"_blank\"><i class=\"fas fa-file-pdf fa-1x\"><\/i> Que comunica los resultados finales del Concurso Abierto N.\u00ba FGC-CA-001-21, para cubrir la vacante absoluta del cargo de Coordinador de Cooperaci\u00f3n T\u00e9cnica de la Fiscal\u00eda General de Cuentas.<\/a><\/p>\r\n            <\/div> -->\r\n                                <button type=\"button\" class=\"collapsible-ca\" style=\"background-color: #333333\">\r\n                                    <i class=\"fas fa-angle-double-down fa-1x\"><\/i> Base Legal\r\n                                <\/button>\r\n                                <div class=\"content\">\r\n                                    <!-- ============================================= LEGAL-BASE-START ================================ -->\r\n                                    <div class=\"d-grid gap-2\">\r\n                                        <a class=\"btn btn-light text-justify\"\r\n                                            href=\"https:\/\/www.fiscaliadecuentas.gob.pa\/wp-content\/uploads\/2021\/11\/LEY-67-DE-2008-ACTUALIZADA-AL-2020-FGC-Secretaria-General.pdf\"\r\n                                            role=\"button\" rel=\"noopener\" target=\"_blank\"><i\r\n                                                class=\"fas fa-file-pdf fa-1x\"><\/i>\r\n                                            LEY 67 de 14 de\r\n                                            noviembre de 2008. \"QUE DESARROLLA LA JURISDICCI\u00d3N DE CUENTAS\r\n                                            Y REFORMA LA LEY 32 DE 1987, ORG\u00c1NICA DE LA CONTRALOR\u00cdA\r\n                                            GENERAL DE LA REP\u00daBLICA\"<\/a>\r\n                                        <a class=\"btn btn-light text-justify\"\r\n                                            href=\"https:\/\/www.fiscaliadecuentas.gob.pa\/wp-content\/uploads\/2021\/08\/Resolucion-N.%C2%B0-FGC-039-21-de-9-de-agosto-de-2021-QUE-APRUEBA-LA-REGLAMENTACION-DEL-ARTICULO-25-A.pdf\"\r\n                                            role=\"button\" rel=\"noopener\" target=\"_blank\"><i\r\n                                                class=\"fas fa-file-pdf fa-1x\"><\/i>\r\n                                            Resoluci\u00f3n N.\u00b0\r\n                                            FGC-039-21 de 9 de agosto de 2021. \"QUE APRUEBA LA\r\n                                            REGLAMENTACI\u00d3N DEL ARTICULO 25-A DE LA LEY 67 DE 14 DE\r\n                                            NOVIEMBRE DE 2008, POR EL CUAL SE INSTITUYE UN SISTEMA DE\r\n                                            CARRERA POR M\u00c9RITOS EN LA FISCAL\u00cdA GENERAL DE CUENTAS\"<\/a>\r\n                                        <a class=\"btn btn-light text-justify\"\r\n                                            href=\"https:\/\/www.fiscaliadecuentas.gob.pa\/wp-content\/uploads\/2022\/05\/RESOLUCION-FGC-N.\u00b0-21-22-1.pdf\"\r\n                                            role=\"button\" rel=\"noopener\" target=\"_blank\"><i\r\n                                                class=\"fas fa-file-pdf fa-1x\"><\/i>\r\n                                            Resoluci\u00f3n FGC N\u00b021-22\r\n                                            de 22 de abril de 2022. \"POR LA CUAL SE ADICIONA UN P\u00c1RRAFO AL\r\n                                            ART\u00cdCULO 13 DE LA RESOLUCI\u00d3N N\u00b0FGC-039-21 DE 9 DE AGOSTO DE\r\n                                            2021, QUE APRUEBA LA REGLAMENTACI\u00d3N DEL ART\u00cdCULO 25-A DE LA\r\n                                            LEY 67 DE 14 DE NOVIEMBRE DE 2008, POR EL CUAL SE INSTITUYE UN\r\n                                            SISTEMA DE CARRERA POR M\u00c9RITOS EN LA FISCAL\u00cdA GENERAL DE\r\n                                            CUENTAS.\"<\/a>\r\n                                        <a class=\"btn btn-light text-justify\"\r\n                                            href=\"https:\/\/www.fiscaliadecuentas.gob.pa\/wp-content\/uploads\/2023\/12\/Reglamento-Interno-de-la-Fiscalia-General-de-Cuentas-actualizado-a-diciembre-de-2023.pdf\"\r\n                                            role=\"link\" rel=\"noopener\" target=\"_blank\"><i\r\n                                                class=\"fas fa-file-pdf fa-1x\"><\/i>\r\n                                            Reglamento Interno de la Fiscal\u00eda General de Cuentas.\r\n                                        <\/a>\r\n                                        <a class=\"btn btn-light text-justify\"\r\n                                            href=\"https:\/\/www.fiscaliadecuentas.gob.pa\/wp-content\/uploads\/2023\/11\/Resolucion-N.\u00b0-FGC-CFGC-009-23.pdf\"\r\n                                            role=\"button\" rel=\"noopener\" target=\"_blank\"><i\r\n                                                class=\"fas fa-file-pdf fa-1x\"><\/i>\r\n                                            Resoluci\u00f3n No.\r\n                                            FGC-CFGC-009-23. \"QUE DECLARA UNA VACANTE ABSOLUTA\"<\/a>\r\n                                    <\/div>\r\n                                    <!-- ============================================= LEGAL-BASE-END ====================================== -->\r\n                                <\/div>\r\n                                <!-- Button trigger modal -->\r\n                                <div class=\"button-content\">\r\n                                    <button type=\"button\" class=\"btn btn-warning\" data-bs-toggle=\"modal\"\r\n                                        data-bs-target=\"#staticBackdrop-008-24\">\r\n                                        Aplicar a la Convocatoria\r\n                                    <\/button>\r\n                                <\/div>\r\n\r\n                                <!-- Modal -->\r\n                                <div class=\"modal fade\" id=\"staticBackdrop-008-24\" data-bs-backdrop=\"static\"\r\n                                    data-bs-keyboard=\"false\" tabindex=\"-1\" aria-labelledby=\"staticBackdropLabel-008-24\"\r\n                                    aria-hidden=\"true\">\r\n                                    <div class=\"modal-dialog\">\r\n                                        <div class=\"modal-content\">\r\n                                            <div class=\"modal-header\">\r\n                                                <h5 class=\"modal-title\" id=\"staticBackdropLabel-008-24\">\r\n                                                    !LO SENTIMOS\u00a1\r\n                                                <\/h5>\r\n                                                <button type=\"button\" class=\"btn-close\" data-bs-dismiss=\"modal\"\r\n                                                    aria-label=\"Close\"><\/button>\r\n                                            <\/div>\r\n                                            <div class=\"modal-body\">\r\n                                                LA CONVOCATORIA PARA EL CONCURSO ABIERTO\r\n                                                N.\u00b0 FGC-CA-008-24 \"FISCAL ADJUNTO Pos. 144\" HA FINALIZADO.\r\n\r\n                                            <\/div>\r\n                                            <div class=\"modal-footer\">\r\n                                                <button type=\"button\" class=\"btn btn-secondary\" data-bs-dismiss=\"modal\">\r\n                                                    Close\r\n                                                <\/button>\r\n                                            <\/div>\r\n                                        <\/div>\r\n                                    <\/div>\r\n                                <\/div>\r\n                                <!-- End Modal -->\r\n                                <!-- <div class=\"button-content\"><a\r\n                href=\"https:\/\/www.fiscaliadecuentas.gob.pa\/scmfgc\/formulario-de-aplicacion-concurso-abierto-n-fgc-ca-008-24-fiscal-adjunto-chiriqui-pos-144\/\"\r\n                rel=\"noopener\" target=\"_blank\"><button type=\"button\" class=\"btn-submit\">Aplicar a la\r\n                    Convocatoria<\/button><\/a><\/div> -->\r\n                            <\/div>\r\n                            <!-- ##################END N.\u00b0 FGC-CA-008-24 FISCAL ADJUNTO CHIRIQU\u00cd############################### -->\r\n\r\n                            <!-- ##################START N.\u00b0 FGC-CA-009-24 ANALISTA DE COMPRAS############################### -->\r\n                            <button type=\"button\" class=\"collapsible-ca\">\r\n                                <div class=\"btn-info\">\r\n                                    <div id=\"content-left\">\r\n                                        <p class=\"lh-sm\">Concurso Abierto N.\u00b0 FGC-CA-009-24<\/p>\r\n                                        <p class=\"lh-sm\">Cargo: ANALISTA DE COMPRAS Pos.165<\/p>\r\n                                        <p class=\"lh-sm\">\r\n                                            <i class=\"fas fa-angle-double-down fa-1x\"><\/i>\r\n                                            Ver m\u00e1s informaci\u00f3n sobre este concurso\r\n                                        <\/p>\r\n                                    <\/div>\r\n                                    <div id=\"content-right\">\r\n                                        <img decoding=\"async\" src=\"https:\/\/www.fiscaliadecuentas.gob.pa\/wp-content\/uploads\/2023\/10\/Shopping-Analyst.png\"\r\n                                            class=\"image\" \/>\r\n                                    <\/div>\r\n                                <\/div>\r\n                            <\/button>\r\n                            <div class=\"content\">\r\n                                <!-- INICIO AVISO DE CONVOCATORIA EXTENSI\u00d3N DE ENTREGA PARA DOCUMENTOS -->\r\n                                <!-- <button type=\"button\" class=\"collapsible-ca\"\r\n        style=\"background-color: #333333;\"><i class=\"fas\r\n            fa-info-circle fa-1x\"><\/i> AVISO<\/button>\r\n                    <div class=\"content\"><br>\r\n                        <p style=\"text-align: justify;\"><a\r\n                                href=\"https:\/\/www.fiscaliadecuentas.gob.pa\/wp-content\/uploads\/2022\/05\/Extension-Carrera-por-Merito.pdf\"\r\n                                rel=\"noopener\" target=\"_blank\"><i class=\"fas\r\n                                    fa-file-pdf fa-1x\"><\/i> Extensi\u00f3n de\r\n                                entrega de documentos hasta el 10 de junio\r\n                                de 2022.<\/a><\/p>\r\n                    <\/div> -->\r\n                                <!-- FINAL AVISO DE CONVOCATORIA EXTENSI\u00d3N DE ENTREGA PARA DOCUMENTOS -->\r\n\r\n                                <!-- ============================================= Button-Group-Start ================================ -->\r\n                                <div class=\"d-grid gap-2\">\r\n                                    <a class=\"btn btn-light text-left\"\r\n                                        href=\"https:\/\/www.fiscaliadecuentas.gob.pa\/scmfgc\/wp-content\/uploads\/2024\/03\/AVISO-DE-CONVOCATORIA-N.o-FGC-CA-009-24.pdf\"\r\n                                        role=\"button\" rel=\"noopener\" target=\"_blank\"><i class=\"fas fa-search fa-1x\"><\/i>\r\n                                        Ver\r\n                                        Aviso del Concurso\r\n                                        Abierto<\/a>\r\n                                    <!-- <a class=\"btn btn-light text-left\"\r\n            href=\"https:\/\/www.fiscaliadecuentas.gob.pa\/wp-content\/uploads\/2022\/05\/Aviso-Fiscal-Adjunto-No.-FGC-CA-003-22.pdf\"\r\n            role=\"button\" rel=\"noopener\" target=\"_blank\"><i\r\n                class=\"fas fa-file-pdf fa-1x\"><\/i> Mecanismo\r\n            para acreditar los requisitos b\u00e1sicos para\r\n            ocupar cualquier cargo en la Fiscal\u00eda General de\r\n            Cuentas.<\/a> -->\r\n                                    <a class=\"btn btn-light text-left\"\r\n                                        href=\"https:\/\/www.fiscaliadecuentas.gob.pa\/scmfgc\/wp-content\/uploads\/2024\/03\/INSTRUCTIVO-N.o-FGC-CA-009-24.pdf\"\r\n                                        role=\"button\" rel=\"noopener\" target=\"_blank\"><i class=\"fas fa-search fa-1x\"><\/i>\r\n                                        Ver\r\n                                        Instructivo del\r\n                                        Concurso Abierto<\/a>\r\n                                    <a class=\"btn btn-light text-left\"\r\n                                        href=\"https:\/\/www.fiscaliadecuentas.gob.pa\/scmfgc\/wp-content\/uploads\/2024\/03\/TABLA-DE-PONDERACION-N.o-FGC-CA-009-24.pdf\"\r\n                                        role=\"button\" rel=\"noopener\" target=\"_blank\"><i class=\"fas fa-search fa-1x\"><\/i>\r\n                                        Ver\r\n                                        Tabla de Ponderaci\u00f3n<\/a>\r\n                                    <a class=\"btn btn-light text-left collapsible-ca btn-results p-2\"\r\n                                        style=\"background-color: #f8f9fa;\" role=\"link\"><i\r\n                                            class=\"fas fa-search fa-1x\"><\/i>\r\n                                        Ver Resultados<\/a>\r\n                                    <div class=\"content\" style=\"display: block;\">\r\n                                        <p style=\"text-align: justify\">\r\n                                            <a href=\"https:\/\/www.fiscaliadecuentas.gob.pa\/scmfgc\/wp-content\/uploads\/2024\/07\/Vacante-Desierta-FGC-CA-009-24.pdf\"\r\n                                                rel=\"noopener\" target=\"_blank\" role=\"link\"><i\r\n                                                    class=\"fas fa-file-pdf fa-1x\"><\/i>\r\n                                                Resoluci\u00f3n N.\u00ba FGC-CSARH-CA-016-24, que declara desierto el Concurso\r\n                                                Abierto N.\u00b0 FGC-CA-009-24 para ocupar el\r\n                                                cargo de Analista de Compras.\r\n                                            <\/a>\r\n                                        <\/p>\r\n                                    <\/div>\r\n                                <\/div>\r\n                                <!-- ============================================= Button-Group-End ====================================== -->\r\n                                <!-- <button type=\"button\" class=\"collapsible-ca\" style=\"background-color: #333333;\"><i class=\"fas fa-file-pdf fa-1x\"><\/i> Resoluci\u00f3n N\u00b0.FGC-CSARH-CA-02-22<\/button>\r\n            <div class=\"content\">\r\n            <p style=\"text-align: justify;\"><a href=\"#\" rel=\"noopener\" target=\"_blank\"><i class=\"fas fa-file-pdf fa-1x\"><\/i> Que comunica los resultados finales del Concurso Abierto N.\u00ba FGC-CA-001-21, para cubrir la vacante absoluta del cargo de Coordinador de Cooperaci\u00f3n T\u00e9cnica de la Fiscal\u00eda General de Cuentas.<\/a><\/p>\r\n            <\/div> -->\r\n                                <button type=\"button\" class=\"collapsible-ca\" style=\"background-color: #333333\">\r\n                                    <i class=\"fas fa-angle-double-down fa-1x\"><\/i> Base Legal\r\n                                <\/button>\r\n                                <div class=\"content\">\r\n                                    <!-- ============================================= LEGAL-BASE-START ================================ -->\r\n                                    <div class=\"d-grid gap-2\">\r\n                                        <a class=\"btn btn-light text-justify\"\r\n                                            href=\"https:\/\/www.fiscaliadecuentas.gob.pa\/wp-content\/uploads\/2021\/11\/LEY-67-DE-2008-ACTUALIZADA-AL-2020-FGC-Secretaria-General.pdf\"\r\n                                            role=\"button\" rel=\"noopener\" target=\"_blank\"><i\r\n                                                class=\"fas fa-file-pdf fa-1x\"><\/i>\r\n                                            LEY 67 de 14 de\r\n                                            noviembre de 2008. \"QUE DESARROLLA LA JURISDICCI\u00d3N DE CUENTAS\r\n                                            Y REFORMA LA LEY 32 DE 1987, ORG\u00c1NICA DE LA CONTRALOR\u00cdA\r\n                                            GENERAL DE LA REP\u00daBLICA\"<\/a>\r\n                                        <a class=\"btn btn-light text-justify\"\r\n                                            href=\"https:\/\/www.fiscaliadecuentas.gob.pa\/wp-content\/uploads\/2023\/12\/Reglamento-Interno-de-la-Fiscalia-General-de-Cuentas-actualizado-a-diciembre-de-2023.pdf\"\r\n                                            role=\"link\" rel=\"noopener\" target=\"_blank\"><i\r\n                                                class=\"fas fa-file-pdf fa-1x\"><\/i>\r\n                                            Reglamento Interno de la Fiscal\u00eda\r\n                                            General de Cuentas.\r\n                                        <\/a>\r\n                                        <a class=\"btn btn-light text-justify\"\r\n                                            href=\"https:\/\/www.fiscaliadecuentas.gob.pa\/wp-content\/uploads\/2023\/11\/Resolucion-N.\u00b0-FGC-CFGC-011-23.pdf\"\r\n                                            role=\"link\" rel=\"noopener\" target=\"_blank\"><i\r\n                                                class=\"fas fa-file-pdf fa-1x\"><\/i>\r\n                                            Resoluci\u00f3n No.\r\n                                            FGC-CFGC-011-23. \"QUE DECLARA UNA VACANTE ABSOLUTA\"\r\n                                        <\/a>\r\n                                    <\/div>\r\n                                    <!-- ============================================= LEGAL-BASE-END ====================================== -->\r\n                                <\/div>\r\n                                <!-- Button trigger modal -->\r\n                                <div class=\"button-content\">\r\n                                    <button type=\"button\" class=\"btn btn-warning\" data-bs-toggle=\"modal\"\r\n                                        data-bs-target=\"#staticBackdrop-012-23\">\r\n                                        Aplicar a la Convocatoria\r\n                                    <\/button>\r\n                                <\/div>\r\n\r\n                                <!-- Modal -->\r\n                                <div class=\"modal fade\" id=\"staticBackdrop-012-23\" data-bs-backdrop=\"static\"\r\n                                    data-bs-keyboard=\"false\" tabindex=\"-1\" aria-labelledby=\"staticBackdropLabel-012-23\"\r\n                                    aria-hidden=\"true\">\r\n                                    <div class=\"modal-dialog\">\r\n                                        <div class=\"modal-content\">\r\n                                            <div class=\"modal-header\">\r\n                                                <h5 class=\"modal-title\" id=\"staticBackdropLabel-012-23\">\r\n                                                    !LO SENTIMOS\u00a1\r\n                                                <\/h5>\r\n                                                <button type=\"button\" class=\"btn-close\" data-bs-dismiss=\"modal\"\r\n                                                    aria-label=\"Close\"><\/button>\r\n                                            <\/div>\r\n                                            <div class=\"modal-body\">\r\n                                                LA CONVOCATORIA PARA EL CONCURSO ABIERTO\r\n                                                N.\u00b0 FGC-CA-009-24 \"ANALISTA DE COMPRAS Pos.165\" HA FINALIZADO.\r\n\r\n                                            <\/div>\r\n                                            <div class=\"modal-footer\">\r\n                                                <button type=\"button\" class=\"btn btn-secondary\" data-bs-dismiss=\"modal\">\r\n                                                    Close\r\n                                                <\/button>\r\n                                            <\/div>\r\n                                        <\/div>\r\n                                    <\/div>\r\n                                <\/div>\r\n                                <!-- End Modal -->\r\n                                <!-- <div class=\"button-content\">\r\n                            <a href=\"https:\/\/www.fiscaliadecuentas.gob.pa\/scmfgc\/formulario-de-aplicacion-fgc-ca-009-24-analista-de-compras-pos-165\/\"\r\n                                rel=\"noopener\" target=\"_blank\">\r\n                                <button type=\"button\" class=\"btn-submit\">\r\n                                    Aplicar a la Convocatoria\r\n                                <\/button>\r\n                            <\/a>\r\n                        <\/div> -->\r\n                            <\/div>\r\n                            <!-- ##################END N.\u00b0 FGC-CA-009-24 ANALISTA DE COMPRAS############################### -->\r\n                            <!-- ##################START N.\u00b0 FGC-CA-010-24 JEFE DE PLANIFICACI\u00d3N############################### -->\r\n                            <button type=\"button\" class=\"collapsible-ca\">\r\n                                <div class=\"btn-info\">\r\n                                    <div id=\"content-left\">\r\n                                        <p class=\"lh-sm\">Concurso Abierto N.\u00b0 FGC-CA-010-24<\/p>\r\n                                        <p class=\"lh-sm\">Cargo: JEFE DE PLANIFICACI\u00d3N Pos. 83<\/p>\r\n                                        <p class=\"lh-sm\">\r\n                                            <i class=\"fas fa-angle-double-down fa-1x\"><\/i>\r\n                                            Ver m\u00e1s informaci\u00f3n sobre este concurso\r\n                                        <\/p>\r\n                                    <\/div>\r\n                                    <div id=\"content-right\">\r\n                                        <img decoding=\"async\" src=\"https:\/\/www.fiscaliadecuentas.gob.pa\/wp-content\/uploads\/2023\/10\/Planning-Manager.png\"\r\n                                            class=\"image\" \/>\r\n                                    <\/div>\r\n                                <\/div>\r\n                            <\/button>\r\n                            <div class=\"content\">\r\n                                <!-- INICIO AVISO DE CONVOCATORIA EXTENSI\u00d3N DE ENTREGA PARA DOCUMENTOS -->\r\n                                <!-- <button type=\"button\" class=\"collapsible-ca\"\r\n                                style=\"background-color: #333333;\"><i class=\"fasfa-info-circle fa-1x\"><\/i> \r\n                                AVISO\r\n                            <\/button>\r\n                            <div class=\"content\"><br>\r\n                                <p style=\"text-align: justify;\">\r\n                                    <a href=\"https:\/\/www.fiscaliadecuentas.gob.pa\/wp-content\/uploads\/2022\/05\/Extension-Carrera-por-Merito.pdf\"\r\n                                        rel=\"noopener\" target=\"_blank\">\r\n                                        <i class=\"fas fa-file-pdf fa-1x\"><\/i>\r\n                                            Extensi\u00f3n de entrega de documentos hasta el 10 de junio de 2022.\r\n                                    <\/a>\r\n                                <\/p>\r\n                            <\/div> -->\r\n                                <!-- FINAL AVISO DE CONVOCATORIA EXTENSI\u00d3N DE ENTREGA PARA DOCUMENTOS -->\r\n\r\n                                <!-- ============================================= Button-Group-Start ================================ -->\r\n                                <div class=\"d-grid gap-2\">\r\n                                    <a class=\"btn btn-light text-left\"\r\n                                        href=\"https:\/\/www.fiscaliadecuentas.gob.pa\/wp-content\/uploads\/2024\/05\/AVISO-DE-CONVOCATORIA-FGC-CA-010-24.pdf\"\r\n                                        role=\"button\" rel=\"noopener\" target=\"_blank\"><i class=\"fas fa-search fa-1x\"><\/i>\r\n                                        Ver\r\n                                        Aviso del Concurso\r\n                                        Abierto\r\n                                    <\/a>\r\n                                    <!--<a class=\"btn btn-light text-left\"\r\n                                    href=\"#\"\r\n                                    role=\"button\" rel=\"noopener\" target=\"_blank\">\r\n                                    <i class=\"fas fa-file-pdf fa-1x\"><\/i> \r\n                                        Mecanismo para acreditar los requisitos b\u00e1sicos para ocupar cualquier cargo en la Fiscal\u00eda General de Cuentas.\r\n                            <\/a>-->\r\n                                    <a class=\"btn btn-light text-left\"\r\n                                        href=\"https:\/\/www.fiscaliadecuentas.gob.pa\/scmfgc\/wp-content\/uploads\/2024\/05\/INSTRUCTIVO-FGC-CA-010-24.pdf\"\r\n                                        role=\"button\" rel=\"noopener\" target=\"_blank\"><i class=\"fas fa-search fa-1x\"><\/i>\r\n                                        Ver\r\n                                        Instructivo del\r\n                                        Concurso Abierto<\/a>\r\n                                    <a class=\"btn btn-light text-left\"\r\n                                        href=\"https:\/\/www.fiscaliadecuentas.gob.pa\/scmfgc\/wp-content\/uploads\/2024\/05\/TABLA-DE-PONDERACION-FGC-CA-010-24.pdf\"\r\n                                        role=\"button\" rel=\"noopener\" target=\"_blank\"><i class=\"fas fa-search fa-1x\"><\/i>\r\n                                        Ver\r\n                                        Tabla de Ponderaci\u00f3n<\/a>\r\n                                        <a class=\"btn btn-light text-left collapsible-ca btn-results p-2\"\r\n                                        style=\"background-color: #f8f9fa;\" role=\"link\">\r\n                                        <i class=\"fas fa-search fa-1x\"><\/i>\r\n                                        Ver Resultados\r\n                                    <\/a>\r\n                                    <div class=\"content\" style=\"display: block;\">\r\n                                        <p style=\"text-align: justify\">\r\n                                            <a href=\"https:\/\/www.fiscaliadecuentas.gob.pa\/scmfgc\/wp-content\/uploads\/2024\/08\/Resolucion-N.-028-FGC-CSARH-CA-27-24.pdf\"\r\n                                                rel=\"noopener\" target=\"_blank\" role=\"link\"><i\r\n                                                    class=\"fas fa-file-pdf fa-1x\"><\/i>\r\n                                                    Resoluci\u00f3n N. 0 28 FGC-CSARH-CA-27-24, Que deja sin efecto la Resoluci\u00f3n FGC-CFGC-001-24 de 23 de julio de 2024, que declara \r\n                                                    vacante absoluta la posici\u00f3n 30, para ocupar el cargo Jefe de Planificaci\u00f3n.\r\n                                            <\/a>\r\n                                        <\/p>\r\n                                    <\/div>\r\n                                    <div class=\"content\" style=\"display: block;\">\r\n                                        <p style=\"text-align: justify\">\r\n                                            <a href=\"https:\/\/www.fiscaliadecuentas.gob.pa\/scmfgc\/wp-content\/uploads\/2024\/08\/Vacante-Desierta-FGC-CA-010-24.pdf\"\r\n                                                rel=\"noopener\" target=\"_blank\" role=\"link\"><i\r\n                                                    class=\"fas fa-file-pdf fa-1x\"><\/i>\r\n                                                    Resoluci\u00f3n N.\u00ba FGC-CSARH-CA-23-24, que declara desierto el Concurso\r\n                                                Abierto N.\u00b0\r\n                                                FGC-CA-010-24 para ocupar el cargo Jefe de Planificaci\u00f3n.\r\n                                            <\/a>\r\n                                        <\/p>\r\n                                    <\/div>\r\n                                <\/div>\r\n                                <!-- ============================================= Button-Group-End ====================================== -->\r\n                                \r\n                                <button type=\"button\" class=\"collapsible-ca\" style=\"background-color: #333333\">\r\n                                    <i class=\"fas fa-angle-double-down fa-1x\"><\/i> Base Legal\r\n                                <\/button>\r\n                                <div class=\"content\">\r\n                                    <!-- ============================================= LEGAL-BASE-START ================================ -->\r\n                                    <div class=\"d-grid gap-2\">\r\n                                        <a class=\"btn btn-light text-justify\"\r\n                                            href=\"https:\/\/www.fiscaliadecuentas.gob.pa\/wp-content\/uploads\/2021\/11\/LEY-67-DE-2008-ACTUALIZADA-AL-2020-FGC-Secretaria-General.pdf\"\r\n                                            role=\"button\" rel=\"noopener\" target=\"_blank\"><i\r\n                                                class=\"fas fa-file-pdf fa-1x\"><\/i>\r\n                                            LEY 67 de 14 de\r\n                                            noviembre de 2008. \"QUE DESARROLLA LA JURISDICCI\u00d3N DE CUENTAS\r\n                                            Y REFORMA LA LEY 32 DE 1987, ORG\u00c1NICA DE LA CONTRALOR\u00cdA\r\n                                            GENERAL DE LA REP\u00daBLICA\"\r\n                                        <\/a>\r\n                                        <a class=\"btn btn-light text-justify\"\r\n                                            href=\"https:\/\/www.fiscaliadecuentas.gob.pa\/wp-content\/uploads\/2023\/12\/Reglamento-Interno-de-la-Fiscalia-General-de-Cuentas-actualizado-a-diciembre-de-2023.pdf\"\r\n                                            role=\"link\" rel=\"noopener\" target=\"_blank\"><i\r\n                                                class=\"fas fa-file-pdf fa-1x\"><\/i>\r\n                                            Reglamento Interno de la Fiscal\u00eda\r\n                                            General de Cuentas.\r\n                                        <\/a>\r\n                                        <a class=\"btn btn-light text-justify\"\r\n                                            href=\"https:\/\/www.fiscaliadecuentas.gob.pa\/wp-content\/uploads\/2023\/11\/Resolucion-N.\u00b0-FGC-CFGC-013-23.pdf\"\r\n                                            role=\"link\" rel=\"noopener\" target=\"_blank\"><i\r\n                                                class=\"fas fa-file-pdf fa-1x\"><\/i>\r\n                                            Resoluci\u00f3n No.\r\n                                            FGC-CFGC-013-23. \"QUE DECLARA UNA VACANTE ABSOLUTA\"\r\n                                        <\/a>\r\n                                    <\/div>\r\n                                    <!-- ============================================= LEGAL-BASE-END ====================================== -->\r\n                                <\/div>\r\n                                <!-- Button trigger modal -->\r\n                                <div class=\"button-content\">\r\n                                    <button type=\"button\" class=\"btn btn-warning\" data-bs-toggle=\"modal\"\r\n                                        data-bs-target=\"#staticBackdrop-014-23\">\r\n                                        Aplicar a la Convocatoria\r\n                                    <\/button>\r\n                                <\/div>\r\n\r\n                                <!-- Modal -->\r\n                                <div class=\"modal fade\" id=\"staticBackdrop-014-23\" data-bs-backdrop=\"static\"\r\n                                    data-bs-keyboard=\"false\" tabindex=\"-1\" aria-labelledby=\"staticBackdropLabel-014-23\"\r\n                                    aria-hidden=\"true\">\r\n                                    <div class=\"modal-dialog\">\r\n                                        <div class=\"modal-content\">\r\n                                            <div class=\"modal-header\">\r\n                                                <h5 class=\"modal-title\" id=\"staticBackdropLabel-014-23\">\r\n                                                    !LO SENTIMOS\u00a1\r\n                                                <\/h5>\r\n                                                <button type=\"button\" class=\"btn-close\" data-bs-dismiss=\"modal\"\r\n                                                    aria-label=\"Close\"><\/button>\r\n                                            <\/div>\r\n                                            <div class=\"modal-body\">\r\n                                                LA CONVOCATORIA PARA EL CONCURSO ABIERTO\r\n                                                N.\u00b0 FGC-CA-010-24 \"JEFE DE PLANIFICACI\u00d3N Pos. 83\" HA FINALIZADO.\r\n\r\n                                            <\/div>\r\n                                            <div class=\"modal-footer\">\r\n                                                <button type=\"button\" class=\"btn btn-secondary\" data-bs-dismiss=\"modal\">\r\n                                                    Close\r\n                                                <\/button>\r\n                                            <\/div>\r\n                                        <\/div>\r\n                                    <\/div>\r\n                                <\/div>\r\n                                <!-- End Modal -->\r\n                                <!-- <div class=\"button-content\">\r\n                            <a href=\"https:\/\/www.fiscaliadecuentas.gob.pa\/scmfgc\/formulario-de-aplicacion-concurso-abierto-n-fgc-ca-010-24-jefe-de-planificacion-pos-83\/\"\r\n                                rel=\"noopener\" target=\"_blank\">\r\n                                <button type=\"button\" class=\"btn-submit\">\r\n                                    Aplicar a la Convocatoria\r\n                                <\/button>\r\n                            <\/a>\r\n                        <\/div> -->\r\n                            <\/div>\r\n                            <!-- ##################END N.\u00b0 FGC-CA-010-24 JEFE DE PLANIFICACI\u00d3N############################### -->\r\n                            <!-- ##################START N.\u00b0 FGC-CA-011-24 ASISTENTE OPERATIVO JUR\u00cdDICO ############################### -->\r\n                            <button type=\"button\" class=\"collapsible-ca\">\r\n                                <div class=\"btn-info\">\r\n                                    <div id=\"content-left\">\r\n                                        <p class=\"lh-sm\">Concurso Abierto N.\u00b0 FGC-CA-011-24<\/p>\r\n                                        <p class=\"lh-sm\">Cargo: ASISTENTE OPERATIVO JUR\u00cdDICO Pos.76<\/p>\r\n                                        <p class=\"lh-sm\">\r\n                                            <i class=\"fas fa-angle-double-down fa-1x\"><\/i>\r\n                                            Ver m\u00e1s informaci\u00f3n sobre este concurso\r\n                                        <\/p>\r\n                                    <\/div>\r\n                                    <div id=\"content-right\">\r\n                                        <img decoding=\"async\" src=\"https:\/\/www.fiscaliadecuentas.gob.pa\/wp-content\/uploads\/2023\/10\/Deputy-Prosecutor-C.png\"\r\n                                            class=\"image\" \/>\r\n                                    <\/div>\r\n                                <\/div>\r\n                            <\/button>\r\n                            <div class=\"content\">\r\n                                <!-- INICIO AVISO DE CONVOCATORIA EXTENSI\u00d3N DE ENTREGA PARA DOCUMENTOS -->\r\n                                <!-- <button type=\"button\" class=\"collapsible-ca\"\r\n                style=\"background-color: #333333;\"><i class=\"fas\r\n                    fa-info-circle fa-1x\"><\/i> AVISO<\/button>\r\n                            <div class=\"content\"><br>\r\n                                <p style=\"text-align: justify;\"><a\r\n                                        href=\"https:\/\/www.fiscaliadecuentas.gob.pa\/wp-content\/uploads\/2022\/05\/Extension-Carrera-por-Merito.pdf\"\r\n                                        rel=\"noopener\" target=\"_blank\"><i class=\"fas\r\n                                            fa-file-pdf fa-1x\"><\/i> Extensi\u00f3n de\r\n                                        entrega de documentos hasta el 10 de junio\r\n                                        de 2022.<\/a><\/p>\r\n                            <\/div> -->\r\n                                <!-- FINAL AVISO DE CONVOCATORIA EXTENSI\u00d3N DE ENTREGA PARA DOCUMENTOS -->\r\n\r\n                                <!-- ============================================= Button-Group-Start ================================ -->\r\n                                <div class=\"d-grid gap-2\">\r\n                                    <a class=\"btn btn-light text-left\"\r\n                                        href=\"https:\/\/www.fiscaliadecuentas.gob.pa\/wp-content\/uploads\/2024\/05\/AVISO-DE-CONVOCATORIA-FGC-CA-011-24.pdf\"\r\n                                        role=\"button\" rel=\"noopener\" target=\"_blank\"><i class=\"fas fa-search fa-1x\"><\/i>\r\n                                        Ver\r\n                                        Aviso del Concurso\r\n                                        Abierto<\/a>\r\n                                    <!-- <a class=\"btn btn-light text-left\"\r\n\t\t\t\t\t\t\t\thref=\"https:\/\/www.fiscaliadecuentas.gob.pa\/wp-content\/uploads\/2022\/05\/Aviso-Fiscal-Adjunto-No.-FGC-CA-003-22.pdf\"\r\n\t\t\t\t\t\t\t\trole=\"button\" rel=\"noopener\" target=\"_blank\"><i\r\n\t\t\t\t\t\t\t\t\tclass=\"fas fa-file-pdf fa-1x\"><\/i> Mecanismo\r\n\t\t\t\t\t\t\t\tpara acreditar los requisitos b\u00e1sicos para\r\n\t\t\t\t\t\t\t\tocupar cualquier cargo en la Fiscal\u00eda General de\r\n\t\t\t\t\t\t\t\tCuentas.\r\n\t\t\t\t\t\t\t<\/a> -->\r\n                                    <a class=\"btn btn-light text-left\"\r\n                                        href=\"https:\/\/www.fiscaliadecuentas.gob.pa\/scmfgc\/wp-content\/uploads\/2024\/05\/INSTRUCTIVO-FGC-CA-011-24.pdf\"\r\n                                        role=\"button\" rel=\"noopener\" target=\"_blank\"><i class=\"fas fa-search fa-1x\"><\/i>\r\n                                        Ver\r\n                                        Instructivo del\r\n                                        Concurso Abierto<\/a>\r\n                                    <a class=\"btn btn-light text-left\"\r\n                                        href=\"https:\/\/www.fiscaliadecuentas.gob.pa\/scmfgc\/wp-content\/uploads\/2024\/05\/TABLA-DE-PONDERACION-FGC-CA-011-24.pdf\"\r\n                                        role=\"button\" rel=\"noopener\" target=\"_blank\"><i class=\"fas fa-search fa-1x\"><\/i>\r\n                                        Ver\r\n                                        Tabla de Ponderaci\u00f3n<\/a>\r\n                                    <a class=\"btn btn-light text-left collapsible-ca btn-results p-2\"\r\n                                        style=\"background-color: #f8f9fa;\" role=\"link\">\r\n                                        <i class=\"fas fa-search fa-1x\"><\/i>\r\n                                        Ver Resultados\r\n                                    <\/a>\r\n                                    <div class=\"content\" style=\"display: block;\">\r\n                                        <p style=\"text-align: justify\">\r\n                                            <a href=\"https:\/\/www.fiscaliadecuentas.gob.pa\/scmfgc\/wp-content\/uploads\/2024\/07\/Vacante-Desierta-FGC-CA-011-24.pdf\"\r\n                                                rel=\"noopener\" target=\"_blank\" role=\"link\"><i\r\n                                                    class=\"fas fa-file-pdf fa-1x\"><\/i>\r\n                                                Resoluci\u00f3n N.\u00ba FGC-CSARH-CA-22-24, que declara desierto el Concurso\r\n                                                Abierto N.\u00b0\r\n                                                FGC-CA-011-24 para ocupar el cargo de Asistente Operativo Jur\u00eddico.\r\n                                            <\/a>\r\n                                        <\/p>\r\n                                    <\/div>\r\n                                    <div class=\"content\" style=\"display: block;\">\r\n                                        <!-- <p style=\"text-align: justify\">\r\n                                    <a href=\"https:\/\/www.fiscaliadecuentas.gob.pa\/wp-content\/uploads\/2024\/04\/EDICTO-N.\u00b0-001-24.pdf\"\r\n                                        rel=\"noopener\" target=\"_blank\" role=\"link\"><i class=\"fas fa-file-pdf fa-1x\"><\/i>\r\n                                        EDICTO-N.\u00b0-001-24 que declara los resultados para ocupar el puesto de Asistente\r\n                                        Operativo Jur\u00eddico,\r\n                                        posici\u00f3n 181,\r\n                                        planilla 2, denominaci\u00f3n Asistente Operativo Jur\u00eddico, C\u00f3digo 0078183.\r\n                                    <\/a>\r\n                                <\/p> -->\r\n                                        <!-- <p style=\"text-align: justify\">\r\n                                    <a href=\"#\"\r\n                                        rel=\"noopener\" target=\"_blank\" role=\"link\"><i class=\"fas fa-file-pdf fa-1x\"><\/i>\r\n                                        <b>Resoluci\u00f3n No. FGC-CSARH-CA-10-24<\/b>, que comunica los resultados finales del Concurso Abierto N.\u00b0 FGC-CA-001-24, para ocupar el cargo de\r\n                                        Asistente Operativo Juridico de la Fiscal\u00eda General de Cuentas.\r\n                                    <\/a> -->\r\n                                        <\/p>\r\n                                    <\/div>\r\n                                <\/div>\r\n                                <!-- ============================================= Button-Group-End ====================================== -->\r\n                                <!-- <button type=\"button\" class=\"collapsible-ca\" style=\"background-color: #333333;\"><i class=\"fas fa-file-pdf fa-1x\"><\/i> Resoluci\u00f3n N\u00b0.FGC-CSARH-CA-02-22<\/button>\r\n                    <div class=\"content\">\r\n                    <p style=\"text-align: justify;\"><a href=\"#\" rel=\"noopener\" target=\"_blank\"><i class=\"fas fa-file-pdf fa-1x\"><\/i> Que comunica los resultados finales del Concurso Abierto N.\u00ba FGC-CA-001-21, para cubrir la vacante absoluta del cargo de Coordinador de Cooperaci\u00f3n T\u00e9cnica de la Fiscal\u00eda General de Cuentas.<\/a><\/p>\r\n                    <\/div> -->\r\n                                <button type=\"button\" class=\"collapsible-ca\" style=\"background-color: #333333\">\r\n                                    <i class=\"fas fa-angle-double-down fa-1x\"><\/i> Base Legal\r\n                                <\/button>\r\n                                <div class=\"content\">\r\n                                    <!-- ============================================= LEGAL-BASE-START ================================ -->\r\n                                    <div class=\"d-grid gap-2\">\r\n                                        <a class=\"btn btn-light text-justify\"\r\n                                            href=\"https:\/\/www.fiscaliadecuentas.gob.pa\/wp-content\/uploads\/2021\/11\/LEY-67-DE-2008-ACTUALIZADA-AL-2020-FGC-Secretaria-General.pdf\"\r\n                                            role=\"button\" rel=\"noopener\" target=\"_blank\"><i\r\n                                                class=\"fas fa-file-pdf fa-1x\"><\/i>\r\n                                            LEY 67 de 14 de\r\n                                            noviembre de 2008. \"QUE DESARROLLA LA JURISDICCI\u00d3N DE CUENTAS\r\n                                            Y REFORMA LA LEY 32 DE 1987, ORG\u00c1NICA DE LA CONTRALOR\u00cdA\r\n                                            GENERAL DE LA REP\u00daBLICA\"\r\n                                        <\/a>\r\n                                        <a class=\"btn btn-light text-justify\"\r\n                                            href=\"https:\/\/www.fiscaliadecuentas.gob.pa\/wp-content\/uploads\/2023\/12\/Reglamento-Interno-de-la-Fiscalia-General-de-Cuentas-actualizado-a-diciembre-de-2023.pdf\"\r\n                                            role=\"link\" rel=\"noopener\" target=\"_blank\"><i\r\n                                                class=\"fas fa-file-pdf fa-1x\"><\/i>\r\n                                            Reglamento Interno de la Fiscal\u00eda General de Cuentas.\r\n                                        <\/a>\r\n                                        <a class=\"btn btn-light text-justify\"\r\n                                            href=\"https:\/\/www.fiscaliadecuentas.gob.pa\/wp-content\/uploads\/2023\/07\/Resolucion-N.\u00b0-FGC-CFGC-005-23.pdf\"\r\n                                            role=\"button\" rel=\"noopener\" target=\"_blank\"><i\r\n                                                class=\"fas fa-file-pdf fa-1x\"><\/i>\r\n                                            Resoluci\u00f3n No.\r\n                                            FGC-CFGC-005-23. \"QUE DECLARA UNA VACANTE ABSOLUTA\"\r\n                                        <\/a>\r\n                                    <\/div>\r\n                                    <!-- ============================================= LEGAL-BASE-END ====================================== -->\r\n                                <\/div>\r\n                                <!-- Button trigger modal -->\r\n                                <div class=\"button-content\">\r\n                                    <button type=\"button\" class=\"btn btn-warning\" data-bs-toggle=\"modal\"\r\n                                        data-bs-target=\"#staticBackdrop-009-23\">\r\n                                        Aplicar a la Convocatoria\r\n                                    <\/button>\r\n                                <\/div>\r\n\r\n                                <!-- Modal -->\r\n                                <div class=\"modal fade\" id=\"staticBackdrop-009-23\" data-bs-backdrop=\"static\"\r\n                                    data-bs-keyboard=\"false\" tabindex=\"-1\" aria-labelledby=\"staticBackdropLabel-009-23\"\r\n                                    aria-hidden=\"true\">\r\n                                    <div class=\"modal-dialog\">\r\n                                        <div class=\"modal-content\">\r\n                                            <div class=\"modal-header\">\r\n                                                <h5 class=\"modal-title\" id=\"staticBackdropLabel-009-23\">\r\n                                                    !LO SENTIMOS\u00a1\r\n                                                <\/h5>\r\n                                                <button type=\"button\" class=\"btn-close\" data-bs-dismiss=\"modal\"\r\n                                                    aria-label=\"Close\"><\/button>\r\n                                            <\/div>\r\n                                            <div class=\"modal-body\">\r\n                                                LA CONVOCATORIA PARA EL CONCURSO ABIERTO\r\n                                                N.\u00b0 FGC-CA-011-24 \"ASISTENTE OPERATIVO JUR\u00cdDICO Pos. 76\" HA FINALIZADO.\r\n\r\n                                            <\/div>\r\n                                            <div class=\"modal-footer\">\r\n                                                <button type=\"button\" class=\"btn btn-secondary\" data-bs-dismiss=\"modal\">\r\n                                                    Close\r\n                                                <\/button>\r\n                                            <\/div>\r\n                                        <\/div>\r\n                                    <\/div>\r\n                                <\/div>\r\n                                <!-- End Modal -->\r\n                                <!-- <div class=\"button-content\">\r\n                            <a href=\"https:\/\/www.fiscaliadecuentas.gob.pa\/scmfgc\/formulario-de-aplicacion-concurso-abierto-n-fgc-ca-011-24-asistente-operativo-juridico-pos-76\/\"\r\n                                rel=\"noopener\" target=\"_blank\">\r\n                                <button type=\"button\" class=\"btn-submit\">\r\n                                    Aplicar a la Convocatoria\r\n                                <\/button>\r\n                            <\/a>\r\n                        <\/div> -->\r\n                            <\/div>\r\n                            <!-- ##################END  N.\u00b0 FGC-CA-011-24 ASISTENTE OPERATIVO JUR\u00cdDICO ############################### -->\r\n                            <!-- ##################START N.\u00b0 FGC-CA-012-24 ANALISTA DE ORGANIZACI\u00d3N Y SISTEMAS ADMINISTRATIVOS I############################### -->\r\n                            <button type=\"button\" class=\"collapsible-ca\">\r\n                                <div class=\"btn-info\">\r\n                                    <div id=\"content-left\">\r\n                                        <p class=\"lh-sm\">Concurso Abierto N.\u00b0 FGC-CA-012-24<\/p>\r\n                                        <p class=\"lh-sm\">Cargo: ANALISTA DE ORGANIZACI\u00d3N Y SISTEMAS ADMINISTRATIVOS\r\n                                            Pos.134<\/p>\r\n                                        <p class=\"lh-sm\">\r\n                                            <i class=\"fas fa-angle-double-down fa-1x\"><\/i>\r\n                                            Ver m\u00e1s informaci\u00f3n sobre este concurso\r\n                                        <\/p>\r\n                                    <\/div>\r\n                                    <div id=\"content-right\">\r\n                                        <img decoding=\"async\" src=\"https:\/\/www.fiscaliadecuentas.gob.pa\/wp-content\/uploads\/2023\/10\/Organization-Analyst.png\"\r\n                                            class=\"image\" \/>\r\n                                    <\/div>\r\n                                <\/div>\r\n                            <\/button>\r\n                            <div class=\"content\">\r\n                                <!-- INICIO AVISO DE CONVOCATORIA EXTENSI\u00d3N DE ENTREGA PARA DOCUMENTOS -->\r\n                                <!-- <button type=\"button\" class=\"collapsible-ca\"\r\n                style=\"background-color: #333333;\"><i class=\"fas\r\n                    fa-info-circle fa-1x\"><\/i> AVISO<\/button>\r\n                            <div class=\"content\"><br>\r\n                                <p style=\"text-align: justify;\"><a\r\n                                        href=\"https:\/\/www.fiscaliadecuentas.gob.pa\/wp-content\/uploads\/2022\/05\/Extension-Carrera-por-Merito.pdf\"\r\n                                        rel=\"noopener\" target=\"_blank\"><i class=\"fas\r\n                                            fa-file-pdf fa-1x\"><\/i> Extensi\u00f3n de\r\n                                        entrega de documentos hasta el 10 de junio\r\n                                        de 2022.<\/a><\/p>\r\n                            <\/div> -->\r\n                                <!-- FINAL AVISO DE CONVOCATORIA EXTENSI\u00d3N DE ENTREGA PARA DOCUMENTOS -->\r\n\r\n                                <!-- ============================================= Button-Group-Start ================================ -->\r\n                                <div class=\"d-grid gap-2\">\r\n                                    <a class=\"btn btn-light text-left\"\r\n                                        href=\"https:\/\/www.fiscaliadecuentas.gob.pa\/wp-content\/uploads\/2024\/05\/AVISO-DE-CONVOCATORIA-FGC-CA-012-24.pdf\"\r\n                                        role=\"button\" rel=\"noopener\" target=\"_blank\"><i class=\"fas fa-search fa-1x\"><\/i>\r\n                                        Ver\r\n                                        Aviso del Concurso\r\n                                        Abierto\r\n                                    <\/a>\r\n                                    <!-- <a class=\"btn btn-light text-left\"\r\n                    href=\"https:\/\/www.fiscaliadecuentas.gob.pa\/wp-content\/uploads\/2022\/05\/Aviso-Fiscal-Adjunto-No.-FGC-CA-003-22.pdf\"\r\n                    role=\"button\" rel=\"noopener\" target=\"_blank\"><i\r\n                        class=\"fas fa-file-pdf fa-1x\"><\/i> Mecanismo\r\n                    para acreditar los requisitos b\u00e1sicos para\r\n                    ocupar cualquier cargo en la Fiscal\u00eda General de\r\n                    Cuentas.<\/a> -->\r\n                                    <a class=\"btn btn-light text-left\"\r\n                                        href=\"https:\/\/www.fiscaliadecuentas.gob.pa\/wp-content\/uploads\/2024\/05\/INSTRUCTIVO-FGC-CA-012-24.pdf\"\r\n                                        role=\"button\" rel=\"noopener\" target=\"_blank\"><i class=\"fas fa-search fa-1x\"><\/i>\r\n                                        Ver\r\n                                        Instructivo del\r\n                                        Concurso Abierto<\/a>\r\n                                    <a class=\"btn btn-light text-left\"\r\n                                        href=\"https:\/\/www.fiscaliadecuentas.gob.pa\/wp-content\/uploads\/2024\/05\/TABLA-DE-PONDERACION-FGC-CA-012-24.pdf\"\r\n                                        role=\"button\" rel=\"noopener\" target=\"_blank\"><i class=\"fas fa-search fa-1x\"><\/i>\r\n                                        Ver\r\n                                        Tabla de Ponderaci\u00f3n<\/a>\r\n                                    <a class=\"btn btn-light text-left collapsible-ca btn-results p-2\"\r\n                                        style=\"background-color: #f8f9fa;\" role=\"link\"><i\r\n                                            class=\"fas fa-search fa-1x\"><\/i>\r\n                                        Ver Resultados<\/a>\r\n                                    <div class=\"content\" style=\"display: block;\">\r\n                                        <p style=\"text-align: justify\">\r\n                                            <a href=\"https:\/\/www.fiscaliadecuentas.gob.pa\/scmfgc\/wp-content\/uploads\/2024\/07\/Vacante-Desierta-FGC-CA-012-24.pdf\"\r\n                                                rel=\"noopener\" target=\"_blank\" role=\"link\"><i\r\n                                                    class=\"fas fa-file-pdf fa-1x\"><\/i>\r\n                                                Resoluci\u00f3n N.\u00ba FGC-CSARH-CA-17-24, que declara desierto el Concurso\r\n                                                Abierto N.\u00b0 FGC-CA-012-24 para ocupar el\r\n                                                cargo de Analista de Organizaci\u00f3n y Sistemas Administrativos I\r\n                                            <\/a>\r\n                                        <\/p>\r\n                                    <\/div>\r\n                                <\/div>\r\n                                <!-- ============================================= Button-Group-End ====================================== -->\r\n                                <!-- <button type=\"button\" class=\"collapsible-ca\" style=\"background-color: #333333;\"><i class=\"fas fa-file-pdf fa-1x\"><\/i> Resoluci\u00f3n N\u00b0.FGC-CSARH-CA-02-22<\/button>\r\n                    <div class=\"content\">\r\n                    <p style=\"text-align: justify;\"><a href=\"#\" rel=\"noopener\" target=\"_blank\"><i class=\"fas fa-file-pdf fa-1x\"><\/i> Que comunica los resultados finales del Concurso Abierto N.\u00ba FGC-CA-001-21, para cubrir la vacante absoluta del cargo de Coordinador de Cooperaci\u00f3n T\u00e9cnica de la Fiscal\u00eda General de Cuentas.<\/a><\/p>\r\n                    <\/div> -->\r\n                                <button type=\"button\" class=\"collapsible-ca\" style=\"background-color: #333333\">\r\n                                    <i class=\"fas fa-angle-double-down fa-1x\"><\/i> Base Legal\r\n                                <\/button>\r\n                                <div class=\"content\">\r\n                                    <!-- ============================================= LEGAL-BASE-START ================================ -->\r\n                                    <div class=\"d-grid gap-2\">\r\n                                        <a class=\"btn btn-light text-justify\"\r\n                                            href=\"https:\/\/www.fiscaliadecuentas.gob.pa\/wp-content\/uploads\/2021\/11\/LEY-67-DE-2008-ACTUALIZADA-AL-2020-FGC-Secretaria-General.pdf\"\r\n                                            role=\"button\" rel=\"noopener\" target=\"_blank\"><i\r\n                                                class=\"fas fa-file-pdf fa-1x\"><\/i>\r\n                                            LEY 67 de 14 de\r\n                                            noviembre de 2008. \"QUE DESARROLLA LA JURISDICCI\u00d3N DE CUENTAS\r\n                                            Y REFORMA LA LEY 32 DE 1987, ORG\u00c1NICA DE LA CONTRALOR\u00cdA\r\n                                            GENERAL DE LA REP\u00daBLICA\"<\/a>\r\n                                        <a class=\"btn btn-light text-justify\"\r\n                                            href=\"https:\/\/www.fiscaliadecuentas.gob.pa\/wp-content\/uploads\/2023\/12\/Reglamento-Interno-de-la-Fiscalia-General-de-Cuentas-actualizado-a-diciembre-de-2023.pdf\"\r\n                                            role=\"link\" rel=\"noopener\" target=\"_blank\"><i\r\n                                                class=\"fas fa-file-pdf fa-1x\"><\/i>\r\n                                            Reglamento Interno de la Fiscal\u00eda\r\n                                            General de Cuentas.\r\n                                        <\/a>\r\n                                        <a class=\"btn btn-light text-justify\"\r\n                                            href=\"https:\/\/www.fiscaliadecuentas.gob.pa\/wp-content\/uploads\/2023\/11\/Resolucion-N.\u00b0-FGC-CFGC-014-23.pdf\"\r\n                                            role=\"link\" rel=\"noopener\" target=\"_blank\"><i\r\n                                                class=\"fas fa-file-pdf fa-1x\"><\/i>\r\n                                            Resoluci\u00f3n No.\r\n                                            FGC-CFGC-014-23. \"QUE DECLARA UNA VACANTE ABSOLUTA\"\r\n                                        <\/a>\r\n                                    <\/div>\r\n                                    <!-- ============================================= LEGAL-BASE-END ====================================== -->\r\n                                <\/div>\r\n                                <!-- Button trigger modal -->\r\n                                <div class=\"button-content\">\r\n                                    <button type=\"button\" class=\"btn btn-warning\" data-bs-toggle=\"modal\"\r\n                                        data-bs-target=\"#staticBackdrop-013-23\">\r\n                                        Aplicar a la Convocatoria\r\n                                    <\/button>\r\n                                <\/div>\r\n\r\n                                <!-- Modal -->\r\n                                <div class=\"modal fade\" id=\"staticBackdrop-013-23\" data-bs-backdrop=\"static\"\r\n                                    data-bs-keyboard=\"false\" tabindex=\"-1\" aria-labelledby=\"staticBackdropLabel-012-23\"\r\n                                    aria-hidden=\"true\">\r\n                                    <div class=\"modal-dialog\">\r\n                                        <div class=\"modal-content\">\r\n                                            <div class=\"modal-header\">\r\n                                                <h5 class=\"modal-title\" id=\"staticBackdropLabel-012-23\">\r\n                                                    !LO SENTIMOS\u00a1\r\n                                                <\/h5>\r\n                                                <button type=\"button\" class=\"btn-close\" data-bs-dismiss=\"modal\"\r\n                                                    aria-label=\"Close\"><\/button>\r\n                                            <\/div>\r\n                                            <div class=\"modal-body\">\r\n                                                LA CONVOCATORIA PARA EL CONCURSO ABIERTO\r\n                                                N.\u00b0 FGC-CA-012-24 \"ANALISTA DE ORGANIZACI\u00d3N Y SISTEMAS ADMINISTRATIVOS I\r\n                                                Pos. 134\" HA FINALIZADO.\r\n\r\n                                            <\/div>\r\n                                            <div class=\"modal-footer\">\r\n                                                <button type=\"button\" class=\"btn btn-secondary\" data-bs-dismiss=\"modal\">\r\n                                                    Close\r\n                                                <\/button>\r\n                                            <\/div>\r\n                                        <\/div>\r\n                                    <\/div>\r\n                                <\/div>\r\n                                <!-- End Modal -->\r\n                                <!-- <div class=\"button-content\">\r\n                            <a href=\"https:\/\/www.fiscaliadecuentas.gob.pa\/scmfgc\/formulario-de-aplicacion-concurso-abierto-n-fgc-ca-012-24-analista-de-organizacion-y-sistemas-administrativos-i-pos-134\/\"\r\n                                rel=\"noopener\" target=\"_blank\">\r\n                                <button type=\"button\" class=\"btn-submit\">\r\n                                    Aplicar a la Convocatoria\r\n                                <\/button>\r\n                            <\/a>\r\n                        <\/div> -->\r\n                            <\/div>\r\n\r\n                            <!-- ##################END N.\u00b0 FGC-CA-012-24 ANALISTA DE ORGANIZACI\u00d3N Y SISTEMAS ADMINISTRATIVOS I############################### -->\r\n                            <!-- ##################START N.\u00b0 FGC-CA-013-24 FISCAL ADJUNTO CHIRIQU\u00cd############################### -->\r\n                            <button type=\"button\" class=\"collapsible-ca\">\r\n                                <div class=\"btn-info\">\r\n                                    <div id=\"content-left\">\r\n                                        <p class=\"lh-sm\">Concurso Abierto N.\u00b0 FGC-CA-013-24<\/p>\r\n                                        <p class=\"lh-sm\">Cargo: Fiscal Adjunto (Chiriqu\u00ed) Pos.144<\/p>\r\n                                        <p class=\"lh-sm\">\r\n                                            <i class=\"fas fa-angle-double-down fa-1x\"><\/i>\r\n                                            Ver m\u00e1s informaci\u00f3n sobre este concurso\r\n                                        <\/p>\r\n                                    <\/div>\r\n                                    <div id=\"content-right\">\r\n                                        <img decoding=\"async\" src=\"https:\/\/www.fiscaliadecuentas.gob.pa\/wp-content\/uploads\/2023\/10\/Deputy-Prosecutor-C.png\"\r\n                                            class=\"image\" \/>\r\n                                    <\/div>\r\n                                <\/div>\r\n                            <\/button>\r\n                            <div class=\"content\">\r\n                                <!-- INICIO AVISO DE CONVOCATORIA EXTENSI\u00d3N DE ENTREGA PARA DOCUMENTOS -->\r\n                                <!-- <button type=\"button\" class=\"collapsible-ca\"\r\n        style=\"background-color: #333333;\"><i class=\"fas\r\n            fa-info-circle fa-1x\"><\/i> AVISO<\/button>\r\n                    <div class=\"content\"><br>\r\n                        <p style=\"text-align: justify;\"><a\r\n                                href=\"https:\/\/www.fiscaliadecuentas.gob.pa\/wp-content\/uploads\/2022\/05\/Extension-Carrera-por-Merito.pdf\"\r\n                                rel=\"noopener\" target=\"_blank\"><i class=\"fas\r\n                                    fa-file-pdf fa-1x\"><\/i> Extensi\u00f3n de\r\n                                entrega de documentos hasta el 10 de junio\r\n                                de 2022.<\/a><\/p>\r\n                    <\/div> -->\r\n                                <!-- FINAL AVISO DE CONVOCATORIA EXTENSI\u00d3N DE ENTREGA PARA DOCUMENTOS -->\r\n\r\n                                <!-- ============================================= Button-Group-Start ================================ -->\r\n                                <div class=\"d-grid gap-2\">\r\n                                    <a class=\"btn btn-light text-left\"\r\n                                        href=\"https:\/\/www.fiscaliadecuentas.gob.pa\/wp-content\/uploads\/2024\/05\/AVISO-DE-CONVOCATORIA-FGC-CA-013-24.pdf\"\r\n                                        role=\"button\" rel=\"noopener\" target=\"_blank\"><i class=\"fas fa-search fa-1x\"><\/i>\r\n                                        Ver\r\n                                        Aviso del Concurso\r\n                                        Abierto<\/a>\r\n\r\n                                    <!-- <a class=\"btn btn-light text-left\"\r\n            href=\"https:\/\/www.fiscaliadecuentas.gob.pa\/wp-content\/uploads\/2022\/05\/Aviso-Fiscal-Adjunto-No.-FGC-CA-003-22.pdf\"\r\n            role=\"button\" rel=\"noopener\" target=\"_blank\"><i\r\n                class=\"fas fa-file-pdf fa-1x\"><\/i> Mecanismo\r\n            para acreditar los requisitos b\u00e1sicos para\r\n            ocupar cualquier cargo en la Fiscal\u00eda General de\r\n            Cuentas.<\/a> -->\r\n                                    <a class=\"btn btn-light text-left\"\r\n                                        href=\"https:\/\/www.fiscaliadecuentas.gob.pa\/wp-content\/uploads\/2024\/05\/INSTRUCTIVO-FGC-CA-013-24.pdf\"\r\n                                        role=\"button\" rel=\"noopener\" target=\"_blank\"><i class=\"fas fa-search fa-1x\"><\/i>\r\n                                        Ver\r\n                                        Instructivo del\r\n                                        Concurso Abierto<\/a>\r\n                                    <a class=\"btn btn-light text-left\"\r\n                                        href=\"https:\/\/www.fiscaliadecuentas.gob.pa\/wp-content\/uploads\/2024\/05\/TABLA-DE-PONDERACION-FGC-CA-013-24.pdf\"\r\n                                        role=\"button\" rel=\"noopener\" target=\"_blank\"><i class=\"fas fa-search fa-1x\"><\/i>\r\n                                        Ver\r\n                                        Tabla de Ponderaci\u00f3n\r\n                                    <\/a>\r\n                                    <a class=\"btn btn-light text-left collapsible-ca btn-results p-2\"\r\n                                        style=\"background-color: #f8f9fa;\" role=\"link\">\r\n                                        <i class=\"fas fa-search fa-1x\"><\/i>\r\n                                        Ver Resultados\r\n                                    <\/a>\r\n                                    <div class=\"content\" style=\"display: block;\">\r\n                                        <p style=\"text-align: justify\">\r\n                                            <a href=\"https:\/\/www.fiscaliadecuentas.gob.pa\/scmfgc\/wp-content\/uploads\/2024\/07\/Vacante-Desierta-FGC-CA-013-24.pdf\"\r\n                                                rel=\"noopener\" target=\"_blank\" role=\"link\"><i\r\n                                                    class=\"fas fa-file-pdf fa-1x\"><\/i>\r\n                                                Resoluci\u00f3n N.\u00ba FGC-CSARH-CA-18-24, que declara desierto el Concurso\r\n                                                Abierto N.\u00b0\r\n                                                FGC-CA-013-24 para ocupar el cargo de Fiscal Adjunto.\r\n                                            <\/a>\r\n                                        <\/p>\r\n                                    <\/div>\r\n                                <\/div>\r\n                                <!-- ============================================= Button-Group-End ====================================== -->\r\n                                <!-- <button type=\"button\" class=\"collapsible-ca\" style=\"background-color: #333333;\"><i class=\"fas fa-file-pdf fa-1x\"><\/i> Resoluci\u00f3n N\u00b0.FGC-CSARH-CA-02-22<\/button>\r\n            <div class=\"content\">\r\n            <p style=\"text-align: justify;\"><a href=\"#\" rel=\"noopener\" target=\"_blank\"><i class=\"fas fa-file-pdf fa-1x\"><\/i> Que comunica los resultados finales del Concurso Abierto N.\u00ba FGC-CA-001-21, para cubrir la vacante absoluta del cargo de Coordinador de Cooperaci\u00f3n T\u00e9cnica de la Fiscal\u00eda General de Cuentas.<\/a><\/p>\r\n            <\/div> -->\r\n                                <button type=\"button\" class=\"collapsible-ca\" style=\"background-color: #333333\">\r\n                                    <i class=\"fas fa-angle-double-down fa-1x\"><\/i> Base Legal\r\n                                <\/button>\r\n                                <div class=\"content\">\r\n                                    <!-- ============================================= LEGAL-BASE-START ================================ -->\r\n                                    <div class=\"d-grid gap-2\">\r\n                                        <a class=\"btn btn-light text-justify\"\r\n                                            href=\"https:\/\/www.fiscaliadecuentas.gob.pa\/wp-content\/uploads\/2021\/11\/LEY-67-DE-2008-ACTUALIZADA-AL-2020-FGC-Secretaria-General.pdf\"\r\n                                            role=\"button\" rel=\"noopener\" target=\"_blank\"><i\r\n                                                class=\"fas fa-file-pdf fa-1x\"><\/i>\r\n                                            LEY 67 de 14 de\r\n                                            noviembre de 2008. \"QUE DESARROLLA LA JURISDICCI\u00d3N DE CUENTAS\r\n                                            Y REFORMA LA LEY 32 DE 1987, ORG\u00c1NICA DE LA CONTRALOR\u00cdA\r\n                                            GENERAL DE LA REP\u00daBLICA\"<\/a>\r\n                                        <a class=\"btn btn-light text-justify\"\r\n                                            href=\"https:\/\/www.fiscaliadecuentas.gob.pa\/wp-content\/uploads\/2021\/08\/Resolucion-N.%C2%B0-FGC-039-21-de-9-de-agosto-de-2021-QUE-APRUEBA-LA-REGLAMENTACION-DEL-ARTICULO-25-A.pdf\"\r\n                                            role=\"button\" rel=\"noopener\" target=\"_blank\"><i\r\n                                                class=\"fas fa-file-pdf fa-1x\"><\/i>\r\n                                            Resoluci\u00f3n N.\u00b0\r\n                                            FGC-039-21 de 9 de agosto de 2021. \"QUE APRUEBA LA\r\n                                            REGLAMENTACI\u00d3N DEL ARTICULO 25-A DE LA LEY 67 DE 14 DE\r\n                                            NOVIEMBRE DE 2008, POR EL CUAL SE INSTITUYE UN SISTEMA DE\r\n                                            CARRERA POR M\u00c9RITOS EN LA FISCAL\u00cdA GENERAL DE CUENTAS\"<\/a>\r\n                                        <a class=\"btn btn-light text-justify\"\r\n                                            href=\"https:\/\/www.fiscaliadecuentas.gob.pa\/wp-content\/uploads\/2022\/05\/RESOLUCION-FGC-N.\u00b0-21-22-1.pdf\"\r\n                                            role=\"button\" rel=\"noopener\" target=\"_blank\"><i\r\n                                                class=\"fas fa-file-pdf fa-1x\"><\/i>\r\n                                            Resoluci\u00f3n FGC N\u00b021-22\r\n                                            de 22 de abril de 2022. \"POR LA CUAL SE ADICIONA UN P\u00c1RRAFO AL\r\n                                            ART\u00cdCULO 13 DE LA RESOLUCI\u00d3N N\u00b0FGC-039-21 DE 9 DE AGOSTO DE\r\n                                            2021, QUE APRUEBA LA REGLAMENTACI\u00d3N DEL ART\u00cdCULO 25-A DE LA\r\n                                            LEY 67 DE 14 DE NOVIEMBRE DE 2008, POR EL CUAL SE INSTITUYE UN\r\n                                            SISTEMA DE CARRERA POR M\u00c9RITOS EN LA FISCAL\u00cdA GENERAL DE\r\n                                            CUENTAS.\"<\/a>\r\n                                        <a class=\"btn btn-light text-justify\"\r\n                                            href=\"https:\/\/www.fiscaliadecuentas.gob.pa\/wp-content\/uploads\/2023\/12\/Reglamento-Interno-de-la-Fiscalia-General-de-Cuentas-actualizado-a-diciembre-de-2023.pdf\"\r\n                                            role=\"link\" rel=\"noopener\" target=\"_blank\"><i\r\n                                                class=\"fas fa-file-pdf fa-1x\"><\/i>\r\n                                            Reglamento Interno de la Fiscal\u00eda General de Cuentas.\r\n                                        <\/a>\r\n                                        <a class=\"btn btn-light text-justify\"\r\n                                            href=\"https:\/\/www.fiscaliadecuentas.gob.pa\/wp-content\/uploads\/2023\/11\/Resolucion-N.\u00b0-FGC-CFGC-009-23.pdf\"\r\n                                            role=\"button\" rel=\"noopener\" target=\"_blank\"><i\r\n                                                class=\"fas fa-file-pdf fa-1x\"><\/i>\r\n                                            Resoluci\u00f3n No.\r\n                                            FGC-CFGC-009-23. \"QUE DECLARA UNA VACANTE ABSOLUTA\"<\/a>\r\n                                    <\/div>\r\n                                    <!-- ============================================= LEGAL-BASE-END ====================================== -->\r\n                                <\/div>\r\n                                <!-- Button trigger modal -->\r\n                                <div class=\"button-content\">\r\n                                    <button type=\"button\" class=\"btn btn-warning\" data-bs-toggle=\"modal\"\r\n                                        data-bs-target=\"#staticBackdrop-001-24\">\r\n                                        Aplicar a la Convocatoria\r\n                                    <\/button>\r\n                                <\/div>\r\n\r\n                                <!-- Modal -->\r\n                                <div class=\"modal fade\" id=\"staticBackdrop-001-24\" data-bs-backdrop=\"static\"\r\n                                    data-bs-keyboard=\"false\" tabindex=\"-1\" aria-labelledby=\"staticBackdropLabel-001-24\"\r\n                                    aria-hidden=\"true\">\r\n                                    <div class=\"modal-dialog\">\r\n                                        <div class=\"modal-content\">\r\n                                            <div class=\"modal-header\">\r\n                                                <h5 class=\"modal-title\" id=\"staticBackdropLabel-001-24\">\r\n                                                    !LO SENTIMOS\u00a1\r\n                                                <\/h5>\r\n                                                <button type=\"button\" class=\"btn-close\" data-bs-dismiss=\"modal\"\r\n                                                    aria-label=\"Close\"><\/button>\r\n                                            <\/div>\r\n                                            <div class=\"modal-body\">\r\n                                                LA CONVOCATORIA PARA EL CONCURSO ABIERTO\r\n                                                N.\u00b0 FGC-CA-013-24 \"FISCAL ADJUNTO Pos. 144\" HA FINALIZADO.\r\n\r\n                                            <\/div>\r\n                                            <div class=\"modal-footer\">\r\n                                                <button type=\"button\" class=\"btn btn-secondary\" data-bs-dismiss=\"modal\">\r\n                                                    Close\r\n                                                <\/button>\r\n                                            <\/div>\r\n                                        <\/div>\r\n                                    <\/div>\r\n                                <\/div>\r\n                                <!-- End Modal -->\r\n                                <!-- <div class=\"button-content\"><a\r\n                href=\"https:\/\/www.fiscaliadecuentas.gob.pa\/scmfgc\/formulario-de-aplicacion-concurso-abierto-n-fgc-ca-013-24-fiscal-adjunto-chiriqui-pos-144\/\"\r\n                rel=\"noopener\" target=\"_blank\"><button type=\"button\" class=\"btn-submit\">Aplicar a la\r\n                    Convocatoria<\/button><\/a><\/div> -->\r\n                            <\/div>\r\n                            <!-- ##################END N.\u00b0 FGC-CA-013-24 FISCAL ADJUNTO CHIRIQU\u00cd############################### -->\r\n                        <\/div>\r\n                        <!-- contenido del 3 -->\r\n                        <div class=\"tab-pane fade\" id=\"pnav-24-3\" role=\"tabpanel\" aria-labelledby=\"nav-pnav-24-3\"\r\n                            tabindex=\"0\">\r\n\r\n                            <!-- ##################START N.\u00b0 FGC-CA-001-24 ASISTENTE OPERATIVO JUR\u00cdDICO ############################### -->\r\n                            <button type=\"button\" class=\"collapsible-ca\">\r\n                                <div class=\"btn-info\">\r\n                                    <div id=\"content-left\">\r\n                                        <p class=\"lh-sm\">Concurso Abierto N.\u00b0 FGC-CA-001-24<\/p>\r\n                                        <p class=\"lh-sm\">Cargo: ASISTENTE OPERATIVO JUR\u00cdDICO Pos.76<\/p>\r\n                                        <p class=\"lh-sm\">\r\n                                            <i class=\"fas fa-angle-double-down fa-1x\"><\/i>\r\n                                            Ver m\u00e1s informaci\u00f3n sobre este concurso\r\n                                        <\/p>\r\n                                    <\/div>\r\n                                    <div id=\"content-right\">\r\n                                        <img decoding=\"async\" src=\"https:\/\/www.fiscaliadecuentas.gob.pa\/wp-content\/uploads\/2023\/10\/Deputy-Prosecutor-C.png\"\r\n                                            class=\"image\" \/>\r\n                                    <\/div>\r\n                                <\/div>\r\n                            <\/button>\r\n                            <div class=\"content\">\r\n                                <!-- INICIO AVISO DE CONVOCATORIA EXTENSI\u00d3N DE ENTREGA PARA DOCUMENTOS -->\r\n                                <!-- <button type=\"button\" class=\"collapsible-ca\"\r\n                style=\"background-color: #333333;\"><i class=\"fas\r\n                    fa-info-circle fa-1x\"><\/i> AVISO<\/button>\r\n                            <div class=\"content\"><br>\r\n                                <p style=\"text-align: justify;\"><a\r\n                                        href=\"https:\/\/www.fiscaliadecuentas.gob.pa\/wp-content\/uploads\/2022\/05\/Extension-Carrera-por-Merito.pdf\"\r\n                                        rel=\"noopener\" target=\"_blank\"><i class=\"fas\r\n                                            fa-file-pdf fa-1x\"><\/i> Extensi\u00f3n de\r\n                                        entrega de documentos hasta el 10 de junio\r\n                                        de 2022.<\/a><\/p>\r\n                            <\/div> -->\r\n                                <!-- FINAL AVISO DE CONVOCATORIA EXTENSI\u00d3N DE ENTREGA PARA DOCUMENTOS -->\r\n\r\n                                <!-- ============================================= Button-Group-Start ================================ -->\r\n                                <div class=\"d-grid gap-2\">\r\n                                    <a class=\"btn btn-light text-left\"\r\n                                        href=\"https:\/\/www.fiscaliadecuentas.gob.pa\/wp-content\/uploads\/2024\/01\/AVISO-DE-CONVOCATORIA-OPERATIVO-JURIDICO-1-con-logo.pdf\"\r\n                                        role=\"button\" rel=\"noopener\" target=\"_blank\"><i class=\"fas fa-search fa-1x\"><\/i>\r\n                                        Ver\r\n                                        Aviso del Concurso\r\n                                        Abierto<\/a>\r\n                                    <!-- <a class=\"btn btn-light text-left\"\r\n                    href=\"https:\/\/www.fiscaliadecuentas.gob.pa\/wp-content\/uploads\/2022\/05\/Aviso-Fiscal-Adjunto-No.-FGC-CA-003-22.pdf\"\r\n                    role=\"button\" rel=\"noopener\" target=\"_blank\"><i\r\n                        class=\"fas fa-file-pdf fa-1x\"><\/i> Mecanismo\r\n                    para acreditar los requisitos b\u00e1sicos para\r\n                    ocupar cualquier cargo en la Fiscal\u00eda General de\r\n                    Cuentas.<\/a> -->\r\n                                    <a class=\"btn btn-light text-left\"\r\n                                        href=\"https:\/\/www.fiscaliadecuentas.gob.pa\/wp-content\/uploads\/2024\/01\/INSTRUCTIVO-ASISTENTE-OPERATIVO-JURIDICO-POS-76.pdf\"\r\n                                        role=\"button\" rel=\"noopener\" target=\"_blank\"><i class=\"fas fa-search fa-1x\"><\/i>\r\n                                        Ver\r\n                                        Instructivo del\r\n                                        Concurso Abierto<\/a>\r\n                                    <a class=\"btn btn-light text-left\"\r\n                                        href=\"https:\/\/www.fiscaliadecuentas.gob.pa\/wp-content\/uploads\/2024\/01\/TABLA-DE-PONDERACION-modificado-Asistente-Operativo-1.pdf\"\r\n                                        role=\"button\" rel=\"noopener\" target=\"_blank\"><i class=\"fas fa-search fa-1x\"><\/i>\r\n                                        Ver\r\n                                        Tabla de Ponderaci\u00f3n<\/a>\r\n                                    <a class=\"btn btn-light text-left collapsible-ca btn-results p-2\"\r\n                                        style=\"background-color: #f8f9fa;\" role=\"link\">\r\n                                        <i class=\"fas fa-search fa-1x\"><\/i>\r\n                                        Ver Resultados\r\n                                    <\/a>\r\n                                    <div class=\"content\" style=\"display: block;\">\r\n                                        <!-- <p style=\"text-align: justify\">\r\n                                    <a href=\"https:\/\/www.fiscaliadecuentas.gob.pa\/wp-content\/uploads\/2024\/04\/EDICTO-N.\u00b0-001-24.pdf\"\r\n                                        rel=\"noopener\" target=\"_blank\" role=\"link\"><i class=\"fas fa-file-pdf fa-1x\"><\/i>\r\n                                        EDICTO-N.\u00b0-001-24 que declara los resultados para ocupar el puesto de Asistente\r\n                                        Operativo Jur\u00eddico,\r\n                                        posici\u00f3n 181,\r\n                                        planilla 2, denominaci\u00f3n Asistente Operativo Jur\u00eddico, C\u00f3digo 0078183.\r\n                                    <\/a>\r\n                                <\/p> -->\r\n                                        <p style=\"text-align: justify\">\r\n                                            <a href=\"https:\/\/www.fiscaliadecuentas.gob.pa\/wp-content\/uploads\/2024\/05\/RESOLUCION-N.\u00b0-FGC-CSARH-CA-10-24.pdf\"\r\n                                                rel=\"noopener\" target=\"_blank\" role=\"link\"><i\r\n                                                    class=\"fas fa-file-pdf fa-1x\"><\/i>\r\n                                                <b>Resoluci\u00f3n No. FGC-CSARH-CA-10-24<\/b>, que comunica los resultados\r\n                                                finales del Concurso Abierto N.\u00b0 FGC-CA-001-24, para ocupar el cargo de\r\n                                                Asistente Operativo Juridico de la Fiscal\u00eda General de Cuentas.\r\n                                            <\/a>\r\n                                        <\/p>\r\n                                    <\/div>\r\n                                <\/div>\r\n                                <!-- ============================================= Button-Group-End ====================================== -->\r\n                                <!-- <button type=\"button\" class=\"collapsible-ca\" style=\"background-color: #333333;\"><i class=\"fas fa-file-pdf fa-1x\"><\/i> Resoluci\u00f3n N\u00b0.FGC-CSARH-CA-02-22<\/button>\r\n                    <div class=\"content\">\r\n                    <p style=\"text-align: justify;\"><a href=\"#\" rel=\"noopener\" target=\"_blank\"><i class=\"fas fa-file-pdf fa-1x\"><\/i> Que comunica los resultados finales del Concurso Abierto N.\u00ba FGC-CA-001-21, para cubrir la vacante absoluta del cargo de Coordinador de Cooperaci\u00f3n T\u00e9cnica de la Fiscal\u00eda General de Cuentas.<\/a><\/p>\r\n                    <\/div> -->\r\n                                <button type=\"button\" class=\"collapsible-ca\" style=\"background-color: #333333\">\r\n                                    <i class=\"fas fa-angle-double-down fa-1x\"><\/i> Base Legal\r\n                                <\/button>\r\n                                <div class=\"content\">\r\n                                    <!-- ============================================= LEGAL-BASE-START ================================ -->\r\n                                    <div class=\"d-grid gap-2\">\r\n                                        <a class=\"btn btn-light text-justify\"\r\n                                            href=\"https:\/\/www.fiscaliadecuentas.gob.pa\/wp-content\/uploads\/2021\/11\/LEY-67-DE-2008-ACTUALIZADA-AL-2020-FGC-Secretaria-General.pdf\"\r\n                                            role=\"button\" rel=\"noopener\" target=\"_blank\"><i\r\n                                                class=\"fas fa-file-pdf fa-1x\"><\/i>\r\n                                            LEY 67 de 14 de\r\n                                            noviembre de 2008. \"QUE DESARROLLA LA JURISDICCI\u00d3N DE CUENTAS\r\n                                            Y REFORMA LA LEY 32 DE 1987, ORG\u00c1NICA DE LA CONTRALOR\u00cdA\r\n                                            GENERAL DE LA REP\u00daBLICA\"\r\n                                        <\/a>\r\n                                        <a class=\"btn btn-light text-justify\"\r\n                                            href=\"https:\/\/www.fiscaliadecuentas.gob.pa\/wp-content\/uploads\/2023\/12\/Reglamento-Interno-de-la-Fiscalia-General-de-Cuentas-actualizado-a-diciembre-de-2023.pdf\"\r\n                                            role=\"link\" rel=\"noopener\" target=\"_blank\"><i\r\n                                                class=\"fas fa-file-pdf fa-1x\"><\/i>\r\n                                            Reglamento Interno de la Fiscal\u00eda General de Cuentas.\r\n                                        <\/a>\r\n                                        <a class=\"btn btn-light text-justify\"\r\n                                            href=\"https:\/\/www.fiscaliadecuentas.gob.pa\/wp-content\/uploads\/2023\/07\/Resolucion-N.\u00b0-FGC-CFGC-005-23.pdf\"\r\n                                            role=\"button\" rel=\"noopener\" target=\"_blank\"><i\r\n                                                class=\"fas fa-file-pdf fa-1x\"><\/i>\r\n                                            Resoluci\u00f3n No.\r\n                                            FGC-CFGC-005-23. \"QUE DECLARA UNA VACANTE ABSOLUTA\"\r\n                                        <\/a>\r\n                                    <\/div>\r\n                                    <!-- ============================================= LEGAL-BASE-END ====================================== -->\r\n                                <\/div>\r\n                                <!-- Button trigger modal -->\r\n                                <div class=\"button-content\">\r\n                                    <button type=\"button\" class=\"btn btn-warning\" data-bs-toggle=\"modal\"\r\n                                        data-bs-target=\"#staticBackdrop-010-23\">\r\n                                        Aplicar a la Convocatoria\r\n                                    <\/button>\r\n                                <\/div>\r\n\r\n                                <!-- Modal -->\r\n                                <div class=\"modal fade\" id=\"staticBackdrop-010-23\" data-bs-backdrop=\"static\"\r\n                                    data-bs-keyboard=\"false\" tabindex=\"-1\" aria-labelledby=\"staticBackdropLabel-010-23\"\r\n                                    aria-hidden=\"true\">\r\n                                    <div class=\"modal-dialog\">\r\n                                        <div class=\"modal-content\">\r\n                                            <div class=\"modal-header\">\r\n                                                <h5 class=\"modal-title\" id=\"staticBackdropLabel-010-23\">\r\n                                                    !LO SENTIMOS\u00a1\r\n                                                <\/h5>\r\n                                                <button type=\"button\" class=\"btn-close\" data-bs-dismiss=\"modal\"\r\n                                                    aria-label=\"Close\"><\/button>\r\n                                            <\/div>\r\n                                            <div class=\"modal-body\">\r\n                                                LA CONVOCATORIA PARA EL CONCURSO ABIERTO\r\n                                                N.\u00b0 FGC-CA-001-24 \"ASISTENTE OPERATIVO JUR\u00cdDICO Pos. 76\" HA FINALIZADO.\r\n\r\n                                            <\/div>\r\n                                            <div class=\"modal-footer\">\r\n                                                <button type=\"button\" class=\"btn btn-secondary\" data-bs-dismiss=\"modal\">\r\n                                                    Close\r\n                                                <\/button>\r\n                                            <\/div>\r\n                                        <\/div>\r\n                                    <\/div>\r\n                                <\/div>\r\n                                <!-- End Modal -->\r\n                                <!-- <div class=\"button-content\">\r\n                            <a href=\"https:\/\/www.fiscaliadecuentas.gob.pa\/scmfgc\/formulario-de-aplicacion-fgc-ca-001-24-asistente-operativo-juridico\/\"\r\n                                rel=\"noopener\" target=\"_blank\">\r\n                                <button type=\"button\" class=\"btn-submit\">\r\n                                    Aplicar a la Convocatoria\r\n                                <\/button>\r\n                            <\/a>\r\n                        <\/div> -->\r\n                            <\/div>\r\n                            <!-- ##################END  N.\u00b0 FGC-CA-001-24 ASISTENTE OPERATIVO JUR\u00cdDICO ############################### -->\r\n                            <!-- ##################START N.\u00b0 FGC-CA-010-23 FISCAL ADJUNTO PANAM\u00c1############################### -->\r\n                            <button type=\"button\" class=\"collapsible-ca\">\r\n                                <div class=\"btn-info\">\r\n                                    <div id=\"content-left\">\r\n                                        <p class=\"lh-sm\">Concurso Abierto N.\u00b0 FGC-CA-002-24<\/p>\r\n                                        <p class=\"lh-sm\">Cargo: ASISTENTE OPERATIVO JUR\u00cdDICO Pos.181<\/p>\r\n                                        <p class=\"lh-sm\">\r\n                                            <i class=\"fas fa-angle-double-down fa-1x\"><\/i>\r\n                                            Ver m\u00e1s informaci\u00f3n sobre este concurso\r\n                                        <\/p>\r\n                                    <\/div>\r\n                                    <div id=\"content-right\">\r\n                                        <img decoding=\"async\" src=\"https:\/\/www.fiscaliadecuentas.gob.pa\/wp-content\/uploads\/2023\/10\/Deputy-Prosecutor-C.png\"\r\n                                            class=\"image\" \/>\r\n                                    <\/div>\r\n                                <\/div>\r\n                            <\/button>\r\n                            <div class=\"content\">\r\n                                <!-- INICIO AVISO DE CONVOCATORIA EXTENSI\u00d3N DE ENTREGA PARA DOCUMENTOS -->\r\n                                <!-- <button type=\"button\" class=\"collapsible-ca\"\r\n                style=\"background-color: #333333;\"><i class=\"fas\r\n                    fa-info-circle fa-1x\"><\/i> AVISO<\/button>\r\n                            <div class=\"content\"><br>\r\n                                <p style=\"text-align: justify;\"><a\r\n                                        href=\"https:\/\/www.fiscaliadecuentas.gob.pa\/wp-content\/uploads\/2022\/05\/Extension-Carrera-por-Merito.pdf\"\r\n                                        rel=\"noopener\" target=\"_blank\"><i class=\"fas\r\n                                            fa-file-pdf fa-1x\"><\/i> Extensi\u00f3n de\r\n                                        entrega de documentos hasta el 10 de junio\r\n                                        de 2022.<\/a><\/p>\r\n                            <\/div> -->\r\n                                <!-- FINAL AVISO DE CONVOCATORIA EXTENSI\u00d3N DE ENTREGA PARA DOCUMENTOS -->\r\n\r\n                                <!-- ============================================= Button-Group-Start ================================ -->\r\n                                <div class=\"d-grid gap-2\">\r\n                                    <a class=\"btn btn-light text-left\"\r\n                                        href=\"https:\/\/www.fiscaliadecuentas.gob.pa\/wp-content\/uploads\/2024\/01\/AVISO-DE-CONVOCATORIA-AOJ-181.pdf\"\r\n                                        role=\"button\" rel=\"noopener\" target=\"_blank\"><i class=\"fas fa-search fa-1x\"><\/i>\r\n                                        Ver\r\n                                        Aviso del Concurso\r\n                                        Abierto<\/a>\r\n                                    <!-- <a class=\"btn btn-light text-left\"\r\n                    href=\"https:\/\/www.fiscaliadecuentas.gob.pa\/wp-content\/uploads\/2022\/05\/Aviso-Fiscal-Adjunto-No.-FGC-CA-003-22.pdf\"\r\n                    role=\"button\" rel=\"noopener\" target=\"_blank\"><i\r\n                        class=\"fas fa-file-pdf fa-1x\"><\/i> Mecanismo\r\n                    para acreditar los requisitos b\u00e1sicos para\r\n                    ocupar cualquier cargo en la Fiscal\u00eda General de\r\n                    Cuentas.<\/a> -->\r\n                                    <a class=\"btn btn-light text-left\"\r\n                                        href=\"https:\/\/www.fiscaliadecuentas.gob.pa\/wp-content\/uploads\/2024\/01\/INSTRUCTIVO-ASISTENTE-OPERATIVO-JURIDICO-POS-181.pdf\"\r\n                                        role=\"button\" rel=\"noopener\" target=\"_blank\"><i class=\"fas fa-search fa-1x\"><\/i>\r\n                                        Ver\r\n                                        Instructivo del\r\n                                        Concurso Abierto<\/a>\r\n                                    <a class=\"btn btn-light text-left\"\r\n                                        href=\"https:\/\/www.fiscaliadecuentas.gob.pa\/wp-content\/uploads\/2024\/01\/TABLA-DE-PONDERACION-modificado-Asistente-Operativo-181.pdf\"\r\n                                        role=\"button\" rel=\"noopener\" target=\"_blank\"><i class=\"fas fa-search fa-1x\"><\/i>\r\n                                        Ver\r\n                                        Tabla de Ponderaci\u00f3n<\/a>\r\n                                    <a class=\"btn btn-light text-left collapsible-ca btn-results p-2\"\r\n                                        style=\"background-color: #f8f9fa;\" role=\"link\"><i\r\n                                            class=\"fas fa-search fa-1x\"><\/i>\r\n                                        Ver Resultados<\/a>\r\n                                    <div class=\"content\" style=\"display: block;\">\r\n                                        <!-- <p style=\"text-align: justify\">\r\n                                    <a href=\"https:\/\/www.fiscaliadecuentas.gob.pa\/wp-content\/uploads\/2024\/04\/EDICTO-N.\u00b0-001-24.pdf\"\r\n                                        rel=\"noopener\" target=\"_blank\" role=\"link\"><i class=\"fas fa-file-pdf fa-1x\"><\/i>\r\n                                        EDICTO-N.\u00b0-001-24 que declara los resultados para ocupar el puesto de Asistente\r\n                                        Operativo Jur\u00eddico,\r\n                                        posici\u00f3n 181,\r\n                                        planilla 2, denominaci\u00f3n Asistente Operativo Jur\u00eddico, C\u00f3digo 0078183.\r\n                                    <\/a>\r\n                                <\/p> -->\r\n                                        <p style=\"text-align: justify\">\r\n                                            <a href=\"https:\/\/www.fiscaliadecuentas.gob.pa\/wp-content\/uploads\/2024\/04\/RESOLUCION-N.\u00b0-FGC-CSARH-CA-11-24.pdf\"\r\n                                                rel=\"noopener\" target=\"_blank\" role=\"link\"><i\r\n                                                    class=\"fas fa-file-pdf fa-1x\"><\/i>\r\n                                                <b>Resoluci\u00f3n No. FGC-CSARH-CA-11-24<\/b>, que comunica los resultados\r\n                                                finales del Concurso Abierto N.\u00b0 FGC-CA-002-24, para ocupar el cargo de\r\n                                                Asistente Operativo Juridico de la Fiscal\u00eda General de Cuentas.\r\n                                            <\/a>\r\n                                        <\/p>\r\n                                    <\/div>\r\n                                <\/div>\r\n                                <!-- ============================================= Button-Group-End ====================================== -->\r\n                                <!-- <button type=\"button\" class=\"collapsible-ca\" style=\"background-color: #333333;\"><i class=\"fas fa-file-pdf fa-1x\"><\/i> Resoluci\u00f3n N\u00b0.FGC-CSARH-CA-02-22<\/button>\r\n                    <div class=\"content\">\r\n                    <p style=\"text-align: justify;\"><a href=\"#\" rel=\"noopener\" target=\"_blank\"><i class=\"fas fa-file-pdf fa-1x\"><\/i> Que comunica los resultados finales del Concurso Abierto N.\u00ba FGC-CA-001-21, para cubrir la vacante absoluta del cargo de Coordinador de Cooperaci\u00f3n T\u00e9cnica de la Fiscal\u00eda General de Cuentas.<\/a><\/p>\r\n                    <\/div> -->\r\n                                <button type=\"button\" class=\"collapsible-ca\" style=\"background-color: #333333\">\r\n                                    <i class=\"fas fa-angle-double-down fa-1x\"><\/i> Base Legal\r\n                                <\/button>\r\n                                <div class=\"content\">\r\n                                    <!-- ============================================= LEGAL-BASE-START ================================ -->\r\n                                    <div class=\"d-grid gap-2\">\r\n                                        <a class=\"btn btn-light text-justify\"\r\n                                            href=\"https:\/\/www.fiscaliadecuentas.gob.pa\/wp-content\/uploads\/2021\/11\/LEY-67-DE-2008-ACTUALIZADA-AL-2020-FGC-Secretaria-General.pdf\"\r\n                                            role=\"button\" rel=\"noopener\" target=\"_blank\"><i\r\n                                                class=\"fas fa-file-pdf fa-1x\"><\/i>\r\n                                            LEY 67 de 14 de\r\n                                            noviembre de 2008. \"QUE DESARROLLA LA JURISDICCI\u00d3N DE CUENTAS\r\n                                            Y REFORMA LA LEY 32 DE 1987, ORG\u00c1NICA DE LA CONTRALOR\u00cdA\r\n                                            GENERAL DE LA REP\u00daBLICA\"\r\n                                        <\/a>\r\n                                        <a class=\"btn btn-light text-justify\"\r\n                                            href=\"https:\/\/www.fiscaliadecuentas.gob.pa\/wp-content\/uploads\/2023\/12\/Reglamento-Interno-de-la-Fiscalia-General-de-Cuentas-actualizado-a-diciembre-de-2023.pdf\"\r\n                                            role=\"link\" rel=\"noopener\" target=\"_blank\"><i\r\n                                                class=\"fas fa-file-pdf fa-1x\"><\/i>\r\n                                            Reglamento Interno de la Fiscal\u00eda\r\n                                            General de Cuentas.\r\n                                        <\/a>\r\n                                        <a class=\"btn btn-light text-justify\"\r\n                                            href=\"https:\/\/www.fiscaliadecuentas.gob.pa\/wp-content\/uploads\/2023\/05\/Resolucion_FGC_CFGC_002_23.pdf\"\r\n                                            role=\"link\" rel=\"noopener\" target=\"_blank\"><i\r\n                                                class=\"fas fa-file-pdf fa-1x\"><\/i>\r\n                                            Resoluci\u00f3n No.\r\n                                            FGC-CFGC-002-23. \"QUE DECLARA UNA VACANTE ABSOLUTA\"\r\n                                        <\/a>\r\n                                    <\/div>\r\n                                    <!-- ============================================= LEGAL-BASE-END ====================================== -->\r\n                                <\/div>\r\n                                <!-- Button trigger modal -->\r\n                                <div class=\"button-content\">\r\n                                    <button type=\"button\" class=\"btn btn-warning\" data-bs-toggle=\"modal\"\r\n                                        data-bs-target=\"#staticBackdrop-010-23\">\r\n                                        Aplicar a la Convocatoria\r\n                                    <\/button>\r\n                                <\/div>\r\n\r\n                                <!-- Modal -->\r\n                                <div class=\"modal fade\" id=\"staticBackdrop-010-23\" data-bs-backdrop=\"static\"\r\n                                    data-bs-keyboard=\"false\" tabindex=\"-1\" aria-labelledby=\"staticBackdropLabel-010-23\"\r\n                                    aria-hidden=\"true\">\r\n                                    <div class=\"modal-dialog\">\r\n                                        <div class=\"modal-content\">\r\n                                            <div class=\"modal-header\">\r\n                                                <h5 class=\"modal-title\" id=\"staticBackdropLabel-010-23\">\r\n                                                    !LO SENTIMOS\u00a1\r\n                                                <\/h5>\r\n                                                <button type=\"button\" class=\"btn-close\" data-bs-dismiss=\"modal\"\r\n                                                    aria-label=\"Close\"><\/button>\r\n                                            <\/div>\r\n                                            <div class=\"modal-body\">\r\n                                                LA CONVOCATORIA PARA EL CONCURSO ABIERTO\r\n                                                N.\u00b0 FGC-CA-002-24 \"ASISTENTE OPERATIVO JUR\u00cdDICO Pos.181\" HA FINALIZADO.\r\n\r\n                                            <\/div>\r\n                                            <div class=\"modal-footer\">\r\n                                                <button type=\"button\" class=\"btn btn-secondary\" data-bs-dismiss=\"modal\">\r\n                                                    Close\r\n                                                <\/button>\r\n                                            <\/div>\r\n                                        <\/div>\r\n                                    <\/div>\r\n                                <\/div>\r\n                                <!-- End Modal -->\r\n                                <!-- <div class=\"button-content\">\r\n                                    <a href=\"https:\/\/www.fiscaliadecuentas.gob.pa\/scmfgc\/formulario-de-aplicacion-fgc-ca-002-24-asistente-operativo-juridico\/\"\r\n                                        rel=\"noopener\" target=\"_blank\">\r\n                                    <button type=\"button\" class=\"btn-submit\">\r\n                                        Aplicar a la Convocatoria\r\n                                    <\/button>\r\n                                    <\/a>\r\n                                <\/div> -->\r\n                            <\/div>\r\n                            <!-- ##################END N.\u00b0 FGC-CA-010-23 FISCAL ADJUNTO PANAM\u00c1############################### -->\r\n                            <!-- ##################START N.\u00b0 FGC-CA-011-23 CONDUCTOR DE VEH\u00cdCULO############################### -->\r\n                            <button type=\"button\" class=\"collapsible-ca\">\r\n                                <div class=\"btn-info\">\r\n                                    <div id=\"content-left\">\r\n                                        <p class=\"lh-sm\">Concurso Abierto N.\u00b0 FGC-CA-003-24<\/p>\r\n                                        <p class=\"lh-sm\">Cargo: CONDUCTOR DE VEH\u00cdCULO Pos. 58<\/p>\r\n                                        <p class=\"lh-sm\">\r\n                                            <i class=\"fas fa-angle-double-down fa-1x\"><\/i>\r\n                                            Ver m\u00e1s informaci\u00f3n sobre este concurso\r\n                                        <\/p>\r\n                                    <\/div>\r\n                                    <div id=\"content-right\">\r\n                                        <img decoding=\"async\" src=\"https:\/\/www.fiscaliadecuentas.gob.pa\/wp-content\/uploads\/2023\/10\/Vehicle-Driver.png\"\r\n                                            class=\"image\" \/>\r\n                                    <\/div>\r\n                                <\/div>\r\n                            <\/button>\r\n                            <div class=\"content\">\r\n                                <!-- INICIO AVISO DE CONVOCATORIA EXTENSI\u00d3N DE ENTREGA PARA DOCUMENTOS -->\r\n                                <!-- <button type=\"button\" class=\"collapsible-ca\"\r\n                style=\"background-color: #333333;\"><i class=\"fas\r\n                    fa-info-circle fa-1x\"><\/i> AVISO<\/button>\r\n                            <div class=\"content\"><br>\r\n                                <p style=\"text-align: justify;\"><a\r\n                                        href=\"https:\/\/www.fiscaliadecuentas.gob.pa\/wp-content\/uploads\/2022\/05\/Extension-Carrera-por-Merito.pdf\"\r\n                                        rel=\"noopener\" target=\"_blank\"><i class=\"fas\r\n                                            fa-file-pdf fa-1x\"><\/i> Extensi\u00f3n de\r\n                                        entrega de documentos hasta el 10 de junio\r\n                                        de 2022.<\/a><\/p>\r\n                            <\/div> -->\r\n                                <!-- FINAL AVISO DE CONVOCATORIA EXTENSI\u00d3N DE ENTREGA PARA DOCUMENTOS -->\r\n\r\n                                <!-- ============================================= Button-Group-Start ================================ -->\r\n                                <div class=\"d-grid gap-2\">\r\n                                    <a class=\"btn btn-light text-left\"\r\n                                        href=\"https:\/\/www.fiscaliadecuentas.gob.pa\/wp-content\/uploads\/2024\/01\/AVISO-DE-CONVOCATORIA-Conductor.pdf\"\r\n                                        role=\"button\" rel=\"noopener\" target=\"_blank\"><i class=\"fas fa-search fa-1x\"><\/i>\r\n                                        Ver\r\n                                        Aviso del Concurso\r\n                                        Abierto<\/a>\r\n                                    <!-- <a class=\"btn btn-light text-left\"\r\n                    href=\"https:\/\/www.fiscaliadecuentas.gob.pa\/wp-content\/uploads\/2022\/05\/Aviso-Fiscal-Adjunto-No.-FGC-CA-003-22.pdf\"\r\n                    role=\"button\" rel=\"noopener\" target=\"_blank\"><i\r\n                        class=\"fas fa-file-pdf fa-1x\"><\/i> Mecanismo\r\n                    para acreditar los requisitos b\u00e1sicos para\r\n                    ocupar cualquier cargo en la Fiscal\u00eda General de\r\n                    Cuentas.<\/a> -->\r\n                                    <a class=\"btn btn-light text-left\"\r\n                                        href=\"https:\/\/www.fiscaliadecuentas.gob.pa\/wp-content\/uploads\/2024\/01\/INSTRUCTIVO-003.pdf\"\r\n                                        role=\"button\" rel=\"noopener\" target=\"_blank\"><i class=\"fas fa-search fa-1x\"><\/i>\r\n                                        Ver\r\n                                        Instructivo del\r\n                                        Concurso Abierto<\/a>\r\n                                    <a class=\"btn btn-light text-left\"\r\n                                        href=\"https:\/\/www.fiscaliadecuentas.gob.pa\/wp-content\/uploads\/2024\/01\/TABLA-DE-PONDERACION-011.pdf\"\r\n                                        role=\"button\" rel=\"noopener\" target=\"_blank\"><i class=\"fas fa-search fa-1x\"><\/i>\r\n                                        Ver\r\n                                        Tabla de Ponderaci\u00f3n\r\n                                    <\/a>\r\n                                    <a class=\"btn btn-light text-left collapsible-ca btn-results p-2\"\r\n                                        style=\"background-color: #f8f9fa;\" role=\"link\"><i\r\n                                            class=\"fas fa-search fa-1x\"><\/i>\r\n                                        Ver Resultados<\/a>\r\n                                    <div class=\"content\" style=\"display: block;\">\r\n                                        <!-- <p style=\"text-align: justify\">\r\n                                    <a href=\"https:\/\/www.fiscaliadecuentas.gob.pa\/wp-content\/uploads\/2024\/04\/EDICTO-N.\u00b0-002-24.pdf\"\r\n                                        rel=\"noopener\" target=\"_blank\" role=\"link\"><i class=\"fas fa-file-pdf fa-1x\"><\/i>\r\n                                        EDICTO-N.\u00b0-002-24 que declara los resultados para ocupar el puesto de Conductor\r\n                                        de Veh\u00edculo l, posici\u00f3n 58, planilla\r\n                                        3, denominaci\u00f3n Conductor de Veh\u00edculo I, C\u00f3digo 6034011.\r\n                                    <\/a>\r\n                                <\/p> -->\r\n                                        <p style=\"text-align: justify\">\r\n                                            <a href=\"https:\/\/www.fiscaliadecuentas.gob.pa\/wp-content\/uploads\/2024\/04\/RESOLUCION-N.\u00b0-FGC-CSARH-CA-12-24.pdf\"\r\n                                                rel=\"noopener\" target=\"_blank\" role=\"link\"><i\r\n                                                    class=\"fas fa-file-pdf fa-1x\"><\/i>\r\n                                                <b>Resoluci\u00f3n No. FGC-CSARH-CA-12-24<\/b>, que comunica los resultados\r\n                                                finales del Concurso Abierto N.\u00b0 FGC-CA-003-24, para ocupar el cargo de\r\n                                                Conductor de Veh\u00edculo 1, de la Fiscal\u00eda General de Cuentas.\r\n                                            <\/a>\r\n                                        <\/p>\r\n                                    <\/div>\r\n                                <\/div>\r\n                                <!-- ============================================= Button-Group-End ====================================== -->\r\n                                <!-- <button type=\"button\" class=\"collapsible-ca\" style=\"background-color: #333333;\"><i class=\"fas fa-file-pdf fa-1x\"><\/i> Resoluci\u00f3n N\u00b0.FGC-CSARH-CA-02-22<\/button>\r\n                    <div class=\"content\">\r\n                    <p style=\"text-align: justify;\"><a href=\"#\" rel=\"noopener\" target=\"_blank\"><i class=\"fas fa-file-pdf fa-1x\"><\/i> Que comunica los resultados finales del Concurso Abierto N.\u00ba FGC-CA-001-21, para cubrir la vacante absoluta del cargo de Coordinador de Cooperaci\u00f3n T\u00e9cnica de la Fiscal\u00eda General de Cuentas.<\/a><\/p>\r\n                    <\/div> -->\r\n                                <button type=\"button\" class=\"collapsible-ca\" style=\"background-color: #333333\">\r\n                                    <i class=\"fas fa-angle-double-down fa-1x\"><\/i> Base Legal\r\n                                <\/button>\r\n                                <div class=\"content\">\r\n                                    <!-- ============================================= LEGAL-BASE-START ================================ -->\r\n                                    <div class=\"d-grid gap-2\">\r\n                                        <a class=\"btn btn-light text-justify\"\r\n                                            href=\"https:\/\/www.fiscaliadecuentas.gob.pa\/wp-content\/uploads\/2021\/11\/LEY-67-DE-2008-ACTUALIZADA-AL-2020-FGC-Secretaria-General.pdf\"\r\n                                            role=\"button\" rel=\"noopener\" target=\"_blank\"><i\r\n                                                class=\"fas fa-file-pdf fa-1x\"><\/i>\r\n                                            LEY 67 de 14 de\r\n                                            noviembre de 2008. \"QUE DESARROLLA LA JURISDICCI\u00d3N DE CUENTAS\r\n                                            Y REFORMA LA LEY 32 DE 1987, ORG\u00c1NICA DE LA CONTRALOR\u00cdA\r\n                                            GENERAL DE LA REP\u00daBLICA\"\r\n                                        <\/a>\r\n                                        <a class=\"btn btn-light text-justify\"\r\n                                            href=\"https:\/\/www.fiscaliadecuentas.gob.pa\/wp-content\/uploads\/2023\/12\/Reglamento-Interno-de-la-Fiscalia-General-de-Cuentas-actualizado-a-diciembre-de-2023.pdf\"\r\n                                            role=\"link\" rel=\"noopener\" target=\"_blank\"><i\r\n                                                class=\"fas fa-file-pdf fa-1x\"><\/i>\r\n                                            Reglamento Interno de la Fiscal\u00eda\r\n                                            General de Cuentas.\r\n                                        <\/a>\r\n                                        <a class=\"btn btn-light text-justify\"\r\n                                            href=\"https:\/\/www.fiscaliadecuentas.gob.pa\/wp-content\/uploads\/2023\/11\/Resolucion-N.\u00b0-FGC-CFGC-010-23.pdf\"\r\n                                            role=\"link\" rel=\"noopener\" target=\"_blank\"><i\r\n                                                class=\"fas fa-file-pdf fa-1x\"><\/i>\r\n                                            Resoluci\u00f3n No.\r\n                                            FGC-CFGC-010-23. \"QUE DECLARA UNA VACANTE ABSOLUTA\"\r\n                                        <\/a>\r\n                                    <\/div>\r\n                                    <!-- ============================================= LEGAL-BASE-END ====================================== -->\r\n                                <\/div>\r\n                                <!-- Button trigger modal -->\r\n                                <div class=\"button-content\">\r\n                                    <button type=\"button\" class=\"btn btn-warning\" data-bs-toggle=\"modal\"\r\n                                        data-bs-target=\"#staticBackdrop-011-23\">\r\n                                        Aplicar a la Convocatoria\r\n                                    <\/button>\r\n                                <\/div>\r\n\r\n                                <!-- Modal -->\r\n                                <div class=\"modal fade\" id=\"staticBackdrop-011-23\" data-bs-backdrop=\"static\"\r\n                                    data-bs-keyboard=\"false\" tabindex=\"-1\" aria-labelledby=\"staticBackdropLabel-011-23\"\r\n                                    aria-hidden=\"true\">\r\n                                    <div class=\"modal-dialog\">\r\n                                        <div class=\"modal-content\">\r\n                                            <div class=\"modal-header\">\r\n                                                <h5 class=\"modal-title\" id=\"staticBackdropLabel-011-23\">\r\n                                                    !LO SENTIMOS\u00a1\r\n                                                <\/h5>\r\n                                                <button type=\"button\" class=\"btn-close\" data-bs-dismiss=\"modal\"\r\n                                                    aria-label=\"Close\"><\/button>\r\n                                            <\/div>\r\n                                            <div class=\"modal-body\">\r\n                                                LA CONVOCATORIA PARA EL CONCURSO ABIERTO\r\n                                                N.\u00b0 FGC-CA-003-24 \"CONDUCTOR DE VEH\u00cdCULO Pos.58\" HA FINALIZADO.\r\n\r\n                                            <\/div>\r\n                                            <div class=\"modal-footer\">\r\n                                                <button type=\"button\" class=\"btn btn-secondary\" data-bs-dismiss=\"modal\">\r\n                                                    Close\r\n                                                <\/button>\r\n                                            <\/div>\r\n                                        <\/div>\r\n                                    <\/div>\r\n                                <\/div>\r\n                                <!-- End Modal -->\r\n                                <!-- <div class=\"button-content\">\r\n                                    <a href=\"https:\/\/www.fiscaliadecuentas.gob.pa\/scmfgc\/formulario-de-aplicacion-fgc-ca-003-24-conductor-de-vehiculo-pos-58\/\"\r\n                                        rel=\"noopener\" target=\"_blank\">\r\n                                        <button type=\"button\" class=\"btn-submit\">\r\n                                            Aplicar a la Convocatoria\r\n                                        <\/button>\r\n                                    <\/a>\r\n                                <\/div> -->\r\n                            <\/div>\r\n                            <!-- ##################END N.\u00b0 FGC-CA-011-23 CONDUCTOR DE VEH\u00cdCULO############################### -->\r\n                            <!-- ##################START N.\u00b0 FGC-CA-012-23 ANALISTA DE COMPRAS############################### -->\r\n                            <button type=\"button\" class=\"collapsible-ca\">\r\n                                <div class=\"btn-info\">\r\n                                    <div id=\"content-left\">\r\n                                        <p class=\"lh-sm\">Concurso Abierto N.\u00b0 FGC-CA-004-24<\/p>\r\n                                        <p class=\"lh-sm\">Cargo: ANALISTA DE COMPRAS Pos.165<\/p>\r\n                                        <p class=\"lh-sm\">\r\n                                            <i class=\"fas fa-angle-double-down fa-1x\"><\/i>\r\n                                            Ver m\u00e1s informaci\u00f3n sobre este concurso\r\n                                        <\/p>\r\n                                    <\/div>\r\n                                    <div id=\"content-right\">\r\n                                        <img decoding=\"async\" src=\"https:\/\/www.fiscaliadecuentas.gob.pa\/wp-content\/uploads\/2023\/10\/Shopping-Analyst.png\"\r\n                                            class=\"image\" \/>\r\n                                    <\/div>\r\n                                <\/div>\r\n                            <\/button>\r\n                            <div class=\"content\">\r\n                                <!-- INICIO AVISO DE CONVOCATORIA EXTENSI\u00d3N DE ENTREGA PARA DOCUMENTOS -->\r\n                                <!-- <button type=\"button\" class=\"collapsible-ca\"\r\n                style=\"background-color: #333333;\"><i class=\"fas\r\n                    fa-info-circle fa-1x\"><\/i> AVISO<\/button>\r\n                            <div class=\"content\"><br>\r\n                                <p style=\"text-align: justify;\"><a\r\n                                        href=\"https:\/\/www.fiscaliadecuentas.gob.pa\/wp-content\/uploads\/2022\/05\/Extension-Carrera-por-Merito.pdf\"\r\n                                        rel=\"noopener\" target=\"_blank\"><i class=\"fas\r\n                                            fa-file-pdf fa-1x\"><\/i> Extensi\u00f3n de\r\n                                        entrega de documentos hasta el 10 de junio\r\n                                        de 2022.<\/a><\/p>\r\n                            <\/div> -->\r\n                                <!-- FINAL AVISO DE CONVOCATORIA EXTENSI\u00d3N DE ENTREGA PARA DOCUMENTOS -->\r\n\r\n                                <!-- ============================================= Button-Group-Start ================================ -->\r\n                                <div class=\"d-grid gap-2\">\r\n                                    <a class=\"btn btn-light text-left\"\r\n                                        href=\"https:\/\/www.fiscaliadecuentas.gob.pa\/wp-content\/uploads\/2024\/01\/AVISO-DE-CONVOCATORIA-Analista-de-Compras.pdf\"\r\n                                        role=\"button\" rel=\"noopener\" target=\"_blank\"><i class=\"fas fa-search fa-1x\"><\/i>\r\n                                        Ver\r\n                                        Aviso del Concurso\r\n                                        Abierto<\/a>\r\n                                    <!-- <a class=\"btn btn-light text-left\"\r\n                    href=\"https:\/\/www.fiscaliadecuentas.gob.pa\/wp-content\/uploads\/2022\/05\/Aviso-Fiscal-Adjunto-No.-FGC-CA-003-22.pdf\"\r\n                    role=\"button\" rel=\"noopener\" target=\"_blank\"><i\r\n                        class=\"fas fa-file-pdf fa-1x\"><\/i> Mecanismo\r\n                    para acreditar los requisitos b\u00e1sicos para\r\n                    ocupar cualquier cargo en la Fiscal\u00eda General de\r\n                    Cuentas.<\/a> -->\r\n                                    <a class=\"btn btn-light text-left\"\r\n                                        href=\"https:\/\/www.fiscaliadecuentas.gob.pa\/wp-content\/uploads\/2024\/01\/INSTRUCTIVO-004.pdf\"\r\n                                        role=\"button\" rel=\"noopener\" target=\"_blank\"><i class=\"fas fa-search fa-1x\"><\/i>\r\n                                        Ver\r\n                                        Instructivo del\r\n                                        Concurso Abierto<\/a>\r\n                                    <a class=\"btn btn-light text-left\"\r\n                                        href=\"https:\/\/www.fiscaliadecuentas.gob.pa\/wp-content\/uploads\/2024\/01\/TABLA-DE-PONDERACION-004.pdf\"\r\n                                        role=\"button\" rel=\"noopener\" target=\"_blank\"><i class=\"fas fa-search fa-1x\"><\/i>\r\n                                        Ver\r\n                                        Tabla de Ponderaci\u00f3n<\/a>\r\n                                    <a class=\"btn btn-light text-left collapsible-ca btn-results p-2\"\r\n                                        style=\"background-color: #f8f9fa;\" role=\"link\"><i\r\n                                            class=\"fas fa-search fa-1x\"><\/i>\r\n                                        Ver Resultados<\/a>\r\n                                    <div class=\"content\" style=\"display: block;\">\r\n                                        <p style=\"text-align: justify\">\r\n                                            <a href=\"https:\/\/www.fiscaliadecuentas.gob.pa\/wp-content\/uploads\/2024\/03\/Desierto-Concurso-Abierto-FGC-CA-004-24.pdf\"\r\n                                                rel=\"noopener\" target=\"_blank\" role=\"link\"><i\r\n                                                    class=\"fas fa-file-pdf fa-1x\"><\/i>\r\n                                                Resoluci\u00f3n No. FGC-CSARH-CA-06-24, que declara desierto el Concurso\r\n                                                Abierto N.\u00b0\r\n                                                FGC-CA-004-24 para ocupar el\r\n                                                cargo de Analista de Compras posici\u00f3n 165.\r\n                                            <\/a>\r\n                                        <\/p>\r\n                                    <\/div>\r\n                                <\/div>\r\n                                <!-- ============================================= Button-Group-End ====================================== -->\r\n                                <!-- <button type=\"button\" class=\"collapsible-ca\" style=\"background-color: #333333;\"><i class=\"fas fa-file-pdf fa-1x\"><\/i> Resoluci\u00f3n N\u00b0.FGC-CSARH-CA-02-22<\/button>\r\n                    <div class=\"content\">\r\n                    <p style=\"text-align: justify;\"><a href=\"#\" rel=\"noopener\" target=\"_blank\"><i class=\"fas fa-file-pdf fa-1x\"><\/i> Que comunica los resultados finales del Concurso Abierto N.\u00ba FGC-CA-001-21, para cubrir la vacante absoluta del cargo de Coordinador de Cooperaci\u00f3n T\u00e9cnica de la Fiscal\u00eda General de Cuentas.<\/a><\/p>\r\n                    <\/div> -->\r\n                                <button type=\"button\" class=\"collapsible-ca\" style=\"background-color: #333333\">\r\n                                    <i class=\"fas fa-angle-double-down fa-1x\"><\/i> Base Legal\r\n                                <\/button>\r\n                                <div class=\"content\">\r\n                                    <!-- ============================================= LEGAL-BASE-START ================================ -->\r\n                                    <div class=\"d-grid gap-2\">\r\n                                        <a class=\"btn btn-light text-justify\"\r\n                                            href=\"https:\/\/www.fiscaliadecuentas.gob.pa\/wp-content\/uploads\/2021\/11\/LEY-67-DE-2008-ACTUALIZADA-AL-2020-FGC-Secretaria-General.pdf\"\r\n                                            role=\"button\" rel=\"noopener\" target=\"_blank\"><i\r\n                                                class=\"fas fa-file-pdf fa-1x\"><\/i>\r\n                                            LEY 67 de 14 de\r\n                                            noviembre de 2008. \"QUE DESARROLLA LA JURISDICCI\u00d3N DE CUENTAS\r\n                                            Y REFORMA LA LEY 32 DE 1987, ORG\u00c1NICA DE LA CONTRALOR\u00cdA\r\n                                            GENERAL DE LA REP\u00daBLICA\"<\/a>\r\n                                        <a class=\"btn btn-light text-justify\"\r\n                                            href=\"https:\/\/www.fiscaliadecuentas.gob.pa\/wp-content\/uploads\/2023\/12\/Reglamento-Interno-de-la-Fiscalia-General-de-Cuentas-actualizado-a-diciembre-de-2023.pdf\"\r\n                                            role=\"link\" rel=\"noopener\" target=\"_blank\"><i\r\n                                                class=\"fas fa-file-pdf fa-1x\"><\/i>\r\n                                            Reglamento Interno de la Fiscal\u00eda\r\n                                            General de Cuentas.\r\n                                        <\/a>\r\n                                        <a class=\"btn btn-light text-justify\"\r\n                                            href=\"https:\/\/www.fiscaliadecuentas.gob.pa\/wp-content\/uploads\/2023\/11\/Resolucion-N.\u00b0-FGC-CFGC-011-23.pdf\"\r\n                                            role=\"link\" rel=\"noopener\" target=\"_blank\"><i\r\n                                                class=\"fas fa-file-pdf fa-1x\"><\/i>\r\n                                            Resoluci\u00f3n No.\r\n                                            FGC-CFGC-011-23. \"QUE DECLARA UNA VACANTE ABSOLUTA\"\r\n                                        <\/a>\r\n                                    <\/div>\r\n                                    <!-- ============================================= LEGAL-BASE-END ====================================== -->\r\n                                <\/div>\r\n                                <!-- Button trigger modal -->\r\n                                <div class=\"button-content\">\r\n                                    <button type=\"button\" class=\"btn btn-warning\" data-bs-toggle=\"modal\"\r\n                                        data-bs-target=\"#staticBackdrop-012-23\">\r\n                                        Aplicar a la Convocatoria\r\n                                    <\/button>\r\n                                <\/div>\r\n\r\n                                <!-- Modal -->\r\n                                <div class=\"modal fade\" id=\"staticBackdrop-012-23\" data-bs-backdrop=\"static\"\r\n                                    data-bs-keyboard=\"false\" tabindex=\"-1\" aria-labelledby=\"staticBackdropLabel-012-23\"\r\n                                    aria-hidden=\"true\">\r\n                                    <div class=\"modal-dialog\">\r\n                                        <div class=\"modal-content\">\r\n                                            <div class=\"modal-header\">\r\n                                                <h5 class=\"modal-title\" id=\"staticBackdropLabel-012-23\">\r\n                                                    !LO SENTIMOS\u00a1\r\n                                                <\/h5>\r\n                                                <button type=\"button\" class=\"btn-close\" data-bs-dismiss=\"modal\"\r\n                                                    aria-label=\"Close\"><\/button>\r\n                                            <\/div>\r\n                                            <div class=\"modal-body\">\r\n                                                LA CONVOCATORIA PARA EL CONCURSO ABIERTO\r\n                                                N.\u00b0 FGC-CA-004-24 \"ANALISTA DE COMPRAS Pos.165\" HA FINALIZADO.\r\n\r\n                                            <\/div>\r\n                                            <div class=\"modal-footer\">\r\n                                                <button type=\"button\" class=\"btn btn-secondary\" data-bs-dismiss=\"modal\">\r\n                                                    Close\r\n                                                <\/button>\r\n                                            <\/div>\r\n                                        <\/div>\r\n                                    <\/div>\r\n                                <\/div>\r\n                                <!-- End Modal -->\r\n                                <!-- <div class=\"button-content\">\r\n                                    <a href=\"https:\/\/www.fiscaliadecuentas.gob.pa\/scmfgc\/formulario-de-aplicacion-fgc-ca-004-24-analista-de-compras-pos-165\/\"\r\n                                        rel=\"noopener\" target=\"_blank\">\r\n                                        <button type=\"button\" class=\"btn-submit\">\r\n                                            Aplicar a la Convocatoria\r\n                                        <\/button>\r\n                                    <\/a>\r\n                                <\/div> -->\r\n                            <\/div>\r\n                            <!-- ##################END N.\u00b0 FGC-CA-012-23 ANALISTA DE COMPRAS############################### -->\r\n                            <!-- ##################START N.\u00b0 FGC-CA-013-23 ANALISTA DE ORGANIZACI\u00d3N Y SISTEMAS ADMINISTRATIVOS I############################### -->\r\n                            <button type=\"button\" class=\"collapsible-ca\">\r\n                                <div class=\"btn-info\">\r\n                                    <div id=\"content-left\">\r\n                                        <p class=\"lh-sm\">Concurso Abierto N.\u00b0 FGC-CA-005-24<\/p>\r\n                                        <p class=\"lh-sm\">Cargo: ANALISTA DE ORGANIZACI\u00d3N Y SISTEMAS ADMINISTRATIVOS\r\n                                            Pos.134<\/p>\r\n                                        <p class=\"lh-sm\">\r\n                                            <i class=\"fas fa-angle-double-down fa-1x\"><\/i>\r\n                                            Ver m\u00e1s informaci\u00f3n sobre este concurso\r\n                                        <\/p>\r\n                                    <\/div>\r\n                                    <div id=\"content-right\">\r\n                                        <img decoding=\"async\" src=\"https:\/\/www.fiscaliadecuentas.gob.pa\/wp-content\/uploads\/2023\/10\/Organization-Analyst.png\"\r\n                                            class=\"image\" \/>\r\n                                    <\/div>\r\n                                <\/div>\r\n                            <\/button>\r\n                            <div class=\"content\">\r\n                                <!-- INICIO AVISO DE CONVOCATORIA EXTENSI\u00d3N DE ENTREGA PARA DOCUMENTOS -->\r\n                                <!-- <button type=\"button\" class=\"collapsible-ca\"\r\n                style=\"background-color: #333333;\"><i class=\"fas\r\n                    fa-info-circle fa-1x\"><\/i> AVISO<\/button>\r\n                            <div class=\"content\"><br>\r\n                                <p style=\"text-align: justify;\"><a\r\n                                        href=\"https:\/\/www.fiscaliadecuentas.gob.pa\/wp-content\/uploads\/2022\/05\/Extension-Carrera-por-Merito.pdf\"\r\n                                        rel=\"noopener\" target=\"_blank\"><i class=\"fas\r\n                                            fa-file-pdf fa-1x\"><\/i> Extensi\u00f3n de\r\n                                        entrega de documentos hasta el 10 de junio\r\n                                        de 2022.<\/a><\/p>\r\n                            <\/div> -->\r\n                                <!-- FINAL AVISO DE CONVOCATORIA EXTENSI\u00d3N DE ENTREGA PARA DOCUMENTOS -->\r\n\r\n                                <!-- ============================================= Button-Group-Start ================================ -->\r\n                                <div class=\"d-grid gap-2\">\r\n                                    <a class=\"btn btn-light text-left\"\r\n                                        href=\"https:\/\/www.fiscaliadecuentas.gob.pa\/wp-content\/uploads\/2024\/01\/AVISO-DE-CONVOCATORIA-Analista-de-Organizacion-y-Sistemas.pdf\"\r\n                                        role=\"button\" rel=\"noopener\" target=\"_blank\"><i class=\"fas fa-search fa-1x\"><\/i>\r\n                                        Ver\r\n                                        Aviso del Concurso\r\n                                        Abierto<\/a>\r\n                                    <!-- <a class=\"btn btn-light text-left\"\r\n                    href=\"https:\/\/www.fiscaliadecuentas.gob.pa\/wp-content\/uploads\/2022\/05\/Aviso-Fiscal-Adjunto-No.-FGC-CA-003-22.pdf\"\r\n                    role=\"button\" rel=\"noopener\" target=\"_blank\"><i\r\n                        class=\"fas fa-file-pdf fa-1x\"><\/i> Mecanismo\r\n                    para acreditar los requisitos b\u00e1sicos para\r\n                    ocupar cualquier cargo en la Fiscal\u00eda General de\r\n                    Cuentas.<\/a> -->\r\n                                    <a class=\"btn btn-light text-left\"\r\n                                        href=\"https:\/\/www.fiscaliadecuentas.gob.pa\/wp-content\/uploads\/2024\/01\/INSTRUCTIVO-005.pdf\"\r\n                                        role=\"button\" rel=\"noopener\" target=\"_blank\"><i class=\"fas fa-search fa-1x\"><\/i>\r\n                                        Ver\r\n                                        Instructivo del\r\n                                        Concurso Abierto<\/a>\r\n                                    <a class=\"btn btn-light text-left\"\r\n                                        href=\"https:\/\/www.fiscaliadecuentas.gob.pa\/wp-content\/uploads\/2024\/01\/TABLA-DE-PONDERACION-005.pdf\"\r\n                                        role=\"button\" rel=\"noopener\" target=\"_blank\"><i class=\"fas fa-search fa-1x\"><\/i>\r\n                                        Ver\r\n                                        Tabla de Ponderaci\u00f3n<\/a>\r\n                                    <a class=\"btn btn-light text-left collapsible-ca btn-results p-2\"\r\n                                        style=\"background-color: #f8f9fa;\" role=\"link\">\r\n                                        <i class=\"fas fa-search fa-1x\"><\/i>\r\n                                        Ver Resultados\r\n                                    <\/a>\r\n                                    <div class=\"content\" style=\"display: block;\">\r\n                                        <p style=\"text-align: justify\">\r\n                                            <a href=\"https:\/\/www.fiscaliadecuentas.gob.pa\/wp-content\/uploads\/2024\/05\/RESOLUCION-N.%C2%B0-FGC-CSARH-CA-13-24.pdf\"\r\n                                                rel=\"noopener\" target=\"_blank\" role=\"link\"><i\r\n                                                    class=\"fas fa-file-pdf fa-1x\"><\/i>\r\n                                                Resoluci\u00f3n No. FGC-CSARH-CA-13-24, que declara desierto el Concurso\r\n                                                Abierto N.\u00b0\r\n                                                FGC-CA-005-24 para ocupar el cargo de Analista de Organizaci6n y\r\n                                                Sistemas Administrativos I.\r\n                                            <\/a>\r\n                                        <\/p>\r\n                                    <\/div>\r\n                                <\/div>\r\n                                <!-- ============================================= Button-Group-End ====================================== -->\r\n                                <!-- <button type=\"button\" class=\"collapsible-ca\" style=\"background-color: #333333;\"><i class=\"fas fa-file-pdf fa-1x\"><\/i> Resoluci\u00f3n N\u00b0.FGC-CSARH-CA-02-22<\/button>\r\n                    <div class=\"content\">\r\n                    <p style=\"text-align: justify;\"><a href=\"#\" rel=\"noopener\" target=\"_blank\"><i class=\"fas fa-file-pdf fa-1x\"><\/i> Que comunica los resultados finales del Concurso Abierto N.\u00ba FGC-CA-001-21, para cubrir la vacante absoluta del cargo de Coordinador de Cooperaci\u00f3n T\u00e9cnica de la Fiscal\u00eda General de Cuentas.<\/a><\/p>\r\n                    <\/div> -->\r\n                                <button type=\"button\" class=\"collapsible-ca\" style=\"background-color: #333333\">\r\n                                    <i class=\"fas fa-angle-double-down fa-1x\"><\/i> Base Legal\r\n                                <\/button>\r\n                                <div class=\"content\">\r\n                                    <!-- ============================================= LEGAL-BASE-START ================================ -->\r\n                                    <div class=\"d-grid gap-2\">\r\n                                        <a class=\"btn btn-light text-justify\"\r\n                                            href=\"https:\/\/www.fiscaliadecuentas.gob.pa\/wp-content\/uploads\/2021\/11\/LEY-67-DE-2008-ACTUALIZADA-AL-2020-FGC-Secretaria-General.pdf\"\r\n                                            role=\"button\" rel=\"noopener\" target=\"_blank\"><i\r\n                                                class=\"fas fa-file-pdf fa-1x\"><\/i>\r\n                                            LEY 67 de 14 de\r\n                                            noviembre de 2008. \"QUE DESARROLLA LA JURISDICCI\u00d3N DE CUENTAS\r\n                                            Y REFORMA LA LEY 32 DE 1987, ORG\u00c1NICA DE LA CONTRALOR\u00cdA\r\n                                            GENERAL DE LA REP\u00daBLICA\"<\/a>\r\n                                        <a class=\"btn btn-light text-justify\"\r\n                                            href=\"https:\/\/www.fiscaliadecuentas.gob.pa\/wp-content\/uploads\/2023\/12\/Reglamento-Interno-de-la-Fiscalia-General-de-Cuentas-actualizado-a-diciembre-de-2023.pdf\"\r\n                                            role=\"link\" rel=\"noopener\" target=\"_blank\"><i\r\n                                                class=\"fas fa-file-pdf fa-1x\"><\/i>\r\n                                            Reglamento Interno de la Fiscal\u00eda\r\n                                            General de Cuentas.\r\n                                        <\/a>\r\n                                        <a class=\"btn btn-light text-justify\"\r\n                                            href=\"https:\/\/www.fiscaliadecuentas.gob.pa\/wp-content\/uploads\/2023\/11\/Resolucion-N.\u00b0-FGC-CFGC-014-23.pdf\"\r\n                                            role=\"link\" rel=\"noopener\" target=\"_blank\"><i\r\n                                                class=\"fas fa-file-pdf fa-1x\"><\/i>\r\n                                            Resoluci\u00f3n No.\r\n                                            FGC-CFGC-014-23. \"QUE DECLARA UNA VACANTE ABSOLUTA\"\r\n                                        <\/a>\r\n                                    <\/div>\r\n                                    <!-- ============================================= LEGAL-BASE-END ====================================== -->\r\n                                <\/div>\r\n                                <!-- Button trigger modal -->\r\n                                <div class=\"button-content\">\r\n                                    <button type=\"button\" class=\"btn btn-warning\" data-bs-toggle=\"modal\"\r\n                                        data-bs-target=\"#staticBackdrop-013-23\">\r\n                                        Aplicar a la Convocatoria\r\n                                    <\/button>\r\n                                <\/div>\r\n\r\n                                <!-- Modal -->\r\n                                <div class=\"modal fade\" id=\"staticBackdrop-013-23\" data-bs-backdrop=\"static\"\r\n                                    data-bs-keyboard=\"false\" tabindex=\"-1\" aria-labelledby=\"staticBackdropLabel-013-23\"\r\n                                    aria-hidden=\"true\">\r\n                                    <div class=\"modal-dialog\">\r\n                                        <div class=\"modal-content\">\r\n                                            <div class=\"modal-header\">\r\n                                                <h5 class=\"modal-title\" id=\"staticBackdropLabel-013-23\">\r\n                                                    !LO SENTIMOS\u00a1\r\n                                                <\/h5>\r\n                                                <button type=\"button\" class=\"btn-close\" data-bs-dismiss=\"modal\"\r\n                                                    aria-label=\"Close\"><\/button>\r\n                                            <\/div>\r\n                                            <div class=\"modal-body\">\r\n                                                LA CONVOCATORIA PARA EL CONCURSO ABIERTO\r\n                                                N.\u00b0 FGC-CA-005-24 \"ANALISTA DE ORGANIZACI\u00d3N Y SISTEMAS ADMINISTRATIVOS I\r\n                                                Pos. 134\" HA FINALIZADO.\r\n\r\n                                            <\/div>\r\n                                            <div class=\"modal-footer\">\r\n                                                <button type=\"button\" class=\"btn btn-secondary\" data-bs-dismiss=\"modal\">\r\n                                                    Close\r\n                                                <\/button>\r\n                                            <\/div>\r\n                                        <\/div>\r\n                                    <\/div>\r\n                                <\/div>\r\n                                <!-- End Modal -->\r\n                                <!-- <div class=\"button-content\">\r\n                                    <a href=\"https:\/\/www.fiscaliadecuentas.gob.pa\/scmfgc\/formulario-de-aplicacion-fgc-ca-005-24-analista-de-organizacion-y-sistemas-administrativos-i-pos-134\/\"\r\n                                        rel=\"noopener\" target=\"_blank\">\r\n                                        <button type=\"button\" class=\"btn-submit\">\r\n                                            Aplicar a la Convocatoria\r\n                                        <\/button>\r\n                                    <\/a>\r\n                                <\/div> -->\r\n                            <\/div>\r\n                            <!-- ##################END N.\u00b0 FGC-CA-013-23 ANALISTA DE ORGANIZACI\u00d3N Y SISTEMAS ADMINISTRATIVOS I############################### -->\r\n                            <!-- ##################START N.\u00b0 FGC-CA-014-23 JEFE DE PLANIFICACI\u00d3N############################### -->\r\n                            <button type=\"button\" class=\"collapsible-ca\">\r\n                                <div class=\"btn-info\">\r\n                                    <div id=\"content-left\">\r\n                                        <p class=\"lh-sm\">Concurso Abierto N.\u00b0 FGC-CA-006-24<\/p>\r\n                                        <p class=\"lh-sm\">Cargo: JEFE DE PLANIFICACI\u00d3N Pos. 83<\/p>\r\n                                        <p class=\"lh-sm\">\r\n                                            <i class=\"fas fa-angle-double-down fa-1x\"><\/i>\r\n                                            Ver m\u00e1s informaci\u00f3n sobre este concurso\r\n                                        <\/p>\r\n                                    <\/div>\r\n                                    <div id=\"content-right\">\r\n                                        <img decoding=\"async\" src=\"https:\/\/www.fiscaliadecuentas.gob.pa\/wp-content\/uploads\/2023\/10\/Planning-Manager.png\"\r\n                                            class=\"image\" \/>\r\n                                    <\/div>\r\n                                <\/div>\r\n                            <\/button>\r\n                            <div class=\"content\">\r\n                                <!-- INICIO AVISO DE CONVOCATORIA EXTENSI\u00d3N DE ENTREGA PARA DOCUMENTOS -->\r\n                                <!-- <button type=\"button\" class=\"collapsible-ca\"\r\n                style=\"background-color: #333333;\"><i class=\"fas\r\n                    fa-info-circle fa-1x\"><\/i> AVISO<\/button>\r\n                            <div class=\"content\"><br>\r\n                                <p style=\"text-align: justify;\"><a\r\n                                        href=\"https:\/\/www.fiscaliadecuentas.gob.pa\/wp-content\/uploads\/2022\/05\/Extension-Carrera-por-Merito.pdf\"\r\n                                        rel=\"noopener\" target=\"_blank\"><i class=\"fas\r\n                                            fa-file-pdf fa-1x\"><\/i> Extensi\u00f3n de\r\n                                        entrega de documentos hasta el 10 de junio\r\n                                        de 2022.<\/a><\/p>\r\n                            <\/div> -->\r\n                                <!-- FINAL AVISO DE CONVOCATORIA EXTENSI\u00d3N DE ENTREGA PARA DOCUMENTOS -->\r\n\r\n                                <!-- ============================================= Button-Group-Start ================================ -->\r\n                                <div class=\"d-grid gap-2\">\r\n                                    <a class=\"btn btn-light text-left\"\r\n                                        href=\"https:\/\/www.fiscaliadecuentas.gob.pa\/wp-content\/uploads\/2024\/01\/AVISO-DE-CONVOCATORIA-006-1.pdf\"\r\n                                        role=\"button\" rel=\"noopener\" target=\"_blank\"><i class=\"fas fa-search fa-1x\"><\/i>\r\n                                        Ver\r\n                                        Aviso del Concurso\r\n                                        Abierto<\/a>\r\n                                    <!-- <a class=\"btn btn-light text-left\"\r\n                    href=\"https:\/\/www.fiscaliadecuentas.gob.pa\/wp-content\/uploads\/2022\/05\/Aviso-Fiscal-Adjunto-No.-FGC-CA-003-22.pdf\"\r\n                    role=\"button\" rel=\"noopener\" target=\"_blank\"><i\r\n                        class=\"fas fa-file-pdf fa-1x\"><\/i> Mecanismo\r\n                    para acreditar los requisitos b\u00e1sicos para\r\n                    ocupar cualquier cargo en la Fiscal\u00eda General de\r\n                    Cuentas.<\/a> -->\r\n                                    <a class=\"btn btn-light text-left\"\r\n                                        href=\"https:\/\/www.fiscaliadecuentas.gob.pa\/wp-content\/uploads\/2024\/01\/INSTRUCTIVO-006.pdf\"\r\n                                        role=\"button\" rel=\"noopener\" target=\"_blank\"><i class=\"fas fa-search fa-1x\"><\/i>\r\n                                        Ver\r\n                                        Instructivo del\r\n                                        Concurso Abierto<\/a>\r\n                                    <a class=\"btn btn-light text-left\"\r\n                                        href=\"https:\/\/www.fiscaliadecuentas.gob.pa\/wp-content\/uploads\/2024\/01\/TABLA-DE-PONDERACION-006.pdf\"\r\n                                        role=\"button\" rel=\"noopener\" target=\"_blank\"><i class=\"fas fa-search fa-1x\"><\/i>\r\n                                        Ver\r\n                                        Tabla de Ponderaci\u00f3n<\/a>\r\n                                    <a class=\"btn btn-light text-left collapsible-ca btn-results p-2\"\r\n                                        style=\"background-color: #f8f9fa;\" role=\"link\">\r\n                                        <i class=\"fas fa-search fa-1x\"><\/i>\r\n                                        Ver Resultados\r\n                                    <\/a>\r\n                                    <div class=\"content\" style=\"display: block;\">\r\n                                        <p style=\"text-align: justify\">\r\n                                            <a href=\"https:\/\/www.fiscaliadecuentas.gob.pa\/wp-content\/uploads\/2024\/04\/Resolucion-N.\u00b0-FGC-CSARH-CA-07-24-ocr.pdf\"\r\n                                                rel=\"noopener\" target=\"_blank\" role=\"link\"><i\r\n                                                    class=\"fas fa-file-pdf fa-1x\"><\/i>\r\n                                                Resoluci\u00f3n No. FGC-CSARH-CA-07-24, que declara desierto el Concurso\r\n                                                Abierto N.\u00b0\r\n                                                FGC-CA-006-24 para ocupar el cargo de Jefe de Planificaci\u00f3n.\r\n                                            <\/a>\r\n                                        <\/p>\r\n                                    <\/div>\r\n                                <\/div>\r\n                                <!-- ============================================= Button-Group-End ====================================== -->\r\n                                <!-- <button type=\"button\" class=\"collapsible-ca\" style=\"background-color: #333333;\"><i class=\"fas fa-file-pdf fa-1x\"><\/i> Resoluci\u00f3n N\u00b0.FGC-CSARH-CA-02-22<\/button>\r\n                    <div class=\"content\">\r\n                    <p style=\"text-align: justify;\"><a href=\"#\" rel=\"noopener\" target=\"_blank\"><i class=\"fas fa-file-pdf fa-1x\"><\/i> Que comunica los resultados finales del Concurso Abierto N.\u00ba FGC-CA-001-21, para cubrir la vacante absoluta del cargo de Coordinador de Cooperaci\u00f3n T\u00e9cnica de la Fiscal\u00eda General de Cuentas.<\/a><\/p>\r\n                    <\/div> -->\r\n                                <button type=\"button\" class=\"collapsible-ca\" style=\"background-color: #333333\">\r\n                                    <i class=\"fas fa-angle-double-down fa-1x\"><\/i> Base Legal\r\n                                <\/button>\r\n                                <div class=\"content\">\r\n                                    <!-- ============================================= LEGAL-BASE-START ================================ -->\r\n                                    <div class=\"d-grid gap-2\">\r\n                                        <a class=\"btn btn-light text-justify\"\r\n                                            href=\"https:\/\/www.fiscaliadecuentas.gob.pa\/wp-content\/uploads\/2021\/11\/LEY-67-DE-2008-ACTUALIZADA-AL-2020-FGC-Secretaria-General.pdf\"\r\n                                            role=\"button\" rel=\"noopener\" target=\"_blank\"><i\r\n                                                class=\"fas fa-file-pdf fa-1x\"><\/i>\r\n                                            LEY 67 de 14 de\r\n                                            noviembre de 2008. \"QUE DESARROLLA LA JURISDICCI\u00d3N DE CUENTAS\r\n                                            Y REFORMA LA LEY 32 DE 1987, ORG\u00c1NICA DE LA CONTRALOR\u00cdA\r\n                                            GENERAL DE LA REP\u00daBLICA\"\r\n                                        <\/a>\r\n                                        <a class=\"btn btn-light text-justify\"\r\n                                            href=\"https:\/\/www.fiscaliadecuentas.gob.pa\/wp-content\/uploads\/2023\/12\/Reglamento-Interno-de-la-Fiscalia-General-de-Cuentas-actualizado-a-diciembre-de-2023.pdf\"\r\n                                            role=\"link\" rel=\"noopener\" target=\"_blank\"><i\r\n                                                class=\"fas fa-file-pdf fa-1x\"><\/i>\r\n                                            Reglamento Interno de la Fiscal\u00eda\r\n                                            General de Cuentas.\r\n                                        <\/a>\r\n                                        <a class=\"btn btn-light text-justify\"\r\n                                            href=\"https:\/\/www.fiscaliadecuentas.gob.pa\/wp-content\/uploads\/2023\/11\/Resolucion-N.\u00b0-FGC-CFGC-013-23.pdf\"\r\n                                            role=\"link\" rel=\"noopener\" target=\"_blank\"><i\r\n                                                class=\"fas fa-file-pdf fa-1x\"><\/i>\r\n                                            Resoluci\u00f3n No.\r\n                                            FGC-CFGC-013-23. \"QUE DECLARA UNA VACANTE ABSOLUTA\"\r\n                                        <\/a>\r\n                                    <\/div>\r\n                                    <!-- ============================================= LEGAL-BASE-END ====================================== -->\r\n                                <\/div>\r\n                                <!-- Button trigger modal -->\r\n                                <div class=\"button-content\">\r\n                                    <button type=\"button\" class=\"btn btn-warning\" data-bs-toggle=\"modal\"\r\n                                        data-bs-target=\"#staticBackdrop-014-23\">\r\n                                        Aplicar a la Convocatoria\r\n                                    <\/button>\r\n                                <\/div>\r\n\r\n                                <!-- Modal -->\r\n                                <div class=\"modal fade\" id=\"staticBackdrop-014-23\" data-bs-backdrop=\"static\"\r\n                                    data-bs-keyboard=\"false\" tabindex=\"-1\" aria-labelledby=\"staticBackdropLabel-014-23\"\r\n                                    aria-hidden=\"true\">\r\n                                    <div class=\"modal-dialog\">\r\n                                        <div class=\"modal-content\">\r\n                                            <div class=\"modal-header\">\r\n                                                <h5 class=\"modal-title\" id=\"staticBackdropLabel-014-23\">\r\n                                                    !LO SENTIMOS\u00a1\r\n                                                <\/h5>\r\n                                                <button type=\"button\" class=\"btn-close\" data-bs-dismiss=\"modal\"\r\n                                                    aria-label=\"Close\"><\/button>\r\n                                            <\/div>\r\n                                            <div class=\"modal-body\">\r\n                                                LA CONVOCATORIA PARA EL CONCURSO ABIERTO\r\n                                                N.\u00b0 FGC-CA-006-24 \"JEFE DE PLANIFICACI\u00d3N Pos. 83\" HA FINALIZADO.\r\n\r\n                                            <\/div>\r\n                                            <div class=\"modal-footer\">\r\n                                                <button type=\"button\" class=\"btn btn-secondary\" data-bs-dismiss=\"modal\">\r\n                                                    Close\r\n                                                <\/button>\r\n                                            <\/div>\r\n                                        <\/div>\r\n                                    <\/div>\r\n                                <\/div>\r\n                                <!-- End Modal -->\r\n                                <!-- <div class=\"button-content\">\r\n                                    <a href=\"https:\/\/www.fiscaliadecuentas.gob.pa\/scmfgc\/formulario-de-aplicacion-fgc-ca-006-24-jefe-de-planificacion-pos-83\/\"\r\n                                        rel=\"noopener\" target=\"_blank\">\r\n                                        <button type=\"button\" class=\"btn-submit\">\r\n                                            Aplicar a la Convocatoria\r\n                                        <\/button>\r\n                                    <\/a>\r\n                                <\/div> -->\r\n                            <\/div>\r\n                            <!-- ##################END N.\u00b0 FGC-CA-014-23 JEFE DE PLANIFICACI\u00d3N############################### -->\r\n                            <!-- ##################START N.\u00b0 FGC-CA-015-23 JEFE DE PLANILLA############################### -->\r\n\r\n\r\n                            <!-- ##################END N.\u00b0 FGC-CA-015-23 JEFE DE PLANILLA############################### -->\r\n                        <\/div>\r\n\r\n                        <!-- Botones del previo y anterior -->\r\n                        <nav class=\"nav pt-1 flex justify-content-center\">\r\n                            <div class=\"nav nav-pills justify-content-end\" id=\"nav-tab\" role=\"tablist\">\r\n                                <button class=\"nav-link active\" id=\"nav-pnav-24-1\" data-bs-toggle=\"tab\"\r\n                                    data-bs-target=\"#pnav-24-1\" type=\"button\" role=\"tab\" aria-controls=\"pnav-24-1\"\r\n                                    aria-selected=\"true\">\r\n                                    1\r\n                                <\/button>\r\n                                <button class=\"nav-link\" id=\"nav-pnav-24-2\" data-bs-toggle=\"tab\"\r\n                                    data-bs-target=\"#pnav-24-2\" type=\"button\" role=\"tab\" aria-controls=\"pnav-24-2\"\r\n                                    aria-selected=\"false\">\r\n                                    2\r\n                                <\/button>\r\n                                <button class=\"nav-link\" id=\"nav-pnav-24-3\" data-bs-toggle=\"tab\"\r\n                                    data-bs-target=\"#pnav-24-3\" type=\"button\" role=\"tab\" aria-controls=\"pnav-24-3\"\r\n                                    aria-selected=\"false\">\r\n                                    3\r\n                                <\/button>\r\n                            <\/div>\r\n                        <\/nav>\r\n                    <\/div>\r\n                <\/div>\r\n            <\/div>\r\n\r\n\r\n            <!-- Botones del PRIMER  y SEGUNDO SEMETR 2024 -->\r\n            <nav class=\"nav pt-1 flex\">\r\n                <div class=\"nav nav-pills justify-content-end\" id=\"nav-tab\" role=\"tablist\">\r\n                    <button class=\"nav-link active\" id=\"nav-new-tab-2024\" data-bs-toggle=\"tab\"\r\n                        data-bs-target=\"#nav-new-2024\" type=\"button\" role=\"tab\" aria-controls=\"nav-new-2024\"\r\n                        aria-selected=\"true\">\r\n                        SEGUNDO SEMESTRE\r\n                    <\/button>\r\n                    <button class=\"nav-link\" id=\"nav-old-tab-2024\" data-bs-toggle=\"tab\" data-bs-target=\"#nav-old-2024\"\r\n                        type=\"button\" role=\"tab\" aria-controls=\"nav-old-2024\" aria-selected=\"false\">\r\n                        PRIMER SEMESTRE\r\n                    <\/button>\r\n                <\/div>\r\n            <\/nav>\r\n\r\n            <!--.\/END-PAGER-SECOND-SEMESTER-2024 -->\r\n        <\/div>\r\n        <!-- END-NAV-PILL-2024 -->\r\n        <!-- \/\/\/\/\/\/\/\/\/\/\/\/\/\/\/\/\/\/\/\/\/\/\/\/\/\/\/\/\/\/\/\/\/\/\/\/\/\/\/\/\/\/\/\/\/\/\/\/\/\/\/\/\/\/\/\/\/\/\/\/\/\/\/\/\/\/\/\/\/\/ -->\r\n        <!-- START-NAV-PILL-2023 -->\r\n        <div class=\"tab-pane fade show overflow-auto\" id=\"v-pills-2023\" role=\"tabpanel\"\r\n            aria-labelledby=\"v-pills-2023-tab\" tabindex=\"0\">\r\n            <div class=\"tab-content\" id=\"nav-tabContent\">\r\n                <div class=\"tab-pane fade show active\" id=\"nav-new-2023\" role=\"tabpanel\"\r\n                    aria-labelledby=\"nav-new-tab-2023\" tabindex=\"0\">\r\n\r\n                    <div class=\"tab-content\" id=\"nav-tabContent\">\r\n                        <div class=\"tab-pane fade show active\" id=\"pnav-23-1\" role=\"tabpanel\"\r\n                            aria-labelledby=\"nav-pnav-23-1\" tabindex=\"0\">\r\n\r\n                            <!-- ##################START N.\u00b0 FGC-CA-009-23 FISCAL ADJUNTO CHIRIQU\u00cd############################### -->\r\n                            <button type=\"button\" class=\"collapsible-ca\">\r\n                                <div class=\"btn-info\">\r\n                                    <div id=\"content-left\">\r\n                                        <p class=\"lh-sm\">Concurso Abierto N.\u00b0 FGC-CA-009-23<\/p>\r\n                                        <p class=\"lh-sm\">Cargo: Fiscal Adjunto (Chiriqu\u00ed) Pos.144<\/p>\r\n                                        <p class=\"lh-sm\">\r\n                                            <i class=\"fas fa-angle-double-down fa-1x\"><\/i>\r\n                                            Ver m\u00e1s informaci\u00f3n sobre este concurso\r\n                                        <\/p>\r\n                                    <\/div>\r\n                                    <div id=\"content-right\">\r\n                                        <img decoding=\"async\" src=\"https:\/\/www.fiscaliadecuentas.gob.pa\/wp-content\/uploads\/2023\/10\/Deputy-Prosecutor-C.png\"\r\n                                            class=\"image\" \/>\r\n                                    <\/div>\r\n                                <\/div>\r\n                            <\/button>\r\n                            <div class=\"content\">\r\n                                <!-- INICIO AVISO DE CONVOCATORIA EXTENSI\u00d3N DE ENTREGA PARA DOCUMENTOS -->\r\n                                <!-- <button type=\"button\" class=\"collapsible-ca\"\r\n                style=\"background-color: #333333;\"><i class=\"fas\r\n                    fa-info-circle fa-1x\"><\/i> AVISO<\/button>\r\n                            <div class=\"content\"><br>\r\n                                <p style=\"text-align: justify;\"><a\r\n                                        href=\"https:\/\/www.fiscaliadecuentas.gob.pa\/wp-content\/uploads\/2022\/05\/Extension-Carrera-por-Merito.pdf\"\r\n                                        rel=\"noopener\" target=\"_blank\"><i class=\"fas\r\n                                            fa-file-pdf fa-1x\"><\/i> Extensi\u00f3n de\r\n                                        entrega de documentos hasta el 10 de junio\r\n                                        de 2022.<\/a><\/p>\r\n                            <\/div> -->\r\n                                <!-- FINAL AVISO DE CONVOCATORIA EXTENSI\u00d3N DE ENTREGA PARA DOCUMENTOS -->\r\n\r\n                                <!-- ============================================= Button-Group-Start ================================ -->\r\n                                <div class=\"d-grid gap-2\">\r\n                                    <a class=\"btn btn-light text-left\"\r\n                                        href=\"https:\/\/www.fiscaliadecuentas.gob.pa\/wp-content\/uploads\/2023\/10\/AVISO-DE-CONVOCATORIA-N.o-FGC-CA-009-23.pdf\"\r\n                                        role=\"button\" rel=\"noopener\" target=\"_blank\"><i class=\"fas fa-search fa-1x\"><\/i>\r\n                                        Ver\r\n                                        Aviso del Concurso\r\n                                        Abierto<\/a>\r\n                                    <!-- <a class=\"btn btn-light text-left\"\r\n                    href=\"https:\/\/www.fiscaliadecuentas.gob.pa\/wp-content\/uploads\/2022\/05\/Aviso-Fiscal-Adjunto-No.-FGC-CA-003-22.pdf\"\r\n                    role=\"button\" rel=\"noopener\" target=\"_blank\"><i\r\n                        class=\"fas fa-file-pdf fa-1x\"><\/i> Mecanismo\r\n                    para acreditar los requisitos b\u00e1sicos para\r\n                    ocupar cualquier cargo en la Fiscal\u00eda General de\r\n                    Cuentas.<\/a> -->\r\n                                    <a class=\"btn btn-light text-left\"\r\n                                        href=\"https:\/\/www.fiscaliadecuentas.gob.pa\/wp-content\/uploads\/2023\/10\/INSTRUCTIVO-N.o-FGC-CA-009-23.pdf\"\r\n                                        role=\"button\" rel=\"noopener\" target=\"_blank\"><i class=\"fas fa-search fa-1x\"><\/i>\r\n                                        Ver\r\n                                        Instructivo del\r\n                                        Concurso Abierto<\/a>\r\n                                    <a class=\"btn btn-light text-left\"\r\n                                        href=\"https:\/\/www.fiscaliadecuentas.gob.pa\/wp-content\/uploads\/2023\/10\/TABLA-DE-PONDERACION-N.o-FGC-CA-009-23.pdf\"\r\n                                        role=\"button\" rel=\"noopener\" target=\"_blank\"><i class=\"fas fa-search fa-1x\"><\/i>\r\n                                        Ver\r\n                                        Tabla de Ponderaci\u00f3n\r\n                                    <\/a>\r\n                                    <a class=\"btn btn-light text-left collapsible-ca btn-results p-2\"\r\n                                        style=\"background-color: #f8f9fa;\" role=\"link\"><i\r\n                                            class=\"fas fa-search fa-1x\"><\/i>\r\n                                        Ver Resultados<\/a>\r\n                                    <div class=\"content\" style=\"display: block;\">\r\n                                        <p style=\"text-align: justify\">\r\n                                            <a href=\"https:\/\/www.fiscaliadecuentas.gob.pa\/wp-content\/uploads\/2024\/02\/Desierto-Concurso-Abierto-FGC-CA-009-23.pdf\"\r\n                                                rel=\"noopener\" target=\"_blank\" role=\"link\"><i\r\n                                                    class=\"fas fa-file-pdf fa-1x\"><\/i>\r\n                                                Resoluci\u00f3n No. FGC-CSARH-CA-03-24, que declara desierto el Concurso\r\n                                                Abierto N.\u00b0 FGC-CA-009-23 para ocupar el cargo de Fiscal Adjunto.\r\n                                            <\/a>\r\n                                        <\/p>\r\n                                    <\/div>\r\n                                <\/div>\r\n                                <!-- ============================================= Button-Group-End ====================================== -->\r\n                                <!-- <button type=\"button\" class=\"collapsible-ca\" style=\"background-color: #333333;\"><i class=\"fas fa-file-pdf fa-1x\"><\/i> Resoluci\u00f3n N\u00b0.FGC-CSARH-CA-02-22<\/button>\r\n                    <div class=\"content\">\r\n                    <p style=\"text-align: justify;\"><a href=\"#\" rel=\"noopener\" target=\"_blank\"><i class=\"fas fa-file-pdf fa-1x\"><\/i> Que comunica los resultados finales del Concurso Abierto N.\u00ba FGC-CA-001-21, para cubrir la vacante absoluta del cargo de Coordinador de Cooperaci\u00f3n T\u00e9cnica de la Fiscal\u00eda General de Cuentas.<\/a><\/p>\r\n                    <\/div> -->\r\n                                <button type=\"button\" class=\"collapsible-ca\" style=\"background-color: #333333\">\r\n                                    <i class=\"fas fa-angle-double-down fa-1x\"><\/i> Base Legal\r\n                                <\/button>\r\n                                <div class=\"content\">\r\n                                    <!-- ============================================= LEGAL-BASE-START ================================ -->\r\n                                    <div class=\"d-grid gap-2\">\r\n                                        <a class=\"btn btn-light text-justify\"\r\n                                            href=\"https:\/\/www.fiscaliadecuentas.gob.pa\/wp-content\/uploads\/2021\/11\/LEY-67-DE-2008-ACTUALIZADA-AL-2020-FGC-Secretaria-General.pdf\"\r\n                                            role=\"button\" rel=\"noopener\" target=\"_blank\"><i\r\n                                                class=\"fas fa-file-pdf fa-1x\"><\/i>\r\n                                            LEY 67 de 14 de\r\n                                            noviembre de 2008. \"QUE DESARROLLA LA JURISDICCI\u00d3N DE CUENTAS\r\n                                            Y REFORMA LA LEY 32 DE 1987, ORG\u00c1NICA DE LA CONTRALOR\u00cdA\r\n                                            GENERAL DE LA REP\u00daBLICA\"<\/a>\r\n                                        <a class=\"btn btn-light text-justify\"\r\n                                            href=\"https:\/\/www.fiscaliadecuentas.gob.pa\/wp-content\/uploads\/2021\/08\/Resolucion-N.%C2%B0-FGC-039-21-de-9-de-agosto-de-2021-QUE-APRUEBA-LA-REGLAMENTACION-DEL-ARTICULO-25-A.pdf\"\r\n                                            role=\"button\" rel=\"noopener\" target=\"_blank\"><i\r\n                                                class=\"fas fa-file-pdf fa-1x\"><\/i>\r\n                                            Resoluci\u00f3n N.\u00b0\r\n                                            FGC-039-21 de 9 de agosto de 2021. \"QUE APRUEBA LA\r\n                                            REGLAMENTACI\u00d3N DEL ARTICULO 25-A DE LA LEY 67 DE 14 DE\r\n                                            NOVIEMBRE DE 2008, POR EL CUAL SE INSTITUYE UN SISTEMA DE\r\n                                            CARRERA POR M\u00c9RITOS EN LA FISCAL\u00cdA GENERAL DE CUENTAS\"<\/a>\r\n                                        <a class=\"btn btn-light text-justify\"\r\n                                            href=\"https:\/\/www.fiscaliadecuentas.gob.pa\/wp-content\/uploads\/2022\/05\/RESOLUCION-FGC-N.\u00b0-21-22-1.pdf\"\r\n                                            role=\"button\" rel=\"noopener\" target=\"_blank\"><i\r\n                                                class=\"fas fa-file-pdf fa-1x\"><\/i>\r\n                                            Resoluci\u00f3n FGC N\u00b021-22\r\n                                            de 22 de abril de 2022. \"POR LA CUAL SE ADICIONA UN P\u00c1RRAFO AL\r\n                                            ART\u00cdCULO 13 DE LA RESOLUCI\u00d3N N\u00b0FGC-039-21 DE 9 DE AGOSTO DE\r\n                                            2021, QUE APRUEBA LA REGLAMENTACI\u00d3N DEL ART\u00cdCULO 25-A DE LA\r\n                                            LEY 67 DE 14 DE NOVIEMBRE DE 2008, POR EL CUAL SE INSTITUYE UN\r\n                                            SISTEMA DE CARRERA POR M\u00c9RITOS EN LA FISCAL\u00cdA GENERAL DE\r\n                                            CUENTAS.\"<\/a>\r\n                                        <a class=\"btn btn-light text-justify\"\r\n                                            href=\"https:\/\/www.fiscaliadecuentas.gob.pa\/wp-content\/uploads\/2023\/12\/Reglamento-Interno-de-la-Fiscalia-General-de-Cuentas-actualizado-a-diciembre-de-2023.pdf\"\r\n                                            role=\"link\" rel=\"noopener\" target=\"_blank\"><i\r\n                                                class=\"fas fa-file-pdf fa-1x\"><\/i>\r\n                                            Reglamento Interno de la Fiscal\u00eda General de Cuentas.\r\n                                        <\/a>\r\n                                        <a class=\"btn btn-light text-justify\"\r\n                                            href=\"https:\/\/www.fiscaliadecuentas.gob.pa\/wp-content\/uploads\/2023\/11\/Resolucion-N.\u00b0-FGC-CFGC-009-23.pdf\"\r\n                                            role=\"button\" rel=\"noopener\" target=\"_blank\"><i\r\n                                                class=\"fas fa-file-pdf fa-1x\"><\/i>\r\n                                            Resoluci\u00f3n No.\r\n                                            FGC-CFGC-009-23. \"QUE DECLARA UNA VACANTE ABSOLUTA\"<\/a>\r\n                                    <\/div>\r\n                                    <!-- ============================================= LEGAL-BASE-END ====================================== -->\r\n                                <\/div>\r\n                                <!-- Button trigger modal -->\r\n                                <div class=\"button-content\">\r\n                                    <button type=\"button\" class=\"btn btn-warning\" data-bs-toggle=\"modal\"\r\n                                        data-bs-target=\"#staticBackdrop-009-23\">\r\n                                        Aplicar a la Convocatoria\r\n                                    <\/button>\r\n                                <\/div>\r\n\r\n                                <!-- Modal -->\r\n                                <div class=\"modal fade\" id=\"staticBackdrop-009-23\" data-bs-backdrop=\"static\"\r\n                                    data-bs-keyboard=\"false\" tabindex=\"-1\" aria-labelledby=\"staticBackdropLabel-009-23\"\r\n                                    aria-hidden=\"true\">\r\n                                    <div class=\"modal-dialog\">\r\n                                        <div class=\"modal-content\">\r\n                                            <div class=\"modal-header\">\r\n                                                <h5 class=\"modal-title\" id=\"staticBackdropLabel-009-23\">\r\n                                                    !LO SENTIMOS\u00a1\r\n                                                <\/h5>\r\n                                                <button type=\"button\" class=\"btn-close\" data-bs-dismiss=\"modal\"\r\n                                                    aria-label=\"Close\"><\/button>\r\n                                            <\/div>\r\n                                            <div class=\"modal-body\">\r\n                                                LA CONVOCATORIA PARA EL CONCURSO ABIERTO\r\n                                                N.\u00b0 FGC-CA-009-23 \"ASISTENTE OPERATIVO JUR\u00cdDICO Pos. 76\" NO HA INICIADO.\r\n\r\n                                            <\/div>\r\n                                            <div class=\"modal-footer\">\r\n                                                <button type=\"button\" class=\"btn btn-secondary\" data-bs-dismiss=\"modal\">\r\n                                                    Close\r\n                                                <\/button>\r\n                                            <\/div>\r\n                                        <\/div>\r\n                                    <\/div>\r\n                                <\/div>\r\n                                <!-- End Modal -->\r\n                                <!-- <div class=\"button-content\"><a\r\n                        href=\"https:\/\/www.fiscaliadecuentas.gob.pa\/scmfgc\/formulario-de-aplicacion-fgc-ca-009-23-fiscal-adjunto-chiriqui\/\"\r\n                        rel=\"noopener\" target=\"_blank\"><button type=\"button\" class=\"btn-submit\">Aplicar a la\r\n                            Convocatoria<\/button><\/a><\/div> -->\r\n                            <\/div>\r\n                            <!-- ##################END N.\u00b0 FGC-CA-009-23 FISCAL ADJUNTO CHIRIQU\u00cd############################### -->\r\n                            <!-- ##################START N.\u00b0 FGC-CA-010-23 FISCAL ADJUNTO PANAM\u00c1############################### -->\r\n                            <button type=\"button\" class=\"collapsible-ca\">\r\n                                <div class=\"btn-info\">\r\n                                    <div id=\"content-left\">\r\n                                        <p class=\"lh-sm\">Concurso Abierto N.\u00b0 FGC-CA-010-23<\/p>\r\n                                        <p class=\"lh-sm\">Cargo: Fiscal Adjunto (Panam\u00e1) Pos.127<\/p>\r\n                                        <p class=\"lh-sm\">\r\n                                            <i class=\"fas fa-angle-double-down fa-1x\"><\/i>\r\n                                            Ver m\u00e1s informaci\u00f3n sobre este concurso\r\n                                        <\/p>\r\n                                    <\/div>\r\n                                    <div id=\"content-right\">\r\n                                        <img decoding=\"async\" src=\"https:\/\/www.fiscaliadecuentas.gob.pa\/wp-content\/uploads\/2023\/10\/Deputy-Prosecutor-C.png\"\r\n                                            class=\"image\" \/>\r\n                                    <\/div>\r\n                                <\/div>\r\n                            <\/button>\r\n                            <div class=\"content\">\r\n                                <!-- INICIO AVISO DE CONVOCATORIA EXTENSI\u00d3N DE ENTREGA PARA DOCUMENTOS -->\r\n                                <!-- <button type=\"button\" class=\"collapsible-ca\"\r\n                style=\"background-color: #333333;\"><i class=\"fas\r\n                    fa-info-circle fa-1x\"><\/i> AVISO<\/button>\r\n                            <div class=\"content\"><br>\r\n                                <p style=\"text-align: justify;\"><a\r\n                                        href=\"https:\/\/www.fiscaliadecuentas.gob.pa\/wp-content\/uploads\/2022\/05\/Extension-Carrera-por-Merito.pdf\"\r\n                                        rel=\"noopener\" target=\"_blank\"><i class=\"fas\r\n                                            fa-file-pdf fa-1x\"><\/i> Extensi\u00f3n de\r\n                                        entrega de documentos hasta el 10 de junio\r\n                                        de 2022.<\/a><\/p>\r\n                            <\/div> -->\r\n                                <!-- FINAL AVISO DE CONVOCATORIA EXTENSI\u00d3N DE ENTREGA PARA DOCUMENTOS -->\r\n\r\n                                <!-- ============================================= Button-Group-Start ================================ -->\r\n                                <div class=\"d-grid gap-2\">\r\n                                    <a class=\"btn btn-light text-left\"\r\n                                        href=\"https:\/\/www.fiscaliadecuentas.gob.pa\/wp-content\/uploads\/2023\/10\/AVISO-DE-CONVOCATORIA-N.o-FGC-CA-010-23.pdf\"\r\n                                        role=\"button\" rel=\"noopener\" target=\"_blank\"><i class=\"fas fa-search fa-1x\"><\/i>\r\n                                        Ver\r\n                                        Aviso del Concurso\r\n                                        Abierto<\/a>\r\n                                    <!-- <a class=\"btn btn-light text-left\"\r\n                    href=\"https:\/\/www.fiscaliadecuentas.gob.pa\/wp-content\/uploads\/2022\/05\/Aviso-Fiscal-Adjunto-No.-FGC-CA-003-22.pdf\"\r\n                    role=\"button\" rel=\"noopener\" target=\"_blank\"><i\r\n                        class=\"fas fa-file-pdf fa-1x\"><\/i> Mecanismo\r\n                    para acreditar los requisitos b\u00e1sicos para\r\n                    ocupar cualquier cargo en la Fiscal\u00eda General de\r\n                    Cuentas.<\/a> -->\r\n                                    <a class=\"btn btn-light text-left\"\r\n                                        href=\"https:\/\/www.fiscaliadecuentas.gob.pa\/wp-content\/uploads\/2023\/10\/INSTRUCTIVO-N.o-FGC-CA-010-23.pdf\"\r\n                                        role=\"button\" rel=\"noopener\" target=\"_blank\"><i class=\"fas fa-search fa-1x\"><\/i>\r\n                                        Ver\r\n                                        Instructivo del\r\n                                        Concurso Abierto<\/a>\r\n                                    <a class=\"btn btn-light text-left\"\r\n                                        href=\"https:\/\/www.fiscaliadecuentas.gob.pa\/wp-content\/uploads\/2023\/10\/TABLA-DE-PONDERACION-N.o-FGC-CA-010-23.pdf\"\r\n                                        role=\"button\" rel=\"noopener\" target=\"_blank\"><i class=\"fas fa-search fa-1x\"><\/i>\r\n                                        Ver\r\n                                        Tabla de Ponderaci\u00f3n<\/a>\r\n                                    <a class=\"btn btn-light text-left collapsible-ca btn-results p-2\"\r\n                                        style=\"background-color: #f8f9fa;\" role=\"link\"><i\r\n                                            class=\"fas fa-search fa-1x\"><\/i>\r\n                                        Ver Resultados<\/a>\r\n                                    <div class=\"content\" style=\"display: block;\">\r\n                                        <p style=\"text-align: justify\">\r\n                                            <a href=\"https:\/\/www.fiscaliadecuentas.gob.pa\/wp-content\/uploads\/2024\/02\/Desierto-Concurso-Abierto-FGC-CA-010-23.pdf\"\r\n                                                rel=\"noopener\" target=\"_blank\" role=\"link\"><i\r\n                                                    class=\"fas fa-file-pdf fa-1x\"><\/i>\r\n                                                Resoluci\u00f3n No. FGC-CSARH-CA-04-24, que declara desierto el Concurso\r\n                                                Abierto N.\u00b0 FGC-CA-010-23 para ocupar el cargo de Fiscal Adjunto.\r\n                                            <\/a>\r\n                                        <\/p>\r\n                                    <\/div>\r\n                                <\/div>\r\n                                <!-- ============================================= Button-Group-End ====================================== -->\r\n                                <!-- <button type=\"button\" class=\"collapsible-ca\" style=\"background-color: #333333;\"><i class=\"fas fa-file-pdf fa-1x\"><\/i> Resoluci\u00f3n N\u00b0.FGC-CSARH-CA-02-22<\/button>\r\n                    <div class=\"content\">\r\n                    <p style=\"text-align: justify;\"><a href=\"#\" rel=\"noopener\" target=\"_blank\"><i class=\"fas fa-file-pdf fa-1x\"><\/i> Que comunica los resultados finales del Concurso Abierto N.\u00ba FGC-CA-001-21, para cubrir la vacante absoluta del cargo de Coordinador de Cooperaci\u00f3n T\u00e9cnica de la Fiscal\u00eda General de Cuentas.<\/a><\/p>\r\n                    <\/div> -->\r\n                                <button type=\"button\" class=\"collapsible-ca\" style=\"background-color: #333333\">\r\n                                    <i class=\"fas fa-angle-double-down fa-1x\"><\/i> Base Legal\r\n                                <\/button>\r\n                                <div class=\"content\">\r\n                                    <!-- ============================================= LEGAL-BASE-START ================================ -->\r\n                                    <div class=\"d-grid gap-2\">\r\n                                        <a class=\"btn btn-light text-justify\"\r\n                                            href=\"https:\/\/www.fiscaliadecuentas.gob.pa\/wp-content\/uploads\/2021\/11\/LEY-67-DE-2008-ACTUALIZADA-AL-2020-FGC-Secretaria-General.pdf\"\r\n                                            role=\"button\" rel=\"noopener\" target=\"_blank\"><i\r\n                                                class=\"fas fa-file-pdf fa-1x\"><\/i>\r\n                                            LEY 67 de 14 de\r\n                                            noviembre de 2008. \"QUE DESARROLLA LA JURISDICCI\u00d3N DE CUENTAS\r\n                                            Y REFORMA LA LEY 32 DE 1987, ORG\u00c1NICA DE LA CONTRALOR\u00cdA\r\n                                            GENERAL DE LA REP\u00daBLICA\"<\/a>\r\n                                        <a class=\"btn btn-light text-justify\"\r\n                                            href=\"https:\/\/www.fiscaliadecuentas.gob.pa\/wp-content\/uploads\/2021\/08\/Resolucion-N.%C2%B0-FGC-039-21-de-9-de-agosto-de-2021-QUE-APRUEBA-LA-REGLAMENTACION-DEL-ARTICULO-25-A.pdf\"\r\n                                            role=\"button\" rel=\"noopener\" target=\"_blank\"><i\r\n                                                class=\"fas fa-file-pdf fa-1x\"><\/i>\r\n                                            Resoluci\u00f3n N.\u00b0\r\n                                            FGC-039-21 de 9 de agosto de 2021. \"QUE APRUEBA LA\r\n                                            REGLAMENTACI\u00d3N DEL ARTICULO 25-A DE LA LEY 67 DE 14 DE\r\n                                            NOVIEMBRE DE 2008, POR EL CUAL SE INSTITUYE UN SISTEMA DE\r\n                                            CARRERA POR M\u00c9RITOS EN LA FISCAL\u00cdA GENERAL DE CUENTAS\"<\/a>\r\n                                        <a class=\"btn btn-light text-justify\"\r\n                                            href=\"https:\/\/www.fiscaliadecuentas.gob.pa\/wp-content\/uploads\/2022\/05\/RESOLUCION-FGC-N.\u00b0-21-22-1.pdf\"\r\n                                            role=\"button\" rel=\"noopener\" target=\"_blank\"><i\r\n                                                class=\"fas fa-file-pdf fa-1x\"><\/i>\r\n                                            Resoluci\u00f3n FGC N\u00b021-22\r\n                                            de 22 de abril de 2022. \"POR LA CUAL SE ADICIONA UN P\u00c1RRAFO AL\r\n                                            ART\u00cdCULO 13 DE LA RESOLUCI\u00d3N N\u00b0FGC-039-21 DE 9 DE AGOSTO DE\r\n                                            2021, QUE APRUEBA LA REGLAMENTACI\u00d3N DEL ART\u00cdCULO 25-A DE LA\r\n                                            LEY 67 DE 14 DE NOVIEMBRE DE 2008, POR EL CUAL SE INSTITUYE UN\r\n                                            SISTEMA DE CARRERA POR M\u00c9RITOS EN LA FISCAL\u00cdA GENERAL DE\r\n                                            CUENTAS.\"<\/a>\r\n                                        <a class=\"btn btn-light text-justify\"\r\n                                            href=\"https:\/\/www.fiscaliadecuentas.gob.pa\/wp-content\/uploads\/2023\/12\/Reglamento-Interno-de-la-Fiscalia-General-de-Cuentas-actualizado-a-diciembre-de-2023.pdf\"\r\n                                            role=\"link\" rel=\"noopener\" target=\"_blank\"><i\r\n                                                class=\"fas fa-file-pdf fa-1x\"><\/i>\r\n                                            Reglamento Interno de la Fiscal\u00eda General de Cuentas.\r\n                                        <\/a>\r\n                                        <a class=\"btn btn-light text-justify\"\r\n                                            href=\"https:\/\/www.fiscaliadecuentas.gob.pa\/wp-content\/uploads\/2023\/11\/Resolucion-N.\u00b0-FGC-CFGC-015-23.pdf\"\r\n                                            role=\"button\" rel=\"noopener\" target=\"_blank\"><i\r\n                                                class=\"fas fa-file-pdf fa-1x\"><\/i>\r\n                                            Resoluci\u00f3n No.\r\n                                            FGC-CFGC-010-23. \"QUE DECLARA UNA VACANTE ABSOLUTA\"<\/a>\r\n                                    <\/div>\r\n                                    <!-- ============================================= LEGAL-BASE-END ====================================== -->\r\n                                <\/div>\r\n                                <!-- Button trigger modal -->\r\n                                <div class=\"button-content\">\r\n                                    <button type=\"button\" class=\"btn btn-warning\" data-bs-toggle=\"modal\"\r\n                                        data-bs-target=\"#staticBackdrop-010-23\">\r\n                                        Aplicar a la Convocatoria\r\n                                    <\/button>\r\n                                <\/div>\r\n\r\n                                <!-- Modal -->\r\n                                <div class=\"modal fade\" id=\"staticBackdrop-010-23\" data-bs-backdrop=\"static\"\r\n                                    data-bs-keyboard=\"false\" tabindex=\"-1\" aria-labelledby=\"staticBackdropLabel-010-23\"\r\n                                    aria-hidden=\"true\">\r\n                                    <div class=\"modal-dialog\">\r\n                                        <div class=\"modal-content\">\r\n                                            <div class=\"modal-header\">\r\n                                                <h5 class=\"modal-title\" id=\"staticBackdropLabel-010-23\">\r\n                                                    !LO SENTIMOS\u00a1\r\n                                                <\/h5>\r\n                                                <button type=\"button\" class=\"btn-close\" data-bs-dismiss=\"modal\"\r\n                                                    aria-label=\"Close\"><\/button>\r\n                                            <\/div>\r\n                                            <div class=\"modal-body\">\r\n                                                LA CONVOCATORIA PARA EL CONCURSO ABIERTO\r\n                                                N.\u00b0 FGC-CA-010-23 \"FISCAL ADJUNTO Pos.127\" NO HA INICIADO.\r\n\r\n                                            <\/div>\r\n                                            <div class=\"modal-footer\">\r\n                                                <button type=\"button\" class=\"btn btn-secondary\" data-bs-dismiss=\"modal\">\r\n                                                    Close\r\n                                                <\/button>\r\n                                            <\/div>\r\n                                        <\/div>\r\n                                    <\/div>\r\n                                <\/div>\r\n                                <!-- End Modal -->\r\n                                <!-- <div class=\"button-content\"><a\r\n                        href=\"https:\/\/www.fiscaliadecuentas.gob.pa\/scmfgc\/formulario-de-aplicacion-fgc-ca-010-23-fiscal-adjunto-panama\/\"\r\n                        rel=\"noopener\" target=\"_blank\"><button type=\"button\" class=\"btn-submit\">Aplicar a la\r\n                            Convocatoria<\/button><\/a><\/div> -->\r\n                            <\/div>\r\n                            <!-- ##################END N.\u00b0 FGC-CA-010-23 FISCAL ADJUNTO PANAM\u00c1############################### -->\r\n                            <!-- ##################START N.\u00b0 FGC-CA-011-23 CONDUCTOR DE VEH\u00cdCULO############################### -->\r\n                            <button type=\"button\" class=\"collapsible-ca\">\r\n                                <div class=\"btn-info\">\r\n                                    <div id=\"content-left\">\r\n                                        <p class=\"lh-sm\">Concurso Abierto N.\u00b0 FGC-CA-011-23<\/p>\r\n                                        <p class=\"lh-sm\">Cargo: Conductor de Veh\u00edculo Pos. 58<\/p>\r\n                                        <p class=\"lh-sm\">\r\n                                            <i class=\"fas fa-angle-double-down fa-1x\"><\/i>\r\n                                            Ver m\u00e1s informaci\u00f3n sobre este concurso\r\n                                        <\/p>\r\n                                    <\/div>\r\n                                    <div id=\"content-right\">\r\n                                        <img decoding=\"async\" src=\"https:\/\/www.fiscaliadecuentas.gob.pa\/wp-content\/uploads\/2023\/10\/Vehicle-Driver.png\"\r\n                                            class=\"image\" \/>\r\n                                    <\/div>\r\n                                <\/div>\r\n                            <\/button>\r\n                            <div class=\"content\">\r\n                                <!-- INICIO AVISO DE CONVOCATORIA EXTENSI\u00d3N DE ENTREGA PARA DOCUMENTOS -->\r\n                                <!-- <button type=\"button\" class=\"collapsible-ca\"\r\n                style=\"background-color: #333333;\"><i class=\"fas\r\n                    fa-info-circle fa-1x\"><\/i> AVISO<\/button>\r\n                            <div class=\"content\"><br>\r\n                                <p style=\"text-align: justify;\"><a\r\n                                        href=\"https:\/\/www.fiscaliadecuentas.gob.pa\/wp-content\/uploads\/2022\/05\/Extension-Carrera-por-Merito.pdf\"\r\n                                        rel=\"noopener\" target=\"_blank\"><i class=\"fas\r\n                                            fa-file-pdf fa-1x\"><\/i> Extensi\u00f3n de\r\n                                        entrega de documentos hasta el 10 de junio\r\n                                        de 2022.<\/a><\/p>\r\n                            <\/div> -->\r\n                                <!-- FINAL AVISO DE CONVOCATORIA EXTENSI\u00d3N DE ENTREGA PARA DOCUMENTOS -->\r\n\r\n                                <!-- ============================================= Button-Group-Start ================================ -->\r\n                                <div class=\"d-grid gap-2\">\r\n                                    <a class=\"btn btn-light text-left\"\r\n                                        href=\"https:\/\/www.fiscaliadecuentas.gob.pa\/wp-content\/uploads\/2023\/10\/AVISO-DE-CONVOCATORIA-N.o-FGC-CA-011-23.pdf\"\r\n                                        role=\"button\" rel=\"noopener\" target=\"_blank\"><i class=\"fas fa-search fa-1x\"><\/i>\r\n                                        Ver\r\n                                        Aviso del Concurso\r\n                                        Abierto<\/a>\r\n                                    <!-- <a class=\"btn btn-light text-left\"\r\n                    href=\"https:\/\/www.fiscaliadecuentas.gob.pa\/wp-content\/uploads\/2022\/05\/Aviso-Fiscal-Adjunto-No.-FGC-CA-003-22.pdf\"\r\n                    role=\"button\" rel=\"noopener\" target=\"_blank\"><i\r\n                        class=\"fas fa-file-pdf fa-1x\"><\/i> Mecanismo\r\n                    para acreditar los requisitos b\u00e1sicos para\r\n                    ocupar cualquier cargo en la Fiscal\u00eda General de\r\n                    Cuentas.<\/a> -->\r\n                                    <a class=\"btn btn-light text-left\"\r\n                                        href=\"https:\/\/www.fiscaliadecuentas.gob.pa\/wp-content\/uploads\/2023\/10\/INSTRUCTIVO-N.o-FGC-CA-011-23.pdf\"\r\n                                        role=\"button\" rel=\"noopener\" target=\"_blank\"><i class=\"fas fa-search fa-1x\"><\/i>\r\n                                        Ver\r\n                                        Instructivo del\r\n                                        Concurso Abierto<\/a>\r\n                                    <a class=\"btn btn-light text-left\"\r\n                                        href=\"https:\/\/www.fiscaliadecuentas.gob.pa\/wp-content\/uploads\/2023\/10\/TABLA-DE-PONDERACION-N.o-FGC-CA-011-23.pdf\"\r\n                                        role=\"button\" rel=\"noopener\" target=\"_blank\"><i class=\"fas fa-search fa-1x\"><\/i>\r\n                                        Ver\r\n                                        Tabla de Ponderaci\u00f3n\r\n                                    <\/a>\r\n                                    <a class=\"btn btn-light text-left collapsible-ca btn-results p-2\"\r\n                                        style=\"background-color: #f8f9fa;\" role=\"link\"><i\r\n                                            class=\"fas fa-search fa-1x\"><\/i>\r\n                                        Ver Resultados\r\n                                    <\/a>\r\n                                    <div class=\"content\" style=\"display: block;\">\r\n                                        <p style=\"text-align: justify\">\r\n                                            <a href=\"https:\/\/www.fiscaliadecuentas.gob.pa\/wp-content\/uploads\/2024\/01\/Resolucion-N.-FGC-CSARH-CA-01-24.pdf\"\r\n                                                rel=\"noopener\" target=\"_blank\" role=\"link\"><i\r\n                                                    class=\"fas fa-file-pdf fa-1x\"><\/i>\r\n                                                Resoluci\u00f3n No. FGC-CSARH-CA-01-24, que declara desierto el Concurso\r\n                                                Abierto N.\u00b0 FGC-CA-011-23 para ocupar el cargo de Conductor de Veh\u00edculo\r\n                                                I.\r\n                                            <\/a>\r\n                                        <\/p>\r\n                                    <\/div>\r\n                                <\/div>\r\n                                <!-- ============================================= Button-Group-End ====================================== -->\r\n                                <!-- <button type=\"button\" class=\"collapsible-ca\" style=\"background-color: #333333;\"><i class=\"fas fa-file-pdf fa-1x\"><\/i> Resoluci\u00f3n N\u00b0.FGC-CSARH-CA-02-22<\/button>\r\n                    <div class=\"content\">\r\n                    <p style=\"text-align: justify;\"><a href=\"#\" rel=\"noopener\" target=\"_blank\"><i class=\"fas fa-file-pdf fa-1x\"><\/i> Que comunica los resultados finales del Concurso Abierto N.\u00ba FGC-CA-001-21, para cubrir la vacante absoluta del cargo de Coordinador de Cooperaci\u00f3n T\u00e9cnica de la Fiscal\u00eda General de Cuentas.<\/a><\/p>\r\n                    <\/div> -->\r\n                                <button type=\"button\" class=\"collapsible-ca\" style=\"background-color: #333333\">\r\n                                    <i class=\"fas fa-angle-double-down fa-1x\"><\/i> Base Legal\r\n                                <\/button>\r\n                                <div class=\"content\">\r\n                                    <!-- ============================================= LEGAL-BASE-START ================================ -->\r\n                                    <div class=\"d-grid gap-2\">\r\n                                        <a class=\"btn btn-light text-justify\"\r\n                                            href=\"https:\/\/www.fiscaliadecuentas.gob.pa\/wp-content\/uploads\/2021\/11\/LEY-67-DE-2008-ACTUALIZADA-AL-2020-FGC-Secretaria-General.pdf\"\r\n                                            role=\"button\" rel=\"noopener\" target=\"_blank\"><i\r\n                                                class=\"fas fa-file-pdf fa-1x\"><\/i>\r\n                                            LEY 67 de 14 de\r\n                                            noviembre de 2008. \"QUE DESARROLLA LA JURISDICCI\u00d3N DE CUENTAS\r\n                                            Y REFORMA LA LEY 32 DE 1987, ORG\u00c1NICA DE LA CONTRALOR\u00cdA\r\n                                            GENERAL DE LA REP\u00daBLICA\"<\/a>\r\n                                        <a class=\"btn btn-light text-justify\"\r\n                                            href=\"https:\/\/www.fiscaliadecuentas.gob.pa\/wp-content\/uploads\/2021\/08\/Resolucion-N.%C2%B0-FGC-039-21-de-9-de-agosto-de-2021-QUE-APRUEBA-LA-REGLAMENTACION-DEL-ARTICULO-25-A.pdf\"\r\n                                            role=\"button\" rel=\"noopener\" target=\"_blank\"><i\r\n                                                class=\"fas fa-file-pdf fa-1x\"><\/i>\r\n                                            Resoluci\u00f3n N.\u00b0\r\n                                            FGC-039-21 de 9 de agosto de 2021. \"QUE APRUEBA LA\r\n                                            REGLAMENTACI\u00d3N DEL ARTICULO 25-A DE LA LEY 67 DE 14 DE\r\n                                            NOVIEMBRE DE 2008, POR EL CUAL SE INSTITUYE UN SISTEMA DE\r\n                                            CARRERA POR M\u00c9RITOS EN LA FISCAL\u00cdA GENERAL DE CUENTAS\"<\/a>\r\n                                        <a class=\"btn btn-light text-justify\"\r\n                                            href=\"https:\/\/www.fiscaliadecuentas.gob.pa\/wp-content\/uploads\/2022\/05\/RESOLUCION-FGC-N.\u00b0-21-22-1.pdf\"\r\n                                            role=\"button\" rel=\"noopener\" target=\"_blank\"><i\r\n                                                class=\"fas fa-file-pdf fa-1x\"><\/i>\r\n                                            Resoluci\u00f3n FGC N\u00b021-22\r\n                                            de 22 de abril de 2022. \"POR LA CUAL SE ADICIONA UN P\u00c1RRAFO AL\r\n                                            ART\u00cdCULO 13 DE LA RESOLUCI\u00d3N N\u00b0FGC-039-21 DE 9 DE AGOSTO DE\r\n                                            2021, QUE APRUEBA LA REGLAMENTACI\u00d3N DEL ART\u00cdCULO 25-A DE LA\r\n                                            LEY 67 DE 14 DE NOVIEMBRE DE 2008, POR EL CUAL SE INSTITUYE UN\r\n                                            SISTEMA DE CARRERA POR M\u00c9RITOS EN LA FISCAL\u00cdA GENERAL DE\r\n                                            CUENTAS.\"<\/a>\r\n                                        <a class=\"btn btn-light text-justify\"\r\n                                            href=\"https:\/\/www.fiscaliadecuentas.gob.pa\/wp-content\/uploads\/2023\/12\/Reglamento-Interno-de-la-Fiscalia-General-de-Cuentas-actualizado-a-diciembre-de-2023.pdf\"\r\n                                            role=\"link\" rel=\"noopener\" target=\"_blank\"><i\r\n                                                class=\"fas fa-file-pdf fa-1x\"><\/i>\r\n                                            Reglamento Interno de la Fiscal\u00eda General de Cuentas.\r\n                                        <\/a>\r\n                                        <a class=\"btn btn-light text-justify\"\r\n                                            href=\"https:\/\/www.fiscaliadecuentas.gob.pa\/wp-content\/uploads\/2023\/11\/Resolucion-N.\u00b0-FGC-CFGC-010-23.pdf\"\r\n                                            role=\"button\" rel=\"noopener\" target=\"_blank\"><i\r\n                                                class=\"fas fa-file-pdf fa-1x\"><\/i>\r\n                                            Resoluci\u00f3n No.\r\n                                            FGC-CFGC-011-23. \"QUE DECLARA UNA VACANTE ABSOLUTA\"<\/a>\r\n                                    <\/div>\r\n                                    <!-- ============================================= LEGAL-BASE-END ====================================== -->\r\n                                <\/div>\r\n                                <!-- Button trigger modal -->\r\n                                <div class=\"button-content\">\r\n                                    <button type=\"button\" class=\"btn btn-warning\" data-bs-toggle=\"modal\"\r\n                                        data-bs-target=\"#staticBackdrop-011-23\">\r\n                                        Aplicar a la Convocatoria\r\n                                    <\/button>\r\n                                <\/div>\r\n\r\n                                <!-- Modal -->\r\n                                <div class=\"modal fade\" id=\"staticBackdrop-011-23\" data-bs-backdrop=\"static\"\r\n                                    data-bs-keyboard=\"false\" tabindex=\"-1\" aria-labelledby=\"staticBackdropLabel-011-23\"\r\n                                    aria-hidden=\"true\">\r\n                                    <div class=\"modal-dialog\">\r\n                                        <div class=\"modal-content\">\r\n                                            <div class=\"modal-header\">\r\n                                                <h5 class=\"modal-title\" id=\"staticBackdropLabel-011-23\">\r\n                                                    !LO SENTIMOS\u00a1\r\n                                                <\/h5>\r\n                                                <button type=\"button\" class=\"btn-close\" data-bs-dismiss=\"modal\"\r\n                                                    aria-label=\"Close\"><\/button>\r\n                                            <\/div>\r\n                                            <div class=\"modal-body\">\r\n                                                LA CONVOCATORIA PARA EL CONCURSO ABIERTO\r\n                                                N.\u00b0 FGC-CA-011-23 \"CONDUCTOR DE VEH\u00cdCULO Pos. 58\" NO HA INICIADO.\r\n\r\n                                            <\/div>\r\n                                            <div class=\"modal-footer\">\r\n                                                <button type=\"button\" class=\"btn btn-secondary\" data-bs-dismiss=\"modal\">\r\n                                                    Close\r\n                                                <\/button>\r\n                                            <\/div>\r\n                                        <\/div>\r\n                                    <\/div>\r\n                                <\/div>\r\n                                <!-- End Modal -->\r\n                                <!-- <div class=\"button-content\"><a\r\n                        href=\"https:\/\/www.fiscaliadecuentas.gob.pa\/scmfgc\/formulario-de-aplicacion-fgc-ca-011-23-conductor-de-vehiculo\/\"\r\n                        rel=\"noopener\" target=\"_blank\"><button type=\"button\" class=\"btn-submit\">Aplicar a la\r\n                            Convocatoria<\/button><\/a><\/div> -->\r\n                            <\/div>\r\n                            <!-- ##################END N.\u00b0 FGC-CA-011-23 CONDUCTOR DE VEH\u00cdCULO############################### -->\r\n                            <!-- ##################START N.\u00b0 FGC-CA-012-23 ANALISTA DE COMPRAS############################### -->\r\n                            <button type=\"button\" class=\"collapsible-ca\">\r\n                                <div class=\"btn-info\">\r\n                                    <div id=\"content-left\">\r\n                                        <p class=\"lh-sm\">Concurso Abierto N.\u00b0 FGC-CA-012-23<\/p>\r\n                                        <p class=\"lh-sm\">Cargo: Analista de Compras Pos.165<\/p>\r\n                                        <p class=\"lh-sm\">\r\n                                            <i class=\"fas fa-angle-double-down fa-1x\"><\/i>\r\n                                            Ver m\u00e1s informaci\u00f3n sobre este concurso\r\n                                        <\/p>\r\n                                    <\/div>\r\n                                    <div id=\"content-right\">\r\n                                        <img decoding=\"async\" src=\"https:\/\/www.fiscaliadecuentas.gob.pa\/wp-content\/uploads\/2023\/10\/Shopping-Analyst.png\"\r\n                                            class=\"image\" \/>\r\n                                    <\/div>\r\n                                <\/div>\r\n                            <\/button>\r\n                            <div class=\"content\">\r\n                                <!-- INICIO AVISO DE CONVOCATORIA EXTENSI\u00d3N DE ENTREGA PARA DOCUMENTOS -->\r\n                                <!-- <button type=\"button\" class=\"collapsible-ca\"\r\n                style=\"background-color: #333333;\"><i class=\"fas\r\n                    fa-info-circle fa-1x\"><\/i> AVISO<\/button>\r\n                            <div class=\"content\"><br>\r\n                                <p style=\"text-align: justify;\"><a\r\n                                        href=\"https:\/\/www.fiscaliadecuentas.gob.pa\/wp-content\/uploads\/2022\/05\/Extension-Carrera-por-Merito.pdf\"\r\n                                        rel=\"noopener\" target=\"_blank\"><i class=\"fas\r\n                                            fa-file-pdf fa-1x\"><\/i> Extensi\u00f3n de\r\n                                        entrega de documentos hasta el 10 de junio\r\n                                        de 2022.<\/a><\/p>\r\n                            <\/div> -->\r\n                                <!-- FINAL AVISO DE CONVOCATORIA EXTENSI\u00d3N DE ENTREGA PARA DOCUMENTOS -->\r\n\r\n                                <!-- ============================================= Button-Group-Start ================================ -->\r\n                                <div class=\"d-grid gap-2\">\r\n                                    <a class=\"btn btn-light text-left\"\r\n                                        href=\"https:\/\/www.fiscaliadecuentas.gob.pa\/wp-content\/uploads\/2023\/10\/AVISO-DE-CONVOCATORIA-N.o-FGC-CA-012-23.pdf\"\r\n                                        role=\"button\" rel=\"noopener\" target=\"_blank\"><i class=\"fas fa-search fa-1x\"><\/i>\r\n                                        Ver\r\n                                        Aviso del Concurso\r\n                                        Abierto<\/a>\r\n                                    <!-- <a class=\"btn btn-light text-left\"\r\n                    href=\"https:\/\/www.fiscaliadecuentas.gob.pa\/wp-content\/uploads\/2022\/05\/Aviso-Fiscal-Adjunto-No.-FGC-CA-003-22.pdf\"\r\n                    role=\"button\" rel=\"noopener\" target=\"_blank\"><i\r\n                        class=\"fas fa-file-pdf fa-1x\"><\/i> Mecanismo\r\n                    para acreditar los requisitos b\u00e1sicos para\r\n                    ocupar cualquier cargo en la Fiscal\u00eda General de\r\n                    Cuentas.<\/a> -->\r\n                                    <a class=\"btn btn-light text-left\"\r\n                                        href=\"https:\/\/www.fiscaliadecuentas.gob.pa\/wp-content\/uploads\/2023\/10\/INSTRUCTIVO-N.o-FGC-CA-012-23.pdf\"\r\n                                        role=\"button\" rel=\"noopener\" target=\"_blank\"><i class=\"fas fa-search fa-1x\"><\/i>\r\n                                        Ver\r\n                                        Instructivo del\r\n                                        Concurso Abierto<\/a>\r\n                                    <a class=\"btn btn-light text-left\"\r\n                                        href=\"https:\/\/www.fiscaliadecuentas.gob.pa\/wp-content\/uploads\/2023\/10\/TABLA-DE-PONDERACION-N.o-FGC-CA-012-23.pdf\"\r\n                                        role=\"button\" rel=\"noopener\" target=\"_blank\"><i class=\"fas fa-search fa-1x\"><\/i>\r\n                                        Ver\r\n                                        Tabla de Ponderaci\u00f3n\r\n                                    <\/a>\r\n                                    <a class=\"btn btn-light text-left collapsible-ca btn-results p-2\"\r\n                                        style=\"background-color: #f8f9fa;\" role=\"link\"><i\r\n                                            class=\"fas fa-search fa-1x\"><\/i>\r\n                                        Ver Resultados\r\n                                    <\/a>\r\n                                    <div class=\"content\" style=\"display: block;\">\r\n                                        <p style=\"text-align: justify\">\r\n                                            <a href=\"https:\/\/www.fiscaliadecuentas.gob.pa\/wp-content\/uploads\/2024\/01\/Resolucion-N.-FGC-CSARH-CA-013-23.pdf\"\r\n                                                rel=\"noopener\" target=\"_blank\" role=\"link\"><i\r\n                                                    class=\"fas fa-file-pdf fa-1x\"><\/i>\r\n                                                Resoluci\u00f3n No. FGC-CSARH-CA-013-23, que declara desierto el Concurso\r\n                                                Abierto N.\u00b0 FGC-CA-012-23 para ocupar el cargo de Analista de Compras .\r\n                                            <\/a>\r\n                                        <\/p>\r\n                                    <\/div>\r\n                                <\/div>\r\n                                <!-- ============================================= Button-Group-End ====================================== -->\r\n                                <!-- <button type=\"button\" class=\"collapsible-ca\" style=\"background-color: #333333;\"><i class=\"fas fa-file-pdf fa-1x\"><\/i> Resoluci\u00f3n N\u00b0.FGC-CSARH-CA-02-22<\/button>\r\n                    <div class=\"content\">\r\n                    <p style=\"text-align: justify;\"><a href=\"#\" rel=\"noopener\" target=\"_blank\"><i class=\"fas fa-file-pdf fa-1x\"><\/i> Que comunica los resultados finales del Concurso Abierto N.\u00ba FGC-CA-001-21, para cubrir la vacante absoluta del cargo de Coordinador de Cooperaci\u00f3n T\u00e9cnica de la Fiscal\u00eda General de Cuentas.<\/a><\/p>\r\n                    <\/div> -->\r\n                                <button type=\"button\" class=\"collapsible-ca\" style=\"background-color: #333333\">\r\n                                    <i class=\"fas fa-angle-double-down fa-1x\"><\/i> Base Legal\r\n                                <\/button>\r\n                                <div class=\"content\">\r\n                                    <!-- ============================================= LEGAL-BASE-START ================================ -->\r\n                                    <div class=\"d-grid gap-2\">\r\n                                        <a class=\"btn btn-light text-justify\"\r\n                                            href=\"https:\/\/www.fiscaliadecuentas.gob.pa\/wp-content\/uploads\/2021\/11\/LEY-67-DE-2008-ACTUALIZADA-AL-2020-FGC-Secretaria-General.pdf\"\r\n                                            role=\"button\" rel=\"noopener\" target=\"_blank\"><i\r\n                                                class=\"fas fa-file-pdf fa-1x\"><\/i>\r\n                                            LEY 67 de 14 de\r\n                                            noviembre de 2008. \"QUE DESARROLLA LA JURISDICCI\u00d3N DE CUENTAS\r\n                                            Y REFORMA LA LEY 32 DE 1987, ORG\u00c1NICA DE LA CONTRALOR\u00cdA\r\n                                            GENERAL DE LA REP\u00daBLICA\"<\/a>\r\n                                        <a class=\"btn btn-light text-justify\"\r\n                                            href=\"https:\/\/www.fiscaliadecuentas.gob.pa\/wp-content\/uploads\/2021\/08\/Resolucion-N.%C2%B0-FGC-039-21-de-9-de-agosto-de-2021-QUE-APRUEBA-LA-REGLAMENTACION-DEL-ARTICULO-25-A.pdf\"\r\n                                            role=\"button\" rel=\"noopener\" target=\"_blank\"><i\r\n                                                class=\"fas fa-file-pdf fa-1x\"><\/i>\r\n                                            Resoluci\u00f3n N.\u00b0\r\n                                            FGC-039-21 de 9 de agosto de 2021. \"QUE APRUEBA LA\r\n                                            REGLAMENTACI\u00d3N DEL ARTICULO 25-A DE LA LEY 67 DE 14 DE\r\n                                            NOVIEMBRE DE 2008, POR EL CUAL SE INSTITUYE UN SISTEMA DE\r\n                                            CARRERA POR M\u00c9RITOS EN LA FISCAL\u00cdA GENERAL DE CUENTAS\"<\/a>\r\n                                        <a class=\"btn btn-light text-justify\"\r\n                                            href=\"https:\/\/www.fiscaliadecuentas.gob.pa\/wp-content\/uploads\/2022\/05\/RESOLUCION-FGC-N.\u00b0-21-22-1.pdf\"\r\n                                            role=\"button\" rel=\"noopener\" target=\"_blank\"><i\r\n                                                class=\"fas fa-file-pdf fa-1x\"><\/i>\r\n                                            Resoluci\u00f3n FGC N\u00b021-22\r\n                                            de 22 de abril de 2022. \"POR LA CUAL SE ADICIONA UN P\u00c1RRAFO AL\r\n                                            ART\u00cdCULO 13 DE LA RESOLUCI\u00d3N N\u00b0FGC-039-21 DE 9 DE AGOSTO DE\r\n                                            2021, QUE APRUEBA LA REGLAMENTACI\u00d3N DEL ART\u00cdCULO 25-A DE LA\r\n                                            LEY 67 DE 14 DE NOVIEMBRE DE 2008, POR EL CUAL SE INSTITUYE UN\r\n                                            SISTEMA DE CARRERA POR M\u00c9RITOS EN LA FISCAL\u00cdA GENERAL DE\r\n                                            CUENTAS.\"<\/a>\r\n                                        <a class=\"btn btn-light text-justify\"\r\n                                            href=\"https:\/\/www.fiscaliadecuentas.gob.pa\/wp-content\/uploads\/2023\/12\/Reglamento-Interno-de-la-Fiscalia-General-de-Cuentas-actualizado-a-diciembre-de-2023.pdf\"\r\n                                            role=\"link\" rel=\"noopener\" target=\"_blank\"><i\r\n                                                class=\"fas fa-file-pdf fa-1x\"><\/i>\r\n                                            Reglamento Interno de la Fiscal\u00eda General de Cuentas.\r\n                                        <\/a>\r\n                                        <a class=\"btn btn-light text-justify\"\r\n                                            href=\"https:\/\/www.fiscaliadecuentas.gob.pa\/wp-content\/uploads\/2023\/11\/Resolucion-N.\u00b0-FGC-CFGC-011-23.pdf\"\r\n                                            role=\"button\" rel=\"noopener\" target=\"_blank\"><i\r\n                                                class=\"fas fa-file-pdf fa-1x\"><\/i>\r\n                                            Resoluci\u00f3n No.\r\n                                            FGC-CFGC-012-23. \"QUE DECLARA UNA VACANTE ABSOLUTA\"<\/a>\r\n                                    <\/div>\r\n                                    <!-- ============================================= LEGAL-BASE-END ====================================== -->\r\n                                <\/div>\r\n                                <!-- Button trigger modal -->\r\n                                <div class=\"button-content\">\r\n                                    <button type=\"button\" class=\"btn btn-warning\" data-bs-toggle=\"modal\"\r\n                                        data-bs-target=\"#staticBackdrop-012-23\">\r\n                                        Aplicar a la Convocatoria\r\n                                    <\/button>\r\n                                <\/div>\r\n\r\n                                <!-- Modal -->\r\n                                <div class=\"modal fade\" id=\"staticBackdrop-012-23\" data-bs-backdrop=\"static\"\r\n                                    data-bs-keyboard=\"false\" tabindex=\"-1\" aria-labelledby=\"staticBackdropLabel-012-23\"\r\n                                    aria-hidden=\"true\">\r\n                                    <div class=\"modal-dialog\">\r\n                                        <div class=\"modal-content\">\r\n                                            <div class=\"modal-header\">\r\n                                                <h5 class=\"modal-title\" id=\"staticBackdropLabel-012-23\">\r\n                                                    !LO SENTIMOS\u00a1\r\n                                                <\/h5>\r\n                                                <button type=\"button\" class=\"btn-close\" data-bs-dismiss=\"modal\"\r\n                                                    aria-label=\"Close\"><\/button>\r\n                                            <\/div>\r\n                                            <div class=\"modal-body\">\r\n                                                LA CONVOCATORIA PARA EL CONCURSO ABIERTO\r\n                                                N.\u00b0 FGC-CA-012-23 \"ANALISTA DE COMPRAS Pos.165\" NO HA INICIADO.\r\n\r\n                                            <\/div>\r\n                                            <div class=\"modal-footer\">\r\n                                                <button type=\"button\" class=\"btn btn-secondary\" data-bs-dismiss=\"modal\">\r\n                                                    Close\r\n                                                <\/button>\r\n                                            <\/div>\r\n                                        <\/div>\r\n                                    <\/div>\r\n                                <\/div>\r\n                                <!-- End Modal -->\r\n                                <!-- <div class=\"button-content\"><a\r\n                        href=\"https:\/\/www.fiscaliadecuentas.gob.pa\/scmfgc\/formulario-de-aplicacion-fgc-ca-012-23-analista-de-compras\/\"\r\n                        rel=\"noopener\" target=\"_blank\"><button type=\"button\" class=\"btn-submit\">Aplicar a la\r\n                            Convocatoria<\/button><\/a><\/div> -->\r\n                            <\/div>\r\n                            <!-- ##################END N.\u00b0 FGC-CA-012-23 ANALISTA DE COMPRAS############################### -->\r\n                            <!-- ##################START N.\u00b0 FGC-CA-013-23 ANALISTA DE ORGANIZACI\u00d3N Y SISTEMAS ADMINISTRATIVOS I############################### -->\r\n                            <button type=\"button\" class=\"collapsible-ca\">\r\n                                <div class=\"btn-info\">\r\n                                    <div id=\"content-left\">\r\n                                        <p class=\"lh-sm\">Concurso Abierto N.\u00b0 FGC-CA-013-23<\/p>\r\n                                        <p class=\"lh-sm\">Cargo: Analista de Organizaci\u00f3n y Sistemas Administrativos I\r\n                                            Pos.134<\/p>\r\n                                        <p class=\"lh-sm\">\r\n                                            <i class=\"fas fa-angle-double-down fa-1x\"><\/i>\r\n                                            Ver m\u00e1s informaci\u00f3n sobre este concurso\r\n                                        <\/p>\r\n                                    <\/div>\r\n                                    <div id=\"content-right\">\r\n                                        <img decoding=\"async\" src=\"https:\/\/www.fiscaliadecuentas.gob.pa\/wp-content\/uploads\/2023\/10\/Organization-Analyst.png\"\r\n                                            class=\"image\" \/>\r\n                                    <\/div>\r\n                                <\/div>\r\n                            <\/button>\r\n                            <div class=\"content\">\r\n                                <!-- INICIO AVISO DE CONVOCATORIA EXTENSI\u00d3N DE ENTREGA PARA DOCUMENTOS -->\r\n                                <!-- <button type=\"button\" class=\"collapsible-ca\"\r\n                style=\"background-color: #333333;\"><i class=\"fas\r\n                    fa-info-circle fa-1x\"><\/i> AVISO<\/button>\r\n                            <div class=\"content\"><br>\r\n                                <p style=\"text-align: justify;\"><a\r\n                                        href=\"https:\/\/www.fiscaliadecuentas.gob.pa\/wp-content\/uploads\/2022\/05\/Extension-Carrera-por-Merito.pdf\"\r\n                                        rel=\"noopener\" target=\"_blank\"><i class=\"fas\r\n                                            fa-file-pdf fa-1x\"><\/i> Extensi\u00f3n de\r\n                                        entrega de documentos hasta el 10 de junio\r\n                                        de 2022.<\/a><\/p>\r\n                            <\/div> -->\r\n                                <!-- FINAL AVISO DE CONVOCATORIA EXTENSI\u00d3N DE ENTREGA PARA DOCUMENTOS -->\r\n\r\n                                <!-- ============================================= Button-Group-Start ================================ -->\r\n                                <div class=\"d-grid gap-2\">\r\n                                    <a class=\"btn btn-light text-left\"\r\n                                        href=\"https:\/\/www.fiscaliadecuentas.gob.pa\/wp-content\/uploads\/2023\/10\/AVISO-DE-CONVOCATORIA-N.o-FGC-CA-013-23.pdf\"\r\n                                        role=\"button\" rel=\"noopener\" target=\"_blank\"><i class=\"fas fa-search fa-1x\"><\/i>\r\n                                        Ver\r\n                                        Aviso del Concurso\r\n                                        Abierto<\/a>\r\n                                    <!-- <a class=\"btn btn-light text-left\"\r\n                    href=\"https:\/\/www.fiscaliadecuentas.gob.pa\/wp-content\/uploads\/2022\/05\/Aviso-Fiscal-Adjunto-No.-FGC-CA-003-22.pdf\"\r\n                    role=\"button\" rel=\"noopener\" target=\"_blank\"><i\r\n                        class=\"fas fa-file-pdf fa-1x\"><\/i> Mecanismo\r\n                    para acreditar los requisitos b\u00e1sicos para\r\n                    ocupar cualquier cargo en la Fiscal\u00eda General de\r\n                    Cuentas.<\/a> -->\r\n                                    <a class=\"btn btn-light text-left\"\r\n                                        href=\"https:\/\/www.fiscaliadecuentas.gob.pa\/wp-content\/uploads\/2023\/10\/INSTRUCTIVO-N.o-FGC-CA-013-23.pdf\"\r\n                                        role=\"button\" rel=\"noopener\" target=\"_blank\"><i class=\"fas fa-search fa-1x\"><\/i>\r\n                                        Ver\r\n                                        Instructivo del\r\n                                        Concurso Abierto<\/a>\r\n                                    <a class=\"btn btn-light text-left\"\r\n                                        href=\"https:\/\/www.fiscaliadecuentas.gob.pa\/wp-content\/uploads\/2023\/10\/TABLA-DE-PONDERACION-N.o-FGC-CA-013-23.pdf\"\r\n                                        role=\"button\" rel=\"noopener\" target=\"_blank\"><i class=\"fas fa-search fa-1x\"><\/i>\r\n                                        Ver\r\n                                        Tabla de Ponderaci\u00f3n\r\n                                    <\/a>\r\n                                    <a class=\"btn btn-light text-left collapsible-ca btn-results p-2\"\r\n                                        style=\"background-color: #f8f9fa;\" role=\"link\"><i\r\n                                            class=\"fas fa-search fa-1x\"><\/i>\r\n                                        Ver Resultados\r\n                                    <\/a>\r\n                                    <div class=\"content\" style=\"display: block;\">\r\n                                        <p style=\"text-align: justify\">\r\n                                            <a href=\"https:\/\/www.fiscaliadecuentas.gob.pa\/wp-content\/uploads\/2024\/01\/Resolucion-N.-FGC-CSARH-CA-014-23.pdf\"\r\n                                                rel=\"noopener\" target=\"_blank\" role=\"link\"><i\r\n                                                    class=\"fas fa-file-pdf fa-1x\"><\/i>\r\n                                                Resoluci\u00f3n No. FGC-CSARH-CA-014-23, que declara desierto el Concurso\r\n                                                Abierto N.\u00b0 FGC-CA-013-23 para ocupar el cargo de Analista de\r\n                                                Organizaci\u00f3n y Sistemas Administrativos I.\r\n                                            <\/a>\r\n                                        <\/p>\r\n                                    <\/div>\r\n                                <\/div>\r\n                                <!-- ============================================= Button-Group-End ====================================== -->\r\n                                <!-- <button type=\"button\" class=\"collapsible-ca\" style=\"background-color: #333333;\"><i class=\"fas fa-file-pdf fa-1x\"><\/i> Resoluci\u00f3n N\u00b0.FGC-CSARH-CA-02-22<\/button>\r\n                    <div class=\"content\">\r\n                    <p style=\"text-align: justify;\"><a href=\"#\" rel=\"noopener\" target=\"_blank\"><i class=\"fas fa-file-pdf fa-1x\"><\/i> Que comunica los resultados finales del Concurso Abierto N.\u00ba FGC-CA-001-21, para cubrir la vacante absoluta del cargo de Coordinador de Cooperaci\u00f3n T\u00e9cnica de la Fiscal\u00eda General de Cuentas.<\/a><\/p>\r\n                    <\/div> -->\r\n                                <button type=\"button\" class=\"collapsible-ca\" style=\"background-color: #333333\">\r\n                                    <i class=\"fas fa-angle-double-down fa-1x\"><\/i> Base Legal\r\n                                <\/button>\r\n                                <div class=\"content\">\r\n                                    <!-- ============================================= LEGAL-BASE-START ================================ -->\r\n                                    <div class=\"d-grid gap-2\">\r\n                                        <a class=\"btn btn-light text-justify\"\r\n                                            href=\"https:\/\/www.fiscaliadecuentas.gob.pa\/wp-content\/uploads\/2021\/11\/LEY-67-DE-2008-ACTUALIZADA-AL-2020-FGC-Secretaria-General.pdf\"\r\n                                            role=\"button\" rel=\"noopener\" target=\"_blank\"><i\r\n                                                class=\"fas fa-file-pdf fa-1x\"><\/i>\r\n                                            LEY 67 de 14 de\r\n                                            noviembre de 2008. \"QUE DESARROLLA LA JURISDICCI\u00d3N DE CUENTAS\r\n                                            Y REFORMA LA LEY 32 DE 1987, ORG\u00c1NICA DE LA CONTRALOR\u00cdA\r\n                                            GENERAL DE LA REP\u00daBLICA\"<\/a>\r\n                                        <a class=\"btn btn-light text-justify\"\r\n                                            href=\"https:\/\/www.fiscaliadecuentas.gob.pa\/wp-content\/uploads\/2021\/08\/Resolucion-N.%C2%B0-FGC-039-21-de-9-de-agosto-de-2021-QUE-APRUEBA-LA-REGLAMENTACION-DEL-ARTICULO-25-A.pdf\"\r\n                                            role=\"button\" rel=\"noopener\" target=\"_blank\"><i\r\n                                                class=\"fas fa-file-pdf fa-1x\"><\/i>\r\n                                            Resoluci\u00f3n N.\u00b0\r\n                                            FGC-039-21 de 9 de agosto de 2021. \"QUE APRUEBA LA\r\n                                            REGLAMENTACI\u00d3N DEL ARTICULO 25-A DE LA LEY 67 DE 14 DE\r\n                                            NOVIEMBRE DE 2008, POR EL CUAL SE INSTITUYE UN SISTEMA DE\r\n                                            CARRERA POR M\u00c9RITOS EN LA FISCAL\u00cdA GENERAL DE CUENTAS\"<\/a>\r\n                                        <a class=\"btn btn-light text-justify\"\r\n                                            href=\"https:\/\/www.fiscaliadecuentas.gob.pa\/wp-content\/uploads\/2022\/05\/RESOLUCION-FGC-N.\u00b0-21-22-1.pdf\"\r\n                                            role=\"button\" rel=\"noopener\" target=\"_blank\"><i\r\n                                                class=\"fas fa-file-pdf fa-1x\"><\/i>\r\n                                            Resoluci\u00f3n FGC N\u00b021-22\r\n                                            de 22 de abril de 2022. \"POR LA CUAL SE ADICIONA UN P\u00c1RRAFO AL\r\n                                            ART\u00cdCULO 13 DE LA RESOLUCI\u00d3N N\u00b0FGC-039-21 DE 9 DE AGOSTO DE\r\n                                            2021, QUE APRUEBA LA REGLAMENTACI\u00d3N DEL ART\u00cdCULO 25-A DE LA\r\n                                            LEY 67 DE 14 DE NOVIEMBRE DE 2008, POR EL CUAL SE INSTITUYE UN\r\n                                            SISTEMA DE CARRERA POR M\u00c9RITOS EN LA FISCAL\u00cdA GENERAL DE\r\n                                            CUENTAS.\"<\/a>\r\n                                        <a class=\"btn btn-light text-justify\"\r\n                                            href=\"https:\/\/www.fiscaliadecuentas.gob.pa\/wp-content\/uploads\/2023\/12\/Reglamento-Interno-de-la-Fiscalia-General-de-Cuentas-actualizado-a-diciembre-de-2023.pdf\"\r\n                                            role=\"link\" rel=\"noopener\" target=\"_blank\"><i\r\n                                                class=\"fas fa-file-pdf fa-1x\"><\/i>\r\n                                            Reglamento Interno de la Fiscal\u00eda General de Cuentas.\r\n                                        <\/a>\r\n                                        <a class=\"btn btn-light text-justify\"\r\n                                            href=\"https:\/\/www.fiscaliadecuentas.gob.pa\/wp-content\/uploads\/2023\/11\/Resolucion-N.\u00b0-FGC-CFGC-014-23.pdf\"\r\n                                            role=\"button\" rel=\"noopener\" target=\"_blank\"><i\r\n                                                class=\"fas fa-file-pdf fa-1x\"><\/i>\r\n                                            Resoluci\u00f3n No.\r\n                                            FGC-CFGC-013-23. \"QUE DECLARA UNA VACANTE ABSOLUTA\"<\/a>\r\n                                    <\/div>\r\n                                    <!-- ============================================= LEGAL-BASE-END ====================================== -->\r\n                                <\/div>\r\n                                <!-- Button trigger modal -->\r\n                                <div class=\"button-content\">\r\n                                    <button type=\"button\" class=\"btn btn-warning\" data-bs-toggle=\"modal\"\r\n                                        data-bs-target=\"#staticBackdrop-013-23\">\r\n                                        Aplicar a la Convocatoria\r\n                                    <\/button>\r\n                                <\/div>\r\n\r\n                                <!-- Modal -->\r\n                                <div class=\"modal fade\" id=\"staticBackdrop-013-23\" data-bs-backdrop=\"static\"\r\n                                    data-bs-keyboard=\"false\" tabindex=\"-1\" aria-labelledby=\"staticBackdropLabel-013-23\"\r\n                                    aria-hidden=\"true\">\r\n                                    <div class=\"modal-dialog\">\r\n                                        <div class=\"modal-content\">\r\n                                            <div class=\"modal-header\">\r\n                                                <h5 class=\"modal-title\" id=\"staticBackdropLabel-013-23\">\r\n                                                    !LO SENTIMOS\u00a1\r\n                                                <\/h5>\r\n                                                <button type=\"button\" class=\"btn-close\" data-bs-dismiss=\"modal\"\r\n                                                    aria-label=\"Close\"><\/button>\r\n                                            <\/div>\r\n                                            <div class=\"modal-body\">\r\n                                                LA CONVOCATORIA PARA EL CONCURSO ABIERTO\r\n                                                N.\u00b0 FGC-CA-013-23 \"ANALISTA DE ORGANIZACI\u00d3N Y SISTEMAS ADMINISTRATIVOS I\r\n                                                Pos. 134\" NO HA INICIADO.\r\n\r\n                                            <\/div>\r\n                                            <div class=\"modal-footer\">\r\n                                                <button type=\"button\" class=\"btn btn-secondary\" data-bs-dismiss=\"modal\">\r\n                                                    Close\r\n                                                <\/button>\r\n                                            <\/div>\r\n                                        <\/div>\r\n                                    <\/div>\r\n                                <\/div>\r\n                                <!-- End Modal -->\r\n                                <!-- <div class=\"button-content\"><a\r\n                        href=\"https:\/\/www.fiscaliadecuentas.gob.pa\/scmfgc\/formulario-de-aplicacion-fgc-ca-013-23-analista-de-organizacion-y-sistemas-administrativos-i\/\"\r\n                        rel=\"noopener\" target=\"_blank\"><button type=\"button\" class=\"btn-submit\">Aplicar a la\r\n                            Convocatoria<\/button><\/a><\/div> -->\r\n                            <\/div>\r\n                            <!-- ##################END N.\u00b0 FGC-CA-013-23 ANALISTA DE ORGANIZACI\u00d3N Y SISTEMAS ADMINISTRATIVOS I############################### -->\r\n                            <!-- ##################START N.\u00b0 FGC-CA-014-23 JEFE DE PLANIFICACI\u00d3N############################### -->\r\n                            <button type=\"button\" class=\"collapsible-ca\">\r\n                                <div class=\"btn-info\">\r\n                                    <div id=\"content-left\">\r\n                                        <p class=\"lh-sm\">Concurso Abierto N.\u00b0 FGC-CA-014-23<\/p>\r\n                                        <p class=\"lh-sm\">Cargo: Jefe de Planificaci\u00f3n Pos. 83<\/p>\r\n                                        <p class=\"lh-sm\">\r\n                                            <i class=\"fas fa-angle-double-down fa-1x\"><\/i>\r\n                                            Ver m\u00e1s informaci\u00f3n sobre este concurso\r\n                                        <\/p>\r\n                                    <\/div>\r\n                                    <div id=\"content-right\">\r\n                                        <img decoding=\"async\" src=\"https:\/\/www.fiscaliadecuentas.gob.pa\/wp-content\/uploads\/2023\/10\/Planning-Manager.png\"\r\n                                            class=\"image\" \/>\r\n                                    <\/div>\r\n                                <\/div>\r\n                            <\/button>\r\n                            <div class=\"content\">\r\n                                <!-- INICIO AVISO DE CONVOCATORIA EXTENSI\u00d3N DE ENTREGA PARA DOCUMENTOS -->\r\n                                <!-- <button type=\"button\" class=\"collapsible-ca\"\r\n                style=\"background-color: #333333;\"><i class=\"fas\r\n                    fa-info-circle fa-1x\"><\/i> AVISO<\/button>\r\n                            <div class=\"content\"><br>\r\n                                <p style=\"text-align: justify;\"><a\r\n                                        href=\"https:\/\/www.fiscaliadecuentas.gob.pa\/wp-content\/uploads\/2022\/05\/Extension-Carrera-por-Merito.pdf\"\r\n                                        rel=\"noopener\" target=\"_blank\"><i class=\"fas\r\n                                            fa-file-pdf fa-1x\"><\/i> Extensi\u00f3n de\r\n                                        entrega de documentos hasta el 10 de junio\r\n                                        de 2022.<\/a><\/p>\r\n                            <\/div> -->\r\n                                <!-- FINAL AVISO DE CONVOCATORIA EXTENSI\u00d3N DE ENTREGA PARA DOCUMENTOS -->\r\n\r\n                                <!-- ============================================= Button-Group-Start ================================ -->\r\n                                <div class=\"d-grid gap-2\">\r\n                                    <a class=\"btn btn-light text-left\"\r\n                                        href=\"https:\/\/www.fiscaliadecuentas.gob.pa\/wp-content\/uploads\/2023\/10\/AVISO-DE-CONVOCATORIA-N.o-FGC-CA-014-23.pdf\"\r\n                                        role=\"button\" rel=\"noopener\" target=\"_blank\"><i class=\"fas fa-search fa-1x\"><\/i>\r\n                                        Ver\r\n                                        Aviso del Concurso\r\n                                        Abierto<\/a>\r\n                                    <!-- <a class=\"btn btn-light text-left\"\r\n                    href=\"https:\/\/www.fiscaliadecuentas.gob.pa\/wp-content\/uploads\/2022\/05\/Aviso-Fiscal-Adjunto-No.-FGC-CA-003-22.pdf\"\r\n                    role=\"button\" rel=\"noopener\" target=\"_blank\"><i\r\n                        class=\"fas fa-file-pdf fa-1x\"><\/i> Mecanismo\r\n                    para acreditar los requisitos b\u00e1sicos para\r\n                    ocupar cualquier cargo en la Fiscal\u00eda General de\r\n                    Cuentas.<\/a> -->\r\n                                    <a class=\"btn btn-light text-left\"\r\n                                        href=\"https:\/\/www.fiscaliadecuentas.gob.pa\/wp-content\/uploads\/2023\/10\/INSTRUCTIVO-N.o-FGC-CA-014-23.pdf\"\r\n                                        role=\"button\" rel=\"noopener\" target=\"_blank\"><i class=\"fas fa-search fa-1x\"><\/i>\r\n                                        Ver\r\n                                        Instructivo del\r\n                                        Concurso Abierto<\/a>\r\n                                    <a class=\"btn btn-light text-left\"\r\n                                        href=\"https:\/\/www.fiscaliadecuentas.gob.pa\/wp-content\/uploads\/2023\/10\/TABLA-DE-PONDERACION-N.o-FGC-CA-014-23.pdf\"\r\n                                        role=\"button\" rel=\"noopener\" target=\"_blank\"><i class=\"fas fa-search fa-1x\"><\/i>\r\n                                        Ver\r\n                                        Tabla de Ponderaci\u00f3n\r\n                                    <\/a>\r\n                                    <a class=\"btn btn-light text-left collapsible-ca btn-results p-2\"\r\n                                        style=\"background-color: #f8f9fa;\" role=\"link\"><i\r\n                                            class=\"fas fa-search fa-1x\"><\/i>\r\n                                        Ver Resultados\r\n                                    <\/a>\r\n                                    <div class=\"content\" style=\"display: block;\">\r\n                                        <p style=\"text-align: justify\">\r\n                                            <a href=\"https:\/\/www.fiscaliadecuentas.gob.pa\/wp-content\/uploads\/2024\/01\/Resolucion-N.-FGC-CSARH-CA-015-23.pdf\"\r\n                                                rel=\"noopener\" target=\"_blank\" role=\"link\"><i\r\n                                                    class=\"fas fa-file-pdf fa-1x\"><\/i>\r\n                                                Resoluci\u00f3n No. FGC-CSARH-CA-015-23, que declara desierto el Concurso\r\n                                                Abierto N.\u00b0 FGC-CA-014-23 para ocupar el cargo de Jefe de Planificaci\u00f3n.\r\n                                            <\/a>\r\n                                        <\/p>\r\n                                    <\/div>\r\n                                <\/div>\r\n                                <!-- ============================================= Button-Group-End ====================================== -->\r\n                                <!-- <button type=\"button\" class=\"collapsible-ca\" style=\"background-color: #333333;\"><i class=\"fas fa-file-pdf fa-1x\"><\/i> Resoluci\u00f3n N\u00b0.FGC-CSARH-CA-02-22<\/button>\r\n                    <div class=\"content\">\r\n                    <p style=\"text-align: justify;\"><a href=\"#\" rel=\"noopener\" target=\"_blank\"><i class=\"fas fa-file-pdf fa-1x\"><\/i> Que comunica los resultados finales del Concurso Abierto N.\u00ba FGC-CA-001-21, para cubrir la vacante absoluta del cargo de Coordinador de Cooperaci\u00f3n T\u00e9cnica de la Fiscal\u00eda General de Cuentas.<\/a><\/p>\r\n                    <\/div> -->\r\n                                <button type=\"button\" class=\"collapsible-ca\" style=\"background-color: #333333\">\r\n                                    <i class=\"fas fa-angle-double-down fa-1x\"><\/i> Base Legal\r\n                                <\/button>\r\n                                <div class=\"content\">\r\n                                    <!-- ============================================= LEGAL-BASE-START ================================ -->\r\n                                    <div class=\"d-grid gap-2\">\r\n                                        <a class=\"btn btn-light text-justify\"\r\n                                            href=\"https:\/\/www.fiscaliadecuentas.gob.pa\/wp-content\/uploads\/2021\/11\/LEY-67-DE-2008-ACTUALIZADA-AL-2020-FGC-Secretaria-General.pdf\"\r\n                                            role=\"button\" rel=\"noopener\" target=\"_blank\"><i\r\n                                                class=\"fas fa-file-pdf fa-1x\"><\/i>\r\n                                            LEY 67 de 14 de\r\n                                            noviembre de 2008. \"QUE DESARROLLA LA JURISDICCI\u00d3N DE CUENTAS\r\n                                            Y REFORMA LA LEY 32 DE 1987, ORG\u00c1NICA DE LA CONTRALOR\u00cdA\r\n                                            GENERAL DE LA REP\u00daBLICA\"<\/a>\r\n                                        <a class=\"btn btn-light text-justify\"\r\n                                            href=\"https:\/\/www.fiscaliadecuentas.gob.pa\/wp-content\/uploads\/2021\/08\/Resolucion-N.%C2%B0-FGC-039-21-de-9-de-agosto-de-2021-QUE-APRUEBA-LA-REGLAMENTACION-DEL-ARTICULO-25-A.pdf\"\r\n                                            role=\"button\" rel=\"noopener\" target=\"_blank\"><i\r\n                                                class=\"fas fa-file-pdf fa-1x\"><\/i>\r\n                                            Resoluci\u00f3n N.\u00b0\r\n                                            FGC-039-21 de 9 de agosto de 2021. \"QUE APRUEBA LA\r\n                                            REGLAMENTACI\u00d3N DEL ARTICULO 25-A DE LA LEY 67 DE 14 DE\r\n                                            NOVIEMBRE DE 2008, POR EL CUAL SE INSTITUYE UN SISTEMA DE\r\n                                            CARRERA POR M\u00c9RITOS EN LA FISCAL\u00cdA GENERAL DE CUENTAS\"<\/a>\r\n                                        <a class=\"btn btn-light text-justify\"\r\n                                            href=\"https:\/\/www.fiscaliadecuentas.gob.pa\/wp-content\/uploads\/2022\/05\/RESOLUCION-FGC-N.\u00b0-21-22-1.pdf\"\r\n                                            role=\"button\" rel=\"noopener\" target=\"_blank\"><i\r\n                                                class=\"fas fa-file-pdf fa-1x\"><\/i>\r\n                                            Resoluci\u00f3n FGC N\u00b021-22\r\n                                            de 22 de abril de 2022. \"POR LA CUAL SE ADICIONA UN P\u00c1RRAFO AL\r\n                                            ART\u00cdCULO 13 DE LA RESOLUCI\u00d3N N\u00b0FGC-039-21 DE 9 DE AGOSTO DE\r\n                                            2021, QUE APRUEBA LA REGLAMENTACI\u00d3N DEL ART\u00cdCULO 25-A DE LA\r\n                                            LEY 67 DE 14 DE NOVIEMBRE DE 2008, POR EL CUAL SE INSTITUYE UN\r\n                                            SISTEMA DE CARRERA POR M\u00c9RITOS EN LA FISCAL\u00cdA GENERAL DE\r\n                                            CUENTAS.\"<\/a>\r\n                                        <a class=\"btn btn-light text-justify\"\r\n                                            href=\"https:\/\/www.fiscaliadecuentas.gob.pa\/wp-content\/uploads\/2023\/12\/Reglamento-Interno-de-la-Fiscalia-General-de-Cuentas-actualizado-a-diciembre-de-2023.pdf\"\r\n                                            role=\"link\" rel=\"noopener\" target=\"_blank\"><i\r\n                                                class=\"fas fa-file-pdf fa-1x\"><\/i>\r\n                                            Reglamento Interno de la Fiscal\u00eda General de Cuentas.\r\n                                        <\/a>\r\n                                        <a class=\"btn btn-light text-justify\"\r\n                                            href=\"https:\/\/www.fiscaliadecuentas.gob.pa\/wp-content\/uploads\/2023\/11\/Resolucion-N.\u00b0-FGC-CFGC-013-23.pdf\"\r\n                                            role=\"button\" rel=\"noopener\" target=\"_blank\"><i\r\n                                                class=\"fas fa-file-pdf fa-1x\"><\/i>\r\n                                            Resoluci\u00f3n No.\r\n                                            FGC-CFGC-014-23. \"QUE DECLARA UNA VACANTE ABSOLUTA\"<\/a>\r\n                                    <\/div>\r\n                                    <!-- ============================================= LEGAL-BASE-END ====================================== -->\r\n                                <\/div>\r\n                                <!-- Button trigger modal -->\r\n                                <div class=\"button-content\">\r\n                                    <button type=\"button\" class=\"btn btn-warning\" data-bs-toggle=\"modal\"\r\n                                        data-bs-target=\"#staticBackdrop-014-23\">\r\n                                        Aplicar a la Convocatoria\r\n                                    <\/button>\r\n                                <\/div>\r\n\r\n                                <!-- Modal -->\r\n                                <div class=\"modal fade\" id=\"staticBackdrop-014-23\" data-bs-backdrop=\"static\"\r\n                                    data-bs-keyboard=\"false\" tabindex=\"-1\" aria-labelledby=\"staticBackdropLabel-014-23\"\r\n                                    aria-hidden=\"true\">\r\n                                    <div class=\"modal-dialog\">\r\n                                        <div class=\"modal-content\">\r\n                                            <div class=\"modal-header\">\r\n                                                <h5 class=\"modal-title\" id=\"staticBackdropLabel-014-23\">\r\n                                                    !LO SENTIMOS\u00a1\r\n                                                <\/h5>\r\n                                                <button type=\"button\" class=\"btn-close\" data-bs-dismiss=\"modal\"\r\n                                                    aria-label=\"Close\"><\/button>\r\n                                            <\/div>\r\n                                            <div class=\"modal-body\">\r\n                                                LA CONVOCATORIA PARA EL CONCURSO ABIERTO\r\n                                                N.\u00b0 FGC-CA-014-23 \"JEFE DE PLANIFICACI\u00d3N Pos. 83\" NO HA INICIADO.\r\n\r\n                                            <\/div>\r\n                                            <div class=\"modal-footer\">\r\n                                                <button type=\"button\" class=\"btn btn-secondary\" data-bs-dismiss=\"modal\">\r\n                                                    Close\r\n                                                <\/button>\r\n                                            <\/div>\r\n                                        <\/div>\r\n                                    <\/div>\r\n                                <\/div>\r\n                                <!-- End Modal -->\r\n                                <!-- <div class=\"button-content\"><a\r\n                        href=\"https:\/\/www.fiscaliadecuentas.gob.pa\/scmfgc\/formulario-de-aplicacion-fgc-ca-014-23-jefe-de-planificacion\/\"\r\n                        rel=\"noopener\" target=\"_blank\"><button type=\"button\" class=\"btn-submit\">Aplicar a la\r\n                            Convocatoria<\/button><\/a><\/div> -->\r\n                            <\/div>\r\n                            <!-- ##################END N.\u00b0 FGC-CA-014-23 JEFE DE PLANIFICACI\u00d3N############################### -->\r\n                            <!-- ##################START N.\u00b0 FGC-CA-015-23 JEFE DE PLANILLA############################### -->\r\n                            <button type=\"button\" class=\"collapsible-ca\">\r\n                                <div class=\"btn-info\">\r\n                                    <div id=\"content-left\">\r\n                                        <p class=\"lh-sm\">Concurso Abierto N.\u00b0 FGC-CA-015-23<\/p>\r\n                                        <p class=\"lh-sm\">Cargo: Jefe de Planilla Pos. 61<\/p>\r\n                                        <p class=\"lh-sm\">\r\n                                            <i class=\"fas fa-angle-double-down fa-1x\"><\/i>\r\n                                            Ver m\u00e1s informaci\u00f3n sobre este concurso\r\n                                        <\/p>\r\n                                    <\/div>\r\n                                    <div id=\"content-right\">\r\n                                        <img decoding=\"async\" src=\"https:\/\/www.fiscaliadecuentas.gob.pa\/wp-content\/uploads\/2023\/10\/Payroll_Manager.png\"\r\n                                            class=\"image\" \/>\r\n                                    <\/div>\r\n                                <\/div>\r\n                            <\/button>\r\n                            <div class=\"content\">\r\n                                <!-- INICIO AVISO DE CONVOCATORIA EXTENSI\u00d3N DE ENTREGA PARA DOCUMENTOS -->\r\n                                <!-- <button type=\"button\" class=\"collapsible-ca\"\r\n                style=\"background-color: #333333;\"><i class=\"fas\r\n                    fa-info-circle fa-1x\"><\/i> AVISO<\/button>\r\n                            <div class=\"content\"><br>\r\n                                <p style=\"text-align: justify;\"><a\r\n                                        href=\"https:\/\/www.fiscaliadecuentas.gob.pa\/wp-content\/uploads\/2022\/05\/Extension-Carrera-por-Merito.pdf\"\r\n                                        rel=\"noopener\" target=\"_blank\"><i class=\"fas\r\n                                            fa-file-pdf fa-1x\"><\/i> Extensi\u00f3n de\r\n                                        entrega de documentos hasta el 10 de junio\r\n                                        de 2022.<\/a><\/p>\r\n                            <\/div> -->\r\n                                <!-- FINAL AVISO DE CONVOCATORIA EXTENSI\u00d3N DE ENTREGA PARA DOCUMENTOS -->\r\n\r\n                                <!-- ============================================= Button-Group-Start ================================ -->\r\n                                <div class=\"d-grid gap-2\">\r\n                                    <a class=\"btn btn-light text-left\"\r\n                                        href=\"https:\/\/www.fiscaliadecuentas.gob.pa\/wp-content\/uploads\/2023\/10\/AVISO-DE-CONVOCATORIA-N.o-FGC-CA-015-23.pdf\"\r\n                                        role=\"button\" rel=\"noopener\" target=\"_blank\"><i class=\"fas fa-search fa-1x\"><\/i>\r\n                                        Ver\r\n                                        Aviso del Concurso\r\n                                        Abierto<\/a>\r\n                                    <!-- <a class=\"btn btn-light text-left\"\r\n                    href=\"https:\/\/www.fiscaliadecuentas.gob.pa\/wp-content\/uploads\/2022\/05\/Aviso-Fiscal-Adjunto-No.-FGC-CA-003-22.pdf\"\r\n                    role=\"button\" rel=\"noopener\" target=\"_blank\"><i\r\n                        class=\"fas fa-file-pdf fa-1x\"><\/i> Mecanismo\r\n                    para acreditar los requisitos b\u00e1sicos para\r\n                    ocupar cualquier cargo en la Fiscal\u00eda General de\r\n                    Cuentas.<\/a> -->\r\n                                    <a class=\"btn btn-light text-left\"\r\n                                        href=\"https:\/\/www.fiscaliadecuentas.gob.pa\/wp-content\/uploads\/2023\/10\/INSTRUCTIVO-N.o-FGC-CA-015-23.pdf\"\r\n                                        role=\"button\" rel=\"noopener\" target=\"_blank\"><i class=\"fas fa-search fa-1x\"><\/i>\r\n                                        Ver\r\n                                        Instructivo del\r\n                                        Concurso Abierto<\/a>\r\n                                    <a class=\"btn btn-light text-left\"\r\n                                        href=\"https:\/\/www.fiscaliadecuentas.gob.pa\/wp-content\/uploads\/2023\/10\/TABLA-DE-PONDERACION-N.o-FGC-CA-015-23.pdf\"\r\n                                        role=\"button\" rel=\"noopener\" target=\"_blank\"><i class=\"fas fa-search fa-1x\"><\/i>\r\n                                        Ver\r\n                                        Tabla de Ponderaci\u00f3n<\/a>\r\n                                    <a class=\"btn btn-light text-left collapsible-ca btn-results p-2\"\r\n                                        style=\"background-color: #f8f9fa;\" role=\"link\"><i\r\n                                            class=\"fas fa-search fa-1x\"><\/i>\r\n                                        Ver Resultados<\/a>\r\n\r\n                                    <div class=\"content\" style=\"display: block;\">\r\n                                            <p style=\"text-align: justify\">\r\n                                                <a href=\"https:\/\/www.fiscaliadecuentas.gob.pa\/scmfgc\/wp-content\/uploads\/2024\/08\/Resolucion-N.\u00b0-FGC-CSARH-CA-29-24.pdf\"\r\n                                                    rel=\"noopener\" target=\"_blank\" role=\"link\"><i\r\n                                                        class=\"fas fa-file-pdf fa-1x\"><\/i>\r\n                                                    Resoluci\u00f3n No. FGC-CSARH-CA-29-24, Que deja sin efecto la Resoluci\u00f3n FGC-CFGC-012-23 de 19 de agosto de 2023, que declara\r\n                                                    vacante absoluta la posici\u00f3n 61, para ocupar el cargo de Jefe de Planilla.\r\n                                                <\/a>\r\n                                            <\/p>\r\n                                        <\/div>\r\n                                    <div class=\"content\" style=\"display: block;\">\r\n                                        <p style=\"text-align: justify\">\r\n                                            <a href=\"https:\/\/www.fiscaliadecuentas.gob.pa\/wp-content\/uploads\/2024\/02\/Resolucion-FGC-CSARH-CA-05-24.pdf\"\r\n                                                rel=\"noopener\" target=\"_blank\" role=\"link\"><i\r\n                                                    class=\"fas fa-file-pdf fa-1x\"><\/i>\r\n                                                Resoluci\u00f3n No. FGC-CSARH-CA-05-24, que comunica los resultados Concurso\r\n                                                Abierto N.\u00b0 FGC-CA-015-23 para ocupar el cargo de Jefe de Planilla.\r\n                                            <\/a>\r\n                                        <\/p>\r\n                                    <\/div>\r\n\r\n                                <\/div>\r\n                                <!-- ============================================= Button-Group-End ====================================== -->\r\n                                <!-- <button type=\"button\" class=\"collapsible-ca\" style=\"background-color: #333333;\"><i class=\"fas fa-file-pdf fa-1x\"><\/i> Resoluci\u00f3n N\u00b0.FGC-CSARH-CA-02-22<\/button>\r\n                    <div class=\"content\">\r\n                    <p style=\"text-align: justify;\"><a href=\"#\" rel=\"noopener\" target=\"_blank\"><i class=\"fas fa-file-pdf fa-1x\"><\/i> Que comunica los resultados finales del Concurso Abierto N.\u00ba FGC-CA-001-21, para cubrir la vacante absoluta del cargo de Coordinador de Cooperaci\u00f3n T\u00e9cnica de la Fiscal\u00eda General de Cuentas.<\/a><\/p>\r\n                    <\/div> -->\r\n                                <button type=\"button\" class=\"collapsible-ca\" style=\"background-color: #333333\">\r\n                                    <i class=\"fas fa-angle-double-down fa-1x\"><\/i> Base Legal\r\n                                <\/button>\r\n                                <div class=\"content\">\r\n                                    <!-- ============================================= LEGAL-BASE-START ================================ -->\r\n                                    <div class=\"d-grid gap-2\">\r\n                                        <a class=\"btn btn-light text-justify\"\r\n                                            href=\"https:\/\/www.fiscaliadecuentas.gob.pa\/wp-content\/uploads\/2021\/11\/LEY-67-DE-2008-ACTUALIZADA-AL-2020-FGC-Secretaria-General.pdf\"\r\n                                            role=\"button\" rel=\"noopener\" target=\"_blank\"><i\r\n                                                class=\"fas fa-file-pdf fa-1x\"><\/i>\r\n                                            LEY 67 de 14 de\r\n                                            noviembre de 2008. \"QUE DESARROLLA LA JURISDICCI\u00d3N DE CUENTAS\r\n                                            Y REFORMA LA LEY 32 DE 1987, ORG\u00c1NICA DE LA CONTRALOR\u00cdA\r\n                                            GENERAL DE LA REP\u00daBLICA\"<\/a>\r\n                                        <a class=\"btn btn-light text-justify\"\r\n                                            href=\"https:\/\/www.fiscaliadecuentas.gob.pa\/wp-content\/uploads\/2021\/08\/Resolucion-N.%C2%B0-FGC-039-21-de-9-de-agosto-de-2021-QUE-APRUEBA-LA-REGLAMENTACION-DEL-ARTICULO-25-A.pdf\"\r\n                                            role=\"button\" rel=\"noopener\" target=\"_blank\"><i\r\n                                                class=\"fas fa-file-pdf fa-1x\"><\/i>\r\n                                            Resoluci\u00f3n N.\u00b0\r\n                                            FGC-039-21 de 9 de agosto de 2021. \"QUE APRUEBA LA\r\n                                            REGLAMENTACI\u00d3N DEL ARTICULO 25-A DE LA LEY 67 DE 14 DE\r\n                                            NOVIEMBRE DE 2008, POR EL CUAL SE INSTITUYE UN SISTEMA DE\r\n                                            CARRERA POR M\u00c9RITOS EN LA FISCAL\u00cdA GENERAL DE CUENTAS\"<\/a>\r\n                                        <a class=\"btn btn-light text-justify\"\r\n                                            href=\"https:\/\/www.fiscaliadecuentas.gob.pa\/wp-content\/uploads\/2022\/05\/RESOLUCION-FGC-N.\u00b0-21-22-1.pdf\"\r\n                                            role=\"button\" rel=\"noopener\" target=\"_blank\"><i\r\n                                                class=\"fas fa-file-pdf fa-1x\"><\/i>\r\n                                            Resoluci\u00f3n FGC N\u00b021-22\r\n                                            de 22 de abril de 2022. \"POR LA CUAL SE ADICIONA UN P\u00c1RRAFO AL\r\n                                            ART\u00cdCULO 13 DE LA RESOLUCI\u00d3N N\u00b0FGC-039-21 DE 9 DE AGOSTO DE\r\n                                            2021, QUE APRUEBA LA REGLAMENTACI\u00d3N DEL ART\u00cdCULO 25-A DE LA\r\n                                            LEY 67 DE 14 DE NOVIEMBRE DE 2008, POR EL CUAL SE INSTITUYE UN\r\n                                            SISTEMA DE CARRERA POR M\u00c9RITOS EN LA FISCAL\u00cdA GENERAL DE\r\n                                            CUENTAS.\"<\/a>\r\n                                        <a class=\"btn btn-light text-justify\"\r\n                                            href=\"https:\/\/www.fiscaliadecuentas.gob.pa\/wp-content\/uploads\/2023\/12\/Reglamento-Interno-de-la-Fiscalia-General-de-Cuentas-actualizado-a-diciembre-de-2023.pdf\"\r\n                                            role=\"link\" rel=\"noopener\" target=\"_blank\"><i\r\n                                                class=\"fas fa-file-pdf fa-1x\"><\/i>\r\n                                            Reglamento Interno de la Fiscal\u00eda General de Cuentas.\r\n                                        <\/a>\r\n                                        <a class=\"btn btn-light text-justify\"\r\n                                            href=\"https:\/\/www.fiscaliadecuentas.gob.pa\/wp-content\/uploads\/2023\/11\/Resolucion-N.\u00b0-FGC-CFGC-012-23.pdf\"\r\n                                            role=\"button\" rel=\"noopener\" target=\"_blank\"><i\r\n                                                class=\"fas fa-file-pdf fa-1x\"><\/i>\r\n                                            Resoluci\u00f3n No.\r\n                                            FGC-CFGC-015-23. \"QUE DECLARA UNA VACANTE ABSOLUTA\"<\/a>\r\n                                    <\/div>\r\n                                    <!-- ============================================= LEGAL-BASE-END ====================================== -->\r\n                                <\/div>\r\n                                <!-- Button trigger modal -->\r\n                                <div class=\"button-content\">\r\n                                    <button type=\"button\" class=\"btn btn-warning\" data-bs-toggle=\"modal\"\r\n                                        data-bs-target=\"#staticBackdrop-015-23\">\r\n                                        Aplicar a la Convocatoria\r\n                                    <\/button>\r\n                                <\/div>\r\n\r\n                                <!-- Modal -->\r\n                                <div class=\"modal fade\" id=\"staticBackdrop-015-23\" data-bs-backdrop=\"static\"\r\n                                    data-bs-keyboard=\"false\" tabindex=\"-1\" aria-labelledby=\"staticBackdropLabel-015-23\"\r\n                                    aria-hidden=\"true\">\r\n                                    <div class=\"modal-dialog\">\r\n                                        <div class=\"modal-content\">\r\n                                            <div class=\"modal-header\">\r\n                                                <h5 class=\"modal-title\" id=\"staticBackdropLabel-015-23\">\r\n                                                    !LO SENTIMOS\u00a1\r\n                                                <\/h5>\r\n                                                <button type=\"button\" class=\"btn-close\" data-bs-dismiss=\"modal\"\r\n                                                    aria-label=\"Close\"><\/button>\r\n                                            <\/div>\r\n                                            <div class=\"modal-body\">\r\n                                                LA CONVOCATORIA PARA EL CONCURSO ABIERTO\r\n                                                N.\u00b0 FGC-CA-015-23 \"JEFE DE PLANILLA Pos. 61\" NO HA INICIADO.\r\n\r\n                                            <\/div>\r\n                                            <div class=\"modal-footer\">\r\n                                                <button type=\"button\" class=\"btn btn-secondary\" data-bs-dismiss=\"modal\">\r\n                                                    Close\r\n                                                <\/button>\r\n                                            <\/div>\r\n                                        <\/div>\r\n                                    <\/div>\r\n                                <\/div>\r\n                                <!-- End Modal -->\r\n                                <!-- <div class=\"button-content\"><a\r\n                        href=\"https:\/\/www.fiscaliadecuentas.gob.pa\/scmfgc\/formulario-de-aplicacion-fgc-ca-015-23-jefe-de-planilla\/\"\r\n                        rel=\"noopener\" target=\"_blank\"><button type=\"button\" class=\"btn-submit\">Aplicar a la\r\n                            Convocatoria<\/button><\/a><\/div> -->\r\n                            <\/div>\r\n                            <!-- ##################END N.\u00b0 FGC-CA-015-23 JEFE DE PLANILLA############################### -->\r\n\r\n                        <\/div>\r\n\r\n                        <div class=\"tab-pane fade\" id=\"pnav-23-2\" role=\"tabpanel\" aria-labelledby=\"nav-pnav-23-2\"\r\n                            tabindex=\"0\">\r\n                            <!-- ##################START N.\u00b0 FGC-CA-005-23 ASISTENTE OPERATIVO JUR\u00cdDICO############################### -->\r\n                            <button type=\"button\" class=\"collapsible-ca\">\r\n                                <div class=\"btn-info\">\r\n                                    <div id=\"content-left\">\r\n                                        <p class=\"lh-sm\">Concurso Abierto N.\u00b0 FGC-CA-005-23<\/p>\r\n                                        <p class=\"lh-sm\">Cargo: ASISTENTE OPERATIVO JUR\u00cdDICO Pos. 76<\/p>\r\n                                        <p class=\"lh-sm\">\r\n                                            <i class=\"fas fa-angle-double-down fa-1x\"><\/i>\r\n                                            Ver m\u00e1s informaci\u00f3n sobre este concurso\r\n                                        <\/p>\r\n                                    <\/div>\r\n                                    <div id=\"content-right\">\r\n                                        <img decoding=\"async\" src=\"https:\/\/www.fiscaliadecuentas.gob.pa\/wp-content\/uploads\/2023\/05\/legal-operational-assistant.png\"\r\n                                            class=\"image\" \/>\r\n                                    <\/div>\r\n                                <\/div>\r\n                            <\/button>\r\n                            <div class=\"content\">\r\n                                <!-- INICIO AVISO DE CONVOCATORIA EXTENSI\u00d3N DE ENTREGA PARA DOCUMENTOS -->\r\n                                <!-- <button type=\"button\" class=\"collapsible-ca\"\r\n                style=\"background-color: #333333;\"><i class=\"fas\r\n                    fa-info-circle fa-1x\"><\/i> AVISO<\/button>\r\n                            <div class=\"content\"><br>\r\n                                <p style=\"text-align: justify;\"><a\r\n                                        href=\"https:\/\/www.fiscaliadecuentas.gob.pa\/wp-content\/uploads\/2022\/05\/Extension-Carrera-por-Merito.pdf\"\r\n                                        rel=\"noopener\" target=\"_blank\"><i class=\"fas\r\n                                            fa-file-pdf fa-1x\"><\/i> Extensi\u00f3n de\r\n                                        entrega de documentos hasta el 10 de junio\r\n                                        de 2022.<\/a><\/p>\r\n                            <\/div> -->\r\n                                <!-- FINAL AVISO DE CONVOCATORIA EXTENSI\u00d3N DE ENTREGA PARA DOCUMENTOS -->\r\n\r\n                                <!-- ============================================= Button-Group-Start ================================ -->\r\n                                <div class=\"d-grid gap-2\">\r\n                                    <a class=\"btn btn-light text-left\"\r\n                                        href=\"https:\/\/www.fiscaliadecuentas.gob.pa\/wp-content\/uploads\/2023\/07\/AVISO-DE-CONVOCATORIA-N.o-FGC-CA-005-23.pdf\"\r\n                                        role=\"button\" rel=\"noopener\" target=\"_blank\"><i class=\"fas fa-search fa-1x\"><\/i>\r\n                                        Ver\r\n                                        Aviso del Concurso\r\n                                        Abierto<\/a>\r\n                                    <!-- <a class=\"btn btn-light text-left\"\r\n                    href=\"https:\/\/www.fiscaliadecuentas.gob.pa\/wp-content\/uploads\/2022\/05\/Aviso-Fiscal-Adjunto-No.-FGC-CA-003-22.pdf\"\r\n                    role=\"button\" rel=\"noopener\" target=\"_blank\"><i\r\n                        class=\"fas fa-file-pdf fa-1x\"><\/i> Mecanismo\r\n                    para acreditar los requisitos b\u00e1sicos para\r\n                    ocupar cualquier cargo en la Fiscal\u00eda General de\r\n                    Cuentas.<\/a> -->\r\n                                    <a class=\"btn btn-light text-left\"\r\n                                        href=\"https:\/\/www.fiscaliadecuentas.gob.pa\/wp-content\/uploads\/2023\/07\/INSTRUCTIVO-N.o-FGC-CA-005-23.pdf\"\r\n                                        role=\"button\" rel=\"noopener\" target=\"_blank\"><i class=\"fas fa-search fa-1x\"><\/i>\r\n                                        Ver\r\n                                        Instructivo del\r\n                                        Concurso Abierto\r\n                                    <\/a>\r\n                                    <a class=\"btn btn-light text-left\"\r\n                                        href=\"https:\/\/www.fiscaliadecuentas.gob.pa\/wp-content\/uploads\/2023\/07\/TABLA-DE-PONDERACION-N.o-FGC-CA-005-23.pdf\"\r\n                                        role=\"button\" rel=\"noopener\" target=\"_blank\"><i class=\"fas fa-search fa-1x\"><\/i>\r\n                                        Ver\r\n                                        Tabla de Ponderaci\u00f3n\r\n                                    <\/a>\r\n                                    <a class=\"btn btn-light text-left collapsible-ca btn-results p-2\"\r\n                                        style=\"background-color: #f8f9fa;\" role=\"link\"><i\r\n                                            class=\"fas fa-search fa-1x\"><\/i>\r\n                                        Ver Resultados\r\n                                    <\/a>\r\n                                    <div class=\"content\" style=\"display: block;\">\r\n                                        <p style=\"text-align: justify\">\r\n                                            <a href=\"https:\/\/www.fiscaliadecuentas.gob.pa\/wp-content\/uploads\/2023\/11\/Resolucion-N.\u00b0-FGC-CSARH-CA-008-23.pdf\"\r\n                                                rel=\"noopener\" target=\"_blank\" role=\"link\"><i\r\n                                                    class=\"fas fa-file-pdf fa-1x\"><\/i>\r\n                                                Resoluci\u00f3n No. FGC-CSARH-CA-008-23, que comunica los resultados del\r\n                                                Concurso Abierto N.\u00b0 FGC-CA-005-23 para ocupar el cargo de Asistente\r\n                                                Operativo Jur\u00eddico.\r\n                                            <\/a>\r\n                                            <br \/>\r\n                                            <a href=\"https:\/\/www.fiscaliadecuentas.gob.pa\/wp-content\/uploads\/2024\/01\/Resolucion-N.-FGC-CSARH-CA-010-23-.pdf\"\r\n                                                rel=\"noopener\" target=\"_blank\" role=\"link\"><i\r\n                                                    class=\"fas fa-file-pdf fa-1x\"><\/i>\r\n                                                Resoluci\u00f3n No. FGC-CSARH-CA-010-23, que declara desierto el Concurso\r\n                                                Abierto N.\u00b0 FGC-CA-005-23 para ocupar el cargo de Asistente Operativo\r\n                                                Jur\u00eddico.\r\n                                            <\/a>\r\n                                        <\/p>\r\n                                    <\/div>\r\n                                <\/div>\r\n                                <!-- ============================================= Button-Group-End ====================================== -->\r\n                                <!-- <button type=\"button\" class=\"collapsible-ca\" style=\"background-color: #333333;\"><i class=\"fas fa-file-pdf fa-1x\"><\/i> Resoluci\u00f3n N\u00b0.FGC-CSARH-CA-02-22<\/button>\r\n                    <div class=\"content\">\r\n                    <p style=\"text-align: justify;\"><a href=\"#\" rel=\"noopener\" target=\"_blank\"><i class=\"fas fa-file-pdf fa-1x\"><\/i> Que comunica los resultados finales del Concurso Abierto N.\u00ba FGC-CA-001-21, para cubrir la vacante absoluta del cargo de Coordinador de Cooperaci\u00f3n T\u00e9cnica de la Fiscal\u00eda General de Cuentas.<\/a><\/p>\r\n                    <\/div> -->\r\n                                <button type=\"button\" class=\"collapsible-ca\" style=\"background-color: #333333\">\r\n                                    <i class=\"fas fa-angle-double-down fa-1x\"><\/i> Base Legal\r\n                                <\/button>\r\n                                <div class=\"content\">\r\n                                    <!-- ============================================= LEGAL-BASE-START ================================ -->\r\n                                    <div class=\"d-grid gap-2\">\r\n                                        <a class=\"btn btn-light text-justify\"\r\n                                            href=\"https:\/\/www.fiscaliadecuentas.gob.pa\/wp-content\/uploads\/2021\/11\/LEY-67-DE-2008-ACTUALIZADA-AL-2020-FGC-Secretaria-General.pdf\"\r\n                                            role=\"button\" rel=\"noopener\" target=\"_blank\"><i\r\n                                                class=\"fas fa-file-pdf fa-1x\"><\/i>\r\n                                            LEY 67 de 14 de\r\n                                            noviembre de 2008. \"QUE DESARROLLA LA JURISDICCI\u00d3N DE CUENTAS\r\n                                            Y REFORMA LA LEY 32 DE 1987, ORG\u00c1NICA DE LA CONTRALOR\u00cdA\r\n                                            GENERAL DE LA REP\u00daBLICA\"<\/a>\r\n                                        <a class=\"btn btn-light text-justify\"\r\n                                            href=\"https:\/\/www.fiscaliadecuentas.gob.pa\/wp-content\/uploads\/2021\/08\/Resolucion-N.%C2%B0-FGC-039-21-de-9-de-agosto-de-2021-QUE-APRUEBA-LA-REGLAMENTACION-DEL-ARTICULO-25-A.pdf\"\r\n                                            role=\"button\" rel=\"noopener\" target=\"_blank\"><i\r\n                                                class=\"fas fa-file-pdf fa-1x\"><\/i>\r\n                                            Resoluci\u00f3n N.\u00b0\r\n                                            FGC-039-21 de 9 de agosto de 2021. \"QUE APRUEBA LA\r\n                                            REGLAMENTACI\u00d3N DEL ARTICULO 25-A DE LA LEY 67 DE 14 DE\r\n                                            NOVIEMBRE DE 2008, POR EL CUAL SE INSTITUYE UN SISTEMA DE\r\n                                            CARRERA POR M\u00c9RITOS EN LA FISCAL\u00cdA GENERAL DE CUENTAS\"<\/a>\r\n                                        <a class=\"btn btn-light text-justify\"\r\n                                            href=\"https:\/\/www.fiscaliadecuentas.gob.pa\/wp-content\/uploads\/2022\/05\/RESOLUCION-FGC-N.\u00b0-21-22-1.pdf\"\r\n                                            role=\"button\" rel=\"noopener\" target=\"_blank\"><i\r\n                                                class=\"fas fa-file-pdf fa-1x\"><\/i>\r\n                                            Resoluci\u00f3n FGC N\u00b021-22\r\n                                            de 22 de abril de 2022. \"POR LA CUAL SE ADICIONA UN P\u00c1RRAFO AL\r\n                                            ART\u00cdCULO 13 DE LA RESOLUCI\u00d3N N\u00b0FGC-039-21 DE 9 DE AGOSTO DE\r\n                                            2021, QUE APRUEBA LA REGLAMENTACI\u00d3N DEL ART\u00cdCULO 25-A DE LA\r\n                                            LEY 67 DE 14 DE NOVIEMBRE DE 2008, POR EL CUAL SE INSTITUYE UN\r\n                                            SISTEMA DE CARRERA POR M\u00c9RITOS EN LA FISCAL\u00cdA GENERAL DE\r\n                                            CUENTAS.\"<\/a>\r\n                                        <a class=\"btn btn-light text-justify\"\r\n                                            href=\"https:\/\/www.fiscaliadecuentas.gob.pa\/wp-content\/uploads\/2023\/12\/Reglamento-Interno-de-la-Fiscalia-General-de-Cuentas-actualizado-a-diciembre-de-2023.pdf\"\r\n                                            role=\"link\" rel=\"noopener\" target=\"_blank\"><i\r\n                                                class=\"fas fa-file-pdf fa-1x\"><\/i>\r\n                                            Reglamento Interno de la Fiscal\u00eda General de Cuentas.\r\n                                        <\/a>\r\n                                        <a class=\"btn btn-light text-justify\"\r\n                                            href=\"https:\/\/www.fiscaliadecuentas.gob.pa\/wp-content\/uploads\/2023\/07\/Resolucion-N.\u00b0-FGC-CFGC-005-23.pdf\"\r\n                                            role=\"button\" rel=\"noopener\" target=\"_blank\"><i\r\n                                                class=\"fas fa-file-pdf fa-1x\"><\/i>\r\n                                            Resoluci\u00f3n No.\r\n                                            FGC-CFGC-005-23. \"QUE DECLARA UNA VACANTE ABSOLUTA\"<\/a>\r\n                                    <\/div>\r\n                                    <!-- ============================================= LEGAL-BASE-END ====================================== -->\r\n                                <\/div>\r\n                                <!-- Button trigger modal -->\r\n                                <div class=\"button-content\">\r\n                                    <button type=\"button\" class=\"btn btn-warning\" data-bs-toggle=\"modal\"\r\n                                        data-bs-target=\"#staticBackdrop-005-23\">\r\n                                        Aplicar a la Convocatoria\r\n                                    <\/button>\r\n                                <\/div>\r\n\r\n                                <!-- Modal -->\r\n                                <div class=\"modal fade\" id=\"staticBackdrop-005-23\" data-bs-backdrop=\"static\"\r\n                                    data-bs-keyboard=\"false\" tabindex=\"-1\" aria-labelledby=\"staticBackdropLabel-005-23\"\r\n                                    aria-hidden=\"true\">\r\n                                    <div class=\"modal-dialog\">\r\n                                        <div class=\"modal-content\">\r\n                                            <div class=\"modal-header\">\r\n                                                <h5 class=\"modal-title\" id=\"staticBackdropLabel-005-23\">\r\n                                                    !LO SENTIMOS\u00a1\r\n                                                <\/h5>\r\n                                                <button type=\"button\" class=\"btn-close\" data-bs-dismiss=\"modal\"\r\n                                                    aria-label=\"Close\"><\/button>\r\n                                            <\/div>\r\n                                            <div class=\"modal-body\">\r\n                                                LA CONVOCATORIA PARA EL CONCURSO ABIERTO\r\n                                                N.\u00b0 FGC-CA-005-23 \"ASISTENTE OPERATIVO JUR\u00cdDICO Pos. 76\" HA\r\n                                                CULMINADO.\r\n\r\n                                            <\/div>\r\n                                            <div class=\"modal-footer\">\r\n                                                <button type=\"button\" class=\"btn btn-secondary\" data-bs-dismiss=\"modal\">\r\n                                                    Close\r\n                                                <\/button>\r\n                                            <\/div>\r\n                                        <\/div>\r\n                                    <\/div>\r\n                                <\/div>\r\n                                <!-- End Modal -->\r\n                                <!-- <div class=\"button-content\"><a\r\n                        href=\"https:\/\/www.fiscaliadecuentas.gob.pa\/scmfgc\/formulario-fgc-ca-005-2023-asistente-operativo-juridico\/\"\r\n                        rel=\"noopener\" target=\"_blank\"><button type=\"button\" class=\"btn-submit\">Aplicar a la\r\n                            Convocatoria<\/button><\/a><\/div> -->\r\n                            <\/div>\r\n                            <!-- ##################END N.\u00b0 FGC-CA-005-23 ASISTENTE OPERATIVO JUR\u00cdDICO############################### -->\r\n\r\n                            <!-- ##################START N.\u00b0 FGC-CA-006-23 FISCAL ADJUNTO############################### -->\r\n\r\n                            <button type=\"button\" class=\"collapsible-ca\">\r\n                                <div class=\"btn-info\">\r\n                                    <div id=\"content-left\">\r\n                                        <p class=\"lh-sm\">Concurso Abierto N.\u00b0 FGC-CA-006-23<\/p>\r\n                                        <p class=\"lh-sm\">Cargo: FISCAL ADJUNTO Pos. 126<\/p>\r\n                                        <p class=\"lh-sm\">\r\n                                            <i class=\"fas fa-angle-double-down fa-1x\"><\/i> Ver m\u00e1s\r\n                                            informaci\u00f3n sobre este concurso\r\n                                        <\/p>\r\n                                    <\/div>\r\n                                    <div id=\"content-right\">\r\n                                        <img decoding=\"async\" src=\"https:\/\/www.fiscaliadecuentas.gob.pa\/wp-content\/uploads\/2023\/07\/Deputy-Prosecutor-A.png\"\r\n                                            class=\"image\" \/>\r\n                                    <\/div>\r\n                                <\/div>\r\n                            <\/button>\r\n                            <div class=\"content\">\r\n                                <!-- <button type=\"button\" class=\"collapsible-ca\" style=\"background-color: #333333;\"><i class=\"fas\r\n                        fa-info-circle fa-1x\"><\/i> AVISO<\/button> -->\r\n                                <!-- <div class=\"content\"><br>\r\n                    <p style=\"text-align: justify;\"><a\r\n                            href=\"https:\/\/www.fiscaliadecuentas.gob.pa\/wp-content\/uploads\/2022\/05\/Extension-Carrera-por-Merito.pdf\"\r\n                            rel=\"noopener\" target=\"_blank\"><i class=\"fas\r\n                                fa-file-pdf fa-1x\"><\/i> Extensi\u00f3n de\r\n                            entrega de documentos hasta el 10 de junio\r\n                            de 2022.<\/a><\/p>\r\n                <\/div> -->\r\n\r\n                                <!-- ============================================= Button-Group-Start ================================ -->\r\n                                <div class=\"d-grid gap-2\">\r\n                                    <a class=\"btn btn-light text-left\"\r\n                                        href=\"https:\/\/www.fiscaliadecuentas.gob.pa\/wp-content\/uploads\/2023\/07\/AVISO-DE-CONVOCATORIA-N.o-FGC-CA-006-23.pdf\"\r\n                                        role=\"button\" rel=\"noopener\" target=\"_blank\"><i class=\"fas fa-search fa-1x\"><\/i>\r\n                                        Ver\r\n                                        Aviso del Concurso\r\n                                        Abierto<\/a>\r\n                                    <!-- <a class=\"btn btn-light text-left\"\r\n                        href=\"https:\/\/www.fiscaliadecuentas.gob.pa\/wp-content\/uploads\/2022\/05\/Aviso-Fiscal-Adjunto-No.-FGC-CA-003-22.pdf\"\r\n                        role=\"button\" rel=\"noopener\" target=\"_blank\"><i class=\"fas fa-file-pdf fa-1x\"><\/i>\r\n                        Mecanismo\r\n                        para acreditar los requisitos b\u00e1sicos para\r\n                        ocupar cualquier cargo en la Fiscal\u00eda General de\r\n                        Cuentas.<\/a> -->\r\n                                    <a class=\"btn btn-light text-left\"\r\n                                        href=\"https:\/\/www.fiscaliadecuentas.gob.pa\/wp-content\/uploads\/2023\/07\/INSTRUCTIVO-N.o-FGC-CA-006-23.pdf\"\r\n                                        role=\"button\" rel=\"noopener\" target=\"_blank\"><i class=\"fas fa-search fa-1x\"><\/i>\r\n                                        Ver\r\n                                        Instructivo del\r\n                                        Concurso Abierto<\/a>\r\n                                    <a class=\"btn btn-light text-left\"\r\n                                        href=\"https:\/\/www.fiscaliadecuentas.gob.pa\/wp-content\/uploads\/2023\/07\/TABLA-DE-PONDERACION-N.\u00b0-FGC-CFGC-006-23.pdf\"\r\n                                        role=\"button\" rel=\"noopener\" target=\"_blank\"><i class=\"fas fa-search fa-1x\"><\/i>\r\n                                        Ver\r\n                                        Tabla de Ponderaci\u00f3n\r\n                                    <\/a>\r\n                                    <a class=\"btn btn-light text-left collapsible-ca btn-results p-2\"\r\n                                        style=\"background-color: #f8f9fa;\" role=\"link\"><i\r\n                                            class=\"fas fa-search fa-1x\"><\/i>\r\n                                        Ver Resultados\r\n                                    <\/a>\r\n                                    <div class=\"content\" style=\"display: block;\">\r\n                                        <p style=\"text-align: justify\">\r\n                                            <a href=\"https:\/\/www.fiscaliadecuentas.gob.pa\/wp-content\/uploads\/2023\/11\/Resolucion-N.\u00b0-FGC-CSARH-CA-009-23.pdf\"\r\n                                                rel=\"noopener\" target=\"_blank\" role=\"link\"><i\r\n                                                    class=\"fas fa-file-pdf fa-1x\"><\/i>\r\n                                                Resoluci\u00f3n No. FGC-CSARH-CA-009-23, que comunica los resultados del\r\n                                                Concurso Abierto N.\u00b0 FGC-CA-006-23 para ocupar el cargo de Fiscal\r\n                                                Adjunto.\r\n                                            <\/a>\r\n                                        <\/p>\r\n                                    <\/div>\r\n                                    <!-- <button type=\"button\" class=\"collapsible-ca\" style=\"background-color: #333333;\"><i\r\n                            class=\"fas fa-search fa-1x\"><\/i> Resoluci\u00f3n N.\u00b0 FGC-CSARH-CA-013-22<\/button> -->\r\n                                    <!-- <div class=\"content\">\r\n                        <p style=\"text-align: justify;\"><a\r\n                                href=\"https:\/\/www.fiscaliadecuentas.gob.pa\/wp-content\/uploads\/2023\/05\/Resolucion_FGC_CSARH-CA-013-22.pdf\"\r\n                                rel=\"noopener\" target=\"_blank\"><i class=\"fas fa-file-pdf fa-1x\"><\/i> Que\r\n                                comunica los\r\n                                resultados finales del Concurso Abierto N.\u00ba FGC-CSARH-CA-013-22, para cubrir la\r\n                                vacante absoluta\r\n                                del cargo de Fiscal Adjunto de la Fiscal\u00eda General de Cuentas.<\/a><\/p>\r\n                    <\/div> -->\r\n                                <\/div>\r\n                                <!-- ============================================= Button-Group-End ====================================== -->\r\n                                <!--<button type=\"button\" class=\"collapsible-ca\" style=\"background-color: #333333;\"><i class=\"fas fa-file-pdf fa-1x\"><\/i> Resoluci\u00f3n N\u00b0.FGC-CSARH-CA-02-22<\/button>\r\n            <div class=\"content\">\r\n              <p style=\"text-align: justify;\"><a href=\"#\" rel=\"noopener\" target=\"_blank\"><i class=\"fas fa-file-pdf fa-1x\"><\/i> Que comunica los resultados finales del Concurso Abierto N.\u00ba FGC-CA-001-21, para cubrir la vacante absoluta del cargo de Coordinador de Cooperaci\u00f3n T\u00e9cnica de la Fiscal\u00eda General de Cuentas.<\/a><\/p>\r\n            <\/div>-->\r\n                                <button type=\"button\" class=\"collapsible-ca\" style=\"background-color: #333333\">\r\n                                    <i class=\"fas fa-angle-double-down fa-1x\"><\/i> Base Legal\r\n                                <\/button>\r\n                                <div class=\"content\">\r\n                                    <!-- ============================================= LEGAL-BASE-START ================================ -->\r\n                                    <div class=\"d-grid gap-2\">\r\n                                        <a class=\"btn btn-light text-justify\"\r\n                                            href=\"https:\/\/www.fiscaliadecuentas.gob.pa\/wp-content\/uploads\/2021\/11\/LEY-67-DE-2008-ACTUALIZADA-AL-2020-FGC-Secretaria-General.pdf\"\r\n                                            role=\"button\" rel=\"noopener\" target=\"_blank\"><i\r\n                                                class=\"fas fa-file-pdf fa-1x\"><\/i>\r\n                                            LEY 67 de 14 de\r\n                                            noviembre de 2008. \"QUE DESARROLLA LA JURISDICCI\u00d3N DE CUENTAS\r\n                                            Y REFORMA LA LEY 32 DE 1987, ORG\u00c1NICA DE LA CONTRALOR\u00cdA\r\n                                            GENERAL DE LA REP\u00daBLICA\"<\/a>\r\n                                        <a class=\"btn btn-light text-justify\"\r\n                                            href=\"https:\/\/www.fiscaliadecuentas.gob.pa\/wp-content\/uploads\/2021\/08\/Resolucion-N.%C2%B0-FGC-039-21-de-9-de-agosto-de-2021-QUE-APRUEBA-LA-REGLAMENTACION-DEL-ARTICULO-25-A.pdf\"\r\n                                            role=\"button\" rel=\"noopener\" target=\"_blank\"><i\r\n                                                class=\"fas fa-file-pdf fa-1x\"><\/i>\r\n                                            Resoluci\u00f3n N.\u00b0\r\n                                            FGC-039-21 de 9 de agosto de 2021. \"QUE APRUEBA LA\r\n                                            REGLAMENTACI\u00d3N DEL ARTICULO 25-A DE LA LEY 67 DE 14 DE\r\n                                            NOVIEMBRE DE 2008, POR EL CUAL SE INSTITUYE UN SISTEMA DE\r\n                                            CARRERA POR M\u00c9RITOS EN LA FISCAL\u00cdA GENERAL DE CUENTAS\"<\/a>\r\n                                        <a class=\"btn btn-light text-justify\"\r\n                                            href=\"https:\/\/www.fiscaliadecuentas.gob.pa\/wp-content\/uploads\/2022\/05\/RESOLUCION-FGC-N.\u00b0-21-22-1.pdf\"\r\n                                            role=\"button\" rel=\"noopener\" target=\"_blank\"><i\r\n                                                class=\"fas fa-file-pdf fa-1x\"><\/i>\r\n                                            Resoluci\u00f3n FGC N\u00b021-22\r\n                                            de 22 de abril de 2022. \"POR LA CUAL SE ADICIONA UN P\u00c1RRAFO AL\r\n                                            ART\u00cdCULO 13 DE LA RESOLUCI\u00d3N N\u00b0FGC-039-21 DE 9 DE AGOSTO DE\r\n                                            2021, QUE APRUEBA LA REGLAMENTACI\u00d3N DEL ART\u00cdCULO 25-A DE LA\r\n                                            LEY 67 DE 14 DE NOVIEMBRE DE 2008, POR EL CUAL SE INSTITUYE UN\r\n                                            SISTEMA DE CARRERA POR M\u00c9RITOS EN LA FISCAL\u00cdA GENERAL DE\r\n                                            CUENTAS.\"<\/a>\r\n                                        <a class=\"btn btn-light text-justify\"\r\n                                            href=\"https:\/\/www.fiscaliadecuentas.gob.pa\/wp-content\/uploads\/2023\/12\/Reglamento-Interno-de-la-Fiscalia-General-de-Cuentas-actualizado-a-diciembre-de-2023.pdf\"\r\n                                            role=\"link\" rel=\"noopener\" target=\"_blank\"><i\r\n                                                class=\"fas fa-file-pdf fa-1x\"><\/i>\r\n                                            Reglamento Interno de la Fiscal\u00eda General de Cuentas.\r\n                                        <\/a>\r\n                                        <a class=\"btn btn-light text-justify\"\r\n                                            href=\"https:\/\/www.fiscaliadecuentas.gob.pa\/wp-content\/uploads\/2023\/07\/Resolucion-N.\u00b0-FGC-CFGC-006-23.pdf\"\r\n                                            role=\"button\" rel=\"noopener\" target=\"_blank\"><i\r\n                                                class=\"fas fa-file-pdf fa-1x\"><\/i>\r\n                                            Resoluci\u00f3n No.\r\n                                            FGC-CFGC-006-23. \"QUE DECLARA UNA VACANTE ABSOLUTA\"<\/a>\r\n                                    <\/div>\r\n                                    <!-- ============================================= LEGAL-BASE-END ====================================== -->\r\n                                <\/div>\r\n                                <!-- Button trigger modal -->\r\n                                <div class=\"button-content\">\r\n                                    <button type=\"button\" class=\"btn btn-warning\" data-bs-toggle=\"modal\"\r\n                                        data-bs-target=\"#staticBackdrop-006-23\">\r\n                                        Aplicar a la Convocatoria\r\n                                    <\/button>\r\n                                <\/div>\r\n\r\n                                <!-- Modal -->\r\n                                <div class=\"modal fade\" id=\"staticBackdrop-006-23\" data-bs-backdrop=\"static\"\r\n                                    data-bs-keyboard=\"false\" tabindex=\"-1\" aria-labelledby=\"staticBackdropLabel-006-23\"\r\n                                    aria-hidden=\"true\">\r\n                                    <div class=\"modal-dialog\">\r\n                                        <div class=\"modal-content\">\r\n                                            <div class=\"modal-header\">\r\n                                                <h5 class=\"modal-title\" id=\"staticBackdropLabel-006-23\">\r\n                                                    !LO SENTIMOS\u00a1\r\n                                                <\/h5>\r\n                                                <button type=\"button\" class=\"btn-close\" data-bs-dismiss=\"modal\"\r\n                                                    aria-label=\"Close\"><\/button>\r\n                                            <\/div>\r\n                                            <div class=\"modal-body\">\r\n                                                LA CONVOCATORIA PARA EL CONCURSO ABIERTO\r\n                                                N.\u00b0 FGC-CA-006-23 \"FISCAL ADJUNTO Pos. 126\" HA\r\n                                                CULMINADO.\r\n                                            <\/div>\r\n                                            <div class=\"modal-footer\">\r\n                                                <button type=\"button\" class=\"btn btn-secondary\" data-bs-dismiss=\"modal\">\r\n                                                    Close\r\n                                                <\/button>\r\n                                            <\/div>\r\n                                        <\/div>\r\n                                    <\/div>\r\n                                <\/div>\r\n                                <!-- End Modal -->\r\n                                <!-- <div class=\"button-content\"><a href=\"https:\/\/www.fiscaliadecuentas.gob.pa\/scmfgc\/formulario-fgc-ca-006-2023-fiscal-adjunto\/\" rel=\"noopener\" target=\"_blank\"><button type=\"button\" class=\"btn-submit\">Aplicar a la Convocatoria<\/button><\/a><\/div> -->\r\n                            <\/div>\r\n                            <!-- ##################END N.\u00b0 FGC-CA-006-23 FISCAL ADJUNTO############################### -->\r\n\r\n                            <!-- ##################START N.\u00b0 FGC-CA-007-23 FISCAL ADJUNTO############################### -->\r\n                            <button type=\"button\" class=\"collapsible-ca\">\r\n                                <div class=\"btn-info\">\r\n                                    <div id=\"content-left\">\r\n                                        <p class=\"lh-sm\">Concurso Abierto N.\u00b0 FGC-CA-007-23<\/p>\r\n                                        <p class=\"lh-sm\">Cargo: FISCAL ADJUNTO Pos. 137<\/p>\r\n                                        <p class=\"lh-sm\">\r\n                                            <i class=\"fas fa-angle-double-down fa-1x\"><\/i> Ver m\u00e1s\r\n                                            informaci\u00f3n sobre este concurso\r\n                                        <\/p>\r\n                                    <\/div>\r\n                                    <div id=\"content-right\">\r\n                                        <img decoding=\"async\" src=\"https:\/\/www.fiscaliadecuentas.gob.pa\/wp-content\/uploads\/2023\/07\/Deputy-Prosecutor-A.png\"\r\n                                            class=\"image\" \/>\r\n                                    <\/div>\r\n                                <\/div>\r\n                            <\/button>\r\n                            <div class=\"content\">\r\n                                <!-- <button type=\"button\" class=\"collapsible-ca\" style=\"background-color: #333333;\"><i class=\"fas\r\n                        fa-info-circle fa-1x\"><\/i> AVISO<\/button> -->\r\n                                <!-- <div class=\"content\"><br>\r\n                    <p style=\"text-align: justify;\"><a\r\n                            href=\"https:\/\/www.fiscaliadecuentas.gob.pa\/wp-content\/uploads\/2022\/05\/Extension-Carrera-por-Merito.pdf\"\r\n                            rel=\"noopener\" target=\"_blank\"><i class=\"fas\r\n                                fa-file-pdf fa-1x\"><\/i> Extensi\u00f3n de\r\n                            entrega de documentos hasta el 10 de junio\r\n                            de 2022.<\/a><\/p>\r\n                <\/div> -->\r\n\r\n                                <!-- ============================================= Button-Group-Start ================================ -->\r\n                                <div class=\"d-grid gap-2\">\r\n                                    <a class=\"btn btn-light text-left\"\r\n                                        href=\"https:\/\/www.fiscaliadecuentas.gob.pa\/wp-content\/uploads\/2023\/07\/AVISO-DE-CONVOCATORIA-N.o-FGC-CA-007-23.pdf\"\r\n                                        role=\"button\" rel=\"noopener\" target=\"_blank\"><i class=\"fas fa-search fa-1x\"><\/i>\r\n                                        Ver\r\n                                        Aviso del Concurso\r\n                                        Abierto<\/a>\r\n                                    <!-- <a class=\"btn btn-light text-left\"\r\n                        href=\"https:\/\/www.fiscaliadecuentas.gob.pa\/wp-content\/uploads\/2022\/05\/Aviso-Fiscal-Adjunto-No.-FGC-CA-003-22.pdf\"\r\n                        role=\"button\" rel=\"noopener\" target=\"_blank\"><i class=\"fas fa-file-pdf fa-1x\"><\/i>\r\n                        Mecanismo\r\n                        para acreditar los requisitos b\u00e1sicos para\r\n                        ocupar cualquier cargo en la Fiscal\u00eda General de\r\n                        Cuentas.<\/a> -->\r\n                                    <a class=\"btn btn-light text-left\"\r\n                                        href=\"https:\/\/www.fiscaliadecuentas.gob.pa\/wp-content\/uploads\/2023\/07\/INSTRUCTIVO-N.o-FGC-CA-007-23.pdf\"\r\n                                        role=\"button\" rel=\"noopener\" target=\"_blank\"><i class=\"fas fa-search fa-1x\"><\/i>\r\n                                        Ver\r\n                                        Instructivo del\r\n                                        Concurso Abierto<\/a>\r\n                                    <a class=\"btn btn-light text-left\"\r\n                                        href=\"https:\/\/www.fiscaliadecuentas.gob.pa\/wp-content\/uploads\/2023\/07\/TABLA-DE-PONDERACION-N.o-FGC-CA-007-23.pdf\"\r\n                                        role=\"button\" rel=\"noopener\" target=\"_blank\"><i class=\"fas fa-search fa-1x\"><\/i>\r\n                                        Ver\r\n                                        Tabla de Ponderaci\u00f3n\r\n                                    <\/a>\r\n                                    <a class=\"btn btn-light text-left collapsible-ca btn-results p-2\"\r\n                                        style=\"background-color: #f8f9fa;\" role=\"link\"><i\r\n                                            class=\"fas fa-search fa-1x\"><\/i>\r\n                                        Ver Resultados\r\n                                    <\/a>\r\n                                    <div class=\"content\" style=\"display: block;\">\r\n                                        <p style=\"text-align: justify\">\r\n                                            <a href=\"https:\/\/www.fiscaliadecuentas.gob.pa\/wp-content\/uploads\/2023\/12\/Resolucion-FGC-CSARH-CA-012-23.pdf\"\r\n                                                rel=\"noopener\" target=\"_blank\" role=\"link\"><i\r\n                                                    class=\"fas fa-file-pdf fa-1x\"><\/i>\r\n                                                Resoluci\u00f3n No. FGC-CSARH-CA-012-23, que comunica los resultados del\r\n                                                Concurso Abierto N.\u00b0 FGC-CA-007-23 para ocupar el cargo de Fiscal\r\n                                                Adjunto.\r\n                                            <\/a>\r\n                                        <\/p>\r\n                                    <\/div>\r\n                                    <div class=\"content\" style=\"display: block;\">\r\n                                        <p style=\"text-align: justify\">\r\n                                            <a href=\"https:\/\/www.fiscaliadecuentas.gob.pa\/scmfgc\/wp-content\/uploads\/2024\/08\/Resolucion-N.o-FGC-CSARH-CA-30-24-.pdf\"\r\n                                                rel=\"noopener\" target=\"_blank\" role=\"link\"><i\r\n                                                    class=\"fas fa-file-pdf fa-1x\"><\/i>\r\n                                                Resoluci\u00f3n No. FGC-CSARH-CA-30-24, que deja sin efecto la Resoluci\u00f3n FGC-CFGC-007-23 de 26 de julio de 2023, que declara\r\n                                                vacante absoluta la posici\u00f3n 137, para ocupar el cargo de Fiscal Adjunto.\r\n\r\n                                            <\/a>\r\n                                        <\/p>\r\n                                    <\/div>\r\n                                   \r\n                                <\/div>\r\n                                <!-- ============================================= Button-Group-End ====================================== -->\r\n                                <!--<button type=\"button\" class=\"collapsible-ca\" style=\"background-color: #333333;\"><i class=\"fas fa-file-pdf fa-1x\"><\/i> Resoluci\u00f3n N\u00b0.FGC-CSARH-CA-02-22<\/button>\r\n            <div class=\"content\">\r\n              <p style=\"text-align: justify;\"><a href=\"#\" rel=\"noopener\" target=\"_blank\"><i class=\"fas fa-file-pdf fa-1x\"><\/i> Que comunica los resultados finales del Concurso Abierto N.\u00ba FGC-CA-001-21, para cubrir la vacante absoluta del cargo de Coordinador de Cooperaci\u00f3n T\u00e9cnica de la Fiscal\u00eda General de Cuentas.<\/a><\/p>\r\n            <\/div>-->\r\n                                <button type=\"button\" class=\"collapsible-ca\" style=\"background-color: #333333\">\r\n                                    <i class=\"fas fa-angle-double-down fa-1x\"><\/i> Base Legal\r\n                                <\/button>\r\n                                <div class=\"content\">\r\n                                    <!-- ============================================= LEGAL-BASE-START ================================ -->\r\n                                    <div class=\"d-grid gap-2\">\r\n                                        <a class=\"btn btn-light text-justify\"\r\n                                            href=\"https:\/\/www.fiscaliadecuentas.gob.pa\/wp-content\/uploads\/2021\/11\/LEY-67-DE-2008-ACTUALIZADA-AL-2020-FGC-Secretaria-General.pdf\"\r\n                                            role=\"button\" rel=\"noopener\" target=\"_blank\"><i\r\n                                                class=\"fas fa-file-pdf fa-1x\"><\/i>\r\n                                            LEY 67 de 14 de\r\n                                            noviembre de 2008. \"QUE DESARROLLA LA JURISDICCI\u00d3N DE CUENTAS\r\n                                            Y REFORMA LA LEY 32 DE 1987, ORG\u00c1NICA DE LA CONTRALOR\u00cdA\r\n                                            GENERAL DE LA REP\u00daBLICA\"<\/a>\r\n                                        <a class=\"btn btn-light text-justify\"\r\n                                            href=\"https:\/\/www.fiscaliadecuentas.gob.pa\/wp-content\/uploads\/2021\/08\/Resolucion-N.%C2%B0-FGC-039-21-de-9-de-agosto-de-2021-QUE-APRUEBA-LA-REGLAMENTACION-DEL-ARTICULO-25-A.pdf\"\r\n                                            role=\"button\" rel=\"noopener\" target=\"_blank\"><i\r\n                                                class=\"fas fa-file-pdf fa-1x\"><\/i>\r\n                                            Resoluci\u00f3n N.\u00b0\r\n                                            FGC-039-21 de 9 de agosto de 2021. \"QUE APRUEBA LA\r\n                                            REGLAMENTACI\u00d3N DEL ARTICULO 25-A DE LA LEY 67 DE 14 DE\r\n                                            NOVIEMBRE DE 2008, POR EL CUAL SE INSTITUYE UN SISTEMA DE\r\n                                            CARRERA POR M\u00c9RITOS EN LA FISCAL\u00cdA GENERAL DE CUENTAS\"<\/a>\r\n                                        <a class=\"btn btn-light text-justify\"\r\n                                            href=\"https:\/\/www.fiscaliadecuentas.gob.pa\/wp-content\/uploads\/2022\/05\/RESOLUCION-FGC-N.\u00b0-21-22-1.pdf\"\r\n                                            role=\"button\" rel=\"noopener\" target=\"_blank\"><i\r\n                                                class=\"fas fa-file-pdf fa-1x\"><\/i>\r\n                                            Resoluci\u00f3n FGC N\u00b021-22\r\n                                            de 22 de abril de 2022. \"POR LA CUAL SE ADICIONA UN P\u00c1RRAFO AL\r\n                                            ART\u00cdCULO 13 DE LA RESOLUCI\u00d3N N\u00b0FGC-039-21 DE 9 DE AGOSTO DE\r\n                                            2021, QUE APRUEBA LA REGLAMENTACI\u00d3N DEL ART\u00cdCULO 25-A DE LA\r\n                                            LEY 67 DE 14 DE NOVIEMBRE DE 2008, POR EL CUAL SE INSTITUYE UN\r\n                                            SISTEMA DE CARRERA POR M\u00c9RITOS EN LA FISCAL\u00cdA GENERAL DE\r\n                                            CUENTAS.\"<\/a>\r\n                                        <a class=\"btn btn-light text-justify\"\r\n                                            href=\"https:\/\/www.fiscaliadecuentas.gob.pa\/wp-content\/uploads\/2023\/12\/Reglamento-Interno-de-la-Fiscalia-General-de-Cuentas-actualizado-a-diciembre-de-2023.pdf\"\r\n                                            role=\"link\" rel=\"noopener\" target=\"_blank\"><i\r\n                                                class=\"fas fa-file-pdf fa-1x\"><\/i>\r\n                                            Reglamento Interno de la Fiscal\u00eda General de Cuentas.\r\n                                        <\/a>\r\n                                        <a class=\"btn btn-light text-justify\"\r\n                                            href=\"https:\/\/www.fiscaliadecuentas.gob.pa\/wp-content\/uploads\/2023\/07\/Resolucion-N.\u00b0-FGC-CFGC-007-23.pdf\"\r\n                                            role=\"button\" rel=\"noopener\" target=\"_blank\"><i\r\n                                                class=\"fas fa-file-pdf fa-1x\"><\/i>\r\n                                            Resoluci\u00f3n No.\r\n                                            FGC-CFGC-007-23. \"QUE DECLARA UNA VACANTE ABSOLUTA\"<\/a>\r\n                                    <\/div>\r\n                                    <!-- ============================================= LEGAL-BASE-END ====================================== -->\r\n                                <\/div>\r\n                                <!-- Button trigger modal -->\r\n                                <div class=\"button-content\">\r\n                                    <button type=\"button\" class=\"btn btn-warning\" data-bs-toggle=\"modal\"\r\n                                        data-bs-target=\"#staticBackdrop-007-23\">\r\n                                        Aplicar a la Convocatoria\r\n                                    <\/button>\r\n                                <\/div>\r\n\r\n                                <!-- Modal -->\r\n                                <div class=\"modal fade\" id=\"staticBackdrop-007-23\" data-bs-backdrop=\"static\"\r\n                                    data-bs-keyboard=\"false\" tabindex=\"-1\" aria-labelledby=\"staticBackdropLabel-007-23\"\r\n                                    aria-hidden=\"true\">\r\n                                    <div class=\"modal-dialog\">\r\n                                        <div class=\"modal-content\">\r\n                                            <div class=\"modal-header\">\r\n                                                <h5 class=\"modal-title\" id=\"staticBackdropLabel-007-23\">\r\n                                                    !LO SENTIMOS\u00a1\r\n                                                <\/h5>\r\n                                                <button type=\"button\" class=\"btn-close\" data-bs-dismiss=\"modal\"\r\n                                                    aria-label=\"Close\"><\/button>\r\n                                            <\/div>\r\n                                            <div class=\"modal-body\">\r\n                                                LA CONVOCATORIA PARA EL CONCURSO ABIERTO\r\n                                                N.\u00b0 FGC-CA-007-23 \"FISCAL ADJUNTO Pos. 137\" HA\r\n                                                CULMINADO.\r\n                                            <\/div>\r\n                                            <div class=\"modal-footer\">\r\n                                                <button type=\"button\" class=\"btn btn-secondary\" data-bs-dismiss=\"modal\">\r\n                                                    Close\r\n                                                <\/button>\r\n                                            <\/div>\r\n                                        <\/div>\r\n                                    <\/div>\r\n                                <\/div>\r\n                                <!-- End Modal -->\r\n                                <!-- <div class=\"button-content\"><a href=\"https:\/\/www.fiscaliadecuentas.gob.pa\/scmfgc\/formulario-fgc-ca-007-2023-fiscal-adjunto\/\" rel=\"noopener\" target=\"_blank\"><button type=\"button\" class=\"btn-submit\">Aplicar a la Convocatoria<\/button><\/a><\/div> -->\r\n                            <\/div>\r\n                            <!-- ##################END N.\u00b0 FGC-CA-007-23 FISCAL ADJUNTO############################### -->\r\n                            <!-- ####################################################################################### -->\r\n                            <!-- ### INICIO Concurso Abierto N.\u00b0 FGC-CA-008-23 ASISTENTE OPERATIVO JUR\u00cdDICO POSC.181#### -->\r\n                            <!-- ####################################################################################### -->\r\n                            <button type=\"button\" class=\"collapsible-ca\">\r\n                                <div class=\"btn-info\">\r\n                                    <div id=\"content-left\">\r\n                                        <p class=\"lh-sm\">Concurso Abierto N.\u00b0 FGC-CA-008-23<\/p>\r\n                                        <p class=\"lh-sm\">Cargo: ASISTENTE OPERATIVO JUR\u00cdDICO Posc. 181<\/p>\r\n                                        <p class=\"lh-sm\">\r\n                                            <i class=\"fas fa-angle-double-down fa-1x\"><\/i> Ver m\u00e1s\r\n                                            informaci\u00f3n sobre este concurso\r\n                                        <\/p>\r\n                                    <\/div>\r\n                                    <div id=\"content-right\">\r\n                                        <img decoding=\"async\" src=\"https:\/\/www.fiscaliadecuentas.gob.pa\/wp-content\/uploads\/2023\/05\/legal-operational-assistant.png\"\r\n                                            class=\"image\" \/>\r\n                                    <\/div>\r\n                                <\/div>\r\n                            <\/button>\r\n                            <div class=\"content\">\r\n                                <!-- INICIO AVISO DE CONVOCATORIA EXTENSI\u00d3N DE ENTREGA PARA DOCUMENTOS -->\r\n                                <!-- <button type=\"button\" class=\"collapsible-ca\"\r\n                style=\"background-color: #333333;\"><i class=\"fas\r\n                    fa-info-circle fa-1x\"><\/i> AVISO<\/button>\r\n                            <div class=\"content\"><br>\r\n                                <p style=\"text-align: justify;\"><a\r\n                                        href=\"https:\/\/www.fiscaliadecuentas.gob.pa\/wp-content\/uploads\/2022\/05\/Extension-Carrera-por-Merito.pdf\"\r\n                                        rel=\"noopener\" target=\"_blank\"><i class=\"fas\r\n                                            fa-file-pdf fa-1x\"><\/i> Extensi\u00f3n de\r\n                                        entrega de documentos hasta el 10 de junio\r\n                                        de 2022.<\/a><\/p>\r\n                            <\/div> -->\r\n                                <!-- FINAL AVISO DE CONVOCATORIA EXTENSI\u00d3N DE ENTREGA PARA DOCUMENTOS -->\r\n\r\n                                <!-- ============================================= Button-Group-Start ================================ -->\r\n                                <div class=\"d-grid gap-2\">\r\n                                    <a class=\"btn btn-light text-left\"\r\n                                        href=\"https:\/\/www.fiscaliadecuentas.gob.pa\/wp-content\/uploads\/2023\/09\/AVISO-DE-CONVOCATORIA-FGC-CA-008-23.pdf\"\r\n                                        role=\"button\" rel=\"noopener\" target=\"_blank\"><i class=\"fas fa-search fa-1x\"><\/i>\r\n                                        Ver\r\n                                        Aviso del Concurso\r\n                                        Abierto<\/a>\r\n                                    <!-- <a class=\"btn btn-light text-left\"\r\n                    href=\"https:\/\/www.fiscaliadecuentas.gob.pa\/wp-content\/uploads\/2022\/05\/Aviso-Fiscal-Adjunto-No.-FGC-CA-003-22.pdf\"\r\n                    role=\"button\" rel=\"noopener\" target=\"_blank\"><i\r\n                        class=\"fas fa-file-pdf fa-1x\"><\/i> Mecanismo\r\n                    para acreditar los requisitos b\u00e1sicos para\r\n                    ocupar cualquier cargo en la Fiscal\u00eda General de\r\n                    Cuentas.<\/a> -->\r\n                                    <a class=\"btn btn-light text-left\"\r\n                                        href=\"https:\/\/www.fiscaliadecuentas.gob.pa\/wp-content\/uploads\/2023\/09\/INSTRUCTIVO-FGC-CA-008-23.pdf\"\r\n                                        role=\"button\" rel=\"noopener\" target=\"_blank\"><i class=\"fas fa-search fa-1x\"><\/i>\r\n                                        Ver\r\n                                        Instructivo del\r\n                                        Concurso Abierto<\/a>\r\n                                    <a class=\"btn btn-light text-left\"\r\n                                        href=\"https:\/\/www.fiscaliadecuentas.gob.pa\/wp-content\/uploads\/2023\/09\/TABLA-DE-PONDERACION-FGC-CA-008-23.pdf\"\r\n                                        role=\"button\" rel=\"noopener\" target=\"_blank\"><i class=\"fas fa-search fa-1x\"><\/i>\r\n                                        Ver\r\n                                        Tabla de Ponderaci\u00f3n\r\n                                    <\/a>\r\n                                    <a class=\"btn btn-light text-left collapsible-ca btn-results p-2\"\r\n                                        style=\"background-color: #f8f9fa;\" role=\"link\"><i\r\n                                            class=\"fas fa-search fa-1x\"><\/i>\r\n                                        Ver Resultados\r\n                                    <\/a>\r\n                                    <div class=\"content\" style=\"display: block;\">\r\n                                        <p style=\"text-align: justify\">\r\n                                            <a href=\"https:\/\/www.fiscaliadecuentas.gob.pa\/wp-content\/uploads\/2024\/01\/Resolucion-N.-FGC-CSARH-CA-011-23.pdf\"\r\n                                                rel=\"noopener\" target=\"_blank\" role=\"link\"><i\r\n                                                    class=\"fas fa-file-pdf fa-1x\"><\/i>\r\n                                                Resoluci\u00f3n No. FGC-CSARH-CA-011-23, que declara desierto el Concurso\r\n                                                Abierto N.\u00b0 FGC-CA-008-23 para ocupar el cargo de Asistente Operativo\r\n                                                Jur\u00eddico.\r\n                                            <\/a>\r\n                                        <\/p>\r\n                                    <\/div>\r\n                                <\/div>\r\n                                <!-- ============================================= Button-Group-End ====================================== -->\r\n                                <!-- <button type=\"button\" class=\"collapsible-ca\" style=\"background-color: #333333\">\r\n                            <i class=\"fas fa-file-pdf fa-1x\"><\/i> Resoluci\u00f3n N.\u00b0\r\n                            FGC-CSARH-CA-008-23\r\n                        <\/button> -->\r\n                                <!-- <div class=\"content\">\r\n                            <p style=\"text-align: justify\">\r\n                                <a href=\"https:\/\/www.fiscaliadecuentas.gob.pa\/wp-content\/uploads\/2023\/07\/Resolucion-N.\u00b0-FGC-CSARH-CA-002-23.pdf\"\r\n                                    rel=\"noopener\" target=\"_blank\"><i class=\"fas fa-file-pdf fa-1x\"><\/i> Que declara\r\n                                    desierto el\r\n                                    Concurso Abierto N.\u00b0 FGC-CA-008-23 para ocupar el cargo de\r\n                                    Asistente Operativo Jur\u00eddico<\/a>\r\n                            <\/p>\r\n                        <\/div> -->\r\n                                <button type=\"button\" class=\"collapsible-ca\" style=\"background-color: #333333\">\r\n                                    <i class=\"fas fa-angle-double-down fa-1x\"><\/i> Base Legal\r\n                                <\/button>\r\n                                <div class=\"content\">\r\n                                    <!-- ============================================= LEGAL-BASE-START ================================ -->\r\n                                    <div class=\"d-grid gap-2\">\r\n                                        <a class=\"btn btn-light text-justify\"\r\n                                            href=\"https:\/\/www.fiscaliadecuentas.gob.pa\/wp-content\/uploads\/2021\/11\/LEY-67-DE-2008-ACTUALIZADA-AL-2020-FGC-Secretaria-General.pdf\"\r\n                                            role=\"button\" rel=\"noopener\" target=\"_blank\"><i\r\n                                                class=\"fas fa-file-pdf fa-1x\"><\/i>\r\n                                            LEY 67 de 14 de\r\n                                            noviembre de 2008. \"QUE DESARROLLA LA JURISDICCI\u00d3N DE CUENTAS\r\n                                            Y REFORMA LA LEY 32 DE 1987, ORG\u00c1NICA DE LA CONTRALOR\u00cdA\r\n                                            GENERAL DE LA REP\u00daBLICA\"<\/a>\r\n                                        <a class=\"btn btn-light text-justify\"\r\n                                            href=\"https:\/\/www.fiscaliadecuentas.gob.pa\/wp-content\/uploads\/2021\/08\/Resolucion-N.%C2%B0-FGC-039-21-de-9-de-agosto-de-2021-QUE-APRUEBA-LA-REGLAMENTACION-DEL-ARTICULO-25-A.pdf\"\r\n                                            role=\"button\" rel=\"noopener\" target=\"_blank\"><i\r\n                                                class=\"fas fa-file-pdf fa-1x\"><\/i>\r\n                                            Resoluci\u00f3n N.\u00b0\r\n                                            FGC-039-21 de 9 de agosto de 2021. \"QUE APRUEBA LA\r\n                                            REGLAMENTACI\u00d3N DEL ARTICULO 25-A DE LA LEY 67 DE 14 DE\r\n                                            NOVIEMBRE DE 2008, POR EL CUAL SE INSTITUYE UN SISTEMA DE\r\n                                            CARRERA POR M\u00c9RITOS EN LA FISCAL\u00cdA GENERAL DE CUENTAS\"<\/a>\r\n                                        <a class=\"btn btn-light text-justify\"\r\n                                            href=\"https:\/\/www.fiscaliadecuentas.gob.pa\/wp-content\/uploads\/2022\/05\/RESOLUCION-FGC-N.\u00b0-21-22-1.pdf\"\r\n                                            role=\"button\" rel=\"noopener\" target=\"_blank\"><i\r\n                                                class=\"fas fa-file-pdf fa-1x\"><\/i>\r\n                                            Resoluci\u00f3n FGC N\u00b021-22\r\n                                            de 22 de abril de 2022. \"POR LA CUAL SE ADICIONA UN P\u00c1RRAFO AL\r\n                                            ART\u00cdCULO 13 DE LA RESOLUCI\u00d3N N\u00b0FGC-039-21 DE 9 DE AGOSTO DE\r\n                                            2021, QUE APRUEBA LA REGLAMENTACI\u00d3N DEL ART\u00cdCULO 25-A DE LA\r\n                                            LEY 67 DE 14 DE NOVIEMBRE DE 2008, POR EL CUAL SE INSTITUYE UN\r\n                                            SISTEMA DE CARRERA POR M\u00c9RITOS EN LA FISCAL\u00cdA GENERAL DE\r\n                                            CUENTAS.\"<\/a>\r\n                                        <a class=\"btn btn-light text-justify\"\r\n                                            href=\"https:\/\/www.fiscaliadecuentas.gob.pa\/wp-content\/uploads\/2023\/12\/Reglamento-Interno-de-la-Fiscalia-General-de-Cuentas-actualizado-a-diciembre-de-2023.pdf\"\r\n                                            role=\"link\" rel=\"noopener\" target=\"_blank\"><i\r\n                                                class=\"fas fa-file-pdf fa-1x\"><\/i>\r\n                                            Reglamento Interno de la Fiscal\u00eda General de Cuentas.\r\n                                        <\/a>\r\n                                        <a class=\"btn btn-light text-justify\"\r\n                                            href=\"https:\/\/www.fiscaliadecuentas.gob.pa\/wp-content\/uploads\/2023\/05\/Resolucion_FGC_CFGC_002_23.pdf\"\r\n                                            role=\"button\" rel=\"noopener\" target=\"_blank\"><i\r\n                                                class=\"fas fa-file-pdf fa-1x\"><\/i>\r\n                                            Resoluci\u00f3n No.\r\n                                            FGC-CFGC-002-23. \"QUE DECLARA UNA VACANTE ABSOLUTA\"\r\n                                        <\/a>\r\n                                    <\/div>\r\n                                    <!-- ============================================= LEGAL-BASE-END ====================================== -->\r\n                                <\/div>\r\n                                <!-- Button trigger modal -->\r\n                                <!-- <div class=\"button-content\">\r\n                            <button type=\"button\" class=\"btn btn-warning\" data-bs-toggle=\"modal\"\r\n                                data-bs-target=\"#staticBackdrop-008-23\">\r\n                                Aplicar a la Convocatoria\r\n                            <\/button>\r\n                        <\/div> -->\r\n\r\n                                <!-- Modal -->\r\n                                <!-- <div class=\"modal fade\" id=\"staticBackdrop-008-23\" data-bs-backdrop=\"static\"\r\n                            data-bs-keyboard=\"false\" tabindex=\"-1\" aria-labelledby=\"staticBackdropLabel-008-23\"\r\n                            aria-hidden=\"true\">\r\n                            <div class=\"modal-dialog\">\r\n                                <div class=\"modal-content\">\r\n                                    <div class=\"modal-header\">\r\n                                        <h5 class=\"modal-title\" id=\"staticBackdropLabel-008-23\">\r\n                                            !LO SENTIMOS\u00a1\r\n                                        <\/h5>\r\n                                        <button type=\"button\" class=\"btn-close\" data-bs-dismiss=\"modal\"\r\n                                            aria-label=\"Close\"><\/button>\r\n                                    <\/div>\r\n                                    <div class=\"modal-body\">\r\n                                        LA CONVOCATORIA PARA EL CONCURSO ABIERTO N.\u00b0 FGC-CA-008-23\r\n                                        \u201cASISTENTE OPERATIVO JUR\u00cdDICO POSC.181\u201d SE HABILITAR\u00c1 A LAS 00:01 HORAS DEL D\u00cdA 15 DE\r\n                                        SEPTIEMBRE HASTA LAS 11:59 HORAS DEL D\u00cdA 25 DE SEPTIEMBRE DE 2023, DENTRO DEL\r\n                                        HUSO HORARIO (GMT-5).\r\n                                    <\/div>\r\n                                    <div class=\"modal-footer\">\r\n                                        <button type=\"button\" class=\"btn btn-secondary\" data-bs-dismiss=\"modal\">\r\n                                            Close\r\n                                        <\/button>\r\n                                    <\/div>\r\n                                <\/div>\r\n                            <\/div>\r\n                        <\/div> -->\r\n                                <!-- End Modal -->\r\n                                <div class=\"button-content\"><a\r\n                                        href=\"https:\/\/www.fiscaliadecuentas.gob.pa\/scmfgc\/formulario-fgc-ca-008-2023-asistente-operativo-juridico\/\"\r\n                                        rel=\"noopener\" target=\"_blank\"><button type=\"button\" class=\"btn-submit\">Aplicar\r\n                                            a la\r\n                                            Convocatoria<\/button><\/a><\/div>\r\n                            <\/div>\r\n\r\n                        <\/div>\r\n                    <\/div>\r\n\r\n                    <!--.\/START-PAGER-SECOND-SEMESTER-2023 -->\r\n                    <nav class=\"nav pt-1 flex justify-content-center\">\r\n                        <div class=\"nav nav-pills justify-content-end\" id=\"nav-tab\" role=\"tablist\">\r\n                            <button class=\"nav-link active\" id=\"nav-pnav-23-1\" data-bs-toggle=\"tab\"\r\n                                data-bs-target=\"#pnav-23-1\" type=\"button\" role=\"tab\" aria-controls=\"pnav-23-1\"\r\n                                aria-selected=\"true\">\r\n                                Previo\r\n                            <\/button>\r\n                            <button class=\"nav-link\" id=\"nav-pnav-23-2\" data-bs-toggle=\"tab\" data-bs-target=\"#pnav-23-2\"\r\n                                type=\"button\" role=\"tab\" aria-controls=\"pnav-23-2\" aria-selected=\"false\">\r\n                                Anterior\r\n                            <\/button>\r\n                        <\/div>\r\n                    <\/nav>\r\n                    <!--.\/END-PAGER-SECOND-SEMESTER-2023 -->\r\n                <\/div>\r\n\r\n                <div class=\"tab-pane fade\" id=\"nav-old-2023\" role=\"tabpanel\" aria-labelledby=\"nav-old-tab-2023\"\r\n                    tabindex=\"0\">\r\n                    <!-- Concurso Abierto N.\u00b0 FGC-CA-001-23 FISCAL ADJUNTO -->\r\n                    <button type=\"button\" class=\"collapsible-ca\">\r\n                        <div class=\"btn-info\">\r\n                            <div id=\"content-left\">\r\n                                <p class=\"lh-sm\">Concurso Abierto N.\u00b0 FGC-CA-001-23<\/p>\r\n                                <p class=\"lh-sm\">Cargo: FISCAL ADJUNTO<\/p>\r\n                                <p class=\"lh-sm\">\r\n                                    <i class=\"fas fa-angle-double-down fa-1x\"><\/i> Ver m\u00e1s\r\n                                    informaci\u00f3n sobre este concurso\r\n                                <\/p>\r\n                            <\/div>\r\n                            <div id=\"content-right\">\r\n                                <img decoding=\"async\" src=\"https:\/\/www.fiscaliadecuentas.gob.pa\/wp-content\/uploads\/2022\/05\/deputy_prosecutor.png\"\r\n                                    class=\"image\" \/>\r\n                            <\/div>\r\n                        <\/div>\r\n                    <\/button>\r\n                    <div class=\"content\">\r\n                        <!-- INICIO AVISO DE CONVOCATORIA EXTENSI\u00d3N DE ENTREGA PARA DOCUMENTOS -->\r\n                        <!-- <button type=\"button\" class=\"collapsible-ca\"\r\n                style=\"background-color: #333333;\"><i class=\"fas\r\n                    fa-info-circle fa-1x\"><\/i> AVISO<\/button>\r\n                            <div class=\"content\"><br>\r\n                                <p style=\"text-align: justify;\"><a\r\n                                        href=\"https:\/\/www.fiscaliadecuentas.gob.pa\/wp-content\/uploads\/2022\/05\/Extension-Carrera-por-Merito.pdf\"\r\n                                        rel=\"noopener\" target=\"_blank\"><i class=\"fas\r\n                                            fa-file-pdf fa-1x\"><\/i> Extensi\u00f3n de\r\n                                        entrega de documentos hasta el 10 de junio\r\n                                        de 2022.<\/a><\/p>\r\n                            <\/div> -->\r\n                        <!-- FINAL AVISO DE CONVOCATORIA EXTENSI\u00d3N DE ENTREGA PARA DOCUMENTOS -->\r\n\r\n                        <!-- ============================================= Button-Group-Start ================================ -->\r\n                        <div class=\"d-grid gap-2\">\r\n                            <a class=\"btn btn-light text-left\"\r\n                                href=\"https:\/\/www.fiscaliadecuentas.gob.pa\/wp-content\/uploads\/2023\/01\/AVISO-DE-CONVOCATORIA-FISCAL-ADJUNTO-2023.pdf\"\r\n                                role=\"button\" rel=\"noopener\" target=\"_blank\"><i class=\"fas fa-search fa-1x\"><\/i> Ver\r\n                                Aviso del Concurso\r\n                                Abierto<\/a>\r\n                            <!-- <a class=\"btn btn-light text-left\"\r\n                    href=\"https:\/\/www.fiscaliadecuentas.gob.pa\/wp-content\/uploads\/2022\/05\/Aviso-Fiscal-Adjunto-No.-FGC-CA-003-22.pdf\"\r\n                    role=\"button\" rel=\"noopener\" target=\"_blank\"><i\r\n                        class=\"fas fa-file-pdf fa-1x\"><\/i> Mecanismo\r\n                    para acreditar los requisitos b\u00e1sicos para\r\n                    ocupar cualquier cargo en la Fiscal\u00eda General de\r\n                    Cuentas.<\/a> -->\r\n                            <a class=\"btn btn-light text-left\"\r\n                                href=\"https:\/\/www.fiscaliadecuentas.gob.pa\/wp-content\/uploads\/2023\/01\/Concurso-abierto-001-2023-Instructivo.pdf\"\r\n                                role=\"button\" rel=\"noopener\" target=\"_blank\"><i class=\"fas fa-search fa-1x\"><\/i> Ver\r\n                                Instructivo del\r\n                                Concurso Abierto<\/a>\r\n                            <a class=\"btn btn-light text-left\"\r\n                                href=\"https:\/\/www.fiscaliadecuentas.gob.pa\/wp-content\/uploads\/2023\/01\/TABLA-DE-PONDERACION-FISCAL-ADJUNTO-2023.pdf\"\r\n                                role=\"button\" rel=\"noopener\" target=\"_blank\"><i class=\"fas fa-search fa-1x\"><\/i> Ver\r\n                                Tabla de Ponderaci\u00f3n<\/a>\r\n                            <a class=\"btn btn-light text-left collapsible-ca btn-results p-2\"\r\n                                style=\"background-color: #f8f9fa;\" role=\"link\"><i class=\"fas fa-search fa-1x\"><\/i>\r\n                                Ver Resultados\r\n                            <\/a>\r\n                            <div class=\"content\" style=\"display: block;\">\r\n                                <p style=\"text-align: justify\">\r\n                                    <a href=\"https:\/\/www.fiscaliadecuentas.gob.pa\/wp-content\/uploads\/2023\/05\/Resolucion-FGC-CSARJ-CA-001-23.pdf\"\r\n                                        rel=\"noopener\" target=\"_blank\" role=\"link\"><i class=\"fas fa-file-pdf fa-1x\"><\/i>\r\n                                        Resoluci\u00f3n No. FGC-CSARH-CA-001-23, que comunica los resultados del Concurso\r\n                                        Abierto N.\u00b0 FGC-CA-001-23 para ocupar el cargo de Fiscal Adjunto.\r\n                                    <\/a>\r\n                                <\/p>\r\n                            <\/div>\r\n                        <\/div>\r\n                        <!-- ============================================= Button-Group-End ====================================== -->\r\n                        <!-- <button type=\"button\" class=\"collapsible-ca\" style=\"background-color: #333333;\"><i class=\"fas fa-search fa-1x\"><\/i> Edicto N\u00b0001-23<\/button>\r\n                    <div class=\"content\">\r\n                    <p style=\"text-align: justify;\"><a href=\"https:\/\/www.fiscaliadecuentas.gob.pa\/wp-content\/uploads\/2023\/05\/Edicto-N\u00b0001-23.pdf\" rel=\"noopener\" target=\"_blank\"><i class=\"fas fa-file-pdf fa-1x\"><\/i> Que comunica los resultados finales del Concurso Abierto N.\u00b0 FGC-CA-001-23.<\/a><\/p>\r\n                    <\/div> -->\r\n                        <button type=\"button\" class=\"collapsible-ca\" style=\"background-color: #333333\">\r\n                            <i class=\"fas fa-angle-double-down fa-1x\"><\/i> Base Legal\r\n                        <\/button>\r\n                        <div class=\"content\">\r\n                            <!-- ============================================= LEGAL-BASE-START ================================ -->\r\n                            <div class=\"d-grid gap-2\">\r\n                                <a class=\"btn btn-light text-justify\"\r\n                                    href=\"https:\/\/www.fiscaliadecuentas.gob.pa\/wp-content\/uploads\/2021\/11\/LEY-67-DE-2008-ACTUALIZADA-AL-2020-FGC-Secretaria-General.pdf\"\r\n                                    role=\"button\" rel=\"noopener\" target=\"_blank\"><i class=\"fas fa-file-pdf fa-1x\"><\/i>\r\n                                    LEY 67 de 14 de\r\n                                    noviembre de 2008. \"QUE DESARROLLA LA JURISDICCI\u00d3N DE CUENTAS\r\n                                    Y REFORMA LA LEY 32 DE 1987, ORG\u00c1NICA DE LA CONTRALOR\u00cdA\r\n                                    GENERAL DE LA REP\u00daBLICA\"<\/a>\r\n                                <a class=\"btn btn-light text-justify\"\r\n                                    href=\"https:\/\/www.fiscaliadecuentas.gob.pa\/wp-content\/uploads\/2021\/08\/Resolucion-N.%C2%B0-FGC-039-21-de-9-de-agosto-de-2021-QUE-APRUEBA-LA-REGLAMENTACION-DEL-ARTICULO-25-A.pdf\"\r\n                                    role=\"button\" rel=\"noopener\" target=\"_blank\"><i class=\"fas fa-file-pdf fa-1x\"><\/i>\r\n                                    Resoluci\u00f3n N.\u00b0\r\n                                    FGC-039-21 de 9 de agosto de 2021. \"QUE APRUEBA LA\r\n                                    REGLAMENTACI\u00d3N DEL ARTICULO 25-A DE LA LEY 67 DE 14 DE\r\n                                    NOVIEMBRE DE 2008, POR EL CUAL SE INSTITUYE UN SISTEMA DE\r\n                                    CARRERA POR M\u00c9RITOS EN LA FISCAL\u00cdA GENERAL DE CUENTAS\"<\/a>\r\n                                <a class=\"btn btn-light text-justify\"\r\n                                    href=\"https:\/\/www.fiscaliadecuentas.gob.pa\/wp-content\/uploads\/2022\/05\/RESOLUCION-FGC-N.\u00b0-21-22-1.pdf\"\r\n                                    role=\"button\" rel=\"noopener\" target=\"_blank\"><i class=\"fas fa-file-pdf fa-1x\"><\/i>\r\n                                    Resoluci\u00f3n FGC N\u00b021-22\r\n                                    de 22 de abril de 2022. \"POR LA CUAL SE ADICIONA UN P\u00c1RRAFO AL\r\n                                    ART\u00cdCULO 13 DE LA RESOLUCI\u00d3N N\u00b0FGC-039-21 DE 9 DE AGOSTO DE\r\n                                    2021, QUE APRUEBA LA REGLAMENTACI\u00d3N DEL ART\u00cdCULO 25-A DE LA\r\n                                    LEY 67 DE 14 DE NOVIEMBRE DE 2008, POR EL CUAL SE INSTITUYE UN\r\n                                    SISTEMA DE CARRERA POR M\u00c9RITOS EN LA FISCAL\u00cdA GENERAL DE\r\n                                    CUENTAS.\"<\/a>\r\n                                <a class=\"btn btn-light text-justify\"\r\n                                    href=\"https:\/\/www.fiscaliadecuentas.gob.pa\/wp-content\/uploads\/2023\/01\/RESOLUCION-QUE-DECLARA-VACANTE.pdf\"\r\n                                    role=\"button\" rel=\"noopener\" target=\"_blank\"><i class=\"fas fa-file-pdf fa-1x\"><\/i>\r\n                                    Resoluci\u00f3n No.\r\n                                    FGC-CFGC-001-23. \"QUE DECLARA UNA VACANTE ABSOLUTA\"<\/a>\r\n                            <\/div>\r\n                            <!-- ============================================= LEGAL-BASE-END ====================================== -->\r\n                        <\/div>\r\n                        <!-- Button trigger modal -->\r\n                        <div class=\"button-content\">\r\n                            <button type=\"button\" class=\"btn btn-warning\" data-bs-toggle=\"modal\"\r\n                                data-bs-target=\"#staticBackdrop-001-23\">\r\n                                Aplicar a la Convocatoria\r\n                            <\/button>\r\n                        <\/div>\r\n\r\n                        <!-- Modal -->\r\n                        <div class=\"modal fade\" id=\"staticBackdrop-001-23\" data-bs-backdrop=\"static\"\r\n                            data-bs-keyboard=\"false\" tabindex=\"-1\" aria-labelledby=\"staticBackdropLabel-001-23\"\r\n                            aria-hidden=\"true\">\r\n                            <div class=\"modal-dialog\">\r\n                                <div class=\"modal-content\">\r\n                                    <div class=\"modal-header\">\r\n                                        <h5 class=\"modal-title\" id=\"staticBackdropLabel-001-23\">\r\n                                            !LO SENTIMOS\u00a1\r\n                                        <\/h5>\r\n                                        <button type=\"button\" class=\"btn-close\" data-bs-dismiss=\"modal\"\r\n                                            aria-label=\"Close\"><\/button>\r\n                                    <\/div>\r\n                                    <div class=\"modal-body\">\r\n                                        LA CONVOCATORIA PARA EL CONCURSO ABIERTO N.\u00b0 FGC-CA-001-23\r\n                                        \u201cFISCAL ADJUNTO\u201d HA CULMINADO\".\r\n                                    <\/div>\r\n                                    <div class=\"modal-footer\">\r\n                                        <button type=\"button\" class=\"btn btn-secondary\" data-bs-dismiss=\"modal\">\r\n                                            Close\r\n                                        <\/button>\r\n                                    <\/div>\r\n                                <\/div>\r\n                            <\/div>\r\n                        <\/div>\r\n                        <!-- End Modal -->\r\n                        <!-- <div class=\"button-content\"><a href=\"https:\/\/www.fiscaliadecuentas.gob.pa\/?page_id=20575\" rel=\"noopener\" target=\"_blank\"><button type=\"button\" class=\"btn-submit\">Aplicar a la Convocatoria<\/button><\/a><\/div> -->\r\n                    <\/div>\r\n                    <!-- ####################################################################################### -->\r\n                    <!-- ##################FIN Concurso Abierto N.\u00b0 FGC-CA-001-23############################### -->\r\n                    <!-- ####################################################################################### -->\r\n                    <!-- ### INICIO Concurso Abierto N.\u00b0 FGC-CA-002-23 ASISTENTE OPERATIVO JUR\u00cdDICO POSC.181#### -->\r\n                    <!-- ####################################################################################### -->\r\n                    <button type=\"button\" class=\"collapsible-ca\">\r\n                        <div class=\"btn-info\">\r\n                            <div id=\"content-left\">\r\n                                <p class=\"lh-sm\">Concurso Abierto N.\u00b0 FGC-CA-002-23<\/p>\r\n                                <p class=\"lh-sm\">Cargo: ASISTENTE OPERATIVO JUR\u00cdDICO Posc. 181<\/p>\r\n                                <p class=\"lh-sm\">\r\n                                    <i class=\"fas fa-angle-double-down fa-1x\"><\/i> Ver m\u00e1s\r\n                                    informaci\u00f3n sobre este concurso\r\n                                <\/p>\r\n                            <\/div>\r\n                            <div id=\"content-right\">\r\n                                <img decoding=\"async\" src=\"https:\/\/www.fiscaliadecuentas.gob.pa\/wp-content\/uploads\/2023\/05\/legal-operational-assistant.png\"\r\n                                    class=\"image\" \/>\r\n                            <\/div>\r\n                        <\/div>\r\n                    <\/button>\r\n                    <div class=\"content\">\r\n                        <!-- INICIO AVISO DE CONVOCATORIA EXTENSI\u00d3N DE ENTREGA PARA DOCUMENTOS -->\r\n                        <!-- <button type=\"button\" class=\"collapsible-ca\"\r\n                style=\"background-color: #333333;\"><i class=\"fas\r\n                    fa-info-circle fa-1x\"><\/i> AVISO<\/button>\r\n                            <div class=\"content\"><br>\r\n                                <p style=\"text-align: justify;\"><a\r\n                                        href=\"https:\/\/www.fiscaliadecuentas.gob.pa\/wp-content\/uploads\/2022\/05\/Extension-Carrera-por-Merito.pdf\"\r\n                                        rel=\"noopener\" target=\"_blank\"><i class=\"fas\r\n                                            fa-file-pdf fa-1x\"><\/i> Extensi\u00f3n de\r\n                                        entrega de documentos hasta el 10 de junio\r\n                                        de 2022.<\/a><\/p>\r\n                            <\/div> -->\r\n                        <!-- FINAL AVISO DE CONVOCATORIA EXTENSI\u00d3N DE ENTREGA PARA DOCUMENTOS -->\r\n\r\n                        <!-- ============================================= Button-Group-Start ================================ -->\r\n                        <div class=\"d-grid gap-2\">\r\n                            <a class=\"btn btn-light text-left\"\r\n                                href=\"https:\/\/www.fiscaliadecuentas.gob.pa\/wp-content\/uploads\/2023\/04\/AVISO-DE-CONVOCATORIA-FGC-CA-002-23.pdf\"\r\n                                role=\"button\" rel=\"noopener\" target=\"_blank\"><i class=\"fas fa-search fa-1x\"><\/i> Ver\r\n                                Aviso del Concurso\r\n                                Abierto<\/a>\r\n                            <!-- <a class=\"btn btn-light text-left\"\r\n                    href=\"https:\/\/www.fiscaliadecuentas.gob.pa\/wp-content\/uploads\/2022\/05\/Aviso-Fiscal-Adjunto-No.-FGC-CA-003-22.pdf\"\r\n                    role=\"button\" rel=\"noopener\" target=\"_blank\"><i\r\n                        class=\"fas fa-file-pdf fa-1x\"><\/i> Mecanismo\r\n                    para acreditar los requisitos b\u00e1sicos para\r\n                    ocupar cualquier cargo en la Fiscal\u00eda General de\r\n                    Cuentas.<\/a> -->\r\n                            <a class=\"btn btn-light text-left\"\r\n                                href=\"https:\/\/www.fiscaliadecuentas.gob.pa\/wp-content\/uploads\/2023\/04\/INSTRUCTIVO-FGC-CA-002-23.pdf\"\r\n                                role=\"button\" rel=\"noopener\" target=\"_blank\"><i class=\"fas fa-search fa-1x\"><\/i> Ver\r\n                                Instructivo del\r\n                                Concurso Abierto<\/a>\r\n                            <a class=\"btn btn-light text-left\"\r\n                                href=\"https:\/\/www.fiscaliadecuentas.gob.pa\/wp-content\/uploads\/2023\/04\/TABLA-DE-PONDERACION-FGC-CA-002-23.pdf\"\r\n                                role=\"button\" rel=\"noopener\" target=\"_blank\"><i class=\"fas fa-search fa-1x\"><\/i> Ver\r\n                                Tabla de Ponderaci\u00f3n\r\n                            <\/a>\r\n                            <a class=\"btn btn-light text-left collapsible-ca btn-results p-2\"\r\n                                style=\"background-color: #f8f9fa;\" role=\"link\"><i class=\"fas fa-search fa-1x\"><\/i>\r\n                                Ver Resultados\r\n                            <\/a>\r\n                            <div class=\"content\" style=\"display: block;\">\r\n                                <p style=\"text-align: justify\">\r\n                                    <a href=\"https:\/\/www.fiscaliadecuentas.gob.pa\/wp-content\/uploads\/2023\/07\/Resolucion-N.\u00b0-FGC-CSARH-CA-002-23.pdf\"\r\n                                        rel=\"noopener\" target=\"_blank\" role=\"link\"><i class=\"fas fa-file-pdf fa-1x\"><\/i>\r\n                                        Resoluci\u00f3n No. FGC-CSARH-CA-002-23, que declara desierto el Concurso Abierto N.\u00b0\r\n                                        FGC-CA-001-23 para ocupar el cargo de Asistente Operativo Jur\u00eddico.\r\n                                    <\/a>\r\n                                <\/p>\r\n                            <\/div>\r\n                        <\/div>\r\n\r\n                        <button type=\"button\" class=\"collapsible-ca\" style=\"background-color: #333333\">\r\n                            <i class=\"fas fa-angle-double-down fa-1x\"><\/i> Base Legal\r\n                        <\/button>\r\n                        <div class=\"content\">\r\n                            <!-- ============================================= LEGAL-BASE-START ================================ -->\r\n                            <div class=\"d-grid gap-2\">\r\n                                <a class=\"btn btn-light text-justify\"\r\n                                    href=\"https:\/\/www.fiscaliadecuentas.gob.pa\/wp-content\/uploads\/2021\/11\/LEY-67-DE-2008-ACTUALIZADA-AL-2020-FGC-Secretaria-General.pdf\"\r\n                                    role=\"button\" rel=\"noopener\" target=\"_blank\"><i class=\"fas fa-file-pdf fa-1x\"><\/i>\r\n                                    LEY 67 de 14 de\r\n                                    noviembre de 2008. \"QUE DESARROLLA LA JURISDICCI\u00d3N DE CUENTAS\r\n                                    Y REFORMA LA LEY 32 DE 1987, ORG\u00c1NICA DE LA CONTRALOR\u00cdA\r\n                                    GENERAL DE LA REP\u00daBLICA\"<\/a>\r\n                                <a class=\"btn btn-light text-justify\"\r\n                                    href=\"https:\/\/www.fiscaliadecuentas.gob.pa\/wp-content\/uploads\/2021\/08\/Resolucion-N.%C2%B0-FGC-039-21-de-9-de-agosto-de-2021-QUE-APRUEBA-LA-REGLAMENTACION-DEL-ARTICULO-25-A.pdf\"\r\n                                    role=\"button\" rel=\"noopener\" target=\"_blank\"><i class=\"fas fa-file-pdf fa-1x\"><\/i>\r\n                                    Resoluci\u00f3n N.\u00b0\r\n                                    FGC-039-21 de 9 de agosto de 2021. \"QUE APRUEBA LA\r\n                                    REGLAMENTACI\u00d3N DEL ARTICULO 25-A DE LA LEY 67 DE 14 DE\r\n                                    NOVIEMBRE DE 2008, POR EL CUAL SE INSTITUYE UN SISTEMA DE\r\n                                    CARRERA POR M\u00c9RITOS EN LA FISCAL\u00cdA GENERAL DE CUENTAS\"<\/a>\r\n                                <a class=\"btn btn-light text-justify\"\r\n                                    href=\"https:\/\/www.fiscaliadecuentas.gob.pa\/wp-content\/uploads\/2022\/05\/RESOLUCION-FGC-N.\u00b0-21-22-1.pdf\"\r\n                                    role=\"button\" rel=\"noopener\" target=\"_blank\"><i class=\"fas fa-file-pdf fa-1x\"><\/i>\r\n                                    Resoluci\u00f3n FGC N\u00b021-22\r\n                                    de 22 de abril de 2022. \"POR LA CUAL SE ADICIONA UN P\u00c1RRAFO AL\r\n                                    ART\u00cdCULO 13 DE LA RESOLUCI\u00d3N N\u00b0FGC-039-21 DE 9 DE AGOSTO DE\r\n                                    2021, QUE APRUEBA LA REGLAMENTACI\u00d3N DEL ART\u00cdCULO 25-A DE LA\r\n                                    LEY 67 DE 14 DE NOVIEMBRE DE 2008, POR EL CUAL SE INSTITUYE UN\r\n                                    SISTEMA DE CARRERA POR M\u00c9RITOS EN LA FISCAL\u00cdA GENERAL DE\r\n                                    CUENTAS.\"<\/a>\r\n                                <a class=\"btn btn-light text-justify\"\r\n                                    href=\"https:\/\/www.fiscaliadecuentas.gob.pa\/wp-content\/uploads\/2023\/05\/Resolucion_FGC_CFGC_002_23.pdf\"\r\n                                    role=\"button\" rel=\"noopener\" target=\"_blank\"><i class=\"fas fa-file-pdf fa-1x\"><\/i>\r\n                                    Resoluci\u00f3n No.\r\n                                    FGC-CFGC-002-23. \"QUE DECLARA UNA VACANTE ABSOLUTA\"<\/a>\r\n                            <\/div>\r\n                            <!-- ============================================= LEGAL-BASE-END ====================================== -->\r\n                        <\/div>\r\n                        <!-- Button trigger modal -->\r\n                        <div class=\"button-content\">\r\n                            <button type=\"button\" class=\"btn btn-warning\" data-bs-toggle=\"modal\"\r\n                                data-bs-target=\"#staticBackdrop-002-23\">\r\n                                Aplicar a la Convocatoria\r\n                            <\/button>\r\n                        <\/div>\r\n\r\n                        <!-- Modal -->\r\n                        <div class=\"modal fade\" id=\"staticBackdrop-002-23\" data-bs-backdrop=\"static\"\r\n                            data-bs-keyboard=\"false\" tabindex=\"-1\" aria-labelledby=\"staticBackdropLabel-002-23\"\r\n                            aria-hidden=\"true\">\r\n                            <div class=\"modal-dialog\">\r\n                                <div class=\"modal-content\">\r\n                                    <div class=\"modal-header\">\r\n                                        <h5 class=\"modal-title\" id=\"staticBackdropLabel-002-23\">\r\n                                            !LO SENTIMOS\u00a1\r\n                                        <\/h5>\r\n                                        <button type=\"button\" class=\"btn-close\" data-bs-dismiss=\"modal\"\r\n                                            aria-label=\"Close\"><\/button>\r\n                                    <\/div>\r\n                                    <div class=\"modal-body\">\r\n                                        LA CONVOCATORIA PARA EL CONCURSO ABIERTO N.\u00b0 FGC-CA-002-23\r\n                                        \u201cASISTENTE OPERATIVO JUR\u00cdDICO POSC.181\u201d HA CULMINADO.\r\n                                    <\/div>\r\n                                    <div class=\"modal-footer\">\r\n                                        <button type=\"button\" class=\"btn btn-secondary\" data-bs-dismiss=\"modal\">\r\n                                            Close\r\n                                        <\/button>\r\n                                    <\/div>\r\n                                <\/div>\r\n                            <\/div>\r\n                        <\/div>\r\n                        <!-- End Modal -->\r\n                        <!-- <div class=\"button-content\"><a\r\n                        href=\"https:\/\/www.fiscaliadecuentas.gob.pa\/scmfgc\/formulario-de-aplicacion-concurso-abierto-n-fgc-ca-002-2023-asistente-operativo-juridico\/\"\r\n                        rel=\"noopener\" target=\"_blank\"><button type=\"button\" class=\"btn-submit\">Aplicar a la\r\n                            Convocatoria<\/button><\/a><\/div> -->\r\n                    <\/div>\r\n\r\n                    <!-- Concurso Abierto N.\u00b0 FGC-CA-003-23 ASISTENTE OPERATIVO JUR\u00cdDICO -->\r\n                    <button type=\"button\" class=\"collapsible-ca\">\r\n                        <div class=\"btn-info\">\r\n                            <div id=\"content-left\">\r\n                                <p class=\"lh-sm\">Concurso Abierto N.\u00b0 FGC-CA-003-23<\/p>\r\n                                <p class=\"lh-sm\">Cargo: ASISTENTE OPERATIVO JUR\u00cdDICO Posc. 186<\/p>\r\n                                <p class=\"lh-sm\">\r\n                                    <i class=\"fas fa-angle-double-down fa-1x\"><\/i> Ver m\u00e1s\r\n                                    informaci\u00f3n sobre este concurso\r\n                                <\/p>\r\n                            <\/div>\r\n                            <div id=\"content-right\">\r\n                                <img decoding=\"async\" src=\"https:\/\/www.fiscaliadecuentas.gob.pa\/wp-content\/uploads\/2023\/05\/legal-operational-assistant.png\"\r\n                                    class=\"image\" \/>\r\n                            <\/div>\r\n                        <\/div>\r\n                    <\/button>\r\n                    <div class=\"content\">\r\n                        <!-- INICIO AVISO DE CONVOCATORIA EXTENSI\u00d3N DE ENTREGA PARA DOCUMENTOS -->\r\n                        <!-- <button type=\"button\" class=\"collapsible-ca\"\r\n                style=\"background-color: #333333;\"><i class=\"fas\r\n                    fa-info-circle fa-1x\"><\/i> AVISO<\/button>\r\n                            <div class=\"content\"><br>\r\n                                <p style=\"text-align: justify;\"><a\r\n                                        href=\"https:\/\/www.fiscaliadecuentas.gob.pa\/wp-content\/uploads\/2022\/05\/Extension-Carrera-por-Merito.pdf\"\r\n                                        rel=\"noopener\" target=\"_blank\"><i class=\"fas\r\n                                            fa-file-pdf fa-1x\"><\/i> Extensi\u00f3n de\r\n                                        entrega de documentos hasta el 10 de junio\r\n                                        de 2022.<\/a><\/p>\r\n                            <\/div> -->\r\n                        <!-- FINAL AVISO DE CONVOCATORIA EXTENSI\u00d3N DE ENTREGA PARA DOCUMENTOS -->\r\n\r\n                        <!-- ============================================= Button-Group-Start ================================ -->\r\n                        <div class=\"d-grid gap-2\">\r\n                            <a class=\"btn btn-light text-left\"\r\n                                href=\"https:\/\/www.fiscaliadecuentas.gob.pa\/wp-content\/uploads\/2023\/04\/AVISO-DE-CONVOCATORIA-FGC-CA-003-23.pdf\"\r\n                                role=\"button\" rel=\"noopener\" target=\"_blank\"><i class=\"fas fa-search fa-1x\"><\/i> Ver\r\n                                Aviso del Concurso\r\n                                Abierto<\/a>\r\n                            <!-- <a class=\"btn btn-light text-left\"\r\n                    href=\"https:\/\/www.fiscaliadecuentas.gob.pa\/wp-content\/uploads\/2022\/05\/Aviso-Fiscal-Adjunto-No.-FGC-CA-003-22.pdf\"\r\n                    role=\"button\" rel=\"noopener\" target=\"_blank\"><i\r\n                        class=\"fas fa-file-pdf fa-1x\"><\/i> Mecanismo\r\n                    para acreditar los requisitos b\u00e1sicos para\r\n                    ocupar cualquier cargo en la Fiscal\u00eda General de\r\n                    Cuentas.<\/a> -->\r\n                            <a class=\"btn btn-light text-left\"\r\n                                href=\"https:\/\/www.fiscaliadecuentas.gob.pa\/wp-content\/uploads\/2023\/04\/INSTRUCTIVO-FGC-CA-003-23.pdf\"\r\n                                role=\"button\" rel=\"noopener\" target=\"_blank\"><i class=\"fas fa-search fa-1x\"><\/i> Ver\r\n                                Instructivo del\r\n                                Concurso Abierto<\/a>\r\n                            <a class=\"btn btn-light text-left\"\r\n                                href=\"https:\/\/www.fiscaliadecuentas.gob.pa\/wp-content\/uploads\/2023\/04\/TABLA-DE-PONDERACION-FGC-CA-003-23.pdf\"\r\n                                role=\"button\" rel=\"noopener\" target=\"_blank\"><i class=\"fas fa-search fa-1x\"><\/i> Ver\r\n                                Tabla de Ponderaci\u00f3n\r\n                            <\/a>\r\n                            <a class=\"btn btn-light text-left collapsible-ca btn-results p-2\"\r\n                                style=\"background-color: #f8f9fa;\" role=\"link\"><i class=\"fas fa-search fa-1x\"><\/i>\r\n                                Ver Resultados\r\n                            <\/a>\r\n                            <div class=\"content\" style=\"display: block;\">\r\n                                <p style=\"text-align: justify\">\r\n                                    <a href=\"https:\/\/www.fiscaliadecuentas.gob.pa\/wp-content\/uploads\/2023\/08\/Resolucion-N.\u00b0-FGC-CSARH-CA-003-23.pdf\"\r\n                                        rel=\"noopener\" target=\"_blank\" role=\"link\"><i class=\"fas fa-file-pdf fa-1x\"><\/i>\r\n                                        Resoluci\u00f3n No. FGC-CSARH-CA-003-23, que comunica los resultados del Concurso\r\n                                        Abierto N.\u00b0 FGC-CA-003-23 para ocupar el cargo de Asistente Operativo Jur\u00eddico.\r\n                                    <\/a>\r\n                                    <\/a>\r\n                                <\/p>\r\n                            <\/div>\r\n                        <\/div>\r\n                        <!-- <button type=\"button\" class=\"collapsible-ca\" style=\"background-color: #333333;\"><i class=\"fas fa-file-pdf fa-1x\"><\/i> Edicto N.\u00b0 003-23<\/button>\r\n                    <div class=\"content\">\r\n                    <p style=\"text-align: justify;\"><a href=\"https:\/\/www.fiscaliadecuentas.gob.pa\/wp-content\/uploads\/2023\/08\/Edicto-N.\u00b0-003-23.pdf\" rel=\"noopener\" target=\"_blank\"><i class=\"fas fa-file-pdf fa-1x\"><\/i> Por este medio, de la suscrita del Comit\u00e9 de Selecci\u00f3n y Administraci\u00f3n de Recurso Humano del Sistema de Carrera por M\u00e9ritos, Hace saber que dentro del Concurso Abierto N.\u00ba FGC-CA-003-23...<\/a><\/p>\r\n                    <\/div> -->\r\n                        <button type=\"button\" class=\"collapsible-ca\" style=\"background-color: #333333\">\r\n                            <i class=\"fas fa-angle-double-down fa-1x\"><\/i> Base Legal\r\n                        <\/button>\r\n                        <div class=\"content\">\r\n                            <!-- ============================================= LEGAL-BASE-START ================================ -->\r\n                            <div class=\"d-grid gap-2\">\r\n                                <a class=\"btn btn-light text-justify\"\r\n                                    href=\"https:\/\/www.fiscaliadecuentas.gob.pa\/wp-content\/uploads\/2021\/11\/LEY-67-DE-2008-ACTUALIZADA-AL-2020-FGC-Secretaria-General.pdf\"\r\n                                    role=\"button\" rel=\"noopener\" target=\"_blank\"><i class=\"fas fa-file-pdf fa-1x\"><\/i>\r\n                                    LEY 67 de 14 de\r\n                                    noviembre de 2008. \"QUE DESARROLLA LA JURISDICCI\u00d3N DE CUENTAS\r\n                                    Y REFORMA LA LEY 32 DE 1987, ORG\u00c1NICA DE LA CONTRALOR\u00cdA\r\n                                    GENERAL DE LA REP\u00daBLICA\"<\/a>\r\n                                <a class=\"btn btn-light text-justify\"\r\n                                    href=\"https:\/\/www.fiscaliadecuentas.gob.pa\/wp-content\/uploads\/2021\/08\/Resolucion-N.%C2%B0-FGC-039-21-de-9-de-agosto-de-2021-QUE-APRUEBA-LA-REGLAMENTACION-DEL-ARTICULO-25-A.pdf\"\r\n                                    role=\"button\" rel=\"noopener\" target=\"_blank\"><i class=\"fas fa-file-pdf fa-1x\"><\/i>\r\n                                    Resoluci\u00f3n N.\u00b0\r\n                                    FGC-039-21 de 9 de agosto de 2021. \"QUE APRUEBA LA\r\n                                    REGLAMENTACI\u00d3N DEL ARTICULO 25-A DE LA LEY 67 DE 14 DE\r\n                                    NOVIEMBRE DE 2008, POR EL CUAL SE INSTITUYE UN SISTEMA DE\r\n                                    CARRERA POR M\u00c9RITOS EN LA FISCAL\u00cdA GENERAL DE CUENTAS\"<\/a>\r\n                                <a class=\"btn btn-light text-justify\"\r\n                                    href=\"https:\/\/www.fiscaliadecuentas.gob.pa\/wp-content\/uploads\/2022\/05\/RESOLUCION-FGC-N.\u00b0-21-22-1.pdf\"\r\n                                    role=\"button\" rel=\"noopener\" target=\"_blank\"><i class=\"fas fa-file-pdf fa-1x\"><\/i>\r\n                                    Resoluci\u00f3n FGC N\u00b021-22\r\n                                    de 22 de abril de 2022. \"POR LA CUAL SE ADICIONA UN P\u00c1RRAFO AL\r\n                                    ART\u00cdCULO 13 DE LA RESOLUCI\u00d3N N\u00b0FGC-039-21 DE 9 DE AGOSTO DE\r\n                                    2021, QUE APRUEBA LA REGLAMENTACI\u00d3N DEL ART\u00cdCULO 25-A DE LA\r\n                                    LEY 67 DE 14 DE NOVIEMBRE DE 2008, POR EL CUAL SE INSTITUYE UN\r\n                                    SISTEMA DE CARRERA POR M\u00c9RITOS EN LA FISCAL\u00cdA GENERAL DE\r\n                                    CUENTAS.\"<\/a>\r\n                                <a class=\"btn btn-light text-justify\"\r\n                                    href=\"https:\/\/www.fiscaliadecuentas.gob.pa\/wp-content\/uploads\/2023\/05\/Resolucion_FGC_CFGC_003_23.pdf\"\r\n                                    role=\"button\" rel=\"noopener\" target=\"_blank\"><i class=\"fas fa-file-pdf fa-1x\"><\/i>\r\n                                    Resoluci\u00f3n No.\r\n                                    FGC-CFGC-003-23. \"QUE DECLARA UNA VACANTE ABSOLUTA\"<\/a>\r\n                            <\/div>\r\n                            <!-- ============================================= LEGAL-BASE-END ====================================== -->\r\n                        <\/div>\r\n                        <!-- Button trigger modal -->\r\n                        <div class=\"button-content\">\r\n                            <button type=\"button\" class=\"btn btn-warning\" data-bs-toggle=\"modal\"\r\n                                data-bs-target=\"#staticBackdrop-003-23\">\r\n                                Aplicar a la Convocatoria\r\n                            <\/button>\r\n                        <\/div>\r\n\r\n                        <!-- Modal -->\r\n                        <div class=\"modal fade\" id=\"staticBackdrop-003-23\" data-bs-backdrop=\"static\"\r\n                            data-bs-keyboard=\"false\" tabindex=\"-1\" aria-labelledby=\"staticBackdropLabel-003-23\"\r\n                            aria-hidden=\"true\">\r\n                            <div class=\"modal-dialog\">\r\n                                <div class=\"modal-content\">\r\n                                    <div class=\"modal-header\">\r\n                                        <h5 class=\"modal-title\" id=\"staticBackdropLabel-003-23\">\r\n                                            !LO SENTIMOS\u00a1\r\n                                        <\/h5>\r\n                                        <button type=\"button\" class=\"btn-close\" data-bs-dismiss=\"modal\"\r\n                                            aria-label=\"Close\"><\/button>\r\n                                    <\/div>\r\n                                    <div class=\"modal-body\">\r\n                                        LA CONVOCATORIA PARA EL CONCURSO ABIERTO N.\u00b0 FGC-CA-003-23\r\n                                        \u201cASISTENTE OPERATIVO JUR\u00cdDICO POSC.186\u201d HA CULMINADO.\r\n                                    <\/div>\r\n                                    <div class=\"modal-footer\">\r\n                                        <button type=\"button\" class=\"btn btn-secondary\" data-bs-dismiss=\"modal\">\r\n                                            Close\r\n                                        <\/button>\r\n                                    <\/div>\r\n                                <\/div>\r\n                            <\/div>\r\n                        <\/div>\r\n                        <!-- End Modal -->\r\n                        <!-- <div class=\"button-content\"><a\r\n                        href=\"https:\/\/www.fiscaliadecuentas.gob.pa\/scmfgc\/formulario-de-aplicacion-concurso-abierto-n-fgc-ca-003-2023-asistente-operativo-juridico\/\"\r\n                        rel=\"noopener\" target=\"_blank\"><button type=\"button\" class=\"btn-submit\">Aplicar a la\r\n                            Convocatoria<\/button><\/a><\/div> -->\r\n                    <\/div>\r\n\r\n                    <!-- Concurso Abierto N.\u00b0 FGC-CA-004-23 ANALISTA FINANCIERO I -->\r\n                    <button type=\"button\" class=\"collapsible-ca\">\r\n                        <div class=\"btn-info\">\r\n                            <div id=\"content-left\">\r\n                                <p class=\"lh-sm\">Concurso Abierto N.\u00b0 FGC-CA-004-23<\/p>\r\n                                <p class=\"lh-sm\">Cargo: ANALISTA FINANCIERO I<\/p>\r\n                                <p class=\"lh-sm\">\r\n                                    <i class=\"fas fa-angle-double-down fa-1x\"><\/i> Ver m\u00e1s\r\n                                    informaci\u00f3n sobre este concurso\r\n                                <\/p>\r\n                            <\/div>\r\n                            <div id=\"content-right\">\r\n                                <img decoding=\"async\" src=\"https:\/\/www.fiscaliadecuentas.gob.pa\/wp-content\/uploads\/2023\/05\/financial-analyst.png\"\r\n                                    class=\"image\" \/>\r\n                            <\/div>\r\n                        <\/div>\r\n                    <\/button>\r\n                    <div class=\"content\">\r\n                        <!-- INICIO AVISO DE CONVOCATORIA EXTENSI\u00d3N DE ENTREGA PARA DOCUMENTOS -->\r\n                        <!-- <button type=\"button\" class=\"collapsible-ca\"\r\n                style=\"background-color: #333333;\"><i class=\"fas\r\n                    fa-info-circle fa-1x\"><\/i> AVISO<\/button>\r\n                            <div class=\"content\"><br>\r\n                                <p style=\"text-align: justify;\"><a\r\n                                        href=\"https:\/\/www.fiscaliadecuentas.gob.pa\/wp-content\/uploads\/2022\/05\/Extension-Carrera-por-Merito.pdf\"\r\n                                        rel=\"noopener\" target=\"_blank\"><i class=\"fas\r\n                                            fa-file-pdf fa-1x\"><\/i> Extensi\u00f3n de\r\n                                        entrega de documentos hasta el 10 de junio\r\n                                        de 2022.<\/a><\/p>\r\n                            <\/div> -->\r\n                        <!-- FINAL AVISO DE CONVOCATORIA EXTENSI\u00d3N DE ENTREGA PARA DOCUMENTOS -->\r\n\r\n                        <!-- ============================================= Button-Group-Start ================================ -->\r\n                        <div class=\"d-grid gap-2\">\r\n                            <a class=\"btn btn-light text-left\"\r\n                                href=\"https:\/\/www.fiscaliadecuentas.gob.pa\/wp-content\/uploads\/2023\/04\/AVISO-DE-CONVOCATORIA-FGC-CA-004-23.pdf\"\r\n                                role=\"button\" rel=\"noopener\" target=\"_blank\"><i class=\"fas fa-search fa-1x\"><\/i> Ver\r\n                                Aviso del Concurso\r\n                                Abierto<\/a>\r\n                            <!-- <a class=\"btn btn-light text-left\"\r\n                    href=\"https:\/\/www.fiscaliadecuentas.gob.pa\/wp-content\/uploads\/2022\/05\/Aviso-Fiscal-Adjunto-No.-FGC-CA-003-22.pdf\"\r\n                    role=\"button\" rel=\"noopener\" target=\"_blank\"><i\r\n                        class=\"fas fa-file-pdf fa-1x\"><\/i> Mecanismo\r\n                    para acreditar los requisitos b\u00e1sicos para\r\n                    ocupar cualquier cargo en la Fiscal\u00eda General de\r\n                    Cuentas.<\/a> -->\r\n                            <a class=\"btn btn-light text-left\"\r\n                                href=\"https:\/\/www.fiscaliadecuentas.gob.pa\/wp-content\/uploads\/2023\/04\/INSTRUCTIVO-FGC-CA-004-23.pdf\"\r\n                                role=\"button\" rel=\"noopener\" target=\"_blank\"><i class=\"fas fa-search fa-1x\"><\/i> Ver\r\n                                Instructivo del\r\n                                Concurso Abierto<\/a>\r\n                            <a class=\"btn btn-light text-left\"\r\n                                href=\"https:\/\/www.fiscaliadecuentas.gob.pa\/wp-content\/uploads\/2023\/04\/TABLA-DE-PONDERACION-FGC-CA-004-23.pdf\"\r\n                                role=\"button\" rel=\"noopener\" target=\"_blank\"><i class=\"fas fa-search fa-1x\"><\/i> Ver\r\n                                Tabla de Ponderaci\u00f3n<\/a>\r\n                            <a class=\"btn btn-light text-left collapsible-ca btn-results p-2\"\r\n                                style=\"background-color: #f8f9fa;\" role=\"link\"><i class=\"fas fa-search fa-1x\"><\/i>\r\n                                Ver Resultados\r\n                            <\/a>\r\n                            <div class=\"content\" style=\"display: block;\">\r\n                                <p style=\"text-align: justify\">\r\n                                    <a href=\"https:\/\/www.fiscaliadecuentas.gob.pa\/wp-content\/uploads\/2023\/08\/Resolucion-N.\u00b0-FGC-CSARH-CA-004-23.pdf\"\r\n                                        rel=\"noopener\" target=\"_blank\" role=\"link\"><i class=\"fas fa-file-pdf fa-1x\"><\/i>\r\n                                        Resoluci\u00f3n No. FGC-CSARH-CA-004-23, que comunica los resultados del Concurso\r\n                                        Abierto N.\u00b0 FGC-CA-004-23 para ocupar el cargo de Analista Financiero I.\r\n                                    <\/a>\r\n                                <\/p>\r\n                            <\/div>\r\n                        <\/div>\r\n                        <!-- <button type=\"button\" class=\"collapsible-ca\" style=\"background-color: #333333;\"><i class=\"fas fa-file-pdf fa-1x\"><\/i> Edicto N.\u00b0 004-23<\/button>\r\n                    <div class=\"content\">\r\n                    <p style=\"text-align: justify;\"><a href=\"https:\/\/www.fiscaliadecuentas.gob.pa\/wp-content\/uploads\/2023\/08\/Edicto-N.\u00b0-004-23.pdf\" rel=\"noopener\" target=\"_blank\"><i class=\"fas fa-file-pdf fa-1x\"><\/i> Por este medio, de la suscrita del Comit\u00e9 de Selecci\u00f3n y Administraci\u00f3n de Recurso Humano del Sistema de Carrera por M\u00e9ritos, Hace saber que dentro del Concurso Abierto N.\u00ba FGC-CA-004-23...<\/a><\/p>\r\n                    <\/div> -->\r\n                        <button type=\"button\" class=\"collapsible-ca\" style=\"background-color: #333333\">\r\n                            <i class=\"fas fa-angle-double-down fa-1x\"><\/i> Base Legal\r\n                        <\/button>\r\n                        <div class=\"content\">\r\n                            <!-- ============================================= LEGAL-BASE-START ================================ -->\r\n                            <div class=\"d-grid gap-2\">\r\n                                <a class=\"btn btn-light text-justify\"\r\n                                    href=\"https:\/\/www.fiscaliadecuentas.gob.pa\/wp-content\/uploads\/2021\/11\/LEY-67-DE-2008-ACTUALIZADA-AL-2020-FGC-Secretaria-General.pdf\"\r\n                                    role=\"button\" rel=\"noopener\" target=\"_blank\"><i class=\"fas fa-file-pdf fa-1x\"><\/i>\r\n                                    LEY 67 de 14 de\r\n                                    noviembre de 2008. \"QUE DESARROLLA LA JURISDICCI\u00d3N DE CUENTAS\r\n                                    Y REFORMA LA LEY 32 DE 1987, ORG\u00c1NICA DE LA CONTRALOR\u00cdA\r\n                                    GENERAL DE LA REP\u00daBLICA\"<\/a>\r\n                                <a class=\"btn btn-light text-justify\"\r\n                                    href=\"https:\/\/www.fiscaliadecuentas.gob.pa\/wp-content\/uploads\/2021\/08\/Resolucion-N.%C2%B0-FGC-039-21-de-9-de-agosto-de-2021-QUE-APRUEBA-LA-REGLAMENTACION-DEL-ARTICULO-25-A.pdf\"\r\n                                    role=\"button\" rel=\"noopener\" target=\"_blank\"><i class=\"fas fa-file-pdf fa-1x\"><\/i>\r\n                                    Resoluci\u00f3n N.\u00b0\r\n                                    FGC-039-21 de 9 de agosto de 2021. \"QUE APRUEBA LA\r\n                                    REGLAMENTACI\u00d3N DEL ARTICULO 25-A DE LA LEY 67 DE 14 DE\r\n                                    NOVIEMBRE DE 2008, POR EL CUAL SE INSTITUYE UN SISTEMA DE\r\n                                    CARRERA POR M\u00c9RITOS EN LA FISCAL\u00cdA GENERAL DE CUENTAS\"<\/a>\r\n                                <a class=\"btn btn-light text-justify\"\r\n                                    href=\"https:\/\/www.fiscaliadecuentas.gob.pa\/wp-content\/uploads\/2022\/05\/RESOLUCION-FGC-N.\u00b0-21-22-1.pdf\"\r\n                                    role=\"button\" rel=\"noopener\" target=\"_blank\"><i class=\"fas fa-file-pdf fa-1x\"><\/i>\r\n                                    Resoluci\u00f3n FGC N\u00b021-22\r\n                                    de 22 de abril de 2022. \"POR LA CUAL SE ADICIONA UN P\u00c1RRAFO AL\r\n                                    ART\u00cdCULO 13 DE LA RESOLUCI\u00d3N N\u00b0FGC-039-21 DE 9 DE AGOSTO DE\r\n                                    2021, QUE APRUEBA LA REGLAMENTACI\u00d3N DEL ART\u00cdCULO 25-A DE LA\r\n                                    LEY 67 DE 14 DE NOVIEMBRE DE 2008, POR EL CUAL SE INSTITUYE UN\r\n                                    SISTEMA DE CARRERA POR M\u00c9RITOS EN LA FISCAL\u00cdA GENERAL DE\r\n                                    CUENTAS.\"<\/a>\r\n                                <a class=\"btn btn-light text-justify\"\r\n                                    href=\"https:\/\/www.fiscaliadecuentas.gob.pa\/wp-content\/uploads\/2023\/05\/Resolucion_FGC_CFGC_004_23.pdf\"\r\n                                    role=\"button\" rel=\"noopener\" target=\"_blank\"><i class=\"fas fa-file-pdf fa-1x\"><\/i>\r\n                                    Resoluci\u00f3n No.\r\n                                    FGC-CFGC-004-23. \"QUE DECLARA UNA VACANTE ABSOLUTA\"<\/a>\r\n                            <\/div>\r\n                            <!-- ============================================= LEGAL-BASE-END ====================================== -->\r\n                        <\/div>\r\n                        <!-- Button trigger modal -->\r\n                        <div class=\"button-content\">\r\n                            <button type=\"button\" class=\"btn btn-warning\" data-bs-toggle=\"modal\"\r\n                                data-bs-target=\"#staticBackdrop-004-23\">\r\n                                Aplicar a la Convocatoria\r\n                            <\/button>\r\n                        <\/div>\r\n\r\n                        <!-- Modal -->\r\n                        <div class=\"modal fade\" id=\"staticBackdrop-004-23\" data-bs-backdrop=\"static\"\r\n                            data-bs-keyboard=\"false\" tabindex=\"-1\" aria-labelledby=\"staticBackdropLabel-004-23\"\r\n                            aria-hidden=\"true\">\r\n                            <div class=\"modal-dialog\">\r\n                                <div class=\"modal-content\">\r\n                                    <div class=\"modal-header\">\r\n                                        <h5 class=\"modal-title\" id=\"staticBackdropLabel-004-23\">\r\n                                            !LO SENTIMOS\u00a1\r\n                                        <\/h5>\r\n                                        <button type=\"button\" class=\"btn-close\" data-bs-dismiss=\"modal\"\r\n                                            aria-label=\"Close\"><\/button>\r\n                                    <\/div>\r\n                                    <div class=\"modal-body\">\r\n                                        LA CONVOCATORIA PARA EL CONCURSO ABIERTO N.\u00b0 FGC-CA-004-23\r\n                                        \u201cANALISTA FINANCIERO I\u201d HA CULMINADO.\r\n                                    <\/div>\r\n                                    <div class=\"modal-footer\">\r\n                                        <button type=\"button\" class=\"btn btn-secondary\" data-bs-dismiss=\"modal\">\r\n                                            Close\r\n                                        <\/button>\r\n                                    <\/div>\r\n                                <\/div>\r\n                            <\/div>\r\n                        <\/div>\r\n                        <!-- End Modal -->\r\n                        <!-- <div class=\"button-content\"><a\r\n                        href=\"https:\/\/www.fiscaliadecuentas.gob.pa\/scmfgc\/formulario-de-aplicacion-concurso-abierto-n-fgc-ca-004-2023-analista-financiero-i\"\r\n                        rel=\"noopener\" target=\"_blank\"><button type=\"button\" class=\"btn-submit\">Aplicar a la\r\n                            Convocatoria<\/button><\/a><\/div> -->\r\n                    <\/div>\r\n                <\/div>\r\n            <\/div>\r\n            <!--.\/START-HORIZONTAL-NAV-2023 -->\r\n            <nav class=\"nav pt-1 flex\">\r\n                <div class=\"nav nav-pills justify-content-end\" id=\"nav-tab\" role=\"tablist\">\r\n                    <button class=\"nav-link active\" id=\"nav-new-tab-2023\" data-bs-toggle=\"tab\"\r\n                        data-bs-target=\"#nav-new-2023\" type=\"button\" role=\"tab\" aria-controls=\"nav-new-2023\"\r\n                        aria-selected=\"true\">\r\n                        SEGUNDO SEMESTRE\r\n                    <\/button>\r\n                    <button class=\"nav-link\" id=\"nav-old-tab-2023\" data-bs-toggle=\"tab\" data-bs-target=\"#nav-old-2023\"\r\n                        type=\"button\" role=\"tab\" aria-controls=\"nav-old-2023\" aria-selected=\"false\">\r\n                        PRIMER SEMESTRE\r\n                    <\/button>\r\n                <\/div>\r\n            <\/nav>\r\n            <!--.\/END-HORIZONTAL-NAV-2023 -->\r\n        <\/div>\r\n        <!-- END-NAV-PILL-2023 -->\r\n        <!-- \/\/\/\/\/\/\/\/\/\/\/\/\/\/\/\/\/\/\/\/\/\/\/\/\/\/\/\/\/\/\/\/\/\/\/\/\/\/\/\/\/\/\/\/\/\/\/\/\/\/\/\/\/\/\/\/\/\/\/\/\/\/\/\/\/\/\/\/\/\/ -->\r\n        <!-- START-NAV-PILL-2022 -->\r\n        <div class=\"tab-pane fade\" id=\"v-pills-2022\" role=\"tabpanel\" aria-labelledby=\"v-pills-2022-tab\" tabindex=\"0\">\r\n            <div class=\"tab-content\" id=\"nav-tabContent\">\r\n                <div class=\"tab-pane fade show active\" id=\"nav-new-2022\" role=\"tabpanel\"\r\n                    aria-labelledby=\"nav-new-tab-2022\" tabindex=\"0\">\r\n                    <!-- ===================================================\/.START-NEW======================================================= -->\r\n                    <!-- ===================================================================================================================== -->\r\n                    <!-- =======================================Concurso Abierto N.\u00b0 FGC-CA-005-22 \"ESTAD\u00cdSTICO\"============================== -->\r\n                    <!-- ===================================================================================================================== -->\r\n                    <button type=\"button\" class=\"collapsible-ca\">\r\n                        <div class=\"btn-info\">\r\n                            <div id=\"content-left\">\r\n                                <p class=\"lh-sm\">Concurso Abierto N.\u00b0 FGC-CA-005-22<\/p>\r\n                                <p class=\"lh-sm\">Cargo: ESTAD\u00cdSTICO<\/p>\r\n                                <p class=\"lh-sm\">\r\n                                    <i class=\"fas fa-angle-double-down fa-1x\"><\/i> Ver m\u00e1s\r\n                                    informaci\u00f3n sobre este concurso\r\n                                <\/p>\r\n                            <\/div>\r\n                            <div id=\"content-right\">\r\n                                <img decoding=\"async\" src=\"https:\/\/www.fiscaliadecuentas.gob.pa\/wp-content\/uploads\/2022\/05\/statistical.png\"\r\n                                    class=\"image\" \/>\r\n                            <\/div>\r\n                        <\/div>\r\n                    <\/button>\r\n                    <div class=\"content\">\r\n                        <!--<button type=\"button\" class=\"collapsible-ca\" style=\"background-color: #333333;\"><i class=\"fas fa-info-circle fa-1x\"><\/i> AVISO<\/button>\r\n                    <div class=\"content\"><br>\r\n                    <p style=\"text-align: justify;\"><a href=\"https:\/\/www.fiscaliadecuentas.gob.pa\/wp-content\/uploads\/2022\/05\/Extension-Carrera-por-Merito.pdf\" rel=\"noopener\" target=\"_blank\"><i class=\"fas fa-file-pdf fa-1x\"><\/i> Extensi\u00f3n de entrega de documentos hasta el 10 de junio de 2022.<\/a><\/p>\r\n                    <\/div>-->\r\n                        <!-- ============================================= Button-Group-Start ================================ -->\r\n                        <div class=\"d-grid gap-2\">\r\n                            <a class=\"btn btn-light text-left\"\r\n                                href=\"https:\/\/www.fiscaliadecuentas.gob.pa\/wp-content\/uploads\/2022\/09\/AVISO-DE-CONVOCATORIA-FGC-CA-005-22-ESTADISTICO.pdf\"\r\n                                role=\"button\" rel=\"noopener\" target=\"_blank\"><i class=\"fas fa-search fa-1x\"><\/i> Ver\r\n                                Aviso del Concurso\r\n                                Abierto<\/a>\r\n                            <a class=\"btn btn-light text-left\"\r\n                                href=\"https:\/\/www.fiscaliadecuentas.gob.pa\/wp-content\/uploads\/2022\/09\/INSTRUCTIVO-FGC-CA-005-22-ESTADISTICO.pdf\"\r\n                                role=\"button\" rel=\"noopener\" target=\"_blank\"><i class=\"fas fa-search fa-1x\"><\/i> Ver\r\n                                Instructivo del\r\n                                Concurso Abierto<\/a>\r\n                            <a class=\"btn btn-light text-left\"\r\n                                href=\"https:\/\/www.fiscaliadecuentas.gob.pa\/wp-content\/uploads\/2022\/09\/INSTRUCTIVO-FGC-CA-005-22-ESTADISTICO.pdf\"\r\n                                role=\"button\" rel=\"noopener\" target=\"_blank\"><i class=\"fas fa-search fa-1x\"><\/i> Ver\r\n                                Tabla de Ponderaci\u00f3n<\/a>\r\n                            <a class=\"btn btn-light text-left collapsible-ca btn-results p-2\"\r\n                                style=\"background-color: #f8f9fa;\" role=\"link\"><i class=\"fas fa-search fa-1x\"><\/i>\r\n                                Ver Resultados\r\n                            <\/a>\r\n                            <div class=\"content\" style=\"display: block;\">\r\n                                <p style=\"text-align: justify\">\r\n                                    <a href=\"https:\/\/www.fiscaliadecuentas.gob.pa\/wp-content\/uploads\/2024\/03\/Resolucion-No.-FGC-CFGC-005-2022.pdf\"\r\n                                        rel=\"noopener\" target=\"_blank\" role=\"link\"><i class=\"fas fa-file-pdf fa-1x\"><\/i>\r\n                                        Resoluci\u00f3n No. FGC-CFGC-014-2022, que declara desierto el Concurso Abierto N.\u00b0\r\n                                        FGC-CA-005-22 para ocupar el cargo de Estad\u00edstico.\r\n                                    <\/a>\r\n                                <\/p>\r\n                            <\/div>\r\n                        <\/div>\r\n                        <!-- ============================================= Button-Group-End ====================================== -->\r\n                        <!--<button type=\"button\" class=\"collapsible-ca\" style=\"background-color: #333333;\"><i class=\"fas fa-file-pdf fa-1x\"><\/i> Resoluci\u00f3n N\u00b0.FGC-CSARH-CA-02-22<\/button>\r\n                    <div class=\"content\">\r\n                    <p style=\"text-align: justify;\"><a href=\"#\" rel=\"noopener\" target=\"_blank\"><i class=\"fas fa-file-pdf fa-1x\"><\/i> Que comunica los resultados finales del Concurso Abierto N.\u00ba FGC-CA-001-21, para cubrir la vacante absoluta del cargo de Coordinador de Cooperaci\u00f3n T\u00e9cnica de la Fiscal\u00eda General de Cuentas.<\/a><\/p>\r\n                    <\/div>-->\r\n                        <button type=\"button\" class=\"collapsible-ca\" style=\"background-color: #333333\">\r\n                            <i class=\"fas fa-angle-double-down fa-1x\"><\/i> Base Legal\r\n                        <\/button>\r\n                        <div class=\"content\">\r\n                            <!-- ============================================= LEGAL-BASE-START ================================ -->\r\n                            <div class=\"d-grid gap-2\">\r\n                                <a class=\"btn btn-light text-justify\"\r\n                                    href=\"https:\/\/www.fiscaliadecuentas.gob.pa\/wp-content\/uploads\/2021\/11\/LEY-67-DE-2008-ACTUALIZADA-AL-2020-FGC-Secretaria-General.pdf\"\r\n                                    role=\"button\" rel=\"noopener\" target=\"_blank\"><i class=\"fas fa-file-pdf fa-1x\"><\/i>\r\n                                    LEY 67 de 14 de\r\n                                    noviembre de 2008. \"QUE DESARROLLA LA JURISDICCI\u00d3N DE CUENTAS\r\n                                    Y REFORMA LA LEY 32 DE 1987, ORG\u00c1NICA DE LA CONTRALOR\u00cdA\r\n                                    GENERAL DE LA REP\u00daBLICA\"<\/a>\r\n                                <a class=\"btn btn-light text-justify\"\r\n                                    href=\"https:\/\/www.fiscaliadecuentas.gob.pa\/wp-content\/uploads\/2021\/08\/Resolucion-N.%C2%B0-FGC-039-21-de-9-de-agosto-de-2021-QUE-APRUEBA-LA-REGLAMENTACION-DEL-ARTICULO-25-A.pdf\"\r\n                                    role=\"button\" rel=\"noopener\" target=\"_blank\"><i class=\"fas fa-file-pdf fa-1x\"><\/i>\r\n                                    Resoluci\u00f3n N.\u00b0\r\n                                    FGC-039-21 de 9 de agosto de 2021. \"QUE APRUEBA LA\r\n                                    REGLAMENTACI\u00d3N DEL ARTICULO 25-A DE LA LEY 67 DE 14 DE\r\n                                    NOVIEMBRE DE 2008, POR EL CUAL SE INSTITUYE UN SISTEMA DE\r\n                                    CARRERA POR M\u00c9RITOS EN LA FISCAL\u00cdA GENERAL DE CUENTAS\"<\/a>\r\n                                <a class=\"btn btn-light text-justify\"\r\n                                    href=\"https:\/\/www.fiscaliadecuentas.gob.pa\/wp-content\/uploads\/2022\/05\/RESOLUCION-FGC-N.\u00b0-21-22-1.pdf\"\r\n                                    role=\"button\" rel=\"noopener\" target=\"_blank\"><i class=\"fas fa-file-pdf fa-1x\"><\/i>\r\n                                    Resoluci\u00f3n FGC N\u00b021-22\r\n                                    de 22 de abril de 2022. \"POR LA CUAL SE ADICIONA UN P\u00c1RRAFO AL\r\n                                    ART\u00cdCULO 13 DE LA RESOLUCI\u00d3N N\u00b0FGC-039-21 DE 9 DE AGOSTO DE\r\n                                    2021, QUE APRUEBA LA REGLAMENTACI\u00d3N DEL ART\u00cdCULO 25-A DE LA\r\n                                    LEY 67 DE 14 DE NOVIEMBRE DE 2008, POR EL CUAL SE INSTITUYE UN\r\n                                    SISTEMA DE CARRERA POR M\u00c9RITOS EN LA FISCAL\u00cdA GENERAL DE\r\n                                    CUENTAS.\"<\/a>\r\n                                <a class=\"btn btn-light text-justify\"\r\n                                    href=\"https:\/\/www.fiscaliadecuentas.gob.pa\/wp-content\/uploads\/2022\/05\/RESOLUCION_ESTADISTICO.pdf\"\r\n                                    role=\"button\" rel=\"noopener\" target=\"_blank\"><i class=\"fas fa-file-pdf fa-1x\"><\/i>\r\n                                    Resoluci\u00f3n No.\r\n                                    FGC-CFGC-003-22. \"QUE DECLARA UNA VACANTE ABSOLUTA\"<\/a>\r\n                            <\/div>\r\n                            <!-- ============================================= LEGAL-BASE-END ====================================== -->\r\n                        <\/div>\r\n                        <!-- Button trigger modal -->\r\n                        <div class=\"button-content\">\r\n                            <button type=\"button\" class=\"btn btn-warning\" data-bs-toggle=\"modal\"\r\n                                data-bs-target=\"#staticBackdrop-005-22\">\r\n                                Aplicar a la Convocatoria\r\n                            <\/button>\r\n                        <\/div>\r\n                        <!-- Modal -->\r\n                        <div class=\"modal fade\" id=\"staticBackdrop-005-22\" data-bs-backdrop=\"static\"\r\n                            data-bs-keyboard=\"false\" tabindex=\"-1\" aria-labelledby=\"staticBackdropLabel-005-22\"\r\n                            aria-hidden=\"true\">\r\n                            <div class=\"modal-dialog\">\r\n                                <div class=\"modal-content\">\r\n                                    <div class=\"modal-header\">\r\n                                        <h5 class=\"modal-title\" id=\"staticBackdropLabel-005-22\">\r\n                                            !AVISO IMPORTANTE\u00a1\r\n                                        <\/h5>\r\n                                        <button type=\"button\" class=\"btn-close\" data-bs-dismiss=\"modal\"\r\n                                            aria-label=\"Close\"><\/button>\r\n                                    <\/div>\r\n                                    <div class=\"modal-body\">\r\n                                        LA CONVOCATORIA PARA EL CONCURSO ABIERTO N.\u00b0 FGC-CA-005-22\r\n                                        \"ESTAD\u00cdSTICO\" HA CULMINADO.\r\n                                    <\/div>\r\n                                    <div class=\"modal-footer\">\r\n                                        <button type=\"button\" class=\"btn btn-secondary\" data-bs-dismiss=\"modal\">\r\n                                            Close\r\n                                        <\/button>\r\n                                    <\/div>\r\n                                <\/div>\r\n                            <\/div>\r\n                        <\/div>\r\n                        <!-- End Modal -->\r\n                        <!-- <div class=\"button-content\"><a class=\"btn btn-warning\"\r\n                                href=\"https:\/\/www.fiscaliadecuentas.gob.pa\/scmfgc\/formulario-de-aplicacion-fgc-ca-005-2022-estadistico\/\"\r\n                                role=\"button\" rel=\"noopener\" target=\"_blank\">Aplicar\r\n                                a la Convocatoria<\/a><\/div> -->\r\n                    <\/div>\r\n                    <!-- ===================================================================================================================== -->\r\n                    <!-- =================================== Concurso Abierto N.\u00b0 FGC-CA-006-22 \"ARCHIV\u00d3LOGO\"================================= -->\r\n                    <!-- ===================================================================================================================== -->\r\n                    <button type=\"button\" class=\"collapsible-ca\">\r\n                        <div class=\"btn-info\">\r\n                            <div id=\"content-left\">\r\n                                <p class=\"lh-sm\">Concurso Abierto N.\u00b0 FGC-CA-006-22<\/p>\r\n                                <p class=\"lh-sm\">Cargo: ARCHIV\u00d3LOGO<\/p>\r\n                                <p class=\"lh-sm\">\r\n                                    <i class=\"fas fa-angle-double-down fa-1x\"><\/i> Ver m\u00e1s\r\n                                    informaci\u00f3n sobre este concurso\r\n                                <\/p>\r\n                            <\/div>\r\n                            <div id=\"content-right\">\r\n                                <img decoding=\"async\" src=\"https:\/\/www.fiscaliadecuentas.gob.pa\/wp-content\/uploads\/2022\/05\/archivist.png\"\r\n                                    class=\"image\" \/>\r\n                            <\/div>\r\n                        <\/div>\r\n                    <\/button>\r\n                    <div class=\"content\">\r\n                        <!--<button type=\"button\" class=\"collapsible-ca\" style=\"background-color: #333333;\"><i class=\"fas fa-info-circle fa-1x\"><\/i> AVISO<\/button>\r\n                    <div class=\"content\"><br>\r\n                    <p style=\"text-align: justify;\"><a href=\"https:\/\/www.fiscaliadecuentas.gob.pa\/wp-content\/uploads\/2022\/05\/Extension-Carrera-por-Merito.pdf\" rel=\"noopener\" target=\"_blank\"><i class=\"fas fa-file-pdf fa-1x\"><\/i> Extensi\u00f3n de entrega de documentos hasta el 10 de junio de 2022.<\/a><\/p>\r\n                    <\/div>-->\r\n                        <!-- ============================================= Button-Group-Start ================================ -->\r\n                        <div class=\"d-grid gap-2\">\r\n                            <a class=\"btn btn-light text-left\"\r\n                                href=\"https:\/\/www.fiscaliadecuentas.gob.pa\/wp-content\/uploads\/2022\/09\/AVISO-DE-CONVOCATORIA-FGC-CA-006-22-ARCHIVOLOGO.pdf\"\r\n                                role=\"button\" rel=\"noopener\" target=\"_blank\"><i class=\"fas fa-search fa-1x\"><\/i> Ver\r\n                                Aviso del Concurso\r\n                                Abierto<\/a>\r\n                            <a class=\"btn btn-light text-left\"\r\n                                href=\"https:\/\/www.fiscaliadecuentas.gob.pa\/wp-content\/uploads\/2022\/09\/INSTRUCTIVO-FGC-CA-006-22-ARCHIVOLOGO.pdf\"\r\n                                role=\"button\" rel=\"noopener\" target=\"_blank\"><i class=\"fas fa-search fa-1x\"><\/i> Ver\r\n                                Instructivo del\r\n                                Concurso Abierto<\/a>\r\n                            <a class=\"btn btn-light text-left\"\r\n                                href=\"https:\/\/www.fiscaliadecuentas.gob.pa\/wp-content\/uploads\/2022\/09\/TABLA-DE-PONDERACION-FGC-CA-006-22-ARCHIVOLOGO.pdf\"\r\n                                role=\"button\" rel=\"noopener\" target=\"_blank\"><i class=\"fas fa-search fa-1x\"><\/i> Ver\r\n                                Tabla de Ponderaci\u00f3n<\/a>\r\n                            <a class=\"btn btn-light text-left collapsible-ca btn-results p-2\"\r\n                                style=\"background-color: #f8f9fa;\" role=\"link\"><i class=\"fas fa-search fa-1x\"><\/i>\r\n                                Ver Resultados\r\n                            <\/a>\r\n                            <div class=\"content\" style=\"display: block;\">\r\n                                <p style=\"text-align: justify\">\r\n                                    <a href=\"https:\/\/www.fiscaliadecuentas.gob.pa\/wp-content\/uploads\/2024\/03\/Resolucion-No.-FGC-CFGC-015-2022.pdf\"\r\n                                        rel=\"noopener\" target=\"_blank\" role=\"link\"><i class=\"fas fa-file-pdf fa-1x\"><\/i>\r\n                                        Resoluci\u00f3n No. FGC-CFGC-015-2022, que declara desierto el Concurso Abierto N.\u00b0\r\n                                        FGC-CA-006-22 para ocupar el cargo de Archiv\u00f3logo.\r\n                                    <\/a>\r\n                                <\/p>\r\n                            <\/div>\r\n                        <\/div>\r\n                        <!-- ============================================= Button-Group-End ====================================== -->\r\n                        <!--<button type=\"button\" class=\"collapsible-ca\" style=\"background-color: #333333;\"><i class=\"fas fa-file-pdf fa-1x\"><\/i> Resoluci\u00f3n N\u00b0.FGC-CSARH-CA-02-22<\/button>\r\n                    <div class=\"content\">\r\n                        <p style=\"text-align: justify;\"><a href=\"#\" rel=\"noopener\" target=\"_blank\"><i class=\"fas fa-file-pdf fa-1x\"><\/i> Que comunica los resultados finales del Concurso Abierto N.\u00ba FGC-CA-001-21, para cubrir la vacante absoluta del cargo de Coordinador de Cooperaci\u00f3n T\u00e9cnica de la Fiscal\u00eda General de Cuentas.<\/a><\/p>\r\n                    <\/div>-->\r\n                        <button type=\"button\" class=\"collapsible-ca\" style=\"background-color: #333333\">\r\n                            <i class=\"fas fa-angle-double-down fa-1x\"><\/i> Base Legal\r\n                        <\/button>\r\n                        <div class=\"content\">\r\n                            <!-- ============================================= LEGAL-BASE-START ================================ -->\r\n                            <div class=\"d-grid gap-2\">\r\n                                <a class=\"btn btn-light text-justify\"\r\n                                    href=\"https:\/\/www.fiscaliadecuentas.gob.pa\/wp-content\/uploads\/2021\/11\/LEY-67-DE-2008-ACTUALIZADA-AL-2020-FGC-Secretaria-General.pdf\"\r\n                                    role=\"button\" rel=\"noopener\" target=\"_blank\"><i class=\"fas fa-file-pdf fa-1x\"><\/i>\r\n                                    LEY 67 de 14 de\r\n                                    noviembre de 2008. \"QUE DESARROLLA LA JURISDICCI\u00d3N DE CUENTAS\r\n                                    Y REFORMA LA LEY 32 DE 1987, ORG\u00c1NICA DE LA CONTRALOR\u00cdA\r\n                                    GENERAL DE LA REP\u00daBLICA\"<\/a>\r\n                                <a class=\"btn btn-light text-justify\"\r\n                                    href=\"https:\/\/www.fiscaliadecuentas.gob.pa\/wp-content\/uploads\/2021\/08\/Resolucion-N.%C2%B0-FGC-039-21-de-9-de-agosto-de-2021-QUE-APRUEBA-LA-REGLAMENTACION-DEL-ARTICULO-25-A.pdf\"\r\n                                    role=\"button\" rel=\"noopener\" target=\"_blank\"><i class=\"fas fa-file-pdf fa-1x\"><\/i>\r\n                                    Resoluci\u00f3n N.\u00b0\r\n                                    FGC-039-21 de 9 de agosto de 2021. \"QUE APRUEBA LA\r\n                                    REGLAMENTACI\u00d3N DEL ARTICULO 25-A DE LA LEY 67 DE 14 DE\r\n                                    NOVIEMBRE DE 2008, POR EL CUAL SE INSTITUYE UN SISTEMA DE\r\n                                    CARRERA POR M\u00c9RITOS EN LA FISCAL\u00cdA GENERAL DE CUENTAS\"<\/a>\r\n                                <a class=\"btn btn-light text-justify\"\r\n                                    href=\"https:\/\/www.fiscaliadecuentas.gob.pa\/wp-content\/uploads\/2022\/05\/RESOLUCION-FGC-N.\u00b0-21-22-1.pdf\"\r\n                                    role=\"button\" rel=\"noopener\" target=\"_blank\"><i class=\"fas fa-file-pdf fa-1x\"><\/i>\r\n                                    Resoluci\u00f3n FGC N\u00b021-22\r\n                                    de 22 de abril de 2022. \"POR LA CUAL SE ADICIONA UN P\u00c1RRAFO AL\r\n                                    ART\u00cdCULO 13 DE LA RESOLUCI\u00d3N N\u00b0FGC-039-21 DE 9 DE AGOSTO DE\r\n                                    2021, QUE APRUEBA LA REGLAMENTACI\u00d3N DEL ART\u00cdCULO 25-A DE LA\r\n                                    LEY 67 DE 14 DE NOVIEMBRE DE 2008, POR EL CUAL SE INSTITUYE UN\r\n                                    SISTEMA DE CARRERA POR M\u00c9RITOS EN LA FISCAL\u00cdA GENERAL DE\r\n                                    CUENTAS.\"<\/a>\r\n                                <a class=\"btn btn-light text-justify\"\r\n                                    href=\"https:\/\/www.fiscaliadecuentas.gob.pa\/wp-content\/uploads\/2022\/05\/RESOLUCION_ARCHIVOLOGO.pdf\"\r\n                                    role=\"button\" rel=\"noopener\" target=\"_blank\"><i class=\"fas fa-file-pdf fa-1x\"><\/i>\r\n                                    Resoluci\u00f3n No.\r\n                                    FGC-CFGC-004-22 de 21 de abril de 2022. \"QUE DECLARA VACANTE\r\n                                    ABSOLUTA\"<\/a>\r\n                            <\/div>\r\n                            <!-- ============================================= LEGAL-BASE-END ====================================== -->\r\n                        <\/div>\r\n                        <!-- Button trigger modal -->\r\n                        <div class=\"button-content\">\r\n                            <button type=\"button\" class=\"btn btn-warning\" data-bs-toggle=\"modal\"\r\n                                data-bs-target=\"#staticBackdrop-006-22\">\r\n                                Aplicar a la Convocatoria\r\n                            <\/button>\r\n                        <\/div>\r\n                        <!-- Modal -->\r\n                        <div class=\"modal fade\" id=\"staticBackdrop-006-22\" data-bs-backdrop=\"static\"\r\n                            data-bs-keyboard=\"false\" tabindex=\"-1\" aria-labelledby=\"staticBackdropLabel-006-22\"\r\n                            aria-hidden=\"true\">\r\n                            <div class=\"modal-dialog\">\r\n                                <div class=\"modal-content\">\r\n                                    <div class=\"modal-header\">\r\n                                        <h5 class=\"modal-title\" id=\"staticBackdropLabel-005-22\">\r\n                                            !AVISO IMPORTANTE\u00a1\r\n                                        <\/h5>\r\n                                        <button type=\"button\" class=\"btn-close\" data-bs-dismiss=\"modal\"\r\n                                            aria-label=\"Close\"><\/button>\r\n                                    <\/div>\r\n                                    <div class=\"modal-body\">\r\n                                        LA CONVOCATORIA PARA EL CONCURSO ABIERTO FGC-CA-006-22\r\n                                        \"ARCHIV\u00d3LOGO\" HA CULMINADO.\r\n                                    <\/div>\r\n                                    <div class=\"modal-footer\">\r\n                                        <button type=\"button\" class=\"btn btn-secondary\" data-bs-dismiss=\"modal\">\r\n                                            Close\r\n                                        <\/button>\r\n                                    <\/div>\r\n                                <\/div>\r\n                            <\/div>\r\n                        <\/div>\r\n                        <!-- End Modal -->\r\n                        <!-- <div class=\"button-content\"><a class=\"btn btn-warning\"\r\n                                href=\"https:\/\/www.fiscaliadecuentas.gob.pa\/scmfgc\/formulario-de-aplicacion-fgc-ca-006-2022-archivologo\/\"\r\n                                role=\"button\" rel=\"noopener\" target=\"_blank\">Aplicar\r\n                                a la Convocatoria<\/a><\/div> -->\r\n                    <\/div>\r\n                    <!-- ===================================================================================================================== -->\r\n                    <!-- =========================== FIN Concurso Abierto N.\u00b0 FGC-CA-006-22 \"ARCHIV\u00d3LOGO\"===================================== -->\r\n                    <!-- \/\/\/\/\/\/\/\/\/\/\/\/\/\/\/\/\/\/\/\/\/\/\/\/\/\/\/\/\/\/\/\/\/\/\/\/\/\/\/\/\/\/\/\/\/\/\/\/\/\/\/\/\/\/\/\/\/\/\/\/\/\/\/\/\/\/\/\/\/\/\/\/\/\/\/\/\/\/\/\/\/\/\/\/\/\/\/\/\/\/\/\/\/\/\/\/\/\/\/\/\/\/\/\/\/\/\/\/\/\/\/\/\/\/\/\/\/ -->\r\n                    <!-- =========================== INICIO Concurso Abierto N.\u00b0 FGC-CA-007-22 \"OFICIAL DE PROTOCOLO\"========================= -->\r\n                    <!-- ===================================================================================================================== -->\r\n                    <button type=\"button\" class=\"collapsible-ca\">\r\n                        <div class=\"btn-info\">\r\n                            <div id=\"content-left\">\r\n                                <p class=\"lh-sm\">Concurso Abierto N.\u00b0 FGC-CA-007-22<\/p>\r\n                                <p class=\"lh-sm\">Cargo: OFICIAL DE PROTOCOLO<\/p>\r\n                                <p class=\"lh-sm\">\r\n                                    <i class=\"fas fa-angle-double-down fa-1x\"><\/i> Ver m\u00e1s\r\n                                    informaci\u00f3n sobre este concurso\r\n                                <\/p>\r\n                            <\/div>\r\n                            <div id=\"content-right\">\r\n                                <img decoding=\"async\" src=\"https:\/\/www.fiscaliadecuentas.gob.pa\/wp-content\/uploads\/2022\/05\/protocol_officer.png\"\r\n                                    class=\"image\" \/>\r\n                            <\/div>\r\n                        <\/div>\r\n                    <\/button>\r\n                    <div class=\"content\">\r\n                        <!--<button type=\"button\" class=\"collapsible-ca\" style=\"background-color: #333333;\"><i class=\"fas fa-info-circle fa-1x\"><\/i> AVISO<\/button>\r\n                    <div class=\"content\"><br>\r\n                    <p style=\"text-align: justify;\"><a href=\"https:\/\/www.fiscaliadecuentas.gob.pa\/wp-content\/uploads\/2022\/05\/Extension-Carrera-por-Merito.pdf\" rel=\"noopener\" target=\"_blank\"><i class=\"fas fa-file-pdf fa-1x\"><\/i> Extensi\u00f3n de entrega de documentos hasta el 10 de junio de 2022.<\/a><\/p>\r\n                    <\/div>-->\r\n                        <!-- ============================================= Button-Group-Start ================================ -->\r\n                        <div class=\"d-grid gap-2\">\r\n                            <a class=\"btn btn-light text-left\"\r\n                                href=\"https:\/\/www.fiscaliadecuentas.gob.pa\/wp-content\/uploads\/2022\/09\/AVISO-DE-CONVOCATORIA-FGC-CA-007-22-PROTOCOLO.pdf\"\r\n                                role=\"button\" rel=\"noopener\" target=\"_blank\"><i class=\"fas fa-search fa-1x\"><\/i> Ver\r\n                                Aviso del Concurso\r\n                                Abierto<\/a>\r\n                            <a class=\"btn btn-light text-left\"\r\n                                href=\"https:\/\/www.fiscaliadecuentas.gob.pa\/wp-content\/uploads\/2022\/09\/INSTRUCTIVO-FGC-CA-007-22-PROTOCOLO.pdf\"\r\n                                role=\"button\" rel=\"noopener\" target=\"_blank\"><i class=\"fas fa-search fa-1x\"><\/i> Ver\r\n                                Instructivo del\r\n                                Concurso Abierto<\/a>\r\n                            <a class=\"btn btn-light text-left\"\r\n                                href=\"https:\/\/www.fiscaliadecuentas.gob.pa\/wp-content\/uploads\/2022\/09\/TABLA-DE-PONDERACION-FGC-CA-007-22-PROTOCOLO.pdf\"\r\n                                role=\"button\" rel=\"noopener\" target=\"_blank\"><i class=\"fas fa-search fa-1x\"><\/i> Ver\r\n                                Tabla de Ponderaci\u00f3n\r\n                            <\/a>\r\n                            <a class=\"btn btn-light text-left collapsible-ca btn-results p-2\"\r\n                                style=\"background-color: #f8f9fa;\" role=\"link\"><i class=\"fas fa-search fa-1x\"><\/i>\r\n                                Ver Resultados\r\n                            <\/a>\r\n                            <div class=\"content\" style=\"display: block;\">\r\n                                <p style=\"text-align: justify\">\r\n                                    <a href=\"https:\/\/www.fiscaliadecuentas.gob.pa\/wp-content\/uploads\/2023\/05\/Resolucion_FGC_CSARH-CA-013-22.pdf\"\r\n                                        rel=\"noopener\" target=\"_blank\" role=\"link\"><i class=\"fas fa-file-pdf fa-1x\"><\/i>\r\n                                        Resoluci\u00f3n No. FGC-CSARH-CA-017-22, que comunica los resultados del Concurso\r\n                                        Abierto N.\u00b0 FGC-CA-007-22 para ocupar el cargo de Oficial de Protocolo.\r\n                                    <\/a>\r\n                                <\/p>\r\n                            <\/div>\r\n                        <\/div>\r\n                        <!-- ============================================= Button-Group-End ====================================== -->\r\n                        <!--<button type=\"button\" class=\"collapsible-ca\" style=\"background-color: #333333;\"><i class=\"fas fa-file-pdf fa-1x\"><\/i> Resoluci\u00f3n N\u00b0.FGC-CSARH-CA-02-22<\/button>\r\n                    <div class=\"content\">\r\n                    <p style=\"text-align: justify;\"><a href=\"#\" rel=\"noopener\" target=\"_blank\"><i class=\"fas fa-file-pdf fa-1x\"><\/i> Que comunica los resultados finales del Concurso Abierto N.\u00ba FGC-CA-001-21, para cubrir la vacante absoluta del cargo de Coordinador de Cooperaci\u00f3n T\u00e9cnica de la Fiscal\u00eda General de Cuentas.<\/a><\/p>\r\n                    <\/div>-->\r\n                        <button type=\"button\" class=\"collapsible-ca\" style=\"background-color: #333333\">\r\n                            <i class=\"fas fa-angle-double-down fa-1x\"><\/i> Base Legal\r\n                        <\/button>\r\n                        <div class=\"content\">\r\n                            <!-- ============================================= LEGAL-BASE-START ================================ -->\r\n                            <div class=\"d-grid gap-2\">\r\n                                <a class=\"btn btn-light text-justify\"\r\n                                    href=\"https:\/\/www.fiscaliadecuentas.gob.pa\/wp-content\/uploads\/2021\/11\/LEY-67-DE-2008-ACTUALIZADA-AL-2020-FGC-Secretaria-General.pdf\"\r\n                                    role=\"button\" rel=\"noopener\" target=\"_blank\"><i class=\"fas fa-file-pdf fa-1x\"><\/i>\r\n                                    LEY 67 de 14 de\r\n                                    noviembre de 2008. \"QUE DESARROLLA LA JURISDICCI\u00d3N DE CUENTAS\r\n                                    Y REFORMA LA LEY 32 DE 1987, ORG\u00c1NICA DE LA CONTRALOR\u00cdA\r\n                                    GENERAL DE LA REP\u00daBLICA\"<\/a>\r\n                                <a class=\"btn btn-light text-justify\"\r\n                                    href=\"https:\/\/www.fiscaliadecuentas.gob.pa\/wp-content\/uploads\/2021\/08\/Resolucion-N.%C2%B0-FGC-039-21-de-9-de-agosto-de-2021-QUE-APRUEBA-LA-REGLAMENTACION-DEL-ARTICULO-25-A.pdf\"\r\n                                    role=\"button\" rel=\"noopener\" target=\"_blank\"><i class=\"fas fa-file-pdf fa-1x\"><\/i>\r\n                                    Resoluci\u00f3n N.\u00b0\r\n                                    FGC-039-21 de 9 de agosto de 2021. \"QUE APRUEBA LA\r\n                                    REGLAMENTACI\u00d3N DEL ARTICULO 25-A DE LA LEY 67 DE 14 DE\r\n                                    NOVIEMBRE DE 2008, POR EL CUAL SE INSTITUYE UN SISTEMA DE\r\n                                    CARRERA POR M\u00c9RITOS EN LA FISCAL\u00cdA GENERAL DE CUENTAS\"<\/a>\r\n                                <a class=\"btn btn-light text-justify\"\r\n                                    href=\"https:\/\/www.fiscaliadecuentas.gob.pa\/wp-content\/uploads\/2022\/05\/RESOLUCION-FGC-N.\u00b0-21-22-1.pdf\"\r\n                                    role=\"button\" rel=\"noopener\" target=\"_blank\"><i class=\"fas fa-file-pdf fa-1x\"><\/i>\r\n                                    Resoluci\u00f3n FGC N\u00b021-22\r\n                                    de 22 de abril de 2022. \"POR LA CUAL SE ADICIONA UN P\u00c1RRAFO AL\r\n                                    ART\u00cdCULO 13 DE LA RESOLUCI\u00d3N N\u00b0FGC-039-21 DE 9 DE AGOSTO DE\r\n                                    2021, QUE APRUEBA LA REGLAMENTACI\u00d3N DEL ART\u00cdCULO 25-A DE LA\r\n                                    LEY 67 DE 14 DE NOVIEMBRE DE 2008, POR EL CUAL SE INSTITUYE UN\r\n                                    SISTEMA DE CARRERA POR M\u00c9RITOS EN LA FISCAL\u00cdA GENERAL DE\r\n                                    CUENTAS.\"<\/a>\r\n                                <a class=\"btn btn-light text-justify\"\r\n                                    href=\"https:\/\/www.fiscaliadecuentas.gob.pa\/wp-content\/uploads\/2022\/05\/RESOLUCION_OFICIAL_DE_PROTOCOLO.pdf\"\r\n                                    role=\"button\" rel=\"noopener\" target=\"_blank\"><i class=\"fas fa-file-pdf fa-1x\"><\/i>\r\n                                    Resoluci\u00f3n No.\r\n                                    FGC-CFGC-006-22. \"QUE DECLARA UNA VACANTE ABSOLUTA\"<\/a>\r\n                            <\/div>\r\n                            <!-- ============================================= LEGAL-BASE-END ====================================== -->\r\n                        <\/div>\r\n                        <!-- Button trigger modal -->\r\n                        <div class=\"button-content\">\r\n                            <button type=\"button\" class=\"btn btn-warning\" data-bs-toggle=\"modal\"\r\n                                data-bs-target=\"#staticBackdrop-007-22\">\r\n                                Aplicar a la Convocatoria\r\n                            <\/button>\r\n                        <\/div>\r\n                        <!-- Modal -->\r\n                        <div class=\"modal fade\" id=\"staticBackdrop-007-22\" data-bs-backdrop=\"static\"\r\n                            data-bs-keyboard=\"false\" tabindex=\"-1\" aria-labelledby=\"staticBackdropLabel-007-22\"\r\n                            aria-hidden=\"true\">\r\n                            <div class=\"modal-dialog\">\r\n                                <div class=\"modal-content\">\r\n                                    <div class=\"modal-header\">\r\n                                        <h5 class=\"modal-title\" id=\"staticBackdropLabel-007-22\">\r\n                                            !AVISO IMPORTANTE\u00a1\r\n                                        <\/h5>\r\n                                        <button type=\"button\" class=\"btn-close\" data-bs-dismiss=\"modal\"\r\n                                            aria-label=\"Close\"><\/button>\r\n                                    <\/div>\r\n                                    <div class=\"modal-body\">\r\n                                        LA CONVOCATORIA PARA EL CONCURSO ABIERTO FGC-CA-007-22\r\n                                        \"OFICIAL DE PROTOCOLO\" HA CULMINADO.\r\n                                    <\/div>\r\n                                    <div class=\"modal-footer\">\r\n                                        <button type=\"button\" class=\"btn btn-secondary\" data-bs-dismiss=\"modal\">\r\n                                            Close\r\n                                        <\/button>\r\n                                    <\/div>\r\n                                <\/div>\r\n                            <\/div>\r\n                        <\/div>\r\n                        <!-- End Modal -->\r\n                        <!-- <div class=\"button-content\"><a class=\"btn btn-warning\"\r\n                                href=\"https:\/\/www.fiscaliadecuentas.gob.pa\/scmfgc\/formulario-de-aplicacion-fgc-ca-007-2022-protocolo\/\"\r\n                                role=\"button\" rel=\"noopener\" target=\"_blank\">Aplicar\r\n                                a la Convocatoria<\/a><\/div> -->\r\n                    <\/div>\r\n                    <!-- ===================================================================================================================== -->\r\n                    <!-- ========================= FIN Concurso Abierto N.\u00b0 FGC-CA-005-22 \"OFICIAL DE PROTOCOLO\"============================== -->\r\n                    <!-- ===================================================================================================================== -->\r\n                <\/div>\r\n                <!-- =================================================\/.END-NEW-2022====================================================== -->\r\n                <!-- =========================================\/.START-OLD-2022============================================== -->\r\n                <div class=\"tab-pane fade\" id=\"nav-old-2022\" role=\"tabpanel\" aria-labelledby=\"nav-old-tab-2022\"\r\n                    tabindex=\"0\">\r\n                    <!-- Concurso Abierto N.\u00b0 FGC-CA-001-22 \"ESTAD\u00cdSTICO\" -->\r\n                    <button type=\"button\" class=\"collapsible-ca\">\r\n                        <div class=\"btn-info\">\r\n                            <div id=\"content-left\">\r\n                                <p class=\"lh-sm\">Concurso Abierto N.\u00b0 FGC-CA-001-22<\/p>\r\n                                <p class=\"lh-sm\">Cargo: ESTAD\u00cdSTICO<\/p>\r\n                                <p class=\"lh-sm\">\r\n                                    <i class=\"fas fa-angle-double-down fa-1x\"><\/i> Ver m\u00e1s\r\n                                    informaci\u00f3n sobre este concurso\r\n                                <\/p>\r\n                            <\/div>\r\n                            <div id=\"content-right\">\r\n                                <img decoding=\"async\" src=\"https:\/\/www.fiscaliadecuentas.gob.pa\/wp-content\/uploads\/2022\/05\/statistical.png\"\r\n                                    class=\"image\" \/>\r\n                            <\/div>\r\n                        <\/div>\r\n                    <\/button>\r\n                    <div class=\"content\">\r\n                        <button type=\"button\" class=\"collapsible-ca\" style=\"background-color: #333333\">\r\n                            <i class=\"fas fa-info-circle fa-1x\"><\/i> AVISO\r\n                        <\/button>\r\n                        <div class=\"content\">\r\n                            <br \/>\r\n                            <p style=\"text-align: justify\">\r\n                                <a href=\"https:\/\/www.fiscaliadecuentas.gob.pa\/wp-content\/uploads\/2022\/05\/Extension-Carrera-por-Merito.pdf\"\r\n                                    rel=\"noopener\" target=\"_blank\"><i class=\"fas fa-file-pdf fa-1x\"><\/i> Extensi\u00f3n de\r\n                                    entrega de\r\n                                    documentos hasta el 10 de junio de 2022.<\/a>\r\n                            <\/p>\r\n                        <\/div>\r\n                        <!-- ============================================= Button-Group-Start ================================ -->\r\n                        <div class=\"d-grid gap-2\">\r\n                            <a class=\"btn btn-light text-left\"\r\n                                href=\"https:\/\/www.fiscaliadecuentas.gob.pa\/wp-content\/uploads\/2022\/05\/CONVOCATORIA_ESTADISTICO.pdf\"\r\n                                role=\"button\"><i class=\"fas fa-search fa-1x\"><\/i> Ver Aviso del Concurso\r\n                                Abierto<\/a>\r\n                            <!-- <a class=\"btn btn-light text-left\"\r\n                                href=\"https:\/\/www.fiscaliadecuentas.gob.pa\/wp-content\/uploads\/2022\/05\/Aviso-Estadistico-No.-FGC-CA-001-22.pdf\"\r\n                                role=\"button\"><i class=\"fas fa-file-pdf fa-1x\"><\/i>\r\n                                Mecanismo para acreditar los requisitos b\u00e1sicos\r\n                                para ocupar cualquier cargo en la Fiscal\u00eda\r\n                                General de Cuentas.<\/a> -->\r\n                            <a class=\"btn btn-light text-left\"\r\n                                href=\"https:\/\/www.fiscaliadecuentas.gob.pa\/wp-content\/uploads\/2022\/05\/INSTRUCTIVO_ESTADISTICO.pdf\"\r\n                                role=\"button\"><i class=\"fas fa-search fa-1x\"><\/i> Ver Instructivo del\r\n                                Concurso Abierto<\/a>\r\n                            <a class=\"btn btn-light text-left\"\r\n                                href=\"https:\/\/www.fiscaliadecuentas.gob.pa\/wp-content\/uploads\/2022\/05\/PONDERACION_ESTADISTICO.pdf\"\r\n                                role=\"button\"><i class=\"fas fa-search fa-1x\"><\/i> Ver Tabla de Ponderaci\u00f3n<\/a>\r\n                        <\/div>\r\n                        <!-- ============================================= Button-Group-End ====================================== -->\r\n                        <!--<button type=\"button\" class=\"collapsible-ca\" style=\"background-color: #333333;\"><i class=\"fas fa-file-pdf fa-1x\"><\/i> Resoluci\u00f3n N\u00b0.FGC-CSARH-CA-02-22<\/button>\r\n                    <div class=\"content\">\r\n                    <p style=\"text-align: justify;\"><a href=\"#\" rel=\"noopener\" target=\"_blank\"><i class=\"fas fa-file-pdf fa-1x\"><\/i> Que comunica los resultados finales del Concurso Abierto N.\u00ba FGC-CA-001-21, para cubrir la vacante absoluta del cargo de Coordinador de Cooperaci\u00f3n T\u00e9cnica de la Fiscal\u00eda General de Cuentas.<\/a><\/p>\r\n                    <\/div>-->\r\n                        <button type=\"button\" class=\"collapsible-ca\" style=\"background-color: #333333\">\r\n                            <i class=\"fas fa-angle-double-down fa-1x\"><\/i> Base Legal\r\n                        <\/button>\r\n                        <div class=\"content\">\r\n                            <!-- ============================================= LEGAL-BASE-START ================================ -->\r\n                            <div class=\"d-grid gap-2\">\r\n                                <a class=\"btn btn-light text-justify\"\r\n                                    href=\"https:\/\/www.fiscaliadecuentas.gob.pa\/wp-content\/uploads\/2021\/11\/LEY-67-DE-2008-ACTUALIZADA-AL-2020-FGC-Secretaria-General.pdf\"\r\n                                    role=\"button\" rel=\"noopener\" target=\"_blank\"><i class=\"fas fa-file-pdf fa-1x\"><\/i>\r\n                                    LEY 67 de 14 de\r\n                                    noviembre de 2008. \"QUE DESARROLLA LA JURISDICCI\u00d3N DE CUENTAS\r\n                                    Y REFORMA LA LEY 32 DE 1987, ORG\u00c1NICA DE LA CONTRALOR\u00cdA\r\n                                    GENERAL DE LA REP\u00daBLICA\"<\/a>\r\n                                <a class=\"btn btn-light text-justify\"\r\n                                    href=\"https:\/\/www.fiscaliadecuentas.gob.pa\/wp-content\/uploads\/2021\/08\/Resolucion-N.%C2%B0-FGC-039-21-de-9-de-agosto-de-2021-QUE-APRUEBA-LA-REGLAMENTACION-DEL-ARTICULO-25-A.pdf\"\r\n                                    role=\"button\" rel=\"noopener\" target=\"_blank\"><i class=\"fas fa-file-pdf fa-1x\"><\/i>\r\n                                    Resoluci\u00f3n N.\u00b0\r\n                                    FGC-039-21 de 9 de agosto de 2021. \"QUE APRUEBA LA\r\n                                    REGLAMENTACI\u00d3N DEL ARTICULO 25-A DE LA LEY 67 DE 14 DE\r\n                                    NOVIEMBRE DE 2008, POR EL CUAL SE INSTITUYE UN SISTEMA DE\r\n                                    CARRERA POR M\u00c9RITOS EN LA FISCAL\u00cdA GENERAL DE CUENTAS\"<\/a>\r\n                                <a class=\"btn btn-light text-justify\"\r\n                                    href=\"https:\/\/www.fiscaliadecuentas.gob.pa\/wp-content\/uploads\/2022\/05\/RESOLUCION-FGC-N.\u00b0-21-22-1.pdf\"\r\n                                    role=\"button\" rel=\"noopener\" target=\"_blank\"><i class=\"fas fa-file-pdf fa-1x\"><\/i>\r\n                                    Resoluci\u00f3n FGC N\u00b021-22\r\n                                    de 22 de abril de 2022. \"POR LA CUAL SE ADICIONA UN P\u00c1RRAFO AL\r\n                                    ART\u00cdCULO 13 DE LA RESOLUCI\u00d3N N\u00b0FGC-039-21 DE 9 DE AGOSTO DE\r\n                                    2021, QUE APRUEBA LA REGLAMENTACI\u00d3N DEL ART\u00cdCULO 25-A DE LA\r\n                                    LEY 67 DE 14 DE NOVIEMBRE DE 2008, POR EL CUAL SE INSTITUYE UN\r\n                                    SISTEMA DE CARRERA POR M\u00c9RITOS EN LA FISCAL\u00cdA GENERAL DE\r\n                                    CUENTAS.\"<\/a>\r\n                                <a class=\"btn btn-light text-justify\"\r\n                                    href=\"https:\/\/www.fiscaliadecuentas.gob.pa\/wp-content\/uploads\/2022\/05\/RESOLUCION_ESTADISTICO.pdf\"\r\n                                    role=\"button\" rel=\"noopener\" target=\"_blank\"><i class=\"fas fa-file-pdf fa-1x\"><\/i>\r\n                                    Resoluci\u00f3n No.\r\n                                    FGC-CFGC-003-22. \"QUE DECLARA UNA VACANTE ABSOLUTA\"<\/a>\r\n                            <\/div>\r\n                            <!-- ============================================= LEGAL-BASE-END ====================================== -->\r\n                        <\/div>\r\n                        <!-- Button trigger modal -->\r\n                        <div class=\"button-content\">\r\n                            <button type=\"button\" class=\"btn btn-warning\" data-bs-toggle=\"modal\"\r\n                                data-bs-target=\"#staticBackdrop-001-22\">\r\n                                Aplicar a la Convocatoria\r\n                            <\/button>\r\n                        <\/div>\r\n\r\n                        <!-- Modal -->\r\n                        <div class=\"modal fade\" id=\"staticBackdrop-001-22\" data-bs-backdrop=\"static\"\r\n                            data-bs-keyboard=\"false\" tabindex=\"-1\" aria-labelledby=\"staticBackdropLabel-001-22\"\r\n                            aria-hidden=\"true\">\r\n                            <div class=\"modal-dialog\">\r\n                                <div class=\"modal-content\">\r\n                                    <div class=\"modal-header\">\r\n                                        <h5 class=\"modal-title\" id=\"staticBackdropLabel-001-22\">\r\n                                            !LO SENTIMOS\u00a1\r\n                                        <\/h5>\r\n                                        <button type=\"button\" class=\"btn-close\" data-bs-dismiss=\"modal\"\r\n                                            aria-label=\"Close\"><\/button>\r\n                                    <\/div>\r\n                                    <div class=\"modal-body\">\r\n                                        LA CONVOCATORIA PARA EL CONCURSO ABIERTO N.\u00b0 FGC-CA-001-22\r\n                                        \"ESTAD\u00cdSTICO\" HA CULMINADO.\r\n                                    <\/div>\r\n                                    <div class=\"modal-footer\">\r\n                                        <button type=\"button\" class=\"btn btn-secondary\" data-bs-dismiss=\"modal\">\r\n                                            Close\r\n                                        <\/button>\r\n                                    <\/div>\r\n                                <\/div>\r\n                            <\/div>\r\n                        <\/div>\r\n                        <!-- End Modal -->\r\n                        <!--<div class=\"button-content\"><a href=\"https:\/\/www.fiscaliadecuentas.gob.pa\/?page_id=20575\" rel=\"noopener\" target=\"_blank\"><button type=\"button\" class=\"btn-submit\">Aplicar a la Convocatoria<\/button><\/a><\/div>-->\r\n                    <\/div>\r\n\r\n                    <!-- Concurso Abierto N.\u00b0 FGC-CA-002-22 \"ARCHIV\u00d3LOGO\" -->\r\n                    <button type=\"button\" class=\"collapsible-ca\">\r\n                        <div class=\"btn-info\">\r\n                            <div id=\"content-left\">\r\n                                <p class=\"lh-sm\">Concurso Abierto N.\u00b0 FGC-CA-002-22<\/p>\r\n                                <p class=\"lh-sm\">Cargo: ARCHIV\u00d3LOGO<\/p>\r\n                                <p class=\"lh-sm\">\r\n                                    <i class=\"fas fa-angle-double-down fa-1x\"><\/i> Ver m\u00e1s\r\n                                    informaci\u00f3n sobre este concurso\r\n                                <\/p>\r\n                            <\/div>\r\n                            <div id=\"content-right\">\r\n                                <img decoding=\"async\" src=\"https:\/\/www.fiscaliadecuentas.gob.pa\/wp-content\/uploads\/2022\/05\/archivist.png\"\r\n                                    class=\"image\" \/>\r\n                            <\/div>\r\n                        <\/div>\r\n                    <\/button>\r\n                    <div class=\"content\">\r\n                        <button type=\"button\" class=\"collapsible-ca\" style=\"background-color: #333333\">\r\n                            <i class=\"fas fa-info-circle fa-1x\"><\/i> AVISO\r\n                        <\/button>\r\n                        <div class=\"content\">\r\n                            <br \/>\r\n                            <p style=\"text-align: justify\">\r\n                                <a href=\"https:\/\/www.fiscaliadecuentas.gob.pa\/wp-content\/uploads\/2022\/05\/Extension-Carrera-por-Merito.pdf\"\r\n                                    rel=\"noopener\" target=\"_blank\"><i class=\"fas fa-file-pdf fa-1x\"><\/i> Extensi\u00f3n de\r\n                                    entrega de\r\n                                    documentos hasta el 10 de junio de 2022.<\/a>\r\n                            <\/p>\r\n                        <\/div>\r\n                        <!-- ============================================= Button-Group-Start ================================ -->\r\n                        <div class=\"d-grid gap-2\">\r\n                            <a class=\"btn btn-light text-left\"\r\n                                href=\"https:\/\/www.fiscaliadecuentas.gob.pa\/wp-content\/uploads\/2022\/05\/CONVOCATORIA_ARCHIVOLOGO.pdf\"\r\n                                role=\"button\" rel=\"noopener\" target=\"_blank\"><i class=\"fas fa-search fa-1x\"><\/i> Ver\r\n                                Aviso del Concurso\r\n                                Abierto<\/a>\r\n                            <!-- <a class=\"btn btn-light text-left\"\r\n                                href=\"https:\/\/www.fiscaliadecuentas.gob.pa\/wp-content\/uploads\/2022\/05\/Aviso-Archivologo-No.-FGC-CA-002-22.pdf\"\r\n                                role=\"button\" rel=\"noopener\" target=\"_blank\"><i class=\"fas fa-file-pdf fa-1x\"><\/i>\r\n                                Mecanismo\r\n                                para acreditar los requisitos b\u00e1sicos para\r\n                                ocupar cualquier cargo en la Fiscal\u00eda General de\r\n                                Cuentas.<\/a> -->\r\n                            <a class=\"btn btn-light text-left\"\r\n                                href=\"https:\/\/www.fiscaliadecuentas.gob.pa\/wp-content\/uploads\/2022\/05\/INSTRUCTIVO_ARCHIVOLOGO.pdf\"\r\n                                role=\"button\" rel=\"noopener\" target=\"_blank\"><i class=\"fas fa-search fa-1x\"><\/i> Ver\r\n                                Instructivo del\r\n                                Concurso Abierto<\/a>\r\n                            <a class=\"btn btn-light text-left\"\r\n                                href=\"https:\/\/www.fiscaliadecuentas.gob.pa\/wp-content\/uploads\/2022\/05\/PONDERACION_ARCHIVOLOGO.pdf\"\r\n                                role=\"button\" rel=\"noopener\" target=\"_blank\"><i class=\"fas fa-search fa-1x\"><\/i> Ver\r\n                                Tabla de Ponderaci\u00f3n<\/a>\r\n                        <\/div>\r\n                        <!-- ============================================= Button-Group-End ====================================== -->\r\n                        <!--<button type=\"button\" class=\"collapsible-ca\" style=\"background-color: #333333;\"><i class=\"fas fa-file-pdf fa-1x\"><\/i> Resoluci\u00f3n N\u00b0.FGC-CSARH-CA-02-22<\/button>\r\n                    <div class=\"content\">\r\n                    <p style=\"text-align: justify;\"><a href=\"#\" rel=\"noopener\" target=\"_blank\"><i class=\"fas fa-file-pdf fa-1x\"><\/i> Que comunica los resultados finales del Concurso Abierto N.\u00ba FGC-CA-001-21, para cubrir la vacante absoluta del cargo de Coordinador de Cooperaci\u00f3n T\u00e9cnica de la Fiscal\u00eda General de Cuentas.<\/a><\/p>\r\n                    <\/div>-->\r\n                        <button type=\"button\" class=\"collapsible-ca\" style=\"background-color: #333333\">\r\n                            <i class=\"fas fa-angle-double-down fa-1x\"><\/i> Base Legal\r\n                        <\/button>\r\n                        <div class=\"content\">\r\n                            <!-- ============================================= LEGAL-BASE-START ================================ -->\r\n                            <div class=\"d-grid gap-2\">\r\n                                <a class=\"btn btn-light text-justify\"\r\n                                    href=\"https:\/\/www.fiscaliadecuentas.gob.pa\/wp-content\/uploads\/2021\/11\/LEY-67-DE-2008-ACTUALIZADA-AL-2020-FGC-Secretaria-General.pdf\"\r\n                                    role=\"button\" rel=\"noopener\" target=\"_blank\"><i class=\"fas fa-file-pdf fa-1x\"><\/i>\r\n                                    LEY 67 de 14 de\r\n                                    noviembre de 2008. \"QUE DESARROLLA LA JURISDICCI\u00d3N DE CUENTAS\r\n                                    Y REFORMA LA LEY 32 DE 1987, ORG\u00c1NICA DE LA CONTRALOR\u00cdA\r\n                                    GENERAL DE LA REP\u00daBLICA\"<\/a>\r\n                                <a class=\"btn btn-light text-justify\"\r\n                                    href=\"https:\/\/www.fiscaliadecuentas.gob.pa\/wp-content\/uploads\/2021\/08\/Resolucion-N.%C2%B0-FGC-039-21-de-9-de-agosto-de-2021-QUE-APRUEBA-LA-REGLAMENTACION-DEL-ARTICULO-25-A.pdf\"\r\n                                    role=\"button\" rel=\"noopener\" target=\"_blank\"><i class=\"fas fa-file-pdf fa-1x\"><\/i>\r\n                                    Resoluci\u00f3n N.\u00b0\r\n                                    FGC-039-21 de 9 de agosto de 2021. \"QUE APRUEBA LA\r\n                                    REGLAMENTACI\u00d3N DEL ARTICULO 25-A DE LA LEY 67 DE 14 DE\r\n                                    NOVIEMBRE DE 2008, POR EL CUAL SE INSTITUYE UN SISTEMA DE\r\n                                    CARRERA POR M\u00c9RITOS EN LA FISCAL\u00cdA GENERAL DE CUENTAS\"<\/a>\r\n                                <a class=\"btn btn-light text-justify\"\r\n                                    href=\"https:\/\/www.fiscaliadecuentas.gob.pa\/wp-content\/uploads\/2022\/05\/RESOLUCION-FGC-N.\u00b0-21-22-1.pdf\"\r\n                                    role=\"button\" rel=\"noopener\" target=\"_blank\"><i class=\"fas fa-file-pdf fa-1x\"><\/i>\r\n                                    Resoluci\u00f3n FGC N\u00b021-22\r\n                                    de 22 de abril de 2022. \"POR LA CUAL SE ADICIONA UN P\u00c1RRAFO AL\r\n                                    ART\u00cdCULO 13 DE LA RESOLUCI\u00d3N N\u00b0FGC-039-21 DE 9 DE AGOSTO DE\r\n                                    2021, QUE APRUEBA LA REGLAMENTACI\u00d3N DEL ART\u00cdCULO 25-A DE LA\r\n                                    LEY 67 DE 14 DE NOVIEMBRE DE 2008, POR EL CUAL SE INSTITUYE UN\r\n                                    SISTEMA DE CARRERA POR M\u00c9RITOS EN LA FISCAL\u00cdA GENERAL DE\r\n                                    CUENTAS.\"<\/a>\r\n                                <a class=\"btn btn-light text-justify\"\r\n                                    href=\"https:\/\/www.fiscaliadecuentas.gob.pa\/wp-content\/uploads\/2022\/05\/RESOLUCION_ARCHIVOLOGO.pdf\"\r\n                                    role=\"button\" rel=\"noopener\" target=\"_blank\"><i class=\"fas fa-file-pdf fa-1x\"><\/i>\r\n                                    Resoluci\u00f3n No.\r\n                                    FGC-CFGC-004-22 de 21 de abril de 2022. \"QUE DECLARA VACANTE\r\n                                    ABSOLUTA\"<\/a>\r\n                            <\/div>\r\n                            <!-- ============================================= LEGAL-BASE-END ====================================== -->\r\n                        <\/div>\r\n                        <!-- Button trigger modal -->\r\n                        <div class=\"button-content\">\r\n                            <button type=\"button\" class=\"btn btn-warning\" data-bs-toggle=\"modal\"\r\n                                data-bs-target=\"#staticBackdrop-002-22\">\r\n                                Aplicar a la Convocatoria\r\n                            <\/button>\r\n                        <\/div>\r\n\r\n                        <!-- Modal -->\r\n                        <div class=\"modal fade\" id=\"staticBackdrop-002-22\" data-bs-backdrop=\"static\"\r\n                            data-bs-keyboard=\"false\" tabindex=\"-1\" aria-labelledby=\"staticBackdropLabel-002-22\"\r\n                            aria-hidden=\"true\">\r\n                            <div class=\"modal-dialog\">\r\n                                <div class=\"modal-content\">\r\n                                    <div class=\"modal-header\">\r\n                                        <h5 class=\"modal-title\" id=\"staticBackdropLabel-002-22\">\r\n                                            !LO SENTIMOS\u00a1\r\n                                        <\/h5>\r\n                                        <button type=\"button\" class=\"btn-close\" data-bs-dismiss=\"modal\"\r\n                                            aria-label=\"Close\"><\/button>\r\n                                    <\/div>\r\n                                    <div class=\"modal-body\">\r\n                                        LA CONVOCATORIA PARA EL CONCURSO ABIERTO N.\u00b0 FGC-CA-002-22\r\n                                        \"ARCHIV\u00d3LOGO\" HA CULMINADO.\r\n                                    <\/div>\r\n                                    <div class=\"modal-footer\">\r\n                                        <button type=\"button\" class=\"btn btn-secondary\" data-bs-dismiss=\"modal\">\r\n                                            Close\r\n                                        <\/button>\r\n                                    <\/div>\r\n                                <\/div>\r\n                            <\/div>\r\n                        <\/div>\r\n                        <!-- End Modal -->\r\n                        <!--<div class=\"button-content\"><a href=\"https:\/\/www.fiscaliadecuentas.gob.pa\/?page_id=20575\" rel=\"noopener\" target=\"_blank\"><button type=\"button\" class=\"btn-submit\">Aplicar a la Convocatoria<\/button><\/a><\/div>-->\r\n                    <\/div>\r\n\r\n                    <!-- Concurso Abierto N.\u00b0 FGC-CA-003-22 FISCAL ADJUNTO -->\r\n                    <button type=\"button\" class=\"collapsible-ca\">\r\n                        <div class=\"btn-info\">\r\n                            <div id=\"content-left\">\r\n                                <p class=\"lh-sm\">Concurso Abierto N.\u00b0 FGC-CA-003-22<\/p>\r\n                                <p class=\"lh-sm\">Cargo: FISCAL ADJUNTO<\/p>\r\n                                <p class=\"lh-sm\">\r\n                                    <i class=\"fas fa-angle-double-down fa-1x\"><\/i> Ver m\u00e1s\r\n                                    informaci\u00f3n sobre este concurso\r\n                                <\/p>\r\n                            <\/div>\r\n                            <div id=\"content-right\">\r\n                                <img decoding=\"async\" src=\"https:\/\/www.fiscaliadecuentas.gob.pa\/wp-content\/uploads\/2022\/05\/deputy_prosecutor.png\"\r\n                                    class=\"image\" \/>\r\n                            <\/div>\r\n                        <\/div>\r\n                    <\/button>\r\n                    <div class=\"content\">\r\n                        <button type=\"button\" class=\"collapsible-ca\" style=\"background-color: #333333\">\r\n                            <i class=\"fas fa-info-circle fa-1x\"><\/i> AVISO\r\n                        <\/button>\r\n                        <div class=\"content\">\r\n                            <br \/>\r\n                            <p style=\"text-align: justify\">\r\n                                <a href=\"https:\/\/www.fiscaliadecuentas.gob.pa\/wp-content\/uploads\/2022\/05\/Extension-Carrera-por-Merito.pdf\"\r\n                                    rel=\"noopener\" target=\"_blank\"><i class=\"fas fa-file-pdf fa-1x\"><\/i> Extensi\u00f3n de\r\n                                    entrega de\r\n                                    documentos hasta el 10 de junio de 2022.<\/a>\r\n                            <\/p>\r\n                        <\/div>\r\n\r\n                        <!-- ============================================= Button-Group-Start ================================ -->\r\n                        <div class=\"d-grid gap-2\">\r\n                            <a class=\"btn btn-light text-left\"\r\n                                href=\"https:\/\/www.fiscaliadecuentas.gob.pa\/wp-content\/uploads\/2022\/05\/CONVOCATORIA__FISCAL_ADJUNTO.pdf\"\r\n                                role=\"button\" rel=\"noopener\" target=\"_blank\"><i class=\"fas fa-search fa-1x\"><\/i> Ver\r\n                                Aviso del Concurso\r\n                                Abierto<\/a>\r\n                            <!-- <a class=\"btn btn-light text-left\"\r\n                                href=\"https:\/\/www.fiscaliadecuentas.gob.pa\/wp-content\/uploads\/2022\/05\/Aviso-Fiscal-Adjunto-No.-FGC-CA-003-22.pdf\"\r\n                                role=\"button\" rel=\"noopener\" target=\"_blank\"><i class=\"fas fa-file-pdf fa-1x\"><\/i>\r\n                                Mecanismo\r\n                                para acreditar los requisitos b\u00e1sicos para\r\n                                ocupar cualquier cargo en la Fiscal\u00eda General de\r\n                                Cuentas.<\/a> -->\r\n                            <a class=\"btn btn-light text-left\"\r\n                                href=\"https:\/\/www.fiscaliadecuentas.gob.pa\/wp-content\/uploads\/2022\/05\/INSTRUCTIVO_FISCAL_ADJUNTO.pdf\"\r\n                                role=\"button\" rel=\"noopener\" target=\"_blank\"><i class=\"fas fa-search fa-1x\"><\/i> Ver\r\n                                Instructivo del\r\n                                Concurso Abierto<\/a>\r\n                            <a class=\"btn btn-light text-left\"\r\n                                href=\"https:\/\/www.fiscaliadecuentas.gob.pa\/wp-content\/uploads\/2022\/05\/PONDERACION_FISCAL_ADJUNTO.pdf\"\r\n                                role=\"button\" rel=\"noopener\" target=\"_blank\"><i class=\"fas fa-search fa-1x\"><\/i> Ver\r\n                                Tabla de Ponderaci\u00f3n\r\n                            <\/a>\r\n                            <a class=\"btn btn-light text-left collapsible-ca btn-results p-2\"\r\n                                style=\"background-color: #f8f9fa;\" role=\"link\"><i class=\"fas fa-search fa-1x\"><\/i>\r\n                                Ver Resultados\r\n                            <\/a>\r\n                            <div class=\"content\" style=\"display: block;\">\r\n                                <p style=\"text-align: justify\">\r\n                                    <a href=\"https:\/\/www.fiscaliadecuentas.gob.pa\/wp-content\/uploads\/2023\/05\/Resolucion_FGC_CSARH-CA-013-22.pdf\"\r\n                                        rel=\"noopener\" target=\"_blank\" role=\"link\"><i class=\"fas fa-file-pdf fa-1x\"><\/i>\r\n                                        Resoluci\u00f3n No. FGC-CSARH-CA-13-22, que comunica los resultados del Concurso\r\n                                        Abierto N.\u00b0 FGC-CA-003-22 para ocupar el cargo de Fiscal Adjunto.\r\n                                    <\/a>\r\n                                <\/p>\r\n                            <\/div>\r\n                        <\/div>\r\n                        <!-- ============================================= Button-Group-End ====================================== -->\r\n                        <!--<button type=\"button\" class=\"collapsible-ca\" style=\"background-color: #333333;\"><i class=\"fas fa-file-pdf fa-1x\"><\/i> Resoluci\u00f3n N\u00b0.FGC-CSARH-CA-02-22<\/button>\r\n                    <div class=\"content\">\r\n                    <p style=\"text-align: justify;\"><a href=\"#\" rel=\"noopener\" target=\"_blank\"><i class=\"fas fa-file-pdf fa-1x\"><\/i> Que comunica los resultados finales del Concurso Abierto N.\u00ba FGC-CA-001-21, para cubrir la vacante absoluta del cargo de Coordinador de Cooperaci\u00f3n T\u00e9cnica de la Fiscal\u00eda General de Cuentas.<\/a><\/p>\r\n                    <\/div>-->\r\n                        <button type=\"button\" class=\"collapsible-ca\" style=\"background-color: #333333\">\r\n                            <i class=\"fas fa-angle-double-down fa-1x\"><\/i> Base Legal\r\n                        <\/button>\r\n                        <div class=\"content\">\r\n                            <!-- ============================================= LEGAL-BASE-START ================================ -->\r\n                            <div class=\"d-grid gap-2\">\r\n                                <a class=\"btn btn-light text-justify\"\r\n                                    href=\"https:\/\/www.fiscaliadecuentas.gob.pa\/wp-content\/uploads\/2021\/11\/LEY-67-DE-2008-ACTUALIZADA-AL-2020-FGC-Secretaria-General.pdf\"\r\n                                    role=\"button\" rel=\"noopener\" target=\"_blank\"><i class=\"fas fa-file-pdf fa-1x\"><\/i>\r\n                                    LEY 67 de 14 de\r\n                                    noviembre de 2008. \"QUE DESARROLLA LA JURISDICCI\u00d3N DE CUENTAS\r\n                                    Y REFORMA LA LEY 32 DE 1987, ORG\u00c1NICA DE LA CONTRALOR\u00cdA\r\n                                    GENERAL DE LA REP\u00daBLICA\"<\/a>\r\n                                <a class=\"btn btn-light text-justify\"\r\n                                    href=\"https:\/\/www.fiscaliadecuentas.gob.pa\/wp-content\/uploads\/2021\/08\/Resolucion-N.%C2%B0-FGC-039-21-de-9-de-agosto-de-2021-QUE-APRUEBA-LA-REGLAMENTACION-DEL-ARTICULO-25-A.pdf\"\r\n                                    role=\"button\" rel=\"noopener\" target=\"_blank\"><i class=\"fas fa-file-pdf fa-1x\"><\/i>\r\n                                    Resoluci\u00f3n N.\u00b0\r\n                                    FGC-039-21 de 9 de agosto de 2021. \"QUE APRUEBA LA\r\n                                    REGLAMENTACI\u00d3N DEL ARTICULO 25-A DE LA LEY 67 DE 14 DE\r\n                                    NOVIEMBRE DE 2008, POR EL CUAL SE INSTITUYE UN SISTEMA DE\r\n                                    CARRERA POR M\u00c9RITOS EN LA FISCAL\u00cdA GENERAL DE CUENTAS\"<\/a>\r\n                                <a class=\"btn btn-light text-justify\"\r\n                                    href=\"https:\/\/www.fiscaliadecuentas.gob.pa\/wp-content\/uploads\/2022\/05\/RESOLUCION-FGC-N.\u00b0-21-22-1.pdf\"\r\n                                    role=\"button\" rel=\"noopener\" target=\"_blank\"><i class=\"fas fa-file-pdf fa-1x\"><\/i>\r\n                                    Resoluci\u00f3n FGC N\u00b021-22\r\n                                    de 22 de abril de 2022. \"POR LA CUAL SE ADICIONA UN P\u00c1RRAFO AL\r\n                                    ART\u00cdCULO 13 DE LA RESOLUCI\u00d3N N\u00b0FGC-039-21 DE 9 DE AGOSTO DE\r\n                                    2021, QUE APRUEBA LA REGLAMENTACI\u00d3N DEL ART\u00cdCULO 25-A DE LA\r\n                                    LEY 67 DE 14 DE NOVIEMBRE DE 2008, POR EL CUAL SE INSTITUYE UN\r\n                                    SISTEMA DE CARRERA POR M\u00c9RITOS EN LA FISCAL\u00cdA GENERAL DE\r\n                                    CUENTAS.\"<\/a>\r\n                                <a class=\"btn btn-light text-justify\"\r\n                                    href=\"https:\/\/www.fiscaliadecuentas.gob.pa\/wp-content\/uploads\/2022\/05\/RESOLUCION_FISCAL_ADJUNTO.pdf\"\r\n                                    role=\"button\" rel=\"noopener\" target=\"_blank\"><i class=\"fas fa-file-pdf fa-1x\"><\/i>\r\n                                    Resoluci\u00f3n No.\r\n                                    FGC-CFGC-005-22. \"QUE DECLARA UNA VACANTE ABSOLUTA\"<\/a>\r\n                            <\/div>\r\n                            <!-- ============================================= LEGAL-BASE-END ====================================== -->\r\n                        <\/div>\r\n                        <!-- Button trigger modal -->\r\n                        <div class=\"button-content\">\r\n                            <button type=\"button\" class=\"btn btn-warning\" data-bs-toggle=\"modal\"\r\n                                data-bs-target=\"#staticBackdrop-003-22\">\r\n                                Aplicar a la Convocatoria\r\n                            <\/button>\r\n                        <\/div>\r\n\r\n                        <!-- Modal -->\r\n                        <div class=\"modal fade\" id=\"staticBackdrop-003-22\" data-bs-backdrop=\"static\"\r\n                            data-bs-keyboard=\"false\" tabindex=\"-1\" aria-labelledby=\"staticBackdropLabel-003-22\"\r\n                            aria-hidden=\"true\">\r\n                            <div class=\"modal-dialog\">\r\n                                <div class=\"modal-content\">\r\n                                    <div class=\"modal-header\">\r\n                                        <h5 class=\"modal-title\" id=\"staticBackdropLabel-003-22\">\r\n                                            !LO SENTIMOS\u00a1\r\n                                        <\/h5>\r\n                                        <button type=\"button\" class=\"btn-close\" data-bs-dismiss=\"modal\"\r\n                                            aria-label=\"Close\"><\/button>\r\n                                    <\/div>\r\n                                    <div class=\"modal-body\">\r\n                                        LA CONVOCATORIA PARA EL CONCURSO ABIERTO N.\u00b0 FGC-CA-003-22\r\n                                        \"FISCAL ADJUNTO\" HA CULMINADO.\r\n                                    <\/div>\r\n                                    <div class=\"modal-footer\">\r\n                                        <button type=\"button\" class=\"btn btn-secondary\" data-bs-dismiss=\"modal\">\r\n                                            Close\r\n                                        <\/button>\r\n                                    <\/div>\r\n                                <\/div>\r\n                            <\/div>\r\n                        <\/div>\r\n                        <!-- End Modal -->\r\n                        <!--<div class=\"button-content\"><a href=\"https:\/\/www.fiscaliadecuentas.gob.pa\/?page_id=20575\" rel=\"noopener\" target=\"_blank\"><button type=\"button\" class=\"btn-submit\">Aplicar a la Convocatoria<\/button><\/a><\/div>-->\r\n                    <\/div>\r\n\r\n                    <!-- Concurso Abierto N.\u00b0 FGC-CFGC-004-22 \"OFICIAL DE PROTOCOLO\" -->\r\n                    <button type=\"button\" class=\"collapsible-ca\">\r\n                        <div class=\"btn-info\">\r\n                            <div id=\"content-left\">\r\n                                <p class=\"lh-sm\">Concurso Abierto N.\u00b0 FGC-CFGC-004-22<\/p>\r\n                                <p class=\"lh-sm\">Cargo: OFICIAL DE PROTOCOLO<\/p>\r\n                                <p class=\"lh-sm\">\r\n                                    <i class=\"fas fa-angle-double-down fa-1x\"><\/i> Ver m\u00e1s\r\n                                    informaci\u00f3n sobre este concurso\r\n                                <\/p>\r\n                            <\/div>\r\n                            <div id=\"content-right\">\r\n                                <img decoding=\"async\" src=\"https:\/\/www.fiscaliadecuentas.gob.pa\/wp-content\/uploads\/2022\/05\/protocol_officer.png\"\r\n                                    class=\"image\" \/>\r\n                            <\/div>\r\n                        <\/div>\r\n                    <\/button>\r\n                    <div class=\"content\">\r\n                        <button type=\"button\" class=\"collapsible-ca\" style=\"background-color: #333333\">\r\n                            <i class=\"fas fa-info-circle fa-1x\"><\/i> AVISO\r\n                        <\/button>\r\n                        <div class=\"content\">\r\n                            <br \/>\r\n                            <p style=\"text-align: justify\">\r\n                                <a href=\"https:\/\/www.fiscaliadecuentas.gob.pa\/wp-content\/uploads\/2022\/05\/Extension-Carrera-por-Merito.pdf\"\r\n                                    rel=\"noopener\" target=\"_blank\"><i class=\"fas fa-file-pdf fa-1x\"><\/i> Extensi\u00f3n de\r\n                                    entrega de\r\n                                    documentos hasta el 10 de junio de 2022.<\/a>\r\n                            <\/p>\r\n                        <\/div>\r\n\r\n                        <!-- ============================================= Button-Group-Start ================================ -->\r\n                        <div class=\"d-grid gap-2\">\r\n                            <a class=\"btn btn-light text-left\"\r\n                                href=\"https:\/\/www.fiscaliadecuentas.gob.pa\/wp-content\/uploads\/2022\/05\/CONVOCATORIA_OFICIAL_DE_PROTOCOLO.pdf\"\r\n                                role=\"button\" rel=\"noopener\" target=\"_blank\"><i class=\"fas fa-search fa-1x\"><\/i> Ver\r\n                                Aviso del Concurso\r\n                                Abierto<\/a>\r\n                            <!-- <a class=\"btn btn-light text-left\"\r\n                                href=\"https:\/\/www.fiscaliadecuentas.gob.pa\/wp-content\/uploads\/2022\/05\/Aviso-Oficial-de-Protocolo-No.-FGC-CA-004-22.pdf\"\r\n                                role=\"button\" rel=\"noopener\" target=\"_blank\"><i class=\"fas fa-file-pdf fa-1x\"><\/i>\r\n                                Mecanismo\r\n                                para acreditar los requisitos b\u00e1sicos para\r\n                                ocupar cualquier cargo en la Fiscal\u00eda General de\r\n                                Cuentas.<\/a> -->\r\n                            <a class=\"btn btn-light text-left\"\r\n                                href=\"https:\/\/www.fiscaliadecuentas.gob.pa\/wp-content\/uploads\/2022\/05\/INSTRUCTIVO_OFICIAL_DE_PROTOCOLO.pdf\"\r\n                                role=\"button\" rel=\"noopener\" target=\"_blank\"><i class=\"fas fa-search fa-1x\"><\/i> Ver\r\n                                Instructivo del\r\n                                Concurso Abierto<\/a>\r\n                            <a class=\"btn btn-light text-left\"\r\n                                href=\"https:\/\/www.fiscaliadecuentas.gob.pa\/wp-content\/uploads\/2022\/05\/PONDERACION_OFICIAL_DE_PROTOCOLO.pdf\"\r\n                                role=\"button\" rel=\"noopener\" target=\"_blank\"><i class=\"fas fa-search fa-1x\"><\/i> Ver\r\n                                Tabla de Ponderaci\u00f3n<\/a>\r\n                            <a class=\"btn btn-light text-left collapsible-ca btn-results p-2\"\r\n                                style=\"background-color: #f8f9fa;\" role=\"link\"><i class=\"fas fa-search fa-1x\"><\/i>\r\n                                Ver Resultados\r\n                            <\/a>\r\n                            <div class=\"content\" style=\"display: block;\">\r\n                                <p style=\"text-align: justify\">\r\n                                    <a href=\"https:\/\/www.fiscaliadecuentas.gob.pa\/wp-content\/uploads\/2024\/03\/Resolucion-No.-FGC-CFGC-010-2022.pdf\"\r\n                                        rel=\"noopener\" target=\"_blank\" role=\"link\"><i class=\"fas fa-file-pdf fa-1x\"><\/i>\r\n                                        Resoluci\u00f3n No. FGC-CFGC-010-2022, que declara desierto el Concurso Abierto N.\u00b0\r\n                                        FGC-CA-004-22 para ocupar el cargo de Protocolo.\r\n                                    <\/a>\r\n                                <\/p>\r\n                            <\/div>\r\n                        <\/div>\r\n                        <!-- ============================================= Button-Group-End ====================================== -->\r\n                        <!--<button type=\"button\" class=\"collapsible-ca\" style=\"background-color: #333333;\"><i class=\"fas fa-file-pdf fa-1x\"><\/i> Resoluci\u00f3n N\u00b0.FGC-CSARH-CA-02-22<\/button>\r\n                    <div class=\"content\">\r\n                    <p style=\"text-align: justify;\"><a href=\"#\" rel=\"noopener\" target=\"_blank\"><i class=\"fas fa-file-pdf fa-1x\"><\/i> Que comunica los resultados finales del Concurso Abierto N.\u00ba FGC-CA-001-21, para cubrir la vacante absoluta del cargo de Coordinador de Cooperaci\u00f3n T\u00e9cnica de la Fiscal\u00eda General de Cuentas.<\/a><\/p>\r\n                    <\/div>-->\r\n                        <button type=\"button\" class=\"collapsible-ca\" style=\"background-color: #333333\">\r\n                            <i class=\"fas fa-angle-double-down fa-1x\"><\/i> Base Legal\r\n                        <\/button>\r\n                        <div class=\"content\">\r\n                            <!-- ============================================= LEGAL-BASE-START ================================ -->\r\n                            <div class=\"d-grid gap-2\">\r\n                                <a class=\"btn btn-light text-justify\"\r\n                                    href=\"https:\/\/www.fiscaliadecuentas.gob.pa\/wp-content\/uploads\/2021\/11\/LEY-67-DE-2008-ACTUALIZADA-AL-2020-FGC-Secretaria-General.pdf\"\r\n                                    role=\"button\" rel=\"noopener\" target=\"_blank\">\r\n                                    <i class=\"fas fa-file-pdf fa-1x\"><\/i> LEY 67 de 14 de\r\n                                    noviembre de 2008. \"QUE DESARROLLA LA JURISDICCI\u00d3N DE CUENTAS\r\n                                    Y REFORMA LA LEY 32 DE 1987, ORG\u00c1NICA DE LA CONTRALOR\u00cdA\r\n                                    GENERAL DE LA REP\u00daBLICA\"<\/a>\r\n                                <a class=\"btn btn-light text-justify\"\r\n                                    href=\"https:\/\/www.fiscaliadecuentas.gob.pa\/wp-content\/uploads\/2021\/08\/Resolucion-N.%C2%B0-FGC-039-21-de-9-de-agosto-de-2021-QUE-APRUEBA-LA-REGLAMENTACION-DEL-ARTICULO-25-A.pdf\"\r\n                                    role=\"button\" rel=\"noopener\" target=\"_blank\"><i class=\"fas fa-file-pdf fa-1x\"><\/i>\r\n                                    Resoluci\u00f3n N.\u00b0\r\n                                    FGC-039-21 de 9 de agosto de 2021. \"QUE APRUEBA LA\r\n                                    REGLAMENTACI\u00d3N DEL ARTICULO 25-A DE LA LEY 67 DE 14 DE\r\n                                    NOVIEMBRE DE 2008, POR EL CUAL SE INSTITUYE UN SISTEMA DE\r\n                                    CARRERA POR M\u00c9RITOS EN LA FISCAL\u00cdA GENERAL DE CUENTAS\"<\/a>\r\n                                <a class=\"btn btn-light text-justify\"\r\n                                    href=\"https:\/\/www.fiscaliadecuentas.gob.pa\/wp-content\/uploads\/2022\/05\/RESOLUCION-FGC-N.\u00b0-21-22-1.pdf\"\r\n                                    role=\"button\" rel=\"noopener\" target=\"_blank\"><i class=\"fas fa-file-pdf fa-1x\"><\/i>\r\n                                    Resoluci\u00f3n FGC N\u00b021-22\r\n                                    de 22 de abril de 2022. \"POR LA CUAL SE ADICIONA UN P\u00c1RRAFO AL\r\n                                    ART\u00cdCULO 13 DE LA RESOLUCI\u00d3N N\u00b0FGC-039-21 DE 9 DE AGOSTO DE\r\n                                    2021, QUE APRUEBA LA REGLAMENTACI\u00d3N DEL ART\u00cdCULO 25-A DE LA\r\n                                    LEY 67 DE 14 DE NOVIEMBRE DE 2008, POR EL CUAL SE INSTITUYE UN\r\n                                    SISTEMA DE CARRERA POR M\u00c9RITOS EN LA FISCAL\u00cdA GENERAL DE\r\n                                    CUENTAS.\"<\/a>\r\n                                <a class=\"btn btn-light text-justify\"\r\n                                    href=\"https:\/\/www.fiscaliadecuentas.gob.pa\/wp-content\/uploads\/2022\/05\/RESOLUCION_OFICIAL_DE_PROTOCOLO.pdf\"\r\n                                    role=\"button\" rel=\"noopener\" target=\"_blank\"><i class=\"fas fa-file-pdf fa-1x\"><\/i>\r\n                                    Resoluci\u00f3n No.\r\n                                    FGC-CFGC-006-22. \"QUE DECLARA UNA VACANTE ABSOLUTA\"<\/a>\r\n                            <\/div>\r\n                            <!-- ============================================= LEGAL-BASE-END ====================================== -->\r\n                        <\/div>\r\n\r\n                        <!-- Button trigger modal -->\r\n                        <div class=\"button-content\">\r\n                            <button type=\"button\" class=\"btn btn-warning\" data-bs-toggle=\"modal\"\r\n                                data-bs-target=\"#staticBackdrop-004-22\">\r\n                                Aplicar a la Convocatoria\r\n                            <\/button>\r\n                        <\/div>\r\n\r\n                        <!-- Modal -->\r\n                        <div class=\"modal fade\" id=\"staticBackdrop-004-22\" data-bs-backdrop=\"static\"\r\n                            data-bs-keyboard=\"false\" tabindex=\"-1\" aria-labelledby=\"staticBackdropLabel-004-22\"\r\n                            aria-hidden=\"true\">\r\n                            <div class=\"modal-dialog\">\r\n                                <div class=\"modal-content\">\r\n                                    <div class=\"modal-header\">\r\n                                        <h5 class=\"modal-title\" id=\"staticBackdropLabel-004-22\">\r\n                                            !LO SENTIMOS\u00a1\r\n                                        <\/h5>\r\n                                        <button type=\"button\" class=\"btn-close\" data-bs-dismiss=\"modal\"\r\n                                            aria-label=\"Close\"><\/button>\r\n                                    <\/div>\r\n                                    <div class=\"modal-body\">\r\n                                        LA CONVOCATORIA PARA EL CONCURSO ABIERTO N.\u00b0 FGC-CFGC-004-22\r\n                                        \"OFICIAL DE PROTOCOLO\" HA CULMINADO.\r\n                                    <\/div>\r\n                                    <div class=\"modal-footer\">\r\n                                        <button type=\"button\" class=\"btn btn-secondary\" data-bs-dismiss=\"modal\">\r\n                                            Close\r\n                                        <\/button>\r\n                                    <\/div>\r\n                                <\/div>\r\n                            <\/div>\r\n                        <\/div>\r\n                        <!-- End Modal -->\r\n                        <!--<div class=\"button-content\"><a href=\"https:\/\/www.fiscaliadecuentas.gob.pa\/?page_id=20575\" rel=\"noopener\" target=\"_blank\"><button type=\"button\" class=\"btn-submit\">Aplicar a la Convocatoria<\/button><\/a><\/div>-->\r\n                    <\/div>\r\n                <\/div>\r\n                <!-- =========================================\/.END-OLD-2022============================================== -->\r\n            <\/div>\r\n\r\n            <!--.\/START-HORIZONTAL-NAV-2022 -->\r\n            <nav class=\"nav pt-1 flex\">\r\n                <div class=\"nav nav-pills justify-content-end\" id=\"nav-tab\" role=\"tablist\">\r\n                    <button class=\"nav-link active\" id=\"nav-new-tab-2022\" data-bs-toggle=\"tab\"\r\n                        data-bs-target=\"#nav-new-2022\" type=\"button\" role=\"tab\" aria-controls=\"nav-new-2022\"\r\n                        aria-selected=\"true\">\r\n                        SEGUNDA RONDA 2022\r\n                    <\/button>\r\n                    <button class=\"nav-link\" id=\"nav-old-tab-2022\" data-bs-toggle=\"tab\" data-bs-target=\"#nav-old-2022\"\r\n                        type=\"button\" role=\"tab\" aria-controls=\"nav-old-2022\" aria-selected=\"false\">\r\n                        PRIMERA RONDA 2022\r\n                    <\/button>\r\n                <\/div>\r\n            <\/nav>\r\n            <!--.\/END-HORIZONTAL-NAV-2022 -->\r\n        <\/div>\r\n        <!-- END-NAV-PILL-2022 -->\r\n        <!-- \/\/\/\/\/\/\/\/\/\/\/\/\/\/\/\/\/\/\/\/\/\/\/\/\/\/\/\/\/\/\/\/\/\/\/\/\/\/\/\/\/\/\/\/\/\/\/\/\/\/\/\/\/\/\/\/\/\/\/\/\/\/\/\/\/\/\/\/\/\/ -->\r\n        <!-- START-NAV-PILL-2021 -->\r\n        <div class=\"tab-pane fade\" id=\"v-pills-2021\" role=\"tabpanel\" aria-labelledby=\"v-pills-2021-tab\" tabindex=\"0\">\r\n            <!-- Concurso Abierto N.\u00b0 FGC-CA-001-21 \"COORDINADOR DE COOPERACI\u00d3N T\u00c9CNICA\" -->\r\n            <button type=\"button\" class=\"collapsible-ca\">\r\n                Concurso Abierto N.\u00b0 FGC-CA-01-21\r\n                <div class=\"cargo\">Cargo: COORDINADOR DE COOPERACI\u00d3N T\u00c9CNICA<\/div>\r\n                <div class=\"cargo\">\r\n                    <i class=\"fas fa-angle-double-down fa-1x\"><\/i> Ver m\u00e1s informaci\u00f3n\r\n                    sobre este concurso\r\n                <\/div>\r\n            <\/button>\r\n            <div class=\"content\">\r\n                <!-- ============================================= Button-Group-Start ================================ -->\r\n                <div class=\"d-grid gap-2\">\r\n                    <a class=\"btn btn-light text-left\"\r\n                        href=\"https:\/\/www.fiscaliadecuentas.gob.pa\/wp-content\/uploads\/2021\/10\/Aviso-de-Convocatoria-29.10.21.pdf\"\r\n                        role=\"button\" rel=\"noopener\" target=\"_blank\"><i class=\"fas fa-search fa-1x\"><\/i> Ver Aviso del\r\n                        Concurso\r\n                        Abierto<\/a>\r\n                    <a class=\"btn btn-light text-left\"\r\n                        href=\"https:\/\/www.fiscaliadecuentas.gob.pa\/wp-content\/uploads\/2021\/10\/Instructivo-Concurso-Abierto-29.10.21.pdf\"\r\n                        role=\"button\" rel=\"noopener\" target=\"_blank\"><i class=\"fas fa-search fa-1x\"><\/i> Ver Instructivo\r\n                        del Concurso\r\n                        Abierto<\/a>\r\n                    <a class=\"btn btn-light text-left\"\r\n                        href=\"https:\/\/www.fiscaliadecuentas.gob.pa\/wp-content\/uploads\/2021\/10\/Tabla-de-Ponderacion-Documental-Concurso-Abierto-Cooperacion-Tecnica-29.10.21.pdf\"\r\n                        role=\"button\" rel=\"noopener\" target=\"_blank\"><i class=\"fas fa-search fa-1x\"><\/i> Ver Tabla de\r\n                        Ponderaci\u00f3n<\/a>\r\n                    <a class=\"btn btn-light text-left collapsible-ca btn-results p-2\" style=\"background-color: #f8f9fa;\"\r\n                        role=\"link\"><i class=\"fas fa-search fa-1x\"><\/i>\r\n                        Ver Resultados\r\n                    <\/a>\r\n                    <div class=\"content\" style=\"display: block;\">\r\n                        <p style=\"text-align: justify\">\r\n                            <a href=\"https:\/\/www.fiscaliadecuentas.gob.pa\/wp-content\/uploads\/2022\/04\/RESOLUCION-FGC-CSARH-CA-02-22-DE-CARRERA.pdf\"\r\n                                rel=\"noopener\" target=\"_blank\" role=\"link\"><i class=\"fas fa-file-pdf fa-1x\"><\/i>\r\n                                Resoluci\u00f3n No. FGC-CSARH-CA-02-22, que comunica los resultados Concurso Abierto N.\u00b0\r\n                                FGC-CA-001-21 para ocupar el cargo de Coordinador de Cooperaci\u00f3n T\u00e9cnica.\r\n                            <\/a>\r\n                        <\/p>\r\n                    <\/div>\r\n                <\/div>\r\n                <button type=\"button\" class=\"collapsible-ca\" style=\"background-color: #333333\">\r\n                    <i class=\"fas fa-angle-double-down fa-1x\"><\/i> Base Legal\r\n                <\/button>\r\n                <div class=\"content\">\r\n                    <!-- ============================================= LEGAL-BASE-START ================================ -->\r\n                    <div class=\"d-grid gap-2\">\r\n                        <a class=\"btn btn-light text-justify\"\r\n                            href=\"https:\/\/www.fiscaliadecuentas.gob.pa\/wp-content\/uploads\/2021\/11\/LEY-67-DE-2008-ACTUALIZADA-AL-2020-FGC-Secretaria-General.pdf\"\r\n                            role=\"button\" rel=\"noopener\" target=\"_blank\"><i class=\"fas fa-file-pdf fa-1x\"><\/i> LEY 67 de\r\n                            14 de noviembre\r\n                            de 2008. \"QUE DESARROLLA LA JURISDICCI\u00d3N DE CUENTAS Y REFORMA LA\r\n                            LEY 32 DE 1987, ORG\u00c1NICA DE LA CONTRALOR\u00cdA GENERAL DE LA\r\n                            REP\u00daBLICA\"<\/a>\r\n                        <a class=\"btn btn-light text-justify\"\r\n                            href=\"https:\/\/www.fiscaliadecuentas.gob.pa\/wp-content\/uploads\/2021\/08\/Resolucion-N.%C2%B0-FGC-039-21-de-9-de-agosto-de-2021-QUE-APRUEBA-LA-REGLAMENTACION-DEL-ARTICULO-25-A.pdf\"\r\n                            role=\"button\" rel=\"noopener\" target=\"_blank\"><i class=\"fas fa-file-pdf fa-1x\"><\/i>\r\n                            Resoluci\u00f3n N.\u00b0 FGC-039-21\r\n                            de 9 de agosto de 2021. \"QUE APRUEBA LA REGLAMENTACI\u00d3N DEL\r\n                            ARTICULO 25-A DE LA LEY 67 DE 14 DE NOVIEMBRE DE 2008, POR EL CUAL\r\n                            SE INSTITUYE UN SISTEMA DE CARRERA POR M\u00c9RITOS EN LA FISCAL\u00cdA\r\n                            GENERAL DE CUENTAS\"<\/a>\r\n                        <a class=\"btn btn-light text-justify\"\r\n                            href=\"https:\/\/www.fiscaliadecuentas.gob.pa\/wp-content\/uploads\/2021\/10\/Resolucion-FGC-CFG-001-21-Declara-una-Vacante-Absoluta.pdf\"\r\n                            role=\"button\" rel=\"noopener\" target=\"_blank\"><i class=\"fas fa-file-pdf fa-1x\"><\/i>\r\n                            Resoluci\u00f3n N.\u00b0\r\n                            FGC-CFG-001-21 de 7 de octubre de 2021.<\/a>\r\n                    <\/div>\r\n                    <!-- ============================================= LEGAL-BASE-END ====================================== -->\r\n                <\/div>\r\n                <!-- Button trigger modal -->\r\n                <div class=\"button-content\">\r\n                    <button type=\"button\" class=\"btn btn-warning\" data-bs-toggle=\"modal\"\r\n                        data-bs-target=\"#staticBackdrop-001-21\">\r\n                        Aplicar a la Convocatoria\r\n                    <\/button>\r\n                <\/div>\r\n\r\n                <!-- Modal -->\r\n                <div class=\"modal fade\" id=\"staticBackdrop-001-21\" data-bs-backdrop=\"static\" data-bs-keyboard=\"false\"\r\n                    tabindex=\"-1\" aria-labelledby=\"staticBackdropLabel-001-21\" aria-hidden=\"true\">\r\n                    <div class=\"modal-dialog\">\r\n                        <div class=\"modal-content\">\r\n                            <div class=\"modal-header\">\r\n                                <h5 class=\"modal-title\" id=\"staticBackdropLabel-001-21\">\r\n                                    !LO SENTIMOS\u00a1\r\n                                <\/h5>\r\n                                <button type=\"button\" class=\"btn-close\" data-bs-dismiss=\"modal\"\r\n                                    aria-label=\"Close\"><\/button>\r\n                            <\/div>\r\n                            <div class=\"modal-body\">\r\n                                LA CONVOCATORIA PARA EL CONCURSO ABIERTO N.\u00b0 FGC-CA-001-21\r\n                                \"COORDINADOR DE COOPERACI\u00d3N T\u00c9CNICA\" HA CULMINADO.\r\n                            <\/div>\r\n                            <div class=\"modal-footer\">\r\n                                <button type=\"button\" class=\"btn btn-secondary\" data-bs-dismiss=\"modal\">\r\n                                    Close\r\n                                <\/button>\r\n                            <\/div>\r\n                        <\/div>\r\n                    <\/div>\r\n                <\/div>\r\n                <!-- End Modal -->\r\n                <!--<div class=\"button-content\"><a href=\"https:\/\/www.fiscaliadecuentas.gob.pa\/?page_id=20575\" rel=\"noopener\" target=\"_blank\"><button type=\"button\" class=\"btn-submit\">Aplicar a la Convocatoria<\/button><\/a><\/div>-->\r\n            <\/div>\r\n        <\/div>\r\n        <!-- END-NAV-PILL-2021 -->\r\n    <\/div>\r\n<\/div>\r\n<!-- Script para el comportamiento del Acorde\u00f3n -->\r\n<script>\r\n    var coll = document.getElementsByClassName(\"collapsible-ca\");\r\n    var i;\r\n\r\n    for (i = 0; i < coll.length; i++) {\r\n        coll[i].addEventListener(\"click\", function () {\r\n            this.classList.toggle(\"active\");\r\n            var content = this.nextElementSibling;\r\n            if (content.style.display === \"block\") {\r\n                content.style.display = \"none\";\r\n            } else {\r\n                content.style.display = \"block\";\r\n            }\r\n        });\r\n    }\r\n<\/script>\t\t<\/div>\n\t\t\t\t<\/div>\n\t\t\t\t\t\t<\/div>\n\t\t\t\t\t<\/div>\n\t\t<\/div>\n\t\t\t\t\t\t\t\t<\/div>\n\t\t\t\t\t<\/div>\n\t\t<\/section>\n\t\t\t\t\t\t<\/div>\n\t\t\t\t\t\t<\/div>\n\t\t\t\t\t<\/div>\n\t\t","protected":false},"excerpt":{"rendered":"<p>Convocatorias de Concursos Abiertos A\u00f1o: 2024 A\u00f1o: 2023 A\u00f1o: 2022 A\u00f1o: 2021 Concurso Abierto N.\u00b0 FGC-CA-018-24 Cargo: ASISTENTE OPERATIVO JUR\u00cdDICO Pos. 76 Ver m\u00e1s informaci\u00f3n sobre este concurso Ver Aviso [&hellip;]<\/p>\n","protected":false},"author":9,"featured_media":0,"parent":0,"menu_order":0,"comment_status":"closed","ping_status":"closed","template":"elementor_header_footer","meta":{"_EventAllDay":false,"_EventTimezone":"","_EventStartDate":"","_EventEndDate":"","_EventStartDateUTC":"","_EventEndDateUTC":"","_EventShowMap":false,"_EventShowMapLink":false,"_EventURL":"","_EventCost":"","_EventCostDescription":"","_EventCurrencySymbol":"","_EventCurrencyCode":"","_EventCurrencyPosition":"","_EventDateTimeSeparator":"","_EventTimeRangeSeparator":"","_EventOrganizerID":[],"_EventVenueID":[],"_OrganizerEmail":"","_OrganizerPhone":"","_OrganizerWebsite":"","_VenueAddress":"","_VenueCity":"","_VenueCountry":"","_VenueProvince":"","_VenueState":"","_VenueZip":"","_VenuePhone":"","_VenueURL":"","_VenueStateProvince":"","_VenueLat":"","_VenueLng":"","_VenueShowMap":false,"_VenueShowMapLink":false,"footnotes":""},"class_list":["post-19121","page","type-page","status-publish","hentry"],"_links":{"self":[{"href":"https:\/\/www.fiscaliadecuentas.gob.pa\/index.php?rest_route=\/wp\/v2\/pages\/19121","targetHints":{"allow":["GET"]}}],"collection":[{"href":"https:\/\/www.fiscaliadecuentas.gob.pa\/index.php?rest_route=\/wp\/v2\/pages"}],"about":[{"href":"https:\/\/www.fiscaliadecuentas.gob.pa\/index.php?rest_route=\/wp\/v2\/types\/page"}],"author":[{"embeddable":true,"href":"https:\/\/www.fiscaliadecuentas.gob.pa\/index.php?rest_route=\/wp\/v2\/users\/9"}],"replies":[{"embeddable":true,"href":"https:\/\/www.fiscaliadecuentas.gob.pa\/index.php?rest_route=%2Fwp%2Fv2%2Fcomments&post=19121"}],"version-history":[{"count":1767,"href":"https:\/\/www.fiscaliadecuentas.gob.pa\/index.php?rest_route=\/wp\/v2\/pages\/19121\/revisions"}],"predecessor-version":[{"id":37809,"href":"https:\/\/www.fiscaliadecuentas.gob.pa\/index.php?rest_route=\/wp\/v2\/pages\/19121\/revisions\/37809"}],"wp:attachment":[{"href":"https:\/\/www.fiscaliadecuentas.gob.pa\/index.php?rest_route=%2Fwp%2Fv2%2Fmedia&parent=19121"}],"curies":[{"name":"wp","href":"https:\/\/api.w.org\/{rel}","templated":true}]}}