{"id":20718,"date":"2021-12-13T09:49:55","date_gmt":"2021-12-13T14:49:55","guid":{"rendered":"https:\/\/www.fiscaliadecuentas.gob.pa\/?page_id=20718"},"modified":"2022-11-29T11:05:21","modified_gmt":"2022-11-29T16:05:21","slug":"equiparacion-de-oportunidades","status":"publish","type":"page","link":"https:\/\/www.fiscaliadecuentas.gob.pa\/?page_id=20718","title":{"rendered":"Equiparaci\u00f3n de oportunidades"},"content":{"rendered":"<div id='layer_slider_1'  class='avia-layerslider main_color avia-shadow  avia-builder-el-0  el_before_av_textblock  avia-builder-el-first  container_wrap sidebar_right'  style='height: 301px; max-width: 1310px; margin: 0 auto;'  ><\/div><div id='after_layer_slider_1'  class='main_color av_default_container_wrap container_wrap sidebar_right'  ><div class='container av-section-cont-open' ><div class='template-page content  av-content-small alpha units'><div class='post-entry post-entry-type-page post-entry-20718'><div class='entry-content-wrapper clearfix'>\n<section  class='av_textblock_section av-kx4ta8s9-7fb2bf246acc4077e93ad1e9171899cb '   itemscope=\"itemscope\" itemtype=\"https:\/\/schema.org\/CreativeWork\" ><div class='avia_textblock'  itemprop=\"text\" ><h1 style=\"color: #7a7a7a; font-size: 38px; text-align: center; font-style: Sans-serif; text-shadow: 0px 0px 10px rgba(0, 0, 0, 0.3);\"><strong>Equiparaci\u00f3n de Oportunidades<\/strong><\/h1>\n<\/div><\/section>\n\n<style type=\"text\/css\" data-created_by=\"avia_inline_auto\" id=\"style-css-av-kx90d6kw-750ae3d28d98894c9b5d9b1e1c9e4c0e\">\n#top .hr.hr-invisible.av-kx90d6kw-750ae3d28d98894c9b5d9b1e1c9e4c0e{\nheight:50px;\n}\n<\/style>\n<div  class='hr av-kx90d6kw-750ae3d28d98894c9b5d9b1e1c9e4c0e hr-invisible  avia-builder-el-2  el_after_av_textblock  el_before_av_one_half '><span class='hr-inner '><span class=\"hr-inner-style\"><\/span><\/span><\/div>\n<div  class='flex_column av-3cupj2m-0ce54cef3854c5df34c1e6bb1ded3074 av_one_half  avia-builder-el-3  el_after_av_hr  el_before_av_one_half  first flex_column_div  '     ><div  class='avia-icon-list-container av-kx4uw0na-c8b40487ae55eb14fca9770f2da34ae7  avia-builder-el-4  avia-builder-el-no-sibling '><ul class='avia-icon-list avia_animate_when_almost_visible avia-icon-list-left av-iconlist-big av-kx4uw0na-c8b40487ae55eb14fca9770f2da34ae7 avia-iconlist-animate'>\n<li><a href='https:\/\/www.fiscaliadecuentas.gob.pa\/wp-content\/uploads\/2021\/12\/Ley_23_Que_crea_la_Secretaria_Nacional_de_Discapacidad.pdf' title='Ley  No. 23 de 28 de junio de 2007'  target=\"_blank\"  rel=\"noopener noreferrer\" class='iconlist_icon av-2y08pbi-39c3da994b3d51b78d38b66ae65fc55f avia-font-fontawesome avia-iconfont avia-font-fontawesome'><span class='av-icon-char' data-av_icon='\uf1c1' data-av_iconfont='fontawesome' aria-hidden=\"true\"><\/span><\/a><article class=\"article-icon-entry \"  itemscope=\"itemscope\" itemtype=\"https:\/\/schema.org\/CreativeWork\" ><div class=\"iconlist_content_wrap\"><header class=\"entry-content-header\" aria-label=\"Icon: &lt;a href=&#039;https:\/\/www.fiscaliadecuentas.gob.pa\/wp-content\/uploads\/2021\/12\/Ley_23_Que_crea_la_Secretaria_Nacional_de_Discapacidad.pdf&#039; title=&#039;Ley  No. 23 de 28 de junio de 2007&#039; target=&quot;_blank&quot;  rel=&quot;noopener noreferrer&quot;&gt;Ley  No. 23 de 28 de junio de 2007&lt;\/a&gt;\"><h4 class='av_iconlist_title iconlist_title  '  itemprop=\"headline\" ><a href='https:\/\/www.fiscaliadecuentas.gob.pa\/wp-content\/uploads\/2021\/12\/Ley_23_Que_crea_la_Secretaria_Nacional_de_Discapacidad.pdf' title='Ley  No. 23 de 28 de junio de 2007' target=\"_blank\"  rel=\"noopener noreferrer\">Ley  No. 23 de 28 de junio de 2007<\/a><\/h4><\/header><div class='iconlist_content '  itemprop=\"text\" ><p style=\"text-align: justify;\">Por la cual se\u00a0crea la Secretar\u00eda Nacional de Discapacidad.<\/p>\n<\/div><\/div><footer class=\"entry-footer\"><\/footer><\/article><div class=\"iconlist-timeline\"><\/div><\/li>\n<li><a href='https:\/\/www.fiscaliadecuentas.gob.pa\/wp-content\/uploads\/2021\/12\/Decreto_Ejecutivo_N__88_de_12_de_noviembre_de_2002.pdf' title='Decreto Ejecutivo  No. 88 de 12  de noviembre de 2002'  target=\"_blank\"  rel=\"noopener noreferrer\" class='iconlist_icon av-2lnfr9q-952aa35d27cbbb6f27c8f72ec9eaa17a avia-font-fontawesome avia-iconfont avia-font-fontawesome'><span class='av-icon-char' data-av_icon='\uf1c1' data-av_iconfont='fontawesome' aria-hidden=\"true\"><\/span><\/a><article class=\"article-icon-entry \"  itemscope=\"itemscope\" itemtype=\"https:\/\/schema.org\/CreativeWork\" ><div class=\"iconlist_content_wrap\"><header class=\"entry-content-header\" aria-label=\"Icon: &lt;a href=&#039;https:\/\/www.fiscaliadecuentas.gob.pa\/wp-content\/uploads\/2021\/12\/Decreto_Ejecutivo_N__88_de_12_de_noviembre_de_2002.pdf&#039; title=&#039;Decreto Ejecutivo  No. 88 de 12  de noviembre de 2002&#039; target=&quot;_blank&quot;  rel=&quot;noopener noreferrer&quot;&gt;Decreto Ejecutivo  No. 88 de 12  de noviembre de 2002&lt;\/a&gt;\"><h4 class='av_iconlist_title iconlist_title  '  itemprop=\"headline\" ><a href='https:\/\/www.fiscaliadecuentas.gob.pa\/wp-content\/uploads\/2021\/12\/Decreto_Ejecutivo_N__88_de_12_de_noviembre_de_2002.pdf' title='Decreto Ejecutivo  No. 88 de 12  de noviembre de 2002' target=\"_blank\"  rel=\"noopener noreferrer\">Decreto Ejecutivo  No. 88 de 12  de noviembre de 2002<\/a><\/h4><\/header><div class='iconlist_content '  itemprop=\"text\" ><p style=\"text-align: justify;\">\u201cPor medio del cual se reglamenta la Ley N\u00ba 42 de 27 de agosto de 1999, por la cual se establece la  Equiparaci\u00f3n de Oportunidades para las   personas con Discapacidad\u201d<\/p>\n<\/div><\/div><footer class=\"entry-footer\"><\/footer><\/article><div class=\"iconlist-timeline\"><\/div><\/li>\n<li><a href='https:\/\/www.fiscaliadecuentas.gob.pa\/wp-content\/uploads\/2021\/12\/Gaceta_No_28046b_ley_15_del_31_de_mayo_de_20162_REFORMAS_A_LA_LEY_42.pdf' title='Ley No. 15 de 31 de mayo de 2016'  target=\"_blank\"  rel=\"noopener noreferrer\" class='iconlist_icon av-kx4uvzaq-bb8342eaf19c23d6c0612a85fa48421f avia-font-fontawesome avia-iconfont avia-font-fontawesome'><span class='av-icon-char' data-av_icon='\uf1c1' data-av_iconfont='fontawesome' aria-hidden=\"true\"><\/span><\/a><article class=\"article-icon-entry \"  itemscope=\"itemscope\" itemtype=\"https:\/\/schema.org\/CreativeWork\" ><div class=\"iconlist_content_wrap\"><header class=\"entry-content-header\" aria-label=\"Icon: &lt;a href=&#039;https:\/\/www.fiscaliadecuentas.gob.pa\/wp-content\/uploads\/2021\/12\/Gaceta_No_28046b_ley_15_del_31_de_mayo_de_20162_REFORMAS_A_LA_LEY_42.pdf&#039; title=&#039;Ley No. 15 de 31 de mayo de 2016&#039; target=&quot;_blank&quot;  rel=&quot;noopener noreferrer&quot;&gt;Ley No. 15 de 31 de mayo de 2016&lt;\/a&gt;\"><h4 class='av_iconlist_title iconlist_title  '  itemprop=\"headline\" ><a href='https:\/\/www.fiscaliadecuentas.gob.pa\/wp-content\/uploads\/2021\/12\/Gaceta_No_28046b_ley_15_del_31_de_mayo_de_20162_REFORMAS_A_LA_LEY_42.pdf' title='Ley No. 15 de 31 de mayo de 2016' target=\"_blank\"  rel=\"noopener noreferrer\">Ley No. 15 de 31 de mayo de 2016<\/a><\/h4><\/header><div class='iconlist_content '  itemprop=\"text\" ><p style=\"text-align: justify;\">Que reforma  la Ley 42 de1999, que establece la equiparaci\u00f3n de oportunidades para las personas con discapacidad de oportunidades para las  personas con discapacidad.<\/p>\n<\/div><\/div><footer class=\"entry-footer\"><\/footer><\/article><div class=\"iconlist-timeline\"><\/div><\/li>\n<\/ul><\/div><\/div>\n<div  class='flex_column av-2ac54by-3f30987e71902a4cb4301f33cbb059b0 av_one_half  avia-builder-el-5  el_after_av_one_half  el_before_av_hr  flex_column_div  '     ><div  class='avia-icon-list-container av-kx4uyybp-2ee152abf134b7ec19ac9a8b2aabcaf9  avia-builder-el-6  avia-builder-el-no-sibling '><ul class='avia-icon-list avia_animate_when_almost_visible avia-icon-list-left av-iconlist-big av-kx4uyybp-2ee152abf134b7ec19ac9a8b2aabcaf9 avia-iconlist-animate'>\n<li><a href='https:\/\/www.fiscaliadecuentas.gob.pa\/wp-content\/uploads\/2021\/12\/Ley_134_de_31_de_diciembre_de_2013.pdf' title='Ley 134 de 31 de diciembre de 2013'  target=\"_blank\"  rel=\"noopener noreferrer\" class='iconlist_icon av-6iy3am-b6e40a0c992affeff2d23146d8402737 avia-font-fontawesome avia-iconfont avia-font-fontawesome'><span class='av-icon-char' data-av_icon='\uf1c1' data-av_iconfont='fontawesome' aria-hidden=\"true\"><\/span><\/a><article class=\"article-icon-entry \"  itemscope=\"itemscope\" itemtype=\"https:\/\/schema.org\/CreativeWork\" ><div class=\"iconlist_content_wrap\"><header class=\"entry-content-header\" aria-label=\"Icon: &lt;a href=&#039;https:\/\/www.fiscaliadecuentas.gob.pa\/wp-content\/uploads\/2021\/12\/Ley_134_de_31_de_diciembre_de_2013.pdf&#039; title=&#039;Ley 134 de 31 de diciembre de 2013&#039; target=&quot;_blank&quot;  rel=&quot;noopener noreferrer&quot;&gt;Ley 134 de 31 de diciembre de 2013&lt;\/a&gt;\"><h4 class='av_iconlist_title iconlist_title  '  itemprop=\"headline\" ><a href='https:\/\/www.fiscaliadecuentas.gob.pa\/wp-content\/uploads\/2021\/12\/Ley_134_de_31_de_diciembre_de_2013.pdf' title='Ley 134 de 31 de diciembre de 2013' target=\"_blank\"  rel=\"noopener noreferrer\">Ley 134 de 31 de diciembre de 2013<\/a><\/h4><\/header><div class='iconlist_content '  itemprop=\"text\" ><p style=\"text-align: justify;\">Que establece la equiparaci\u00f3n econ\u00f3mica para las personas con discapacidad.<\/p>\n<\/div><\/div><footer class=\"entry-footer\"><\/footer><\/article><div class=\"iconlist-timeline\"><\/div><\/li>\n<li><a href='https:\/\/www.fiscaliadecuentas.gob.pa\/wp-content\/uploads\/2021\/12\/Ley_25_Convencion_sobre_Derechos_de_Personas_con_Discapacidad.pdf' title='Ley No. 25 de 10 de julio de 2007'  target=\"_blank\"  rel=\"noopener noreferrer\" class='iconlist_icon av-10h1tim-bcebfac293bbc5abd16458d2d937afc9 avia-font-fontawesome avia-iconfont avia-font-fontawesome'><span class='av-icon-char' data-av_icon='\uf1c1' data-av_iconfont='fontawesome' aria-hidden=\"true\"><\/span><\/a><article class=\"article-icon-entry \"  itemscope=\"itemscope\" itemtype=\"https:\/\/schema.org\/CreativeWork\" ><div class=\"iconlist_content_wrap\"><header class=\"entry-content-header\" aria-label=\"Icon: &lt;a href=&#039;https:\/\/www.fiscaliadecuentas.gob.pa\/wp-content\/uploads\/2021\/12\/Ley_25_Convencion_sobre_Derechos_de_Personas_con_Discapacidad.pdf&#039; title=&#039;Ley No. 25 de 10 de julio de 2007&#039; target=&quot;_blank&quot;  rel=&quot;noopener noreferrer&quot;&gt;Ley No. 25 de 10 de julio de 2007&lt;\/a&gt;\"><h4 class='av_iconlist_title iconlist_title  '  itemprop=\"headline\" ><a href='https:\/\/www.fiscaliadecuentas.gob.pa\/wp-content\/uploads\/2021\/12\/Ley_25_Convencion_sobre_Derechos_de_Personas_con_Discapacidad.pdf' title='Ley No. 25 de 10 de julio de 2007' target=\"_blank\"  rel=\"noopener noreferrer\">Ley No. 25 de 10 de julio de 2007<\/a><\/h4><\/header><div class='iconlist_content '  itemprop=\"text\" ><p style=\"text-align: justify;\">Por la cual se adoptan la Convenci\u00f3n sobre los Derechos de las Personas con Discapacidad y el Protocolo Facultativo de la Convenci\u00f3n sobre los Derechos de las Personas con Discapacidad, adoptados en Nueva York, por la Asamblea General de las Naciones Unidas, el 13 de diciembre de 2006.<\/p>\n<\/div><\/div><footer class=\"entry-footer\"><\/footer><\/article><div class=\"iconlist-timeline\"><\/div><\/li>\n<li><a href='https:\/\/www.fiscaliadecuentas.gob.pa\/wp-content\/uploads\/2021\/12\/Ley_42_Equiparacion_de_Oportunidades.pdf' title='Ley No.42 de 27 de agosto de 1999'  target=\"_blank\"  rel=\"noopener noreferrer\" class='iconlist_icon av-kx4uyxeh-2e5151dff92bdbc464c9adec8411f12c avia-font-fontawesome avia-iconfont avia-font-fontawesome'><span class='av-icon-char' data-av_icon='\uf1c1' data-av_iconfont='fontawesome' aria-hidden=\"true\"><\/span><\/a><article class=\"article-icon-entry \"  itemscope=\"itemscope\" itemtype=\"https:\/\/schema.org\/CreativeWork\" ><div class=\"iconlist_content_wrap\"><header class=\"entry-content-header\" aria-label=\"Icon: &lt;a href=&#039;https:\/\/www.fiscaliadecuentas.gob.pa\/wp-content\/uploads\/2021\/12\/Ley_42_Equiparacion_de_Oportunidades.pdf&#039; title=&#039;Ley No.42 de 27 de agosto de 1999&#039; target=&quot;_blank&quot;  rel=&quot;noopener noreferrer&quot;&gt;Ley No.42 de 27 de agosto de 1999&lt;\/a&gt;\"><h4 class='av_iconlist_title iconlist_title  '  itemprop=\"headline\" ><a href='https:\/\/www.fiscaliadecuentas.gob.pa\/wp-content\/uploads\/2021\/12\/Ley_42_Equiparacion_de_Oportunidades.pdf' title='Ley No.42 de 27 de agosto de 1999' target=\"_blank\"  rel=\"noopener noreferrer\">Ley No.42 de 27 de agosto de 1999<\/a><\/h4><\/header><div class='iconlist_content '  itemprop=\"text\" ><p style=\"text-align: justify;\">Por la cual se establece la equiparaci\u00f3n de oportunidades para las personas con discapacidad.<\/p>\n<\/div><\/div><footer class=\"entry-footer\"><\/footer><\/article><div class=\"iconlist-timeline\"><\/div><\/li>\n<\/ul><\/div><\/div>\n\n<style type=\"text\/css\" data-created_by=\"avia_inline_auto\" id=\"style-css-av-kx91a99m-f5fe4a51717df57d7eeb581f408c363c\">\n#top .hr.hr-invisible.av-kx91a99m-f5fe4a51717df57d7eeb581f408c363c{\nheight:50px;\n}\n<\/style>\n<div  class='hr av-kx91a99m-f5fe4a51717df57d7eeb581f408c363c hr-invisible  avia-builder-el-7  el_after_av_one_half  el_before_av_one_half '><span class='hr-inner '><span class=\"hr-inner-style\"><\/span><\/span><\/div>\n<div  class='flex_column av-2u1ttf2-689b305e49c59230afb29d40115fe236 av_one_half  avia-builder-el-8  el_after_av_hr  el_before_av_one_half  first flex_column_div  '     ><div  class='avia-icon-list-container av-kx90yqjf-e4fb221b6883a6251e7c82d620422e8c  avia-builder-el-9  avia-builder-el-no-sibling '><ul class='avia-icon-list avia_animate_when_almost_visible avia-icon-list-left av-iconlist-big av-kx90yqjf-e4fb221b6883a6251e7c82d620422e8c avia-iconlist-animate'>\n<li><a href='https:\/\/www.fiscaliadecuentas.gob.pa\/wp-content\/uploads\/2021\/12\/Decreto-Ejecutivo-333-de-5-de-diciembre-de-2019-1.pdf' title='Decreto Ejecutivo 333 de 5 de diciembre de 2019'  target=\"_blank\"  rel=\"noopener noreferrer\" class='iconlist_icon av-8yn8pa-3063e3c59efa5e06e8e58053d9e83354 avia-font-fontawesome avia-iconfont avia-font-fontawesome'><span class='av-icon-char' data-av_icon='\uf1c1' data-av_iconfont='fontawesome' aria-hidden=\"true\"><\/span><\/a><article class=\"article-icon-entry \"  itemscope=\"itemscope\" itemtype=\"https:\/\/schema.org\/CreativeWork\" ><div class=\"iconlist_content_wrap\"><header class=\"entry-content-header\" aria-label=\"Icon: &lt;a href=&#039;https:\/\/www.fiscaliadecuentas.gob.pa\/wp-content\/uploads\/2021\/12\/Decreto-Ejecutivo-333-de-5-de-diciembre-de-2019-1.pdf&#039; title=&#039;Decreto Ejecutivo 333 de 5 de diciembre de 2019&#039; target=&quot;_blank&quot;  rel=&quot;noopener noreferrer&quot;&gt;Decreto Ejecutivo 333 de 5 de diciembre de 2019&lt;\/a&gt;\"><h4 class='av_iconlist_title iconlist_title  '  itemprop=\"headline\" ><a href='https:\/\/www.fiscaliadecuentas.gob.pa\/wp-content\/uploads\/2021\/12\/Decreto-Ejecutivo-333-de-5-de-diciembre-de-2019-1.pdf' title='Decreto Ejecutivo 333 de 5 de diciembre de 2019' target=\"_blank\"  rel=\"noopener noreferrer\">Decreto Ejecutivo 333 de 5 de diciembre de 2019<\/a><\/h4><\/header><div class='iconlist_content '  itemprop=\"text\" ><p style=\"text-align: justify;\">Que reglamenta la Ley 15 de 31 de mayo de 2016, que reforma la Ley 42 de 1999, por la cual se establece la equiparaci\u00f3n de oportunidades para las personas con discapacidad y dicta otra disposici\u00f3n.<\/p>\n<\/div><\/div><footer class=\"entry-footer\"><\/footer><\/article><div class=\"iconlist-timeline\"><\/div><\/li>\n<li><a href='https:\/\/www.fiscaliadecuentas.gob.pa\/wp-content\/uploads\/2021\/12\/Decreto-Ejecutivo-59-de-2016-1.pdf' title='Decreto Ejecutivo 59 de 30 de agosto de 2016'  target=\"_blank\"  rel=\"noopener noreferrer\" class='iconlist_icon av-kx90tsdv-b09666f90ff27616a3e68e65ad6033e3 avia-font-fontawesome avia-iconfont avia-font-fontawesome'><span class='av-icon-char' data-av_icon='\uf1c1' data-av_iconfont='fontawesome' aria-hidden=\"true\"><\/span><\/a><article class=\"article-icon-entry \"  itemscope=\"itemscope\" itemtype=\"https:\/\/schema.org\/CreativeWork\" ><div class=\"iconlist_content_wrap\"><header class=\"entry-content-header\" aria-label=\"Icon: &lt;a href=&#039;https:\/\/www.fiscaliadecuentas.gob.pa\/wp-content\/uploads\/2021\/12\/Decreto-Ejecutivo-59-de-2016-1.pdf&#039; title=&#039;Decreto Ejecutivo 59 de 30 de agosto de 2016&#039; target=&quot;_blank&quot;  rel=&quot;noopener noreferrer&quot;&gt;Decreto Ejecutivo 59 de 30 de agosto de 2016&lt;\/a&gt;\"><h4 class='av_iconlist_title iconlist_title  '  itemprop=\"headline\" ><a href='https:\/\/www.fiscaliadecuentas.gob.pa\/wp-content\/uploads\/2021\/12\/Decreto-Ejecutivo-59-de-2016-1.pdf' title='Decreto Ejecutivo 59 de 30 de agosto de 2016' target=\"_blank\"  rel=\"noopener noreferrer\">Decreto Ejecutivo 59 de 30 de agosto de 2016<\/a><\/h4><\/header><div class='iconlist_content '  itemprop=\"text\" ><p style=\"text-align: justify;\">Que reglamenta la Ley 134 de 31 de diciembre de 2013, que establece la equiparaci\u00f3n econ\u00f3mica para las personas con discapacidad.<\/p>\n<\/div><\/div><footer class=\"entry-footer\"><\/footer><\/article><div class=\"iconlist-timeline\"><\/div><\/li>\n<li><a href='https:\/\/www.fiscaliadecuentas.gob.pa\/wp-content\/uploads\/2021\/12\/Decreto-Ejecutivo-8-de-3-de-marzo-de-2008-1.pdf' title='Decreto Ejecutivo 8 de 3 de marzo de 2008'  target=\"_blank\"  rel=\"noopener noreferrer\" class='iconlist_icon av-kx90yau9-6b2750f8df11eda8b39bf697d44fce69 avia-font-fontawesome avia-iconfont avia-font-fontawesome'><span class='av-icon-char' data-av_icon='\uf1c1' data-av_iconfont='fontawesome' aria-hidden=\"true\"><\/span><\/a><article class=\"article-icon-entry \"  itemscope=\"itemscope\" itemtype=\"https:\/\/schema.org\/CreativeWork\" ><div class=\"iconlist_content_wrap\"><header class=\"entry-content-header\" aria-label=\"Icon: &lt;a href=&#039;https:\/\/www.fiscaliadecuentas.gob.pa\/wp-content\/uploads\/2021\/12\/Decreto-Ejecutivo-8-de-3-de-marzo-de-2008-1.pdf&#039; title=&#039;Decreto Ejecutivo 8 de 3 de marzo de 2008&#039; target=&quot;_blank&quot;  rel=&quot;noopener noreferrer&quot;&gt;Decreto Ejecutivo 8 de 3 de marzo de 2008&lt;\/a&gt;\"><h4 class='av_iconlist_title iconlist_title  '  itemprop=\"headline\" ><a href='https:\/\/www.fiscaliadecuentas.gob.pa\/wp-content\/uploads\/2021\/12\/Decreto-Ejecutivo-8-de-3-de-marzo-de-2008-1.pdf' title='Decreto Ejecutivo 8 de 3 de marzo de 2008' target=\"_blank\"  rel=\"noopener noreferrer\">Decreto Ejecutivo 8 de 3 de marzo de 2008<\/a><\/h4><\/header><div class='iconlist_content '  itemprop=\"text\" ><p style=\"text-align: justify;\">Que reglamenta la Ley 23 de 28 de junio de 2007, que crea la Secretar\u00eda Nacional de Discapacidad.<\/p>\n<\/div><\/div><footer class=\"entry-footer\"><\/footer><\/article><div class=\"iconlist-timeline\"><\/div><\/li>\n<\/ul><\/div><\/div>\n<div  class='flex_column av-27izkni-6b14cfc58b41144559ebfc4dd201a654 av_one_half  avia-builder-el-10  el_after_av_one_half  el_before_av_hr  flex_column_div  '     ><div  class='avia-icon-list-container av-kx914lr6-0c069a0fc036b77694da9964905f1cdb  avia-builder-el-11  avia-builder-el-no-sibling '><ul class='avia-icon-list avia_animate_when_almost_visible avia-icon-list-left av-iconlist-big av-kx914lr6-0c069a0fc036b77694da9964905f1cdb avia-iconlist-animate'>\n<li><a href='https:\/\/www.fiscaliadecuentas.gob.pa\/wp-content\/uploads\/2021\/12\/Decreto-Ejecutivo-56-de-23-de-junio-de-2008-1.pdf' title='Decreto Ejecutivo 56 de 23 de julio de 2008'  target=\"_blank\"  rel=\"noopener noreferrer\" class='iconlist_icon av-1lvxvla-3740412bf1ec606c84b315e5709ce9f7 avia-font-fontawesome avia-iconfont avia-font-fontawesome'><span class='av-icon-char' data-av_icon='\uf1c1' data-av_iconfont='fontawesome' aria-hidden=\"true\"><\/span><\/a><article class=\"article-icon-entry \"  itemscope=\"itemscope\" itemtype=\"https:\/\/schema.org\/CreativeWork\" ><div class=\"iconlist_content_wrap\"><header class=\"entry-content-header\" aria-label=\"Icon: &lt;a href=&#039;https:\/\/www.fiscaliadecuentas.gob.pa\/wp-content\/uploads\/2021\/12\/Decreto-Ejecutivo-56-de-23-de-junio-de-2008-1.pdf&#039; title=&#039;Decreto Ejecutivo 56 de 23 de julio de 2008&#039; target=&quot;_blank&quot;  rel=&quot;noopener noreferrer&quot;&gt;Decreto Ejecutivo 56 de 23 de julio de 2008&lt;\/a&gt;\"><h4 class='av_iconlist_title iconlist_title  '  itemprop=\"headline\" ><a href='https:\/\/www.fiscaliadecuentas.gob.pa\/wp-content\/uploads\/2021\/12\/Decreto-Ejecutivo-56-de-23-de-junio-de-2008-1.pdf' title='Decreto Ejecutivo 56 de 23 de julio de 2008' target=\"_blank\"  rel=\"noopener noreferrer\">Decreto Ejecutivo 56 de 23 de julio de 2008<\/a><\/h4><\/header><div class='iconlist_content '  itemprop=\"text\" ><p style=\"text-align: justify;\">Que reglamenta el numeral 24 del art\u00edculo 13 de la Ley 23 de 28 de junio de 2007.<\/p>\n<\/div><\/div><footer class=\"entry-footer\"><\/footer><\/article><div class=\"iconlist-timeline\"><\/div><\/li>\n<li><a href='https:\/\/www.fiscaliadecuentas.gob.pa\/wp-content\/uploads\/2021\/12\/Ley-38-de-6-de-agosto-de-2010-1.pdf' title='Ley 38 de 6 de agosto de 2010'  target=\"_blank\"  rel=\"noopener noreferrer\" class='iconlist_icon av-1c00y5q-67836d11b6a0d30d1330ee7efbfa3d15 avia-font-fontawesome avia-iconfont avia-font-fontawesome'><span class='av-icon-char' data-av_icon='\uf1c1' data-av_iconfont='fontawesome' aria-hidden=\"true\"><\/span><\/a><article class=\"article-icon-entry \"  itemscope=\"itemscope\" itemtype=\"https:\/\/schema.org\/CreativeWork\" ><div class=\"iconlist_content_wrap\"><header class=\"entry-content-header\" aria-label=\"Icon: &lt;a href=&#039;https:\/\/www.fiscaliadecuentas.gob.pa\/wp-content\/uploads\/2021\/12\/Ley-38-de-6-de-agosto-de-2010-1.pdf&#039; title=&#039;Ley 38 de 6 de agosto de 2010&#039; target=&quot;_blank&quot;  rel=&quot;noopener noreferrer&quot;&gt;Ley 38 de 6 de agosto de 2010&lt;\/a&gt;\"><h4 class='av_iconlist_title iconlist_title  '  itemprop=\"headline\" ><a href='https:\/\/www.fiscaliadecuentas.gob.pa\/wp-content\/uploads\/2021\/12\/Ley-38-de-6-de-agosto-de-2010-1.pdf' title='Ley 38 de 6 de agosto de 2010' target=\"_blank\"  rel=\"noopener noreferrer\">Ley 38 de 6 de agosto de 2010<\/a><\/h4><\/header><div class='iconlist_content '  itemprop=\"text\" ><p style=\"text-align: justify;\">Que modifica art\u00edculos de la Ley 44 de 2006, que crea la Autoridad de Recursos Acu\u00e1ticos de Panam\u00e1, y de la Ley 23 de 2007, que crea la Secretar\u00eda Nacional de Discapacidad.<\/p>\n<\/div><\/div><footer class=\"entry-footer\"><\/footer><\/article><div class=\"iconlist-timeline\"><\/div><\/li>\n<li><a href='https:\/\/www.fiscaliadecuentas.gob.pa\/wp-content\/uploads\/2021\/12\/Decreto-Ejecutivo-36-de-11-de-abril-de-2014-1.pdf' title='Decreto Ejecutivo 36 de 11 de abril de 2014'  target=\"_blank\"  rel=\"noopener noreferrer\" class='iconlist_icon av-kx914kry-1532d4dcdf473656c9a8a5c320d2eb4b avia-font-fontawesome avia-iconfont avia-font-fontawesome'><span class='av-icon-char' data-av_icon='\uf1c1' data-av_iconfont='fontawesome' aria-hidden=\"true\"><\/span><\/a><article class=\"article-icon-entry \"  itemscope=\"itemscope\" itemtype=\"https:\/\/schema.org\/CreativeWork\" ><div class=\"iconlist_content_wrap\"><header class=\"entry-content-header\" aria-label=\"Icon: &lt;a href=&#039;https:\/\/www.fiscaliadecuentas.gob.pa\/wp-content\/uploads\/2021\/12\/Decreto-Ejecutivo-36-de-11-de-abril-de-2014-1.pdf&#039; title=&#039;Decreto Ejecutivo 36 de 11 de abril de 2014&#039; target=&quot;_blank&quot;  rel=&quot;noopener noreferrer&quot;&gt;Decreto Ejecutivo 36 de 11 de abril de 2014&lt;\/a&gt;\"><h4 class='av_iconlist_title iconlist_title  '  itemprop=\"headline\" ><a href='https:\/\/www.fiscaliadecuentas.gob.pa\/wp-content\/uploads\/2021\/12\/Decreto-Ejecutivo-36-de-11-de-abril-de-2014-1.pdf' title='Decreto Ejecutivo 36 de 11 de abril de 2014' target=\"_blank\"  rel=\"noopener noreferrer\">Decreto Ejecutivo 36 de 11 de abril de 2014<\/a><\/h4><\/header><div class='iconlist_content '  itemprop=\"text\" ><p style=\"text-align: justify;\">Que aprueba la reglamentaci\u00f3n del procedimiento de conformaci\u00f3n y funcionamiento de las Juntas Evaluadoras de la Discapacidad, los baremos nacionales y se dicta el procedimiento para la evaluaci\u00f3n, valoraci\u00f3n y certificaci\u00f3n de la discapacidad.<\/p>\n<\/div><\/div><footer class=\"entry-footer\"><\/footer><\/article><div class=\"iconlist-timeline\"><\/div><\/li>\n<\/ul><\/div><\/div>\n\n<style type=\"text\/css\" data-created_by=\"avia_inline_auto\" id=\"style-css-av-kx9194mf-5d9f559a617df668c3ae2b230fe1fe9a\">\n#top .hr.hr-invisible.av-kx9194mf-5d9f559a617df668c3ae2b230fe1fe9a{\nheight:50px;\n}\n<\/style>\n<div  class='hr av-kx9194mf-5d9f559a617df668c3ae2b230fe1fe9a hr-invisible  avia-builder-el-12  el_after_av_one_half  el_before_av_one_half '><span class='hr-inner '><span class=\"hr-inner-style\"><\/span><\/span><\/div>\n<div  class='flex_column av-ooq6oe-bf706e762c526b98b834a152da24227a av_one_half  avia-builder-el-13  el_after_av_hr  el_before_av_hr  first flex_column_div  '     ><div  class='avia-icon-list-container av-kx915vcf-2adda190843b3472302cceebf04e78ff  avia-builder-el-14  avia-builder-el-no-sibling '><ul class='avia-icon-list avia_animate_when_almost_visible avia-icon-list-left av-iconlist-big av-kx915vcf-2adda190843b3472302cceebf04e78ff avia-iconlist-animate'>\n<li><a href='https:\/\/www.fiscaliadecuentas.gob.pa\/wp-content\/uploads\/2021\/12\/Ley-43-de-6-de-junio-de-2017-1.pdf' title='Ley 43 de 6 de junio de 2017'  target=\"_blank\"  rel=\"noopener noreferrer\" class='iconlist_icon av-kx915u3i-c641a427d5d38f49777f82fe0e0a8380 avia-font-fontawesome avia-iconfont avia-font-fontawesome'><span class='av-icon-char' data-av_icon='\uf1c1' data-av_iconfont='fontawesome' aria-hidden=\"true\"><\/span><\/a><article class=\"article-icon-entry \"  itemscope=\"itemscope\" itemtype=\"https:\/\/schema.org\/CreativeWork\" ><div class=\"iconlist_content_wrap\"><header class=\"entry-content-header\" aria-label=\"Icon: &lt;a href=&#039;https:\/\/www.fiscaliadecuentas.gob.pa\/wp-content\/uploads\/2021\/12\/Ley-43-de-6-de-junio-de-2017-1.pdf&#039; title=&#039;Ley 43 de 6 de junio de 2017&#039; target=&quot;_blank&quot;  rel=&quot;noopener noreferrer&quot;&gt;Ley 43 de 6 de junio de 2017&lt;\/a&gt;\"><h4 class='av_iconlist_title iconlist_title  '  itemprop=\"headline\" ><a href='https:\/\/www.fiscaliadecuentas.gob.pa\/wp-content\/uploads\/2021\/12\/Ley-43-de-6-de-junio-de-2017-1.pdf' title='Ley 43 de 6 de junio de 2017' target=\"_blank\"  rel=\"noopener noreferrer\">Ley 43 de 6 de junio de 2017<\/a><\/h4><\/header><div class='iconlist_content '  itemprop=\"text\" ><p style=\"text-align: justify;\">Que reforma la Ley 82 de 2013, sobre la violencia contra la mujer, y modifica un art\u00edculo de la Ley 42 de 1999, sobre equiparaci\u00f3n de oportunidades para las personas con discapacidad.<\/p>\n<\/div><\/div><footer class=\"entry-footer\"><\/footer><\/article><div class=\"iconlist-timeline\"><\/div><\/li>\n<\/ul><\/div><\/div>\n\n<style type=\"text\/css\" data-created_by=\"avia_inline_auto\" id=\"style-css-av-kx91aji6-f486e28799e77c312ceef54db5041f4a\">\n#top .hr.hr-invisible.av-kx91aji6-f486e28799e77c312ceef54db5041f4a{\nheight:50px;\n}\n<\/style>\n<div  class='hr av-kx91aji6-f486e28799e77c312ceef54db5041f4a hr-invisible  avia-builder-el-15  el_after_av_one_half  el_before_av_one_half '><span class='hr-inner '><span class=\"hr-inner-style\"><\/span><\/span><\/div>\n<div  class='flex_column av-owxytq-1960fbb9b282f2c58d6615a2d9ba4fe2 av_one_half  avia-builder-el-16  el_after_av_hr  avia-builder-el-last  first flex_column_div  '     ><\/div>\n","protected":false},"excerpt":{"rendered":"","protected":false},"author":9,"featured_media":0,"parent":7730,"menu_order":0,"comment_status":"closed","ping_status":"closed","template":"","meta":{"_EventAllDay":false,"_EventTimezone":"","_EventStartDate":"","_EventEndDate":"","_EventStartDateUTC":"","_EventEndDateUTC":"","_EventShowMap":false,"_EventShowMapLink":false,"_EventURL":"","_EventCost":"","_EventCostDescription":"","_EventCurrencySymbol":"","_EventCurrencyCode":"","_EventCurrencyPosition":"","_EventDateTimeSeparator":"","_EventTimeRangeSeparator":"","_EventOrganizerID":[],"_EventVenueID":[],"_OrganizerEmail":"","_OrganizerPhone":"","_OrganizerWebsite":"","_VenueAddress":"","_VenueCity":"","_VenueCountry":"","_VenueProvince":"","_VenueState":"","_VenueZip":"","_VenuePhone":"","_VenueURL":"","_VenueStateProvince":"","_VenueLat":"","_VenueLng":"","_VenueShowMap":false,"_VenueShowMapLink":false,"footnotes":""},"class_list":["post-20718","page","type-page","status-publish","hentry"],"_links":{"self":[{"href":"https:\/\/www.fiscaliadecuentas.gob.pa\/index.php?rest_route=\/wp\/v2\/pages\/20718","targetHints":{"allow":["GET"]}}],"collection":[{"href":"https:\/\/www.fiscaliadecuentas.gob.pa\/index.php?rest_route=\/wp\/v2\/pages"}],"about":[{"href":"https:\/\/www.fiscaliadecuentas.gob.pa\/index.php?rest_route=\/wp\/v2\/types\/page"}],"author":[{"embeddable":true,"href":"https:\/\/www.fiscaliadecuentas.gob.pa\/index.php?rest_route=\/wp\/v2\/users\/9"}],"replies":[{"embeddable":true,"href":"https:\/\/www.fiscaliadecuentas.gob.pa\/index.php?rest_route=%2Fwp%2Fv2%2Fcomments&post=20718"}],"version-history":[{"count":18,"href":"https:\/\/www.fiscaliadecuentas.gob.pa\/index.php?rest_route=\/wp\/v2\/pages\/20718\/revisions"}],"predecessor-version":[{"id":27036,"href":"https:\/\/www.fiscaliadecuentas.gob.pa\/index.php?rest_route=\/wp\/v2\/pages\/20718\/revisions\/27036"}],"up":[{"embeddable":true,"href":"https:\/\/www.fiscaliadecuentas.gob.pa\/index.php?rest_route=\/wp\/v2\/pages\/7730"}],"wp:attachment":[{"href":"https:\/\/www.fiscaliadecuentas.gob.pa\/index.php?rest_route=%2Fwp%2Fv2%2Fmedia&parent=20718"}],"curies":[{"name":"wp","href":"https:\/\/api.w.org\/{rel}","templated":true}]}}