{"id":21028,"date":"2022-01-14T14:47:21","date_gmt":"2022-01-14T19:47:21","guid":{"rendered":"https:\/\/www.fiscaliadecuentas.gob.pa\/?page_id=21028"},"modified":"2022-11-29T11:05:54","modified_gmt":"2022-11-29T16:05:54","slug":"i-congreso-bilateral-e-internacional-de-la-jurisdiccion-de-cuentas","status":"publish","type":"page","link":"https:\/\/www.fiscaliadecuentas.gob.pa\/?page_id=21028","title":{"rendered":"I Congreso Bilateral e Internacional de la Jurisdicci\u00f3n de Cuentas"},"content":{"rendered":"<div id='layer_slider_1'  class='avia-layerslider main_color avia-shadow  avia-builder-el-0  el_before_av_hr  avia-builder-el-first  container_wrap sidebar_right'  style='height: 451px;'  ><\/div><div id='after_layer_slider_1'  class='main_color av_default_container_wrap container_wrap sidebar_right'  ><div class='container av-section-cont-open' ><div class='template-page content  av-content-small alpha units'><div class='post-entry post-entry-type-page post-entry-21028'><div class='entry-content-wrapper clearfix'>\n\n<style type=\"text\/css\" data-created_by=\"avia_inline_auto\" id=\"style-css-av-8jn4hw-1ea5f73353468019e510f3c25e204773\">\n#top .hr.hr-invisible.av-8jn4hw-1ea5f73353468019e510f3c25e204773{\nheight:50px;\n}\n<\/style>\n<div  class='hr av-8jn4hw-1ea5f73353468019e510f3c25e204773 hr-invisible  avia-builder-el-1  el_after_av_layerslider  el_before_av_textblock  avia-builder-el-first '><span class='hr-inner '><span class=\"hr-inner-style\"><\/span><\/span><\/div>\n<section  class='av_textblock_section av-kyetizv9-5ec1698f9b80da94d6a132d868574a13 '   itemscope=\"itemscope\" itemtype=\"https:\/\/schema.org\/CreativeWork\" ><div class='avia_textblock'  itemprop=\"text\" ><h2 style=\"text-align: center;\">I Congreso Bilateral e Internacional de la Jurisdicci\u00f3n de Cuentas<\/h2>\n<\/div><\/section>\n\n<style type=\"text\/css\" data-created_by=\"avia_inline_auto\" id=\"style-css-av-kylk4yx6-d133d3dfe60ebf28970c912b9dc0a0a4\">\n#top .hr.hr-invisible.av-kylk4yx6-d133d3dfe60ebf28970c912b9dc0a0a4{\nheight:100px;\n}\n<\/style>\n<div  class='hr av-kylk4yx6-d133d3dfe60ebf28970c912b9dc0a0a4 hr-invisible  avia-builder-el-3  el_after_av_textblock  el_before_av_hr '><span class='hr-inner '><span class=\"hr-inner-style\"><\/span><\/span><\/div>\n\n<style type=\"text\/css\" data-created_by=\"avia_inline_auto\" id=\"style-css-av-c2v0p44-ccf17518ea8c2a36b7ba32e09e7314f9\">\n#top .hr.hr-invisible.av-c2v0p44-ccf17518ea8c2a36b7ba32e09e7314f9{\nheight:100px;\n}\n<\/style>\n<div  class='hr av-c2v0p44-ccf17518ea8c2a36b7ba32e09e7314f9 hr-invisible  avia-builder-el-4  el_after_av_hr  el_before_av_three_fifth '><span class='hr-inner '><span class=\"hr-inner-style\"><\/span><\/span><\/div>\n<div  class='flex_column av-1cgzt50-b89171c7c6a3de49288e7d8279996ce9 av_three_fifth  avia-builder-el-5  el_after_av_hr  el_before_av_two_fifth  first flex_column_div  '     ><section  class='av_textblock_section av-kyowehj9-f337eaf360b2dc6cea851d94760405bb '   itemscope=\"itemscope\" itemtype=\"https:\/\/schema.org\/CreativeWork\" ><div class='avia_textblock'  itemprop=\"text\" ><h3 style=\"text-align: left;\">Dossier Nacionales I Congreso Bilateral e Internacional de la Jurisdicci\u00f3n de Cuentas<\/h3>\n<\/div><\/section><br \/>\n<section  class='av_textblock_section av-kylkj6lp-af6ef41e2688764e9ff857ee6f84e199 '   itemscope=\"itemscope\" itemtype=\"https:\/\/schema.org\/CreativeWork\" ><div class='avia_textblock'  itemprop=\"text\" ><p><object class=\"vanilla-pdf-embed\" data=\"https:\/\/www.fiscaliadecuentas.gob.pa\/wp-content\/uploads\/2022\/01\/Dossier-Nacionales-I-Congreso-Bilateral-e-Internacional-de-la-Jurisdiccion-de-Cuentas.pdf#page=1&#038;view=FitH\" type=\"application\/pdf\" width=\"100%\" height=\"500em\"><p><a href=\"https:\/\/www.fiscaliadecuentas.gob.pa\/wp-content\/uploads\/2022\/01\/Dossier-Nacionales-I-Congreso-Bilateral-e-Internacional-de-la-Jurisdiccion-de-Cuentas.pdf\">Download the PDF file .<\/a><\/p><\/object><\/p>\n<p style=\"text-align: left;\"><a href=\"https:\/\/www.fiscaliadecuentas.gob.pa\/wp-content\/uploads\/2022\/01\/Dossier-Nacionales-I-Congreso-Bilateral-e-Internacional-de-la-Jurisdiccion-de-Cuentas.pdf\" target=\"_blank\" rel=\"noopener\"><i class=\"fas fa-search-plus fa-1x\"><\/i> Ampliar documento<\/a><\/p>\n<\/div><\/section><\/p><\/div>\n<div  class='flex_column av-m4sv44-4b79a161292f2256d1df1dd337dfa9bf av_two_fifth  avia-builder-el-8  el_after_av_three_fifth  el_before_av_hr  flex_column_div  '     ><section  class='av_textblock_section av-kz3arhoq-0f1fd7622742a37d9a8e55a76ff1c4ba '   itemscope=\"itemscope\" itemtype=\"https:\/\/schema.org\/CreativeWork\" ><div class='avia_textblock'  itemprop=\"text\" ><h3 style=\"text-align: left;\">Fiscal\u00eda General de Cuentas, Voces Autorizadas. (Video)<\/h3>\n<\/div><\/section><br \/>\n<div  class='avia-video av-kz3a5t0j-1307d8f30c5bec558edcb2691d246a39 avia-video-16-9 av-html5-fullscreen-btn av-no-preview-image avia-video-load-always av-lazyload-immediate av-lazyload-video-embed'  itemprop=\"video\" itemtype=\"https:\/\/schema.org\/VideoObject\"  data-original_url='https:\/\/youtu.be\/VMZZBiYZ9eQ'><script type='text\/html' class='av-video-tmpl'><div class='avia-iframe-wrap'><iframe loading=\"lazy\" title=\"Fiscal\u00eda General de Cuentas, Voces Autorizadas\" width=\"1500\" height=\"844\" src=\"https:\/\/www.youtube.com\/embed\/VMZZBiYZ9eQ?feature=oembed&autoplay=1&loop=1&controls=1&mute=1\" frameborder=\"0\" allow=\"accelerometer; autoplay; clipboard-write; encrypted-media; gyroscope; picture-in-picture; web-share\" allowfullscreen><\/iframe><\/div><\/script><div class='av-click-to-play-overlay'><div class=\"avia_playpause_icon\"><\/div><\/div><\/div><br \/>\n\n<style type=\"text\/css\" data-created_by=\"avia_inline_auto\" id=\"style-css-av-kz4ox8vr-6f8ec262a9c0c2b7e4e2f2e4747a2e65\">\n#top .hr.av-kz4ox8vr-6f8ec262a9c0c2b7e4e2f2e4747a2e65{\nmargin-top:30px;\nmargin-bottom:30px;\n}\n.hr.av-kz4ox8vr-6f8ec262a9c0c2b7e4e2f2e4747a2e65 .hr-inner{\nwidth:50px;\nmax-width:45%;\n}\n<\/style>\n<div  class='hr av-kz4ox8vr-6f8ec262a9c0c2b7e4e2f2e4747a2e65 hr-custom  avia-builder-el-11  el_after_av_video  el_before_av_textblock  hr-center hr-icon-yes'><span class='hr-inner inner-border-av-border-thin'><span class=\"hr-inner-style\"><\/span><\/span><span class='av-seperator-icon avia-iconfont avia-font-entypo-fontello' data-av_icon='\ue84d' data-av_iconfont='entypo-fontello' ><\/span><span class='hr-inner inner-border-av-border-thin'><span class=\"hr-inner-style\"><\/span><\/span><\/div><br \/>\n<section  class='av_textblock_section av-2cei610-ef8f325305da9439ae2dd93d6823fb05 '   itemscope=\"itemscope\" itemtype=\"https:\/\/schema.org\/CreativeWork\" ><div class='avia_textblock'  itemprop=\"text\" ><h2 style=\"text-align: center;\">Encuestas<\/h2>\n<\/div><\/section><br \/>\n<section  class='av_textblock_section av-1xydvyc-92d8070508461d5c253f6e61b54c6bfa '   itemscope=\"itemscope\" itemtype=\"https:\/\/schema.org\/CreativeWork\" ><div class='avia_textblock'  itemprop=\"text\" ><p style=\"text-align: left;\"><a href=\"https:\/\/forms.gle\/qTqrkfoaZzVHzE6N9\" target=\"_blank\" rel=\"noopener\"><i class=\"fas fa-hand-point-right fa-2x\"><\/i>Realizar encuesta del d\u00eda jueves 20 de enero de 2022<\/a><\/p>\n<\/div><\/section><br \/>\n<section  class='av_textblock_section av-1q9017o-9bc12b21e72be4bf553d2a3fad0011eb '   itemscope=\"itemscope\" itemtype=\"https:\/\/schema.org\/CreativeWork\" ><div class='avia_textblock'  itemprop=\"text\" ><p style=\"text-align: left;\"><a href=\"https:\/\/forms.gle\/apokPhQhaDPrB9547\" target=\"_blank\" rel=\"noopener\"><i class=\"fas fa-hand-point-right fa-2x\"><\/i>Realizar encuesta del d\u00eda viernes 21 de enero de 2022<\/a><\/p>\n<\/div><\/section><\/p><\/div>\n<div  class='hr av-kynhnnbf-d9081698450442f93bd907b538ab3f3f hr-big  avia-builder-el-15  el_after_av_two_fifth  el_before_av_textblock '><span class='hr-inner '><span class=\"hr-inner-style\"><\/span><\/span><\/div>\n<section  class='av_textblock_section av-kynhmp24-82f55835725c895b2a69a1badae4c1d2 '   itemscope=\"itemscope\" itemtype=\"https:\/\/schema.org\/CreativeWork\" ><div class='avia_textblock'  itemprop=\"text\" ><h2 style=\"text-align: center;\">Expositores y conferencias del evento<\/h2>\n<\/div><\/section>\n<section  class='av_textblock_section av-kz2wx19i-ca25aa6e27048f2da91f5e60b9adc2a7 '   itemscope=\"itemscope\" itemtype=\"https:\/\/schema.org\/CreativeWork\" ><div class='avia_textblock'  itemprop=\"text\" ><h3 style=\"text-align: left;\">Primer d\u00eda del evento<\/h3>\n<\/div><\/section>\n<div  class='flex_column av-bti9xd0-d2cacb1f8d02ac1cf2e76550f457b5ac av_one_fifth  avia-builder-el-18  el_after_av_textblock  el_before_av_one_fifth  first flex_column_div  column-top-margin'     ><style type=\"text\/css\" data-created_by=\"avia_inline_auto\" id=\"style-css-av-kz72oymr-4d5028d34b659c283dbc68e813300cd3\">\n.avia-team-member.av-kz72oymr-4d5028d34b659c283dbc68e813300cd3 .team-img-container img{\nborder-style:solid;\nborder-width:10px 10px 10px 10px;\nborder-radius:999px 999px 999px 999px;\n}\n<\/style>\n<section  class='avia-team-member av-kz72oymr-4d5028d34b659c283dbc68e813300cd3  avia-builder-el-19  avia-builder-el-no-sibling '  itemscope=\"itemscope\" itemtype=\"https:\/\/schema.org\/Person\" ><div class=\"team-img-container\"><img decoding=\"async\" fetchpriority=\"high\" class='wp-image-21698 avia-img-lazy-loading-not-21698 avia_image avia_image_team av-team-img-original' src=\"https:\/\/www.fiscaliadecuentas.gob.pa\/wp-content\/uploads\/2022\/02\/Armando-Fuentes.jpg\" alt='Armando Fuentes'  itemprop=\"image\"   height=\"250\" width=\"250\" srcset=\"https:\/\/www.fiscaliadecuentas.gob.pa\/wp-content\/uploads\/2022\/02\/Armando-Fuentes.jpg 250w, https:\/\/www.fiscaliadecuentas.gob.pa\/wp-content\/uploads\/2022\/02\/Armando-Fuentes-80x80.jpg 80w, https:\/\/www.fiscaliadecuentas.gob.pa\/wp-content\/uploads\/2022\/02\/Armando-Fuentes-36x36.jpg 36w, https:\/\/www.fiscaliadecuentas.gob.pa\/wp-content\/uploads\/2022\/02\/Armando-Fuentes-180x180.jpg 180w\" sizes=\"(max-width: 250px) 100vw, 250px\" \/><div class=\"team-social\"><div class=\"team-social-inner\"><span class='hidden av_member_url_markup '  itemprop=\"url\" >https:\/\/www.fiscaliadecuentas.gob.pa\/?page_id=21105<\/span><a href='https:\/\/www.fiscaliadecuentas.gob.pa\/?page_id=21105' class='avia-team-icon av-kz72ox7o-eff7a847a4108a688ee4b8700fa9955d avia-iconfont avia-font-fontawesome' rel='v:url' data-avia-tooltip=\"Abrir hoja de vida y conferencia.\" target='_blank' data-av_icon='\uf08e' data-av_iconfont='fontawesome' ><\/a><\/div><\/div><\/div><h3 class='team-member-name '  itemprop=\"name\" >Armando Fuentes<\/h3><div class='team-member-job-title '  itemprop=\"jobTitle\" >Expositor del evento<\/div><span class='hidden team-member-affiliation'  itemprop=\"affiliation\" >Fiscal\u00eda General de Cuentas<\/span><\/section><\/div>\n<div  class='flex_column av-b51ljc4-e1dd96e4de52104525ee3ac1632d426a av_one_fifth  avia-builder-el-20  el_after_av_one_fifth  el_before_av_one_fifth  flex_column_div  column-top-margin'     ><style type=\"text\/css\" data-created_by=\"avia_inline_auto\" id=\"style-css-av-kz72p5ab-f0cbfa581f330ddf4a53f2c993b9e7ae\">\n.avia-team-member.av-kz72p5ab-f0cbfa581f330ddf4a53f2c993b9e7ae .team-img-container img{\nborder-style:solid;\nborder-width:10px 10px 10px 10px;\nborder-radius:999px 999px 999px 999px;\n}\n<\/style>\n<section  class='avia-team-member av-kz72p5ab-f0cbfa581f330ddf4a53f2c993b9e7ae  avia-builder-el-21  avia-builder-el-no-sibling '  itemscope=\"itemscope\" itemtype=\"https:\/\/schema.org\/Person\" ><div class=\"team-img-container\"><img decoding=\"async\" fetchpriority=\"high\" class='wp-image-21702 avia-img-lazy-loading-not-21702 avia_image avia_image_team av-team-img-original' src=\"https:\/\/www.fiscaliadecuentas.gob.pa\/wp-content\/uploads\/2022\/02\/Luis-Rueda-Garcia.jpg\" alt='Luis Rueda Garc\u00eda'  itemprop=\"image\"   height=\"250\" width=\"250\" srcset=\"https:\/\/www.fiscaliadecuentas.gob.pa\/wp-content\/uploads\/2022\/02\/Luis-Rueda-Garcia.jpg 250w, https:\/\/www.fiscaliadecuentas.gob.pa\/wp-content\/uploads\/2022\/02\/Luis-Rueda-Garcia-80x80.jpg 80w, https:\/\/www.fiscaliadecuentas.gob.pa\/wp-content\/uploads\/2022\/02\/Luis-Rueda-Garcia-36x36.jpg 36w, https:\/\/www.fiscaliadecuentas.gob.pa\/wp-content\/uploads\/2022\/02\/Luis-Rueda-Garcia-180x180.jpg 180w\" sizes=\"(max-width: 250px) 100vw, 250px\" \/><div class=\"team-social\"><div class=\"team-social-inner\"><span class='hidden av_member_url_markup '  itemprop=\"url\" >https:\/\/www.fiscaliadecuentas.gob.pa\/?page_id=21124<\/span><a href='https:\/\/www.fiscaliadecuentas.gob.pa\/?page_id=21124' class='avia-team-icon av-kz72p4g3-f0bb106e69174251453d0c9ea3f59e20 avia-iconfont avia-font-fontawesome' rel='v:url' data-avia-tooltip=\"Abrir hoja de vida y conferencia.\" target='_blank' data-av_icon='\uf08e' data-av_iconfont='fontawesome' ><\/a><\/div><\/div><\/div><h3 class='team-member-name '  itemprop=\"name\" >Luis Rueda Garc\u00eda<\/h3><div class='team-member-job-title '  itemprop=\"jobTitle\" >Expositor del evento<\/div><span class='hidden team-member-affiliation'  itemprop=\"affiliation\" >Fiscal\u00eda General de Cuentas<\/span><\/section><\/div>\n<div  class='flex_column av-au75gtg-e62992ef6d52ac9745f48159cddc7225 av_one_fifth  avia-builder-el-22  el_after_av_one_fifth  el_before_av_one_fifth  flex_column_div  column-top-margin'     ><style type=\"text\/css\" data-created_by=\"avia_inline_auto\" id=\"style-css-av-kz72pbgj-b1fd4eaa8073a7d4afdf3ac37f0c1579\">\n.avia-team-member.av-kz72pbgj-b1fd4eaa8073a7d4afdf3ac37f0c1579 .team-img-container img{\nborder-style:solid;\nborder-width:10px 10px 10px 10px;\nborder-radius:999px 999px 999px 999px;\n}\n<\/style>\n<section  class='avia-team-member av-kz72pbgj-b1fd4eaa8073a7d4afdf3ac37f0c1579  avia-builder-el-23  avia-builder-el-no-sibling '  itemscope=\"itemscope\" itemtype=\"https:\/\/schema.org\/Person\" ><div class=\"team-img-container\"><img decoding=\"async\" fetchpriority=\"high\" class='wp-image-21704 avia-img-lazy-loading-not-21704 avia_image avia_image_team av-team-img-original' src=\"https:\/\/www.fiscaliadecuentas.gob.pa\/wp-content\/uploads\/2022\/02\/Ricardo-Boza.jpg\" alt='Ricardo Boza'  itemprop=\"image\"   height=\"250\" width=\"250\" srcset=\"https:\/\/www.fiscaliadecuentas.gob.pa\/wp-content\/uploads\/2022\/02\/Ricardo-Boza.jpg 250w, https:\/\/www.fiscaliadecuentas.gob.pa\/wp-content\/uploads\/2022\/02\/Ricardo-Boza-80x80.jpg 80w, https:\/\/www.fiscaliadecuentas.gob.pa\/wp-content\/uploads\/2022\/02\/Ricardo-Boza-36x36.jpg 36w, https:\/\/www.fiscaliadecuentas.gob.pa\/wp-content\/uploads\/2022\/02\/Ricardo-Boza-180x180.jpg 180w\" sizes=\"(max-width: 250px) 100vw, 250px\" \/><div class=\"team-social\"><div class=\"team-social-inner\"><span class='hidden av_member_url_markup '  itemprop=\"url\" >https:\/\/www.fiscaliadecuentas.gob.pa\/?page_id=21136<\/span><a href='https:\/\/www.fiscaliadecuentas.gob.pa\/?page_id=21136' class='avia-team-icon av-kz72panf-d711da1ca9c681b4db8c3f820625ab46 avia-iconfont avia-font-fontawesome' rel='v:url' data-avia-tooltip=\"Abrir hoja de vida y conferencia.\" target='_blank' data-av_icon='\uf08e' data-av_iconfont='fontawesome' ><\/a><\/div><\/div><\/div><h3 class='team-member-name '  itemprop=\"name\" >Ricardo Boza<\/h3><div class='team-member-job-title '  itemprop=\"jobTitle\" >Mesa Redonda, moderador.<\/div><span class='hidden team-member-affiliation'  itemprop=\"affiliation\" >Fiscal\u00eda General de Cuentas<\/span><\/section><\/div>\n<div  class='flex_column av-9svmp44-2a82a32fd2a4432f8ab7a5be1dd57537 av_one_fifth  avia-builder-el-24  el_after_av_one_fifth  el_before_av_one_fifth  flex_column_div  column-top-margin'     ><style type=\"text\/css\" data-created_by=\"avia_inline_auto\" id=\"style-css-av-kz72pi6r-bc25f0de17532e40df53e1447807f6b6\">\n.avia-team-member.av-kz72pi6r-bc25f0de17532e40df53e1447807f6b6 .team-img-container img{\nborder-style:solid;\nborder-width:10px 10px 10px 10px;\nborder-radius:999px 999px 999px 999px;\n}\n<\/style>\n<section  class='avia-team-member av-kz72pi6r-bc25f0de17532e40df53e1447807f6b6  avia-builder-el-25  avia-builder-el-no-sibling '  itemscope=\"itemscope\" itemtype=\"https:\/\/schema.org\/Person\" ><div class=\"team-img-container\"><img decoding=\"async\" fetchpriority=\"high\" class='wp-image-21706 avia-img-lazy-loading-not-21706 avia_image avia_image_team av-team-img-original' src=\"https:\/\/www.fiscaliadecuentas.gob.pa\/wp-content\/uploads\/2022\/02\/Waleska-Hormechea-B.jpg\" alt='Waleska Hormechea'  itemprop=\"image\"   height=\"250\" width=\"250\" srcset=\"https:\/\/www.fiscaliadecuentas.gob.pa\/wp-content\/uploads\/2022\/02\/Waleska-Hormechea-B.jpg 250w, https:\/\/www.fiscaliadecuentas.gob.pa\/wp-content\/uploads\/2022\/02\/Waleska-Hormechea-B-80x80.jpg 80w, https:\/\/www.fiscaliadecuentas.gob.pa\/wp-content\/uploads\/2022\/02\/Waleska-Hormechea-B-36x36.jpg 36w, https:\/\/www.fiscaliadecuentas.gob.pa\/wp-content\/uploads\/2022\/02\/Waleska-Hormechea-B-180x180.jpg 180w\" sizes=\"(max-width: 250px) 100vw, 250px\" \/><div class=\"team-social\"><div class=\"team-social-inner\"><span class='hidden av_member_url_markup '  itemprop=\"url\" >https:\/\/www.fiscaliadecuentas.gob.pa\/?page_id=21152%20target=_blank<\/span><a href='https:\/\/www.fiscaliadecuentas.gob.pa\/?page_id=21152%20target=_blank' class='avia-team-icon av-kz72ph9v-50924b35669d7de63b4e6265eae979cb avia-iconfont avia-font-fontawesome' rel='v:url' data-avia-tooltip=\"Abrir hoja de vida y conferencia.\" target='_blank' data-av_icon='\uf08e' data-av_iconfont='fontawesome' ><\/a><\/div><\/div><\/div><h3 class='team-member-name '  itemprop=\"name\" >Waleska Hormechea<\/h3><div class='team-member-job-title '  itemprop=\"jobTitle\" >Expositor del evento<\/div><span class='hidden team-member-affiliation'  itemprop=\"affiliation\" >Fiscal\u00eda General de Cuentas<\/span><\/section><\/div>\n<div  class='flex_column av-908ds78-b6e81e1e19355e434da74d37cb432fb2 av_one_fifth  avia-builder-el-26  el_after_av_one_fifth  el_before_av_one_fifth  flex_column_div  column-top-margin'     ><style type=\"text\/css\" data-created_by=\"avia_inline_auto\" id=\"style-css-av-kz72pp77-7726a02a3c656920b2f78433532d1a1f\">\n.avia-team-member.av-kz72pp77-7726a02a3c656920b2f78433532d1a1f .team-img-container img{\nborder-style:solid;\nborder-width:10px 10px 10px 10px;\nborder-radius:999px 999px 999px 999px;\n}\n<\/style>\n<section  class='avia-team-member av-kz72pp77-7726a02a3c656920b2f78433532d1a1f  avia-builder-el-27  avia-builder-el-no-sibling '  itemscope=\"itemscope\" itemtype=\"https:\/\/schema.org\/Person\" ><div class=\"team-img-container\"><img decoding=\"async\" fetchpriority=\"high\" class='wp-image-21708 avia-img-lazy-loading-not-21708 avia_image avia_image_team av-team-img-original' src=\"https:\/\/www.fiscaliadecuentas.gob.pa\/wp-content\/uploads\/2022\/02\/Wilson-Camacho-Peralta.jpg\" alt='Wilson Camacho'  itemprop=\"image\"   height=\"250\" width=\"250\" srcset=\"https:\/\/www.fiscaliadecuentas.gob.pa\/wp-content\/uploads\/2022\/02\/Wilson-Camacho-Peralta.jpg 250w, https:\/\/www.fiscaliadecuentas.gob.pa\/wp-content\/uploads\/2022\/02\/Wilson-Camacho-Peralta-80x80.jpg 80w, https:\/\/www.fiscaliadecuentas.gob.pa\/wp-content\/uploads\/2022\/02\/Wilson-Camacho-Peralta-36x36.jpg 36w, https:\/\/www.fiscaliadecuentas.gob.pa\/wp-content\/uploads\/2022\/02\/Wilson-Camacho-Peralta-180x180.jpg 180w\" sizes=\"(max-width: 250px) 100vw, 250px\" \/><div class=\"team-social\"><div class=\"team-social-inner\"><span class='hidden av_member_url_markup '  itemprop=\"url\" >https:\/\/www.fiscaliadecuentas.gob.pa\/?page_id=21164<\/span><a href='https:\/\/www.fiscaliadecuentas.gob.pa\/?page_id=21164' class='avia-team-icon av-kz72po3v-3add59da0818044885502d4b0b295fea avia-iconfont avia-font-fontawesome' rel='v:url' data-avia-tooltip=\"Abrir hoja de vida y conferencia.\" target='_blank' data-av_icon='\uf08e' data-av_iconfont='fontawesome' ><\/a><\/div><\/div><\/div><h3 class='team-member-name '  itemprop=\"name\" >Wilson Camacho<\/h3><div class='team-member-job-title '  itemprop=\"jobTitle\" >Expositor del evento<\/div><span class='hidden team-member-affiliation'  itemprop=\"affiliation\" >Fiscal\u00eda General de Cuentas<\/span><\/section><\/div>\n<div  class='flex_column av-812fsmc-b69f7acf024d130439a338bd180dc824 av_one_fifth  avia-builder-el-28  el_after_av_one_fifth  el_before_av_one_fifth  first flex_column_div  column-top-margin'     ><style type=\"text\/css\" data-created_by=\"avia_inline_auto\" id=\"style-css-av-kz72pwk3-d70c8cd55fd7e60ac3cf87a26c88b53e\">\n.avia-team-member.av-kz72pwk3-d70c8cd55fd7e60ac3cf87a26c88b53e .team-img-container img{\nborder-style:solid;\nborder-width:10px 10px 10px 10px;\nborder-radius:999px 999px 999px 999px;\n}\n<\/style>\n<section  class='avia-team-member av-kz72pwk3-d70c8cd55fd7e60ac3cf87a26c88b53e  avia-builder-el-29  avia-builder-el-no-sibling '  itemscope=\"itemscope\" itemtype=\"https:\/\/schema.org\/Person\" ><div class=\"team-img-container\"><img decoding=\"async\" fetchpriority=\"high\" class='wp-image-21699 avia-img-lazy-loading-not-21699 avia_image avia_image_team av-team-img-original' src=\"https:\/\/www.fiscaliadecuentas.gob.pa\/wp-content\/uploads\/2022\/02\/Gerineldo-Sousa-Melo.jpg\" alt='Gerineldo Sousa Melo'  itemprop=\"image\"   height=\"250\" width=\"250\" srcset=\"https:\/\/www.fiscaliadecuentas.gob.pa\/wp-content\/uploads\/2022\/02\/Gerineldo-Sousa-Melo.jpg 250w, https:\/\/www.fiscaliadecuentas.gob.pa\/wp-content\/uploads\/2022\/02\/Gerineldo-Sousa-Melo-80x80.jpg 80w, https:\/\/www.fiscaliadecuentas.gob.pa\/wp-content\/uploads\/2022\/02\/Gerineldo-Sousa-Melo-36x36.jpg 36w, https:\/\/www.fiscaliadecuentas.gob.pa\/wp-content\/uploads\/2022\/02\/Gerineldo-Sousa-Melo-180x180.jpg 180w\" sizes=\"(max-width: 250px) 100vw, 250px\" \/><div class=\"team-social\"><div class=\"team-social-inner\"><span class='hidden av_member_url_markup '  itemprop=\"url\" >https:\/\/www.fiscaliadecuentas.gob.pa\/?page_id=21118<\/span><a href='https:\/\/www.fiscaliadecuentas.gob.pa\/?page_id=21118' class='avia-team-icon av-kz72pvdm-6ac76d8f30c331cc35d71ac8ac75237e avia-iconfont avia-font-fontawesome' rel='v:url' data-avia-tooltip=\"Abrir hoja de vida y conferencia.\" target='_blank' data-av_icon='\uf08e' data-av_iconfont='fontawesome' ><\/a><\/div><\/div><\/div><h3 class='team-member-name '  itemprop=\"name\" >Gerineldo Sousa Melo<\/h3><div class='team-member-job-title '  itemprop=\"jobTitle\" >Expositor del evento<\/div><span class='hidden team-member-affiliation'  itemprop=\"affiliation\" >Fiscal\u00eda General de Cuentas<\/span><\/section><\/div>\n<div  class='flex_column av-7jbd3vo-64b91b0ce7bd9c5ab4b537908c407671 av_one_fifth  avia-builder-el-30  el_after_av_one_fifth  el_before_av_one_fifth  flex_column_div  column-top-margin'     ><style type=\"text\/css\" data-created_by=\"avia_inline_auto\" id=\"style-css-av-kz72qaaa-a2292efaba5ded1fc31162d67400e215\">\n.avia-team-member.av-kz72qaaa-a2292efaba5ded1fc31162d67400e215 .team-img-container img{\nborder-style:solid;\nborder-width:10px 10px 10px 10px;\nborder-radius:999px 999px 999px 999px;\n}\n<\/style>\n<section  class='avia-team-member av-kz72qaaa-a2292efaba5ded1fc31162d67400e215  avia-builder-el-31  avia-builder-el-no-sibling '  itemscope=\"itemscope\" itemtype=\"https:\/\/schema.org\/Person\" ><div class=\"team-img-container\"><img decoding=\"async\" fetchpriority=\"high\" class='wp-image-21703 avia-img-lazy-loading-not-21703 avia_image avia_image_team av-team-img-original' src=\"https:\/\/www.fiscaliadecuentas.gob.pa\/wp-content\/uploads\/2022\/02\/Ramon-Ivan-Garcia.jpg\" alt='Ram\u00f3n Iv\u00e1n Garc\u00eda'  itemprop=\"image\"   height=\"250\" width=\"250\" srcset=\"https:\/\/www.fiscaliadecuentas.gob.pa\/wp-content\/uploads\/2022\/02\/Ramon-Ivan-Garcia.jpg 250w, https:\/\/www.fiscaliadecuentas.gob.pa\/wp-content\/uploads\/2022\/02\/Ramon-Ivan-Garcia-80x80.jpg 80w, https:\/\/www.fiscaliadecuentas.gob.pa\/wp-content\/uploads\/2022\/02\/Ramon-Ivan-Garcia-36x36.jpg 36w, https:\/\/www.fiscaliadecuentas.gob.pa\/wp-content\/uploads\/2022\/02\/Ramon-Ivan-Garcia-180x180.jpg 180w\" sizes=\"(max-width: 250px) 100vw, 250px\" \/><div class=\"team-social\"><div class=\"team-social-inner\"><span class='hidden av_member_url_markup '  itemprop=\"url\" >https:\/\/www.fiscaliadecuentas.gob.pa\/?page_id=21130<\/span><a href='https:\/\/www.fiscaliadecuentas.gob.pa\/?page_id=21130' class='avia-team-icon av-kz72q9l6-4e8e75e0640bda1bf3b3db6ca576c328 avia-iconfont avia-font-fontawesome' rel='v:url' data-avia-tooltip=\"Abrir hoja de vida y conferencia.\" target='_blank' data-av_icon='\uf08e' data-av_iconfont='fontawesome' ><\/a><\/div><\/div><\/div><h3 class='team-member-name '  itemprop=\"name\" >Ram\u00f3n Iv\u00e1n Garc\u00eda<\/h3><div class='team-member-job-title '  itemprop=\"jobTitle\" >Expositor del evento<\/div><span class='hidden team-member-affiliation'  itemprop=\"affiliation\" >Fiscal\u00eda General de Cuentas<\/span><\/section><\/div>\n<div  class='flex_column av-74keqlg-42c6f53f07ce82bd693ace611ec46ff5 av_one_fifth  avia-builder-el-32  el_after_av_one_fifth  el_before_av_one_fifth  flex_column_div  column-top-margin'     ><style type=\"text\/css\" data-created_by=\"avia_inline_auto\" id=\"style-css-av-kz72qdx6-744370320499feaa88f59a9dc7121747\">\n.avia-team-member.av-kz72qdx6-744370320499feaa88f59a9dc7121747 .team-img-container img{\nborder-style:solid;\nborder-width:10px 10px 10px 10px;\nborder-radius:999px 999px 999px 999px;\n}\n<\/style>\n<section  class='avia-team-member av-kz72qdx6-744370320499feaa88f59a9dc7121747  avia-builder-el-33  avia-builder-el-no-sibling '  itemscope=\"itemscope\" itemtype=\"https:\/\/schema.org\/Person\" ><div class=\"team-img-container\"><img decoding=\"async\" fetchpriority=\"high\" class='wp-image-21705 avia-img-lazy-loading-not-21705 avia_image avia_image_team av-team-img-original' src=\"https:\/\/www.fiscaliadecuentas.gob.pa\/wp-content\/uploads\/2022\/02\/Saray-Perea.jpg\" alt='Saray Perea'  itemprop=\"image\"   height=\"250\" width=\"250\" srcset=\"https:\/\/www.fiscaliadecuentas.gob.pa\/wp-content\/uploads\/2022\/02\/Saray-Perea.jpg 250w, https:\/\/www.fiscaliadecuentas.gob.pa\/wp-content\/uploads\/2022\/02\/Saray-Perea-80x80.jpg 80w, https:\/\/www.fiscaliadecuentas.gob.pa\/wp-content\/uploads\/2022\/02\/Saray-Perea-36x36.jpg 36w, https:\/\/www.fiscaliadecuentas.gob.pa\/wp-content\/uploads\/2022\/02\/Saray-Perea-180x180.jpg 180w\" sizes=\"(max-width: 250px) 100vw, 250px\" \/><div class=\"team-social\"><div class=\"team-social-inner\"><span class='hidden av_member_url_markup '  itemprop=\"url\" >https:\/\/www.fiscaliadecuentas.gob.pa\/?page_id=21146<\/span><a href='https:\/\/www.fiscaliadecuentas.gob.pa\/?page_id=21146' class='avia-team-icon av-15q2ybo-0f7d78bdadedd8b1f58bd8a3cd44784c avia-iconfont avia-font-fontawesome' rel='v:url' data-avia-tooltip=\"Abrir hoja de vida del expositor\" target='_blank' data-av_icon='\uf08e' data-av_iconfont='fontawesome' ><\/a><\/div><\/div><\/div><h3 class='team-member-name '  itemprop=\"name\" >Saray Perea<\/h3><div class='team-member-job-title '  itemprop=\"jobTitle\" >Mesa Redonda, participante.<\/div><span class='hidden team-member-affiliation'  itemprop=\"affiliation\" >Fiscal\u00eda General de Cuentas<\/span><\/section><\/div>\n<div  class='flex_column av-6mkejs4-705185b228ec85ce3ed7a354a7597802 av_one_fifth  avia-builder-el-34  el_after_av_one_fifth  el_before_av_one_fifth  flex_column_div  column-top-margin'     ><style type=\"text\/css\" data-created_by=\"avia_inline_auto\" id=\"style-css-av-kz72qjm2-92ff7dd1b53437a67208a4127a24e2d3\">\n.avia-team-member.av-kz72qjm2-92ff7dd1b53437a67208a4127a24e2d3 .team-img-container img{\nborder-style:solid;\nborder-width:10px 10px 10px 10px;\nborder-radius:999px 999px 999px 999px;\n}\n<\/style>\n<section  class='avia-team-member av-kz72qjm2-92ff7dd1b53437a67208a4127a24e2d3  avia-builder-el-35  avia-builder-el-no-sibling '  itemscope=\"itemscope\" itemtype=\"https:\/\/schema.org\/Person\" ><div class=\"team-img-container\"><img decoding=\"async\" fetchpriority=\"high\" class='wp-image-21707 avia-img-lazy-loading-not-21707 avia_image avia_image_team av-team-img-original' src=\"https:\/\/www.fiscaliadecuentas.gob.pa\/wp-content\/uploads\/2022\/02\/Wendy-Lora.jpg\" alt='Wendy Lora'  itemprop=\"image\"   height=\"250\" width=\"250\" srcset=\"https:\/\/www.fiscaliadecuentas.gob.pa\/wp-content\/uploads\/2022\/02\/Wendy-Lora.jpg 250w, https:\/\/www.fiscaliadecuentas.gob.pa\/wp-content\/uploads\/2022\/02\/Wendy-Lora-80x80.jpg 80w, https:\/\/www.fiscaliadecuentas.gob.pa\/wp-content\/uploads\/2022\/02\/Wendy-Lora-36x36.jpg 36w, https:\/\/www.fiscaliadecuentas.gob.pa\/wp-content\/uploads\/2022\/02\/Wendy-Lora-180x180.jpg 180w\" sizes=\"(max-width: 250px) 100vw, 250px\" \/><div class=\"team-social\"><div class=\"team-social-inner\"><span class='hidden av_member_url_markup '  itemprop=\"url\" >https:\/\/www.fiscaliadecuentas.gob.pa\/?page_id=21157<\/span><a href='https:\/\/www.fiscaliadecuentas.gob.pa\/?page_id=21157' class='avia-team-icon av-kz72qj3u-7c81c43d70ceec2efacb02ac9b5599fc avia-iconfont avia-font-fontawesome' rel='v:url' data-avia-tooltip=\"Abrir hoja de vida y conferencia.\" target='_blank' data-av_icon='\uf08e' data-av_iconfont='fontawesome' ><\/a><\/div><\/div><\/div><h3 class='team-member-name '  itemprop=\"name\" >Wendy Lora<\/h3><div class='team-member-job-title '  itemprop=\"jobTitle\" >Expositor del evento<\/div><span class='hidden team-member-affiliation'  itemprop=\"affiliation\" >Fiscal\u00eda General de Cuentas<\/span><\/section><\/div>\n<div  class='flex_column av-5wl8zwk-3a5c2e716a9692630dc6058974641f40 av_one_fifth  avia-builder-el-36  el_after_av_one_fifth  el_before_av_hr  flex_column_div  column-top-margin'     ><style type=\"text\/css\" data-created_by=\"avia_inline_auto\" id=\"style-css-av-kz72qpya-d1ddaa94aedcd319936224bbd27f00e5\">\n.avia-team-member.av-kz72qpya-d1ddaa94aedcd319936224bbd27f00e5 .team-img-container img{\nborder-style:solid;\nborder-width:10px 10px 10px 10px;\nborder-radius:999px 999px 999px 999px;\n}\n<\/style>\n<section  class='avia-team-member av-kz72qpya-d1ddaa94aedcd319936224bbd27f00e5  avia-builder-el-37  avia-builder-el-no-sibling '  itemscope=\"itemscope\" itemtype=\"https:\/\/schema.org\/Person\" ><div class=\"team-img-container\"><img decoding=\"async\" fetchpriority=\"high\" class='wp-image-21709 avia-img-lazy-loading-not-21709 avia_image avia_image_team av-team-img-original' src=\"https:\/\/www.fiscaliadecuentas.gob.pa\/wp-content\/uploads\/2022\/02\/Yonel-de-la-Cruz.jpg\" alt='Yonel de la Cruz'  itemprop=\"image\"   height=\"250\" width=\"250\" srcset=\"https:\/\/www.fiscaliadecuentas.gob.pa\/wp-content\/uploads\/2022\/02\/Yonel-de-la-Cruz.jpg 250w, https:\/\/www.fiscaliadecuentas.gob.pa\/wp-content\/uploads\/2022\/02\/Yonel-de-la-Cruz-80x80.jpg 80w, https:\/\/www.fiscaliadecuentas.gob.pa\/wp-content\/uploads\/2022\/02\/Yonel-de-la-Cruz-36x36.jpg 36w, https:\/\/www.fiscaliadecuentas.gob.pa\/wp-content\/uploads\/2022\/02\/Yonel-de-la-Cruz-180x180.jpg 180w\" sizes=\"(max-width: 250px) 100vw, 250px\" \/><div class=\"team-social\"><div class=\"team-social-inner\"><span class='hidden av_member_url_markup '  itemprop=\"url\" >https:\/\/www.fiscaliadecuentas.gob.pa\/?page_id=21495<\/span><a href='https:\/\/www.fiscaliadecuentas.gob.pa\/?page_id=21495' class='avia-team-icon av-kz72qozu-180c68193a91fc482fc0e9881c96e816 avia-iconfont avia-font-fontawesome' rel='v:url' data-avia-tooltip=\"Abrir hoja de vida y conferencia.\" target='_blank' data-av_icon='\uf08e' data-av_iconfont='fontawesome' ><\/a><\/div><\/div><\/div><h3 class='team-member-name '  itemprop=\"name\" >Yonel de la Cruz<\/h3><div class='team-member-job-title '  itemprop=\"jobTitle\" >Expositor del evento<\/div><span class='hidden team-member-affiliation'  itemprop=\"affiliation\" >Fiscal\u00eda General de Cuentas<\/span><\/section><\/div>\n\n<style type=\"text\/css\" data-created_by=\"avia_inline_auto\" id=\"style-css-av-4yt0pc4-1374551c1be356820cfaa9abe3d9bd71\">\n#top .hr.hr-invisible.av-4yt0pc4-1374551c1be356820cfaa9abe3d9bd71{\nheight:50px;\n}\n<\/style>\n<div  class='hr av-4yt0pc4-1374551c1be356820cfaa9abe3d9bd71 hr-invisible  avia-builder-el-38  el_after_av_one_fifth  el_before_av_textblock '><span class='hr-inner '><span class=\"hr-inner-style\"><\/span><\/span><\/div>\n<section  class='av_textblock_section av-kz2wy8de-fde1994329836ecc680adedec5d53e43 '   itemscope=\"itemscope\" itemtype=\"https:\/\/schema.org\/CreativeWork\" ><div class='avia_textblock'  itemprop=\"text\" ><h3 style=\"text-align: left;\">Segundo d\u00eda del evento<\/h3>\n<\/div><\/section>\n<div  class='flex_column av-1502b6s-81576d3ac3f935d252a5f7283281b426 av_one_fifth  avia-builder-el-40  el_after_av_textblock  el_before_av_one_fifth  first flex_column_div  column-top-margin'     ><style type=\"text\/css\" data-created_by=\"avia_inline_auto\" id=\"style-css-av-kz72qxlv-d66a4fdf2e97596cbaf7b59bce7541af\">\n.avia-team-member.av-kz72qxlv-d66a4fdf2e97596cbaf7b59bce7541af .team-img-container img{\nborder-style:solid;\nborder-width:10px 10px 10px 10px;\nborder-radius:999px 999px 999px 999px;\n}\n<\/style>\n<section  class='avia-team-member av-kz72qxlv-d66a4fdf2e97596cbaf7b59bce7541af  avia-builder-el-41  avia-builder-el-no-sibling '  itemscope=\"itemscope\" itemtype=\"https:\/\/schema.org\/Person\" ><div class=\"team-img-container\"><img decoding=\"async\" fetchpriority=\"high\" class='wp-image-21696 avia-img-lazy-loading-not-21696 avia_image avia_image_team av-team-img-original' src=\"https:\/\/www.fiscaliadecuentas.gob.pa\/wp-content\/uploads\/2022\/02\/Alberto-Cigarruista.jpg\" alt='Alberto Cigarruista'  itemprop=\"image\"   height=\"250\" width=\"250\" srcset=\"https:\/\/www.fiscaliadecuentas.gob.pa\/wp-content\/uploads\/2022\/02\/Alberto-Cigarruista.jpg 250w, https:\/\/www.fiscaliadecuentas.gob.pa\/wp-content\/uploads\/2022\/02\/Alberto-Cigarruista-80x80.jpg 80w, https:\/\/www.fiscaliadecuentas.gob.pa\/wp-content\/uploads\/2022\/02\/Alberto-Cigarruista-36x36.jpg 36w, https:\/\/www.fiscaliadecuentas.gob.pa\/wp-content\/uploads\/2022\/02\/Alberto-Cigarruista-180x180.jpg 180w\" sizes=\"(max-width: 250px) 100vw, 250px\" \/><div class=\"team-social\"><div class=\"team-social-inner\"><span class='hidden av_member_url_markup '  itemprop=\"url\" >https:\/\/www.fiscaliadecuentas.gob.pa\/?page_id=21463<\/span><a href='https:\/\/www.fiscaliadecuentas.gob.pa\/?page_id=21463' class='avia-team-icon av-kz72qwrf-9a579cc6bc80cbaedf410857dd06f6d0 avia-iconfont avia-font-fontawesome' rel='v:url' data-avia-tooltip=\"Abrir hoja de vida y conferencia.\" target='_blank' data-av_icon='\uf08e' data-av_iconfont='fontawesome' ><\/a><\/div><\/div><\/div><h3 class='team-member-name '  itemprop=\"name\" >Alberto Cigarruista<\/h3><div class='team-member-job-title '  itemprop=\"jobTitle\" >Expositor del evento<\/div><span class='hidden team-member-affiliation'  itemprop=\"affiliation\" >Fiscal\u00eda General de Cuentas<\/span><\/section><\/div>\n<div  class='flex_column av-447a2ec-28d5c4aa9e4f06f7113d799146ce33b1 av_one_fifth  avia-builder-el-42  el_after_av_one_fifth  el_before_av_one_fifth  flex_column_div  column-top-margin'     ><style type=\"text\/css\" data-created_by=\"avia_inline_auto\" id=\"style-css-av-kz72r16i-6466a55ced39d5da847470aeb5a9db88\">\n.avia-team-member.av-kz72r16i-6466a55ced39d5da847470aeb5a9db88 .team-img-container img{\nborder-style:solid;\nborder-width:10px 10px 10px 10px;\nborder-radius:999px 999px 999px 999px;\n}\n<\/style>\n<section  class='avia-team-member av-kz72r16i-6466a55ced39d5da847470aeb5a9db88  avia-builder-el-43  avia-builder-el-no-sibling '  itemscope=\"itemscope\" itemtype=\"https:\/\/schema.org\/Person\" ><div class=\"team-img-container\"><img decoding=\"async\" fetchpriority=\"high\" class='wp-image-21697 avia-img-lazy-loading-not-21697 avia_image avia_image_team av-team-img-original' src=\"https:\/\/www.fiscaliadecuentas.gob.pa\/wp-content\/uploads\/2022\/02\/Antonio-Arias-Rodriguez.jpg\" alt='Antonio Arias Rodr\u00edguez'  itemprop=\"image\"   height=\"250\" width=\"250\" srcset=\"https:\/\/www.fiscaliadecuentas.gob.pa\/wp-content\/uploads\/2022\/02\/Antonio-Arias-Rodriguez.jpg 250w, https:\/\/www.fiscaliadecuentas.gob.pa\/wp-content\/uploads\/2022\/02\/Antonio-Arias-Rodriguez-80x80.jpg 80w, https:\/\/www.fiscaliadecuentas.gob.pa\/wp-content\/uploads\/2022\/02\/Antonio-Arias-Rodriguez-36x36.jpg 36w, https:\/\/www.fiscaliadecuentas.gob.pa\/wp-content\/uploads\/2022\/02\/Antonio-Arias-Rodriguez-180x180.jpg 180w\" sizes=\"(max-width: 250px) 100vw, 250px\" \/><div class=\"team-social\"><div class=\"team-social-inner\"><span class='hidden av_member_url_markup '  itemprop=\"url\" >https:\/\/www.fiscaliadecuentas.gob.pa\/?page_id=21470<\/span><a href='https:\/\/www.fiscaliadecuentas.gob.pa\/?page_id=21470' class='avia-team-icon av-stt4sk-3fb3ae1193789918e24d0770cb3348b9 avia-iconfont avia-font-fontawesome' rel='v:url' data-avia-tooltip=\"Abrir hoja de vida y conferencia.\" target='_blank' data-av_icon='\uf08e' data-av_iconfont='fontawesome' ><\/a><\/div><\/div><\/div><h3 class='team-member-name '  itemprop=\"name\" >Antonio Arias Rodr\u00edguez<\/h3><div class='team-member-job-title '  itemprop=\"jobTitle\" >Expositor del evento<\/div><span class='hidden team-member-affiliation'  itemprop=\"affiliation\" >Fiscal\u00eda General de Cuentas<\/span><\/section><\/div>\n<div  class='flex_column av-30d54f8-f17f43daf70bccda3ff6d167b907ba60 av_one_fifth  avia-builder-el-44  el_after_av_one_fifth  el_before_av_one_fifth  flex_column_div  column-top-margin'     ><style type=\"text\/css\" data-created_by=\"avia_inline_auto\" id=\"style-css-av-kz72r7nu-9efe67247a093671348f0783940f0bae\">\n.avia-team-member.av-kz72r7nu-9efe67247a093671348f0783940f0bae .team-img-container img{\nborder-style:solid;\nborder-width:10px 10px 10px 10px;\nborder-radius:999px 999px 999px 999px;\n}\n<\/style>\n<section  class='avia-team-member av-kz72r7nu-9efe67247a093671348f0783940f0bae  avia-builder-el-45  avia-builder-el-no-sibling '  itemscope=\"itemscope\" itemtype=\"https:\/\/schema.org\/Person\" ><div class=\"team-img-container\"><img decoding=\"async\" fetchpriority=\"high\" class='wp-image-21659 avia-img-lazy-loading-not-21659 avia_image avia_image_team av-team-img-original' src=\"https:\/\/www.fiscaliadecuentas.gob.pa\/wp-content\/uploads\/2022\/02\/Ilena-Turner.jpg\" alt='Ilena Turner'  itemprop=\"image\"   height=\"250\" width=\"250\" srcset=\"https:\/\/www.fiscaliadecuentas.gob.pa\/wp-content\/uploads\/2022\/02\/Ilena-Turner.jpg 250w, https:\/\/www.fiscaliadecuentas.gob.pa\/wp-content\/uploads\/2022\/02\/Ilena-Turner-80x80.jpg 80w, https:\/\/www.fiscaliadecuentas.gob.pa\/wp-content\/uploads\/2022\/02\/Ilena-Turner-36x36.jpg 36w, https:\/\/www.fiscaliadecuentas.gob.pa\/wp-content\/uploads\/2022\/02\/Ilena-Turner-180x180.jpg 180w\" sizes=\"(max-width: 250px) 100vw, 250px\" \/><div class=\"team-social\"><div class=\"team-social-inner\"><span class='hidden av_member_url_markup '  itemprop=\"url\" >https:\/\/www.fiscaliadecuentas.gob.pa\/?page_id=21478<\/span><a href='https:\/\/www.fiscaliadecuentas.gob.pa\/?page_id=21478' class='avia-team-icon av-kz72r6ur-e785d19a956f3c3320b365b84033040b avia-iconfont avia-font-fontawesome' rel='v:url' data-avia-tooltip=\"Abrir hoja de vida y conferencia.\" target='_blank' data-av_icon='\uf08e' data-av_iconfont='fontawesome' ><\/a><\/div><\/div><\/div><h3 class='team-member-name '  itemprop=\"name\" >Ilena Turner<\/h3><div class='team-member-job-title '  itemprop=\"jobTitle\" >Expositor del evento<\/div><span class='hidden team-member-affiliation'  itemprop=\"affiliation\" >Fiscal\u00eda General de Cuentas<\/span><\/section><\/div>\n<div  class='flex_column av-27apnl0-a848c1552da806b7a8f8bca156ccc4a5 av_one_fifth  avia-builder-el-46  el_after_av_one_fifth  el_before_av_one_fifth  flex_column_div  column-top-margin'     ><style type=\"text\/css\" data-created_by=\"avia_inline_auto\" id=\"style-css-av-kz72rdx6-9cbc3ce390311a6fd6adc2e6bb5dc0a2\">\n.avia-team-member.av-kz72rdx6-9cbc3ce390311a6fd6adc2e6bb5dc0a2 .team-img-container img{\nborder-style:solid;\nborder-width:10px 10px 10px 10px;\nborder-radius:999px 999px 999px 999px;\n}\n<\/style>\n<section  class='avia-team-member av-kz72rdx6-9cbc3ce390311a6fd6adc2e6bb5dc0a2  avia-builder-el-47  avia-builder-el-no-sibling '  itemscope=\"itemscope\" itemtype=\"https:\/\/schema.org\/Person\" ><div class=\"team-img-container\"><img decoding=\"async\" fetchpriority=\"high\" class='wp-image-21701 avia-img-lazy-loading-not-21701 avia_image avia_image_team av-team-img-original' src=\"https:\/\/www.fiscaliadecuentas.gob.pa\/wp-content\/uploads\/2022\/02\/Jose-Vasquez.jpg\" alt='Jos\u00e9 Luis V\u00e1squez'  itemprop=\"image\"   height=\"248\" width=\"248\" srcset=\"https:\/\/www.fiscaliadecuentas.gob.pa\/wp-content\/uploads\/2022\/02\/Jose-Vasquez.jpg 248w, https:\/\/www.fiscaliadecuentas.gob.pa\/wp-content\/uploads\/2022\/02\/Jose-Vasquez-80x80.jpg 80w, https:\/\/www.fiscaliadecuentas.gob.pa\/wp-content\/uploads\/2022\/02\/Jose-Vasquez-36x36.jpg 36w, https:\/\/www.fiscaliadecuentas.gob.pa\/wp-content\/uploads\/2022\/02\/Jose-Vasquez-180x180.jpg 180w\" sizes=\"(max-width: 248px) 100vw, 248px\" \/><div class=\"team-social\"><div class=\"team-social-inner\"><span class='hidden av_member_url_markup '  itemprop=\"url\" >https:\/\/www.fiscaliadecuentas.gob.pa\/?page_id=21486<\/span><a href='https:\/\/www.fiscaliadecuentas.gob.pa\/?page_id=21486' class='avia-team-icon av-kz72rd9e-cb260778764dd073c88f73861ff3993a avia-iconfont avia-font-fontawesome' rel='v:url' data-avia-tooltip=\"Abrir hoja de vida y conferencia.\" target='_blank' data-av_icon='\uf08e' data-av_iconfont='fontawesome' ><\/a><\/div><\/div><\/div><h3 class='team-member-name '  itemprop=\"name\" >Jos\u00e9 Luis V\u00e1squez<\/h3><div class='team-member-job-title '  itemprop=\"jobTitle\" >Expositor del evento<\/div><span class='hidden team-member-affiliation'  itemprop=\"affiliation\" >Fiscal\u00eda General de Cuentas<\/span><\/section><\/div>\n<div  class='flex_column av-1nvqrdw-c98396fcb27dc524d0fb978a40ebc61a av_one_fifth  avia-builder-el-48  el_after_av_one_fifth  el_before_av_hr  flex_column_div  column-top-margin'     ><style type=\"text\/css\" data-created_by=\"avia_inline_auto\" id=\"style-css-av-kz72rkhv-b96c38c01b8fa29dbb96970cce144432\">\n.avia-team-member.av-kz72rkhv-b96c38c01b8fa29dbb96970cce144432 .team-img-container img{\nborder-style:solid;\nborder-width:10px 10px 10px 10px;\nborder-radius:999px 999px 999px 999px;\n}\n<\/style>\n<section  class='avia-team-member av-kz72rkhv-b96c38c01b8fa29dbb96970cce144432  avia-builder-el-49  avia-builder-el-no-sibling '  itemscope=\"itemscope\" itemtype=\"https:\/\/schema.org\/Person\" ><div class=\"team-img-container\"><img decoding=\"async\" fetchpriority=\"high\" class='wp-image-21709 avia-img-lazy-loading-not-21709 avia_image avia_image_team av-team-img-original' src=\"https:\/\/www.fiscaliadecuentas.gob.pa\/wp-content\/uploads\/2022\/02\/Yonel-de-la-Cruz.jpg\" alt='Yonel de la Cruz'  itemprop=\"image\"   height=\"250\" width=\"250\" srcset=\"https:\/\/www.fiscaliadecuentas.gob.pa\/wp-content\/uploads\/2022\/02\/Yonel-de-la-Cruz.jpg 250w, https:\/\/www.fiscaliadecuentas.gob.pa\/wp-content\/uploads\/2022\/02\/Yonel-de-la-Cruz-80x80.jpg 80w, https:\/\/www.fiscaliadecuentas.gob.pa\/wp-content\/uploads\/2022\/02\/Yonel-de-la-Cruz-36x36.jpg 36w, https:\/\/www.fiscaliadecuentas.gob.pa\/wp-content\/uploads\/2022\/02\/Yonel-de-la-Cruz-180x180.jpg 180w\" sizes=\"(max-width: 250px) 100vw, 250px\" \/><div class=\"team-social\"><div class=\"team-social-inner\"><span class='hidden av_member_url_markup '  itemprop=\"url\" >https:\/\/www.fiscaliadecuentas.gob.pa\/?page_id=21495<\/span><a href='https:\/\/www.fiscaliadecuentas.gob.pa\/?page_id=21495' class='avia-team-icon av-kz72rjx6-3d570c770c4b4ad26ab969cf7983d06b avia-iconfont avia-font-fontawesome' rel='v:url' data-avia-tooltip=\"Abrir hoja de vida y conferencia.\" target='_blank' data-av_icon='\uf08e' data-av_iconfont='fontawesome' ><\/a><\/div><\/div><\/div><h3 class='team-member-name '  itemprop=\"name\" >Yonel de la Cruz<\/h3><div class='team-member-job-title '  itemprop=\"jobTitle\" >Expositor del evento<\/div><span class='hidden team-member-affiliation'  itemprop=\"affiliation\" >Fiscal\u00eda General de Cuentas<\/span><\/section><\/div>\n<div  class='hr av-2cte05g-1e476a06f59131163a22301f7f9a8542 hr-big  avia-builder-el-50  el_after_av_one_fifth  el_before_av_textblock '><span class='hr-inner '><span class=\"hr-inner-style\"><\/span><\/span><\/div>\n<section  class='av_textblock_section av-kyoyn5td-198de8b3cfc1d960a2577b91724e0c1e '   itemscope=\"itemscope\" itemtype=\"https:\/\/schema.org\/CreativeWork\" ><div class='avia_textblock'  itemprop=\"text\" ><h2 style=\"text-align: center;\">Galer\u00eda del evento<\/h2>\n<\/div><\/section>\n<div  class='flex_column av-k89vdw-6b7b2087cbb0cfcae0e139757cc236d2 av_one_full  avia-builder-el-52  el_after_av_textblock  el_before_av_hr  first flex_column_div  column-top-margin'     ><div id='av-masonry-1' class='av-masonry av-kyp0ip2u-a07ca71754a6fbad0b75459393aafbea noHover av-fixed-size av-no-gap av-hover-overlay-bluronhover av-masonry-animation-active av-masonry-col-6 av-caption-always av-caption-style- av-masonry-gallery av-orientation-square ' data-post_id=\"21028\"><div class=\"av-masonry-container isotope av-js-disabled\"><div class='av-masonry-entry isotope-item av-masonry-item-no-image '><\/div><a href=\"https:\/\/www.fiscaliadecuentas.gob.pa\/wp-content\/uploads\/2022\/02\/I_Congreso_Bilateral_22_01_2022_008.jpg\" data-srcset=\"https:\/\/www.fiscaliadecuentas.gob.pa\/wp-content\/uploads\/2022\/02\/I_Congreso_Bilateral_22_01_2022_008.jpg 1030w, https:\/\/www.fiscaliadecuentas.gob.pa\/wp-content\/uploads\/2022\/02\/I_Congreso_Bilateral_22_01_2022_008-300x200.jpg 300w, https:\/\/www.fiscaliadecuentas.gob.pa\/wp-content\/uploads\/2022\/02\/I_Congreso_Bilateral_22_01_2022_008-768x512.jpg 768w, https:\/\/www.fiscaliadecuentas.gob.pa\/wp-content\/uploads\/2022\/02\/I_Congreso_Bilateral_22_01_2022_008-705x470.jpg 705w\" data-sizes=\"(max-width: 1030px) 100vw, 1030px\"  aria-label=\"image I_Congreso_Bilateral_22_01_2022_008\"  id='av-masonry-1-item-22044' data-av-masonry-item='22044' class='av-masonry-entry isotope-item post-22044 attachment type-attachment status-inherit hentry  av-masonry-item-with-image' title=\"\" alt=\"\"    itemprop=\"thumbnailUrl\" ><div class='av-inner-masonry-sizer'><\/div><figure class='av-inner-masonry main_color'><div class=\"av-masonry-outerimage-container\"><div class='av-masonry-image-container' style=\"background-image: url(https:\/\/www.fiscaliadecuentas.gob.pa\/wp-content\/uploads\/2022\/02\/I_Congreso_Bilateral_22_01_2022_008.jpg);\"  title=\"I_Congreso_Bilateral_22_01_2022_008\" ><\/div><\/div><\/figure><\/a><!--end av-masonry entry--><a href=\"https:\/\/www.fiscaliadecuentas.gob.pa\/wp-content\/uploads\/2022\/02\/I_Congreso_Bilateral_22_01_2022_009.jpg\" data-srcset=\"https:\/\/www.fiscaliadecuentas.gob.pa\/wp-content\/uploads\/2022\/02\/I_Congreso_Bilateral_22_01_2022_009.jpg 1030w, https:\/\/www.fiscaliadecuentas.gob.pa\/wp-content\/uploads\/2022\/02\/I_Congreso_Bilateral_22_01_2022_009-300x200.jpg 300w, https:\/\/www.fiscaliadecuentas.gob.pa\/wp-content\/uploads\/2022\/02\/I_Congreso_Bilateral_22_01_2022_009-768x512.jpg 768w, https:\/\/www.fiscaliadecuentas.gob.pa\/wp-content\/uploads\/2022\/02\/I_Congreso_Bilateral_22_01_2022_009-705x470.jpg 705w\" data-sizes=\"(max-width: 1030px) 100vw, 1030px\"  aria-label=\"image I_Congreso_Bilateral_22_01_2022_009\"  id='av-masonry-1-item-22045' data-av-masonry-item='22045' class='av-masonry-entry isotope-item post-22045 attachment type-attachment status-inherit hentry  av-masonry-item-with-image' title=\"\" alt=\"\"    itemprop=\"thumbnailUrl\" ><div class='av-inner-masonry-sizer'><\/div><figure class='av-inner-masonry main_color'><div class=\"av-masonry-outerimage-container\"><div class='av-masonry-image-container' style=\"background-image: url(https:\/\/www.fiscaliadecuentas.gob.pa\/wp-content\/uploads\/2022\/02\/I_Congreso_Bilateral_22_01_2022_009.jpg);\"  title=\"I_Congreso_Bilateral_22_01_2022_009\" ><\/div><\/div><\/figure><\/a><!--end av-masonry entry--><a href=\"https:\/\/www.fiscaliadecuentas.gob.pa\/wp-content\/uploads\/2022\/02\/I_Congreso_Bilateral_22_01_2022_010.jpg\" data-srcset=\"https:\/\/www.fiscaliadecuentas.gob.pa\/wp-content\/uploads\/2022\/02\/I_Congreso_Bilateral_22_01_2022_010.jpg 1030w, https:\/\/www.fiscaliadecuentas.gob.pa\/wp-content\/uploads\/2022\/02\/I_Congreso_Bilateral_22_01_2022_010-300x200.jpg 300w, https:\/\/www.fiscaliadecuentas.gob.pa\/wp-content\/uploads\/2022\/02\/I_Congreso_Bilateral_22_01_2022_010-768x512.jpg 768w, https:\/\/www.fiscaliadecuentas.gob.pa\/wp-content\/uploads\/2022\/02\/I_Congreso_Bilateral_22_01_2022_010-705x470.jpg 705w\" data-sizes=\"(max-width: 1030px) 100vw, 1030px\"  aria-label=\"image I_Congreso_Bilateral_22_01_2022_010\"  id='av-masonry-1-item-22046' data-av-masonry-item='22046' class='av-masonry-entry isotope-item post-22046 attachment type-attachment status-inherit hentry  av-masonry-item-with-image' title=\"\" alt=\"\"    itemprop=\"thumbnailUrl\" ><div class='av-inner-masonry-sizer'><\/div><figure class='av-inner-masonry main_color'><div class=\"av-masonry-outerimage-container\"><div class='av-masonry-image-container' style=\"background-image: url(https:\/\/www.fiscaliadecuentas.gob.pa\/wp-content\/uploads\/2022\/02\/I_Congreso_Bilateral_22_01_2022_010.jpg);\"  title=\"I_Congreso_Bilateral_22_01_2022_010\" ><\/div><\/div><\/figure><\/a><!--end av-masonry entry--><a href=\"https:\/\/www.fiscaliadecuentas.gob.pa\/wp-content\/uploads\/2022\/02\/I_Congreso_Bilateral_22_01_2022_011.jpg\" data-srcset=\"https:\/\/www.fiscaliadecuentas.gob.pa\/wp-content\/uploads\/2022\/02\/I_Congreso_Bilateral_22_01_2022_011.jpg 1030w, https:\/\/www.fiscaliadecuentas.gob.pa\/wp-content\/uploads\/2022\/02\/I_Congreso_Bilateral_22_01_2022_011-300x200.jpg 300w, https:\/\/www.fiscaliadecuentas.gob.pa\/wp-content\/uploads\/2022\/02\/I_Congreso_Bilateral_22_01_2022_011-768x512.jpg 768w, https:\/\/www.fiscaliadecuentas.gob.pa\/wp-content\/uploads\/2022\/02\/I_Congreso_Bilateral_22_01_2022_011-705x470.jpg 705w\" data-sizes=\"(max-width: 1030px) 100vw, 1030px\"  aria-label=\"image I_Congreso_Bilateral_22_01_2022_011\"  id='av-masonry-1-item-22047' data-av-masonry-item='22047' class='av-masonry-entry isotope-item post-22047 attachment type-attachment status-inherit hentry  av-masonry-item-with-image' title=\"\" alt=\"\"    itemprop=\"thumbnailUrl\" ><div class='av-inner-masonry-sizer'><\/div><figure class='av-inner-masonry main_color'><div class=\"av-masonry-outerimage-container\"><div class='av-masonry-image-container' style=\"background-image: url(https:\/\/www.fiscaliadecuentas.gob.pa\/wp-content\/uploads\/2022\/02\/I_Congreso_Bilateral_22_01_2022_011.jpg);\"  title=\"I_Congreso_Bilateral_22_01_2022_011\" ><\/div><\/div><\/figure><\/a><!--end av-masonry entry--><a href=\"https:\/\/www.fiscaliadecuentas.gob.pa\/wp-content\/uploads\/2022\/02\/I_Congreso_Bilateral_22_01_2022_012.jpg\" data-srcset=\"https:\/\/www.fiscaliadecuentas.gob.pa\/wp-content\/uploads\/2022\/02\/I_Congreso_Bilateral_22_01_2022_012.jpg 1030w, https:\/\/www.fiscaliadecuentas.gob.pa\/wp-content\/uploads\/2022\/02\/I_Congreso_Bilateral_22_01_2022_012-300x200.jpg 300w, https:\/\/www.fiscaliadecuentas.gob.pa\/wp-content\/uploads\/2022\/02\/I_Congreso_Bilateral_22_01_2022_012-768x512.jpg 768w, https:\/\/www.fiscaliadecuentas.gob.pa\/wp-content\/uploads\/2022\/02\/I_Congreso_Bilateral_22_01_2022_012-705x470.jpg 705w\" data-sizes=\"(max-width: 1030px) 100vw, 1030px\"  aria-label=\"image I_Congreso_Bilateral_22_01_2022_012\"  id='av-masonry-1-item-22048' data-av-masonry-item='22048' class='av-masonry-entry isotope-item post-22048 attachment type-attachment status-inherit hentry  av-masonry-item-with-image' title=\"\" alt=\"\"    itemprop=\"thumbnailUrl\" ><div class='av-inner-masonry-sizer'><\/div><figure class='av-inner-masonry main_color'><div class=\"av-masonry-outerimage-container\"><div class='av-masonry-image-container' style=\"background-image: url(https:\/\/www.fiscaliadecuentas.gob.pa\/wp-content\/uploads\/2022\/02\/I_Congreso_Bilateral_22_01_2022_012.jpg);\"  title=\"I_Congreso_Bilateral_22_01_2022_012\" ><\/div><\/div><\/figure><\/a><!--end av-masonry entry--><a href=\"https:\/\/www.fiscaliadecuentas.gob.pa\/wp-content\/uploads\/2022\/02\/I_Congreso_Bilateral_22_01_2022_013.jpg\" data-srcset=\"https:\/\/www.fiscaliadecuentas.gob.pa\/wp-content\/uploads\/2022\/02\/I_Congreso_Bilateral_22_01_2022_013.jpg 1030w, https:\/\/www.fiscaliadecuentas.gob.pa\/wp-content\/uploads\/2022\/02\/I_Congreso_Bilateral_22_01_2022_013-300x200.jpg 300w, https:\/\/www.fiscaliadecuentas.gob.pa\/wp-content\/uploads\/2022\/02\/I_Congreso_Bilateral_22_01_2022_013-768x512.jpg 768w, https:\/\/www.fiscaliadecuentas.gob.pa\/wp-content\/uploads\/2022\/02\/I_Congreso_Bilateral_22_01_2022_013-705x470.jpg 705w\" data-sizes=\"(max-width: 1030px) 100vw, 1030px\"  aria-label=\"image I_Congreso_Bilateral_22_01_2022_013\"  id='av-masonry-1-item-22049' data-av-masonry-item='22049' class='av-masonry-entry isotope-item post-22049 attachment type-attachment status-inherit hentry  av-masonry-item-with-image' title=\"\" alt=\"\"    itemprop=\"thumbnailUrl\" ><div class='av-inner-masonry-sizer'><\/div><figure class='av-inner-masonry main_color'><div class=\"av-masonry-outerimage-container\"><div class='av-masonry-image-container' style=\"background-image: url(https:\/\/www.fiscaliadecuentas.gob.pa\/wp-content\/uploads\/2022\/02\/I_Congreso_Bilateral_22_01_2022_013.jpg);\"  title=\"I_Congreso_Bilateral_22_01_2022_013\" ><\/div><\/div><\/figure><\/a><!--end av-masonry entry--><a href=\"https:\/\/www.fiscaliadecuentas.gob.pa\/wp-content\/uploads\/2022\/02\/I_Congreso_Bilateral_22_01_2022_014.jpg\" data-srcset=\"https:\/\/www.fiscaliadecuentas.gob.pa\/wp-content\/uploads\/2022\/02\/I_Congreso_Bilateral_22_01_2022_014.jpg 1030w, https:\/\/www.fiscaliadecuentas.gob.pa\/wp-content\/uploads\/2022\/02\/I_Congreso_Bilateral_22_01_2022_014-300x200.jpg 300w, https:\/\/www.fiscaliadecuentas.gob.pa\/wp-content\/uploads\/2022\/02\/I_Congreso_Bilateral_22_01_2022_014-768x512.jpg 768w, https:\/\/www.fiscaliadecuentas.gob.pa\/wp-content\/uploads\/2022\/02\/I_Congreso_Bilateral_22_01_2022_014-705x470.jpg 705w\" data-sizes=\"(max-width: 1030px) 100vw, 1030px\"  aria-label=\"image I_Congreso_Bilateral_22_01_2022_014\"  id='av-masonry-1-item-22050' data-av-masonry-item='22050' class='av-masonry-entry isotope-item post-22050 attachment type-attachment status-inherit hentry  av-masonry-item-with-image' title=\"\" alt=\"\"    itemprop=\"thumbnailUrl\" ><div class='av-inner-masonry-sizer'><\/div><figure class='av-inner-masonry main_color'><div class=\"av-masonry-outerimage-container\"><div class='av-masonry-image-container' style=\"background-image: url(https:\/\/www.fiscaliadecuentas.gob.pa\/wp-content\/uploads\/2022\/02\/I_Congreso_Bilateral_22_01_2022_014.jpg);\"  title=\"I_Congreso_Bilateral_22_01_2022_014\" ><\/div><\/div><\/figure><\/a><!--end av-masonry entry--><a href=\"https:\/\/www.fiscaliadecuentas.gob.pa\/wp-content\/uploads\/2022\/02\/I_Congreso_Bilateral_22_01_2022_015.jpg\" data-srcset=\"https:\/\/www.fiscaliadecuentas.gob.pa\/wp-content\/uploads\/2022\/02\/I_Congreso_Bilateral_22_01_2022_015.jpg 1030w, https:\/\/www.fiscaliadecuentas.gob.pa\/wp-content\/uploads\/2022\/02\/I_Congreso_Bilateral_22_01_2022_015-300x200.jpg 300w, https:\/\/www.fiscaliadecuentas.gob.pa\/wp-content\/uploads\/2022\/02\/I_Congreso_Bilateral_22_01_2022_015-768x512.jpg 768w, https:\/\/www.fiscaliadecuentas.gob.pa\/wp-content\/uploads\/2022\/02\/I_Congreso_Bilateral_22_01_2022_015-705x470.jpg 705w\" data-sizes=\"(max-width: 1030px) 100vw, 1030px\"  aria-label=\"image I_Congreso_Bilateral_22_01_2022_015\"  id='av-masonry-1-item-22051' data-av-masonry-item='22051' class='av-masonry-entry isotope-item post-22051 attachment type-attachment status-inherit hentry  av-masonry-item-with-image' title=\"\" alt=\"\"    itemprop=\"thumbnailUrl\" ><div class='av-inner-masonry-sizer'><\/div><figure class='av-inner-masonry main_color'><div class=\"av-masonry-outerimage-container\"><div class='av-masonry-image-container' style=\"background-image: url(https:\/\/www.fiscaliadecuentas.gob.pa\/wp-content\/uploads\/2022\/02\/I_Congreso_Bilateral_22_01_2022_015.jpg);\"  title=\"I_Congreso_Bilateral_22_01_2022_015\" ><\/div><\/div><\/figure><\/a><!--end av-masonry entry--><a href=\"https:\/\/www.fiscaliadecuentas.gob.pa\/wp-content\/uploads\/2022\/02\/I_Congreso_Bilateral_22_01_2022_016.jpg\" data-srcset=\"https:\/\/www.fiscaliadecuentas.gob.pa\/wp-content\/uploads\/2022\/02\/I_Congreso_Bilateral_22_01_2022_016.jpg 1030w, https:\/\/www.fiscaliadecuentas.gob.pa\/wp-content\/uploads\/2022\/02\/I_Congreso_Bilateral_22_01_2022_016-300x200.jpg 300w, https:\/\/www.fiscaliadecuentas.gob.pa\/wp-content\/uploads\/2022\/02\/I_Congreso_Bilateral_22_01_2022_016-768x512.jpg 768w, https:\/\/www.fiscaliadecuentas.gob.pa\/wp-content\/uploads\/2022\/02\/I_Congreso_Bilateral_22_01_2022_016-705x470.jpg 705w\" data-sizes=\"(max-width: 1030px) 100vw, 1030px\"  aria-label=\"image I_Congreso_Bilateral_22_01_2022_016\"  id='av-masonry-1-item-22052' data-av-masonry-item='22052' class='av-masonry-entry isotope-item post-22052 attachment type-attachment status-inherit hentry  av-masonry-item-with-image' title=\"\" alt=\"\"    itemprop=\"thumbnailUrl\" ><div class='av-inner-masonry-sizer'><\/div><figure class='av-inner-masonry main_color'><div class=\"av-masonry-outerimage-container\"><div class='av-masonry-image-container' style=\"background-image: url(https:\/\/www.fiscaliadecuentas.gob.pa\/wp-content\/uploads\/2022\/02\/I_Congreso_Bilateral_22_01_2022_016.jpg);\"  title=\"I_Congreso_Bilateral_22_01_2022_016\" ><\/div><\/div><\/figure><\/a><!--end av-masonry entry--><a href=\"https:\/\/www.fiscaliadecuentas.gob.pa\/wp-content\/uploads\/2022\/02\/I_Congreso_Bilateral_22_01_2022_017.jpg\" data-srcset=\"https:\/\/www.fiscaliadecuentas.gob.pa\/wp-content\/uploads\/2022\/02\/I_Congreso_Bilateral_22_01_2022_017.jpg 1030w, https:\/\/www.fiscaliadecuentas.gob.pa\/wp-content\/uploads\/2022\/02\/I_Congreso_Bilateral_22_01_2022_017-300x200.jpg 300w, https:\/\/www.fiscaliadecuentas.gob.pa\/wp-content\/uploads\/2022\/02\/I_Congreso_Bilateral_22_01_2022_017-768x512.jpg 768w, https:\/\/www.fiscaliadecuentas.gob.pa\/wp-content\/uploads\/2022\/02\/I_Congreso_Bilateral_22_01_2022_017-705x470.jpg 705w\" data-sizes=\"(max-width: 1030px) 100vw, 1030px\"  aria-label=\"image I_Congreso_Bilateral_22_01_2022_017\"  id='av-masonry-1-item-22053' data-av-masonry-item='22053' class='av-masonry-entry isotope-item post-22053 attachment type-attachment status-inherit hentry  av-masonry-item-with-image' title=\"\" alt=\"\"    itemprop=\"thumbnailUrl\" ><div class='av-inner-masonry-sizer'><\/div><figure class='av-inner-masonry main_color'><div class=\"av-masonry-outerimage-container\"><div class='av-masonry-image-container' style=\"background-image: url(https:\/\/www.fiscaliadecuentas.gob.pa\/wp-content\/uploads\/2022\/02\/I_Congreso_Bilateral_22_01_2022_017.jpg);\"  title=\"I_Congreso_Bilateral_22_01_2022_017\" ><\/div><\/div><\/figure><\/a><!--end av-masonry entry--><a href=\"https:\/\/www.fiscaliadecuentas.gob.pa\/wp-content\/uploads\/2022\/02\/I_Congreso_Bilateral_22_01_2022_018.jpg\" data-srcset=\"https:\/\/www.fiscaliadecuentas.gob.pa\/wp-content\/uploads\/2022\/02\/I_Congreso_Bilateral_22_01_2022_018.jpg 1030w, https:\/\/www.fiscaliadecuentas.gob.pa\/wp-content\/uploads\/2022\/02\/I_Congreso_Bilateral_22_01_2022_018-300x200.jpg 300w, https:\/\/www.fiscaliadecuentas.gob.pa\/wp-content\/uploads\/2022\/02\/I_Congreso_Bilateral_22_01_2022_018-768x512.jpg 768w, https:\/\/www.fiscaliadecuentas.gob.pa\/wp-content\/uploads\/2022\/02\/I_Congreso_Bilateral_22_01_2022_018-705x470.jpg 705w\" data-sizes=\"(max-width: 1030px) 100vw, 1030px\"  aria-label=\"image I_Congreso_Bilateral_22_01_2022_018\"  id='av-masonry-1-item-22054' data-av-masonry-item='22054' class='av-masonry-entry isotope-item post-22054 attachment type-attachment status-inherit hentry  av-masonry-item-with-image' title=\"\" alt=\"\"    itemprop=\"thumbnailUrl\" ><div class='av-inner-masonry-sizer'><\/div><figure class='av-inner-masonry main_color'><div class=\"av-masonry-outerimage-container\"><div class='av-masonry-image-container' style=\"background-image: url(https:\/\/www.fiscaliadecuentas.gob.pa\/wp-content\/uploads\/2022\/02\/I_Congreso_Bilateral_22_01_2022_018.jpg);\"  title=\"I_Congreso_Bilateral_22_01_2022_018\" ><\/div><\/div><\/figure><\/a><!--end av-masonry entry--><a href=\"https:\/\/www.fiscaliadecuentas.gob.pa\/wp-content\/uploads\/2022\/02\/I_Congreso_Bilateral_22_01_2022_019.jpg\" data-srcset=\"https:\/\/www.fiscaliadecuentas.gob.pa\/wp-content\/uploads\/2022\/02\/I_Congreso_Bilateral_22_01_2022_019.jpg 1030w, https:\/\/www.fiscaliadecuentas.gob.pa\/wp-content\/uploads\/2022\/02\/I_Congreso_Bilateral_22_01_2022_019-300x200.jpg 300w, https:\/\/www.fiscaliadecuentas.gob.pa\/wp-content\/uploads\/2022\/02\/I_Congreso_Bilateral_22_01_2022_019-768x512.jpg 768w, https:\/\/www.fiscaliadecuentas.gob.pa\/wp-content\/uploads\/2022\/02\/I_Congreso_Bilateral_22_01_2022_019-705x470.jpg 705w\" data-sizes=\"(max-width: 1030px) 100vw, 1030px\"  aria-label=\"image I_Congreso_Bilateral_22_01_2022_019\"  id='av-masonry-1-item-22055' data-av-masonry-item='22055' class='av-masonry-entry isotope-item post-22055 attachment type-attachment status-inherit hentry  av-masonry-item-with-image' title=\"\" alt=\"\"    itemprop=\"thumbnailUrl\" ><div class='av-inner-masonry-sizer'><\/div><figure class='av-inner-masonry main_color'><div class=\"av-masonry-outerimage-container\"><div class='av-masonry-image-container' style=\"background-image: url(https:\/\/www.fiscaliadecuentas.gob.pa\/wp-content\/uploads\/2022\/02\/I_Congreso_Bilateral_22_01_2022_019.jpg);\"  title=\"I_Congreso_Bilateral_22_01_2022_019\" ><\/div><\/div><\/figure><\/a><!--end av-masonry entry--><a href=\"https:\/\/www.fiscaliadecuentas.gob.pa\/wp-content\/uploads\/2022\/02\/I_Congreso_Bilateral_22_01_2022_020.jpg\" data-srcset=\"https:\/\/www.fiscaliadecuentas.gob.pa\/wp-content\/uploads\/2022\/02\/I_Congreso_Bilateral_22_01_2022_020.jpg 1030w, https:\/\/www.fiscaliadecuentas.gob.pa\/wp-content\/uploads\/2022\/02\/I_Congreso_Bilateral_22_01_2022_020-300x200.jpg 300w, https:\/\/www.fiscaliadecuentas.gob.pa\/wp-content\/uploads\/2022\/02\/I_Congreso_Bilateral_22_01_2022_020-768x512.jpg 768w, https:\/\/www.fiscaliadecuentas.gob.pa\/wp-content\/uploads\/2022\/02\/I_Congreso_Bilateral_22_01_2022_020-705x470.jpg 705w\" data-sizes=\"(max-width: 1030px) 100vw, 1030px\"  aria-label=\"image I_Congreso_Bilateral_22_01_2022_020\"  id='av-masonry-1-item-22056' data-av-masonry-item='22056' class='av-masonry-entry isotope-item post-22056 attachment type-attachment status-inherit hentry  av-masonry-item-with-image' title=\"\" alt=\"\"    itemprop=\"thumbnailUrl\" ><div class='av-inner-masonry-sizer'><\/div><figure class='av-inner-masonry main_color'><div class=\"av-masonry-outerimage-container\"><div class='av-masonry-image-container' style=\"background-image: url(https:\/\/www.fiscaliadecuentas.gob.pa\/wp-content\/uploads\/2022\/02\/I_Congreso_Bilateral_22_01_2022_020.jpg);\"  title=\"I_Congreso_Bilateral_22_01_2022_020\" ><\/div><\/div><\/figure><\/a><!--end av-masonry entry--><a href=\"https:\/\/www.fiscaliadecuentas.gob.pa\/wp-content\/uploads\/2022\/02\/I_Congreso_Bilateral_22_01_2022_021.jpg\" data-srcset=\"https:\/\/www.fiscaliadecuentas.gob.pa\/wp-content\/uploads\/2022\/02\/I_Congreso_Bilateral_22_01_2022_021.jpg 1030w, https:\/\/www.fiscaliadecuentas.gob.pa\/wp-content\/uploads\/2022\/02\/I_Congreso_Bilateral_22_01_2022_021-300x200.jpg 300w, https:\/\/www.fiscaliadecuentas.gob.pa\/wp-content\/uploads\/2022\/02\/I_Congreso_Bilateral_22_01_2022_021-768x512.jpg 768w, https:\/\/www.fiscaliadecuentas.gob.pa\/wp-content\/uploads\/2022\/02\/I_Congreso_Bilateral_22_01_2022_021-705x470.jpg 705w\" data-sizes=\"(max-width: 1030px) 100vw, 1030px\"  aria-label=\"image I Congreso Bilateral E Internacional De La Jurisdicci\u00f3n De Cuentas 22 enero 2022\"  id='av-masonry-1-item-22057' data-av-masonry-item='22057' class='av-masonry-entry isotope-item post-22057 attachment type-attachment status-inherit hentry  av-masonry-item-with-image' title=\"\" alt=\"\"    itemprop=\"thumbnailUrl\" ><div class='av-inner-masonry-sizer'><\/div><figure class='av-inner-masonry main_color'><div class=\"av-masonry-outerimage-container\"><div class='av-masonry-image-container' style=\"background-image: url(https:\/\/www.fiscaliadecuentas.gob.pa\/wp-content\/uploads\/2022\/02\/I_Congreso_Bilateral_22_01_2022_021.jpg);\"  title=\"I Congreso Bilateral E Internacional De La Jurisdicci\u00f3n De Cuentas 22 enero 2022\" ><\/div><\/div><\/figure><\/a><!--end av-masonry entry--><a href=\"https:\/\/www.fiscaliadecuentas.gob.pa\/wp-content\/uploads\/2022\/02\/I_Congreso_Bilateral_22_01_2022_022.jpg\" data-srcset=\"https:\/\/www.fiscaliadecuentas.gob.pa\/wp-content\/uploads\/2022\/02\/I_Congreso_Bilateral_22_01_2022_022.jpg 1030w, https:\/\/www.fiscaliadecuentas.gob.pa\/wp-content\/uploads\/2022\/02\/I_Congreso_Bilateral_22_01_2022_022-300x200.jpg 300w, https:\/\/www.fiscaliadecuentas.gob.pa\/wp-content\/uploads\/2022\/02\/I_Congreso_Bilateral_22_01_2022_022-768x512.jpg 768w, https:\/\/www.fiscaliadecuentas.gob.pa\/wp-content\/uploads\/2022\/02\/I_Congreso_Bilateral_22_01_2022_022-705x470.jpg 705w\" data-sizes=\"(max-width: 1030px) 100vw, 1030px\"  aria-label=\"image I Congreso Bilateral E Internacional De La Jurisdicci\u00f3n De Cuentas 22 enero 2022\"  id='av-masonry-1-item-22058' data-av-masonry-item='22058' class='av-masonry-entry isotope-item post-22058 attachment type-attachment status-inherit hentry  av-masonry-item-with-image' title=\"\" alt=\"\"    itemprop=\"thumbnailUrl\" ><div class='av-inner-masonry-sizer'><\/div><figure class='av-inner-masonry main_color'><div class=\"av-masonry-outerimage-container\"><div class='av-masonry-image-container' style=\"background-image: url(https:\/\/www.fiscaliadecuentas.gob.pa\/wp-content\/uploads\/2022\/02\/I_Congreso_Bilateral_22_01_2022_022.jpg);\"  title=\"I Congreso Bilateral E Internacional De La Jurisdicci\u00f3n De Cuentas 22 enero 2022\" ><\/div><\/div><\/figure><\/a><!--end av-masonry entry--><a href=\"https:\/\/www.fiscaliadecuentas.gob.pa\/wp-content\/uploads\/2022\/02\/I_Congreso_Bilateral_22_01_2022_023.jpg\" data-srcset=\"https:\/\/www.fiscaliadecuentas.gob.pa\/wp-content\/uploads\/2022\/02\/I_Congreso_Bilateral_22_01_2022_023.jpg 1030w, https:\/\/www.fiscaliadecuentas.gob.pa\/wp-content\/uploads\/2022\/02\/I_Congreso_Bilateral_22_01_2022_023-300x200.jpg 300w, https:\/\/www.fiscaliadecuentas.gob.pa\/wp-content\/uploads\/2022\/02\/I_Congreso_Bilateral_22_01_2022_023-768x512.jpg 768w, https:\/\/www.fiscaliadecuentas.gob.pa\/wp-content\/uploads\/2022\/02\/I_Congreso_Bilateral_22_01_2022_023-705x470.jpg 705w\" data-sizes=\"(max-width: 1030px) 100vw, 1030px\"  aria-label=\"image I Congreso Bilateral E Internacional De La Jurisdicci\u00f3n De Cuentas 22 enero 2022\"  id='av-masonry-1-item-22059' data-av-masonry-item='22059' class='av-masonry-entry isotope-item post-22059 attachment type-attachment status-inherit hentry  av-masonry-item-with-image' title=\"\" alt=\"\"    itemprop=\"thumbnailUrl\" ><div class='av-inner-masonry-sizer'><\/div><figure class='av-inner-masonry main_color'><div class=\"av-masonry-outerimage-container\"><div class='av-masonry-image-container' style=\"background-image: url(https:\/\/www.fiscaliadecuentas.gob.pa\/wp-content\/uploads\/2022\/02\/I_Congreso_Bilateral_22_01_2022_023.jpg);\"  title=\"I Congreso Bilateral E Internacional De La Jurisdicci\u00f3n De Cuentas 22 enero 2022\" ><\/div><\/div><\/figure><\/a><!--end av-masonry entry--><a href=\"https:\/\/www.fiscaliadecuentas.gob.pa\/wp-content\/uploads\/2022\/02\/I_Congreso_Bilateral_22_01_2022_024.jpg\" data-srcset=\"https:\/\/www.fiscaliadecuentas.gob.pa\/wp-content\/uploads\/2022\/02\/I_Congreso_Bilateral_22_01_2022_024.jpg 1030w, https:\/\/www.fiscaliadecuentas.gob.pa\/wp-content\/uploads\/2022\/02\/I_Congreso_Bilateral_22_01_2022_024-300x200.jpg 300w, https:\/\/www.fiscaliadecuentas.gob.pa\/wp-content\/uploads\/2022\/02\/I_Congreso_Bilateral_22_01_2022_024-768x512.jpg 768w, https:\/\/www.fiscaliadecuentas.gob.pa\/wp-content\/uploads\/2022\/02\/I_Congreso_Bilateral_22_01_2022_024-705x470.jpg 705w\" data-sizes=\"(max-width: 1030px) 100vw, 1030px\"  aria-label=\"image I Congreso Bilateral E Internacional De La Jurisdicci\u00f3n De Cuentas 22 enero 2022\"  id='av-masonry-1-item-22060' data-av-masonry-item='22060' class='av-masonry-entry isotope-item post-22060 attachment type-attachment status-inherit hentry  av-masonry-item-with-image' title=\"\" alt=\"\"    itemprop=\"thumbnailUrl\" ><div class='av-inner-masonry-sizer'><\/div><figure class='av-inner-masonry main_color'><div class=\"av-masonry-outerimage-container\"><div class='av-masonry-image-container' style=\"background-image: url(https:\/\/www.fiscaliadecuentas.gob.pa\/wp-content\/uploads\/2022\/02\/I_Congreso_Bilateral_22_01_2022_024.jpg);\"  title=\"I Congreso Bilateral E Internacional De La Jurisdicci\u00f3n De Cuentas 22 enero 2022\" ><\/div><\/div><\/figure><\/a><!--end av-masonry entry--><a href=\"https:\/\/www.fiscaliadecuentas.gob.pa\/wp-content\/uploads\/2022\/02\/I_Congreso_Bilateral_22_01_2022_025.jpg\" data-srcset=\"https:\/\/www.fiscaliadecuentas.gob.pa\/wp-content\/uploads\/2022\/02\/I_Congreso_Bilateral_22_01_2022_025.jpg 1030w, https:\/\/www.fiscaliadecuentas.gob.pa\/wp-content\/uploads\/2022\/02\/I_Congreso_Bilateral_22_01_2022_025-300x200.jpg 300w, https:\/\/www.fiscaliadecuentas.gob.pa\/wp-content\/uploads\/2022\/02\/I_Congreso_Bilateral_22_01_2022_025-768x512.jpg 768w, https:\/\/www.fiscaliadecuentas.gob.pa\/wp-content\/uploads\/2022\/02\/I_Congreso_Bilateral_22_01_2022_025-705x470.jpg 705w\" data-sizes=\"(max-width: 1030px) 100vw, 1030px\"  aria-label=\"image I Congreso Bilateral E Internacional De La Jurisdicci\u00f3n De Cuentas 22 enero 2022\"  id='av-masonry-1-item-22061' data-av-masonry-item='22061' class='av-masonry-entry isotope-item post-22061 attachment type-attachment status-inherit hentry  av-masonry-item-with-image' title=\"\" alt=\"\"    itemprop=\"thumbnailUrl\" ><div class='av-inner-masonry-sizer'><\/div><figure class='av-inner-masonry main_color'><div class=\"av-masonry-outerimage-container\"><div class='av-masonry-image-container' style=\"background-image: url(https:\/\/www.fiscaliadecuentas.gob.pa\/wp-content\/uploads\/2022\/02\/I_Congreso_Bilateral_22_01_2022_025.jpg);\"  title=\"I Congreso Bilateral E Internacional De La Jurisdicci\u00f3n De Cuentas 22 enero 2022\" ><\/div><\/div><\/figure><\/a><!--end av-masonry entry--><\/div><div class='av-masonry-pagination av-masonry-pagination-pagination'><nav class='pagination'><span class='pagination-meta'>P\u00e1gina 1 de 6<\/span><span class='current'>1<\/span><a href='https:\/\/www.fiscaliadecuentas.gob.pa\/index.php?rest_route=%2Fwp%2Fv2%2Fpages%2F21028&#038;avia-element-paging=2' class='inactive next_page' >2<\/a><a href='https:\/\/www.fiscaliadecuentas.gob.pa\/index.php?rest_route=%2Fwp%2Fv2%2Fpages%2F21028&#038;avia-element-paging=3' class='inactive' >3<\/a><a href='https:\/\/www.fiscaliadecuentas.gob.pa\/index.php?rest_route=%2Fwp%2Fv2%2Fpages%2F21028&#038;avia-element-paging=2'>&rsaquo;<\/a><a href='https:\/\/www.fiscaliadecuentas.gob.pa\/index.php?rest_route=%2Fwp%2Fv2%2Fpages%2F21028&#038;avia-element-paging=6'>&raquo;<\/a><\/nav>\n<\/div><\/div><\/div>\n\n<style type=\"text\/css\" data-created_by=\"avia_inline_auto\" id=\"style-css-av-12jnfus-cb35858336eec1e7ffd85f62b2d8944c\">\n#top .hr.hr-invisible.av-12jnfus-cb35858336eec1e7ffd85f62b2d8944c{\nheight:200px;\n}\n<\/style>\n<div  class='hr av-12jnfus-cb35858336eec1e7ffd85f62b2d8944c hr-invisible  avia-builder-el-54  el_after_av_one_full  el_before_av_one_half '><span class='hr-inner '><span class=\"hr-inner-style\"><\/span><\/span><\/div>\n<div  class='flex_column av-kh7dgk-9b0407eca0da7dc9207a5ab703dc3426 av_one_half  avia-builder-el-55  el_after_av_hr  avia-builder-el-last  first flex_column_div  '     ><\/div>\n","protected":false},"excerpt":{"rendered":"","protected":false},"author":9,"featured_media":0,"parent":7730,"menu_order":0,"comment_status":"closed","ping_status":"closed","template":"","meta":{"_EventAllDay":false,"_EventTimezone":"","_EventStartDate":"","_EventEndDate":"","_EventStartDateUTC":"","_EventEndDateUTC":"","_EventShowMap":false,"_EventShowMapLink":false,"_EventURL":"","_EventCost":"","_EventCostDescription":"","_EventCurrencySymbol":"","_EventCurrencyCode":"","_EventCurrencyPosition":"","_EventDateTimeSeparator":"","_EventTimeRangeSeparator":"","_EventOrganizerID":[],"_EventVenueID":[],"_OrganizerEmail":"","_OrganizerPhone":"","_OrganizerWebsite":"","_VenueAddress":"","_VenueCity":"","_VenueCountry":"","_VenueProvince":"","_VenueState":"","_VenueZip":"","_VenuePhone":"","_VenueURL":"","_VenueStateProvince":"","_VenueLat":"","_VenueLng":"","_VenueShowMap":false,"_VenueShowMapLink":false,"footnotes":""},"class_list":["post-21028","page","type-page","status-publish","hentry"],"_links":{"self":[{"href":"https:\/\/www.fiscaliadecuentas.gob.pa\/index.php?rest_route=\/wp\/v2\/pages\/21028","targetHints":{"allow":["GET"]}}],"collection":[{"href":"https:\/\/www.fiscaliadecuentas.gob.pa\/index.php?rest_route=\/wp\/v2\/pages"}],"about":[{"href":"https:\/\/www.fiscaliadecuentas.gob.pa\/index.php?rest_route=\/wp\/v2\/types\/page"}],"author":[{"embeddable":true,"href":"https:\/\/www.fiscaliadecuentas.gob.pa\/index.php?rest_route=\/wp\/v2\/users\/9"}],"replies":[{"embeddable":true,"href":"https:\/\/www.fiscaliadecuentas.gob.pa\/index.php?rest_route=%2Fwp%2Fv2%2Fcomments&post=21028"}],"version-history":[{"count":110,"href":"https:\/\/www.fiscaliadecuentas.gob.pa\/index.php?rest_route=\/wp\/v2\/pages\/21028\/revisions"}],"predecessor-version":[{"id":27038,"href":"https:\/\/www.fiscaliadecuentas.gob.pa\/index.php?rest_route=\/wp\/v2\/pages\/21028\/revisions\/27038"}],"up":[{"embeddable":true,"href":"https:\/\/www.fiscaliadecuentas.gob.pa\/index.php?rest_route=\/wp\/v2\/pages\/7730"}],"wp:attachment":[{"href":"https:\/\/www.fiscaliadecuentas.gob.pa\/index.php?rest_route=%2Fwp%2Fv2%2Fmedia&parent=21028"}],"curies":[{"name":"wp","href":"https:\/\/api.w.org\/{rel}","templated":true}]}}