{"id":23396,"date":"2021-02-04T08:05:58","date_gmt":"2021-02-04T13:05:58","guid":{"rendered":"https:\/\/www.fiscaliadecuentas.gob.pa\/?page_id=23396"},"modified":"2023-02-10T10:50:04","modified_gmt":"2023-02-10T15:50:04","slug":"resoluciones-de-la-fgc-2020-2-2","status":"publish","type":"page","link":"https:\/\/www.fiscaliadecuentas.gob.pa\/?page_id=23396","title":{"rendered":"Resoluciones de la FGC &#8211; 2022"},"content":{"rendered":"<div id='layer_slider_1'  class='avia-layerslider main_color avia-shadow  avia-builder-el-0  el_before_av_textblock  avia-builder-el-first  container_wrap sidebar_right'  style='height: 301px; max-width: 1310px; margin: 0 auto;'  ><\/div><div id='after_layer_slider_1'  class='main_color av_default_container_wrap container_wrap sidebar_right'  ><div class='container av-section-cont-open' ><div class='template-page content  av-content-small alpha units'><div class='post-entry post-entry-type-page post-entry-23396'><div class='entry-content-wrapper clearfix'>\n<section  class='av_textblock_section av-l7ruzviv-ae4da04de4b450e6a9d77e74ad6a9000 '   itemscope=\"itemscope\" itemtype=\"https:\/\/schema.org\/CreativeWork\" ><div class='avia_textblock'  itemprop=\"text\" ><h2 style=\"color: #7a7a7a; font-size: 38px; text-align: center; font-style: Sans-serif; text-shadow: 0px 0px 10px rgba(0, 0, 0, 0.3);\"><strong>Resoluciones de la FGC &#8211; 2022<\/strong><\/h2>\n<\/div><\/section>\n\n<style type=\"text\/css\" data-created_by=\"avia_inline_auto\" id=\"style-css-av-32oqfl0-af5b8aee02d1dd677661e206923ebf00\">\n#top .hr.hr-invisible.av-32oqfl0-af5b8aee02d1dd677661e206923ebf00{\nheight:50px;\n}\n<\/style>\n<div  class='hr av-32oqfl0-af5b8aee02d1dd677661e206923ebf00 hr-invisible  avia-builder-el-2  el_after_av_textblock  el_before_av_one_half '><span class='hr-inner '><span class=\"hr-inner-style\"><\/span><\/span><\/div>\n<div  class='flex_column av-9vr004-732744b1f7832252c7412bd71edce401 av_one_half  avia-builder-el-3  el_after_av_hr  el_before_av_one_half  first flex_column_div  '     ><div  class='avia-icon-list-container av-ldypgddy-4b74d63b45313a2667437a68cb4a0aa3  avia-builder-el-4  avia-builder-el-no-sibling '><ul class='avia-icon-list avia_animate_when_almost_visible avia-icon-list-left av-iconlist-big av-ldypgddy-4b74d63b45313a2667437a68cb4a0aa3 avia-iconlist-animate'>\n<li><a href='https:\/\/www.fiscaliadecuentas.gob.pa\/wp-content\/uploads\/2022\/10\/Resolucion-FGC-054-de-2022.pdf' title='RESOLUCI\u00d3N N.\u00ba FGC 054-22 DE 14 DE OCTUBRE DE 2022'  target=\"_blank\"  rel=\"noopener noreferrer\" class='iconlist_icon av-ldype5la-052339b8aacdb81a51c807b89d20c1b5 avia-font-fontawesome avia-iconfont avia-font-fontawesome'><span class='av-icon-char' data-av_icon='\uf1c1' data-av_iconfont='fontawesome' aria-hidden=\"true\"><\/span><\/a><article class=\"article-icon-entry \"  itemscope=\"itemscope\" itemtype=\"https:\/\/schema.org\/CreativeWork\" ><div class=\"iconlist_content_wrap\"><header class=\"entry-content-header\" aria-label=\"Icon: &lt;a href=&#039;https:\/\/www.fiscaliadecuentas.gob.pa\/wp-content\/uploads\/2022\/10\/Resolucion-FGC-054-de-2022.pdf&#039; title=&#039;RESOLUCI\u00d3N N.\u00ba FGC 054-22 DE 14 DE OCTUBRE DE 2022&#039; target=&quot;_blank&quot;  rel=&quot;noopener noreferrer&quot;&gt;RESOLUCI\u00d3N N.\u00ba FGC 054-22 DE 14 DE OCTUBRE DE 2022&lt;\/a&gt;\"><h4 class='av_iconlist_title iconlist_title  '  itemprop=\"headline\" ><a href='https:\/\/www.fiscaliadecuentas.gob.pa\/wp-content\/uploads\/2022\/10\/Resolucion-FGC-054-de-2022.pdf' title='RESOLUCI\u00d3N N.\u00ba FGC 054-22 DE 14 DE OCTUBRE DE 2022' target=\"_blank\"  rel=\"noopener noreferrer\">RESOLUCI\u00d3N N.\u00ba FGC 054-22 DE 14 DE OCTUBRE DE 2022<\/a><\/h4><\/header><div class='iconlist_content '  itemprop=\"text\" ><p style=\"text-align: justify;\">Que adopta la moneda institucional de la Fiscal\u00eda General de Cuentas.<\/p>\n<\/div><\/div><footer class=\"entry-footer\"><\/footer><\/article><div class=\"iconlist-timeline\"><\/div><\/li>\n<li><a href='https:\/\/www.fiscaliadecuentas.gob.pa\/wp-content\/uploads\/2022\/12\/RESOLUCION-066-DE-2022-ASISTENCIA-PERFECTA.pdf' title='RESOLUCI\u00d3N N.\u00ba FGC 066-22 DE 13 DE DICIEMBRE DE 2022'  target=\"_blank\"  rel=\"noopener noreferrer\" class='iconlist_icon av-av_iconlist_item-046be90c055a1909e075f2351ef2e54c avia-font-fontawesome avia-iconfont avia-font-fontawesome'><span class='av-icon-char' data-av_icon='\uf1c1' data-av_iconfont='fontawesome' aria-hidden=\"true\"><\/span><\/a><article class=\"article-icon-entry \"  itemscope=\"itemscope\" itemtype=\"https:\/\/schema.org\/CreativeWork\" ><div class=\"iconlist_content_wrap\"><header class=\"entry-content-header\" aria-label=\"Icon: &lt;a href=&#039;https:\/\/www.fiscaliadecuentas.gob.pa\/wp-content\/uploads\/2022\/12\/RESOLUCION-066-DE-2022-ASISTENCIA-PERFECTA.pdf&#039; title=&#039;RESOLUCI\u00d3N N.\u00ba FGC 066-22 DE 13 DE DICIEMBRE DE 2022&#039; target=&quot;_blank&quot;  rel=&quot;noopener noreferrer&quot;&gt;RESOLUCI\u00d3N N.\u00ba FGC 066-22 DE 13 DE DICIEMBRE DE 2022&lt;\/a&gt;\"><h4 class='av_iconlist_title iconlist_title  '  itemprop=\"headline\" ><a href='https:\/\/www.fiscaliadecuentas.gob.pa\/wp-content\/uploads\/2022\/12\/RESOLUCION-066-DE-2022-ASISTENCIA-PERFECTA.pdf' title='RESOLUCI\u00d3N N.\u00ba FGC 066-22 DE 13 DE DICIEMBRE DE 2022' target=\"_blank\"  rel=\"noopener noreferrer\">RESOLUCI\u00d3N N.\u00ba FGC 066-22 DE 13 DE DICIEMBRE DE 2022<\/a><\/h4><\/header><div class='iconlist_content '  itemprop=\"text\" ><p style=\"text-align: justify;\">Que adopta y reglamenta el reconocimiento de la asistencia perfecta en la Fiscal\u00eda General de Cuentas.<\/p>\n<\/div><\/div><footer class=\"entry-footer\"><\/footer><\/article><div class=\"iconlist-timeline\"><\/div><\/li>\n<li><a href='https:\/\/www.fiscaliadecuentas.gob.pa\/wp-content\/uploads\/2022\/09\/RESOLUCION-N.\u00b0FGC-DS-046-022.pdf' title='RESOLUCI\u00d3N N.\u00ba FGC-DS-046-2022 DE 15 DE SEPTIEMBRE DE 2022'  target=\"_blank\"  rel=\"noopener noreferrer\" class='iconlist_icon av-av_iconlist_item-9298bce9f20f6c6028a9e815f329dac7 avia-font-fontawesome avia-iconfont avia-font-fontawesome'><span class='av-icon-char' data-av_icon='\uf1c1' data-av_iconfont='fontawesome' aria-hidden=\"true\"><\/span><\/a><article class=\"article-icon-entry \"  itemscope=\"itemscope\" itemtype=\"https:\/\/schema.org\/CreativeWork\" ><div class=\"iconlist_content_wrap\"><header class=\"entry-content-header\" aria-label=\"Icon: &lt;a href=&#039;https:\/\/www.fiscaliadecuentas.gob.pa\/wp-content\/uploads\/2022\/09\/RESOLUCION-N.\u00b0FGC-DS-046-022.pdf&#039; title=&#039;RESOLUCI\u00d3N N.\u00ba FGC-DS-046-2022 DE 15 DE SEPTIEMBRE DE 2022&#039; target=&quot;_blank&quot;  rel=&quot;noopener noreferrer&quot;&gt;RESOLUCI\u00d3N N.\u00ba FGC-DS-046-2022 DE 15 DE SEPTIEMBRE DE 2022&lt;\/a&gt;\"><h4 class='av_iconlist_title iconlist_title  '  itemprop=\"headline\" ><a href='https:\/\/www.fiscaliadecuentas.gob.pa\/wp-content\/uploads\/2022\/09\/RESOLUCION-N.\u00b0FGC-DS-046-022.pdf' title='RESOLUCI\u00d3N N.\u00ba FGC-DS-046-2022 DE 15 DE SEPTIEMBRE DE 2022' target=\"_blank\"  rel=\"noopener noreferrer\">RESOLUCI\u00d3N N.\u00ba FGC-DS-046-2022 DE 15 DE SEPTIEMBRE DE 2022<\/a><\/h4><\/header><div class='iconlist_content '  itemprop=\"text\" ><p style=\"text-align: justify;\">Por la cual se actualiza el Organigrama y el Manual de Organizaci\u00f3n y Funciones de la Fiscal\u00eda General de Cuentas.<\/p>\n<\/div><\/div><footer class=\"entry-footer\"><\/footer><\/article><div class=\"iconlist-timeline\"><\/div><\/li>\n<li><a href='https:\/\/www.fiscaliadecuentas.gob.pa\/wp-content\/uploads\/2022\/05\/RESOLUCION-FGC-N.%C2%B0-21-22-1.pdf' title='RESOLUCI\u00d3N N.\u00b0 FGC-21-2022 DE 22 DE ABRIL DE 2022'  target=\"_blank\"  rel=\"noopener noreferrer\" class='iconlist_icon av-av_iconlist_item-d68be72c0123f59c13d73179361e1adf avia-font-fontawesome avia-iconfont avia-font-fontawesome'><span class='av-icon-char' data-av_icon='\uf1c1' data-av_iconfont='fontawesome' aria-hidden=\"true\"><\/span><\/a><article class=\"article-icon-entry \"  itemscope=\"itemscope\" itemtype=\"https:\/\/schema.org\/CreativeWork\" ><div class=\"iconlist_content_wrap\"><header class=\"entry-content-header\" aria-label=\"Icon: &lt;a href=&#039;https:\/\/www.fiscaliadecuentas.gob.pa\/wp-content\/uploads\/2022\/05\/RESOLUCION-FGC-N.%C2%B0-21-22-1.pdf&#039; title=&#039;RESOLUCI\u00d3N N.\u00b0 FGC-21-2022 DE 22 DE ABRIL DE 2022&#039; target=&quot;_blank&quot;  rel=&quot;noopener noreferrer&quot;&gt;RESOLUCI\u00d3N N.\u00b0 FGC-21-2022 DE 22 DE ABRIL DE 2022&lt;\/a&gt;\"><h4 class='av_iconlist_title iconlist_title  '  itemprop=\"headline\" ><a href='https:\/\/www.fiscaliadecuentas.gob.pa\/wp-content\/uploads\/2022\/05\/RESOLUCION-FGC-N.%C2%B0-21-22-1.pdf' title='RESOLUCI\u00d3N N.\u00b0 FGC-21-2022 DE 22 DE ABRIL DE 2022' target=\"_blank\"  rel=\"noopener noreferrer\">RESOLUCI\u00d3N N.\u00b0 FGC-21-2022 DE 22 DE ABRIL DE 2022<\/a><\/h4><\/header><div class='iconlist_content '  itemprop=\"text\" ><p style=\"text-align: justify;\">Por la cual se adiciona un p\u00e1rrafo al art\u00edculo 13 de la Resoluci\u00f3n N\u00b0FGC-039-21 de 9 de agosto de 2021, que aprueba la reglamentaci\u00f3n del art\u00edculo 25-A de la Ley 67 de 14 de noviembre de 2008, por el cual se instituye un sistema de carrera por m\u00e9ritos en la Fiscal\u00eda General de Cuentas.<\/p>\n<\/div><\/div><footer class=\"entry-footer\"><\/footer><\/article><div class=\"iconlist-timeline\"><\/div><\/li>\n<\/ul><\/div><\/div><div  class='flex_column av-24w5a1w-3eed7f70af3858af38cf9ed5cb23b212 av_one_half  avia-builder-el-5  el_after_av_one_half  el_before_av_hr  flex_column_div  '     ><div  class='avia-icon-list-container av-ldypdpbr-8bd523cf9c35b79de63a2113752ed117  avia-builder-el-6  avia-builder-el-no-sibling '><ul class='avia-icon-list avia_animate_when_almost_visible avia-icon-list-left av-iconlist-big av-ldypdpbr-8bd523cf9c35b79de63a2113752ed117 avia-iconlist-animate'>\n<li><a href='https:\/\/www.fiscaliadecuentas.gob.pa\/wp-content\/uploads\/2022\/12\/RESOLUCION-067-DE-2022-JORNADA-EXTRAORDINARIA-Y-TIEMPO-COMPENSATORIO.pdf' title='RESOLUCI\u00d3N N.\u00b0 FGC 067-22 DE 13 DE DICIEMBRE DE 2022'  target=\"_blank\"  rel=\"noopener noreferrer\" class='iconlist_icon av-av_iconlist_item-360b6660eb40af78a57ba1c7aac55f76 avia-font-fontawesome avia-iconfont avia-font-fontawesome'><span class='av-icon-char' data-av_icon='\uf1c1' data-av_iconfont='fontawesome' aria-hidden=\"true\"><\/span><\/a><article class=\"article-icon-entry \"  itemscope=\"itemscope\" itemtype=\"https:\/\/schema.org\/CreativeWork\" ><div class=\"iconlist_content_wrap\"><header class=\"entry-content-header\" aria-label=\"Icon: &lt;a href=&#039;https:\/\/www.fiscaliadecuentas.gob.pa\/wp-content\/uploads\/2022\/12\/RESOLUCION-067-DE-2022-JORNADA-EXTRAORDINARIA-Y-TIEMPO-COMPENSATORIO.pdf&#039; title=&#039;RESOLUCI\u00d3N N.\u00b0 FGC 067-22 DE 13 DE DICIEMBRE DE 2022&#039; target=&quot;_blank&quot;  rel=&quot;noopener noreferrer&quot;&gt;RESOLUCI\u00d3N N.\u00b0 FGC 067-22 DE 13 DE DICIEMBRE DE 2022&lt;\/a&gt;\"><h4 class='av_iconlist_title iconlist_title  '  itemprop=\"headline\" ><a href='https:\/\/www.fiscaliadecuentas.gob.pa\/wp-content\/uploads\/2022\/12\/RESOLUCION-067-DE-2022-JORNADA-EXTRAORDINARIA-Y-TIEMPO-COMPENSATORIO.pdf' title='RESOLUCI\u00d3N N.\u00b0 FGC 067-22 DE 13 DE DICIEMBRE DE 2022' target=\"_blank\"  rel=\"noopener noreferrer\">RESOLUCI\u00d3N N.\u00b0 FGC 067-22 DE 13 DE DICIEMBRE DE 2022<\/a><\/h4><\/header><div class='iconlist_content '  itemprop=\"text\" ><p style=\"text-align: justify;\">Que reglamenta la jornada extraordinaria de trabajo y el reconocimiento del tiempo compensatorio en la Fiscal\u00eda General de Cuentas.<\/p>\n<\/div><\/div><footer class=\"entry-footer\"><\/footer><\/article><div class=\"iconlist-timeline\"><\/div><\/li>\n<li><a href='https:\/\/www.fiscaliadecuentas.gob.pa\/wp-content\/uploads\/2022\/11\/Resolucion-FGC-055-DE-2022-PEI.pdf' title='RESOLUCI\u00d3N N.\u00b0 FGC-055-22, DE 21 DE OCTUBRE DE 2022'  target=\"_blank\"  rel=\"noopener noreferrer\" class='iconlist_icon av-av_iconlist_item-ba0782010399a15c70f077f579316872 avia-font-fontawesome avia-iconfont avia-font-fontawesome'><span class='av-icon-char' data-av_icon='\uf1c1' data-av_iconfont='fontawesome' aria-hidden=\"true\"><\/span><\/a><article class=\"article-icon-entry \"  itemscope=\"itemscope\" itemtype=\"https:\/\/schema.org\/CreativeWork\" ><div class=\"iconlist_content_wrap\"><header class=\"entry-content-header\" aria-label=\"Icon: &lt;a href=&#039;https:\/\/www.fiscaliadecuentas.gob.pa\/wp-content\/uploads\/2022\/11\/Resolucion-FGC-055-DE-2022-PEI.pdf&#039; title=&#039;RESOLUCI\u00d3N N.\u00b0 FGC-055-22, DE 21 DE OCTUBRE DE 2022&#039; target=&quot;_blank&quot;  rel=&quot;noopener noreferrer&quot;&gt;RESOLUCI\u00d3N N.\u00b0 FGC-055-22, DE 21 DE OCTUBRE DE 2022&lt;\/a&gt;\"><h4 class='av_iconlist_title iconlist_title  '  itemprop=\"headline\" ><a href='https:\/\/www.fiscaliadecuentas.gob.pa\/wp-content\/uploads\/2022\/11\/Resolucion-FGC-055-DE-2022-PEI.pdf' title='RESOLUCI\u00d3N N.\u00b0 FGC-055-22, DE 21 DE OCTUBRE DE 2022' target=\"_blank\"  rel=\"noopener noreferrer\">RESOLUCI\u00d3N N.\u00b0 FGC-055-22, DE 21 DE OCTUBRE DE 2022<\/a><\/h4><\/header><div class='iconlist_content '  itemprop=\"text\" ><p style=\"text-align: justify;\">Por la cual se aprueba la actualizaci\u00f3n de los objetivos estrat\u00e9gicos del Plan Estrat\u00e9gico 2020-2025 de la Fiscal\u00eda General de Cuentas.<\/p>\n<\/div><\/div><footer class=\"entry-footer\"><\/footer><\/article><div class=\"iconlist-timeline\"><\/div><\/li>\n<li><a href='https:\/\/www.fiscaliadecuentas.gob.pa\/wp-content\/uploads\/2022\/10\/Resolucion-N.\u00b0-FGC-048-22-de-27-de-septiembre-de-2022.pdf' title='RESOLUCI\u00d3N N.\u00b0 FGC-048-22, DE 27 DE SEPTIEMBRE DE 2022'  target=\"_blank\"  rel=\"noopener noreferrer\" class='iconlist_icon av-av_iconlist_item-b4df973ddd03b1bdfbcacf0f7c59bf4b avia-font-fontawesome avia-iconfont avia-font-fontawesome'><span class='av-icon-char' data-av_icon='\uf1c1' data-av_iconfont='fontawesome' aria-hidden=\"true\"><\/span><\/a><article class=\"article-icon-entry \"  itemscope=\"itemscope\" itemtype=\"https:\/\/schema.org\/CreativeWork\" ><div class=\"iconlist_content_wrap\"><header class=\"entry-content-header\" aria-label=\"Icon: &lt;a href=&#039;https:\/\/www.fiscaliadecuentas.gob.pa\/wp-content\/uploads\/2022\/10\/Resolucion-N.\u00b0-FGC-048-22-de-27-de-septiembre-de-2022.pdf&#039; title=&#039;RESOLUCI\u00d3N N.\u00b0 FGC-048-22, DE 27 DE SEPTIEMBRE DE 2022&#039; target=&quot;_blank&quot;  rel=&quot;noopener noreferrer&quot;&gt;RESOLUCI\u00d3N N.\u00b0 FGC-048-22, DE 27 DE SEPTIEMBRE DE 2022&lt;\/a&gt;\"><h4 class='av_iconlist_title iconlist_title  '  itemprop=\"headline\" ><a href='https:\/\/www.fiscaliadecuentas.gob.pa\/wp-content\/uploads\/2022\/10\/Resolucion-N.\u00b0-FGC-048-22-de-27-de-septiembre-de-2022.pdf' title='RESOLUCI\u00d3N N.\u00b0 FGC-048-22, DE 27 DE SEPTIEMBRE DE 2022' target=\"_blank\"  rel=\"noopener noreferrer\">RESOLUCI\u00d3N N.\u00b0 FGC-048-22, DE 27 DE SEPTIEMBRE DE 2022<\/a><\/h4><\/header><div class='iconlist_content '  itemprop=\"text\" ><p style=\"text-align: justify;\">Por la cual se aprueba el reglamento de r\u00e9gimen interno, organizacional y funcional de la oficina de calidad de la investigaci\u00f3n de afectaci\u00f3n patrimonial de la fiscal\u00eda general de cuentas.<\/p>\n<\/div><\/div><footer class=\"entry-footer\"><\/footer><\/article><div class=\"iconlist-timeline\"><\/div><\/li>\n<li><a href='https:\/\/www.fiscaliadecuentas.gob.pa\/wp-content\/uploads\/2022\/09\/RESOLUCION-N.\u00b0-FGC-042-2022.pdf' title='RESOLUCI\u00d3N N.\u00b0 FGC-042-2022 DE 29 DE AGOSTO DE 2022'  target=\"_blank\"  rel=\"noopener noreferrer\" class='iconlist_icon av-av_iconlist_item-f45da34364b24c3982615baa261ee5b6 avia-font-fontawesome avia-iconfont avia-font-fontawesome'><span class='av-icon-char' data-av_icon='\uf1c1' data-av_iconfont='fontawesome' aria-hidden=\"true\"><\/span><\/a><article class=\"article-icon-entry \"  itemscope=\"itemscope\" itemtype=\"https:\/\/schema.org\/CreativeWork\" ><div class=\"iconlist_content_wrap\"><header class=\"entry-content-header\" aria-label=\"Icon: &lt;a href=&#039;https:\/\/www.fiscaliadecuentas.gob.pa\/wp-content\/uploads\/2022\/09\/RESOLUCION-N.\u00b0-FGC-042-2022.pdf&#039; title=&#039;RESOLUCI\u00d3N N.\u00b0 FGC-042-2022 DE 29 DE AGOSTO DE 2022&#039; target=&quot;_blank&quot;  rel=&quot;noopener noreferrer&quot;&gt;RESOLUCI\u00d3N N.\u00b0 FGC-042-2022 DE 29 DE AGOSTO DE 2022&lt;\/a&gt;\"><h4 class='av_iconlist_title iconlist_title  '  itemprop=\"headline\" ><a href='https:\/\/www.fiscaliadecuentas.gob.pa\/wp-content\/uploads\/2022\/09\/RESOLUCION-N.\u00b0-FGC-042-2022.pdf' title='RESOLUCI\u00d3N N.\u00b0 FGC-042-2022 DE 29 DE AGOSTO DE 2022' target=\"_blank\"  rel=\"noopener noreferrer\">RESOLUCI\u00d3N N.\u00b0 FGC-042-2022 DE 29 DE AGOSTO DE 2022<\/a><\/h4><\/header><div class='iconlist_content '  itemprop=\"text\" ><p style=\"text-align: justify;\">Que adopta el uso de la Firma Electr\u00f3nica calificada y aprueban las pol\u00edticas de Control y Responsabilidad de los firmantes.<\/p>\n<\/div><\/div><footer class=\"entry-footer\"><\/footer><\/article><div class=\"iconlist-timeline\"><\/div><\/li>\n<\/ul><\/div><\/div>\n<style type=\"text\/css\" data-created_by=\"avia_inline_auto\" id=\"style-css-av-1twkvqc-6b03c9a415765b90257c2b3379c2cc2e\">\n#top .hr.hr-invisible.av-1twkvqc-6b03c9a415765b90257c2b3379c2cc2e{\nheight:50px;\n}\n<\/style>\n<div  class='hr av-1twkvqc-6b03c9a415765b90257c2b3379c2cc2e hr-invisible  avia-builder-el-7  el_after_av_one_half  el_before_av_hr '><span class='hr-inner '><span class=\"hr-inner-style\"><\/span><\/span><\/div><\/p>\n\n<style type=\"text\/css\" data-created_by=\"avia_inline_auto\" id=\"style-css-av-10e2pk4-2208e9f3289bb4fc7104552ee1ac4586\">\n#top .hr.hr-invisible.av-10e2pk4-2208e9f3289bb4fc7104552ee1ac4586{\nheight:50px;\n}\n<\/style>\n<div  class='hr av-10e2pk4-2208e9f3289bb4fc7104552ee1ac4586 hr-invisible  avia-builder-el-8  el_after_av_hr  el_before_av_one_half '><span class='hr-inner '><span class=\"hr-inner-style\"><\/span><\/span><\/div>\n<div  class='flex_column av-2c0ric-277466e66dd75175d14c7153d647c202 av_one_half  avia-builder-el-9  el_after_av_hr  avia-builder-el-last  first flex_column_div  '     ><\/div>\n","protected":false},"excerpt":{"rendered":"","protected":false},"author":5,"featured_media":0,"parent":0,"menu_order":0,"comment_status":"closed","ping_status":"closed","template":"","meta":{"_EventAllDay":false,"_EventTimezone":"","_EventStartDate":"","_EventEndDate":"","_EventStartDateUTC":"","_EventEndDateUTC":"","_EventShowMap":false,"_EventShowMapLink":false,"_EventURL":"","_EventCost":"","_EventCostDescription":"","_EventCurrencySymbol":"","_EventCurrencyCode":"","_EventCurrencyPosition":"","_EventDateTimeSeparator":"","_EventTimeRangeSeparator":"","_EventOrganizerID":[],"_EventVenueID":[],"_OrganizerEmail":"","_OrganizerPhone":"","_OrganizerWebsite":"","_VenueAddress":"","_VenueCity":"","_VenueCountry":"","_VenueProvince":"","_VenueState":"","_VenueZip":"","_VenuePhone":"","_VenueURL":"","_VenueStateProvince":"","_VenueLat":"","_VenueLng":"","_VenueShowMap":false,"_VenueShowMapLink":false,"footnotes":""},"class_list":["post-23396","page","type-page","status-publish","hentry"],"_links":{"self":[{"href":"https:\/\/www.fiscaliadecuentas.gob.pa\/index.php?rest_route=\/wp\/v2\/pages\/23396","targetHints":{"allow":["GET"]}}],"collection":[{"href":"https:\/\/www.fiscaliadecuentas.gob.pa\/index.php?rest_route=\/wp\/v2\/pages"}],"about":[{"href":"https:\/\/www.fiscaliadecuentas.gob.pa\/index.php?rest_route=\/wp\/v2\/types\/page"}],"author":[{"embeddable":true,"href":"https:\/\/www.fiscaliadecuentas.gob.pa\/index.php?rest_route=\/wp\/v2\/users\/5"}],"replies":[{"embeddable":true,"href":"https:\/\/www.fiscaliadecuentas.gob.pa\/index.php?rest_route=%2Fwp%2Fv2%2Fcomments&post=23396"}],"version-history":[{"count":45,"href":"https:\/\/www.fiscaliadecuentas.gob.pa\/index.php?rest_route=\/wp\/v2\/pages\/23396\/revisions"}],"predecessor-version":[{"id":28193,"href":"https:\/\/www.fiscaliadecuentas.gob.pa\/index.php?rest_route=\/wp\/v2\/pages\/23396\/revisions\/28193"}],"wp:attachment":[{"href":"https:\/\/www.fiscaliadecuentas.gob.pa\/index.php?rest_route=%2Fwp%2Fv2%2Fmedia&parent=23396"}],"curies":[{"name":"wp","href":"https:\/\/api.w.org\/{rel}","templated":true}]}}