{"id":46,"date":"2015-09-15T16:40:18","date_gmt":"2015-09-15T16:40:18","guid":{"rendered":"http:\/\/fiscaliadecuentas.gob.pa\/?page_id=46"},"modified":"2025-07-17T09:12:15","modified_gmt":"2025-07-17T14:12:15","slug":"inicio-2","status":"publish","type":"page","link":"https:\/\/www.fiscaliadecuentas.gob.pa\/","title":{"rendered":"Inicio"},"content":{"rendered":"<div id='layer_slider_1'  class='avia-layerslider main_color avia-shadow  avia-builder-el-0  el_before_av_one_third  avia-builder-el-first  container_wrap sidebar_right'  style='height: 301px; max-width: 1290px; margin: 0 auto;'  ><\/div><div id='after_layer_slider_1'  class='main_color av_default_container_wrap container_wrap sidebar_right'  ><div class='container av-section-cont-open' ><div class='template-page content  av-content-small alpha units'><div class='post-entry post-entry-type-page post-entry-46'><div class='entry-content-wrapper clearfix'>\n\n<style type=\"text\/css\" data-created_by=\"avia_inline_auto\" id=\"style-css-av-9g6y6-c71f4230e9d61622351d0ecf918b3378\">\n.flex_column.av-9g6y6-c71f4230e9d61622351d0ecf918b3378{\nborder-radius:0px 0px 0px 0px;\npadding:0px 0px 0px 0px;\n}\n<\/style>\n<div  class='flex_column av-9g6y6-c71f4230e9d61622351d0ecf918b3378 av_one_third  avia-builder-el-1  el_after_av_layerslider  el_before_av_one_third  avia-builder-el-first  first flex_column_div av-zero-column-padding  '     ><div  id=\"avia-magazine-1\"  class='av-magazine av-8kzsu-ceb72541c2b0d11d29a6653e4fafdfa6 av-magazine-top-bar-active av-magazine-hero-top av-magazine-tabs-active  avia-builder-el-2  avia-builder-el-no-sibling   avia-builder-el-2  avia-builder-el-no-sibling ' ><div class='av-magazine-top-bar '><a href='https:\/\/www.fiscaliadecuentas.gob.pa\/?cat=1' class='av-magazine-top-heading '  >Secci\u00f3n de Noticias<\/a><\/div><div class='av-magazine-group sort_all'><div class='av-magazine-hero first '><article class='av-magazine-entry av-magazine-entry-id-40777 av-magazine-format-standard av-magazine-type-post av-magazine-entry-1 av-magazine-entry-big '  itemscope=\"itemscope\" itemtype=\"https:\/\/schema.org\/CreativeWork\" ><div class=\"av-magazine-thumbnail\"><a href='https:\/\/www.fiscaliadecuentas.gob.pa\/?p=40777' title='Enlace a: Realizan jornada de actualizaci\u00f3n formativa en la Jurisdicci\u00f3n de Cuentas' class='av-magazine-thumbnail-link'><img decoding=\"async\" fetchpriority=\"high\" width=\"710\" height=\"375\" src=\"https:\/\/www.fiscaliadecuentas.gob.pa\/wp-content\/uploads\/2026\/04\/WhatsApp-Image-2026-04-29-at-3.05.59-PM-1-710x375.jpeg\" class=\"wp-image-40778 avia-img-lazy-loading-not-40778 attachment-magazine size-magazine wp-post-image\" alt=\"\" \/><\/a><\/div><div class=\"av-magazine-content-wrap\"><header class=\"entry-content-header\" aria-label=\"Post: Realizan jornada de actualizaci\u00f3n formativa en la Jurisdicci\u00f3n de Cuentas\"><time class='av-magazine-time updated'  itemprop=\"datePublished\" datetime=\"2026-04-29T16:46:10-05:00\" >29 abril, 2026<\/time><h3 class='av-magazine-title entry-title '  itemprop=\"headline\" ><a href='https:\/\/www.fiscaliadecuentas.gob.pa\/?p=40777' title='Enlace a: Realizan jornada de actualizaci\u00f3n formativa en la Jurisdicci\u00f3n de Cuentas'>Realizan jornada de actualizaci\u00f3n formativa en la Jurisdicci\u00f3n de Cuentas<\/a><\/h3><\/header><div class='av-magazine-content entry-content'  itemprop=\"text\" >\n\n\n\nDesaf\u00edos de la Contrataci\u00f3n P\u00fablica y las Reformas al\u2026<\/div><\/div><footer class=\"entry-footer\"><\/footer><\/article><\/div><div class='av-magazine-sideshow '><article class='av-magazine-entry av-magazine-entry-id-40771 av-magazine-format-standard av-magazine-type-post av-magazine-entry-2 av-magazine-entry-small '  itemscope=\"itemscope\" itemtype=\"https:\/\/schema.org\/CreativeWork\" ><div class=\"av-magazine-thumbnail\"><a href='https:\/\/www.fiscaliadecuentas.gob.pa\/?p=40771' title='Enlace a: Funcionarios de la Fiscal\u00eda General de Cuentas se capacitan en materia de prevenci\u00f3n' class='av-magazine-thumbnail-link'><img decoding=\"async\" fetchpriority=\"high\" width=\"80\" height=\"80\" src=\"https:\/\/www.fiscaliadecuentas.gob.pa\/wp-content\/uploads\/2026\/04\/WhatsApp-Image-2026-04-28-at-12.06.15-PM-80x80.jpeg\" class=\"wp-image-40772 avia-img-lazy-loading-not-40772 attachment-thumbnail size-thumbnail wp-post-image\" alt=\"\" srcset=\"https:\/\/www.fiscaliadecuentas.gob.pa\/wp-content\/uploads\/2026\/04\/WhatsApp-Image-2026-04-28-at-12.06.15-PM-80x80.jpeg 80w, https:\/\/www.fiscaliadecuentas.gob.pa\/wp-content\/uploads\/2026\/04\/WhatsApp-Image-2026-04-28-at-12.06.15-PM-36x36.jpeg 36w, https:\/\/www.fiscaliadecuentas.gob.pa\/wp-content\/uploads\/2026\/04\/WhatsApp-Image-2026-04-28-at-12.06.15-PM-180x180.jpeg 180w\" sizes=\"(max-width: 80px) 100vw, 80px\" \/><\/a><\/div><div class=\"av-magazine-content-wrap\"><header class=\"entry-content-header\" aria-label=\"Post: Funcionarios de la Fiscal\u00eda General de Cuentas se capacitan en materia de prevenci\u00f3n\"><time class='av-magazine-time updated'  itemprop=\"datePublished\" datetime=\"2026-04-28T16:42:56-05:00\" >28 abril, 2026<\/time><h3 class='av-magazine-title entry-title '  itemprop=\"headline\" ><a href='https:\/\/www.fiscaliadecuentas.gob.pa\/?p=40771' title='Enlace a: Funcionarios de la Fiscal\u00eda General de Cuentas se capacitan en materia de prevenci\u00f3n'>Funcionarios de la Fiscal\u00eda General de Cuentas se capacitan en materia de prevenci\u00f3n<\/a><\/h3><\/header><\/div><footer class=\"entry-footer\"><\/footer><\/article><article class='av-magazine-entry av-magazine-entry-id-40755 av-magazine-format-standard av-magazine-type-post av-magazine-entry-3 av-magazine-entry-small '  itemscope=\"itemscope\" itemtype=\"https:\/\/schema.org\/CreativeWork\" ><div class=\"av-magazine-thumbnail\"><a href='https:\/\/www.fiscaliadecuentas.gob.pa\/?p=40755' title='Enlace a: Fiscal\u00eda General de Cuentas implementa nueva din\u00e1mica en su campa\u00f1a de prevenci\u00f3n\u00a0' class='av-magazine-thumbnail-link'><img decoding=\"async\" fetchpriority=\"high\" width=\"80\" height=\"80\" src=\"https:\/\/www.fiscaliadecuentas.gob.pa\/wp-content\/uploads\/2026\/04\/WhatsApp-Image-2026-04-16-at-10.12.36-AM-80x80.jpeg\" class=\"wp-image-40756 avia-img-lazy-loading-not-40756 attachment-thumbnail size-thumbnail wp-post-image\" alt=\"\" srcset=\"https:\/\/www.fiscaliadecuentas.gob.pa\/wp-content\/uploads\/2026\/04\/WhatsApp-Image-2026-04-16-at-10.12.36-AM-80x80.jpeg 80w, https:\/\/www.fiscaliadecuentas.gob.pa\/wp-content\/uploads\/2026\/04\/WhatsApp-Image-2026-04-16-at-10.12.36-AM-36x36.jpeg 36w, https:\/\/www.fiscaliadecuentas.gob.pa\/wp-content\/uploads\/2026\/04\/WhatsApp-Image-2026-04-16-at-10.12.36-AM-180x180.jpeg 180w\" sizes=\"(max-width: 80px) 100vw, 80px\" \/><\/a><\/div><div class=\"av-magazine-content-wrap\"><header class=\"entry-content-header\" aria-label=\"Post: Fiscal\u00eda General de Cuentas implementa nueva din\u00e1mica en su campa\u00f1a de prevenci\u00f3n\u00a0\"><time class='av-magazine-time updated'  itemprop=\"datePublished\" datetime=\"2026-04-16T13:47:45-05:00\" >16 abril, 2026<\/time><h3 class='av-magazine-title entry-title '  itemprop=\"headline\" ><a href='https:\/\/www.fiscaliadecuentas.gob.pa\/?p=40755' title='Enlace a: Fiscal\u00eda General de Cuentas implementa nueva din\u00e1mica en su campa\u00f1a de prevenci\u00f3n\u00a0'>Fiscal\u00eda General de Cuentas implementa nueva din\u00e1mica en su campa\u00f1a de prevenci\u00f3n\u00a0<\/a><\/h3><\/header><\/div><footer class=\"entry-footer\"><\/footer><\/article><article class='av-magazine-entry av-magazine-entry-id-40673 av-magazine-format-standard av-magazine-type-post av-magazine-entry-4 av-magazine-entry-small '  itemscope=\"itemscope\" itemtype=\"https:\/\/schema.org\/CreativeWork\" ><div class=\"av-magazine-thumbnail\"><a href='https:\/\/www.fiscaliadecuentas.gob.pa\/?p=40673' title='Enlace a: Fiscal\u00eda General de Cuentas imparte docencia para combatir la discriminaci\u00f3n \u00e9tnica' class='av-magazine-thumbnail-link'><img decoding=\"async\" fetchpriority=\"high\" width=\"80\" height=\"80\" src=\"https:\/\/www.fiscaliadecuentas.gob.pa\/wp-content\/uploads\/2026\/03\/WhatsApp-Image-2026-03-20-at-10.40.23-AM-80x80.jpeg\" class=\"wp-image-40674 avia-img-lazy-loading-not-40674 attachment-thumbnail size-thumbnail wp-post-image\" alt=\"\" srcset=\"https:\/\/www.fiscaliadecuentas.gob.pa\/wp-content\/uploads\/2026\/03\/WhatsApp-Image-2026-03-20-at-10.40.23-AM-80x80.jpeg 80w, https:\/\/www.fiscaliadecuentas.gob.pa\/wp-content\/uploads\/2026\/03\/WhatsApp-Image-2026-03-20-at-10.40.23-AM-36x36.jpeg 36w, https:\/\/www.fiscaliadecuentas.gob.pa\/wp-content\/uploads\/2026\/03\/WhatsApp-Image-2026-03-20-at-10.40.23-AM-180x180.jpeg 180w\" sizes=\"(max-width: 80px) 100vw, 80px\" \/><\/a><\/div><div class=\"av-magazine-content-wrap\"><header class=\"entry-content-header\" aria-label=\"Post: Fiscal\u00eda General de Cuentas imparte docencia para combatir la discriminaci\u00f3n \u00e9tnica\"><time class='av-magazine-time updated'  itemprop=\"datePublished\" datetime=\"2026-03-20T11:52:00-05:00\" >20 marzo, 2026<\/time><h3 class='av-magazine-title entry-title '  itemprop=\"headline\" ><a href='https:\/\/www.fiscaliadecuentas.gob.pa\/?p=40673' title='Enlace a: Fiscal\u00eda General de Cuentas imparte docencia para combatir la discriminaci\u00f3n \u00e9tnica'>Fiscal\u00eda General de Cuentas imparte docencia para combatir la discriminaci\u00f3n \u00e9tnica<\/a><\/h3><\/header><\/div><footer class=\"entry-footer\"><\/footer><\/article><\/div><\/div><\/div><\/div>\n\n<style type=\"text\/css\" data-created_by=\"avia_inline_auto\" id=\"style-css-av-tj8a-ad9d11acc7f13601efee5fdb8499b86e\">\n.flex_column.av-tj8a-ad9d11acc7f13601efee5fdb8499b86e{\nborder-radius:0px 0px 0px 0px;\npadding:0px 0px 0px 0px;\n}\n<\/style>\n<div  class='flex_column av-tj8a-ad9d11acc7f13601efee5fdb8499b86e av_one_third  avia-builder-el-3  el_after_av_one_third  el_before_av_one_third  flex_column_div av-zero-column-padding  '     ><div  id=\"avia-magazine-2\"  class='av-magazine av-7mfqq-6f5ad79a85fc89ee4bf0114310cbcb6c av-magazine-top-bar-active av-magazine-hero-top av-magazine-tabs-active  avia-builder-el-4  avia-builder-el-no-sibling   avia-builder-el-4  avia-builder-el-no-sibling ' ><div class='av-magazine-top-bar '><a href='https:\/\/www.fiscaliadecuentas.gob.pa\/?cat=6' class='av-magazine-top-heading '  >Fiscal\u00eda General de Cuentas Informa\/Videos<\/a><\/div><div class='av-magazine-group sort_all'><div class='av-magazine-hero first '><article class='av-magazine-entry av-magazine-entry-id-40787 av-magazine-format-standard av-magazine-type-post av-magazine-entry-1 av-magazine-entry-big '  itemscope=\"itemscope\" itemtype=\"https:\/\/schema.org\/CreativeWork\" ><div class=\"av-magazine-thumbnail\"><a href='https:\/\/www.fiscaliadecuentas.gob.pa\/?p=40787' title='Enlace a: Fiscal\u00eda General de Cuentas Informa 30-04-26' class='av-magazine-thumbnail-link'><img decoding=\"async\" fetchpriority=\"high\" width=\"710\" height=\"375\" src=\"https:\/\/www.fiscaliadecuentas.gob.pa\/wp-content\/uploads\/2026\/04\/Still-2026-04-30-163008_5.1.1.jpg-710x375.jpeg\" class=\"wp-image-40788 avia-img-lazy-loading-not-40788 attachment-magazine size-magazine wp-post-image\" alt=\"\" \/><\/a><\/div><div class=\"av-magazine-content-wrap\"><header class=\"entry-content-header\" aria-label=\"Post: Fiscal\u00eda General de Cuentas Informa 30-04-26\"><time class='av-magazine-time updated'  itemprop=\"datePublished\" datetime=\"2026-04-30T16:36:04-05:00\" >30 abril, 2026<\/time><h3 class='av-magazine-title entry-title '  itemprop=\"headline\" ><a href='https:\/\/www.fiscaliadecuentas.gob.pa\/?p=40787' title='Enlace a: Fiscal\u00eda General de Cuentas Informa 30-04-26'>Fiscal\u00eda General de Cuentas Informa 30-04-26<\/a><\/h3><\/header><\/div><footer class=\"entry-footer\"><\/footer><\/article><\/div><div class='av-magazine-sideshow '><article class='av-magazine-entry av-magazine-entry-id-40684 av-magazine-format-standard av-magazine-type-post av-magazine-entry-2 av-magazine-entry-small '  itemscope=\"itemscope\" itemtype=\"https:\/\/schema.org\/CreativeWork\" ><div class=\"av-magazine-thumbnail\"><a href='https:\/\/www.fiscaliadecuentas.gob.pa\/?p=40684' title='Enlace a: Fiscal\u00eda General de Cuentas Informa 27-03-26' class='av-magazine-thumbnail-link'><img decoding=\"async\" fetchpriority=\"high\" width=\"80\" height=\"80\" src=\"https:\/\/www.fiscaliadecuentas.gob.pa\/wp-content\/uploads\/2026\/03\/Captura-de-pantalla-2026-03-27-094411-80x80.jpg\" class=\"wp-image-40685 avia-img-lazy-loading-not-40685 attachment-thumbnail size-thumbnail wp-post-image\" alt=\"\" srcset=\"https:\/\/www.fiscaliadecuentas.gob.pa\/wp-content\/uploads\/2026\/03\/Captura-de-pantalla-2026-03-27-094411-80x80.jpg 80w, https:\/\/www.fiscaliadecuentas.gob.pa\/wp-content\/uploads\/2026\/03\/Captura-de-pantalla-2026-03-27-094411-36x36.jpg 36w, https:\/\/www.fiscaliadecuentas.gob.pa\/wp-content\/uploads\/2026\/03\/Captura-de-pantalla-2026-03-27-094411-180x180.jpg 180w\" sizes=\"(max-width: 80px) 100vw, 80px\" \/><\/a><\/div><div class=\"av-magazine-content-wrap\"><header class=\"entry-content-header\" aria-label=\"Post: Fiscal\u00eda General de Cuentas Informa 27-03-26\"><time class='av-magazine-time updated'  itemprop=\"datePublished\" datetime=\"2026-03-27T09:57:38-05:00\" >27 marzo, 2026<\/time><h3 class='av-magazine-title entry-title '  itemprop=\"headline\" ><a href='https:\/\/www.fiscaliadecuentas.gob.pa\/?p=40684' title='Enlace a: Fiscal\u00eda General de Cuentas Informa 27-03-26'>Fiscal\u00eda General de Cuentas Informa 27-03-26<\/a><\/h3><\/header><\/div><footer class=\"entry-footer\"><\/footer><\/article><article class='av-magazine-entry av-magazine-entry-id-40523 av-magazine-format-standard av-magazine-type-post av-magazine-entry-3 av-magazine-entry-small '  itemscope=\"itemscope\" itemtype=\"https:\/\/schema.org\/CreativeWork\" ><div class=\"av-magazine-thumbnail\"><a href='https:\/\/www.fiscaliadecuentas.gob.pa\/?p=40523' title='Enlace a: Fiscal\u00eda General de Cuentas Informa 30-01-26' class='av-magazine-thumbnail-link'><img decoding=\"async\" fetchpriority=\"high\" width=\"80\" height=\"80\" src=\"https:\/\/www.fiscaliadecuentas.gob.pa\/wp-content\/uploads\/2026\/01\/Sin-titulo-1-80x80.jpg\" class=\"wp-image-40525 avia-img-lazy-loading-not-40525 attachment-thumbnail size-thumbnail wp-post-image\" alt=\"\" srcset=\"https:\/\/www.fiscaliadecuentas.gob.pa\/wp-content\/uploads\/2026\/01\/Sin-titulo-1-80x80.jpg 80w, https:\/\/www.fiscaliadecuentas.gob.pa\/wp-content\/uploads\/2026\/01\/Sin-titulo-1-36x36.jpg 36w, https:\/\/www.fiscaliadecuentas.gob.pa\/wp-content\/uploads\/2026\/01\/Sin-titulo-1-180x180.jpg 180w\" sizes=\"(max-width: 80px) 100vw, 80px\" \/><\/a><\/div><div class=\"av-magazine-content-wrap\"><header class=\"entry-content-header\" aria-label=\"Post: Fiscal\u00eda General de Cuentas Informa 30-01-26\"><time class='av-magazine-time updated'  itemprop=\"datePublished\" datetime=\"2026-01-30T15:24:52-05:00\" >30 enero, 2026<\/time><h3 class='av-magazine-title entry-title '  itemprop=\"headline\" ><a href='https:\/\/www.fiscaliadecuentas.gob.pa\/?p=40523' title='Enlace a: Fiscal\u00eda General de Cuentas Informa 30-01-26'>Fiscal\u00eda General de Cuentas Informa 30-01-26<\/a><\/h3><\/header><\/div><footer class=\"entry-footer\"><\/footer><\/article><article class='av-magazine-entry av-magazine-entry-id-40417 av-magazine-format-standard av-magazine-type-post av-magazine-entry-4 av-magazine-entry-small '  itemscope=\"itemscope\" itemtype=\"https:\/\/schema.org\/CreativeWork\" ><div class=\"av-magazine-thumbnail\"><a href='https:\/\/www.fiscaliadecuentas.gob.pa\/?p=40417' title='Enlace a: Fiscal\u00eda General de Cuentas Informa 23-12-25' class='av-magazine-thumbnail-link'><img decoding=\"async\" fetchpriority=\"high\" width=\"80\" height=\"80\" src=\"https:\/\/www.fiscaliadecuentas.gob.pa\/wp-content\/uploads\/2025\/12\/Poster-completo00000000-80x80.jpg\" class=\"wp-image-40418 avia-img-lazy-loading-not-40418 attachment-thumbnail size-thumbnail wp-post-image\" alt=\"\" srcset=\"https:\/\/www.fiscaliadecuentas.gob.pa\/wp-content\/uploads\/2025\/12\/Poster-completo00000000-80x80.jpg 80w, https:\/\/www.fiscaliadecuentas.gob.pa\/wp-content\/uploads\/2025\/12\/Poster-completo00000000-36x36.jpg 36w, https:\/\/www.fiscaliadecuentas.gob.pa\/wp-content\/uploads\/2025\/12\/Poster-completo00000000-180x180.jpg 180w\" sizes=\"(max-width: 80px) 100vw, 80px\" \/><\/a><\/div><div class=\"av-magazine-content-wrap\"><header class=\"entry-content-header\" aria-label=\"Post: Fiscal\u00eda General de Cuentas Informa 23-12-25\"><time class='av-magazine-time updated'  itemprop=\"datePublished\" datetime=\"2025-12-23T15:08:01-05:00\" >23 diciembre, 2025<\/time><h3 class='av-magazine-title entry-title '  itemprop=\"headline\" ><a href='https:\/\/www.fiscaliadecuentas.gob.pa\/?p=40417' title='Enlace a: Fiscal\u00eda General de Cuentas Informa 23-12-25'>Fiscal\u00eda General de Cuentas Informa 23-12-25<\/a><\/h3><\/header><\/div><footer class=\"entry-footer\"><\/footer><\/article><article class='av-magazine-entry av-magazine-entry-id-40407 av-magazine-format-standard av-magazine-type-post av-magazine-entry-5 av-magazine-entry-small '  itemscope=\"itemscope\" itemtype=\"https:\/\/schema.org\/CreativeWork\" ><div class=\"av-magazine-thumbnail\"><a href='https:\/\/www.fiscaliadecuentas.gob.pa\/?p=40407' title='Enlace a: Marcha por la inclusi\u00f3n 2025' class='av-magazine-thumbnail-link'><img decoding=\"async\" fetchpriority=\"high\" width=\"80\" height=\"80\" src=\"https:\/\/www.fiscaliadecuentas.gob.pa\/wp-content\/uploads\/2025\/12\/Marcha-80x80.jpg\" class=\"wp-image-40408 avia-img-lazy-loading-not-40408 attachment-thumbnail size-thumbnail wp-post-image\" alt=\"\" srcset=\"https:\/\/www.fiscaliadecuentas.gob.pa\/wp-content\/uploads\/2025\/12\/Marcha-80x80.jpg 80w, https:\/\/www.fiscaliadecuentas.gob.pa\/wp-content\/uploads\/2025\/12\/Marcha-36x36.jpg 36w, https:\/\/www.fiscaliadecuentas.gob.pa\/wp-content\/uploads\/2025\/12\/Marcha-180x180.jpg 180w\" sizes=\"(max-width: 80px) 100vw, 80px\" \/><\/a><\/div><div class=\"av-magazine-content-wrap\"><header class=\"entry-content-header\" aria-label=\"Post: Marcha por la inclusi\u00f3n 2025\"><time class='av-magazine-time updated'  itemprop=\"datePublished\" datetime=\"2025-12-03T08:48:32-05:00\" >3 diciembre, 2025<\/time><h3 class='av-magazine-title entry-title '  itemprop=\"headline\" ><a href='https:\/\/www.fiscaliadecuentas.gob.pa\/?p=40407' title='Enlace a: Marcha por la inclusi\u00f3n 2025'>Marcha por la inclusi\u00f3n 2025<\/a><\/h3><\/header><\/div><footer class=\"entry-footer\"><\/footer><\/article><\/div><\/div><\/div><\/div>\n<style type=\"text\/css\" data-created_by=\"avia_inline_auto\" id=\"style-css-av-6n9m6-57ab2cfa8a8f7ba9fceab609029391c7\">\n.flex_column.av-6n9m6-57ab2cfa8a8f7ba9fceab609029391c7{\nborder-radius:0px 0px 0px 0px;\npadding:0px 0px 0px 0px;\n}\n<\/style>\n<div  class='flex_column av-6n9m6-57ab2cfa8a8f7ba9fceab609029391c7 av_one_third  avia-builder-el-5  el_after_av_one_third  el_before_av_one_full  flex_column_div av-zero-column-padding  '     ><div  id=\"avia-magazine-3\"  class='av-magazine av-n0te-349c20438aa1acbf048ae2ae65431d1d av-magazine-top-bar-active av-magazine-hero-top av-magazine-tabs-active  avia-builder-el-6  avia-builder-el-no-sibling   avia-builder-el-6  avia-builder-el-no-sibling ' ><div class='av-magazine-top-bar '><a href='https:\/\/www.fiscaliadecuentas.gob.pa\/?cat=4' class='av-magazine-top-heading '  >Conoce m\u00e1s de la FGC<\/a><\/div><div class='av-magazine-group sort_all'><div class='av-magazine-hero first '><article class='av-magazine-entry av-magazine-entry-id-40062 av-magazine-format-standard av-magazine-type-post av-magazine-entry-1 av-magazine-entry-big '  itemscope=\"itemscope\" itemtype=\"https:\/\/schema.org\/CreativeWork\" ><div class=\"av-magazine-thumbnail\"><a href='https:\/\/www.fiscaliadecuentas.gob.pa\/?p=40062' title='Enlace a: Conoce m\u00e1s de la FGC: Responsabilidad Patrimonial y Penal' class='av-magazine-thumbnail-link'><img decoding=\"async\" fetchpriority=\"high\" width=\"710\" height=\"375\" src=\"https:\/\/www.fiscaliadecuentas.gob.pa\/wp-content\/uploads\/2025\/09\/Responsabilidad-Patrimonial-y-Penal-710x375.jpg\" class=\"wp-image-40063 avia-img-lazy-loading-not-40063 attachment-magazine size-magazine wp-post-image\" alt=\"\" \/><\/a><\/div><div class=\"av-magazine-content-wrap\"><header class=\"entry-content-header\" aria-label=\"Post: Conoce m\u00e1s de la FGC: Responsabilidad Patrimonial y Penal\"><time class='av-magazine-time updated'  itemprop=\"datePublished\" datetime=\"2025-09-15T15:07:53-05:00\" >15 septiembre, 2025<\/time><h3 class='av-magazine-title entry-title '  itemprop=\"headline\" ><a href='https:\/\/www.fiscaliadecuentas.gob.pa\/?p=40062' title='Enlace a: Conoce m\u00e1s de la FGC: Responsabilidad Patrimonial y Penal'>Conoce m\u00e1s de la FGC: Responsabilidad Patrimonial y Penal<\/a><\/h3><\/header><div class='av-magazine-content entry-content'  itemprop=\"text\" ><div class='avia-iframe-wrap'><iframe loading=\"lazy\" title=\"Responsabilidad Patrimonial y Penal\" width=\"1500\" height=\"844\" src=\"https:\/\/www.youtube.com\/embed\/DR81j3B5ddU?feature=oembed\" frameborder=\"0\" allow=\"accelerometer; autoplay; clipboard-write; encrypted-media; gyroscope; picture-in-picture; web-share\" referrerpolicy=\"strict-origin-when-cross-origin\" allowfullscreen><\/iframe><\/div>\n<\/div><\/div><footer class=\"entry-footer\"><\/footer><\/article><\/div><div class='av-magazine-sideshow '><article class='av-magazine-entry av-magazine-entry-id-40002 av-magazine-format-standard av-magazine-type-post av-magazine-entry-2 av-magazine-entry-small '  itemscope=\"itemscope\" itemtype=\"https:\/\/schema.org\/CreativeWork\" ><div class=\"av-magazine-thumbnail\"><a href='https:\/\/www.fiscaliadecuentas.gob.pa\/?p=40002' title='Enlace a: Conoce m\u00e1s de la FGC: Medidas Cutelares' class='av-magazine-thumbnail-link'><img decoding=\"async\" fetchpriority=\"high\" width=\"80\" height=\"80\" src=\"https:\/\/www.fiscaliadecuentas.gob.pa\/wp-content\/uploads\/2025\/09\/MEDIDAS-CAUTELARES-80x80.jpg\" class=\"wp-image-40003 avia-img-lazy-loading-not-40003 attachment-thumbnail size-thumbnail wp-post-image\" alt=\"\" srcset=\"https:\/\/www.fiscaliadecuentas.gob.pa\/wp-content\/uploads\/2025\/09\/MEDIDAS-CAUTELARES-80x80.jpg 80w, https:\/\/www.fiscaliadecuentas.gob.pa\/wp-content\/uploads\/2025\/09\/MEDIDAS-CAUTELARES-36x36.jpg 36w, https:\/\/www.fiscaliadecuentas.gob.pa\/wp-content\/uploads\/2025\/09\/MEDIDAS-CAUTELARES-180x180.jpg 180w\" sizes=\"(max-width: 80px) 100vw, 80px\" \/><\/a><\/div><div class=\"av-magazine-content-wrap\"><header class=\"entry-content-header\" aria-label=\"Post: Conoce m\u00e1s de la FGC: Medidas Cutelares\"><time class='av-magazine-time updated'  itemprop=\"datePublished\" datetime=\"2025-09-09T14:17:40-05:00\" >9 septiembre, 2025<\/time><h3 class='av-magazine-title entry-title '  itemprop=\"headline\" ><a href='https:\/\/www.fiscaliadecuentas.gob.pa\/?p=40002' title='Enlace a: Conoce m\u00e1s de la FGC: Medidas Cutelares'>Conoce m\u00e1s de la FGC: Medidas Cutelares<\/a><\/h3><\/header><\/div><footer class=\"entry-footer\"><\/footer><\/article><article class='av-magazine-entry av-magazine-entry-id-39981 av-magazine-format-standard av-magazine-type-post av-magazine-entry-3 av-magazine-entry-small '  itemscope=\"itemscope\" itemtype=\"https:\/\/schema.org\/CreativeWork\" ><div class=\"av-magazine-thumbnail\"><a href='https:\/\/www.fiscaliadecuentas.gob.pa\/?p=39981' title='Enlace a: Conoce m\u00e1s de la FGC: Funciones de la Fiscal\u00eda General de Cuentas' class='av-magazine-thumbnail-link'><img decoding=\"async\" fetchpriority=\"high\" width=\"80\" height=\"80\" src=\"https:\/\/www.fiscaliadecuentas.gob.pa\/wp-content\/uploads\/2025\/09\/Funciones-de-la-Fiscalia-General-de-Cuentas-80x80.jpg\" class=\"wp-image-39982 avia-img-lazy-loading-not-39982 attachment-thumbnail size-thumbnail wp-post-image\" alt=\"\" srcset=\"https:\/\/www.fiscaliadecuentas.gob.pa\/wp-content\/uploads\/2025\/09\/Funciones-de-la-Fiscalia-General-de-Cuentas-80x80.jpg 80w, https:\/\/www.fiscaliadecuentas.gob.pa\/wp-content\/uploads\/2025\/09\/Funciones-de-la-Fiscalia-General-de-Cuentas-36x36.jpg 36w, https:\/\/www.fiscaliadecuentas.gob.pa\/wp-content\/uploads\/2025\/09\/Funciones-de-la-Fiscalia-General-de-Cuentas-180x180.jpg 180w\" sizes=\"(max-width: 80px) 100vw, 80px\" \/><\/a><\/div><div class=\"av-magazine-content-wrap\"><header class=\"entry-content-header\" aria-label=\"Post: Conoce m\u00e1s de la FGC: Funciones de la Fiscal\u00eda General de Cuentas\"><time class='av-magazine-time updated'  itemprop=\"datePublished\" datetime=\"2025-09-01T14:49:36-05:00\" >1 septiembre, 2025<\/time><h3 class='av-magazine-title entry-title '  itemprop=\"headline\" ><a href='https:\/\/www.fiscaliadecuentas.gob.pa\/?p=39981' title='Enlace a: Conoce m\u00e1s de la FGC: Funciones de la Fiscal\u00eda General de Cuentas'>Conoce m\u00e1s de la FGC: Funciones de la Fiscal\u00eda General de Cuentas<\/a><\/h3><\/header><\/div><footer class=\"entry-footer\"><\/footer><\/article><article class='av-magazine-entry av-magazine-entry-id-39976 av-magazine-format-standard av-magazine-type-post av-magazine-entry-4 av-magazine-entry-small '  itemscope=\"itemscope\" itemtype=\"https:\/\/schema.org\/CreativeWork\" ><div class=\"av-magazine-thumbnail\"><a href='https:\/\/www.fiscaliadecuentas.gob.pa\/?p=39976' title='Enlace a: Conoce m\u00e1s de la FGC: Causas que son competencia de la Jurisdicci\u00f3n de Cuentas' class='av-magazine-thumbnail-link'><img decoding=\"async\" fetchpriority=\"high\" width=\"80\" height=\"80\" src=\"https:\/\/www.fiscaliadecuentas.gob.pa\/wp-content\/uploads\/2025\/09\/Causas-que-son-competencia-de-la-Jurisdiccion-de-Cuentas-80x80.jpg\" class=\"wp-image-39977 avia-img-lazy-loading-not-39977 attachment-thumbnail size-thumbnail wp-post-image\" alt=\"\" srcset=\"https:\/\/www.fiscaliadecuentas.gob.pa\/wp-content\/uploads\/2025\/09\/Causas-que-son-competencia-de-la-Jurisdiccion-de-Cuentas-80x80.jpg 80w, https:\/\/www.fiscaliadecuentas.gob.pa\/wp-content\/uploads\/2025\/09\/Causas-que-son-competencia-de-la-Jurisdiccion-de-Cuentas-36x36.jpg 36w, https:\/\/www.fiscaliadecuentas.gob.pa\/wp-content\/uploads\/2025\/09\/Causas-que-son-competencia-de-la-Jurisdiccion-de-Cuentas-180x180.jpg 180w\" sizes=\"(max-width: 80px) 100vw, 80px\" \/><\/a><\/div><div class=\"av-magazine-content-wrap\"><header class=\"entry-content-header\" aria-label=\"Post: Conoce m\u00e1s de la FGC: Causas que son competencia de la Jurisdicci\u00f3n de Cuentas\"><time class='av-magazine-time updated'  itemprop=\"datePublished\" datetime=\"2025-08-25T14:42:07-05:00\" >25 agosto, 2025<\/time><h3 class='av-magazine-title entry-title '  itemprop=\"headline\" ><a href='https:\/\/www.fiscaliadecuentas.gob.pa\/?p=39976' title='Enlace a: Conoce m\u00e1s de la FGC: Causas que son competencia de la Jurisdicci\u00f3n de Cuentas'>Conoce m\u00e1s de la FGC: Causas que son competencia de la Jurisdicci\u00f3n de Cuentas<\/a><\/h3><\/header><\/div><footer class=\"entry-footer\"><\/footer><\/article><\/div><\/div><\/div><\/div><\/p>\n\n<style type=\"text\/css\" data-created_by=\"avia_inline_auto\" id=\"style-css-av-32b6e-9b86399742291e1f5c47c1551bd9556b\">\n.flex_column.av-32b6e-9b86399742291e1f5c47c1551bd9556b{\nborder-radius:0px 0px 0px 0px;\npadding:0px 0px 0px 0px;\n}\n<\/style>\n<div  class='flex_column av-32b6e-9b86399742291e1f5c47c1551bd9556b av_one_full  avia-builder-el-7  el_after_av_one_third  el_before_av_hr  first flex_column_div av-zero-column-padding  column-top-margin'     ><div  id=\"avia-magazine-4\"  class='av-magazine av-2v0r6-3f56f100c96a2279bc88a5040908d2b7 av-magazine-top-bar-active av-magazine-hero-left  avia-builder-el-8  avia-builder-el-no-sibling   avia-builder-el-8  avia-builder-el-no-sibling ' ><div class='av-magazine-top-bar '><a href='https:\/\/www.fiscaliadecuentas.gob.pa\/?cat=3' class='av-magazine-top-heading '  >Actividades<\/a><\/div><div class='av-magazine-group sort_all'><div class='av-magazine-hero first flex_column av_one_half '><article class='av-magazine-entry av-magazine-entry-id-40764 av-magazine-format-standard av-magazine-type-post av-magazine-entry-1 av-magazine-entry-big '  itemscope=\"itemscope\" itemtype=\"https:\/\/schema.org\/CreativeWork\" ><div class=\"av-magazine-thumbnail\"><a href='https:\/\/www.fiscaliadecuentas.gob.pa\/?p=40764' title='Enlace a: Desarrollan conversatorio sobre las vivencias del autismo' class='av-magazine-thumbnail-link'><img decoding=\"async\" fetchpriority=\"high\" width=\"710\" height=\"375\" src=\"https:\/\/www.fiscaliadecuentas.gob.pa\/wp-content\/uploads\/2026\/04\/WhatsApp-Image-2026-04-24-at-10.28.08-AM-1-710x375.jpeg\" class=\"wp-image-40765 avia-img-lazy-loading-not-40765 attachment-magazine size-magazine wp-post-image\" alt=\"\" \/><\/a><\/div><div class=\"av-magazine-content-wrap\"><header class=\"entry-content-header\" aria-label=\"Post: Desarrollan conversatorio sobre las vivencias del autismo\"><time class='av-magazine-time updated'  itemprop=\"datePublished\" datetime=\"2026-04-24T11:42:26-05:00\" >24 abril, 2026<\/time><h3 class='av-magazine-title entry-title '  itemprop=\"headline\" ><a href='https:\/\/www.fiscaliadecuentas.gob.pa\/?p=40764' title='Enlace a: Desarrollan conversatorio sobre las vivencias del autismo'>Desarrollan conversatorio sobre las vivencias del autismo<\/a><\/h3><\/header><div class='av-magazine-content entry-content'  itemprop=\"text\" ><p>Con un conversatorio sobre las vivencias del autismo, sus\u2026<\/p>\n<\/div><\/div><footer class=\"entry-footer\"><\/footer><\/article><\/div><div class='av-magazine-sideshow flex_column av_one_half '><article class='av-magazine-entry av-magazine-entry-id-40113 av-magazine-format-standard av-magazine-type-post av-magazine-entry-2 av-magazine-entry-small '  itemscope=\"itemscope\" itemtype=\"https:\/\/schema.org\/CreativeWork\" ><div class=\"av-magazine-thumbnail\"><a href='https:\/\/www.fiscaliadecuentas.gob.pa\/?p=40113' title='Enlace a: La Fiscal\u00eda General de Cuentas se ilumina de rosado y celeste' class='av-magazine-thumbnail-link'><img decoding=\"async\" fetchpriority=\"high\" width=\"80\" height=\"80\" src=\"https:\/\/www.fiscaliadecuentas.gob.pa\/wp-content\/uploads\/2025\/10\/G2N-QrBWwAAoY6a-80x80.jpg\" class=\"wp-image-40114 avia-img-lazy-loading-not-40114 attachment-thumbnail size-thumbnail wp-post-image\" alt=\"\" srcset=\"https:\/\/www.fiscaliadecuentas.gob.pa\/wp-content\/uploads\/2025\/10\/G2N-QrBWwAAoY6a-80x80.jpg 80w, https:\/\/www.fiscaliadecuentas.gob.pa\/wp-content\/uploads\/2025\/10\/G2N-QrBWwAAoY6a-36x36.jpg 36w, https:\/\/www.fiscaliadecuentas.gob.pa\/wp-content\/uploads\/2025\/10\/G2N-QrBWwAAoY6a-180x180.jpg 180w\" sizes=\"(max-width: 80px) 100vw, 80px\" \/><\/a><\/div><div class=\"av-magazine-content-wrap\"><header class=\"entry-content-header\" aria-label=\"Post: La Fiscal\u00eda General de Cuentas se ilumina de rosado y celeste\"><time class='av-magazine-time updated'  itemprop=\"datePublished\" datetime=\"2025-10-02T08:53:24-05:00\" >2 octubre, 2025<\/time><h3 class='av-magazine-title entry-title '  itemprop=\"headline\" ><a href='https:\/\/www.fiscaliadecuentas.gob.pa\/?p=40113' title='Enlace a: La Fiscal\u00eda General de Cuentas se ilumina de rosado y celeste'>La Fiscal\u00eda General de Cuentas se ilumina de rosado y celeste<\/a><\/h3><\/header><\/div><footer class=\"entry-footer\"><\/footer><\/article><article class='av-magazine-entry av-magazine-entry-id-39455 av-magazine-format-standard av-magazine-type-post av-magazine-entry-3 av-magazine-entry-small '  itemscope=\"itemscope\" itemtype=\"https:\/\/schema.org\/CreativeWork\" ><div class=\"av-magazine-thumbnail\"><a href='https:\/\/www.fiscaliadecuentas.gob.pa\/?p=39455' title='Enlace a: Funcionarios participan de docencia en primeros auxilios' class='av-magazine-thumbnail-link'><img decoding=\"async\" fetchpriority=\"high\" width=\"80\" height=\"80\" src=\"https:\/\/www.fiscaliadecuentas.gob.pa\/wp-content\/uploads\/2025\/05\/axu3-80x80.jpg\" class=\"wp-image-39457 avia-img-lazy-loading-not-39457 attachment-thumbnail size-thumbnail wp-post-image\" alt=\"\" srcset=\"https:\/\/www.fiscaliadecuentas.gob.pa\/wp-content\/uploads\/2025\/05\/axu3-80x80.jpg 80w, https:\/\/www.fiscaliadecuentas.gob.pa\/wp-content\/uploads\/2025\/05\/axu3-36x36.jpg 36w, https:\/\/www.fiscaliadecuentas.gob.pa\/wp-content\/uploads\/2025\/05\/axu3-180x180.jpg 180w\" sizes=\"(max-width: 80px) 100vw, 80px\" \/><\/a><\/div><div class=\"av-magazine-content-wrap\"><header class=\"entry-content-header\" aria-label=\"Post: Funcionarios participan de docencia en primeros auxilios\"><time class='av-magazine-time updated'  itemprop=\"datePublished\" datetime=\"2025-05-02T11:46:07-05:00\" >2 mayo, 2025<\/time><h3 class='av-magazine-title entry-title '  itemprop=\"headline\" ><a href='https:\/\/www.fiscaliadecuentas.gob.pa\/?p=39455' title='Enlace a: Funcionarios participan de docencia en primeros auxilios'>Funcionarios participan de docencia en primeros auxilios<\/a><\/h3><\/header><\/div><footer class=\"entry-footer\"><\/footer><\/article><article class='av-magazine-entry av-magazine-entry-id-39443 av-magazine-format-standard av-magazine-type-post av-magazine-entry-4 av-magazine-entry-small '  itemscope=\"itemscope\" itemtype=\"https:\/\/schema.org\/CreativeWork\" ><div class=\"av-magazine-thumbnail\"><a href='https:\/\/www.fiscaliadecuentas.gob.pa\/?p=39443' title='Enlace a: Inauguran stand de la FCG en la edici\u00f3n 61 de la Feria Internacional de Azuero' class='av-magazine-thumbnail-link'><img decoding=\"async\" fetchpriority=\"high\" width=\"80\" height=\"80\" src=\"https:\/\/www.fiscaliadecuentas.gob.pa\/wp-content\/uploads\/2025\/05\/azu1-80x80.jpg\" class=\"wp-image-39445 avia-img-lazy-loading-not-39445 attachment-thumbnail size-thumbnail wp-post-image\" alt=\"\" srcset=\"https:\/\/www.fiscaliadecuentas.gob.pa\/wp-content\/uploads\/2025\/05\/azu1-80x80.jpg 80w, https:\/\/www.fiscaliadecuentas.gob.pa\/wp-content\/uploads\/2025\/05\/azu1-36x36.jpg 36w, https:\/\/www.fiscaliadecuentas.gob.pa\/wp-content\/uploads\/2025\/05\/azu1-180x180.jpg 180w\" sizes=\"(max-width: 80px) 100vw, 80px\" \/><\/a><\/div><div class=\"av-magazine-content-wrap\"><header class=\"entry-content-header\" aria-label=\"Post: Inauguran stand de la FCG en la edici\u00f3n 61 de la Feria Internacional de Azuero\"><time class='av-magazine-time updated'  itemprop=\"datePublished\" datetime=\"2025-04-25T11:38:18-05:00\" >25 abril, 2025<\/time><h3 class='av-magazine-title entry-title '  itemprop=\"headline\" ><a href='https:\/\/www.fiscaliadecuentas.gob.pa\/?p=39443' title='Enlace a: Inauguran stand de la FCG en la edici\u00f3n 61 de la Feria Internacional de Azuero'>Inauguran stand de la FCG en la edici\u00f3n 61 de la Feria Internacional de Azuero<\/a><\/h3><\/header><\/div><footer class=\"entry-footer\"><\/footer><\/article><article class='av-magazine-entry av-magazine-entry-id-39292 av-magazine-format-standard av-magazine-type-post av-magazine-entry-5 av-magazine-entry-small '  itemscope=\"itemscope\" itemtype=\"https:\/\/schema.org\/CreativeWork\" ><div class=\"av-magazine-thumbnail\"><a href='https:\/\/www.fiscaliadecuentas.gob.pa\/?p=39292' title='Enlace a: Fiscal General de Cuentas insta a cerrar brechas en la igualdad de g\u00e9nero' class='av-magazine-thumbnail-link'><img decoding=\"async\" fetchpriority=\"high\" width=\"80\" height=\"80\" src=\"https:\/\/www.fiscaliadecuentas.gob.pa\/wp-content\/uploads\/2025\/03\/WhatsApp-Image-2025-03-07-at-2.44.49-PM-80x80.jpeg\" class=\"wp-image-39293 avia-img-lazy-loading-not-39293 attachment-thumbnail size-thumbnail wp-post-image\" alt=\"\" srcset=\"https:\/\/www.fiscaliadecuentas.gob.pa\/wp-content\/uploads\/2025\/03\/WhatsApp-Image-2025-03-07-at-2.44.49-PM-80x80.jpeg 80w, https:\/\/www.fiscaliadecuentas.gob.pa\/wp-content\/uploads\/2025\/03\/WhatsApp-Image-2025-03-07-at-2.44.49-PM-36x36.jpeg 36w, https:\/\/www.fiscaliadecuentas.gob.pa\/wp-content\/uploads\/2025\/03\/WhatsApp-Image-2025-03-07-at-2.44.49-PM-180x180.jpeg 180w\" sizes=\"(max-width: 80px) 100vw, 80px\" \/><\/a><\/div><div class=\"av-magazine-content-wrap\"><header class=\"entry-content-header\" aria-label=\"Post: Fiscal General de Cuentas insta a cerrar brechas en la igualdad de g\u00e9nero\"><time class='av-magazine-time updated'  itemprop=\"datePublished\" datetime=\"2025-03-07T15:10:59-05:00\" >7 marzo, 2025<\/time><h3 class='av-magazine-title entry-title '  itemprop=\"headline\" ><a href='https:\/\/www.fiscaliadecuentas.gob.pa\/?p=39292' title='Enlace a: Fiscal General de Cuentas insta a cerrar brechas en la igualdad de g\u00e9nero'>Fiscal General de Cuentas insta a cerrar brechas en la igualdad de g\u00e9nero<\/a><\/h3><\/header><\/div><footer class=\"entry-footer\"><\/footer><\/article><article class='av-magazine-entry av-magazine-entry-id-39211 av-magazine-format-standard av-magazine-type-post av-magazine-entry-6 av-magazine-entry-small '  itemscope=\"itemscope\" itemtype=\"https:\/\/schema.org\/CreativeWork\" ><div class=\"av-magazine-thumbnail\"><a href='https:\/\/www.fiscaliadecuentas.gob.pa\/?p=39211' title='Enlace a: Concluye campa\u00f1a \u00abAlto a la Corrupci\u00f3n\u00bb en la Feria de La Chorrera' class='av-magazine-thumbnail-link'><img decoding=\"async\" fetchpriority=\"high\" width=\"80\" height=\"80\" src=\"https:\/\/www.fiscaliadecuentas.gob.pa\/wp-content\/uploads\/2025\/02\/Feria1-80x80.jpg\" class=\"wp-image-39212 avia-img-lazy-loading-not-39212 attachment-thumbnail size-thumbnail wp-post-image\" alt=\"\" srcset=\"https:\/\/www.fiscaliadecuentas.gob.pa\/wp-content\/uploads\/2025\/02\/Feria1-80x80.jpg 80w, https:\/\/www.fiscaliadecuentas.gob.pa\/wp-content\/uploads\/2025\/02\/Feria1-36x36.jpg 36w, https:\/\/www.fiscaliadecuentas.gob.pa\/wp-content\/uploads\/2025\/02\/Feria1-180x180.jpg 180w\" sizes=\"(max-width: 80px) 100vw, 80px\" \/><\/a><\/div><div class=\"av-magazine-content-wrap\"><header class=\"entry-content-header\" aria-label=\"Post: Concluye campa\u00f1a &quot;Alto a la Corrupci\u00f3n&quot; en la Feria de La Chorrera\"><time class='av-magazine-time updated'  itemprop=\"datePublished\" datetime=\"2025-02-05T16:33:39-05:00\" >5 febrero, 2025<\/time><h3 class='av-magazine-title entry-title '  itemprop=\"headline\" ><a href='https:\/\/www.fiscaliadecuentas.gob.pa\/?p=39211' title='Enlace a: Concluye campa\u00f1a \u00abAlto a la Corrupci\u00f3n\u00bb en la Feria de La Chorrera'>Concluye campa\u00f1a \u00abAlto a la Corrupci\u00f3n\u00bb en la Feria de La Chorrera<\/a><\/h3><\/header><\/div><footer class=\"entry-footer\"><\/footer><\/article><article class='av-magazine-entry av-magazine-entry-id-39145 av-magazine-format-standard av-magazine-type-post av-magazine-entry-7 av-magazine-entry-small '  itemscope=\"itemscope\" itemtype=\"https:\/\/schema.org\/CreativeWork\" ><div class=\"av-magazine-thumbnail\"><a href='https:\/\/www.fiscaliadecuentas.gob.pa\/?p=39145' title='Enlace a: Campa\u00f1a \u201cAlto a la Corrupci\u00f3n\u201d se traslada a la Feria Internacional de La Chorrera' class='av-magazine-thumbnail-link'><img decoding=\"async\" fetchpriority=\"high\" width=\"80\" height=\"80\" src=\"https:\/\/www.fiscaliadecuentas.gob.pa\/wp-content\/uploads\/2025\/01\/chorre1-80x80.jpg\" class=\"wp-image-39146 avia-img-lazy-loading-not-39146 attachment-thumbnail size-thumbnail wp-post-image\" alt=\"\" srcset=\"https:\/\/www.fiscaliadecuentas.gob.pa\/wp-content\/uploads\/2025\/01\/chorre1-80x80.jpg 80w, https:\/\/www.fiscaliadecuentas.gob.pa\/wp-content\/uploads\/2025\/01\/chorre1-36x36.jpg 36w, https:\/\/www.fiscaliadecuentas.gob.pa\/wp-content\/uploads\/2025\/01\/chorre1-180x180.jpg 180w\" sizes=\"(max-width: 80px) 100vw, 80px\" \/><\/a><\/div><div class=\"av-magazine-content-wrap\"><header class=\"entry-content-header\" aria-label=\"Post: Campa\u00f1a \u201cAlto a la Corrupci\u00f3n\u201d se traslada a la Feria Internacional de La Chorrera\"><time class='av-magazine-time updated'  itemprop=\"datePublished\" datetime=\"2025-01-23T10:38:37-05:00\" >23 enero, 2025<\/time><h3 class='av-magazine-title entry-title '  itemprop=\"headline\" ><a href='https:\/\/www.fiscaliadecuentas.gob.pa\/?p=39145' title='Enlace a: Campa\u00f1a \u201cAlto a la Corrupci\u00f3n\u201d se traslada a la Feria Internacional de La Chorrera'>Campa\u00f1a \u201cAlto a la Corrupci\u00f3n\u201d se traslada a la Feria Internacional de La Chorrera<\/a><\/h3><\/header><\/div><footer class=\"entry-footer\"><\/footer><\/article><\/div><\/div><\/div><\/div>\n<div  class='hr av-2c49y-295001c0f4a39cd7eba038bb46cbb2e8 hr-default  avia-builder-el-9  el_after_av_one_full  el_before_av_one_half '><span class='hr-inner '><span class=\"hr-inner-style\"><\/span><\/span><\/div>\n\n<style type=\"text\/css\" data-created_by=\"avia_inline_auto\" id=\"style-css-av-wdba-2ee6dbdaa01205955af5793973fe2b95\">\n.flex_column.av-wdba-2ee6dbdaa01205955af5793973fe2b95{\nborder-radius:0px 0px 0px 0px;\npadding:0px 0px 0px 0px;\n}\n<\/style>\n<div  class='flex_column av-wdba-2ee6dbdaa01205955af5793973fe2b95 av_one_half  avia-builder-el-10  el_after_av_hr  el_before_av_one_half  first flex_column_div av-zero-column-padding  '     ><\/div>\n\n<style type=\"text\/css\" data-created_by=\"avia_inline_auto\" id=\"style-css-av-xkda-036a17b637ef7866ee4b075405ceb42a\">\n.flex_column.av-xkda-036a17b637ef7866ee4b075405ceb42a{\nborder-radius:0px 0px 0px 0px;\npadding:0px 0px 0px 0px;\n}\n<\/style>\n<div  class='flex_column av-xkda-036a17b637ef7866ee4b075405ceb42a av_one_half  avia-builder-el-12  el_after_av_one_half  avia-builder-el-last  flex_column_div av-zero-column-padding  '     ><div  class='avia-builder-widget-area clearfix  avia-builder-el-13  avia-builder-el-no-sibling '><div id=\"avia_fb_likebox-2\" class=\"widget clearfix avia-widget-container avia_fb_likebox avia_no_block_preview\"><div class=\"avia-preview-headline\">Enfold Facebook Likebox<\/div><div class=\"avia-preview-info\">T\u00edtulo: Follow us on Facebook<\/div><div class=\"avia-preview-info\">URL: https:\/\/www.facebook.com\/fgcpanama<\/div><div class=\"avia-preview-in-front\">Content is only rendered in frontend.<\/div><\/div><\/div><\/div>\n","protected":false},"excerpt":{"rendered":"","protected":false},"author":1,"featured_media":0,"parent":0,"menu_order":0,"comment_status":"closed","ping_status":"closed","template":"","meta":{"_EventAllDay":false,"_EventTimezone":"","_EventStartDate":"","_EventEndDate":"","_EventStartDateUTC":"","_EventEndDateUTC":"","_EventShowMap":false,"_EventShowMapLink":false,"_EventURL":"","_EventCost":"","_EventCostDescription":"","_EventCurrencySymbol":"","_EventCurrencyCode":"","_EventCurrencyPosition":"","_EventDateTimeSeparator":"","_EventTimeRangeSeparator":"","_EventOrganizerID":[],"_EventVenueID":[],"_OrganizerEmail":"","_OrganizerPhone":"","_OrganizerWebsite":"","_VenueAddress":"","_VenueCity":"","_VenueCountry":"","_VenueProvince":"","_VenueState":"","_VenueZip":"","_VenuePhone":"","_VenueURL":"","_VenueStateProvince":"","_VenueLat":"","_VenueLng":"","_VenueShowMap":false,"_VenueShowMapLink":false,"footnotes":""},"class_list":["post-46","page","type-page","status-publish","hentry"],"_links":{"self":[{"href":"https:\/\/www.fiscaliadecuentas.gob.pa\/index.php?rest_route=\/wp\/v2\/pages\/46","targetHints":{"allow":["GET"]}}],"collection":[{"href":"https:\/\/www.fiscaliadecuentas.gob.pa\/index.php?rest_route=\/wp\/v2\/pages"}],"about":[{"href":"https:\/\/www.fiscaliadecuentas.gob.pa\/index.php?rest_route=\/wp\/v2\/types\/page"}],"author":[{"embeddable":true,"href":"https:\/\/www.fiscaliadecuentas.gob.pa\/index.php?rest_route=\/wp\/v2\/users\/1"}],"replies":[{"embeddable":true,"href":"https:\/\/www.fiscaliadecuentas.gob.pa\/index.php?rest_route=%2Fwp%2Fv2%2Fcomments&post=46"}],"version-history":[{"count":98,"href":"https:\/\/www.fiscaliadecuentas.gob.pa\/index.php?rest_route=\/wp\/v2\/pages\/46\/revisions"}],"predecessor-version":[{"id":39805,"href":"https:\/\/www.fiscaliadecuentas.gob.pa\/index.php?rest_route=\/wp\/v2\/pages\/46\/revisions\/39805"}],"wp:attachment":[{"href":"https:\/\/www.fiscaliadecuentas.gob.pa\/index.php?rest_route=%2Fwp%2Fv2%2Fmedia&parent=46"}],"curies":[{"name":"wp","href":"https:\/\/api.w.org\/{rel}","templated":true}]}}