{"id":7459,"date":"2020-06-11T10:23:06","date_gmt":"2020-06-11T15:23:06","guid":{"rendered":"http:\/\/192.168.8.46\/?page_id=7459"},"modified":"2022-11-29T10:59:14","modified_gmt":"2022-11-29T15:59:14","slug":"enlaces-de-interes","status":"publish","type":"page","link":"https:\/\/www.fiscaliadecuentas.gob.pa\/?page_id=7459","title":{"rendered":"Enlaces de Inter\u00e9s"},"content":{"rendered":"\t\t<div data-elementor-type=\"wp-page\" data-elementor-id=\"7459\" class=\"elementor elementor-7459\" data-elementor-settings=\"[]\">\n\t\t\t\t\t\t<div class=\"elementor-inner\">\n\t\t\t\t\t\t\t<div class=\"elementor-section-wrap\">\n\t\t\t\t\t\t\t<section class=\"elementor-section elementor-top-section elementor-element elementor-element-e79bdbd elementor-section-boxed elementor-section-height-default elementor-section-height-default\" data-id=\"e79bdbd\" data-element_type=\"section\">\n\t\t\t\t\t\t<div class=\"elementor-container elementor-column-gap-default\">\n\t\t\t\t\t\t\t<div class=\"elementor-row\">\n\t\t\t\t\t<div class=\"elementor-column elementor-col-100 elementor-top-column elementor-element elementor-element-d96b483\" data-id=\"d96b483\" data-element_type=\"column\">\n\t\t\t<div class=\"elementor-column-wrap elementor-element-populated\">\n\t\t\t\t\t\t\t<div class=\"elementor-widget-wrap\">\n\t\t\t\t\t\t<div class=\"elementor-element elementor-element-f1b8a14 elementor-widget elementor-widget-shortcode\" data-id=\"f1b8a14\" data-element_type=\"widget\" data-widget_type=\"shortcode.default\">\n\t\t\t\t<div class=\"elementor-widget-container\">\n\t\t\t\t\t<div class=\"elementor-shortcode\">[layerslider id=\"4\"]<\/div>\n\t\t\t\t<\/div>\n\t\t\t\t<\/div>\n\t\t\t\t\t\t<\/div>\n\t\t\t\t\t<\/div>\n\t\t<\/div>\n\t\t\t\t\t\t\t\t<\/div>\n\t\t\t\t\t<\/div>\n\t\t<\/section>\n\t\t\t\t<section class=\"elementor-section elementor-top-section elementor-element elementor-element-7f737e9 elementor-section-boxed elementor-section-height-default elementor-section-height-default\" data-id=\"7f737e9\" data-element_type=\"section\">\n\t\t\t\t\t\t<div class=\"elementor-container elementor-column-gap-default\">\n\t\t\t\t\t\t\t<div class=\"elementor-row\">\n\t\t\t\t\t<div class=\"elementor-column elementor-col-100 elementor-top-column elementor-element elementor-element-531eee3\" data-id=\"531eee3\" data-element_type=\"column\">\n\t\t\t<div class=\"elementor-column-wrap elementor-element-populated\">\n\t\t\t\t\t\t\t<div class=\"elementor-widget-wrap\">\n\t\t\t\t\t\t<div class=\"elementor-element elementor-element-25256a7 elementor-widget elementor-widget-spacer\" data-id=\"25256a7\" data-element_type=\"widget\" data-widget_type=\"spacer.default\">\n\t\t\t\t<div class=\"elementor-widget-container\">\n\t\t\t\t\t<div class=\"elementor-spacer\">\n\t\t\t<div class=\"elementor-spacer-inner\"><\/div>\n\t\t<\/div>\n\t\t\t\t<\/div>\n\t\t\t\t<\/div>\n\t\t\t\t\t\t<\/div>\n\t\t\t\t\t<\/div>\n\t\t<\/div>\n\t\t\t\t\t\t\t\t<\/div>\n\t\t\t\t\t<\/div>\n\t\t<\/section>\n\t\t\t\t<section class=\"elementor-section elementor-top-section elementor-element elementor-element-3bcb83c elementor-section-boxed elementor-section-height-default elementor-section-height-default\" data-id=\"3bcb83c\" data-element_type=\"section\">\n\t\t\t\t\t\t<div class=\"elementor-container elementor-column-gap-default\">\n\t\t\t\t\t\t\t<div class=\"elementor-row\">\n\t\t\t\t\t<div class=\"elementor-column elementor-col-50 elementor-top-column elementor-element elementor-element-f33a1ad\" data-id=\"f33a1ad\" data-element_type=\"column\">\n\t\t\t<div class=\"elementor-column-wrap elementor-element-populated\">\n\t\t\t\t\t\t\t<div class=\"elementor-widget-wrap\">\n\t\t\t\t\t\t<div class=\"elementor-element elementor-element-8aa7ced elementor-position-left elementor-vertical-align-top elementor-widget elementor-widget-image-box\" data-id=\"8aa7ced\" data-element_type=\"widget\" data-widget_type=\"image-box.default\">\n\t\t\t\t<div class=\"elementor-widget-container\">\n\t\t\t<div class=\"elementor-image-box-wrapper\"><figure class=\"elementor-image-box-img\"><a href=\"https:\/\/tribunaldecuentas.gob.pa\/\" target=\"_blank\" rel=\"nofollow\"><img loading=\"lazy\" decoding=\"async\" width=\"141\" height=\"109\" src=\"https:\/\/www.fiscaliadecuentas.gob.pa\/wp-content\/uploads\/2020\/06\/logoTC-3-1.png\" class=\"attachment-full size-full\" alt=\"\" \/><\/a><\/figure><div class=\"elementor-image-box-content\"><h3 class=\"elementor-image-box-title\"><a href=\"https:\/\/tribunaldecuentas.gob.pa\/\" target=\"_blank\" rel=\"nofollow\">Tribunal de Cuentas - Panam\u00e1<\/a><\/h3><p class=\"elementor-image-box-description\"><p style=\"text-align:justify;\">El Tribunal de Cuentas, es una instituci\u00f3n de rango constitucional que tiene la funci\u00f3n de juzgar la responsabilidad patrimonial, en raz\u00f3n de los reparos que surjan a partir de los ex\u00e1menes, auditor\u00edas o investigaciones realizadas de oficio, por la Contralor\u00eda General de la Rep\u00fablica o por denuncias presentadas ante la misma, por particulares o servidores p\u00fablicos, a las cuentas de los agentes y empleados de manejo (sean estas personas naturales o jur\u00eddicas).<\/p><\/p><\/div><\/div>\t\t<\/div>\n\t\t\t\t<\/div>\n\t\t\t\t\t\t<\/div>\n\t\t\t\t\t<\/div>\n\t\t<\/div>\n\t\t\t\t<div class=\"elementor-column elementor-col-50 elementor-top-column elementor-element elementor-element-a2a804d\" data-id=\"a2a804d\" data-element_type=\"column\">\n\t\t\t<div class=\"elementor-column-wrap elementor-element-populated\">\n\t\t\t\t\t\t\t<div class=\"elementor-widget-wrap\">\n\t\t\t\t\t\t<div class=\"elementor-element elementor-element-f1552b4 elementor-position-left elementor-vertical-align-top elementor-widget elementor-widget-image-box\" data-id=\"f1552b4\" data-element_type=\"widget\" data-widget_type=\"image-box.default\">\n\t\t\t\t<div class=\"elementor-widget-container\">\n\t\t\t<div class=\"elementor-image-box-wrapper\"><figure class=\"elementor-image-box-img\"><a href=\"https:\/\/www.organojudicial.gob.pa\/\" target=\"_blank\" rel=\"nofollow\"><img loading=\"lazy\" decoding=\"async\" width=\"1026\" height=\"1330\" src=\"https:\/\/www.fiscaliadecuentas.gob.pa\/wp-content\/uploads\/2020\/06\/LOGO-OJ_1-1.jpg\" class=\"attachment-full size-full\" alt=\"\" \/><\/a><\/figure><div class=\"elementor-image-box-content\"><h3 class=\"elementor-image-box-title\"><a href=\"https:\/\/www.organojudicial.gob.pa\/\" target=\"_blank\" rel=\"nofollow\">\u00d3rgano Judicial<\/a><\/h3><p class=\"elementor-image-box-description\"><p style=\"text-align:justify;\">El \u00d3rgano Judicial es uno de los tres poderes del Estado Paname\u00f1o y se encarga de administrar justicia, la cual es necesaria para establecer la convivencia pac\u00edfica entre los ciudadanos, conforme lo establece la Constituci\u00f3n Nacional.<\/p><\/p><\/div><\/div>\t\t<\/div>\n\t\t\t\t<\/div>\n\t\t\t\t\t\t<\/div>\n\t\t\t\t\t<\/div>\n\t\t<\/div>\n\t\t\t\t\t\t\t\t<\/div>\n\t\t\t\t\t<\/div>\n\t\t<\/section>\n\t\t\t\t<section class=\"elementor-section elementor-top-section elementor-element elementor-element-fad2f7f elementor-section-boxed elementor-section-height-default elementor-section-height-default\" data-id=\"fad2f7f\" data-element_type=\"section\">\n\t\t\t\t\t\t<div class=\"elementor-container elementor-column-gap-default\">\n\t\t\t\t\t\t\t<div class=\"elementor-row\">\n\t\t\t\t\t<div class=\"elementor-column elementor-col-100 elementor-top-column elementor-element elementor-element-5b51ff8\" data-id=\"5b51ff8\" data-element_type=\"column\">\n\t\t\t<div class=\"elementor-column-wrap elementor-element-populated\">\n\t\t\t\t\t\t\t<div class=\"elementor-widget-wrap\">\n\t\t\t\t\t\t<div class=\"elementor-element elementor-element-b7036a7 elementor-widget elementor-widget-spacer\" data-id=\"b7036a7\" data-element_type=\"widget\" data-widget_type=\"spacer.default\">\n\t\t\t\t<div class=\"elementor-widget-container\">\n\t\t\t\t\t<div class=\"elementor-spacer\">\n\t\t\t<div class=\"elementor-spacer-inner\"><\/div>\n\t\t<\/div>\n\t\t\t\t<\/div>\n\t\t\t\t<\/div>\n\t\t\t\t\t\t<\/div>\n\t\t\t\t\t<\/div>\n\t\t<\/div>\n\t\t\t\t\t\t\t\t<\/div>\n\t\t\t\t\t<\/div>\n\t\t<\/section>\n\t\t\t\t<section class=\"elementor-section elementor-top-section elementor-element elementor-element-d7d49fc elementor-section-boxed elementor-section-height-default elementor-section-height-default\" data-id=\"d7d49fc\" data-element_type=\"section\">\n\t\t\t\t\t\t<div class=\"elementor-container elementor-column-gap-default\">\n\t\t\t\t\t\t\t<div class=\"elementor-row\">\n\t\t\t\t\t<div class=\"elementor-column elementor-col-50 elementor-top-column elementor-element elementor-element-44a5720\" data-id=\"44a5720\" data-element_type=\"column\">\n\t\t\t<div class=\"elementor-column-wrap elementor-element-populated\">\n\t\t\t\t\t\t\t<div class=\"elementor-widget-wrap\">\n\t\t\t\t\t\t<div class=\"elementor-element elementor-element-3ddc1a3 elementor-position-left elementor-vertical-align-top elementor-widget elementor-widget-image-box\" data-id=\"3ddc1a3\" data-element_type=\"widget\" data-widget_type=\"image-box.default\">\n\t\t\t\t<div class=\"elementor-widget-container\">\n\t\t\t<div class=\"elementor-image-box-wrapper\"><figure class=\"elementor-image-box-img\"><a href=\"https:\/\/ministeriopublico.gob.pa\/\" target=\"_blank\" rel=\"nofollow\"><img loading=\"lazy\" decoding=\"async\" width=\"250\" height=\"284\" src=\"https:\/\/www.fiscaliadecuentas.gob.pa\/wp-content\/uploads\/2020\/06\/Logo_del_Ministerio_P\u00fablico_de_Panam\u00e1-1.png\" class=\"attachment-full size-full\" alt=\"\" \/><\/a><\/figure><div class=\"elementor-image-box-content\"><h3 class=\"elementor-image-box-title\"><a href=\"https:\/\/ministeriopublico.gob.pa\/\" target=\"_blank\" rel=\"nofollow\">Ministerio P\u00fablico<\/a><\/h3><p class=\"elementor-image-box-description\"><p style=\"text-align:justify;\">Es un organismo aut\u00f3nomo \u2014es decir, no forma parte de ninguno de los poderes del Estado paname\u00f1o\u2014 y jerarquizado, cuya funci\u00f3n es dirigir en forma exclusiva la investigaci\u00f3n de los hechos constitutivos de delito, los que determinen la participaci\u00f3n punible y los que acrediten la inocencia del imputado y, en su caso, ejercer la acci\u00f3n penal p\u00fablica en la forma prevista por la ley; de igual manera, le corresponde la adopci\u00f3n de medidas para proteger a las v\u00edctimas y a los testigos.<\/p><\/p><\/div><\/div>\t\t<\/div>\n\t\t\t\t<\/div>\n\t\t\t\t\t\t<\/div>\n\t\t\t\t\t<\/div>\n\t\t<\/div>\n\t\t\t\t<div class=\"elementor-column elementor-col-50 elementor-top-column elementor-element elementor-element-0307922\" data-id=\"0307922\" data-element_type=\"column\">\n\t\t\t<div class=\"elementor-column-wrap elementor-element-populated\">\n\t\t\t\t\t\t\t<div class=\"elementor-widget-wrap\">\n\t\t\t\t\t\t<div class=\"elementor-element elementor-element-0017c21 elementor-position-left elementor-vertical-align-top elementor-widget elementor-widget-image-box\" data-id=\"0017c21\" data-element_type=\"widget\" data-widget_type=\"image-box.default\">\n\t\t\t\t<div class=\"elementor-widget-container\">\n\t\t\t<div class=\"elementor-image-box-wrapper\"><figure class=\"elementor-image-box-img\"><a href=\"https:\/\/www.organojudicial.gob.pa\/cendoj%20\" target=\"_blank\" rel=\"nofollow\"><img loading=\"lazy\" decoding=\"async\" width=\"1026\" height=\"1330\" src=\"https:\/\/www.fiscaliadecuentas.gob.pa\/wp-content\/uploads\/2020\/06\/LOGO-OJ_1-1.jpg\" class=\"attachment-full size-full\" alt=\"\" \/><\/a><\/figure><div class=\"elementor-image-box-content\"><h3 class=\"elementor-image-box-title\"><a href=\"https:\/\/www.organojudicial.gob.pa\/cendoj%20\" target=\"_blank\" rel=\"nofollow\">Centro de Documentaci\u00f3n Judicial<\/a><\/h3><p class=\"elementor-image-box-description\"><p style=\"text-align:justify;\">El Centro de Documentaci\u00f3n Judicial, es una unidad t\u00e9cnica adscrita al \u00d3rgano Judicial, cuyas funciones son la selecci\u00f3n, ordenaci\u00f3n, tratamiento, difusi\u00f3n y publicaci\u00f3n de informaci\u00f3n jur\u00eddica legislativa, jurisprudencial y doctrinal...<\/p><\/p><\/div><\/div>\t\t<\/div>\n\t\t\t\t<\/div>\n\t\t\t\t\t\t<\/div>\n\t\t\t\t\t<\/div>\n\t\t<\/div>\n\t\t\t\t\t\t\t\t<\/div>\n\t\t\t\t\t<\/div>\n\t\t<\/section>\n\t\t\t\t<section class=\"elementor-section elementor-top-section elementor-element elementor-element-0b74b99 elementor-section-boxed elementor-section-height-default elementor-section-height-default\" data-id=\"0b74b99\" data-element_type=\"section\">\n\t\t\t\t\t\t<div class=\"elementor-container elementor-column-gap-default\">\n\t\t\t\t\t\t\t<div class=\"elementor-row\">\n\t\t\t\t\t<div class=\"elementor-column elementor-col-100 elementor-top-column elementor-element elementor-element-211ced2\" data-id=\"211ced2\" data-element_type=\"column\">\n\t\t\t<div class=\"elementor-column-wrap elementor-element-populated\">\n\t\t\t\t\t\t\t<div class=\"elementor-widget-wrap\">\n\t\t\t\t\t\t<div class=\"elementor-element elementor-element-234aec1 elementor-widget elementor-widget-spacer\" data-id=\"234aec1\" data-element_type=\"widget\" data-widget_type=\"spacer.default\">\n\t\t\t\t<div class=\"elementor-widget-container\">\n\t\t\t\t\t<div class=\"elementor-spacer\">\n\t\t\t<div class=\"elementor-spacer-inner\"><\/div>\n\t\t<\/div>\n\t\t\t\t<\/div>\n\t\t\t\t<\/div>\n\t\t\t\t\t\t<\/div>\n\t\t\t\t\t<\/div>\n\t\t<\/div>\n\t\t\t\t\t\t\t\t<\/div>\n\t\t\t\t\t<\/div>\n\t\t<\/section>\n\t\t\t\t<section class=\"elementor-section elementor-top-section elementor-element elementor-element-95ecbc9 elementor-section-boxed elementor-section-height-default elementor-section-height-default\" data-id=\"95ecbc9\" data-element_type=\"section\">\n\t\t\t\t\t\t<div class=\"elementor-container elementor-column-gap-default\">\n\t\t\t\t\t\t\t<div class=\"elementor-row\">\n\t\t\t\t\t<div class=\"elementor-column elementor-col-50 elementor-top-column elementor-element elementor-element-e52147b\" data-id=\"e52147b\" data-element_type=\"column\">\n\t\t\t<div class=\"elementor-column-wrap elementor-element-populated\">\n\t\t\t\t\t\t\t<div class=\"elementor-widget-wrap\">\n\t\t\t\t\t\t<div class=\"elementor-element elementor-element-eab4704 elementor-position-left elementor-vertical-align-top elementor-widget elementor-widget-image-box\" data-id=\"eab4704\" data-element_type=\"widget\" data-widget_type=\"image-box.default\">\n\t\t\t\t<div class=\"elementor-widget-container\">\n\t\t\t<div class=\"elementor-image-box-wrapper\"><figure class=\"elementor-image-box-img\"><a href=\"http:\/\/infojuridica.procuraduria-admon.gob.pa\/\" target=\"_blank\" rel=\"nofollow\"><img loading=\"lazy\" decoding=\"async\" width=\"695\" height=\"680\" src=\"https:\/\/www.fiscaliadecuentas.gob.pa\/wp-content\/uploads\/2020\/06\/infojuridica-1.jpg\" class=\"attachment-full size-full\" alt=\"\" \/><\/a><\/figure><div class=\"elementor-image-box-content\"><h3 class=\"elementor-image-box-title\"><a href=\"http:\/\/infojuridica.procuraduria-admon.gob.pa\/\" target=\"_blank\" rel=\"nofollow\">Infojur\u00eddica<\/a><\/h3><p class=\"elementor-image-box-description\"><p style=\"text-align:justify;\">Infojuridica es el Sistema de Informaci\u00f3n de Normas y Afectaciones Paname\u00f1as de la Procuradur\u00eda de la Administraci\u00f3n, cuya base de datos contiene informaci\u00f3n jur\u00eddica sistematizada de normas, con expresi\u00f3n detallada de sus afectaciones, vigencias e inconstitucionalidades con acceso al texto \u00edntegro de la norma, desde el a\u00f1o 1903 hasta la fecha.<\/p><\/p><\/div><\/div>\t\t<\/div>\n\t\t\t\t<\/div>\n\t\t\t\t\t\t<\/div>\n\t\t\t\t\t<\/div>\n\t\t<\/div>\n\t\t\t\t<div class=\"elementor-column elementor-col-50 elementor-top-column elementor-element elementor-element-b85e399\" data-id=\"b85e399\" data-element_type=\"column\">\n\t\t\t<div class=\"elementor-column-wrap elementor-element-populated\">\n\t\t\t\t\t\t\t<div class=\"elementor-widget-wrap\">\n\t\t\t\t\t\t<div class=\"elementor-element elementor-element-ab2dc86 elementor-position-left elementor-vertical-align-top elementor-widget elementor-widget-image-box\" data-id=\"ab2dc86\" data-element_type=\"widget\" data-widget_type=\"image-box.default\">\n\t\t\t\t<div class=\"elementor-widget-container\">\n\t\t\t<div class=\"elementor-image-box-wrapper\"><figure class=\"elementor-image-box-img\"><a href=\"https:\/\/www.asamblea.gob.pa\" target=\"_blank\" rel=\"nofollow\"><img loading=\"lazy\" decoding=\"async\" width=\"257\" height=\"257\" src=\"https:\/\/www.fiscaliadecuentas.gob.pa\/wp-content\/uploads\/2020\/06\/logoAsamblea-1.png\" class=\"attachment-full size-full\" alt=\"\" \/><\/a><\/figure><div class=\"elementor-image-box-content\"><h3 class=\"elementor-image-box-title\"><a href=\"https:\/\/www.asamblea.gob.pa\" target=\"_blank\" rel=\"nofollow\">Asamblea Nacional<\/a><\/h3><p class=\"elementor-image-box-description\"><p style=\"text-align:justify;\">Es el \u00f3rgano constituido por una corporaci\u00f3n denominada Asamblea Nacional, es unicameral y ejerce el poder legislativo en la Rep\u00fablica de Panam\u00e1. Sus miembros son elegidos mediante postulaci\u00f3n partidista o por libre postulaci\u00f3n, conforme lo establece el Cap\u00edtulo I, T\u00edtulo V de la Constituci\u00f3n Pol\u00edtica de la Rep\u00fablica de Panam\u00e1.<\/p>\n\n<\/p><\/div><\/div>\t\t<\/div>\n\t\t\t\t<\/div>\n\t\t\t\t\t\t<\/div>\n\t\t\t\t\t<\/div>\n\t\t<\/div>\n\t\t\t\t\t\t\t\t<\/div>\n\t\t\t\t\t<\/div>\n\t\t<\/section>\n\t\t\t\t<section class=\"elementor-section elementor-top-section elementor-element elementor-element-f3ac28b elementor-section-boxed elementor-section-height-default elementor-section-height-default\" data-id=\"f3ac28b\" data-element_type=\"section\">\n\t\t\t\t\t\t<div class=\"elementor-container elementor-column-gap-default\">\n\t\t\t\t\t\t\t<div class=\"elementor-row\">\n\t\t\t\t\t<div class=\"elementor-column elementor-col-100 elementor-top-column elementor-element elementor-element-df1ee34\" data-id=\"df1ee34\" data-element_type=\"column\">\n\t\t\t<div class=\"elementor-column-wrap elementor-element-populated\">\n\t\t\t\t\t\t\t<div class=\"elementor-widget-wrap\">\n\t\t\t\t\t\t<div class=\"elementor-element elementor-element-8adb434 elementor-widget elementor-widget-spacer\" data-id=\"8adb434\" data-element_type=\"widget\" data-widget_type=\"spacer.default\">\n\t\t\t\t<div class=\"elementor-widget-container\">\n\t\t\t\t\t<div class=\"elementor-spacer\">\n\t\t\t<div class=\"elementor-spacer-inner\"><\/div>\n\t\t<\/div>\n\t\t\t\t<\/div>\n\t\t\t\t<\/div>\n\t\t\t\t\t\t<\/div>\n\t\t\t\t\t<\/div>\n\t\t<\/div>\n\t\t\t\t\t\t\t\t<\/div>\n\t\t\t\t\t<\/div>\n\t\t<\/section>\n\t\t\t\t<section class=\"elementor-section elementor-top-section elementor-element elementor-element-2670bfc elementor-section-boxed elementor-section-height-default elementor-section-height-default\" data-id=\"2670bfc\" data-element_type=\"section\">\n\t\t\t\t\t\t<div class=\"elementor-container elementor-column-gap-default\">\n\t\t\t\t\t\t\t<div class=\"elementor-row\">\n\t\t\t\t\t<div class=\"elementor-column elementor-col-50 elementor-top-column elementor-element elementor-element-9bbc5c0\" data-id=\"9bbc5c0\" data-element_type=\"column\">\n\t\t\t<div class=\"elementor-column-wrap elementor-element-populated\">\n\t\t\t\t\t\t\t<div class=\"elementor-widget-wrap\">\n\t\t\t\t\t\t<div class=\"elementor-element elementor-element-a11a4d1 elementor-position-left elementor-vertical-align-top elementor-widget elementor-widget-image-box\" data-id=\"a11a4d1\" data-element_type=\"widget\" data-widget_type=\"image-box.default\">\n\t\t\t\t<div class=\"elementor-widget-container\">\n\t\t\t<div class=\"elementor-image-box-wrapper\"><figure class=\"elementor-image-box-img\"><a href=\"http:\/\/www.procuraduria-admon.gob.pa\/\" target=\"_blank\" rel=\"nofollow\"><img loading=\"lazy\" decoding=\"async\" width=\"507\" height=\"501\" src=\"https:\/\/www.fiscaliadecuentas.gob.pa\/wp-content\/uploads\/2020\/10\/Procuraduria-de-la-Adm-logo.png\" class=\"attachment-full size-full\" alt=\"\" \/><\/a><\/figure><div class=\"elementor-image-box-content\"><h3 class=\"elementor-image-box-title\"><a href=\"http:\/\/www.procuraduria-admon.gob.pa\/\" target=\"_blank\" rel=\"nofollow\">Procuradur\u00eda de la Administraci\u00f3n<\/a><\/h3><p class=\"elementor-image-box-description\"><p style=\"text-align:justify;\">La Procuradur\u00eda de la Administraci\u00f3n es la instituci\u00f3n, integrada al Ministerio P\u00fablico, que ejerce sus competencias en todo el territorio nacional. Esta instituci\u00f3n tiene independencia funcional, administrativa y presupuestaria, determinada en la Constituci\u00f3n Pol\u00edtica y la ley, para el cumplimiento de sus fines. Las actuaciones de la Procuradur\u00eda de la Administraci\u00f3n se extienden al \u00e1mbito jur\u00eddico administrativo del Estado, excluyendo las funciones jurisdiccionales, legislativas y, en general, las competencias especiales que tengan otros organismos oficiales.<\/p>\n\n<\/p><\/div><\/div>\t\t<\/div>\n\t\t\t\t<\/div>\n\t\t\t\t\t\t<\/div>\n\t\t\t\t\t<\/div>\n\t\t<\/div>\n\t\t\t\t<div class=\"elementor-column elementor-col-50 elementor-top-column elementor-element elementor-element-d546e85\" data-id=\"d546e85\" data-element_type=\"column\">\n\t\t\t<div class=\"elementor-column-wrap elementor-element-populated\">\n\t\t\t\t\t\t\t<div class=\"elementor-widget-wrap\">\n\t\t\t\t\t\t<div class=\"elementor-element elementor-element-e654574 elementor-position-left elementor-vertical-align-top elementor-widget elementor-widget-image-box\" data-id=\"e654574\" data-element_type=\"widget\" data-widget_type=\"image-box.default\">\n\t\t\t\t<div class=\"elementor-widget-container\">\n\t\t\t<div class=\"elementor-image-box-wrapper\"><figure class=\"elementor-image-box-img\"><a href=\"https:\/\/www.tacp.gob.pa\/\" target=\"_blank\" rel=\"nofollow\"><img loading=\"lazy\" decoding=\"async\" width=\"400\" height=\"400\" src=\"https:\/\/www.fiscaliadecuentas.gob.pa\/wp-content\/uploads\/2020\/06\/GvYfIJ2B_400x400-1.jpg\" class=\"attachment-full size-full\" alt=\"\" \/><\/a><\/figure><div class=\"elementor-image-box-content\"><h3 class=\"elementor-image-box-title\"><a href=\"https:\/\/www.tacp.gob.pa\/\" target=\"_blank\" rel=\"nofollow\">Tribunal Administrativo de Contrataciones P\u00fablicas<\/a><\/h3><p class=\"elementor-image-box-description\"><p style=\"text-align:justify;\">El Texto \u00danico de la Ley 22 de 27 de junio de 2006, ordenado mediante la Ley 61 de 2017, crea en su art\u00edculo 136 al Tribunal Administrativo de Contrataciones P\u00fablicas que es una instituci\u00f3n aut\u00f3noma, independiente e imparcial, constituido para velar que las entidades gestoras de actos p\u00fablicos de selecci\u00f3n de contratistas aplican debidamente los principios constitucionales, legales y reglamentarios de la contrataci\u00f3n p\u00fablica. <\/p>\n\n<\/p><\/div><\/div>\t\t<\/div>\n\t\t\t\t<\/div>\n\t\t\t\t\t\t<\/div>\n\t\t\t\t\t<\/div>\n\t\t<\/div>\n\t\t\t\t\t\t\t\t<\/div>\n\t\t\t\t\t<\/div>\n\t\t<\/section>\n\t\t\t\t<section class=\"elementor-section elementor-top-section elementor-element elementor-element-b0d6842 elementor-section-boxed elementor-section-height-default elementor-section-height-default\" data-id=\"b0d6842\" data-element_type=\"section\">\n\t\t\t\t\t\t<div class=\"elementor-container elementor-column-gap-default\">\n\t\t\t\t\t\t\t<div class=\"elementor-row\">\n\t\t\t\t\t<div class=\"elementor-column elementor-col-100 elementor-top-column elementor-element elementor-element-c752ebd\" data-id=\"c752ebd\" data-element_type=\"column\">\n\t\t\t<div class=\"elementor-column-wrap elementor-element-populated\">\n\t\t\t\t\t\t\t<div class=\"elementor-widget-wrap\">\n\t\t\t\t\t\t<div class=\"elementor-element elementor-element-fe74cd4 elementor-widget elementor-widget-spacer\" data-id=\"fe74cd4\" data-element_type=\"widget\" data-widget_type=\"spacer.default\">\n\t\t\t\t<div class=\"elementor-widget-container\">\n\t\t\t\t\t<div class=\"elementor-spacer\">\n\t\t\t<div class=\"elementor-spacer-inner\"><\/div>\n\t\t<\/div>\n\t\t\t\t<\/div>\n\t\t\t\t<\/div>\n\t\t\t\t\t\t<\/div>\n\t\t\t\t\t<\/div>\n\t\t<\/div>\n\t\t\t\t\t\t\t\t<\/div>\n\t\t\t\t\t<\/div>\n\t\t<\/section>\n\t\t\t\t<section class=\"elementor-section elementor-top-section elementor-element elementor-element-df4892e elementor-section-boxed elementor-section-height-default elementor-section-height-default\" data-id=\"df4892e\" data-element_type=\"section\">\n\t\t\t\t\t\t<div class=\"elementor-container elementor-column-gap-default\">\n\t\t\t\t\t\t\t<div class=\"elementor-row\">\n\t\t\t\t\t<div class=\"elementor-column elementor-col-50 elementor-top-column elementor-element elementor-element-4f2c9fb\" data-id=\"4f2c9fb\" data-element_type=\"column\">\n\t\t\t<div class=\"elementor-column-wrap elementor-element-populated\">\n\t\t\t\t\t\t\t<div class=\"elementor-widget-wrap\">\n\t\t\t\t\t\t<div class=\"elementor-element elementor-element-e2e82f7 elementor-position-left elementor-vertical-align-top elementor-widget elementor-widget-image-box\" data-id=\"e2e82f7\" data-element_type=\"widget\" data-widget_type=\"image-box.default\">\n\t\t\t\t<div class=\"elementor-widget-container\">\n\t\t\t<div class=\"elementor-image-box-wrapper\"><figure class=\"elementor-image-box-img\"><a href=\"https:\/\/www.gacetaoficial.gob.pa\/\" target=\"_blank\" rel=\"nofollow\"><img loading=\"lazy\" decoding=\"async\" width=\"295\" height=\"216\" src=\"https:\/\/www.fiscaliadecuentas.gob.pa\/wp-content\/uploads\/2020\/06\/GacetaOficial.png\" class=\"attachment-full size-full\" alt=\"\" \/><\/a><\/figure><div class=\"elementor-image-box-content\"><h3 class=\"elementor-image-box-title\"><a href=\"https:\/\/www.gacetaoficial.gob.pa\/\" target=\"_blank\" rel=\"nofollow\">Gaceta Oficial<\/a><\/h3><p class=\"elementor-image-box-description\"><p style=\"text-align:justify;\">La Gaceta Oficial fue fundada mediante Decreto No. 10 de 11 de noviembre de 1903. La Gaceta Oficial Digital, tiene validez jur\u00eddica desde el 3 de julio de 2006, seg\u00fan Ley 53, del 28 de diciembre de 2005; reglamentada mediante el Decreto Ejecutivo No. 153, del 30 de agosto de 2007, del Ministerio de la Presidencia, y modificada por el Decreto Ejecutivo No. 351, del 20 de abril de 2011, del Ministerio de la Presidencia.<\/p><\/p><\/div><\/div>\t\t<\/div>\n\t\t\t\t<\/div>\n\t\t\t\t\t\t<\/div>\n\t\t\t\t\t<\/div>\n\t\t<\/div>\n\t\t\t\t<div class=\"elementor-column elementor-col-50 elementor-top-column elementor-element elementor-element-8737e62\" data-id=\"8737e62\" data-element_type=\"column\">\n\t\t\t<div class=\"elementor-column-wrap elementor-element-populated\">\n\t\t\t\t\t\t\t<div class=\"elementor-widget-wrap\">\n\t\t\t\t\t\t<div class=\"elementor-element elementor-element-2e9dad6 elementor-position-left elementor-vertical-align-top elementor-widget elementor-widget-image-box\" data-id=\"2e9dad6\" data-element_type=\"widget\" data-widget_type=\"image-box.default\">\n\t\t\t\t<div class=\"elementor-widget-container\">\n\t\t\t<div class=\"elementor-image-box-wrapper\"><figure class=\"elementor-image-box-img\"><a href=\"https:\/\/www.asamblea.gob.pa\/legispan-2\" target=\"_blank\" rel=\"nofollow\"><img loading=\"lazy\" decoding=\"async\" width=\"277\" height=\"277\" src=\"https:\/\/www.fiscaliadecuentas.gob.pa\/wp-content\/uploads\/2020\/06\/LEGISPAN_6-1.png\" class=\"attachment-full size-full\" alt=\"\" \/><\/a><\/figure><div class=\"elementor-image-box-content\"><h3 class=\"elementor-image-box-title\"><a href=\"https:\/\/www.asamblea.gob.pa\/legispan-2\" target=\"_blank\" rel=\"nofollow\">LEGISPAN<\/a><\/h3><p class=\"elementor-image-box-description\"><p style=\"text-align:justify;\">Es el \u00f3rgano constituido por una corporaci\u00f3n denominada Asamblea Nacional, es unicameral y ejerce el poder legislativo en la Rep\u00fablica de Panam\u00e1. Sus miembros son elegidos mediante postulaci\u00f3n partidista o por libre postulaci\u00f3n, conforme lo establece el Cap\u00edtulo I, T\u00edtulo V de la Constituci\u00f3n Pol\u00edtica de la Rep\u00fablica de Panam\u00e1.<\/p>\n\n<\/p><\/div><\/div>\t\t<\/div>\n\t\t\t\t<\/div>\n\t\t\t\t\t\t<\/div>\n\t\t\t\t\t<\/div>\n\t\t<\/div>\n\t\t\t\t\t\t\t\t<\/div>\n\t\t\t\t\t<\/div>\n\t\t<\/section>\n\t\t\t\t<section class=\"elementor-section elementor-top-section elementor-element elementor-element-4613253 elementor-section-boxed elementor-section-height-default elementor-section-height-default\" data-id=\"4613253\" data-element_type=\"section\">\n\t\t\t\t\t\t<div class=\"elementor-container elementor-column-gap-default\">\n\t\t\t\t\t\t\t<div class=\"elementor-row\">\n\t\t\t\t\t<div class=\"elementor-column elementor-col-100 elementor-top-column elementor-element elementor-element-2a11307\" data-id=\"2a11307\" data-element_type=\"column\">\n\t\t\t<div class=\"elementor-column-wrap elementor-element-populated\">\n\t\t\t\t\t\t\t<div class=\"elementor-widget-wrap\">\n\t\t\t\t\t\t<div class=\"elementor-element elementor-element-214ec29 elementor-widget elementor-widget-spacer\" data-id=\"214ec29\" data-element_type=\"widget\" data-widget_type=\"spacer.default\">\n\t\t\t\t<div class=\"elementor-widget-container\">\n\t\t\t\t\t<div class=\"elementor-spacer\">\n\t\t\t<div class=\"elementor-spacer-inner\"><\/div>\n\t\t<\/div>\n\t\t\t\t<\/div>\n\t\t\t\t<\/div>\n\t\t\t\t\t\t<\/div>\n\t\t\t\t\t<\/div>\n\t\t<\/div>\n\t\t\t\t\t\t\t\t<\/div>\n\t\t\t\t\t<\/div>\n\t\t<\/section>\n\t\t\t\t<section class=\"elementor-section elementor-top-section elementor-element elementor-element-48dae73 elementor-section-boxed elementor-section-height-default elementor-section-height-default\" data-id=\"48dae73\" data-element_type=\"section\">\n\t\t\t\t\t\t<div class=\"elementor-container elementor-column-gap-default\">\n\t\t\t\t\t\t\t<div class=\"elementor-row\">\n\t\t\t\t\t<div class=\"elementor-column elementor-col-50 elementor-top-column elementor-element elementor-element-b33e80a\" data-id=\"b33e80a\" data-element_type=\"column\">\n\t\t\t<div class=\"elementor-column-wrap elementor-element-populated\">\n\t\t\t\t\t\t\t<div class=\"elementor-widget-wrap\">\n\t\t\t\t\t\t<div class=\"elementor-element elementor-element-4abe86f elementor-position-left elementor-vertical-align-top elementor-widget elementor-widget-image-box\" data-id=\"4abe86f\" data-element_type=\"widget\" data-widget_type=\"image-box.default\">\n\t\t\t\t<div class=\"elementor-widget-container\">\n\t\t\t<div class=\"elementor-image-box-wrapper\"><figure class=\"elementor-image-box-img\"><a href=\"https:\/\/www.antai.gob.pa\/\" target=\"_blank\" rel=\"nofollow\"><img loading=\"lazy\" decoding=\"async\" width=\"300\" height=\"117\" src=\"https:\/\/www.fiscaliadecuentas.gob.pa\/wp-content\/uploads\/2020\/08\/logo-antai-300x117-1.png\" class=\"attachment-full size-full\" alt=\"\" \/><\/a><\/figure><div class=\"elementor-image-box-content\"><h3 class=\"elementor-image-box-title\"><a href=\"https:\/\/www.antai.gob.pa\/\" target=\"_blank\" rel=\"nofollow\">Autoridad Nacional de Transparencia y Acceso a la Informaci\u00f3n<\/a><\/h3><p class=\"elementor-image-box-description\"><p style=\"text-align:justify;\">La Autoridad Nacional de Transparencia y Acceso a la Informaci\u00f3n tiene su origen en lo que antiguamente se denomin\u00f3: \u201cConsejo Nacional de Transparencia contra la Corrupci\u00f3n y su Secretar\u00eda Ejecutiva\u201d, creado en el a\u00f1o 2004 como un organismo consultivo y asesor del \u00d3rgano Ejecutivo para las pol\u00edticas p\u00fablicas de Transparencia y Prevenci\u00f3n de la Corrupci\u00f3n, con el prop\u00f3sito de dar respuesta a las exigencias de la ciudadan\u00eda ante el incremento de malas pr\u00e1cticas que crean oportunidades de corrupci\u00f3n.<\/p><\/p><\/div><\/div>\t\t<\/div>\n\t\t\t\t<\/div>\n\t\t\t\t\t\t<\/div>\n\t\t\t\t\t<\/div>\n\t\t<\/div>\n\t\t\t\t<div class=\"elementor-column elementor-col-50 elementor-top-column elementor-element elementor-element-3ea4058\" data-id=\"3ea4058\" data-element_type=\"column\">\n\t\t\t<div class=\"elementor-column-wrap elementor-element-populated\">\n\t\t\t\t\t\t\t<div class=\"elementor-widget-wrap\">\n\t\t\t\t\t\t<div class=\"elementor-element elementor-element-8b942cb elementor-position-left elementor-vertical-align-top elementor-widget elementor-widget-image-box\" data-id=\"8b942cb\" data-element_type=\"widget\" data-widget_type=\"image-box.default\">\n\t\t\t\t<div class=\"elementor-widget-container\">\n\t\t\t<div class=\"elementor-image-box-wrapper\"><figure class=\"elementor-image-box-img\"><a href=\"https:\/\/www.datosabiertos.gob.pa\/\" target=\"_blank\" rel=\"nofollow\"><img loading=\"lazy\" decoding=\"async\" width=\"246\" height=\"127\" src=\"https:\/\/www.fiscaliadecuentas.gob.pa\/wp-content\/uploads\/2020\/08\/ckan-logo.png\" class=\"attachment-full size-full\" alt=\"\" \/><\/a><\/figure><div class=\"elementor-image-box-content\"><h3 class=\"elementor-image-box-title\"><a href=\"https:\/\/www.datosabiertos.gob.pa\/\" target=\"_blank\" rel=\"nofollow\">Datos Abiertos De Panam\u00e1<\/a><\/h3><p class=\"elementor-image-box-description\"><p style=\"text-align:justify;\">Los Datos Abiertos de Gobierno, son los datos recolectados y\/o producidos por las instituciones p\u00fablicas, puestos a disposici\u00f3n de los ciudadanos en formatos abiertos, para que puedan ser reutilizados y redistribuidos por cualquier persona, para cualquier prop\u00f3sito, incluyendo el re-uso comercial, libre de costo y sin restricciones, con el fin de posibilitar la lectura, el seguimiento y combinaci\u00f3n con otras fuentes de informaci\u00f3n para generar nuevos servicios de valor.<\/p><\/p><\/div><\/div>\t\t<\/div>\n\t\t\t\t<\/div>\n\t\t\t\t\t\t<\/div>\n\t\t\t\t\t<\/div>\n\t\t<\/div>\n\t\t\t\t\t\t\t\t<\/div>\n\t\t\t\t\t<\/div>\n\t\t<\/section>\n\t\t\t\t<section class=\"elementor-section elementor-top-section elementor-element elementor-element-c3bc5b9 elementor-section-boxed elementor-section-height-default elementor-section-height-default\" data-id=\"c3bc5b9\" data-element_type=\"section\">\n\t\t\t\t\t\t<div class=\"elementor-container elementor-column-gap-default\">\n\t\t\t\t\t\t\t<div class=\"elementor-row\">\n\t\t\t\t\t<div class=\"elementor-column elementor-col-100 elementor-top-column elementor-element elementor-element-fb5fe9a\" data-id=\"fb5fe9a\" data-element_type=\"column\">\n\t\t\t<div class=\"elementor-column-wrap elementor-element-populated\">\n\t\t\t\t\t\t\t<div class=\"elementor-widget-wrap\">\n\t\t\t\t\t\t<div class=\"elementor-element elementor-element-8140ee0 elementor-widget elementor-widget-spacer\" data-id=\"8140ee0\" data-element_type=\"widget\" data-widget_type=\"spacer.default\">\n\t\t\t\t<div class=\"elementor-widget-container\">\n\t\t\t\t\t<div class=\"elementor-spacer\">\n\t\t\t<div class=\"elementor-spacer-inner\"><\/div>\n\t\t<\/div>\n\t\t\t\t<\/div>\n\t\t\t\t<\/div>\n\t\t\t\t\t\t<\/div>\n\t\t\t\t\t<\/div>\n\t\t<\/div>\n\t\t\t\t\t\t\t\t<\/div>\n\t\t\t\t\t<\/div>\n\t\t<\/section>\n\t\t\t\t<section class=\"elementor-section elementor-top-section elementor-element elementor-element-e69d8c4 elementor-section-boxed elementor-section-height-default elementor-section-height-default\" data-id=\"e69d8c4\" data-element_type=\"section\">\n\t\t\t\t\t\t<div class=\"elementor-container elementor-column-gap-default\">\n\t\t\t\t\t\t\t<div class=\"elementor-row\">\n\t\t\t\t\t<div class=\"elementor-column elementor-col-50 elementor-top-column elementor-element elementor-element-af63006\" data-id=\"af63006\" data-element_type=\"column\">\n\t\t\t<div class=\"elementor-column-wrap elementor-element-populated\">\n\t\t\t\t\t\t\t<div class=\"elementor-widget-wrap\">\n\t\t\t\t\t\t<div class=\"elementor-element elementor-element-4845582 elementor-position-left elementor-vertical-align-top elementor-widget elementor-widget-image-box\" data-id=\"4845582\" data-element_type=\"widget\" data-widget_type=\"image-box.default\">\n\t\t\t\t<div class=\"elementor-widget-container\">\n\t\t\t<div class=\"elementor-image-box-wrapper\"><figure class=\"elementor-image-box-img\"><a href=\"https:\/\/www.tcu.es\/tribunal-de-cuentas\/es\/\" target=\"_blank\" rel=\"nofollow\"><img loading=\"lazy\" decoding=\"async\" width=\"182\" height=\"182\" src=\"https:\/\/www.fiscaliadecuentas.gob.pa\/wp-content\/uploads\/2020\/06\/LogoTCE.png\" class=\"attachment-full size-full\" alt=\"\" \/><\/a><\/figure><div class=\"elementor-image-box-content\"><h3 class=\"elementor-image-box-title\"><a href=\"https:\/\/www.tcu.es\/tribunal-de-cuentas\/es\/\" target=\"_blank\" rel=\"nofollow\">Tribunal de cuentas - Espa\u00f1a<\/a><\/h3><p class=\"elementor-image-box-description\"><p style=\"text-align:justify;\">La Constituci\u00f3n espa\u00f1ola de 1978 atribuye al Tribunal de Cuentas la fiscalizaci\u00f3n del sector p\u00fablico y el enjuiciamiento de la responsabilidad contable, es un \u00f3rgano colegiado cuya estructura responde a la doble naturaleza, fiscalizadora y jurisdiccional, de sus funciones.<\/p><\/p><\/div><\/div>\t\t<\/div>\n\t\t\t\t<\/div>\n\t\t\t\t\t\t<\/div>\n\t\t\t\t\t<\/div>\n\t\t<\/div>\n\t\t\t\t<div class=\"elementor-column elementor-col-50 elementor-top-column elementor-element elementor-element-b33585f\" data-id=\"b33585f\" data-element_type=\"column\">\n\t\t\t<div class=\"elementor-column-wrap elementor-element-populated\">\n\t\t\t\t\t\t\t<div class=\"elementor-widget-wrap\">\n\t\t\t\t\t\t<div class=\"elementor-element elementor-element-a9b7600 elementor-position-left elementor-vertical-align-top elementor-widget elementor-widget-image-box\" data-id=\"a9b7600\" data-element_type=\"widget\" data-widget_type=\"image-box.default\">\n\t\t\t\t<div class=\"elementor-widget-container\">\n\t\t\t<div class=\"elementor-image-box-wrapper\"><figure class=\"elementor-image-box-img\"><a href=\"https:\/\/dle.rae.es\/diccionario\" target=\"_blank\" rel=\"nofollow\"><img loading=\"lazy\" decoding=\"async\" width=\"286\" height=\"406\" src=\"https:\/\/www.fiscaliadecuentas.gob.pa\/wp-content\/uploads\/2020\/06\/DLE-1.jpg\" class=\"attachment-full size-full\" alt=\"\" \/><\/a><\/figure><div class=\"elementor-image-box-content\"><h3 class=\"elementor-image-box-title\"><a href=\"https:\/\/dle.rae.es\/diccionario\" target=\"_blank\" rel=\"nofollow\">Real Academia Espa\u00f1ola - Diccionario<\/a><\/h3><p class=\"elementor-image-box-description\"><p style=\"text-align:justify;\">Se dedica a la regularizaci\u00f3n ling\u00fc\u00edstica mediante la promulgaci\u00f3n de normativas dirigidas a fomentar la unidad idiom\u00e1tica entre o dentro de los diversos territorios que componen el llamado mundo hispanohablante.<\/p><\/p><\/div><\/div>\t\t<\/div>\n\t\t\t\t<\/div>\n\t\t\t\t\t\t<\/div>\n\t\t\t\t\t<\/div>\n\t\t<\/div>\n\t\t\t\t\t\t\t\t<\/div>\n\t\t\t\t\t<\/div>\n\t\t<\/section>\n\t\t\t\t<section class=\"elementor-section elementor-top-section elementor-element elementor-element-98adc31 elementor-section-boxed elementor-section-height-default elementor-section-height-default\" data-id=\"98adc31\" data-element_type=\"section\">\n\t\t\t\t\t\t<div class=\"elementor-container elementor-column-gap-default\">\n\t\t\t\t\t\t\t<div class=\"elementor-row\">\n\t\t\t\t\t<div class=\"elementor-column elementor-col-100 elementor-top-column elementor-element elementor-element-abb6e4a\" data-id=\"abb6e4a\" data-element_type=\"column\">\n\t\t\t<div class=\"elementor-column-wrap elementor-element-populated\">\n\t\t\t\t\t\t\t<div class=\"elementor-widget-wrap\">\n\t\t\t\t\t\t<div class=\"elementor-element elementor-element-d6491bf elementor-widget elementor-widget-spacer\" data-id=\"d6491bf\" data-element_type=\"widget\" data-widget_type=\"spacer.default\">\n\t\t\t\t<div class=\"elementor-widget-container\">\n\t\t\t\t\t<div class=\"elementor-spacer\">\n\t\t\t<div class=\"elementor-spacer-inner\"><\/div>\n\t\t<\/div>\n\t\t\t\t<\/div>\n\t\t\t\t<\/div>\n\t\t\t\t\t\t<\/div>\n\t\t\t\t\t<\/div>\n\t\t<\/div>\n\t\t\t\t\t\t\t\t<\/div>\n\t\t\t\t\t<\/div>\n\t\t<\/section>\n\t\t\t\t<section class=\"elementor-section elementor-top-section elementor-element elementor-element-8a29e43 elementor-section-boxed elementor-section-height-default elementor-section-height-default\" data-id=\"8a29e43\" data-element_type=\"section\">\n\t\t\t\t\t\t<div class=\"elementor-container elementor-column-gap-default\">\n\t\t\t\t\t\t\t<div class=\"elementor-row\">\n\t\t\t\t\t<div class=\"elementor-column elementor-col-50 elementor-top-column elementor-element elementor-element-527fcc1\" data-id=\"527fcc1\" data-element_type=\"column\">\n\t\t\t<div class=\"elementor-column-wrap elementor-element-populated\">\n\t\t\t\t\t\t\t<div class=\"elementor-widget-wrap\">\n\t\t\t\t\t\t<div class=\"elementor-element elementor-element-5f38fda elementor-position-left elementor-vertical-align-top elementor-widget elementor-widget-image-box\" data-id=\"5f38fda\" data-element_type=\"widget\" data-widget_type=\"image-box.default\">\n\t\t\t\t<div class=\"elementor-widget-container\">\n\t\t\t<div class=\"elementor-image-box-wrapper\"><figure class=\"elementor-image-box-img\"><a href=\"http:\/\/www.tribunaldecuentas.mendoza.gov.ar\/\" target=\"_blank\" rel=\"nofollow\"><img loading=\"lazy\" decoding=\"async\" width=\"225\" height=\"171\" src=\"https:\/\/www.fiscaliadecuentas.gob.pa\/wp-content\/uploads\/2020\/06\/LogoTCM.png\" class=\"attachment-full size-full\" alt=\"\" \/><\/a><\/figure><div class=\"elementor-image-box-content\"><h3 class=\"elementor-image-box-title\"><a href=\"http:\/\/www.tribunaldecuentas.mendoza.gov.ar\/\" target=\"_blank\" rel=\"nofollow\">Tribunal de Cuentas Mendoza - Argentina<\/a><\/h3><p class=\"elementor-image-box-description\"><p style=\"text-align:justify;\">La CONSTITUCION PROVINCIAL de 1916 establece en su art. 181 que: \"Habr\u00e1 un Tribunal de Cuentas con jurisdicci\u00f3n en toda la Provincia y con poder para aprobar o desaprobar la percepci\u00f3n e inversi\u00f3n de caudales p\u00fablicos hechas por todos los funcionarios, empleados y administradores de la Provincia.\"<\/p><\/p><\/div><\/div>\t\t<\/div>\n\t\t\t\t<\/div>\n\t\t\t\t\t\t<\/div>\n\t\t\t\t\t<\/div>\n\t\t<\/div>\n\t\t\t\t<div class=\"elementor-column elementor-col-50 elementor-top-column elementor-element elementor-element-e70364a\" data-id=\"e70364a\" data-element_type=\"column\">\n\t\t\t<div class=\"elementor-column-wrap\">\n\t\t\t\t\t\t\t<div class=\"elementor-widget-wrap\">\n\t\t\t\t\t\t\t\t<\/div>\n\t\t\t\t\t<\/div>\n\t\t<\/div>\n\t\t\t\t\t\t\t\t<\/div>\n\t\t\t\t\t<\/div>\n\t\t<\/section>\n\t\t\t\t<section class=\"elementor-section elementor-top-section elementor-element elementor-element-1d0d5b1 elementor-section-boxed elementor-section-height-default elementor-section-height-default\" data-id=\"1d0d5b1\" data-element_type=\"section\">\n\t\t\t\t\t\t<div class=\"elementor-container elementor-column-gap-default\">\n\t\t\t\t\t\t\t<div class=\"elementor-row\">\n\t\t\t\t\t<div class=\"elementor-column elementor-col-50 elementor-top-column elementor-element elementor-element-bbc9d84\" data-id=\"bbc9d84\" data-element_type=\"column\">\n\t\t\t<div class=\"elementor-column-wrap elementor-element-populated\">\n\t\t\t\t\t\t\t<div class=\"elementor-widget-wrap\">\n\t\t\t\t\t\t<div class=\"elementor-element elementor-element-30f7ce7 elementor-widget elementor-widget-html\" data-id=\"30f7ce7\" data-element_type=\"widget\" data-widget_type=\"html.default\">\n\t\t\t\t<div class=\"elementor-widget-container\">\n\t\t\t<h3>Cont\u00e1ctenos<\/h3>\r\n<p><strong><i class=\"fa fa-map-marker\" style=\"font-size:15px;\"><\/i> Direcci\u00f3n:<\/strong>V\u00eda Espa\u00f1a, Avenida Samuel Lewis, Corregimiento de Bella Vista, Edificio N.\u00b0 8, a un costado de la Notar\u00eda Duod\u00e9cima de Panam\u00e1.<\/p>\r\n<p><strong><i class=\"fa fa-phone-square\" style=\"font-size:15px\"><\/i> Central Telef\u00f3nica:<\/strong>\r\n  (507)506-2000<\/p>\r\n<strong><i class=\"fa fa-envelope\" style=\"font-size:15px\"><\/i> Correo:<\/strong><a href=\"mailto:info@fiscaliadecuentas.gob.pa\"> info@fiscaliadecuentas.gob.pa<\/a>\t\t<\/div>\n\t\t\t\t<\/div>\n\t\t\t\t\t\t<\/div>\n\t\t\t\t\t<\/div>\n\t\t<\/div>\n\t\t\t\t<div class=\"elementor-column elementor-col-50 elementor-top-column elementor-element elementor-element-0fe495b\" data-id=\"0fe495b\" data-element_type=\"column\">\n\t\t\t<div class=\"elementor-column-wrap\">\n\t\t\t\t\t\t\t<div class=\"elementor-widget-wrap\">\n\t\t\t\t\t\t\t\t<\/div>\n\t\t\t\t\t<\/div>\n\t\t<\/div>\n\t\t\t\t\t\t\t\t<\/div>\n\t\t\t\t\t<\/div>\n\t\t<\/section>\n\t\t\t\t\t\t<\/div>\n\t\t\t\t\t\t<\/div>\n\t\t\t\t\t<\/div>\n\t\t","protected":false},"excerpt":{"rendered":"<p>[layerslider id=\u00bb4&#8243;] Tribunal de Cuentas &#8211; Panam\u00e1 El Tribunal de Cuentas, es una instituci\u00f3n de rango constitucional que tiene la funci\u00f3n de juzgar la responsabilidad patrimonial, en raz\u00f3n de los [&hellip;]<\/p>\n","protected":false},"author":9,"featured_media":0,"parent":7730,"menu_order":0,"comment_status":"closed","ping_status":"closed","template":"elementor_header_footer","meta":{"_EventAllDay":false,"_EventTimezone":"","_EventStartDate":"","_EventEndDate":"","_EventStartDateUTC":"","_EventEndDateUTC":"","_EventShowMap":false,"_EventShowMapLink":false,"_EventURL":"","_EventCost":"","_EventCostDescription":"","_EventCurrencySymbol":"","_EventCurrencyCode":"","_EventCurrencyPosition":"","_EventDateTimeSeparator":"","_EventTimeRangeSeparator":"","_EventOrganizerID":[],"_EventVenueID":[],"_OrganizerEmail":"","_OrganizerPhone":"","_OrganizerWebsite":"","_VenueAddress":"","_VenueCity":"","_VenueCountry":"","_VenueProvince":"","_VenueState":"","_VenueZip":"","_VenuePhone":"","_VenueURL":"","_VenueStateProvince":"","_VenueLat":"","_VenueLng":"","_VenueShowMap":false,"_VenueShowMapLink":false,"footnotes":""},"class_list":["post-7459","page","type-page","status-publish","hentry"],"_links":{"self":[{"href":"https:\/\/www.fiscaliadecuentas.gob.pa\/index.php?rest_route=\/wp\/v2\/pages\/7459","targetHints":{"allow":["GET"]}}],"collection":[{"href":"https:\/\/www.fiscaliadecuentas.gob.pa\/index.php?rest_route=\/wp\/v2\/pages"}],"about":[{"href":"https:\/\/www.fiscaliadecuentas.gob.pa\/index.php?rest_route=\/wp\/v2\/types\/page"}],"author":[{"embeddable":true,"href":"https:\/\/www.fiscaliadecuentas.gob.pa\/index.php?rest_route=\/wp\/v2\/users\/9"}],"replies":[{"embeddable":true,"href":"https:\/\/www.fiscaliadecuentas.gob.pa\/index.php?rest_route=%2Fwp%2Fv2%2Fcomments&post=7459"}],"version-history":[{"count":41,"href":"https:\/\/www.fiscaliadecuentas.gob.pa\/index.php?rest_route=\/wp\/v2\/pages\/7459\/revisions"}],"predecessor-version":[{"id":27008,"href":"https:\/\/www.fiscaliadecuentas.gob.pa\/index.php?rest_route=\/wp\/v2\/pages\/7459\/revisions\/27008"}],"up":[{"embeddable":true,"href":"https:\/\/www.fiscaliadecuentas.gob.pa\/index.php?rest_route=\/wp\/v2\/pages\/7730"}],"wp:attachment":[{"href":"https:\/\/www.fiscaliadecuentas.gob.pa\/index.php?rest_route=%2Fwp%2Fv2%2Fmedia&parent=7459"}],"curies":[{"name":"wp","href":"https:\/\/api.w.org\/{rel}","templated":true}]}}