{"id":8678,"date":"2020-06-30T17:10:41","date_gmt":"2020-06-30T22:10:41","guid":{"rendered":"https:\/\/www.fiscaliadecuentas.gob.pa\/?page_id=8678"},"modified":"2020-07-17T15:23:15","modified_gmt":"2020-07-17T20:23:15","slug":"ambito-nacional-tribunal-administrativo-tributario","status":"publish","type":"page","link":"https:\/\/www.fiscaliadecuentas.gob.pa\/?page_id=8678","title":{"rendered":"\u00c1mbito Nacional Tribunal Administrativo Tributario"},"content":{"rendered":"\t\t<div data-elementor-type=\"wp-page\" data-elementor-id=\"8678\" class=\"elementor elementor-8678\" data-elementor-settings=\"[]\">\n\t\t\t\t\t\t<div class=\"elementor-inner\">\n\t\t\t\t\t\t\t<div class=\"elementor-section-wrap\">\n\t\t\t\t\t\t\t<section class=\"elementor-section elementor-top-section elementor-element elementor-element-4ab97ad0 elementor-section-boxed elementor-section-height-default elementor-section-height-default\" data-id=\"4ab97ad0\" data-element_type=\"section\">\n\t\t\t\t\t\t<div class=\"elementor-container elementor-column-gap-default\">\n\t\t\t\t\t\t\t<div class=\"elementor-row\">\n\t\t\t\t\t<div class=\"elementor-column elementor-col-100 elementor-top-column elementor-element elementor-element-7a89919\" data-id=\"7a89919\" data-element_type=\"column\">\n\t\t\t<div class=\"elementor-column-wrap elementor-element-populated\">\n\t\t\t\t\t\t\t<div class=\"elementor-widget-wrap\">\n\t\t\t\t\t\t<div class=\"elementor-element elementor-element-798f966a elementor-widget elementor-widget-shortcode\" data-id=\"798f966a\" data-element_type=\"widget\" data-widget_type=\"shortcode.default\">\n\t\t\t\t<div class=\"elementor-widget-container\">\n\t\t\t\t\t<div class=\"elementor-shortcode\">[layerslider id=\"7\"]<\/div>\n\t\t\t\t<\/div>\n\t\t\t\t<\/div>\n\t\t\t\t\t\t<\/div>\n\t\t\t\t\t<\/div>\n\t\t<\/div>\n\t\t\t\t\t\t\t\t<\/div>\n\t\t\t\t\t<\/div>\n\t\t<\/section>\n\t\t\t\t<section class=\"elementor-section elementor-top-section elementor-element elementor-element-4abaa0a4 elementor-section-boxed elementor-section-height-default elementor-section-height-default\" data-id=\"4abaa0a4\" data-element_type=\"section\">\n\t\t\t\t\t\t<div class=\"elementor-container elementor-column-gap-default\">\n\t\t\t\t\t\t\t<div class=\"elementor-row\">\n\t\t\t\t\t<div class=\"elementor-column elementor-col-100 elementor-top-column elementor-element elementor-element-70163e9f\" data-id=\"70163e9f\" data-element_type=\"column\">\n\t\t\t<div class=\"elementor-column-wrap elementor-element-populated\">\n\t\t\t\t\t\t\t<div class=\"elementor-widget-wrap\">\n\t\t\t\t\t\t<div class=\"elementor-element elementor-element-3656cc31 elementor-widget elementor-widget-spacer\" data-id=\"3656cc31\" data-element_type=\"widget\" data-widget_type=\"spacer.default\">\n\t\t\t\t<div class=\"elementor-widget-container\">\n\t\t\t\t\t<div class=\"elementor-spacer\">\n\t\t\t<div class=\"elementor-spacer-inner\"><\/div>\n\t\t<\/div>\n\t\t\t\t<\/div>\n\t\t\t\t<\/div>\n\t\t\t\t\t\t<\/div>\n\t\t\t\t\t<\/div>\n\t\t<\/div>\n\t\t\t\t\t\t\t\t<\/div>\n\t\t\t\t\t<\/div>\n\t\t<\/section>\n\t\t\t\t<section class=\"elementor-section elementor-top-section elementor-element elementor-element-62188618 elementor-section-boxed elementor-section-height-default elementor-section-height-default\" data-id=\"62188618\" data-element_type=\"section\">\n\t\t\t\t\t\t<div class=\"elementor-container elementor-column-gap-default\">\n\t\t\t\t\t\t\t<div class=\"elementor-row\">\n\t\t\t\t\t<div class=\"elementor-column elementor-col-100 elementor-top-column elementor-element elementor-element-33dc5c56\" data-id=\"33dc5c56\" data-element_type=\"column\">\n\t\t\t<div class=\"elementor-column-wrap elementor-element-populated\">\n\t\t\t\t\t\t\t<div class=\"elementor-widget-wrap\">\n\t\t\t\t\t\t<div class=\"elementor-element elementor-element-54dbd4df elementor-widget elementor-widget-heading\" data-id=\"54dbd4df\" data-element_type=\"widget\" data-widget_type=\"heading.default\">\n\t\t\t\t<div class=\"elementor-widget-container\">\n\t\t\t<h2 class=\"elementor-heading-title elementor-size-default\"><a href=\"https:\/\/www.fiscaliadecuentas.gob.pa\/?page_id=8678\">Tribunal Administrativo Tributario<\/a><\/h2>\t\t<\/div>\n\t\t\t\t<\/div>\n\t\t\t\t\t\t<\/div>\n\t\t\t\t\t<\/div>\n\t\t<\/div>\n\t\t\t\t\t\t\t\t<\/div>\n\t\t\t\t\t<\/div>\n\t\t<\/section>\n\t\t\t\t<section class=\"elementor-section elementor-top-section elementor-element elementor-element-49d5c078 elementor-section-boxed elementor-section-height-default elementor-section-height-default\" data-id=\"49d5c078\" data-element_type=\"section\">\n\t\t\t\t\t\t<div class=\"elementor-container elementor-column-gap-default\">\n\t\t\t\t\t\t\t<div class=\"elementor-row\">\n\t\t\t\t\t<div class=\"elementor-column elementor-col-100 elementor-top-column elementor-element elementor-element-1d8479d6\" data-id=\"1d8479d6\" data-element_type=\"column\">\n\t\t\t<div class=\"elementor-column-wrap elementor-element-populated\">\n\t\t\t\t\t\t\t<div class=\"elementor-widget-wrap\">\n\t\t\t\t\t\t<div class=\"elementor-element elementor-element-7c2c99c7 elementor-widget elementor-widget-spacer\" data-id=\"7c2c99c7\" data-element_type=\"widget\" data-widget_type=\"spacer.default\">\n\t\t\t\t<div class=\"elementor-widget-container\">\n\t\t\t\t\t<div class=\"elementor-spacer\">\n\t\t\t<div class=\"elementor-spacer-inner\"><\/div>\n\t\t<\/div>\n\t\t\t\t<\/div>\n\t\t\t\t<\/div>\n\t\t\t\t\t\t<\/div>\n\t\t\t\t\t<\/div>\n\t\t<\/div>\n\t\t\t\t\t\t\t\t<\/div>\n\t\t\t\t\t<\/div>\n\t\t<\/section>\n\t\t\t\t<section class=\"elementor-section elementor-top-section elementor-element elementor-element-7bbdc09b elementor-section-boxed elementor-section-height-default elementor-section-height-default\" data-id=\"7bbdc09b\" data-element_type=\"section\">\n\t\t\t\t\t\t<div class=\"elementor-container elementor-column-gap-default\">\n\t\t\t\t\t\t\t<div class=\"elementor-row\">\n\t\t\t\t\t<div class=\"elementor-column elementor-col-50 elementor-top-column elementor-element elementor-element-7b65ba60\" data-id=\"7b65ba60\" data-element_type=\"column\">\n\t\t\t<div class=\"elementor-column-wrap elementor-element-populated\">\n\t\t\t\t\t\t\t<div class=\"elementor-widget-wrap\">\n\t\t\t\t\t\t<div class=\"elementor-element elementor-element-212bebd9 elementor-align-left elementor-icon-list--layout-traditional elementor-list-item-link-full_width elementor-widget elementor-widget-icon-list\" data-id=\"212bebd9\" data-element_type=\"widget\" data-widget_type=\"icon-list.default\">\n\t\t\t\t<div class=\"elementor-widget-container\">\n\t\t\t\t\t<ul class=\"elementor-icon-list-items\">\n\t\t\t\t\t\t\t<li class=\"elementor-icon-list-item\">\n\t\t\t\t\t\t\t\t\t\t\t<a href=\"https:\/\/www.fiscaliadecuentas.gob.pa\/wp-content\/uploads\/2020\/07\/Tribunal-Administrativo-Tributario-Acuerdo-N\u00b0-11-2020.pdf\" target=\"_blank\" rel=\"nofollow\">\n\n\t\t\t\t\t\t\t\t\t\t\t\t<span class=\"elementor-icon-list-icon\">\n\t\t\t\t\t\t\t<i aria-hidden=\"true\" class=\"fas fa-file-pdf\"><\/i>\t\t\t\t\t\t<\/span>\n\t\t\t\t\t\t\t\t\t\t<span class=\"elementor-icon-list-text\">Acuerdo N\u00b0 11-2020 de 11 de junio de 2020, por el cual se crea el comit\u00e9 especial de salud e higiene para la prevenci\u00f3n y atenci\u00f3n del covid-19 del Tribunal Administrativo Tributario, de conformidad con lo dispuesto en el decreto ejecutivo no. 466 de 5 de junio de 2020.  Gaceta 29070<\/span>\n\t\t\t\t\t\t\t\t\t\t\t<\/a>\n\t\t\t\t\t\t\t\t\t<\/li>\n\t\t\t\t\t\t\t\t<li class=\"elementor-icon-list-item\">\n\t\t\t\t\t\t\t\t\t\t\t<a href=\"https:\/\/www.fiscaliadecuentas.gob.pa\/wp-content\/uploads\/2020\/06\/Tribunal-Administrativo-Tributario-Acuerdo-6-2020-28984A.pdf\" target=\"_blank\" rel=\"nofollow\">\n\n\t\t\t\t\t\t\t\t\t\t\t\t<span class=\"elementor-icon-list-icon\">\n\t\t\t\t\t\t\t<i aria-hidden=\"true\" class=\"fas fa-file-pdf\"><\/i>\t\t\t\t\t\t<\/span>\n\t\t\t\t\t\t\t\t\t\t<span class=\"elementor-icon-list-text\">Acuerdo N\u00b006-2020 de 16 de marzo 2020, que suspende t\u00e9rminos, y marcaciones de asistencia por reloj biom\u00e9trico y establece nuevo horario - Gaceta 28984-A<\/span>\n\t\t\t\t\t\t\t\t\t\t\t<\/a>\n\t\t\t\t\t\t\t\t\t<\/li>\n\t\t\t\t\t\t<\/ul>\n\t\t\t\t<\/div>\n\t\t\t\t<\/div>\n\t\t\t\t\t\t<\/div>\n\t\t\t\t\t<\/div>\n\t\t<\/div>\n\t\t\t\t<div class=\"elementor-column elementor-col-50 elementor-top-column elementor-element elementor-element-7dc2709f\" data-id=\"7dc2709f\" data-element_type=\"column\">\n\t\t\t<div class=\"elementor-column-wrap elementor-element-populated\">\n\t\t\t\t\t\t\t<div class=\"elementor-widget-wrap\">\n\t\t\t\t\t\t<div class=\"elementor-element elementor-element-1cfa9aa elementor-align-left elementor-icon-list--layout-traditional elementor-list-item-link-full_width elementor-widget elementor-widget-icon-list\" data-id=\"1cfa9aa\" data-element_type=\"widget\" data-widget_type=\"icon-list.default\">\n\t\t\t\t<div class=\"elementor-widget-container\">\n\t\t\t\t\t<ul class=\"elementor-icon-list-items\">\n\t\t\t\t\t\t\t<li class=\"elementor-icon-list-item\">\n\t\t\t\t\t\t\t\t\t\t\t<a href=\"https:\/\/www.fiscaliadecuentas.gob.pa\/wp-content\/uploads\/2020\/07\/Tribunal-Administrativo-Tributario-Acuerdo-N\u00b0-15-2020.pdf\" target=\"_blank\" rel=\"nofollow\">\n\n\t\t\t\t\t\t\t\t\t\t\t\t<span class=\"elementor-icon-list-icon\">\n\t\t\t\t\t\t\t<i aria-hidden=\"true\" class=\"fas fa-file-pdf\"><\/i>\t\t\t\t\t\t<\/span>\n\t\t\t\t\t\t\t\t\t\t<span class=\"elementor-icon-list-text\">Acuerdo N\u00b0 15-2020 de  09 de julio  2020, por el cual se prorroga la suspensi\u00f3n de los t\u00e9rminos en los procesos administrativos ante este tribunal- Gaceta 29070<\/span>\n\t\t\t\t\t\t\t\t\t\t\t<\/a>\n\t\t\t\t\t\t\t\t\t<\/li>\n\t\t\t\t\t\t\t\t<li class=\"elementor-icon-list-item\">\n\t\t\t\t\t\t\t\t\t\t\t<a href=\"https:\/\/www.fiscaliadecuentas.gob.pa\/wp-content\/uploads\/2020\/07\/Tribunal-Administrativo-Tributario-Acuerdo-N\u00b0-13-2020.pdf\" target=\"_blank\" rel=\"nofollow\">\n\n\t\t\t\t\t\t\t\t\t\t\t\t<span class=\"elementor-icon-list-icon\">\n\t\t\t\t\t\t\t<i aria-hidden=\"true\" class=\"fas fa-file-pdf\"><\/i>\t\t\t\t\t\t<\/span>\n\t\t\t\t\t\t\t\t\t\t<span class=\"elementor-icon-list-text\">Acuerdo N\u00b0 13-2020 de 02 de julio 2020, por el cual se establece un horario temporal de atenci\u00f3n a usuarios, para la recepci\u00f3n de documentos relativos a tr\u00e1mites de proveedores- Gaceta 29070<\/span>\n\t\t\t\t\t\t\t\t\t\t\t<\/a>\n\t\t\t\t\t\t\t\t\t<\/li>\n\t\t\t\t\t\t<\/ul>\n\t\t\t\t<\/div>\n\t\t\t\t<\/div>\n\t\t\t\t\t\t<\/div>\n\t\t\t\t\t<\/div>\n\t\t<\/div>\n\t\t\t\t\t\t\t\t<\/div>\n\t\t\t\t\t<\/div>\n\t\t<\/section>\n\t\t\t\t<section class=\"elementor-section elementor-top-section elementor-element elementor-element-74ff146c elementor-section-boxed elementor-section-height-default elementor-section-height-default\" data-id=\"74ff146c\" data-element_type=\"section\">\n\t\t\t\t\t\t<div class=\"elementor-container elementor-column-gap-default\">\n\t\t\t\t\t\t\t<div class=\"elementor-row\">\n\t\t\t\t\t<div class=\"elementor-column elementor-col-100 elementor-top-column elementor-element elementor-element-5e23c190\" data-id=\"5e23c190\" data-element_type=\"column\">\n\t\t\t<div class=\"elementor-column-wrap elementor-element-populated\">\n\t\t\t\t\t\t\t<div class=\"elementor-widget-wrap\">\n\t\t\t\t\t\t<div class=\"elementor-element elementor-element-15b12eb8 elementor-widget elementor-widget-spacer\" data-id=\"15b12eb8\" data-element_type=\"widget\" data-widget_type=\"spacer.default\">\n\t\t\t\t<div class=\"elementor-widget-container\">\n\t\t\t\t\t<div class=\"elementor-spacer\">\n\t\t\t<div class=\"elementor-spacer-inner\"><\/div>\n\t\t<\/div>\n\t\t\t\t<\/div>\n\t\t\t\t<\/div>\n\t\t\t\t\t\t<\/div>\n\t\t\t\t\t<\/div>\n\t\t<\/div>\n\t\t\t\t\t\t\t\t<\/div>\n\t\t\t\t\t<\/div>\n\t\t<\/section>\n\t\t\t\t<section class=\"elementor-section elementor-top-section elementor-element elementor-element-594adf53 elementor-section-boxed elementor-section-height-default elementor-section-height-default\" data-id=\"594adf53\" data-element_type=\"section\">\n\t\t\t\t\t\t<div class=\"elementor-container elementor-column-gap-default\">\n\t\t\t\t\t\t\t<div class=\"elementor-row\">\n\t\t\t\t\t<div class=\"elementor-column elementor-col-50 elementor-top-column elementor-element elementor-element-558b027e\" data-id=\"558b027e\" data-element_type=\"column\">\n\t\t\t<div class=\"elementor-column-wrap elementor-element-populated\">\n\t\t\t\t\t\t\t<div class=\"elementor-widget-wrap\">\n\t\t\t\t\t\t<div class=\"elementor-element elementor-element-69ce7099 elementor-widget elementor-widget-html\" data-id=\"69ce7099\" data-element_type=\"widget\" data-widget_type=\"html.default\">\n\t\t\t\t<div class=\"elementor-widget-container\">\n\t\t\t<h3>Cont\u00e1ctenos<\/h3>\n<p><strong><i class=\"fa fa-map-marker\" style=\"font-size:15px;\"><\/i> Direcci\u00f3n:<\/strong>  Avenida Octavio A. de Icaza, Alameda principal, frente al Colegio Maria Inmaculada.<\/p>\n<p><strong><i class=\"fa fa-phone-square\" style=\"font-size:15px\"><\/i> Central Telef\u00f3nica:<\/strong>\n  (507)506-2000<\/p>\n<strong><i class=\"fa fa-envelope\" style=\"font-size:15px\"><\/i> Correo:<\/strong><a href=\"mailto:info@fiscaliadecuentas.gob.pa\"> info@fiscaliadecuentas.gob.pa<\/a>\t\t<\/div>\n\t\t\t\t<\/div>\n\t\t\t\t\t\t<\/div>\n\t\t\t\t\t<\/div>\n\t\t<\/div>\n\t\t\t\t<div class=\"elementor-column elementor-col-50 elementor-top-column elementor-element elementor-element-7c22b486\" data-id=\"7c22b486\" data-element_type=\"column\">\n\t\t\t<div class=\"elementor-column-wrap\">\n\t\t\t\t\t\t\t<div class=\"elementor-widget-wrap\">\n\t\t\t\t\t\t\t\t<\/div>\n\t\t\t\t\t<\/div>\n\t\t<\/div>\n\t\t\t\t\t\t\t\t<\/div>\n\t\t\t\t\t<\/div>\n\t\t<\/section>\n\t\t\t\t\t\t<\/div>\n\t\t\t\t\t\t<\/div>\n\t\t\t\t\t<\/div>\n\t\t","protected":false},"excerpt":{"rendered":"<p>[layerslider id=\u00bb7&#8243;] Tribunal Administrativo Tributario Acuerdo N\u00b0 11-2020 de 11 de junio de 2020, por el cual se crea el comit\u00e9 especial de salud e higiene para la prevenci\u00f3n y [&hellip;]<\/p>\n","protected":false},"author":9,"featured_media":0,"parent":8060,"menu_order":0,"comment_status":"closed","ping_status":"closed","template":"elementor_header_footer","meta":{"_EventAllDay":false,"_EventTimezone":"","_EventStartDate":"","_EventEndDate":"","_EventStartDateUTC":"","_EventEndDateUTC":"","_EventShowMap":false,"_EventShowMapLink":false,"_EventURL":"","_EventCost":"","_EventCostDescription":"","_EventCurrencySymbol":"","_EventCurrencyCode":"","_EventCurrencyPosition":"","_EventDateTimeSeparator":"","_EventTimeRangeSeparator":"","_EventOrganizerID":[],"_EventVenueID":[],"_OrganizerEmail":"","_OrganizerPhone":"","_OrganizerWebsite":"","_VenueAddress":"","_VenueCity":"","_VenueCountry":"","_VenueProvince":"","_VenueState":"","_VenueZip":"","_VenuePhone":"","_VenueURL":"","_VenueStateProvince":"","_VenueLat":"","_VenueLng":"","_VenueShowMap":false,"_VenueShowMapLink":false,"footnotes":""},"class_list":["post-8678","page","type-page","status-publish","hentry"],"_links":{"self":[{"href":"https:\/\/www.fiscaliadecuentas.gob.pa\/index.php?rest_route=\/wp\/v2\/pages\/8678","targetHints":{"allow":["GET"]}}],"collection":[{"href":"https:\/\/www.fiscaliadecuentas.gob.pa\/index.php?rest_route=\/wp\/v2\/pages"}],"about":[{"href":"https:\/\/www.fiscaliadecuentas.gob.pa\/index.php?rest_route=\/wp\/v2\/types\/page"}],"author":[{"embeddable":true,"href":"https:\/\/www.fiscaliadecuentas.gob.pa\/index.php?rest_route=\/wp\/v2\/users\/9"}],"replies":[{"embeddable":true,"href":"https:\/\/www.fiscaliadecuentas.gob.pa\/index.php?rest_route=%2Fwp%2Fv2%2Fcomments&post=8678"}],"version-history":[{"count":13,"href":"https:\/\/www.fiscaliadecuentas.gob.pa\/index.php?rest_route=\/wp\/v2\/pages\/8678\/revisions"}],"predecessor-version":[{"id":10376,"href":"https:\/\/www.fiscaliadecuentas.gob.pa\/index.php?rest_route=\/wp\/v2\/pages\/8678\/revisions\/10376"}],"up":[{"embeddable":true,"href":"https:\/\/www.fiscaliadecuentas.gob.pa\/index.php?rest_route=\/wp\/v2\/pages\/8060"}],"wp:attachment":[{"href":"https:\/\/www.fiscaliadecuentas.gob.pa\/index.php?rest_route=%2Fwp%2Fv2%2Fmedia&parent=8678"}],"curies":[{"name":"wp","href":"https:\/\/api.w.org\/{rel}","templated":true}]}}